{"version":"1.0","provider_name":"Chambre Belge des Traducteurs et Interpr\u00e8tes | Belgische Kamer van Vertalers en Tolken","provider_url":"https:\/\/www.cbti-bkvt.org\/de\/","author_name":"C\u00e9line Maes","author_url":"https:\/\/www.cbti-bkvt.org\/de\/author\/celine-maes\/","title":"Les traducteurs\u00b7trices s\u2019arment face \u00e0 l\u2019intelligence artificielle - Chambre Belge des Traducteurs et Interpr\u00e8tes | Belgische Kamer van Vertalers en Tolken","type":"rich","width":600,"height":338,"html":"<blockquote class=\"wp-embedded-content\" data-secret=\"Jku0CZNXuq\"><a href=\"https:\/\/www.cbti-bkvt.org\/de\/les-traducteurs%c2%b7trices-sarment-face-a-lintelligence-artificielle\/\">Les traducteurs\u00b7trices s\u2019arment face \u00e0 l\u2019intelligence artificielle<\/a><\/blockquote><iframe sandbox=\"allow-scripts\" security=\"restricted\" src=\"https:\/\/www.cbti-bkvt.org\/de\/les-traducteurs%c2%b7trices-sarment-face-a-lintelligence-artificielle\/embed\/#?secret=Jku0CZNXuq\" width=\"600\" height=\"338\" title=\"&#8220;Les traducteurs\u00b7trices s\u2019arment face \u00e0 l\u2019intelligence artificielle&#8221; &#8212; Chambre Belge des Traducteurs et Interpr\u00e8tes | Belgische Kamer van Vertalers en Tolken\" data-secret=\"Jku0CZNXuq\" frameborder=\"0\" marginwidth=\"0\" marginheight=\"0\" scrolling=\"no\" class=\"wp-embedded-content\"><\/iframe><script>\n\/*! This file is auto-generated *\/\n!function(d,l){\"use strict\";l.querySelector&&d.addEventListener&&\"undefined\"!=typeof URL&&(d.wp=d.wp||{},d.wp.receiveEmbedMessage||(d.wp.receiveEmbedMessage=function(e){var t=e.data;if((t||t.secret||t.message||t.value)&&!\/[^a-zA-Z0-9]\/.test(t.secret)){for(var s,r,n,a=l.querySelectorAll('iframe[data-secret=\"'+t.secret+'\"]'),o=l.querySelectorAll('blockquote[data-secret=\"'+t.secret+'\"]'),c=new RegExp(\"^https?:$\",\"i\"),i=0;i<o.length;i++)o[i].style.display=\"none\";for(i=0;i<a.length;i++)s=a[i],e.source===s.contentWindow&&(s.removeAttribute(\"style\"),\"height\"===t.message?(1e3<(r=parseInt(t.value,10))?r=1e3:~~r<200&&(r=200),s.height=r):\"link\"===t.message&&(r=new URL(s.getAttribute(\"src\")),n=new URL(t.value),c.test(n.protocol))&&n.host===r.host&&l.activeElement===s&&(d.top.location.href=t.value))}},d.addEventListener(\"message\",d.wp.receiveEmbedMessage,!1),l.addEventListener(\"DOMContentLoaded\",function(){for(var e,t,s=l.querySelectorAll(\"iframe.wp-embedded-content\"),r=0;r<s.length;r++)(t=(e=s[r]).getAttribute(\"data-secret\"))||(t=Math.random().toString(36).substring(2,12),e.src+=\"#?secret=\"+t,e.setAttribute(\"data-secret\",t)),e.contentWindow.postMessage({message:\"ready\",secret:t},\"*\")},!1)))}(window,document);\n\/\/# sourceURL=https:\/\/www.cbti-bkvt.org\/wp-includes\/js\/wp-embed.min.js\n<\/script>\n","thumbnail_url":"https:\/\/www.cbti-bkvt.org\/wp-content\/uploads\/Argument-1-768x644.png","thumbnail_width":600,"thumbnail_height":503,"description":"La CBTI lance une bo\u00eete \u00e0 outils pour aider ses membres \u00e0 faire valoir leur valeur ajout\u00e9e humaine. Bruxelles, le 17 mars 2026 \u2013 Face \u00e0 l\u2019essor rapide de l\u2019intelligence artificielle dans les m\u00e9tiers de la traduction, la Chambre belge des traducteurs et interpr\u00e8tes (CBTI) lance en 2026 une bo\u00eete \u00e0 outils destin\u00e9e \u00e0 aider&hellip;&nbsp;Read More &raquo;"}