{"id":25183,"date":"2014-09-19T12:22:39","date_gmt":"2014-09-19T12:22:39","guid":{"rendered":"https:\/\/www.cbti-bkvt.org\/evenement\/colloque-des-10-ans-du-mets\/"},"modified":"2024-01-28T14:18:08","modified_gmt":"2024-01-28T14:18:08","slug":"colloque-des-10-ans-du-mets","status":"publish","type":"evenement","link":"https:\/\/www.cbti-bkvt.org\/de\/evenement\/colloque-des-10-ans-du-mets\/","title":{"rendered":"Colloque des 10 ans du METS"},"content":{"rendered":"<p>Le consortium du&nbsp;<strong>Master Europ\u00e9en en Traduction Sp\u00e9cialis\u00e9e<\/strong>&nbsp;a le plaisir de vous convier au&nbsp;<strong>colloque<\/strong>&nbsp;c\u00e9l\u00e9brant ses 10 ans au service de la construction europ\u00e9enne.<\/p>\n<p>Celui-ci aura lieu sous le patronage de SE l\u2019Ambassadeur&nbsp;<strong>Stefano Sannino<\/strong>, repr\u00e9sentant permanent de l\u2019Italie aupr\u00e8s de l\u2019Union europ\u00e9enne et fera l&#8217;objet d&#8217;une intervention officielle du pr\u00e9sident de la Chambre belge des traducteurs et interpr\u00e8tes, M.&nbsp;<strong>Ludovic Pierard<\/strong>.<\/p>\n<h3>Programme<br \/><\/h3>\n<p>Voir &lt;<a rel=\"noopener\" target=\"\" href=\"http:\/\/mets2014.wordpress.com\/\"><a href=\"http:\/\/mets2014.wordpress.com\/\">http:\/\/mets2014.wordpress.com\/<\/a><\/a>&gt; ou l&#8217;invitation ci-dessous.<\/p>\n<p>Le colloque sera suivi d&#8217;un cocktail (\u00e0 17h).<\/p>\n<h3>Inscription<br \/><\/h3>\n<p>Inscription obligatoire avant le 15 octobre 2014 \u00e0 l&#8217;adresse &lt;<a rel=\"noopener\" target=\"\">&#8220;&gt;<a href=\"http:\/\/mets2014.wordpress.com\/2014\/08\/12\/how-to-attend-the-colloquium\/&amp;gt\">http:\/\/mets2014.wordpress.com\/2014\/08\/12\/how-to-attend-the-colloquium\/&amp;gt<\/a>;<\/a>.<\/p>\n<h3>Informations compl\u00e9mentaires<br \/><\/h3>\n<p>Toutes les informations concernant le colloque sont disponibles \u00e0 l&#8217;adresse &lt;<a rel=\"noopener\" target=\"\">&#8220;&gt;<a href=\"http:\/\/mets2014.wordpress.com\/&amp;gt\">http:\/\/mets2014.wordpress.com\/&amp;gt<\/a>;<\/a>.<br \/>Le consortium du <strong>Master Europ\u00e9en en Traduction Sp\u00e9cialis\u00e9e<\/strong> a le plaisir de vous convier au <strong>colloque<\/strong> c\u00e9l\u00e9brant ses 10 ans au service de la construction europ\u00e9enne.<\/p>\n<p>Celui-ci aura lieu sous le patronage de SE l\u2019Ambassadeur <strong>Stefano Sannino<\/strong>, repr\u00e9sentant permanent de l\u2019Italie aupr\u00e8s de l\u2019Union europ\u00e9enne et fera l&#8217;objet d&#8217;une intervention officielle du pr\u00e9sident de la Chambre belge des traducteurs et interpr\u00e8tes, M. <strong>Ludovic Pierard<\/strong>.<\/p>\n<h3>Programme<\/h3>\n<p>Voir <a href=\"http:\/\/mets2014.wordpress.com\/\">http:\/\/mets2014.wordpress.com\/<\/a> ou l&#8217;invitation ci-dessous.<\/p>\n<p>Le colloque sera suivi d&#8217;un cocktail (\u00e0 17h).<\/p>\n<h3>Inscription<\/h3>\n<p>Inscription obligatoire avant le 15 octobre 2014 \u00e0 l&#8217;adresse <a href=\"http:\/\/mets2014.wordpress.com\/2014\/08\/12\/how-to-attend-the-colloquium\/\">http:\/\/mets2014.wordpress.com\/2014\/08\/12\/how-to-attend-the-colloquium\/<\/a>.<\/p>\n<h3>Informations compl\u00e9mentaires<\/h3>\n<p>Toutes les informations concernant le colloque sont disponibles \u00e0 l&#8217;adresse <a href=\"http:\/\/mets2014.wordpress.com\/\">http:\/\/mets2014.wordpress.com\/<\/a>.<\/p>\n\n\n<ul class=\"wp-block-list\">\n<li><a href=\"https:\/\/www.cbti-bkvt.org\/wp-content\/uploads\/Colloque_METS_-_Invitation_Programme.pdf\" target=\"_blank\" rel=\"noreferrer noopener\">[FR] Colloque METS &#8211; Invitation et programme\u00a0<\/a>[PDF]<\/li>\n<\/ul>\n","protected":false},"featured_media":10062,"parent":0,"template":"","meta":{"_acf_changed":false,"pmpro_default_level":"","neve_meta_sidebar":"","neve_meta_container":"","neve_meta_enable_content_width":"","neve_meta_content_width":0,"neve_meta_title_alignment":"","neve_meta_author_avatar":"","neve_post_elements_order":"","neve_meta_disable_header":"","neve_meta_disable_footer":"","neve_meta_disable_title":"","neve_meta_reading_time":"","_links_to":"","_links_to_target":""},"evenement-type":[420,411],"class_list":["post-25183","evenement","type-evenement","status-publish","has-post-thumbnail","hentry","evenement-type-konferenzen","evenement-type-sonstige-veranstaltungen","pmpro-has-access"],"acf":[],"yoast_head":"<!-- This site is optimized with the Yoast SEO plugin v27.4 - https:\/\/yoast.com\/product\/yoast-seo-wordpress\/ -->\n<title>Chambre Belge des Traducteurs et Interpr\u00e8tes | Belgische Kamer van Vertalers en Tolken<\/title>\n<meta name=\"robots\" content=\"index, follow, max-snippet:-1, max-image-preview:large, max-video-preview:-1\" \/>\n<link rel=\"canonical\" href=\"https:\/\/www.cbti-bkvt.org\/de\/evenement\/colloque-des-10-ans-du-mets\/\" \/>\n<meta property=\"og:locale\" content=\"de_DE\" \/>\n<meta property=\"og:type\" content=\"article\" \/>\n<meta property=\"og:title\" content=\"Colloque des 10 ans du METS - Chambre Belge des Traducteurs et Interpr\u00e8tes | Belgische Kamer van Vertalers en Tolken\" \/>\n<meta property=\"og:description\" content=\"Le consortium du&nbsp;Master Europ\u00e9en en Traduction Sp\u00e9cialis\u00e9e&nbsp;a le plaisir de vous convier au&nbsp;colloque&nbsp;c\u00e9l\u00e9brant ses 10 ans au service de la construction europ\u00e9enne. Celui-ci aura lieu sous le patronage de SE l\u2019Ambassadeur&nbsp;Stefano Sannino, repr\u00e9sentant permanent de l\u2019Italie aupr\u00e8s de l\u2019Union europ\u00e9enne et fera l&#8217;objet d&#8217;une intervention officielle du pr\u00e9sident de la Chambre belge des traducteurs et&hellip;&nbsp;Read More &raquo;Colloque des 10 ans du METS\" \/>\n<meta property=\"og:url\" content=\"https:\/\/www.cbti-bkvt.org\/de\/evenement\/colloque-des-10-ans-du-mets\/\" \/>\n<meta property=\"og:site_name\" content=\"Chambre Belge des Traducteurs et Interpr\u00e8tes | Belgische Kamer van Vertalers en Tolken\" \/>\n<meta property=\"article:modified_time\" content=\"2024-01-28T14:18:08+00:00\" \/>\n<meta property=\"og:image\" content=\"https:\/\/www.cbti-bkvt.org\/wp-content\/uploads\/5960233-stefano-sannino-2.jpg\" \/>\n\t<meta property=\"og:image:width\" content=\"2200\" \/>\n\t<meta property=\"og:image:height\" content=\"1264\" \/>\n\t<meta property=\"og:image:type\" content=\"image\/jpeg\" \/>\n<meta name=\"twitter:card\" content=\"summary_large_image\" \/>\n<meta name=\"twitter:label1\" content=\"Est. reading time\" \/>\n\t<meta name=\"twitter:data1\" content=\"1 minute\" \/>\n<script type=\"application\/ld+json\" class=\"yoast-schema-graph\">{\"@context\":\"https:\\\/\\\/schema.org\",\"@graph\":[{\"@type\":\"WebPage\",\"@id\":\"https:\\\/\\\/www.cbti-bkvt.org\\\/de\\\/evenement\\\/colloque-des-10-ans-du-mets\\\/\",\"url\":\"https:\\\/\\\/www.cbti-bkvt.org\\\/de\\\/evenement\\\/colloque-des-10-ans-du-mets\\\/\",\"name\":\"Colloque des 10 ans du METS - Chambre Belge des Traducteurs et Interpr\u00e8tes | Belgische Kamer van Vertalers en Tolken\",\"isPartOf\":{\"@id\":\"https:\\\/\\\/www.cbti-bkvt.org\\\/de\\\/#website\"},\"primaryImageOfPage\":{\"@id\":\"https:\\\/\\\/www.cbti-bkvt.org\\\/de\\\/evenement\\\/colloque-des-10-ans-du-mets\\\/#primaryimage\"},\"image\":{\"@id\":\"https:\\\/\\\/www.cbti-bkvt.org\\\/de\\\/evenement\\\/colloque-des-10-ans-du-mets\\\/#primaryimage\"},\"thumbnailUrl\":\"https:\\\/\\\/www.cbti-bkvt.org\\\/wp-content\\\/uploads\\\/5960233-stefano-sannino-2.jpg\",\"datePublished\":\"2014-09-19T12:22:39+00:00\",\"dateModified\":\"2024-01-28T14:18:08+00:00\",\"breadcrumb\":{\"@id\":\"https:\\\/\\\/www.cbti-bkvt.org\\\/de\\\/evenement\\\/colloque-des-10-ans-du-mets\\\/#breadcrumb\"},\"inLanguage\":\"de-DE\",\"potentialAction\":[{\"@type\":\"ReadAction\",\"target\":[\"https:\\\/\\\/www.cbti-bkvt.org\\\/de\\\/evenement\\\/colloque-des-10-ans-du-mets\\\/\"]}]},{\"@type\":\"ImageObject\",\"inLanguage\":\"de-DE\",\"@id\":\"https:\\\/\\\/www.cbti-bkvt.org\\\/de\\\/evenement\\\/colloque-des-10-ans-du-mets\\\/#primaryimage\",\"url\":\"https:\\\/\\\/www.cbti-bkvt.org\\\/wp-content\\\/uploads\\\/5960233-stefano-sannino-2.jpg\",\"contentUrl\":\"https:\\\/\\\/www.cbti-bkvt.org\\\/wp-content\\\/uploads\\\/5960233-stefano-sannino-2.jpg\",\"width\":2200,\"height\":1264},{\"@type\":\"BreadcrumbList\",\"@id\":\"https:\\\/\\\/www.cbti-bkvt.org\\\/de\\\/evenement\\\/colloque-des-10-ans-du-mets\\\/#breadcrumb\",\"itemListElement\":[{\"@type\":\"ListItem\",\"position\":1,\"name\":\"Home\",\"item\":\"https:\\\/\\\/www.cbti-bkvt.org\\\/de\\\/\"},{\"@type\":\"ListItem\",\"position\":2,\"name\":\"\u00c9v\u00e8nements\",\"item\":\"https:\\\/\\\/www.cbti-bkvt.org\\\/de\\\/evenement\\\/\"},{\"@type\":\"ListItem\",\"position\":3,\"name\":\"Colloque des 10 ans du METS\"}]},{\"@type\":\"WebSite\",\"@id\":\"https:\\\/\\\/www.cbti-bkvt.org\\\/de\\\/#website\",\"url\":\"https:\\\/\\\/www.cbti-bkvt.org\\\/de\\\/\",\"name\":\"Chambre Belge des Traducteurs et Interpr\u00e8tes | Belgische Kamer van Vertalers en Tolken\",\"description\":\"M\u00e9tiers de la traduction \u00e9crite, l\u2019interpr\u00e9tation de conf\u00e9rence, la traduction et l\u2019interpr\u00e9tation en milieu judiciaire.\",\"potentialAction\":[{\"@type\":\"SearchAction\",\"target\":{\"@type\":\"EntryPoint\",\"urlTemplate\":\"https:\\\/\\\/www.cbti-bkvt.org\\\/de\\\/?s={search_term_string}\"},\"query-input\":{\"@type\":\"PropertyValueSpecification\",\"valueRequired\":true,\"valueName\":\"search_term_string\"}}],\"inLanguage\":\"de-DE\"}]}<\/script>\n<!-- \/ Yoast SEO plugin. -->","yoast_head_json":{"title":"Chambre Belge des Traducteurs et Interpr\u00e8tes | Belgische Kamer van Vertalers en Tolken","robots":{"index":"index","follow":"follow","max-snippet":"max-snippet:-1","max-image-preview":"max-image-preview:large","max-video-preview":"max-video-preview:-1"},"canonical":"https:\/\/www.cbti-bkvt.org\/de\/evenement\/colloque-des-10-ans-du-mets\/","og_locale":"de_DE","og_type":"article","og_title":"Colloque des 10 ans du METS - Chambre Belge des Traducteurs et Interpr\u00e8tes | Belgische Kamer van Vertalers en Tolken","og_description":"Le consortium du&nbsp;Master Europ\u00e9en en Traduction Sp\u00e9cialis\u00e9e&nbsp;a le plaisir de vous convier au&nbsp;colloque&nbsp;c\u00e9l\u00e9brant ses 10 ans au service de la construction europ\u00e9enne. Celui-ci aura lieu sous le patronage de SE l\u2019Ambassadeur&nbsp;Stefano Sannino, repr\u00e9sentant permanent de l\u2019Italie aupr\u00e8s de l\u2019Union europ\u00e9enne et fera l&#8217;objet d&#8217;une intervention officielle du pr\u00e9sident de la Chambre belge des traducteurs et&hellip;&nbsp;Read More &raquo;Colloque des 10 ans du METS","og_url":"https:\/\/www.cbti-bkvt.org\/de\/evenement\/colloque-des-10-ans-du-mets\/","og_site_name":"Chambre Belge des Traducteurs et Interpr\u00e8tes | Belgische Kamer van Vertalers en Tolken","article_modified_time":"2024-01-28T14:18:08+00:00","og_image":[{"width":2200,"height":1264,"url":"https:\/\/www.cbti-bkvt.org\/wp-content\/uploads\/5960233-stefano-sannino-2.jpg","type":"image\/jpeg"}],"twitter_card":"summary_large_image","twitter_misc":{"Est. reading time":"1 minute"},"schema":{"@context":"https:\/\/schema.org","@graph":[{"@type":"WebPage","@id":"https:\/\/www.cbti-bkvt.org\/de\/evenement\/colloque-des-10-ans-du-mets\/","url":"https:\/\/www.cbti-bkvt.org\/de\/evenement\/colloque-des-10-ans-du-mets\/","name":"Colloque des 10 ans du METS - Chambre Belge des Traducteurs et Interpr\u00e8tes | Belgische Kamer van Vertalers en Tolken","isPartOf":{"@id":"https:\/\/www.cbti-bkvt.org\/de\/#website"},"primaryImageOfPage":{"@id":"https:\/\/www.cbti-bkvt.org\/de\/evenement\/colloque-des-10-ans-du-mets\/#primaryimage"},"image":{"@id":"https:\/\/www.cbti-bkvt.org\/de\/evenement\/colloque-des-10-ans-du-mets\/#primaryimage"},"thumbnailUrl":"https:\/\/www.cbti-bkvt.org\/wp-content\/uploads\/5960233-stefano-sannino-2.jpg","datePublished":"2014-09-19T12:22:39+00:00","dateModified":"2024-01-28T14:18:08+00:00","breadcrumb":{"@id":"https:\/\/www.cbti-bkvt.org\/de\/evenement\/colloque-des-10-ans-du-mets\/#breadcrumb"},"inLanguage":"de-DE","potentialAction":[{"@type":"ReadAction","target":["https:\/\/www.cbti-bkvt.org\/de\/evenement\/colloque-des-10-ans-du-mets\/"]}]},{"@type":"ImageObject","inLanguage":"de-DE","@id":"https:\/\/www.cbti-bkvt.org\/de\/evenement\/colloque-des-10-ans-du-mets\/#primaryimage","url":"https:\/\/www.cbti-bkvt.org\/wp-content\/uploads\/5960233-stefano-sannino-2.jpg","contentUrl":"https:\/\/www.cbti-bkvt.org\/wp-content\/uploads\/5960233-stefano-sannino-2.jpg","width":2200,"height":1264},{"@type":"BreadcrumbList","@id":"https:\/\/www.cbti-bkvt.org\/de\/evenement\/colloque-des-10-ans-du-mets\/#breadcrumb","itemListElement":[{"@type":"ListItem","position":1,"name":"Home","item":"https:\/\/www.cbti-bkvt.org\/de\/"},{"@type":"ListItem","position":2,"name":"\u00c9v\u00e8nements","item":"https:\/\/www.cbti-bkvt.org\/de\/evenement\/"},{"@type":"ListItem","position":3,"name":"Colloque des 10 ans du METS"}]},{"@type":"WebSite","@id":"https:\/\/www.cbti-bkvt.org\/de\/#website","url":"https:\/\/www.cbti-bkvt.org\/de\/","name":"Chambre Belge des Traducteurs et Interpr\u00e8tes | Belgische Kamer van Vertalers en Tolken","description":"M\u00e9tiers de la traduction \u00e9crite, l\u2019interpr\u00e9tation de conf\u00e9rence, la traduction et l\u2019interpr\u00e9tation en milieu judiciaire.","potentialAction":[{"@type":"SearchAction","target":{"@type":"EntryPoint","urlTemplate":"https:\/\/www.cbti-bkvt.org\/de\/?s={search_term_string}"},"query-input":{"@type":"PropertyValueSpecification","valueRequired":true,"valueName":"search_term_string"}}],"inLanguage":"de-DE"}]}},"_links":{"self":[{"href":"https:\/\/www.cbti-bkvt.org\/de\/wp-json\/wp\/v2\/evenement\/25183","targetHints":{"allow":["GET"]}}],"collection":[{"href":"https:\/\/www.cbti-bkvt.org\/de\/wp-json\/wp\/v2\/evenement"}],"about":[{"href":"https:\/\/www.cbti-bkvt.org\/de\/wp-json\/wp\/v2\/types\/evenement"}],"wp:featuredmedia":[{"embeddable":true,"href":"https:\/\/www.cbti-bkvt.org\/de\/wp-json\/wp\/v2\/media\/10062"}],"wp:attachment":[{"href":"https:\/\/www.cbti-bkvt.org\/de\/wp-json\/wp\/v2\/media?parent=25183"}],"wp:term":[{"taxonomy":"evenement-type","embeddable":true,"href":"https:\/\/www.cbti-bkvt.org\/de\/wp-json\/wp\/v2\/evenement-type?post=25183"}],"curies":[{"name":"wp","href":"https:\/\/api.w.org\/{rel}","templated":true}]}}