{"id":25190,"date":"2014-11-03T16:20:38","date_gmt":"2014-11-03T16:20:38","guid":{"rendered":"https:\/\/www.cbti-bkvt.org\/evenement\/la-cbti-presente-au-salon-wallonia-export-invest-fair-de-lawex-liege\/"},"modified":"2024-01-28T14:12:27","modified_gmt":"2024-01-28T14:12:27","slug":"la-cbti-presente-au-salon-wallonia-export-invest-fair-de-lawex-liege","status":"publish","type":"evenement","link":"https:\/\/www.cbti-bkvt.org\/de\/evenement\/la-cbti-presente-au-salon-wallonia-export-invest-fair-de-lawex-liege\/","title":{"rendered":"La CBTI pr\u00e9sente au salon Wallonia Export-Invest Fair de l&#8217;AWEX (Li\u00e8ge)"},"content":{"rendered":"<p>La CBTI sera pr\u00e9sente sur le salon <a href=\"http:\/\/tracking.classe-export.com\/b.php?p=371\">Wallonia Export-Invest Fair<\/a> les 2 et 3 d\u00e9cembre 2014 au Palais des Congr\u00e8s de Li\u00e8ge.<\/p>\n<p>L&#8217;association y tiendra un <strong>stand<\/strong> qui r\u00e9unira traducteurs ind\u00e9pendants et quelques membres de son conseil d&#8217;administration, avec un objectif double: repr\u00e9senter la profession et permettre aux membres pr\u00e9sents de faire leur promotion lors d&#8217;un \u00e9v\u00e9nement r\u00e9serv\u00e9 aux professionnels et ax\u00e9 sur l&#8217;exportation.<\/p>\n<p>La CBTI, en la personne de sa membre Monique Foret, assurera \u00e9galement le mercredi 3 d\u00e9cembre, de 11 \u00e0 12h, une <strong>pr\u00e9sentation<\/strong> intitul\u00e9e <em>Traduction, interpr\u00e9tation: comment faire les bons choix<\/em>.<\/p>\n<p>\u00c0 noter \u00e9galement: la tenue tout au long de l&#8217;\u00e9v\u00e9nement d&#8217;un <strong>Salon des Langues<\/strong>, lui aussi orient\u00e9 export et qui comprendra des rendez-vous B2B, des ateliers, des conf\u00e9rences, des tables de conversation business, etc.<\/p>\n<h1>Programme<\/h1>\n<p>Le programme complet du salon est disponible \u00e0 l&#8217;adresse <a href=\"http:\/\/tracking.classe-export.com\/b.php?p=371\">www.wallonia-export-invest-fair.be<\/a>.<\/p>\n<h3>Mardi 2 d\u00e9cembre 2014<\/h3>\n<p><strong>Toute la journ\u00e9e<\/strong><br \/>\nPr\u00e9sence de la CBTI et de ses membres sur le salon<\/p>\n<h3>Mercredi 3 d\u00e9cembre 2014<\/h3>\n<p><strong>Toute la journ\u00e9e<\/strong><br \/>\nPr\u00e9sence de la CBTI et de ses membres sur le salon<\/p>\n<p><strong>11h00-12h00<\/strong><br \/>\nPr\u00e9sentation <em>Traduction, interpr\u00e9tation: comment faire les bons choix<\/em><br \/>\nOrateur: Monique Foret, membre de la CBTI<\/p>\n<h1>Infos pratiques<\/h1>\n<p>Les personnes souhaitant obtenir de plus amples informations sur le salon peuvent se rendre \u00e0 l&#8217;adresse <a href=\"http:\/\/tracking.classe-export.com\/b.php?p=371\">www.wallonia-export-invest-fair.be<\/a>. Ils y trouveront la <a href=\"http:\/\/www.wallonia-export-invest-fair.be\/vdoc\/easysite\/wallonia-export-invest-fair-2014\/Classe-Export\/conferences\">liste des s\u00e9minaires<\/a>, celle des <a href=\"http:\/\/www.wallonia-export-invest-fair.be\/vdoc\/easysite\/wallonia-export-invest-fair-2014\/Classe-Export\/liste-des-exposants\">exposants<\/a>, tous les renseignements concernant le <a href=\"http:\/\/www.wallonia-export-invest-fair.be\/vdoc\/easysite\/wallonia-export-invest-fair-2014\/Classe-Export\/colloque-credendo\">Colloque Crecendo<\/a> organis\u00e9 pendant l&#8217;\u00e9v\u00e9nement et bien plus encore.<\/p>\n<p>Toutes les informations concernant l&#8217;acc\u00e8s au Palais des Congr\u00e8s de Li\u00e8ge sont disponibles <a href=\"http:\/\/www.wallonia-export-invest-fair.be\/vdoc\/easysite\/wallonia-export-invest-fair-2014\/Classe-Export\/informations-pratiques\">sur cette page<\/a>.<\/p>\n<h1>Inscription<\/h1>\n<p>Les membres effectifs de la CBTI d\u00e9sireux de participer \u00e0 cet \u00e9v\u00e9nement en qualit\u00e9 d&#8217;exposant peuvent s&#8217;inscrire en envoyant un e-mail \u00e0 l&#8217;adresse <a href=\"mailto:secretariat@cbti-bkvt.org\">secretariat@cbti-bkvt.org<\/a> avant le 15 novembre 2014.<\/p>\n<p>Les personnes souhaitant s&#8217;y rendre en tant que visiteurs peuvent passer directement par le <a href=\"http:\/\/tracking.classe-export.com\/b.php?p=371\">site du salon<\/a>.<\/p>\n<h3>Points importants<\/h3>\n<ul>\n<li>Compte tenu du faible nombre de places disponibles, les inscriptions sont limit\u00e9es \u00e0 <strong>8 personnes<\/strong>; les places seront attribu\u00e9es selon le principe du &#8216;premier arriv\u00e9, premier servi&#8217;.<\/li>\n<li>La participation \u00e0 cet \u00e9v\u00e9nement en tant qu&#8217;exposant est r\u00e9serv\u00e9e aux membres effectifs de la CBTI.<\/li>\n<li>L&#8217;inscription et le paiement des frais de participation donnent droit \u00e0 <strong>une journ\u00e9e<\/strong> de pr\u00e9sence sur le stand. Veuillez pr\u00e9ciser votre jour de pr\u00e9f\u00e9rence (mardi 2\/12 ou mercredi 3\/12) lors de votre inscription; le secr\u00e9tariat en tiendra compte dans la mesure du possible, une fois encore selon le principe du &#8216;premier arriv\u00e9, premier servi&#8217;.<\/li>\n<\/ul>\n<h1>Prix<\/h1>\n<ul>\n<li>Membres effectifs: <strong>120 euros<\/strong>.<\/li>\n<li>Non-membres: cet \u00e9v\u00e9nement est r\u00e9serv\u00e9 aux membres effectifs de la CBTI.<\/li>\n<\/ul>\n<p>Paiement par virement sur le compte <code>310-0463867-02<\/code> (IBAN : <code>BE32 3100 4638 6702<\/code> \u2013 BIC : <code>BBRUBEBB<\/code>) de la CBTI. Les participants recevront une quittance pour leur comptabilit\u00e9.<\/p>\n<h1>Contact<\/h1>\n<p><strong>Chambre belge des traducteurs et interpr\u00e8tes (CBTI-BKVT)<\/strong><br \/>\nRue Montoyer 24 &#8211; b12<br \/>\nB-1000 Bruxelles<br \/>\nT\u00e9l. : 02-513 09 15<br \/>\n<a href=\"mailto:secretariat@cbti-bkvt.org\">secretariat@cbti-bkvt.org<\/a><br \/>\n<a href=\"http:\/\/www.cbti-bkvt.org\">www.cbti-bkvt.org<\/a><\/p>\n<p>Ludovic PIERARD (Pr\u00e9sident) : 0487\/527287 ou <a href=\"mailto:president@cbti-bkvt.org\">president@cbti-bkvt.org<\/a><\/p>\n","protected":false},"featured_media":10102,"parent":0,"template":"","meta":{"_acf_changed":false,"pmpro_default_level":"","neve_meta_sidebar":"","neve_meta_container":"","neve_meta_enable_content_width":"","neve_meta_content_width":0,"neve_meta_title_alignment":"","neve_meta_author_avatar":"","neve_post_elements_order":"","neve_meta_disable_header":"","neve_meta_disable_footer":"","neve_meta_disable_title":"","neve_meta_reading_time":"","_links_to":"","_links_to_target":""},"evenement-type":[435],"class_list":["post-25190","evenement","type-evenement","status-publish","has-post-thumbnail","hentry","evenement-type-messen","pmpro-has-access"],"acf":[],"yoast_head":"<!-- This site is optimized with the Yoast SEO plugin v27.4 - https:\/\/yoast.com\/product\/yoast-seo-wordpress\/ -->\n<title>Chambre Belge des Traducteurs et Interpr\u00e8tes | Belgische Kamer van Vertalers en Tolken<\/title>\n<meta name=\"robots\" content=\"index, follow, max-snippet:-1, max-image-preview:large, max-video-preview:-1\" \/>\n<link rel=\"canonical\" href=\"https:\/\/www.cbti-bkvt.org\/de\/evenement\/la-cbti-presente-au-salon-wallonia-export-invest-fair-de-lawex-liege\/\" \/>\n<meta property=\"og:locale\" content=\"de_DE\" \/>\n<meta property=\"og:type\" content=\"article\" \/>\n<meta property=\"og:title\" content=\"La CBTI pr\u00e9sente au salon Wallonia Export-Invest Fair de l&#039;AWEX (Li\u00e8ge) - Chambre Belge des Traducteurs et Interpr\u00e8tes | Belgische Kamer van Vertalers en Tolken\" \/>\n<meta property=\"og:description\" content=\"La CBTI sera pr\u00e9sente sur le salon Wallonia Export-Invest Fair les 2 et 3 d\u00e9cembre 2014 au Palais des Congr\u00e8s de Li\u00e8ge. L&#8217;association y tiendra un stand qui r\u00e9unira traducteurs ind\u00e9pendants et quelques membres de son conseil d&#8217;administration, avec un objectif double: repr\u00e9senter la profession et permettre aux membres pr\u00e9sents de faire leur promotion lors&hellip;&nbsp;Read More &raquo;La CBTI pr\u00e9sente au salon Wallonia Export-Invest Fair de l&#8217;AWEX (Li\u00e8ge)\" \/>\n<meta property=\"og:url\" content=\"https:\/\/www.cbti-bkvt.org\/de\/evenement\/la-cbti-presente-au-salon-wallonia-export-invest-fair-de-lawex-liege\/\" \/>\n<meta property=\"og:site_name\" content=\"Chambre Belge des Traducteurs et Interpr\u00e8tes | Belgische Kamer van Vertalers en Tolken\" \/>\n<meta property=\"article:modified_time\" content=\"2024-01-28T14:12:27+00:00\" \/>\n<meta property=\"og:image\" content=\"https:\/\/www.cbti-bkvt.org\/wp-content\/uploads\/20140913_liege064-2.jpg\" \/>\n\t<meta property=\"og:image:width\" content=\"1000\" \/>\n\t<meta property=\"og:image:height\" content=\"669\" \/>\n\t<meta property=\"og:image:type\" content=\"image\/jpeg\" \/>\n<meta name=\"twitter:card\" content=\"summary_large_image\" \/>\n<meta name=\"twitter:label1\" content=\"Est. reading time\" \/>\n\t<meta name=\"twitter:data1\" content=\"2 minutes\" \/>\n<script type=\"application\/ld+json\" class=\"yoast-schema-graph\">{\"@context\":\"https:\\\/\\\/schema.org\",\"@graph\":[{\"@type\":\"WebPage\",\"@id\":\"https:\\\/\\\/www.cbti-bkvt.org\\\/de\\\/evenement\\\/la-cbti-presente-au-salon-wallonia-export-invest-fair-de-lawex-liege\\\/\",\"url\":\"https:\\\/\\\/www.cbti-bkvt.org\\\/de\\\/evenement\\\/la-cbti-presente-au-salon-wallonia-export-invest-fair-de-lawex-liege\\\/\",\"name\":\"La CBTI pr\u00e9sente au salon Wallonia Export-Invest Fair de l'AWEX (Li\u00e8ge) - Chambre Belge des Traducteurs et Interpr\u00e8tes | Belgische Kamer van Vertalers en Tolken\",\"isPartOf\":{\"@id\":\"https:\\\/\\\/www.cbti-bkvt.org\\\/de\\\/#website\"},\"primaryImageOfPage\":{\"@id\":\"https:\\\/\\\/www.cbti-bkvt.org\\\/de\\\/evenement\\\/la-cbti-presente-au-salon-wallonia-export-invest-fair-de-lawex-liege\\\/#primaryimage\"},\"image\":{\"@id\":\"https:\\\/\\\/www.cbti-bkvt.org\\\/de\\\/evenement\\\/la-cbti-presente-au-salon-wallonia-export-invest-fair-de-lawex-liege\\\/#primaryimage\"},\"thumbnailUrl\":\"https:\\\/\\\/www.cbti-bkvt.org\\\/wp-content\\\/uploads\\\/20140913_liege064-2.jpg\",\"datePublished\":\"2014-11-03T16:20:38+00:00\",\"dateModified\":\"2024-01-28T14:12:27+00:00\",\"breadcrumb\":{\"@id\":\"https:\\\/\\\/www.cbti-bkvt.org\\\/de\\\/evenement\\\/la-cbti-presente-au-salon-wallonia-export-invest-fair-de-lawex-liege\\\/#breadcrumb\"},\"inLanguage\":\"de-DE\",\"potentialAction\":[{\"@type\":\"ReadAction\",\"target\":[\"https:\\\/\\\/www.cbti-bkvt.org\\\/de\\\/evenement\\\/la-cbti-presente-au-salon-wallonia-export-invest-fair-de-lawex-liege\\\/\"]}]},{\"@type\":\"ImageObject\",\"inLanguage\":\"de-DE\",\"@id\":\"https:\\\/\\\/www.cbti-bkvt.org\\\/de\\\/evenement\\\/la-cbti-presente-au-salon-wallonia-export-invest-fair-de-lawex-liege\\\/#primaryimage\",\"url\":\"https:\\\/\\\/www.cbti-bkvt.org\\\/wp-content\\\/uploads\\\/20140913_liege064-2.jpg\",\"contentUrl\":\"https:\\\/\\\/www.cbti-bkvt.org\\\/wp-content\\\/uploads\\\/20140913_liege064-2.jpg\",\"width\":1000,\"height\":669},{\"@type\":\"BreadcrumbList\",\"@id\":\"https:\\\/\\\/www.cbti-bkvt.org\\\/de\\\/evenement\\\/la-cbti-presente-au-salon-wallonia-export-invest-fair-de-lawex-liege\\\/#breadcrumb\",\"itemListElement\":[{\"@type\":\"ListItem\",\"position\":1,\"name\":\"Home\",\"item\":\"https:\\\/\\\/www.cbti-bkvt.org\\\/de\\\/\"},{\"@type\":\"ListItem\",\"position\":2,\"name\":\"\u00c9v\u00e8nements\",\"item\":\"https:\\\/\\\/www.cbti-bkvt.org\\\/de\\\/evenement\\\/\"},{\"@type\":\"ListItem\",\"position\":3,\"name\":\"La CBTI pr\u00e9sente au salon Wallonia Export-Invest Fair de l&rsquo;AWEX (Li\u00e8ge)\"}]},{\"@type\":\"WebSite\",\"@id\":\"https:\\\/\\\/www.cbti-bkvt.org\\\/de\\\/#website\",\"url\":\"https:\\\/\\\/www.cbti-bkvt.org\\\/de\\\/\",\"name\":\"Chambre Belge des Traducteurs et Interpr\u00e8tes | Belgische Kamer van Vertalers en Tolken\",\"description\":\"M\u00e9tiers de la traduction \u00e9crite, l\u2019interpr\u00e9tation de conf\u00e9rence, la traduction et l\u2019interpr\u00e9tation en milieu judiciaire.\",\"potentialAction\":[{\"@type\":\"SearchAction\",\"target\":{\"@type\":\"EntryPoint\",\"urlTemplate\":\"https:\\\/\\\/www.cbti-bkvt.org\\\/de\\\/?s={search_term_string}\"},\"query-input\":{\"@type\":\"PropertyValueSpecification\",\"valueRequired\":true,\"valueName\":\"search_term_string\"}}],\"inLanguage\":\"de-DE\"}]}<\/script>\n<!-- \/ Yoast SEO plugin. -->","yoast_head_json":{"title":"Chambre Belge des Traducteurs et Interpr\u00e8tes | Belgische Kamer van Vertalers en Tolken","robots":{"index":"index","follow":"follow","max-snippet":"max-snippet:-1","max-image-preview":"max-image-preview:large","max-video-preview":"max-video-preview:-1"},"canonical":"https:\/\/www.cbti-bkvt.org\/de\/evenement\/la-cbti-presente-au-salon-wallonia-export-invest-fair-de-lawex-liege\/","og_locale":"de_DE","og_type":"article","og_title":"La CBTI pr\u00e9sente au salon Wallonia Export-Invest Fair de l'AWEX (Li\u00e8ge) - Chambre Belge des Traducteurs et Interpr\u00e8tes | Belgische Kamer van Vertalers en Tolken","og_description":"La CBTI sera pr\u00e9sente sur le salon Wallonia Export-Invest Fair les 2 et 3 d\u00e9cembre 2014 au Palais des Congr\u00e8s de Li\u00e8ge. L&#8217;association y tiendra un stand qui r\u00e9unira traducteurs ind\u00e9pendants et quelques membres de son conseil d&#8217;administration, avec un objectif double: repr\u00e9senter la profession et permettre aux membres pr\u00e9sents de faire leur promotion lors&hellip;&nbsp;Read More &raquo;La CBTI pr\u00e9sente au salon Wallonia Export-Invest Fair de l&#8217;AWEX (Li\u00e8ge)","og_url":"https:\/\/www.cbti-bkvt.org\/de\/evenement\/la-cbti-presente-au-salon-wallonia-export-invest-fair-de-lawex-liege\/","og_site_name":"Chambre Belge des Traducteurs et Interpr\u00e8tes | Belgische Kamer van Vertalers en Tolken","article_modified_time":"2024-01-28T14:12:27+00:00","og_image":[{"width":1000,"height":669,"url":"https:\/\/www.cbti-bkvt.org\/wp-content\/uploads\/20140913_liege064-2.jpg","type":"image\/jpeg"}],"twitter_card":"summary_large_image","twitter_misc":{"Est. reading time":"2 minutes"},"schema":{"@context":"https:\/\/schema.org","@graph":[{"@type":"WebPage","@id":"https:\/\/www.cbti-bkvt.org\/de\/evenement\/la-cbti-presente-au-salon-wallonia-export-invest-fair-de-lawex-liege\/","url":"https:\/\/www.cbti-bkvt.org\/de\/evenement\/la-cbti-presente-au-salon-wallonia-export-invest-fair-de-lawex-liege\/","name":"La CBTI pr\u00e9sente au salon Wallonia Export-Invest Fair de l'AWEX (Li\u00e8ge) - Chambre Belge des Traducteurs et Interpr\u00e8tes | Belgische Kamer van Vertalers en Tolken","isPartOf":{"@id":"https:\/\/www.cbti-bkvt.org\/de\/#website"},"primaryImageOfPage":{"@id":"https:\/\/www.cbti-bkvt.org\/de\/evenement\/la-cbti-presente-au-salon-wallonia-export-invest-fair-de-lawex-liege\/#primaryimage"},"image":{"@id":"https:\/\/www.cbti-bkvt.org\/de\/evenement\/la-cbti-presente-au-salon-wallonia-export-invest-fair-de-lawex-liege\/#primaryimage"},"thumbnailUrl":"https:\/\/www.cbti-bkvt.org\/wp-content\/uploads\/20140913_liege064-2.jpg","datePublished":"2014-11-03T16:20:38+00:00","dateModified":"2024-01-28T14:12:27+00:00","breadcrumb":{"@id":"https:\/\/www.cbti-bkvt.org\/de\/evenement\/la-cbti-presente-au-salon-wallonia-export-invest-fair-de-lawex-liege\/#breadcrumb"},"inLanguage":"de-DE","potentialAction":[{"@type":"ReadAction","target":["https:\/\/www.cbti-bkvt.org\/de\/evenement\/la-cbti-presente-au-salon-wallonia-export-invest-fair-de-lawex-liege\/"]}]},{"@type":"ImageObject","inLanguage":"de-DE","@id":"https:\/\/www.cbti-bkvt.org\/de\/evenement\/la-cbti-presente-au-salon-wallonia-export-invest-fair-de-lawex-liege\/#primaryimage","url":"https:\/\/www.cbti-bkvt.org\/wp-content\/uploads\/20140913_liege064-2.jpg","contentUrl":"https:\/\/www.cbti-bkvt.org\/wp-content\/uploads\/20140913_liege064-2.jpg","width":1000,"height":669},{"@type":"BreadcrumbList","@id":"https:\/\/www.cbti-bkvt.org\/de\/evenement\/la-cbti-presente-au-salon-wallonia-export-invest-fair-de-lawex-liege\/#breadcrumb","itemListElement":[{"@type":"ListItem","position":1,"name":"Home","item":"https:\/\/www.cbti-bkvt.org\/de\/"},{"@type":"ListItem","position":2,"name":"\u00c9v\u00e8nements","item":"https:\/\/www.cbti-bkvt.org\/de\/evenement\/"},{"@type":"ListItem","position":3,"name":"La CBTI pr\u00e9sente au salon Wallonia Export-Invest Fair de l&rsquo;AWEX (Li\u00e8ge)"}]},{"@type":"WebSite","@id":"https:\/\/www.cbti-bkvt.org\/de\/#website","url":"https:\/\/www.cbti-bkvt.org\/de\/","name":"Chambre Belge des Traducteurs et Interpr\u00e8tes | Belgische Kamer van Vertalers en Tolken","description":"M\u00e9tiers de la traduction \u00e9crite, l\u2019interpr\u00e9tation de conf\u00e9rence, la traduction et l\u2019interpr\u00e9tation en milieu judiciaire.","potentialAction":[{"@type":"SearchAction","target":{"@type":"EntryPoint","urlTemplate":"https:\/\/www.cbti-bkvt.org\/de\/?s={search_term_string}"},"query-input":{"@type":"PropertyValueSpecification","valueRequired":true,"valueName":"search_term_string"}}],"inLanguage":"de-DE"}]}},"_links":{"self":[{"href":"https:\/\/www.cbti-bkvt.org\/de\/wp-json\/wp\/v2\/evenement\/25190","targetHints":{"allow":["GET"]}}],"collection":[{"href":"https:\/\/www.cbti-bkvt.org\/de\/wp-json\/wp\/v2\/evenement"}],"about":[{"href":"https:\/\/www.cbti-bkvt.org\/de\/wp-json\/wp\/v2\/types\/evenement"}],"wp:featuredmedia":[{"embeddable":true,"href":"https:\/\/www.cbti-bkvt.org\/de\/wp-json\/wp\/v2\/media\/10102"}],"wp:attachment":[{"href":"https:\/\/www.cbti-bkvt.org\/de\/wp-json\/wp\/v2\/media?parent=25190"}],"wp:term":[{"taxonomy":"evenement-type","embeddable":true,"href":"https:\/\/www.cbti-bkvt.org\/de\/wp-json\/wp\/v2\/evenement-type?post=25190"}],"curies":[{"name":"wp","href":"https:\/\/api.w.org\/{rel}","templated":true}]}}