{"id":25217,"date":"2015-06-11T19:30:49","date_gmt":"2015-06-11T19:30:49","guid":{"rendered":"https:\/\/www.cbti-bkvt.org\/evenement\/colloque-transius-2015\/"},"modified":"2015-06-11T19:30:49","modified_gmt":"2015-06-11T19:30:49","slug":"colloque-transius-2015","status":"publish","type":"evenement","link":"https:\/\/www.cbti-bkvt.org\/de\/evenement\/colloque-transius-2015\/","title":{"rendered":"Colloque Transius 2015"},"content":{"rendered":"<p>Le Centre d\u2019\u00e9tudes en traduction juridique et institutionnelle (Transius) accueillera du 24 au 26 juin 2015 son premier colloque international, qui r\u00e9unira deux manifestations compl\u00e9mentaires : un <strong>colloque Law, Translation and Culture (LTC5)<\/strong> organis\u00e9 en collaboration avec la Multicultural Association of Law and Language (MALL), et un <strong>s\u00e9minaire de traduction juridique et institutionnelle<\/strong> organis\u00e9 en collaboration avec le Universities Contact Group \u2013 IAMLADP (UCG).<\/p>\n<p>Ce colloque conjoint offrira une occasion de dialogue aux chercheurs et aux praticiens partageant un int\u00e9r\u00eat pour la traduction juridique et, plus largement, pour la traduction dans ses divers contextes institutionnels. Il inaugurera une nouvelle s\u00e9rie de colloques organis\u00e9s par Transius, qui s\u2019inscriront dans la tradition de l\u2019\u00e9cole genevoise de traduction juridique. Le Centre entend ainsi r\u00e9affirmer sa vocation \u00e0 jouer un r\u00f4le moteur dans la coop\u00e9ration internationale au sein de la discipline et son engagement pour une traduction de qualit\u00e9.<\/p>\n<p>\u00c0 travers des conf\u00e9rences pl\u00e9ni\u00e8res, des s\u00e9ances parall\u00e8les de communications, une s\u00e9ance de posters et plusieurs tables rondes th\u00e9matiques, le colloque de 2015 permettra \u00e0 tous les participants de b\u00e9n\u00e9ficier de l\u2019\u00e9change d\u2019exp\u00e9riences, qu\u2019ils soient experts de haut niveau ou traducteurs en formation. Le colloque portera, entre autres, sur les th\u00e8mes suivants :<\/p>\n<ul>\n<li>probl\u00e8mes et m\u00e9thodes de traduction juridique dans divers contextes professionnels;<\/li>\n<li>questions terminologiques et lexicographiques en traduction juridique;<\/li>\n<li>comp\u00e9tence en traduction juridique et profils professionnels;<\/li>\n<li>questions sociologiques et d\u00e9ontologiques en traduction juridique;<\/li>\n<li>utilisation des corpus et outils informatiques en traduction juridique;<\/li>\n<li>r\u00f4le de la traduction dans le droit plurilingue (\u00e9laboration, mise en \u0153uvre, application par les tribunaux);<\/li>\n<li>interdisciplinarit\u00e9 de la traduction juridique et institutionnelle;<\/li>\n<li>traduction \u00e9conomique et financi\u00e8re en contexte institutionnel;<\/li>\n<li>traduction scientifique et technique en contexte institutionnel;<\/li>\n<li>pratiques institutionnelles en mati\u00e8re d\u2019assurance et de gestion de la qualit\u00e9.<\/li>\n<\/ul>\n<p>Les quatre derniers th\u00e8mes seront trait\u00e9s lors de tables rondes r\u00e9unissant des repr\u00e9sentants de diverses organisations. <\/p>\n<h1>Programme<\/h1>\n<p>Le programme du Colloque Transius 2015 (premi\u00e8re \u00e9dition) est disponible en ligne:<\/p>\n<p><a href=\"http:\/\/www.unige.ch\/traduction-interpretation\/recherches\/groupes\/transius\/conference2015\/programme.html\">http:\/\/www.unige.ch\/traduction-interpretation\/recherches\/groupes\/transius\/conference2015\/programme.html<\/a><\/p>\n<h1>Prix et inscription<\/h1>\n<p>La participation au colloque ainsi qu&#8217;au d\u00eener est gratuite pour les membres de Transius. L&#8217;inscription sera ouverte jusqu&#8217;au 31 mai 2015.<\/p>\n<p>Les d\u00e9tails pratiques peuvent \u00eatre consult\u00e9s sur le site du colloque :<\/p>\n<p><a href=\"http:\/\/www.unige.ch\/traduction-interpretation\/recherches\/groupes\/transius\/conference2015.html\">http:\/\/www.unige.ch\/traduction-interpretation\/recherches\/groupes\/transius\/conference2015.html<\/a><\/p>\n<h1>\u00c0 propos de Transius<\/h1>\n<p>Cr\u00e9\u00e9 en 2012 \u00e0 la Facult\u00e9 de traduction et d\u2019interpr\u00e9tation de l\u2019Universit\u00e9 de Gen\u00e8ve (FTI), Transius est un centre d\u2019\u00e9tudes en traduction juridique et institutionnelle. Il vise \u00e0 d\u00e9velopper la recherche et la formation dans ce domaine, en se fondant sur une expertise pr\u00e9sente de longue date au D\u00e9partement de traduction. Il poursuit ce but en lien avec l\u2019environnement professionnel de la FTI, notamment les organisations internationales et les institutions suisses, et avec des chercheurs d\u2019autres universit\u00e9s.<\/p>\n<p><a href=\"http:\/\/www.unige.ch\/fti\/transius\">www.unige.ch\/fti\/transius<\/a><\/p>\n","protected":false},"featured_media":10166,"parent":0,"template":"","meta":{"_acf_changed":false,"pmpro_default_level":"","neve_meta_sidebar":"","neve_meta_container":"","neve_meta_enable_content_width":"","neve_meta_content_width":0,"neve_meta_title_alignment":"","neve_meta_author_avatar":"","neve_post_elements_order":"","neve_meta_disable_header":"","neve_meta_disable_footer":"","neve_meta_disable_title":"","neve_meta_reading_time":"","_links_to":"","_links_to_target":""},"evenement-type":[420,411],"class_list":["post-25217","evenement","type-evenement","status-publish","has-post-thumbnail","hentry","evenement-type-konferenzen","evenement-type-sonstige-veranstaltungen","pmpro-has-access"],"acf":[],"yoast_head":"<!-- This site is optimized with the Yoast SEO plugin v27.4 - https:\/\/yoast.com\/product\/yoast-seo-wordpress\/ -->\n<title>Chambre Belge des Traducteurs et Interpr\u00e8tes | Belgische Kamer van Vertalers en Tolken<\/title>\n<meta name=\"robots\" content=\"index, follow, max-snippet:-1, max-image-preview:large, max-video-preview:-1\" \/>\n<link rel=\"canonical\" href=\"https:\/\/www.cbti-bkvt.org\/de\/evenement\/colloque-transius-2015\/\" \/>\n<meta property=\"og:locale\" content=\"de_DE\" \/>\n<meta property=\"og:type\" content=\"article\" \/>\n<meta property=\"og:title\" content=\"Colloque Transius 2015 - Chambre Belge des Traducteurs et Interpr\u00e8tes | Belgische Kamer van Vertalers en Tolken\" \/>\n<meta property=\"og:description\" content=\"Le Centre d\u2019\u00e9tudes en traduction juridique et institutionnelle (Transius) accueillera du 24 au 26 juin 2015 son premier colloque international, qui r\u00e9unira deux manifestations compl\u00e9mentaires : un colloque Law, Translation and Culture (LTC5) organis\u00e9 en collaboration avec la Multicultural Association of Law and Language (MALL), et un s\u00e9minaire de traduction juridique et institutionnelle organis\u00e9 en&hellip;&nbsp;Read More &raquo;Colloque Transius 2015\" \/>\n<meta property=\"og:url\" content=\"https:\/\/www.cbti-bkvt.org\/de\/evenement\/colloque-transius-2015\/\" \/>\n<meta property=\"og:site_name\" content=\"Chambre Belge des Traducteurs et Interpr\u00e8tes | Belgische Kamer van Vertalers en Tolken\" \/>\n<meta name=\"twitter:card\" content=\"summary_large_image\" \/>\n<meta name=\"twitter:label1\" content=\"Est. reading time\" \/>\n\t<meta name=\"twitter:data1\" content=\"2 minutes\" \/>\n<script type=\"application\/ld+json\" class=\"yoast-schema-graph\">{\"@context\":\"https:\\\/\\\/schema.org\",\"@graph\":[{\"@type\":\"WebPage\",\"@id\":\"https:\\\/\\\/www.cbti-bkvt.org\\\/de\\\/evenement\\\/colloque-transius-2015\\\/\",\"url\":\"https:\\\/\\\/www.cbti-bkvt.org\\\/de\\\/evenement\\\/colloque-transius-2015\\\/\",\"name\":\"Colloque Transius 2015 - Chambre Belge des Traducteurs et Interpr\u00e8tes | Belgische Kamer van Vertalers en Tolken\",\"isPartOf\":{\"@id\":\"https:\\\/\\\/www.cbti-bkvt.org\\\/de\\\/#website\"},\"primaryImageOfPage\":{\"@id\":\"https:\\\/\\\/www.cbti-bkvt.org\\\/de\\\/evenement\\\/colloque-transius-2015\\\/#primaryimage\"},\"image\":{\"@id\":\"https:\\\/\\\/www.cbti-bkvt.org\\\/de\\\/evenement\\\/colloque-transius-2015\\\/#primaryimage\"},\"thumbnailUrl\":\"https:\\\/\\\/www.cbti-bkvt.org\\\/wp-content\\\/uploads\\\/80RYZDJ8UE_mini-2.jpg\",\"datePublished\":\"2015-06-11T19:30:49+00:00\",\"breadcrumb\":{\"@id\":\"https:\\\/\\\/www.cbti-bkvt.org\\\/de\\\/evenement\\\/colloque-transius-2015\\\/#breadcrumb\"},\"inLanguage\":\"de-DE\",\"potentialAction\":[{\"@type\":\"ReadAction\",\"target\":[\"https:\\\/\\\/www.cbti-bkvt.org\\\/de\\\/evenement\\\/colloque-transius-2015\\\/\"]}]},{\"@type\":\"ImageObject\",\"inLanguage\":\"de-DE\",\"@id\":\"https:\\\/\\\/www.cbti-bkvt.org\\\/de\\\/evenement\\\/colloque-transius-2015\\\/#primaryimage\",\"url\":\"https:\\\/\\\/www.cbti-bkvt.org\\\/wp-content\\\/uploads\\\/80RYZDJ8UE_mini-2.jpg\",\"contentUrl\":\"https:\\\/\\\/www.cbti-bkvt.org\\\/wp-content\\\/uploads\\\/80RYZDJ8UE_mini-2.jpg\",\"width\":2560,\"height\":1440},{\"@type\":\"BreadcrumbList\",\"@id\":\"https:\\\/\\\/www.cbti-bkvt.org\\\/de\\\/evenement\\\/colloque-transius-2015\\\/#breadcrumb\",\"itemListElement\":[{\"@type\":\"ListItem\",\"position\":1,\"name\":\"Home\",\"item\":\"https:\\\/\\\/www.cbti-bkvt.org\\\/de\\\/\"},{\"@type\":\"ListItem\",\"position\":2,\"name\":\"\u00c9v\u00e8nements\",\"item\":\"https:\\\/\\\/www.cbti-bkvt.org\\\/de\\\/evenement\\\/\"},{\"@type\":\"ListItem\",\"position\":3,\"name\":\"Colloque Transius 2015\"}]},{\"@type\":\"WebSite\",\"@id\":\"https:\\\/\\\/www.cbti-bkvt.org\\\/de\\\/#website\",\"url\":\"https:\\\/\\\/www.cbti-bkvt.org\\\/de\\\/\",\"name\":\"Chambre Belge des Traducteurs et Interpr\u00e8tes | Belgische Kamer van Vertalers en Tolken\",\"description\":\"M\u00e9tiers de la traduction \u00e9crite, l\u2019interpr\u00e9tation de conf\u00e9rence, la traduction et l\u2019interpr\u00e9tation en milieu judiciaire.\",\"potentialAction\":[{\"@type\":\"SearchAction\",\"target\":{\"@type\":\"EntryPoint\",\"urlTemplate\":\"https:\\\/\\\/www.cbti-bkvt.org\\\/de\\\/?s={search_term_string}\"},\"query-input\":{\"@type\":\"PropertyValueSpecification\",\"valueRequired\":true,\"valueName\":\"search_term_string\"}}],\"inLanguage\":\"de-DE\"}]}<\/script>\n<!-- \/ Yoast SEO plugin. -->","yoast_head_json":{"title":"Chambre Belge des Traducteurs et Interpr\u00e8tes | Belgische Kamer van Vertalers en Tolken","robots":{"index":"index","follow":"follow","max-snippet":"max-snippet:-1","max-image-preview":"max-image-preview:large","max-video-preview":"max-video-preview:-1"},"canonical":"https:\/\/www.cbti-bkvt.org\/de\/evenement\/colloque-transius-2015\/","og_locale":"de_DE","og_type":"article","og_title":"Colloque Transius 2015 - Chambre Belge des Traducteurs et Interpr\u00e8tes | Belgische Kamer van Vertalers en Tolken","og_description":"Le Centre d\u2019\u00e9tudes en traduction juridique et institutionnelle (Transius) accueillera du 24 au 26 juin 2015 son premier colloque international, qui r\u00e9unira deux manifestations compl\u00e9mentaires : un colloque Law, Translation and Culture (LTC5) organis\u00e9 en collaboration avec la Multicultural Association of Law and Language (MALL), et un s\u00e9minaire de traduction juridique et institutionnelle organis\u00e9 en&hellip;&nbsp;Read More &raquo;Colloque Transius 2015","og_url":"https:\/\/www.cbti-bkvt.org\/de\/evenement\/colloque-transius-2015\/","og_site_name":"Chambre Belge des Traducteurs et Interpr\u00e8tes | Belgische Kamer van Vertalers en Tolken","twitter_card":"summary_large_image","twitter_misc":{"Est. reading time":"2 minutes"},"schema":{"@context":"https:\/\/schema.org","@graph":[{"@type":"WebPage","@id":"https:\/\/www.cbti-bkvt.org\/de\/evenement\/colloque-transius-2015\/","url":"https:\/\/www.cbti-bkvt.org\/de\/evenement\/colloque-transius-2015\/","name":"Colloque Transius 2015 - Chambre Belge des Traducteurs et Interpr\u00e8tes | Belgische Kamer van Vertalers en Tolken","isPartOf":{"@id":"https:\/\/www.cbti-bkvt.org\/de\/#website"},"primaryImageOfPage":{"@id":"https:\/\/www.cbti-bkvt.org\/de\/evenement\/colloque-transius-2015\/#primaryimage"},"image":{"@id":"https:\/\/www.cbti-bkvt.org\/de\/evenement\/colloque-transius-2015\/#primaryimage"},"thumbnailUrl":"https:\/\/www.cbti-bkvt.org\/wp-content\/uploads\/80RYZDJ8UE_mini-2.jpg","datePublished":"2015-06-11T19:30:49+00:00","breadcrumb":{"@id":"https:\/\/www.cbti-bkvt.org\/de\/evenement\/colloque-transius-2015\/#breadcrumb"},"inLanguage":"de-DE","potentialAction":[{"@type":"ReadAction","target":["https:\/\/www.cbti-bkvt.org\/de\/evenement\/colloque-transius-2015\/"]}]},{"@type":"ImageObject","inLanguage":"de-DE","@id":"https:\/\/www.cbti-bkvt.org\/de\/evenement\/colloque-transius-2015\/#primaryimage","url":"https:\/\/www.cbti-bkvt.org\/wp-content\/uploads\/80RYZDJ8UE_mini-2.jpg","contentUrl":"https:\/\/www.cbti-bkvt.org\/wp-content\/uploads\/80RYZDJ8UE_mini-2.jpg","width":2560,"height":1440},{"@type":"BreadcrumbList","@id":"https:\/\/www.cbti-bkvt.org\/de\/evenement\/colloque-transius-2015\/#breadcrumb","itemListElement":[{"@type":"ListItem","position":1,"name":"Home","item":"https:\/\/www.cbti-bkvt.org\/de\/"},{"@type":"ListItem","position":2,"name":"\u00c9v\u00e8nements","item":"https:\/\/www.cbti-bkvt.org\/de\/evenement\/"},{"@type":"ListItem","position":3,"name":"Colloque Transius 2015"}]},{"@type":"WebSite","@id":"https:\/\/www.cbti-bkvt.org\/de\/#website","url":"https:\/\/www.cbti-bkvt.org\/de\/","name":"Chambre Belge des Traducteurs et Interpr\u00e8tes | Belgische Kamer van Vertalers en Tolken","description":"M\u00e9tiers de la traduction \u00e9crite, l\u2019interpr\u00e9tation de conf\u00e9rence, la traduction et l\u2019interpr\u00e9tation en milieu judiciaire.","potentialAction":[{"@type":"SearchAction","target":{"@type":"EntryPoint","urlTemplate":"https:\/\/www.cbti-bkvt.org\/de\/?s={search_term_string}"},"query-input":{"@type":"PropertyValueSpecification","valueRequired":true,"valueName":"search_term_string"}}],"inLanguage":"de-DE"}]}},"_links":{"self":[{"href":"https:\/\/www.cbti-bkvt.org\/de\/wp-json\/wp\/v2\/evenement\/25217","targetHints":{"allow":["GET"]}}],"collection":[{"href":"https:\/\/www.cbti-bkvt.org\/de\/wp-json\/wp\/v2\/evenement"}],"about":[{"href":"https:\/\/www.cbti-bkvt.org\/de\/wp-json\/wp\/v2\/types\/evenement"}],"wp:featuredmedia":[{"embeddable":true,"href":"https:\/\/www.cbti-bkvt.org\/de\/wp-json\/wp\/v2\/media\/10166"}],"wp:attachment":[{"href":"https:\/\/www.cbti-bkvt.org\/de\/wp-json\/wp\/v2\/media?parent=25217"}],"wp:term":[{"taxonomy":"evenement-type","embeddable":true,"href":"https:\/\/www.cbti-bkvt.org\/de\/wp-json\/wp\/v2\/evenement-type?post=25217"}],"curies":[{"name":"wp","href":"https:\/\/api.w.org\/{rel}","templated":true}]}}