{"id":25254,"date":"2016-09-23T12:13:07","date_gmt":"2016-09-23T12:13:07","guid":{"rendered":"https:\/\/www.cbti-bkvt.org\/evenement\/atelier-comment-se-specialiser\/"},"modified":"2024-01-28T10:21:42","modified_gmt":"2024-01-28T10:21:42","slug":"atelier-comment-se-specialiser","status":"publish","type":"evenement","link":"https:\/\/www.cbti-bkvt.org\/de\/evenement\/atelier-comment-se-specialiser\/","title":{"rendered":"Atelier : comment se sp\u00e9cialiser"},"content":{"rendered":"<p><strong>Une sp\u00e9cialisation? Par o\u00f9 commencer? \u00c0 partir de quand peut-on se pr\u00e9tendre sp\u00e9cialis\u00e9?<\/strong><\/p>\n<p>L\u2019atelier se d\u00e9roulera en n\u00e9erlandais et en fran\u00e7ais, avec soutien ad hoc dans l\u2019autre langue si n\u00e9cessaire.<\/p>\n<p>Profitez des conseils de l\u2019animatrice et de l\u2019ensemble des participants !<\/p>\n<h3>Animatrice<\/h3>\n<p><strong>Agn\u00e8s Feltkamp<\/strong> est active depuis 1994 comme traductrice ind\u00e9pendante. Elle est sp\u00e9cialis\u00e9e en traductions m\u00e9dicales, pharmaceutiques, scientifiques et techniques en n\u00e9erlandais. Membre de la Chambre belge des traducteurs et interpr\u00e8tes depuis 1997, elle est active au Conseil d\u2019administration depuis 1999.<\/p>\n<h3>Pr\u00e9paration<\/h3>\n<p>Pour la pr\u00e9paration de l\u2019atelier, nous demanderons aux participants d\u2019indiquer dans quel domaine ils souhaitent se sp\u00e9cialiser et quels sont leurs domaines de connaissance. L\u2019objectif de l\u2019atelier sera de vous sugg\u00e9rer quelques pistes : \u00e0 vous de faire l\u2019effort de les suivre!<\/p>\n<p><a href=\"mailto:agnes.feltkamp@translators.be\">agnes.feltkamp@translators.be<\/a><\/p>\n<h3>Date et heure<\/h3>\n<p>Jeudi 27 octobre 2016, de 15h \u00e0 18h<\/p>\n<h3>Adresse<\/h3>\n<p>24, rue Montoyer, 1000 Bruxelles<\/p>\n<h3>Participation aux frais<\/h3>\n<p>\u2022   Membres et \u00e9quivalents* : <strong>50 EUR<\/strong><br \/>\n\u2022   Non-membres : <strong>80 EUR<\/strong><\/p>\n<p>*\u00c9quivalents : membres associ\u00e9s, enseignants aupr\u00e8s des membres associ\u00e9s institutionnels. Pour les participants qui s\u2019affilieront en 2016, la diff\u00e9rence sera d\u00e9duite de leur premi\u00e8re cotisation.<\/p>\n<h3>Paiement avant le 21 octobre<\/h3>\n<p>Uniquement par virement sur le compte de la CBTI :<\/p>\n<p><strong>IBAN<\/strong> BE32 3100 4638 6702<br \/>\n<strong>BIC<\/strong> BBRUBEBB<\/p>\n<p>Les participants recevront une quittance pour leur comptabilit\u00e9.  <\/p>\n<h3>Inscription<\/h3>\n<p>Par e-mail \u00e0 l&#8217;adresse <strong>secretariat@cbti-bkvt.org<\/strong> pour <strong>le vendredi 21 octobre 2016<\/strong> au plus tard.<\/p>\n\n\n<ul class=\"wp-block-list\">\n<li><a href=\"https:\/\/www.cbti-bkvt.org\/wp-content\/uploads\/FR__Invitation_-_atelier_SE_SPECIALISER.pdf\" target=\"_blank\" rel=\"noreferrer noopener\">Invitation &#8211; atelier SE SPECIALISER\u00a0<\/a>[PDF]<\/li>\n<\/ul>\n","protected":false},"featured_media":10286,"parent":0,"template":"","meta":{"_acf_changed":false,"pmpro_default_level":"","neve_meta_sidebar":"","neve_meta_container":"","neve_meta_enable_content_width":"","neve_meta_content_width":0,"neve_meta_title_alignment":"","neve_meta_author_avatar":"","neve_post_elements_order":"","neve_meta_disable_header":"","neve_meta_disable_footer":"","neve_meta_disable_title":"","neve_meta_reading_time":"","_links_to":"","_links_to_target":""},"evenement-type":[426],"class_list":["post-25254","evenement","type-evenement","status-publish","has-post-thumbnail","hentry","evenement-type-fortbildung","pmpro-has-access"],"acf":[],"yoast_head":"<!-- This site is optimized with the Yoast SEO plugin v27.4 - https:\/\/yoast.com\/product\/yoast-seo-wordpress\/ -->\n<title>Chambre Belge des Traducteurs et Interpr\u00e8tes | Belgische Kamer van Vertalers en Tolken<\/title>\n<meta name=\"robots\" content=\"index, follow, max-snippet:-1, max-image-preview:large, max-video-preview:-1\" \/>\n<link rel=\"canonical\" href=\"https:\/\/www.cbti-bkvt.org\/de\/evenement\/atelier-comment-se-specialiser\/\" \/>\n<meta property=\"og:locale\" content=\"de_DE\" \/>\n<meta property=\"og:type\" content=\"article\" \/>\n<meta property=\"og:title\" content=\"Atelier : comment se sp\u00e9cialiser - Chambre Belge des Traducteurs et Interpr\u00e8tes | Belgische Kamer van Vertalers en Tolken\" \/>\n<meta property=\"og:description\" content=\"Une sp\u00e9cialisation? Par o\u00f9 commencer? \u00c0 partir de quand peut-on se pr\u00e9tendre sp\u00e9cialis\u00e9? L\u2019atelier se d\u00e9roulera en n\u00e9erlandais et en fran\u00e7ais, avec soutien ad hoc dans l\u2019autre langue si n\u00e9cessaire. Profitez des conseils de l\u2019animatrice et de l\u2019ensemble des participants ! Animatrice Agn\u00e8s Feltkamp est active depuis 1994 comme traductrice ind\u00e9pendante. Elle est sp\u00e9cialis\u00e9e en&hellip;&nbsp;Read More &raquo;Atelier : comment se sp\u00e9cialiser\" \/>\n<meta property=\"og:url\" content=\"https:\/\/www.cbti-bkvt.org\/de\/evenement\/atelier-comment-se-specialiser\/\" \/>\n<meta property=\"og:site_name\" content=\"Chambre Belge des Traducteurs et Interpr\u00e8tes | Belgische Kamer van Vertalers en Tolken\" \/>\n<meta property=\"article:modified_time\" content=\"2024-01-28T10:21:42+00:00\" \/>\n<meta property=\"og:image\" content=\"https:\/\/www.cbti-bkvt.org\/wp-content\/uploads\/books-484766_1280-2.jpg\" \/>\n\t<meta property=\"og:image:width\" content=\"1000\" \/>\n\t<meta property=\"og:image:height\" content=\"666\" \/>\n\t<meta property=\"og:image:type\" content=\"image\/jpeg\" \/>\n<meta name=\"twitter:card\" content=\"summary_large_image\" \/>\n<meta name=\"twitter:label1\" content=\"Est. reading time\" \/>\n\t<meta name=\"twitter:data1\" content=\"1 minute\" \/>\n<script type=\"application\/ld+json\" class=\"yoast-schema-graph\">{\"@context\":\"https:\\\/\\\/schema.org\",\"@graph\":[{\"@type\":\"WebPage\",\"@id\":\"https:\\\/\\\/www.cbti-bkvt.org\\\/de\\\/evenement\\\/atelier-comment-se-specialiser\\\/\",\"url\":\"https:\\\/\\\/www.cbti-bkvt.org\\\/de\\\/evenement\\\/atelier-comment-se-specialiser\\\/\",\"name\":\"Atelier : comment se sp\u00e9cialiser - Chambre Belge des Traducteurs et Interpr\u00e8tes | Belgische Kamer van Vertalers en Tolken\",\"isPartOf\":{\"@id\":\"https:\\\/\\\/www.cbti-bkvt.org\\\/de\\\/#website\"},\"primaryImageOfPage\":{\"@id\":\"https:\\\/\\\/www.cbti-bkvt.org\\\/de\\\/evenement\\\/atelier-comment-se-specialiser\\\/#primaryimage\"},\"image\":{\"@id\":\"https:\\\/\\\/www.cbti-bkvt.org\\\/de\\\/evenement\\\/atelier-comment-se-specialiser\\\/#primaryimage\"},\"thumbnailUrl\":\"https:\\\/\\\/www.cbti-bkvt.org\\\/wp-content\\\/uploads\\\/books-484766_1280-2.jpg\",\"datePublished\":\"2016-09-23T12:13:07+00:00\",\"dateModified\":\"2024-01-28T10:21:42+00:00\",\"breadcrumb\":{\"@id\":\"https:\\\/\\\/www.cbti-bkvt.org\\\/de\\\/evenement\\\/atelier-comment-se-specialiser\\\/#breadcrumb\"},\"inLanguage\":\"de-DE\",\"potentialAction\":[{\"@type\":\"ReadAction\",\"target\":[\"https:\\\/\\\/www.cbti-bkvt.org\\\/de\\\/evenement\\\/atelier-comment-se-specialiser\\\/\"]}]},{\"@type\":\"ImageObject\",\"inLanguage\":\"de-DE\",\"@id\":\"https:\\\/\\\/www.cbti-bkvt.org\\\/de\\\/evenement\\\/atelier-comment-se-specialiser\\\/#primaryimage\",\"url\":\"https:\\\/\\\/www.cbti-bkvt.org\\\/wp-content\\\/uploads\\\/books-484766_1280-2.jpg\",\"contentUrl\":\"https:\\\/\\\/www.cbti-bkvt.org\\\/wp-content\\\/uploads\\\/books-484766_1280-2.jpg\",\"width\":1000,\"height\":666},{\"@type\":\"BreadcrumbList\",\"@id\":\"https:\\\/\\\/www.cbti-bkvt.org\\\/de\\\/evenement\\\/atelier-comment-se-specialiser\\\/#breadcrumb\",\"itemListElement\":[{\"@type\":\"ListItem\",\"position\":1,\"name\":\"Home\",\"item\":\"https:\\\/\\\/www.cbti-bkvt.org\\\/de\\\/\"},{\"@type\":\"ListItem\",\"position\":2,\"name\":\"\u00c9v\u00e8nements\",\"item\":\"https:\\\/\\\/www.cbti-bkvt.org\\\/de\\\/evenement\\\/\"},{\"@type\":\"ListItem\",\"position\":3,\"name\":\"Atelier : comment se sp\u00e9cialiser\"}]},{\"@type\":\"WebSite\",\"@id\":\"https:\\\/\\\/www.cbti-bkvt.org\\\/de\\\/#website\",\"url\":\"https:\\\/\\\/www.cbti-bkvt.org\\\/de\\\/\",\"name\":\"Chambre Belge des Traducteurs et Interpr\u00e8tes | Belgische Kamer van Vertalers en Tolken\",\"description\":\"M\u00e9tiers de la traduction \u00e9crite, l\u2019interpr\u00e9tation de conf\u00e9rence, la traduction et l\u2019interpr\u00e9tation en milieu judiciaire.\",\"potentialAction\":[{\"@type\":\"SearchAction\",\"target\":{\"@type\":\"EntryPoint\",\"urlTemplate\":\"https:\\\/\\\/www.cbti-bkvt.org\\\/de\\\/?s={search_term_string}\"},\"query-input\":{\"@type\":\"PropertyValueSpecification\",\"valueRequired\":true,\"valueName\":\"search_term_string\"}}],\"inLanguage\":\"de-DE\"}]}<\/script>\n<!-- \/ Yoast SEO plugin. -->","yoast_head_json":{"title":"Chambre Belge des Traducteurs et Interpr\u00e8tes | Belgische Kamer van Vertalers en Tolken","robots":{"index":"index","follow":"follow","max-snippet":"max-snippet:-1","max-image-preview":"max-image-preview:large","max-video-preview":"max-video-preview:-1"},"canonical":"https:\/\/www.cbti-bkvt.org\/de\/evenement\/atelier-comment-se-specialiser\/","og_locale":"de_DE","og_type":"article","og_title":"Atelier : comment se sp\u00e9cialiser - Chambre Belge des Traducteurs et Interpr\u00e8tes | Belgische Kamer van Vertalers en Tolken","og_description":"Une sp\u00e9cialisation? Par o\u00f9 commencer? \u00c0 partir de quand peut-on se pr\u00e9tendre sp\u00e9cialis\u00e9? L\u2019atelier se d\u00e9roulera en n\u00e9erlandais et en fran\u00e7ais, avec soutien ad hoc dans l\u2019autre langue si n\u00e9cessaire. Profitez des conseils de l\u2019animatrice et de l\u2019ensemble des participants ! Animatrice Agn\u00e8s Feltkamp est active depuis 1994 comme traductrice ind\u00e9pendante. Elle est sp\u00e9cialis\u00e9e en&hellip;&nbsp;Read More &raquo;Atelier : comment se sp\u00e9cialiser","og_url":"https:\/\/www.cbti-bkvt.org\/de\/evenement\/atelier-comment-se-specialiser\/","og_site_name":"Chambre Belge des Traducteurs et Interpr\u00e8tes | Belgische Kamer van Vertalers en Tolken","article_modified_time":"2024-01-28T10:21:42+00:00","og_image":[{"width":1000,"height":666,"url":"https:\/\/www.cbti-bkvt.org\/wp-content\/uploads\/books-484766_1280-2.jpg","type":"image\/jpeg"}],"twitter_card":"summary_large_image","twitter_misc":{"Est. reading time":"1 minute"},"schema":{"@context":"https:\/\/schema.org","@graph":[{"@type":"WebPage","@id":"https:\/\/www.cbti-bkvt.org\/de\/evenement\/atelier-comment-se-specialiser\/","url":"https:\/\/www.cbti-bkvt.org\/de\/evenement\/atelier-comment-se-specialiser\/","name":"Atelier : comment se sp\u00e9cialiser - Chambre Belge des Traducteurs et Interpr\u00e8tes | Belgische Kamer van Vertalers en Tolken","isPartOf":{"@id":"https:\/\/www.cbti-bkvt.org\/de\/#website"},"primaryImageOfPage":{"@id":"https:\/\/www.cbti-bkvt.org\/de\/evenement\/atelier-comment-se-specialiser\/#primaryimage"},"image":{"@id":"https:\/\/www.cbti-bkvt.org\/de\/evenement\/atelier-comment-se-specialiser\/#primaryimage"},"thumbnailUrl":"https:\/\/www.cbti-bkvt.org\/wp-content\/uploads\/books-484766_1280-2.jpg","datePublished":"2016-09-23T12:13:07+00:00","dateModified":"2024-01-28T10:21:42+00:00","breadcrumb":{"@id":"https:\/\/www.cbti-bkvt.org\/de\/evenement\/atelier-comment-se-specialiser\/#breadcrumb"},"inLanguage":"de-DE","potentialAction":[{"@type":"ReadAction","target":["https:\/\/www.cbti-bkvt.org\/de\/evenement\/atelier-comment-se-specialiser\/"]}]},{"@type":"ImageObject","inLanguage":"de-DE","@id":"https:\/\/www.cbti-bkvt.org\/de\/evenement\/atelier-comment-se-specialiser\/#primaryimage","url":"https:\/\/www.cbti-bkvt.org\/wp-content\/uploads\/books-484766_1280-2.jpg","contentUrl":"https:\/\/www.cbti-bkvt.org\/wp-content\/uploads\/books-484766_1280-2.jpg","width":1000,"height":666},{"@type":"BreadcrumbList","@id":"https:\/\/www.cbti-bkvt.org\/de\/evenement\/atelier-comment-se-specialiser\/#breadcrumb","itemListElement":[{"@type":"ListItem","position":1,"name":"Home","item":"https:\/\/www.cbti-bkvt.org\/de\/"},{"@type":"ListItem","position":2,"name":"\u00c9v\u00e8nements","item":"https:\/\/www.cbti-bkvt.org\/de\/evenement\/"},{"@type":"ListItem","position":3,"name":"Atelier : comment se sp\u00e9cialiser"}]},{"@type":"WebSite","@id":"https:\/\/www.cbti-bkvt.org\/de\/#website","url":"https:\/\/www.cbti-bkvt.org\/de\/","name":"Chambre Belge des Traducteurs et Interpr\u00e8tes | Belgische Kamer van Vertalers en Tolken","description":"M\u00e9tiers de la traduction \u00e9crite, l\u2019interpr\u00e9tation de conf\u00e9rence, la traduction et l\u2019interpr\u00e9tation en milieu judiciaire.","potentialAction":[{"@type":"SearchAction","target":{"@type":"EntryPoint","urlTemplate":"https:\/\/www.cbti-bkvt.org\/de\/?s={search_term_string}"},"query-input":{"@type":"PropertyValueSpecification","valueRequired":true,"valueName":"search_term_string"}}],"inLanguage":"de-DE"}]}},"_links":{"self":[{"href":"https:\/\/www.cbti-bkvt.org\/de\/wp-json\/wp\/v2\/evenement\/25254","targetHints":{"allow":["GET"]}}],"collection":[{"href":"https:\/\/www.cbti-bkvt.org\/de\/wp-json\/wp\/v2\/evenement"}],"about":[{"href":"https:\/\/www.cbti-bkvt.org\/de\/wp-json\/wp\/v2\/types\/evenement"}],"wp:featuredmedia":[{"embeddable":true,"href":"https:\/\/www.cbti-bkvt.org\/de\/wp-json\/wp\/v2\/media\/10286"}],"wp:attachment":[{"href":"https:\/\/www.cbti-bkvt.org\/de\/wp-json\/wp\/v2\/media?parent=25254"}],"wp:term":[{"taxonomy":"evenement-type","embeddable":true,"href":"https:\/\/www.cbti-bkvt.org\/de\/wp-json\/wp\/v2\/evenement-type?post=25254"}],"curies":[{"name":"wp","href":"https:\/\/api.w.org\/{rel}","templated":true}]}}