{"id":25259,"date":"2016-10-04T07:30:18","date_gmt":"2016-10-04T07:30:18","guid":{"rendered":"https:\/\/www.cbti-bkvt.org\/evenement\/colloque-de-rentree-unplib-les-professions-liberales-en-pleine-mutation-comment-faire-face-aux-defis-de-demain\/"},"modified":"2016-10-04T07:30:18","modified_gmt":"2016-10-04T07:30:18","slug":"colloque-de-rentree-unplib-les-professions-liberales-en-pleine-mutation-comment-faire-face-aux-defis-de-demain","status":"publish","type":"evenement","link":"https:\/\/www.cbti-bkvt.org\/de\/evenement\/colloque-de-rentree-unplib-les-professions-liberales-en-pleine-mutation-comment-faire-face-aux-defis-de-demain\/","title":{"rendered":"Colloque de rentr\u00e9e UNPLib &#8211; Les professions lib\u00e9rales en pleine mutation : comment faire face aux d\u00e9fis de demain ?"},"content":{"rendered":"<p>Les Professions lib\u00e9rales sont \u00e0 la crois\u00e9e des chemins vers une \u00e9volution de leurs m\u00e9tiers&#8230; Que cela soit une \u00e9volution informatique, travailler en cabinets group\u00e9s ou en association, la complexit\u00e9 des t\u00e2ches administratives, la relation entre le professionnel lib\u00e9ral et ses clients qui devient de plus en plus commercial ou la loi sur la continuit\u00e9 des entreprises&#8230; Tout semble indiquer que nos m\u00e9tiers vont devoir s\u2019organiser pour relever tous ces d\u00e9fis.<\/p>\n<h3>Programme<\/h3>\n<p>18h00 : Drink d\u2019accueil<br \/>\n18h30 : Mot de bienvenue et introduction par Jean-Marie Conter, Pr\u00e9sident de l\u2019UnpLib<br \/>\n19h00 : Intervention du Ministre Willy Borsus, Ministre des Classes moyennes, des Ind\u00e9pendants, des PME, de l\u2019Agriculture et de l\u2019Int\u00e9gration sociale<br \/>\n19h20 : Intervention de Luc Tilman sur le th\u00e8me &#8220;Les actualit\u00e9s sociales concernant les professions lib\u00e9rales&#8221;<br \/>\n19h35 : Intervention de Laurent Tainmont sur le th\u00e8me &#8220;Les modifications majeurs en mati\u00e8re de TVA pour les professions lib\u00e9rales&#8221;<br \/>\n19h50 : Intervention de Philippe Hugon sur le th\u00e8me &#8220;Innovation et s\u00e9curit\u00e9 des paiements &amp; transactions \u00e9lectroniques&#8221;<br \/>\n20h00 : Table ronde et d\u00e9bat sur l\u2019avenir de nos professions.  <\/p>\n<blockquote>\n<p>Invit\u00e9s au d\u00e9bat :<br \/>\nLaurent Tainmont (Avocat Droit fiscal &#8211; TVA)<br \/>\nJean-Philippe Lebeau (Pr\u00e9sident du tribunal de commerce du Hainaut)<br \/>\nDr Roland Lemye (Pr\u00e9sident de la Chambre Syndicale des m\u00e9decins du Hainaut &#8211; Namur &#8211; Brabant wallon (Absym))<br \/>\nOlivier Willocx (Administrateur d\u00e9l\u00e9gu\u00e9 de BECI)<br \/>\nChristine Lhoste (Directrice du cabinet du Ministre des Ind\u00e9pendants et PME)<br \/>\nPhilippe Hugon (Head of Retail Business Clients ING)  <\/p>\n<\/blockquote>\n<p>20h55 : Conclusion par le Pr\u00e9sident, Jean-Marie Conter<br \/>\n21h00 : Cocktail d\u00eenatoire<\/p>\n<h3>Prix<\/h3>\n<p>20 \u20ac par participant. Paiement en ligne lors de votre inscription.<\/p>\n<h3>Inscription<\/h3>\n<p>Cliquez <a href=\"http:\/\/www.eventbrite.nl\/e\/billets-colloquium-de-rentree-unplib-27520305976\">ici<\/a> pour vous inscrire <\/p>\n","protected":false},"featured_media":10298,"parent":0,"template":"","meta":{"_acf_changed":false,"pmpro_default_level":"","neve_meta_sidebar":"","neve_meta_container":"","neve_meta_enable_content_width":"","neve_meta_content_width":0,"neve_meta_title_alignment":"","neve_meta_author_avatar":"","neve_post_elements_order":"","neve_meta_disable_header":"","neve_meta_disable_footer":"","neve_meta_disable_title":"","neve_meta_reading_time":"","_links_to":"","_links_to_target":""},"evenement-type":[411],"class_list":["post-25259","evenement","type-evenement","status-publish","has-post-thumbnail","hentry","evenement-type-sonstige-veranstaltungen","pmpro-has-access"],"acf":[],"yoast_head":"<!-- This site is optimized with the Yoast SEO plugin v27.4 - https:\/\/yoast.com\/product\/yoast-seo-wordpress\/ -->\n<title>Chambre Belge des Traducteurs et Interpr\u00e8tes | Belgische Kamer van Vertalers en Tolken<\/title>\n<meta name=\"robots\" content=\"index, follow, max-snippet:-1, max-image-preview:large, max-video-preview:-1\" \/>\n<link rel=\"canonical\" href=\"https:\/\/www.cbti-bkvt.org\/de\/evenement\/colloque-de-rentree-unplib-les-professions-liberales-en-pleine-mutation-comment-faire-face-aux-defis-de-demain\/\" \/>\n<meta property=\"og:locale\" content=\"de_DE\" \/>\n<meta property=\"og:type\" content=\"article\" \/>\n<meta property=\"og:title\" content=\"Colloque de rentr\u00e9e UNPLib - Les professions lib\u00e9rales en pleine mutation : comment faire face aux d\u00e9fis de demain ? - Chambre Belge des Traducteurs et Interpr\u00e8tes | Belgische Kamer van Vertalers en Tolken\" \/>\n<meta property=\"og:description\" content=\"Les Professions lib\u00e9rales sont \u00e0 la crois\u00e9e des chemins vers une \u00e9volution de leurs m\u00e9tiers&#8230; Que cela soit une \u00e9volution informatique, travailler en cabinets group\u00e9s ou en association, la complexit\u00e9 des t\u00e2ches administratives, la relation entre le professionnel lib\u00e9ral et ses clients qui devient de plus en plus commercial ou la loi sur la continuit\u00e9&hellip;&nbsp;Read More &raquo;Colloque de rentr\u00e9e UNPLib &#8211; Les professions lib\u00e9rales en pleine mutation : comment faire face aux d\u00e9fis de demain ?\" \/>\n<meta property=\"og:url\" content=\"https:\/\/www.cbti-bkvt.org\/de\/evenement\/colloque-de-rentree-unplib-les-professions-liberales-en-pleine-mutation-comment-faire-face-aux-defis-de-demain\/\" \/>\n<meta property=\"og:site_name\" content=\"Chambre Belge des Traducteurs et Interpr\u00e8tes | Belgische Kamer van Vertalers en Tolken\" \/>\n<meta name=\"twitter:card\" content=\"summary_large_image\" \/>\n<meta name=\"twitter:label1\" content=\"Est. reading time\" \/>\n\t<meta name=\"twitter:data1\" content=\"1 minute\" \/>\n<script type=\"application\/ld+json\" class=\"yoast-schema-graph\">{\"@context\":\"https:\\\/\\\/schema.org\",\"@graph\":[{\"@type\":\"WebPage\",\"@id\":\"https:\\\/\\\/www.cbti-bkvt.org\\\/de\\\/evenement\\\/colloque-de-rentree-unplib-les-professions-liberales-en-pleine-mutation-comment-faire-face-aux-defis-de-demain\\\/\",\"url\":\"https:\\\/\\\/www.cbti-bkvt.org\\\/de\\\/evenement\\\/colloque-de-rentree-unplib-les-professions-liberales-en-pleine-mutation-comment-faire-face-aux-defis-de-demain\\\/\",\"name\":\"Colloque de rentr\u00e9e UNPLib - Les professions lib\u00e9rales en pleine mutation : comment faire face aux d\u00e9fis de demain ? - Chambre Belge des Traducteurs et Interpr\u00e8tes | Belgische Kamer van Vertalers en Tolken\",\"isPartOf\":{\"@id\":\"https:\\\/\\\/www.cbti-bkvt.org\\\/de\\\/#website\"},\"primaryImageOfPage\":{\"@id\":\"https:\\\/\\\/www.cbti-bkvt.org\\\/de\\\/evenement\\\/colloque-de-rentree-unplib-les-professions-liberales-en-pleine-mutation-comment-faire-face-aux-defis-de-demain\\\/#primaryimage\"},\"image\":{\"@id\":\"https:\\\/\\\/www.cbti-bkvt.org\\\/de\\\/evenement\\\/colloque-de-rentree-unplib-les-professions-liberales-en-pleine-mutation-comment-faire-face-aux-defis-de-demain\\\/#primaryimage\"},\"thumbnailUrl\":\"https:\\\/\\\/www.cbti-bkvt.org\\\/wp-content\\\/uploads\\\/Invitation_Colloque27oct2016-img-2.jpg\",\"datePublished\":\"2016-10-04T07:30:18+00:00\",\"breadcrumb\":{\"@id\":\"https:\\\/\\\/www.cbti-bkvt.org\\\/de\\\/evenement\\\/colloque-de-rentree-unplib-les-professions-liberales-en-pleine-mutation-comment-faire-face-aux-defis-de-demain\\\/#breadcrumb\"},\"inLanguage\":\"de-DE\",\"potentialAction\":[{\"@type\":\"ReadAction\",\"target\":[\"https:\\\/\\\/www.cbti-bkvt.org\\\/de\\\/evenement\\\/colloque-de-rentree-unplib-les-professions-liberales-en-pleine-mutation-comment-faire-face-aux-defis-de-demain\\\/\"]}]},{\"@type\":\"ImageObject\",\"inLanguage\":\"de-DE\",\"@id\":\"https:\\\/\\\/www.cbti-bkvt.org\\\/de\\\/evenement\\\/colloque-de-rentree-unplib-les-professions-liberales-en-pleine-mutation-comment-faire-face-aux-defis-de-demain\\\/#primaryimage\",\"url\":\"https:\\\/\\\/www.cbti-bkvt.org\\\/wp-content\\\/uploads\\\/Invitation_Colloque27oct2016-img-2.jpg\",\"contentUrl\":\"https:\\\/\\\/www.cbti-bkvt.org\\\/wp-content\\\/uploads\\\/Invitation_Colloque27oct2016-img-2.jpg\",\"width\":253,\"height\":166},{\"@type\":\"BreadcrumbList\",\"@id\":\"https:\\\/\\\/www.cbti-bkvt.org\\\/de\\\/evenement\\\/colloque-de-rentree-unplib-les-professions-liberales-en-pleine-mutation-comment-faire-face-aux-defis-de-demain\\\/#breadcrumb\",\"itemListElement\":[{\"@type\":\"ListItem\",\"position\":1,\"name\":\"Home\",\"item\":\"https:\\\/\\\/www.cbti-bkvt.org\\\/de\\\/\"},{\"@type\":\"ListItem\",\"position\":2,\"name\":\"\u00c9v\u00e8nements\",\"item\":\"https:\\\/\\\/www.cbti-bkvt.org\\\/de\\\/evenement\\\/\"},{\"@type\":\"ListItem\",\"position\":3,\"name\":\"Colloque de rentr\u00e9e UNPLib &#8211; Les professions lib\u00e9rales en pleine mutation : comment faire face aux d\u00e9fis de demain ?\"}]},{\"@type\":\"WebSite\",\"@id\":\"https:\\\/\\\/www.cbti-bkvt.org\\\/de\\\/#website\",\"url\":\"https:\\\/\\\/www.cbti-bkvt.org\\\/de\\\/\",\"name\":\"Chambre Belge des Traducteurs et Interpr\u00e8tes | Belgische Kamer van Vertalers en Tolken\",\"description\":\"M\u00e9tiers de la traduction \u00e9crite, l\u2019interpr\u00e9tation de conf\u00e9rence, la traduction et l\u2019interpr\u00e9tation en milieu judiciaire.\",\"potentialAction\":[{\"@type\":\"SearchAction\",\"target\":{\"@type\":\"EntryPoint\",\"urlTemplate\":\"https:\\\/\\\/www.cbti-bkvt.org\\\/de\\\/?s={search_term_string}\"},\"query-input\":{\"@type\":\"PropertyValueSpecification\",\"valueRequired\":true,\"valueName\":\"search_term_string\"}}],\"inLanguage\":\"de-DE\"}]}<\/script>\n<!-- \/ Yoast SEO plugin. -->","yoast_head_json":{"title":"Chambre Belge des Traducteurs et Interpr\u00e8tes | Belgische Kamer van Vertalers en Tolken","robots":{"index":"index","follow":"follow","max-snippet":"max-snippet:-1","max-image-preview":"max-image-preview:large","max-video-preview":"max-video-preview:-1"},"canonical":"https:\/\/www.cbti-bkvt.org\/de\/evenement\/colloque-de-rentree-unplib-les-professions-liberales-en-pleine-mutation-comment-faire-face-aux-defis-de-demain\/","og_locale":"de_DE","og_type":"article","og_title":"Colloque de rentr\u00e9e UNPLib - Les professions lib\u00e9rales en pleine mutation : comment faire face aux d\u00e9fis de demain ? - Chambre Belge des Traducteurs et Interpr\u00e8tes | Belgische Kamer van Vertalers en Tolken","og_description":"Les Professions lib\u00e9rales sont \u00e0 la crois\u00e9e des chemins vers une \u00e9volution de leurs m\u00e9tiers&#8230; Que cela soit une \u00e9volution informatique, travailler en cabinets group\u00e9s ou en association, la complexit\u00e9 des t\u00e2ches administratives, la relation entre le professionnel lib\u00e9ral et ses clients qui devient de plus en plus commercial ou la loi sur la continuit\u00e9&hellip;&nbsp;Read More &raquo;Colloque de rentr\u00e9e UNPLib &#8211; Les professions lib\u00e9rales en pleine mutation : comment faire face aux d\u00e9fis de demain ?","og_url":"https:\/\/www.cbti-bkvt.org\/de\/evenement\/colloque-de-rentree-unplib-les-professions-liberales-en-pleine-mutation-comment-faire-face-aux-defis-de-demain\/","og_site_name":"Chambre Belge des Traducteurs et Interpr\u00e8tes | Belgische Kamer van Vertalers en Tolken","twitter_card":"summary_large_image","twitter_misc":{"Est. reading time":"1 minute"},"schema":{"@context":"https:\/\/schema.org","@graph":[{"@type":"WebPage","@id":"https:\/\/www.cbti-bkvt.org\/de\/evenement\/colloque-de-rentree-unplib-les-professions-liberales-en-pleine-mutation-comment-faire-face-aux-defis-de-demain\/","url":"https:\/\/www.cbti-bkvt.org\/de\/evenement\/colloque-de-rentree-unplib-les-professions-liberales-en-pleine-mutation-comment-faire-face-aux-defis-de-demain\/","name":"Colloque de rentr\u00e9e UNPLib - Les professions lib\u00e9rales en pleine mutation : comment faire face aux d\u00e9fis de demain ? - Chambre Belge des Traducteurs et Interpr\u00e8tes | Belgische Kamer van Vertalers en Tolken","isPartOf":{"@id":"https:\/\/www.cbti-bkvt.org\/de\/#website"},"primaryImageOfPage":{"@id":"https:\/\/www.cbti-bkvt.org\/de\/evenement\/colloque-de-rentree-unplib-les-professions-liberales-en-pleine-mutation-comment-faire-face-aux-defis-de-demain\/#primaryimage"},"image":{"@id":"https:\/\/www.cbti-bkvt.org\/de\/evenement\/colloque-de-rentree-unplib-les-professions-liberales-en-pleine-mutation-comment-faire-face-aux-defis-de-demain\/#primaryimage"},"thumbnailUrl":"https:\/\/www.cbti-bkvt.org\/wp-content\/uploads\/Invitation_Colloque27oct2016-img-2.jpg","datePublished":"2016-10-04T07:30:18+00:00","breadcrumb":{"@id":"https:\/\/www.cbti-bkvt.org\/de\/evenement\/colloque-de-rentree-unplib-les-professions-liberales-en-pleine-mutation-comment-faire-face-aux-defis-de-demain\/#breadcrumb"},"inLanguage":"de-DE","potentialAction":[{"@type":"ReadAction","target":["https:\/\/www.cbti-bkvt.org\/de\/evenement\/colloque-de-rentree-unplib-les-professions-liberales-en-pleine-mutation-comment-faire-face-aux-defis-de-demain\/"]}]},{"@type":"ImageObject","inLanguage":"de-DE","@id":"https:\/\/www.cbti-bkvt.org\/de\/evenement\/colloque-de-rentree-unplib-les-professions-liberales-en-pleine-mutation-comment-faire-face-aux-defis-de-demain\/#primaryimage","url":"https:\/\/www.cbti-bkvt.org\/wp-content\/uploads\/Invitation_Colloque27oct2016-img-2.jpg","contentUrl":"https:\/\/www.cbti-bkvt.org\/wp-content\/uploads\/Invitation_Colloque27oct2016-img-2.jpg","width":253,"height":166},{"@type":"BreadcrumbList","@id":"https:\/\/www.cbti-bkvt.org\/de\/evenement\/colloque-de-rentree-unplib-les-professions-liberales-en-pleine-mutation-comment-faire-face-aux-defis-de-demain\/#breadcrumb","itemListElement":[{"@type":"ListItem","position":1,"name":"Home","item":"https:\/\/www.cbti-bkvt.org\/de\/"},{"@type":"ListItem","position":2,"name":"\u00c9v\u00e8nements","item":"https:\/\/www.cbti-bkvt.org\/de\/evenement\/"},{"@type":"ListItem","position":3,"name":"Colloque de rentr\u00e9e UNPLib &#8211; Les professions lib\u00e9rales en pleine mutation : comment faire face aux d\u00e9fis de demain ?"}]},{"@type":"WebSite","@id":"https:\/\/www.cbti-bkvt.org\/de\/#website","url":"https:\/\/www.cbti-bkvt.org\/de\/","name":"Chambre Belge des Traducteurs et Interpr\u00e8tes | Belgische Kamer van Vertalers en Tolken","description":"M\u00e9tiers de la traduction \u00e9crite, l\u2019interpr\u00e9tation de conf\u00e9rence, la traduction et l\u2019interpr\u00e9tation en milieu judiciaire.","potentialAction":[{"@type":"SearchAction","target":{"@type":"EntryPoint","urlTemplate":"https:\/\/www.cbti-bkvt.org\/de\/?s={search_term_string}"},"query-input":{"@type":"PropertyValueSpecification","valueRequired":true,"valueName":"search_term_string"}}],"inLanguage":"de-DE"}]}},"_links":{"self":[{"href":"https:\/\/www.cbti-bkvt.org\/de\/wp-json\/wp\/v2\/evenement\/25259","targetHints":{"allow":["GET"]}}],"collection":[{"href":"https:\/\/www.cbti-bkvt.org\/de\/wp-json\/wp\/v2\/evenement"}],"about":[{"href":"https:\/\/www.cbti-bkvt.org\/de\/wp-json\/wp\/v2\/types\/evenement"}],"wp:featuredmedia":[{"embeddable":true,"href":"https:\/\/www.cbti-bkvt.org\/de\/wp-json\/wp\/v2\/media\/10298"}],"wp:attachment":[{"href":"https:\/\/www.cbti-bkvt.org\/de\/wp-json\/wp\/v2\/media?parent=25259"}],"wp:term":[{"taxonomy":"evenement-type","embeddable":true,"href":"https:\/\/www.cbti-bkvt.org\/de\/wp-json\/wp\/v2\/evenement-type?post=25259"}],"curies":[{"name":"wp","href":"https:\/\/api.w.org\/{rel}","templated":true}]}}