{"id":25317,"date":"2018-01-30T16:20:38","date_gmt":"2018-01-30T16:20:38","guid":{"rendered":"https:\/\/www.cbti-bkvt.org\/evenement\/borrelavond-a-enghien\/"},"modified":"2018-01-30T16:20:38","modified_gmt":"2018-01-30T16:20:38","slug":"borrelavond-a-enghien","status":"publish","type":"evenement","link":"https:\/\/www.cbti-bkvt.org\/de\/evenement\/borrelavond-a-enghien\/","title":{"rendered":"Borrelavond \u00e0 Enghien"},"content":{"rendered":"<p>Le prochain borrelavond se d\u00e9roulera \u00e0 <strong>Enghien<\/strong>. <\/p>\n<h3>Quand et o\u00f9&nbsp;?<\/h3>\n<p>Le <strong>mercredi 14 mars<\/strong> \u00e0 partir de 19h30 (repas \u00e0 20h) au restaurant \u00ab <strong>Les D\u00e9lices du Parc<\/strong> \u00bb. <\/p>\n<blockquote>\n<p>Place Pierre Delannoy, 32<br \/>\n7850 Enghien  <\/p>\n<\/blockquote>\n<h3>Informations pratiques<\/h3>\n<ul>\n<li>Le restaurant sera privatis\u00e9 \u2013 il ouvre sp\u00e9cialement pour nous&nbsp;!<\/li>\n<li>Le chef ne travaille que des produits frais (pas de surgel\u00e9s) et nous demande par cons\u00e9quent d\u2019annoncer un chiffre de participants aussi pr\u00e9cis que possible.<\/li>\n<li>La formule \u00e0 30\u20ac par personne comprend 1 verre d&#8217;ap\u00e9ritif, un menu 2 services, un verre de vin avec l&#8217;entr\u00e9e, et un verre de vin avec le plat. Les \u00e9ventuels suppl\u00e9ments (caf\u00e9, dessert) seront \u00e0 r\u00e9gler s\u00e9par\u00e9ment sur place.<\/li>\n<li>Le nombre de places est limit\u00e9 (max. 35), r\u00e9servez vite. <\/li>\n<li>Une annulation n&#8217;est pas \u00e0 exclure (avec remboursement bien s\u00fbr) si le nombre de participants est trop faible pour justifier l\u2019ouverture du restaurant rien que pour nous.<\/li>\n<li>Amis v\u00e9g\u00e9tariens, merci de vous manifester lors de la r\u00e9servation.<\/li>\n<\/ul>\n<h3>Menu<\/h3>\n<p><strong>Entr\u00e9e&nbsp;:<\/strong> <\/p>\n<p>Croquette aux crevettes grises<br \/>\n<em>ou<\/em><br \/>\nTartare de b\u0153uf \u00e0 l\u2019italienne<\/p>\n<p><strong>Plat&nbsp;:<\/strong> <\/p>\n<p>Dos de skrei aux poireaux, cr\u00e8me aux herbes fra\u00eeches, pommes pur\u00e9e<br \/>\n<em>ou<\/em><br \/>\nBallotine de dinde aux fruits secs, sauce au miel et thym, pommes de terre saut\u00e9es<\/p>\n<h3>Itin\u00e9raire<\/h3>\n<ul>\n<li>Enghien se trouve sur l\u2019axe Bruxelles-Tournai, \u00e0 proximit\u00e9 de l\u2019A8<\/li>\n<li>\u00ab Les D\u00e9lices du parc \u00bb se trouvent en plein centre d\u2019Enghien, \u00e0 c\u00f4t\u00e9 de la poste, \u00e0 cinquante m\u00e8tres de l\u2019\u00c9glise et \u00e0 900 m\u00e8tres de la gare. <\/li>\n<li>Parking g\u00e9n\u00e9ralement ais\u00e9 dans les environs imm\u00e9diats.<\/li>\n<\/ul>\n<h3>Inscription<\/h3>\n<p>Votre paiement au compte BE95 3101 1719 2658 au nom de Dominique Jonkers vaudra r\u00e9servation (30\u20ac par personne, merci de noter votre nom en communication). <\/p>\n<h3>Contact<\/h3>\n<p><a href=\"mailto:Dominique@jonkersandpartners.com\">Dominique@jonkersandpartners.com<\/a> ou 0477 94 21 65 <\/p>\n<p>Pour rappel, les <em>borrelavonden<\/em> sont ouverts tant aux membres qu\u2019aux non-membres.<\/p>\n","protected":false},"featured_media":10398,"parent":0,"template":"","meta":{"_acf_changed":false,"pmpro_default_level":"","neve_meta_sidebar":"","neve_meta_container":"","neve_meta_enable_content_width":"","neve_meta_content_width":0,"neve_meta_title_alignment":"","neve_meta_author_avatar":"","neve_post_elements_order":"","neve_meta_disable_header":"","neve_meta_disable_footer":"","neve_meta_disable_title":"","neve_meta_reading_time":"","_links_to":"","_links_to_target":""},"evenement-type":[441],"class_list":["post-25317","evenement","type-evenement","status-publish","has-post-thumbnail","hentry","evenement-type-stammtische","pmpro-has-access"],"acf":[],"yoast_head":"<!-- This site is optimized with the Yoast SEO plugin v27.4 - https:\/\/yoast.com\/product\/yoast-seo-wordpress\/ -->\n<title>Chambre Belge des Traducteurs et Interpr\u00e8tes | Belgische Kamer van Vertalers en Tolken<\/title>\n<meta name=\"robots\" content=\"index, follow, max-snippet:-1, max-image-preview:large, max-video-preview:-1\" \/>\n<link rel=\"canonical\" href=\"https:\/\/www.cbti-bkvt.org\/de\/evenement\/borrelavond-a-enghien\/\" \/>\n<meta property=\"og:locale\" content=\"de_DE\" \/>\n<meta property=\"og:type\" content=\"article\" \/>\n<meta property=\"og:title\" content=\"Borrelavond \u00e0 Enghien - Chambre Belge des Traducteurs et Interpr\u00e8tes | Belgische Kamer van Vertalers en Tolken\" \/>\n<meta property=\"og:description\" content=\"Le prochain borrelavond se d\u00e9roulera \u00e0 Enghien. Quand et o\u00f9&nbsp;? Le mercredi 14 mars \u00e0 partir de 19h30 (repas \u00e0 20h) au restaurant \u00ab Les D\u00e9lices du Parc \u00bb. Place Pierre Delannoy, 32 7850 Enghien Informations pratiques Le restaurant sera privatis\u00e9 \u2013 il ouvre sp\u00e9cialement pour nous&nbsp;! Le chef ne travaille que des produits frais&hellip;&nbsp;Read More &raquo;Borrelavond \u00e0 Enghien\" \/>\n<meta property=\"og:url\" content=\"https:\/\/www.cbti-bkvt.org\/de\/evenement\/borrelavond-a-enghien\/\" \/>\n<meta property=\"og:site_name\" content=\"Chambre Belge des Traducteurs et Interpr\u00e8tes | Belgische Kamer van Vertalers en Tolken\" \/>\n<meta name=\"twitter:card\" content=\"summary_large_image\" \/>\n<meta name=\"twitter:label1\" content=\"Est. reading time\" \/>\n\t<meta name=\"twitter:data1\" content=\"2 minutes\" \/>\n<script type=\"application\/ld+json\" class=\"yoast-schema-graph\">{\"@context\":\"https:\\\/\\\/schema.org\",\"@graph\":[{\"@type\":\"WebPage\",\"@id\":\"https:\\\/\\\/www.cbti-bkvt.org\\\/de\\\/evenement\\\/borrelavond-a-enghien\\\/\",\"url\":\"https:\\\/\\\/www.cbti-bkvt.org\\\/de\\\/evenement\\\/borrelavond-a-enghien\\\/\",\"name\":\"Borrelavond \u00e0 Enghien - Chambre Belge des Traducteurs et Interpr\u00e8tes | Belgische Kamer van Vertalers en Tolken\",\"isPartOf\":{\"@id\":\"https:\\\/\\\/www.cbti-bkvt.org\\\/de\\\/#website\"},\"primaryImageOfPage\":{\"@id\":\"https:\\\/\\\/www.cbti-bkvt.org\\\/de\\\/evenement\\\/borrelavond-a-enghien\\\/#primaryimage\"},\"image\":{\"@id\":\"https:\\\/\\\/www.cbti-bkvt.org\\\/de\\\/evenement\\\/borrelavond-a-enghien\\\/#primaryimage\"},\"thumbnailUrl\":\"https:\\\/\\\/www.cbti-bkvt.org\\\/wp-content\\\/uploads\\\/borrel-min-2.jpg\",\"datePublished\":\"2018-01-30T16:20:38+00:00\",\"breadcrumb\":{\"@id\":\"https:\\\/\\\/www.cbti-bkvt.org\\\/de\\\/evenement\\\/borrelavond-a-enghien\\\/#breadcrumb\"},\"inLanguage\":\"de-DE\",\"potentialAction\":[{\"@type\":\"ReadAction\",\"target\":[\"https:\\\/\\\/www.cbti-bkvt.org\\\/de\\\/evenement\\\/borrelavond-a-enghien\\\/\"]}]},{\"@type\":\"ImageObject\",\"inLanguage\":\"de-DE\",\"@id\":\"https:\\\/\\\/www.cbti-bkvt.org\\\/de\\\/evenement\\\/borrelavond-a-enghien\\\/#primaryimage\",\"url\":\"https:\\\/\\\/www.cbti-bkvt.org\\\/wp-content\\\/uploads\\\/borrel-min-2.jpg\",\"contentUrl\":\"https:\\\/\\\/www.cbti-bkvt.org\\\/wp-content\\\/uploads\\\/borrel-min-2.jpg\",\"width\":1000,\"height\":663},{\"@type\":\"BreadcrumbList\",\"@id\":\"https:\\\/\\\/www.cbti-bkvt.org\\\/de\\\/evenement\\\/borrelavond-a-enghien\\\/#breadcrumb\",\"itemListElement\":[{\"@type\":\"ListItem\",\"position\":1,\"name\":\"Home\",\"item\":\"https:\\\/\\\/www.cbti-bkvt.org\\\/de\\\/\"},{\"@type\":\"ListItem\",\"position\":2,\"name\":\"\u00c9v\u00e8nements\",\"item\":\"https:\\\/\\\/www.cbti-bkvt.org\\\/de\\\/evenement\\\/\"},{\"@type\":\"ListItem\",\"position\":3,\"name\":\"Borrelavond \u00e0 Enghien\"}]},{\"@type\":\"WebSite\",\"@id\":\"https:\\\/\\\/www.cbti-bkvt.org\\\/de\\\/#website\",\"url\":\"https:\\\/\\\/www.cbti-bkvt.org\\\/de\\\/\",\"name\":\"Chambre Belge des Traducteurs et Interpr\u00e8tes | Belgische Kamer van Vertalers en Tolken\",\"description\":\"M\u00e9tiers de la traduction \u00e9crite, l\u2019interpr\u00e9tation de conf\u00e9rence, la traduction et l\u2019interpr\u00e9tation en milieu judiciaire.\",\"potentialAction\":[{\"@type\":\"SearchAction\",\"target\":{\"@type\":\"EntryPoint\",\"urlTemplate\":\"https:\\\/\\\/www.cbti-bkvt.org\\\/de\\\/?s={search_term_string}\"},\"query-input\":{\"@type\":\"PropertyValueSpecification\",\"valueRequired\":true,\"valueName\":\"search_term_string\"}}],\"inLanguage\":\"de-DE\"}]}<\/script>\n<!-- \/ Yoast SEO plugin. -->","yoast_head_json":{"title":"Chambre Belge des Traducteurs et Interpr\u00e8tes | Belgische Kamer van Vertalers en Tolken","robots":{"index":"index","follow":"follow","max-snippet":"max-snippet:-1","max-image-preview":"max-image-preview:large","max-video-preview":"max-video-preview:-1"},"canonical":"https:\/\/www.cbti-bkvt.org\/de\/evenement\/borrelavond-a-enghien\/","og_locale":"de_DE","og_type":"article","og_title":"Borrelavond \u00e0 Enghien - Chambre Belge des Traducteurs et Interpr\u00e8tes | Belgische Kamer van Vertalers en Tolken","og_description":"Le prochain borrelavond se d\u00e9roulera \u00e0 Enghien. Quand et o\u00f9&nbsp;? Le mercredi 14 mars \u00e0 partir de 19h30 (repas \u00e0 20h) au restaurant \u00ab Les D\u00e9lices du Parc \u00bb. Place Pierre Delannoy, 32 7850 Enghien Informations pratiques Le restaurant sera privatis\u00e9 \u2013 il ouvre sp\u00e9cialement pour nous&nbsp;! Le chef ne travaille que des produits frais&hellip;&nbsp;Read More &raquo;Borrelavond \u00e0 Enghien","og_url":"https:\/\/www.cbti-bkvt.org\/de\/evenement\/borrelavond-a-enghien\/","og_site_name":"Chambre Belge des Traducteurs et Interpr\u00e8tes | Belgische Kamer van Vertalers en Tolken","twitter_card":"summary_large_image","twitter_misc":{"Est. reading time":"2 minutes"},"schema":{"@context":"https:\/\/schema.org","@graph":[{"@type":"WebPage","@id":"https:\/\/www.cbti-bkvt.org\/de\/evenement\/borrelavond-a-enghien\/","url":"https:\/\/www.cbti-bkvt.org\/de\/evenement\/borrelavond-a-enghien\/","name":"Borrelavond \u00e0 Enghien - Chambre Belge des Traducteurs et Interpr\u00e8tes | Belgische Kamer van Vertalers en Tolken","isPartOf":{"@id":"https:\/\/www.cbti-bkvt.org\/de\/#website"},"primaryImageOfPage":{"@id":"https:\/\/www.cbti-bkvt.org\/de\/evenement\/borrelavond-a-enghien\/#primaryimage"},"image":{"@id":"https:\/\/www.cbti-bkvt.org\/de\/evenement\/borrelavond-a-enghien\/#primaryimage"},"thumbnailUrl":"https:\/\/www.cbti-bkvt.org\/wp-content\/uploads\/borrel-min-2.jpg","datePublished":"2018-01-30T16:20:38+00:00","breadcrumb":{"@id":"https:\/\/www.cbti-bkvt.org\/de\/evenement\/borrelavond-a-enghien\/#breadcrumb"},"inLanguage":"de-DE","potentialAction":[{"@type":"ReadAction","target":["https:\/\/www.cbti-bkvt.org\/de\/evenement\/borrelavond-a-enghien\/"]}]},{"@type":"ImageObject","inLanguage":"de-DE","@id":"https:\/\/www.cbti-bkvt.org\/de\/evenement\/borrelavond-a-enghien\/#primaryimage","url":"https:\/\/www.cbti-bkvt.org\/wp-content\/uploads\/borrel-min-2.jpg","contentUrl":"https:\/\/www.cbti-bkvt.org\/wp-content\/uploads\/borrel-min-2.jpg","width":1000,"height":663},{"@type":"BreadcrumbList","@id":"https:\/\/www.cbti-bkvt.org\/de\/evenement\/borrelavond-a-enghien\/#breadcrumb","itemListElement":[{"@type":"ListItem","position":1,"name":"Home","item":"https:\/\/www.cbti-bkvt.org\/de\/"},{"@type":"ListItem","position":2,"name":"\u00c9v\u00e8nements","item":"https:\/\/www.cbti-bkvt.org\/de\/evenement\/"},{"@type":"ListItem","position":3,"name":"Borrelavond \u00e0 Enghien"}]},{"@type":"WebSite","@id":"https:\/\/www.cbti-bkvt.org\/de\/#website","url":"https:\/\/www.cbti-bkvt.org\/de\/","name":"Chambre Belge des Traducteurs et Interpr\u00e8tes | Belgische Kamer van Vertalers en Tolken","description":"M\u00e9tiers de la traduction \u00e9crite, l\u2019interpr\u00e9tation de conf\u00e9rence, la traduction et l\u2019interpr\u00e9tation en milieu judiciaire.","potentialAction":[{"@type":"SearchAction","target":{"@type":"EntryPoint","urlTemplate":"https:\/\/www.cbti-bkvt.org\/de\/?s={search_term_string}"},"query-input":{"@type":"PropertyValueSpecification","valueRequired":true,"valueName":"search_term_string"}}],"inLanguage":"de-DE"}]}},"_links":{"self":[{"href":"https:\/\/www.cbti-bkvt.org\/de\/wp-json\/wp\/v2\/evenement\/25317","targetHints":{"allow":["GET"]}}],"collection":[{"href":"https:\/\/www.cbti-bkvt.org\/de\/wp-json\/wp\/v2\/evenement"}],"about":[{"href":"https:\/\/www.cbti-bkvt.org\/de\/wp-json\/wp\/v2\/types\/evenement"}],"wp:featuredmedia":[{"embeddable":true,"href":"https:\/\/www.cbti-bkvt.org\/de\/wp-json\/wp\/v2\/media\/10398"}],"wp:attachment":[{"href":"https:\/\/www.cbti-bkvt.org\/de\/wp-json\/wp\/v2\/media?parent=25317"}],"wp:term":[{"taxonomy":"evenement-type","embeddable":true,"href":"https:\/\/www.cbti-bkvt.org\/de\/wp-json\/wp\/v2\/evenement-type?post=25317"}],"curies":[{"name":"wp","href":"https:\/\/api.w.org\/{rel}","templated":true}]}}