{"id":25365,"date":"2019-12-04T15:34:35","date_gmt":"2019-12-04T15:34:35","guid":{"rendered":"https:\/\/www.cbti-bkvt.org\/evenement\/la-cbti-celebre-le-nouvel-an-3\/"},"modified":"2024-01-28T09:48:39","modified_gmt":"2024-01-28T09:48:39","slug":"la-cbti-celebre-le-nouvel-an-3","status":"publish","type":"evenement","link":"https:\/\/www.cbti-bkvt.org\/de\/evenement\/la-cbti-celebre-le-nouvel-an-3\/","title":{"rendered":"La CBTI c\u00e9l\u00e8bre le Nouvel An!"},"content":{"rendered":"<p><!--La CBTI c\u00e9l\u00e8bre le Nouvel An!--><\/p>\n<p><strong>Le pr\u00e9sident, les membres du Conseil d\u2019administration et les membres du jury du Prix du Meilleur M\u00e9moire de la Chambre Belge des Traducteurs et Interpr\u00e8tes ont l\u2019honneur de vous inviter au repas de Nouvel An de la CBTI, le vendredi 31 janvier 2020. Ce d\u00eener sera pr\u00e9c\u00e9d\u00e9 de la remise du Prix du Meilleur M\u00e9moire de recherche appliqu\u00e9e en traduction ou en interpr\u00e9tation 2020.<\/strong><\/p>\n<p>Comme vous le savez, la CBTI collabore depuis des ann\u00e9es avec les universit\u00e9s afin de faciliter l\u2019int\u00e9gration dans le march\u00e9 du travail des jeunes dipl\u00f4m\u00e9s en traduction et en interpr\u00e9tation. L\u2019an pass\u00e9, l\u2019association a d\u00e9cid\u00e9 de faire rena\u00eetre une vieille tradition : l\u2019attribution du Prix du Meilleur M\u00e9moire de recherche appliqu\u00e9e en traduction ou en interpr\u00e9tation. <\/p>\n<p>La CBTI souhaite ainsi rapprocher le monde acad\u00e9mique de la sph\u00e8re professionnelle et contribuer \u00e0 une meilleure transition de l\u2019un \u00e0 l\u2019autre, notamment en offrant de la visibilit\u00e9 \u00e0 trois jeunes dipl\u00f4m\u00e9s et en encourageant les professionnels \u00e0 s\u2019int\u00e9resser aux travaux de recherche appliqu\u00e9e. <\/p>\n<p>Cette ann\u00e9e, les trois m\u00e9moires retenus sont (par ordre alphab\u00e9tique d&#8217;auteur)&nbsp;:<\/p>\n<table border=\"1\" style=\"font-size:90%\">\n<tr>\n<td>Auteur<\/td>\n<td>Titre<\/td>\n<td>Universit\u00e9<\/td>\n<\/tr>\n<tr>\n<td><b>De Sutter Noa<\/b><\/td>\n<td>\u201eEs scheint mir einfach viel effizienter, mit Ferndolmetschern zu arbeiten\u201c<br \/>Eine Analyse von Interviews mit Haus\u00e4rzten in Bezug auf Video- und Telefondolmetschen<\/td>\n<td>Gent<\/td>\n<\/tr>\n<tr>\n<td><b>Mertens Lien<\/b><\/td>\n<td>Verschillen tussen ondertiteling in Vlaanderen en Nederland. Casestudy: gevoel voor tumor<\/td>\n<td>VUB<\/td>\n<\/tr>\n<tr>\n<td><b>Roels Vicky<\/b><\/td>\n<td>Tolken en Vertalen: een persoon, twee beroepen. Een onderzoek naar de ervaringen van sociaal vertalers en tolken<\/td>\n<td>KUL, c. Brussel<\/td>\n<\/tr>\n<\/table>\n<p><\/p>\n<p>Nous vous attendons le vendredi 31 janvier 2020 \u00e0 16 h \u00e0 l\u2019H\u00f4tel L\u00e9opold pour une pr\u00e9sentation des trois travaux finalistes. Le nom du laur\u00e9at sera annonc\u00e9 \u00e0 cette occasion, en pr\u00e9sence de toutes les universit\u00e9s. La c\u00e9r\u00e9monie sera suivie d\u2019un cocktail et d\u2019un d\u00eener. <\/p>\n<p>Nous esp\u00e9rons avoir le plaisir de c\u00e9l\u00e9brer la Nouvelle Ann\u00e9e en votre compagnie&nbsp;!<\/p>\n<h1>Programme<\/h1>\n<h3>Premi\u00e8re partie&nbsp;: pr\u00e9sentation des trois meilleurs m\u00e9moires<\/h3>\n<p><strong>16h00<\/strong> <\/p>\n<ul>\n<li><strong>Mot d\u2019accueil<\/strong> de Guillaume Deneufbourg, pr\u00e9sident de la CBTI  <\/li>\n<li><strong>Mot d\u2019accueil<\/strong> de Pascale Pilawski, pr\u00e9sidente du jury <\/li>\n<\/ul>\n<p><strong>16h30<\/strong> <strong>Pr\u00e9sentation du 1er m\u00e9moire<\/strong> et questions<\/p>\n<p><strong>17h00<\/strong> <strong>Pr\u00e9sentation du 2e m\u00e9moire<\/strong> et questions<\/p>\n<p><strong>17h30<\/strong> <strong>Pr\u00e9sentation du 3e m\u00e9moire<\/strong> et questions<\/p>\n<p><strong>18h00<\/strong> <strong>Remise des prix<\/strong> par :  <\/p>\n<ul>\n<li>Pascale Pilawski (pr\u00e9sidente du jury)  <\/li>\n<li>Patrick Rondou (secr\u00e9taire g\u00e9n\u00e9ral de la CBTI)  <\/li>\n<li>Camille Collard (charg\u00e9e des relations avec les universit\u00e9s) <\/li>\n<\/ul>\n<h3>Deuxi\u00e8me partie&nbsp;: festivit\u00e9s<\/h3>\n<p><strong>18h30<\/strong> <strong>Cocktail<\/strong><\/p>\n<p><strong>19h30<\/strong> <strong>Walking dinner<\/strong><\/p>\n<h1>Date et adresse<\/h1>\n<p>Vendredi <strong>31 janvier 2020<\/strong> \u00e0 16&nbsp;h  <\/p>\n<blockquote>\n<p>Leopold Hotel Brussels EU<br \/>\nRue du Luxembourg 35<br \/>\n1050 Bruxelles<\/p>\n<\/blockquote>\n<h1>Inscriptions<\/h1>\n<p>Inscrivez-vous au moyen du talon r\u00e9ponse ou en envoyant un courriel au secr\u00e9tariat (<a href=\"mailto:secretariat@cbti-bkvt.org\">secretariat@cbti-bkvt.org<\/a>). Merci de bien vouloir pr\u00e9ciser les activit\u00e9s auxquelles vous d\u00e9sirez participer, ainsi que le nombre de personnes qui vous accompagneront.<\/p>\n<p><strong>Merci de vous inscrire et d\u2019effectuer le paiement pour le 24 janvier 2020 au plus tard.<\/strong><\/p>\n<h1>Participation aux frais<\/h1>\n<h3>Pr\u00e9sentations et cocktail uniquement<\/h3>\n<ul>\n<li>membres et \u00e9quivalents*&nbsp;: 15&nbsp;\u20ac<\/li>\n<li>non-membres&nbsp;: 25&nbsp;\u20ac<\/li>\n<\/ul>\n<h3>Pr\u00e9sentations, cocktail et repas<\/h3>\n<ul>\n<li>membres et \u00e9quivalents*&nbsp;: 60&nbsp;\u20ac<\/li>\n<li>non-membres&nbsp;: 85&nbsp;\u20ac<\/li>\n<\/ul>\n<p>*\u00e9quivalents&nbsp;: partenaire, membres d\u2019associations membres de la FIT<\/p>\n<h3>Paiement<\/h3>\n<p>Par virement sur le compte de la CBTI&nbsp;:<\/p>\n<blockquote>\n<p><strong>IBAN<\/strong> <code>BE32 3100 4638 6702<\/code><br \/>\n<strong>BIC<\/strong> <code>BBRUBEBB<\/code><\/p>\n<\/blockquote>\n<p><strong>Communication<\/strong>: pr\u00e9cisez les activit\u00e9s auxquelles vous d\u00e9sirez participer + le nombre de personnes + <strong>votre nom<\/strong><\/p>\n<h1>Contact<\/h1>\n<p><strong>Chambre belge des traducteurs et interpr\u00e8tes (CBTI-BKVT)<\/strong>  <\/p>\n<blockquote>\n<p>Rue Montoyer 24\/B12<br \/>\nB-1000 Bruxelles<br \/>\nT\u00e9l.&nbsp;: +32 2 513 09 15<br \/>\n<a href=\"mailto:secretariat@cbti-bkvt.org\">secretariat@cbti-bkvt.org<\/a><br \/>\n<a href=\"http:\/www.cbti-bkvt.org\">www.cbti-bkvt.org<\/a><\/p>\n<\/blockquote>\n\n\n<ul class=\"wp-block-list\">\n<li><a href=\"https:\/\/www.cbti-bkvt.org\/wp-content\/uploads\/FR__Invitation_Nouvel_An_2020.pdf\" target=\"_blank\" rel=\"noreferrer noopener\">Invitation Nouvel An 2020\u00a0<\/a>[PDF]<\/li>\n<\/ul>\n","protected":false},"featured_media":10502,"parent":0,"template":"","meta":{"_acf_changed":false,"pmpro_default_level":"","neve_meta_sidebar":"","neve_meta_container":"","neve_meta_enable_content_width":"","neve_meta_content_width":0,"neve_meta_title_alignment":"","neve_meta_author_avatar":"","neve_post_elements_order":"","neve_meta_disable_header":"","neve_meta_disable_footer":"","neve_meta_disable_title":"","neve_meta_reading_time":"","_links_to":"","_links_to_target":""},"evenement-type":[444],"class_list":["post-25365","evenement","type-evenement","status-publish","has-post-thumbnail","hentry","evenement-type-cbti-bkvt-aktuell","pmpro-has-access"],"acf":[],"yoast_head":"<!-- This site is optimized with the Yoast SEO plugin v27.4 - https:\/\/yoast.com\/product\/yoast-seo-wordpress\/ -->\n<title>Chambre Belge des Traducteurs et Interpr\u00e8tes | Belgische Kamer van Vertalers en Tolken<\/title>\n<meta name=\"robots\" content=\"index, follow, max-snippet:-1, max-image-preview:large, max-video-preview:-1\" \/>\n<link rel=\"canonical\" href=\"https:\/\/www.cbti-bkvt.org\/de\/evenement\/la-cbti-celebre-le-nouvel-an-3\/\" \/>\n<meta property=\"og:locale\" content=\"de_DE\" \/>\n<meta property=\"og:type\" content=\"article\" \/>\n<meta property=\"og:title\" content=\"La CBTI c\u00e9l\u00e8bre le Nouvel An! - Chambre Belge des Traducteurs et Interpr\u00e8tes | Belgische Kamer van Vertalers en Tolken\" \/>\n<meta property=\"og:description\" content=\"Le pr\u00e9sident, les membres du Conseil d\u2019administration et les membres du jury du Prix du Meilleur M\u00e9moire de la Chambre Belge des Traducteurs et Interpr\u00e8tes ont l\u2019honneur de vous inviter au repas de Nouvel An de la CBTI, le vendredi 31 janvier 2020. Ce d\u00eener sera pr\u00e9c\u00e9d\u00e9 de la remise du Prix du Meilleur M\u00e9moire&hellip;&nbsp;Read More &raquo;La CBTI c\u00e9l\u00e8bre le Nouvel An!\" \/>\n<meta property=\"og:url\" content=\"https:\/\/www.cbti-bkvt.org\/de\/evenement\/la-cbti-celebre-le-nouvel-an-3\/\" \/>\n<meta property=\"og:site_name\" content=\"Chambre Belge des Traducteurs et Interpr\u00e8tes | Belgische Kamer van Vertalers en Tolken\" \/>\n<meta property=\"article:modified_time\" content=\"2024-01-28T09:48:39+00:00\" \/>\n<meta property=\"og:image\" content=\"https:\/\/www.cbti-bkvt.org\/wp-content\/uploads\/happy-new-year-2020-celebration-celebrate-min-2.jpg\" \/>\n\t<meta property=\"og:image:width\" content=\"824\" \/>\n\t<meta property=\"og:image:height\" content=\"636\" \/>\n\t<meta property=\"og:image:type\" content=\"image\/jpeg\" \/>\n<meta name=\"twitter:card\" content=\"summary_large_image\" \/>\n<meta name=\"twitter:label1\" content=\"Est. reading time\" \/>\n\t<meta name=\"twitter:data1\" content=\"3 minutes\" \/>\n<script type=\"application\/ld+json\" class=\"yoast-schema-graph\">{\"@context\":\"https:\\\/\\\/schema.org\",\"@graph\":[{\"@type\":\"WebPage\",\"@id\":\"https:\\\/\\\/www.cbti-bkvt.org\\\/de\\\/evenement\\\/la-cbti-celebre-le-nouvel-an-3\\\/\",\"url\":\"https:\\\/\\\/www.cbti-bkvt.org\\\/de\\\/evenement\\\/la-cbti-celebre-le-nouvel-an-3\\\/\",\"name\":\"La CBTI c\u00e9l\u00e8bre le Nouvel An! - Chambre Belge des Traducteurs et Interpr\u00e8tes | Belgische Kamer van Vertalers en Tolken\",\"isPartOf\":{\"@id\":\"https:\\\/\\\/www.cbti-bkvt.org\\\/de\\\/#website\"},\"primaryImageOfPage\":{\"@id\":\"https:\\\/\\\/www.cbti-bkvt.org\\\/de\\\/evenement\\\/la-cbti-celebre-le-nouvel-an-3\\\/#primaryimage\"},\"image\":{\"@id\":\"https:\\\/\\\/www.cbti-bkvt.org\\\/de\\\/evenement\\\/la-cbti-celebre-le-nouvel-an-3\\\/#primaryimage\"},\"thumbnailUrl\":\"https:\\\/\\\/www.cbti-bkvt.org\\\/wp-content\\\/uploads\\\/happy-new-year-2020-celebration-celebrate-min-2.jpg\",\"datePublished\":\"2019-12-04T15:34:35+00:00\",\"dateModified\":\"2024-01-28T09:48:39+00:00\",\"breadcrumb\":{\"@id\":\"https:\\\/\\\/www.cbti-bkvt.org\\\/de\\\/evenement\\\/la-cbti-celebre-le-nouvel-an-3\\\/#breadcrumb\"},\"inLanguage\":\"de-DE\",\"potentialAction\":[{\"@type\":\"ReadAction\",\"target\":[\"https:\\\/\\\/www.cbti-bkvt.org\\\/de\\\/evenement\\\/la-cbti-celebre-le-nouvel-an-3\\\/\"]}]},{\"@type\":\"ImageObject\",\"inLanguage\":\"de-DE\",\"@id\":\"https:\\\/\\\/www.cbti-bkvt.org\\\/de\\\/evenement\\\/la-cbti-celebre-le-nouvel-an-3\\\/#primaryimage\",\"url\":\"https:\\\/\\\/www.cbti-bkvt.org\\\/wp-content\\\/uploads\\\/happy-new-year-2020-celebration-celebrate-min-2.jpg\",\"contentUrl\":\"https:\\\/\\\/www.cbti-bkvt.org\\\/wp-content\\\/uploads\\\/happy-new-year-2020-celebration-celebrate-min-2.jpg\",\"width\":824,\"height\":636},{\"@type\":\"BreadcrumbList\",\"@id\":\"https:\\\/\\\/www.cbti-bkvt.org\\\/de\\\/evenement\\\/la-cbti-celebre-le-nouvel-an-3\\\/#breadcrumb\",\"itemListElement\":[{\"@type\":\"ListItem\",\"position\":1,\"name\":\"Home\",\"item\":\"https:\\\/\\\/www.cbti-bkvt.org\\\/de\\\/\"},{\"@type\":\"ListItem\",\"position\":2,\"name\":\"\u00c9v\u00e8nements\",\"item\":\"https:\\\/\\\/www.cbti-bkvt.org\\\/de\\\/evenement\\\/\"},{\"@type\":\"ListItem\",\"position\":3,\"name\":\"La CBTI c\u00e9l\u00e8bre le Nouvel An!\"}]},{\"@type\":\"WebSite\",\"@id\":\"https:\\\/\\\/www.cbti-bkvt.org\\\/de\\\/#website\",\"url\":\"https:\\\/\\\/www.cbti-bkvt.org\\\/de\\\/\",\"name\":\"Chambre Belge des Traducteurs et Interpr\u00e8tes | Belgische Kamer van Vertalers en Tolken\",\"description\":\"M\u00e9tiers de la traduction \u00e9crite, l\u2019interpr\u00e9tation de conf\u00e9rence, la traduction et l\u2019interpr\u00e9tation en milieu judiciaire.\",\"potentialAction\":[{\"@type\":\"SearchAction\",\"target\":{\"@type\":\"EntryPoint\",\"urlTemplate\":\"https:\\\/\\\/www.cbti-bkvt.org\\\/de\\\/?s={search_term_string}\"},\"query-input\":{\"@type\":\"PropertyValueSpecification\",\"valueRequired\":true,\"valueName\":\"search_term_string\"}}],\"inLanguage\":\"de-DE\"}]}<\/script>\n<!-- \/ Yoast SEO plugin. -->","yoast_head_json":{"title":"Chambre Belge des Traducteurs et Interpr\u00e8tes | Belgische Kamer van Vertalers en Tolken","robots":{"index":"index","follow":"follow","max-snippet":"max-snippet:-1","max-image-preview":"max-image-preview:large","max-video-preview":"max-video-preview:-1"},"canonical":"https:\/\/www.cbti-bkvt.org\/de\/evenement\/la-cbti-celebre-le-nouvel-an-3\/","og_locale":"de_DE","og_type":"article","og_title":"La CBTI c\u00e9l\u00e8bre le Nouvel An! - Chambre Belge des Traducteurs et Interpr\u00e8tes | Belgische Kamer van Vertalers en Tolken","og_description":"Le pr\u00e9sident, les membres du Conseil d\u2019administration et les membres du jury du Prix du Meilleur M\u00e9moire de la Chambre Belge des Traducteurs et Interpr\u00e8tes ont l\u2019honneur de vous inviter au repas de Nouvel An de la CBTI, le vendredi 31 janvier 2020. Ce d\u00eener sera pr\u00e9c\u00e9d\u00e9 de la remise du Prix du Meilleur M\u00e9moire&hellip;&nbsp;Read More &raquo;La CBTI c\u00e9l\u00e8bre le Nouvel An!","og_url":"https:\/\/www.cbti-bkvt.org\/de\/evenement\/la-cbti-celebre-le-nouvel-an-3\/","og_site_name":"Chambre Belge des Traducteurs et Interpr\u00e8tes | Belgische Kamer van Vertalers en Tolken","article_modified_time":"2024-01-28T09:48:39+00:00","og_image":[{"width":824,"height":636,"url":"https:\/\/www.cbti-bkvt.org\/wp-content\/uploads\/happy-new-year-2020-celebration-celebrate-min-2.jpg","type":"image\/jpeg"}],"twitter_card":"summary_large_image","twitter_misc":{"Est. reading time":"3 minutes"},"schema":{"@context":"https:\/\/schema.org","@graph":[{"@type":"WebPage","@id":"https:\/\/www.cbti-bkvt.org\/de\/evenement\/la-cbti-celebre-le-nouvel-an-3\/","url":"https:\/\/www.cbti-bkvt.org\/de\/evenement\/la-cbti-celebre-le-nouvel-an-3\/","name":"La CBTI c\u00e9l\u00e8bre le Nouvel An! - Chambre Belge des Traducteurs et Interpr\u00e8tes | Belgische Kamer van Vertalers en Tolken","isPartOf":{"@id":"https:\/\/www.cbti-bkvt.org\/de\/#website"},"primaryImageOfPage":{"@id":"https:\/\/www.cbti-bkvt.org\/de\/evenement\/la-cbti-celebre-le-nouvel-an-3\/#primaryimage"},"image":{"@id":"https:\/\/www.cbti-bkvt.org\/de\/evenement\/la-cbti-celebre-le-nouvel-an-3\/#primaryimage"},"thumbnailUrl":"https:\/\/www.cbti-bkvt.org\/wp-content\/uploads\/happy-new-year-2020-celebration-celebrate-min-2.jpg","datePublished":"2019-12-04T15:34:35+00:00","dateModified":"2024-01-28T09:48:39+00:00","breadcrumb":{"@id":"https:\/\/www.cbti-bkvt.org\/de\/evenement\/la-cbti-celebre-le-nouvel-an-3\/#breadcrumb"},"inLanguage":"de-DE","potentialAction":[{"@type":"ReadAction","target":["https:\/\/www.cbti-bkvt.org\/de\/evenement\/la-cbti-celebre-le-nouvel-an-3\/"]}]},{"@type":"ImageObject","inLanguage":"de-DE","@id":"https:\/\/www.cbti-bkvt.org\/de\/evenement\/la-cbti-celebre-le-nouvel-an-3\/#primaryimage","url":"https:\/\/www.cbti-bkvt.org\/wp-content\/uploads\/happy-new-year-2020-celebration-celebrate-min-2.jpg","contentUrl":"https:\/\/www.cbti-bkvt.org\/wp-content\/uploads\/happy-new-year-2020-celebration-celebrate-min-2.jpg","width":824,"height":636},{"@type":"BreadcrumbList","@id":"https:\/\/www.cbti-bkvt.org\/de\/evenement\/la-cbti-celebre-le-nouvel-an-3\/#breadcrumb","itemListElement":[{"@type":"ListItem","position":1,"name":"Home","item":"https:\/\/www.cbti-bkvt.org\/de\/"},{"@type":"ListItem","position":2,"name":"\u00c9v\u00e8nements","item":"https:\/\/www.cbti-bkvt.org\/de\/evenement\/"},{"@type":"ListItem","position":3,"name":"La CBTI c\u00e9l\u00e8bre le Nouvel An!"}]},{"@type":"WebSite","@id":"https:\/\/www.cbti-bkvt.org\/de\/#website","url":"https:\/\/www.cbti-bkvt.org\/de\/","name":"Chambre Belge des Traducteurs et Interpr\u00e8tes | Belgische Kamer van Vertalers en Tolken","description":"M\u00e9tiers de la traduction \u00e9crite, l\u2019interpr\u00e9tation de conf\u00e9rence, la traduction et l\u2019interpr\u00e9tation en milieu judiciaire.","potentialAction":[{"@type":"SearchAction","target":{"@type":"EntryPoint","urlTemplate":"https:\/\/www.cbti-bkvt.org\/de\/?s={search_term_string}"},"query-input":{"@type":"PropertyValueSpecification","valueRequired":true,"valueName":"search_term_string"}}],"inLanguage":"de-DE"}]}},"_links":{"self":[{"href":"https:\/\/www.cbti-bkvt.org\/de\/wp-json\/wp\/v2\/evenement\/25365","targetHints":{"allow":["GET"]}}],"collection":[{"href":"https:\/\/www.cbti-bkvt.org\/de\/wp-json\/wp\/v2\/evenement"}],"about":[{"href":"https:\/\/www.cbti-bkvt.org\/de\/wp-json\/wp\/v2\/types\/evenement"}],"wp:featuredmedia":[{"embeddable":true,"href":"https:\/\/www.cbti-bkvt.org\/de\/wp-json\/wp\/v2\/media\/10502"}],"wp:attachment":[{"href":"https:\/\/www.cbti-bkvt.org\/de\/wp-json\/wp\/v2\/media?parent=25365"}],"wp:term":[{"taxonomy":"evenement-type","embeddable":true,"href":"https:\/\/www.cbti-bkvt.org\/de\/wp-json\/wp\/v2\/evenement-type?post=25365"}],"curies":[{"name":"wp","href":"https:\/\/api.w.org\/{rel}","templated":true}]}}