{"id":25432,"date":"2023-12-10T15:53:53","date_gmt":"2023-12-10T15:53:53","guid":{"rendered":"https:\/\/www.cbti-bkvt.org\/evenement\/29e-reunion-du-reseau-franco-allemand-bruxelles\/"},"modified":"2024-01-28T09:26:24","modified_gmt":"2024-01-28T09:26:24","slug":"29e-reunion-du-reseau-franco-allemand-bruxelles","status":"publish","type":"evenement","link":"https:\/\/www.cbti-bkvt.org\/de\/evenement\/29e-reunion-du-reseau-franco-allemand-bruxelles\/","title":{"rendered":"29e r\u00e9union du R\u00e9seau franco-allemand (Bruxelles)"},"content":{"rendered":"\n<p>Ch\u00e8res et chers \u00ab&nbsp;r\u00e9seauistes&nbsp;\u00bb,<\/p>\n\n\n\n<p>Au nom de la CBTI (Chambre belge des traducteurs et interpr\u00e8tes), j\u2019ai le plaisir de vous inviter \u00e0 la prochaine r\u00e9union annuelle de notre R\u00e9seau franco-allemand.<\/p>\n\n\n\n<p>Elle se tiendra \u00e0 Bruxelles, du vendredi&nbsp;27 au dimanche 29&nbsp;octobre&nbsp;2023.<\/p>\n\n\n\n<p>Vous trouverez toutes les informations utiles dans les pi\u00e8ces jointes.<\/p>\n\n\n\n<p>Bruxelles vous attend&nbsp;! Au plaisir, donc, de vous y accueillir fin octobre&nbsp;!<\/p>\n\n\n\n<p>Bien cordialement,<\/p>\n\n\n\n<p>Roland Lousberg et toute l\u2019\u00e9quipe belge<\/p>\n\n\n\n<ul class=\"wp-block-list\">\n<li><a href=\"https:\/\/www.cbti-bkvt.org\/wp-content\/uploads\/FR__RFA_2023_-_Bruxelles_-___voir.pdf\" target=\"_blank\" rel=\"noreferrer noopener\">[FR] RFA 2023 &#8211; Bruxelles &#8211; \u00c0 voir\u00a0<\/a>[PDF]<\/li>\n\n\n\n<li><a href=\"https:\/\/www.cbti-bkvt.org\/wp-content\/uploads\/FR__RFA__2023_-_Bruxelles_-_Se_d_placer.pdf\" target=\"_blank\" rel=\"noreferrer noopener\">\u00a0[FR] RFA 2023 &#8211; Bruxelles &#8211; Se d\u00e9placer\u00a0<\/a>[PDF]<\/li>\n\n\n\n<li><a href=\"https:\/\/www.cbti-bkvt.org\/wp-content\/uploads\/FR__RFA_2023_-_Diners.pdf\" target=\"_blank\" rel=\"noreferrer noopener\">\u00a0[FR] RFA 2023 &#8211; Diners\u00a0<\/a>[PDF]<\/li>\n\n\n\n<li><a href=\"https:\/\/www.cbti-bkvt.org\/wp-content\/uploads\/FR__RFA_2023_-_H_tels.pdf\" target=\"_blank\" rel=\"noreferrer noopener\">\u00a0[FR] RFA 2023 &#8211; H\u00f4tels\u00a0<\/a>[PDF]<\/li>\n\n\n\n<li><a href=\"https:\/\/www.cbti-bkvt.org\/wp-content\/uploads\/FR__RFA_2023_-_Inscription_RFA.pdf\" target=\"_blank\" rel=\"noreferrer noopener\">\u00a0[FR] RFA 2023 &#8211; Insc<\/a><a href=\"https:\/\/www.cbti-bkvt.org\/fr\/documents\/451\" target=\"_blank\" rel=\"noreferrer noopener\">ription RFA\u00a0<\/a>[PDF]<\/li>\n\n\n\n<li><a href=\"https:\/\/www.cbti-bkvt.org\/wp-content\/uploads\/FR__RFA_2023_-_Invitation_Bruxelles.pdf\" target=\"_blank\" rel=\"noreferrer noopener\">\u00a0[FR] RFA 2023 &#8211; Invitation Bruxelles\u00a0<\/a>[PDF]<\/li>\n\n\n\n<li><a href=\"https:\/\/www.cbti-bkvt.org\/wp-content\/uploads\/FR__RFA_2023_-_Programme.pdf\" target=\"_blank\" rel=\"noreferrer noopener\">\u00a0[FR] RFA 2023 &#8211; Programme\u00a0<\/a>[PDF]<\/li>\n\n\n\n<li><a href=\"https:\/\/www.cbti-bkvt.org\/wp-content\/uploads\/FR__RFA_2023_-_Programme_compl_mentaire.pdf\" target=\"_blank\" rel=\"noreferrer noopener\">\u00a0[FR] RFA 2023 &#8211; Programme compl\u00e9mentaire\u00a0<\/a>[PDF]<\/li>\n<\/ul>\n","protected":false},"featured_media":24797,"parent":0,"template":"","meta":{"_acf_changed":false,"pmpro_default_level":"","neve_meta_sidebar":"","neve_meta_container":"","neve_meta_enable_content_width":"","neve_meta_content_width":0,"neve_meta_title_alignment":"","neve_meta_author_avatar":"","neve_post_elements_order":"","neve_meta_disable_header":"","neve_meta_disable_footer":"","neve_meta_disable_title":"","neve_meta_reading_time":"","_links_to":"","_links_to_target":""},"evenement-type":[432],"class_list":["post-25432","evenement","type-evenement","status-publish","has-post-thumbnail","hentry","evenement-type-deutsch-franzoesisches-netzwerk","pmpro-has-access"],"acf":[],"yoast_head":"<!-- This site is optimized with the Yoast SEO plugin v27.4 - https:\/\/yoast.com\/product\/yoast-seo-wordpress\/ -->\n<title>Chambre Belge des Traducteurs et Interpr\u00e8tes | Belgische Kamer van Vertalers en Tolken<\/title>\n<meta name=\"robots\" content=\"index, follow, max-snippet:-1, max-image-preview:large, max-video-preview:-1\" \/>\n<link rel=\"canonical\" href=\"https:\/\/www.cbti-bkvt.org\/de\/evenement\/29e-reunion-du-reseau-franco-allemand-bruxelles\/\" \/>\n<meta property=\"og:locale\" content=\"de_DE\" \/>\n<meta property=\"og:type\" content=\"article\" \/>\n<meta property=\"og:title\" content=\"29e r\u00e9union du R\u00e9seau franco-allemand (Bruxelles) - Chambre Belge des Traducteurs et Interpr\u00e8tes | Belgische Kamer van Vertalers en Tolken\" \/>\n<meta property=\"og:description\" content=\"Ch\u00e8res et chers \u00ab&nbsp;r\u00e9seauistes&nbsp;\u00bb, Au nom de la CBTI (Chambre belge des traducteurs et interpr\u00e8tes), j\u2019ai le plaisir de vous inviter \u00e0 la prochaine r\u00e9union annuelle de notre R\u00e9seau franco-allemand. Elle se tiendra \u00e0 Bruxelles, du vendredi&nbsp;27 au dimanche 29&nbsp;octobre&nbsp;2023. Vous trouverez toutes les informations utiles dans les pi\u00e8ces jointes. Bruxelles vous attend&nbsp;! Au plaisir,&hellip;&nbsp;Read More &raquo;29e r\u00e9union du R\u00e9seau franco-allemand (Bruxelles)\" \/>\n<meta property=\"og:url\" content=\"https:\/\/www.cbti-bkvt.org\/de\/evenement\/29e-reunion-du-reseau-franco-allemand-bruxelles\/\" \/>\n<meta property=\"og:site_name\" content=\"Chambre Belge des Traducteurs et Interpr\u00e8tes | Belgische Kamer van Vertalers en Tolken\" \/>\n<meta property=\"article:modified_time\" content=\"2024-01-28T09:26:24+00:00\" \/>\n<meta property=\"og:image\" content=\"https:\/\/www.cbti-bkvt.org\/wp-content\/uploads\/francois-genon-Ovx5CyZO-mg-unsplash-min.jpg\" \/>\n\t<meta property=\"og:image:width\" content=\"1000\" \/>\n\t<meta property=\"og:image:height\" content=\"768\" \/>\n\t<meta property=\"og:image:type\" content=\"image\/jpeg\" \/>\n<meta name=\"twitter:card\" content=\"summary_large_image\" \/>\n<meta name=\"twitter:label1\" content=\"Est. reading time\" \/>\n\t<meta name=\"twitter:data1\" content=\"1 minute\" \/>\n<script type=\"application\/ld+json\" class=\"yoast-schema-graph\">{\"@context\":\"https:\\\/\\\/schema.org\",\"@graph\":[{\"@type\":\"WebPage\",\"@id\":\"https:\\\/\\\/www.cbti-bkvt.org\\\/de\\\/evenement\\\/29e-reunion-du-reseau-franco-allemand-bruxelles\\\/\",\"url\":\"https:\\\/\\\/www.cbti-bkvt.org\\\/de\\\/evenement\\\/29e-reunion-du-reseau-franco-allemand-bruxelles\\\/\",\"name\":\"29e r\u00e9union du R\u00e9seau franco-allemand (Bruxelles) - Chambre Belge des Traducteurs et Interpr\u00e8tes | Belgische Kamer van Vertalers en Tolken\",\"isPartOf\":{\"@id\":\"https:\\\/\\\/www.cbti-bkvt.org\\\/de\\\/#website\"},\"primaryImageOfPage\":{\"@id\":\"https:\\\/\\\/www.cbti-bkvt.org\\\/de\\\/evenement\\\/29e-reunion-du-reseau-franco-allemand-bruxelles\\\/#primaryimage\"},\"image\":{\"@id\":\"https:\\\/\\\/www.cbti-bkvt.org\\\/de\\\/evenement\\\/29e-reunion-du-reseau-franco-allemand-bruxelles\\\/#primaryimage\"},\"thumbnailUrl\":\"https:\\\/\\\/www.cbti-bkvt.org\\\/wp-content\\\/uploads\\\/francois-genon-Ovx5CyZO-mg-unsplash-min.jpg\",\"datePublished\":\"2023-12-10T15:53:53+00:00\",\"dateModified\":\"2024-01-28T09:26:24+00:00\",\"breadcrumb\":{\"@id\":\"https:\\\/\\\/www.cbti-bkvt.org\\\/de\\\/evenement\\\/29e-reunion-du-reseau-franco-allemand-bruxelles\\\/#breadcrumb\"},\"inLanguage\":\"de-DE\",\"potentialAction\":[{\"@type\":\"ReadAction\",\"target\":[\"https:\\\/\\\/www.cbti-bkvt.org\\\/de\\\/evenement\\\/29e-reunion-du-reseau-franco-allemand-bruxelles\\\/\"]}]},{\"@type\":\"ImageObject\",\"inLanguage\":\"de-DE\",\"@id\":\"https:\\\/\\\/www.cbti-bkvt.org\\\/de\\\/evenement\\\/29e-reunion-du-reseau-franco-allemand-bruxelles\\\/#primaryimage\",\"url\":\"https:\\\/\\\/www.cbti-bkvt.org\\\/wp-content\\\/uploads\\\/francois-genon-Ovx5CyZO-mg-unsplash-min.jpg\",\"contentUrl\":\"https:\\\/\\\/www.cbti-bkvt.org\\\/wp-content\\\/uploads\\\/francois-genon-Ovx5CyZO-mg-unsplash-min.jpg\",\"width\":1000,\"height\":768},{\"@type\":\"BreadcrumbList\",\"@id\":\"https:\\\/\\\/www.cbti-bkvt.org\\\/de\\\/evenement\\\/29e-reunion-du-reseau-franco-allemand-bruxelles\\\/#breadcrumb\",\"itemListElement\":[{\"@type\":\"ListItem\",\"position\":1,\"name\":\"Home\",\"item\":\"https:\\\/\\\/www.cbti-bkvt.org\\\/de\\\/\"},{\"@type\":\"ListItem\",\"position\":2,\"name\":\"\u00c9v\u00e8nements\",\"item\":\"https:\\\/\\\/www.cbti-bkvt.org\\\/de\\\/evenement\\\/\"},{\"@type\":\"ListItem\",\"position\":3,\"name\":\"29e r\u00e9union du R\u00e9seau franco-allemand (Bruxelles)\"}]},{\"@type\":\"WebSite\",\"@id\":\"https:\\\/\\\/www.cbti-bkvt.org\\\/de\\\/#website\",\"url\":\"https:\\\/\\\/www.cbti-bkvt.org\\\/de\\\/\",\"name\":\"Chambre Belge des Traducteurs et Interpr\u00e8tes | Belgische Kamer van Vertalers en Tolken\",\"description\":\"M\u00e9tiers de la traduction \u00e9crite, l\u2019interpr\u00e9tation de conf\u00e9rence, la traduction et l\u2019interpr\u00e9tation en milieu judiciaire.\",\"potentialAction\":[{\"@type\":\"SearchAction\",\"target\":{\"@type\":\"EntryPoint\",\"urlTemplate\":\"https:\\\/\\\/www.cbti-bkvt.org\\\/de\\\/?s={search_term_string}\"},\"query-input\":{\"@type\":\"PropertyValueSpecification\",\"valueRequired\":true,\"valueName\":\"search_term_string\"}}],\"inLanguage\":\"de-DE\"}]}<\/script>\n<!-- \/ Yoast SEO plugin. -->","yoast_head_json":{"title":"Chambre Belge des Traducteurs et Interpr\u00e8tes | Belgische Kamer van Vertalers en Tolken","robots":{"index":"index","follow":"follow","max-snippet":"max-snippet:-1","max-image-preview":"max-image-preview:large","max-video-preview":"max-video-preview:-1"},"canonical":"https:\/\/www.cbti-bkvt.org\/de\/evenement\/29e-reunion-du-reseau-franco-allemand-bruxelles\/","og_locale":"de_DE","og_type":"article","og_title":"29e r\u00e9union du R\u00e9seau franco-allemand (Bruxelles) - Chambre Belge des Traducteurs et Interpr\u00e8tes | Belgische Kamer van Vertalers en Tolken","og_description":"Ch\u00e8res et chers \u00ab&nbsp;r\u00e9seauistes&nbsp;\u00bb, Au nom de la CBTI (Chambre belge des traducteurs et interpr\u00e8tes), j\u2019ai le plaisir de vous inviter \u00e0 la prochaine r\u00e9union annuelle de notre R\u00e9seau franco-allemand. Elle se tiendra \u00e0 Bruxelles, du vendredi&nbsp;27 au dimanche 29&nbsp;octobre&nbsp;2023. Vous trouverez toutes les informations utiles dans les pi\u00e8ces jointes. Bruxelles vous attend&nbsp;! Au plaisir,&hellip;&nbsp;Read More &raquo;29e r\u00e9union du R\u00e9seau franco-allemand (Bruxelles)","og_url":"https:\/\/www.cbti-bkvt.org\/de\/evenement\/29e-reunion-du-reseau-franco-allemand-bruxelles\/","og_site_name":"Chambre Belge des Traducteurs et Interpr\u00e8tes | Belgische Kamer van Vertalers en Tolken","article_modified_time":"2024-01-28T09:26:24+00:00","og_image":[{"width":1000,"height":768,"url":"https:\/\/www.cbti-bkvt.org\/wp-content\/uploads\/francois-genon-Ovx5CyZO-mg-unsplash-min.jpg","type":"image\/jpeg"}],"twitter_card":"summary_large_image","twitter_misc":{"Est. reading time":"1 minute"},"schema":{"@context":"https:\/\/schema.org","@graph":[{"@type":"WebPage","@id":"https:\/\/www.cbti-bkvt.org\/de\/evenement\/29e-reunion-du-reseau-franco-allemand-bruxelles\/","url":"https:\/\/www.cbti-bkvt.org\/de\/evenement\/29e-reunion-du-reseau-franco-allemand-bruxelles\/","name":"29e r\u00e9union du R\u00e9seau franco-allemand (Bruxelles) - Chambre Belge des Traducteurs et Interpr\u00e8tes | Belgische Kamer van Vertalers en Tolken","isPartOf":{"@id":"https:\/\/www.cbti-bkvt.org\/de\/#website"},"primaryImageOfPage":{"@id":"https:\/\/www.cbti-bkvt.org\/de\/evenement\/29e-reunion-du-reseau-franco-allemand-bruxelles\/#primaryimage"},"image":{"@id":"https:\/\/www.cbti-bkvt.org\/de\/evenement\/29e-reunion-du-reseau-franco-allemand-bruxelles\/#primaryimage"},"thumbnailUrl":"https:\/\/www.cbti-bkvt.org\/wp-content\/uploads\/francois-genon-Ovx5CyZO-mg-unsplash-min.jpg","datePublished":"2023-12-10T15:53:53+00:00","dateModified":"2024-01-28T09:26:24+00:00","breadcrumb":{"@id":"https:\/\/www.cbti-bkvt.org\/de\/evenement\/29e-reunion-du-reseau-franco-allemand-bruxelles\/#breadcrumb"},"inLanguage":"de-DE","potentialAction":[{"@type":"ReadAction","target":["https:\/\/www.cbti-bkvt.org\/de\/evenement\/29e-reunion-du-reseau-franco-allemand-bruxelles\/"]}]},{"@type":"ImageObject","inLanguage":"de-DE","@id":"https:\/\/www.cbti-bkvt.org\/de\/evenement\/29e-reunion-du-reseau-franco-allemand-bruxelles\/#primaryimage","url":"https:\/\/www.cbti-bkvt.org\/wp-content\/uploads\/francois-genon-Ovx5CyZO-mg-unsplash-min.jpg","contentUrl":"https:\/\/www.cbti-bkvt.org\/wp-content\/uploads\/francois-genon-Ovx5CyZO-mg-unsplash-min.jpg","width":1000,"height":768},{"@type":"BreadcrumbList","@id":"https:\/\/www.cbti-bkvt.org\/de\/evenement\/29e-reunion-du-reseau-franco-allemand-bruxelles\/#breadcrumb","itemListElement":[{"@type":"ListItem","position":1,"name":"Home","item":"https:\/\/www.cbti-bkvt.org\/de\/"},{"@type":"ListItem","position":2,"name":"\u00c9v\u00e8nements","item":"https:\/\/www.cbti-bkvt.org\/de\/evenement\/"},{"@type":"ListItem","position":3,"name":"29e r\u00e9union du R\u00e9seau franco-allemand (Bruxelles)"}]},{"@type":"WebSite","@id":"https:\/\/www.cbti-bkvt.org\/de\/#website","url":"https:\/\/www.cbti-bkvt.org\/de\/","name":"Chambre Belge des Traducteurs et Interpr\u00e8tes | Belgische Kamer van Vertalers en Tolken","description":"M\u00e9tiers de la traduction \u00e9crite, l\u2019interpr\u00e9tation de conf\u00e9rence, la traduction et l\u2019interpr\u00e9tation en milieu judiciaire.","potentialAction":[{"@type":"SearchAction","target":{"@type":"EntryPoint","urlTemplate":"https:\/\/www.cbti-bkvt.org\/de\/?s={search_term_string}"},"query-input":{"@type":"PropertyValueSpecification","valueRequired":true,"valueName":"search_term_string"}}],"inLanguage":"de-DE"}]}},"_links":{"self":[{"href":"https:\/\/www.cbti-bkvt.org\/de\/wp-json\/wp\/v2\/evenement\/25432","targetHints":{"allow":["GET"]}}],"collection":[{"href":"https:\/\/www.cbti-bkvt.org\/de\/wp-json\/wp\/v2\/evenement"}],"about":[{"href":"https:\/\/www.cbti-bkvt.org\/de\/wp-json\/wp\/v2\/types\/evenement"}],"wp:featuredmedia":[{"embeddable":true,"href":"https:\/\/www.cbti-bkvt.org\/de\/wp-json\/wp\/v2\/media\/24797"}],"wp:attachment":[{"href":"https:\/\/www.cbti-bkvt.org\/de\/wp-json\/wp\/v2\/media?parent=25432"}],"wp:term":[{"taxonomy":"evenement-type","embeddable":true,"href":"https:\/\/www.cbti-bkvt.org\/de\/wp-json\/wp\/v2\/evenement-type?post=25432"}],"curies":[{"name":"wp","href":"https:\/\/api.w.org\/{rel}","templated":true}]}}