{"id":33142,"date":"2025-06-04T07:36:51","date_gmt":"2025-06-04T07:36:51","guid":{"rendered":"https:\/\/www.cbti-bkvt.org\/evenement\/borrelavond-a-jodoigne-7-2\/"},"modified":"2025-06-04T07:36:51","modified_gmt":"2025-06-04T07:36:51","slug":"borrelavond-a-jodoigne-7-2","status":"publish","type":"evenement","link":"https:\/\/www.cbti-bkvt.org\/de\/evenement\/borrelavond-a-jodoigne-7-2\/","title":{"rendered":"Borrelavond \u00e0 Jodoigne"},"content":{"rendered":"\n<p>Chers coll\u00e8gues,<\/p>\n\n\n\n<p>Nous voil\u00e0 de retour \u00e0 Jodoigne pour un nouveau Borrelavond.<\/p>\n\n\n\n<p>Celui-ci aura lieu au <strong>restaurant \u00ab Aux Portes du Temps \u00bb <\/strong>(<a href=\"http:\/\/www.auxportesdutemps.be\">http:\/\/www.auxportesdutemps.be<\/a>) le <strong>vendredi 19 septembre 2025 \u00e0 19h<\/strong>. Le restaurant se situe \u00e0 l\u2019adresse suivante : <a href=\"https:\/\/www.google.com\/maps\/place\/Aux+Portes+Du+Temps\/@50.7296961,4.8756302,17z\/data=!4m14!1m7!3m6!1s0x47c17167f1fd81ff:0xa598a34b233a91f7!2sAux+Portes+Du+Temps!8m2!3d50.7296927!4d4.8782051!16s%2Fg%2F11g0dtgm0c!3m5!1s0x47c17167f1fd81ff:0xa598a34b233a91f7!8m2!3d50.7296927!4d4.8782051!16s%2Fg%2F11g0dtgm0c?authuser=0&amp;entry=ttu&amp;g_ep=EgoyMDI1MDUyOC4wIKXMDSoASAFQAw%3D%3D\" target=\"_blank\" rel=\"noreferrer noopener nofollow\">Chauss\u00e9e de Tirlemont 126, 1370 Jodoigne<\/a>.<\/p>\n\n\n\n<p>Il sera possible de choisir entre un menu viande, un menu poisson ou un menu v\u00e9g\u00e9tarien, dont le prix et les choix seront communiqu\u00e9s ult\u00e9rieurement aux participants. Il sera possible de payer individuellement (par Bancontact) et de recevoir une souche TVA.<\/p>\n\n\n\n<p>Il n\u2019y a pas de gare \u00e0 Jodoigne, mais n\u2019h\u00e9sitez pas \u00e0 covoiturer. La gare la plus proche se situe \u00e0 Tirlemont et la gare d\u2019autobus du centre de Jodoigne est \u00e0 15&nbsp;minutes \u00e0 pied du restaurant.<\/p>\n\n\n\n<p>\ud83d\udc49 Pour y participer, <strong>veuillez vous inscrire en envoyant un e-mail \u00e0 <a href=\"mailto:celine.maes@translators.be\">celine.maes@translators.be<\/a> avant le 31 ao\u00fbt 2025<\/strong>.&nbsp;En cas d\u2019absence ou de d\u00e9sinscription apr\u00e8s le 31\/08\/25, le restaurant se r\u00e9serve le droit de facturer le montant du repas.<\/p>\n\n\n\n<p>Pour rappel, les <em>borrelavonden<\/em> sont ouverts tant aux membres qu\u2019aux non-membres.<\/p>\n\n\n\n<p>Au plaisir de vous y voir&nbsp;!\u2003<\/p>\n","protected":false},"featured_media":33140,"parent":0,"template":"","meta":{"_acf_changed":true,"pmpro_default_level":"","neve_meta_sidebar":"","neve_meta_container":"","neve_meta_enable_content_width":"","neve_meta_content_width":0,"neve_meta_title_alignment":"","neve_meta_author_avatar":"","neve_post_elements_order":"","neve_meta_disable_header":"","neve_meta_disable_footer":"","neve_meta_disable_title":"","neve_meta_reading_time":"","_links_to":"","_links_to_target":""},"evenement-type":[441],"class_list":["post-33142","evenement","type-evenement","status-publish","has-post-thumbnail","hentry","evenement-type-stammtische","pmpro-has-access"],"acf":[],"yoast_head":"<!-- This site is optimized with the Yoast SEO plugin v27.4 - https:\/\/yoast.com\/product\/yoast-seo-wordpress\/ -->\n<title>Chambre Belge des Traducteurs et Interpr\u00e8tes | Belgische Kamer van Vertalers en Tolken<\/title>\n<meta name=\"robots\" content=\"index, follow, max-snippet:-1, max-image-preview:large, max-video-preview:-1\" \/>\n<link rel=\"canonical\" href=\"https:\/\/www.cbti-bkvt.org\/de\/evenement\/borrelavond-a-jodoigne-7-2\/\" \/>\n<meta property=\"og:locale\" content=\"de_DE\" \/>\n<meta property=\"og:type\" content=\"article\" \/>\n<meta property=\"og:title\" content=\"Borrelavond \u00e0 Jodoigne - Chambre Belge des Traducteurs et Interpr\u00e8tes | Belgische Kamer van Vertalers en Tolken\" \/>\n<meta property=\"og:description\" content=\"Chers coll\u00e8gues, Nous voil\u00e0 de retour \u00e0 Jodoigne pour un nouveau Borrelavond. Celui-ci aura lieu au restaurant \u00ab Aux Portes du Temps \u00bb (http:\/\/www.auxportesdutemps.be) le vendredi 19 septembre 2025 \u00e0 19h. Le restaurant se situe \u00e0 l\u2019adresse suivante : Chauss\u00e9e de Tirlemont 126, 1370 Jodoigne. Il sera possible de choisir entre un menu viande, un&hellip;&nbsp;Read More &raquo;Borrelavond \u00e0 Jodoigne\" \/>\n<meta property=\"og:url\" content=\"https:\/\/www.cbti-bkvt.org\/de\/evenement\/borrelavond-a-jodoigne-7-2\/\" \/>\n<meta property=\"og:site_name\" content=\"Chambre Belge des Traducteurs et Interpr\u00e8tes | Belgische Kamer van Vertalers en Tolken\" \/>\n<meta name=\"twitter:card\" content=\"summary_large_image\" \/>\n<meta name=\"twitter:label1\" content=\"Est. reading time\" \/>\n\t<meta name=\"twitter:data1\" content=\"1 minute\" \/>\n<script type=\"application\/ld+json\" class=\"yoast-schema-graph\">{\"@context\":\"https:\\\/\\\/schema.org\",\"@graph\":[{\"@type\":\"WebPage\",\"@id\":\"https:\\\/\\\/www.cbti-bkvt.org\\\/de\\\/evenement\\\/borrelavond-a-jodoigne-7-2\\\/\",\"url\":\"https:\\\/\\\/www.cbti-bkvt.org\\\/de\\\/evenement\\\/borrelavond-a-jodoigne-7-2\\\/\",\"name\":\"Borrelavond \u00e0 Jodoigne - Chambre Belge des Traducteurs et Interpr\u00e8tes | Belgische Kamer van Vertalers en Tolken\",\"isPartOf\":{\"@id\":\"https:\\\/\\\/www.cbti-bkvt.org\\\/de\\\/#website\"},\"primaryImageOfPage\":{\"@id\":\"https:\\\/\\\/www.cbti-bkvt.org\\\/de\\\/evenement\\\/borrelavond-a-jodoigne-7-2\\\/#primaryimage\"},\"image\":{\"@id\":\"https:\\\/\\\/www.cbti-bkvt.org\\\/de\\\/evenement\\\/borrelavond-a-jodoigne-7-2\\\/#primaryimage\"},\"thumbnailUrl\":\"https:\\\/\\\/www.cbti-bkvt.org\\\/wp-content\\\/uploads\\\/Portes-du-Temps-1.jpg\",\"datePublished\":\"2025-06-04T07:36:51+00:00\",\"breadcrumb\":{\"@id\":\"https:\\\/\\\/www.cbti-bkvt.org\\\/de\\\/evenement\\\/borrelavond-a-jodoigne-7-2\\\/#breadcrumb\"},\"inLanguage\":\"de-DE\",\"potentialAction\":[{\"@type\":\"ReadAction\",\"target\":[\"https:\\\/\\\/www.cbti-bkvt.org\\\/de\\\/evenement\\\/borrelavond-a-jodoigne-7-2\\\/\"]}]},{\"@type\":\"ImageObject\",\"inLanguage\":\"de-DE\",\"@id\":\"https:\\\/\\\/www.cbti-bkvt.org\\\/de\\\/evenement\\\/borrelavond-a-jodoigne-7-2\\\/#primaryimage\",\"url\":\"https:\\\/\\\/www.cbti-bkvt.org\\\/wp-content\\\/uploads\\\/Portes-du-Temps-1.jpg\",\"contentUrl\":\"https:\\\/\\\/www.cbti-bkvt.org\\\/wp-content\\\/uploads\\\/Portes-du-Temps-1.jpg\",\"width\":720,\"height\":960},{\"@type\":\"BreadcrumbList\",\"@id\":\"https:\\\/\\\/www.cbti-bkvt.org\\\/de\\\/evenement\\\/borrelavond-a-jodoigne-7-2\\\/#breadcrumb\",\"itemListElement\":[{\"@type\":\"ListItem\",\"position\":1,\"name\":\"Home\",\"item\":\"https:\\\/\\\/www.cbti-bkvt.org\\\/de\\\/\"},{\"@type\":\"ListItem\",\"position\":2,\"name\":\"\u00c9v\u00e8nements\",\"item\":\"https:\\\/\\\/www.cbti-bkvt.org\\\/de\\\/evenement\\\/\"},{\"@type\":\"ListItem\",\"position\":3,\"name\":\"Borrelavond \u00e0 Jodoigne\"}]},{\"@type\":\"WebSite\",\"@id\":\"https:\\\/\\\/www.cbti-bkvt.org\\\/de\\\/#website\",\"url\":\"https:\\\/\\\/www.cbti-bkvt.org\\\/de\\\/\",\"name\":\"Chambre Belge des Traducteurs et Interpr\u00e8tes | Belgische Kamer van Vertalers en Tolken\",\"description\":\"M\u00e9tiers de la traduction \u00e9crite, l\u2019interpr\u00e9tation de conf\u00e9rence, la traduction et l\u2019interpr\u00e9tation en milieu judiciaire.\",\"potentialAction\":[{\"@type\":\"SearchAction\",\"target\":{\"@type\":\"EntryPoint\",\"urlTemplate\":\"https:\\\/\\\/www.cbti-bkvt.org\\\/de\\\/?s={search_term_string}\"},\"query-input\":{\"@type\":\"PropertyValueSpecification\",\"valueRequired\":true,\"valueName\":\"search_term_string\"}}],\"inLanguage\":\"de-DE\"}]}<\/script>\n<!-- \/ Yoast SEO plugin. -->","yoast_head_json":{"title":"Chambre Belge des Traducteurs et Interpr\u00e8tes | Belgische Kamer van Vertalers en Tolken","robots":{"index":"index","follow":"follow","max-snippet":"max-snippet:-1","max-image-preview":"max-image-preview:large","max-video-preview":"max-video-preview:-1"},"canonical":"https:\/\/www.cbti-bkvt.org\/de\/evenement\/borrelavond-a-jodoigne-7-2\/","og_locale":"de_DE","og_type":"article","og_title":"Borrelavond \u00e0 Jodoigne - Chambre Belge des Traducteurs et Interpr\u00e8tes | Belgische Kamer van Vertalers en Tolken","og_description":"Chers coll\u00e8gues, Nous voil\u00e0 de retour \u00e0 Jodoigne pour un nouveau Borrelavond. Celui-ci aura lieu au restaurant \u00ab Aux Portes du Temps \u00bb (http:\/\/www.auxportesdutemps.be) le vendredi 19 septembre 2025 \u00e0 19h. Le restaurant se situe \u00e0 l\u2019adresse suivante : Chauss\u00e9e de Tirlemont 126, 1370 Jodoigne. Il sera possible de choisir entre un menu viande, un&hellip;&nbsp;Read More &raquo;Borrelavond \u00e0 Jodoigne","og_url":"https:\/\/www.cbti-bkvt.org\/de\/evenement\/borrelavond-a-jodoigne-7-2\/","og_site_name":"Chambre Belge des Traducteurs et Interpr\u00e8tes | Belgische Kamer van Vertalers en Tolken","twitter_card":"summary_large_image","twitter_misc":{"Est. reading time":"1 minute"},"schema":{"@context":"https:\/\/schema.org","@graph":[{"@type":"WebPage","@id":"https:\/\/www.cbti-bkvt.org\/de\/evenement\/borrelavond-a-jodoigne-7-2\/","url":"https:\/\/www.cbti-bkvt.org\/de\/evenement\/borrelavond-a-jodoigne-7-2\/","name":"Borrelavond \u00e0 Jodoigne - Chambre Belge des Traducteurs et Interpr\u00e8tes | Belgische Kamer van Vertalers en Tolken","isPartOf":{"@id":"https:\/\/www.cbti-bkvt.org\/de\/#website"},"primaryImageOfPage":{"@id":"https:\/\/www.cbti-bkvt.org\/de\/evenement\/borrelavond-a-jodoigne-7-2\/#primaryimage"},"image":{"@id":"https:\/\/www.cbti-bkvt.org\/de\/evenement\/borrelavond-a-jodoigne-7-2\/#primaryimage"},"thumbnailUrl":"https:\/\/www.cbti-bkvt.org\/wp-content\/uploads\/Portes-du-Temps-1.jpg","datePublished":"2025-06-04T07:36:51+00:00","breadcrumb":{"@id":"https:\/\/www.cbti-bkvt.org\/de\/evenement\/borrelavond-a-jodoigne-7-2\/#breadcrumb"},"inLanguage":"de-DE","potentialAction":[{"@type":"ReadAction","target":["https:\/\/www.cbti-bkvt.org\/de\/evenement\/borrelavond-a-jodoigne-7-2\/"]}]},{"@type":"ImageObject","inLanguage":"de-DE","@id":"https:\/\/www.cbti-bkvt.org\/de\/evenement\/borrelavond-a-jodoigne-7-2\/#primaryimage","url":"https:\/\/www.cbti-bkvt.org\/wp-content\/uploads\/Portes-du-Temps-1.jpg","contentUrl":"https:\/\/www.cbti-bkvt.org\/wp-content\/uploads\/Portes-du-Temps-1.jpg","width":720,"height":960},{"@type":"BreadcrumbList","@id":"https:\/\/www.cbti-bkvt.org\/de\/evenement\/borrelavond-a-jodoigne-7-2\/#breadcrumb","itemListElement":[{"@type":"ListItem","position":1,"name":"Home","item":"https:\/\/www.cbti-bkvt.org\/de\/"},{"@type":"ListItem","position":2,"name":"\u00c9v\u00e8nements","item":"https:\/\/www.cbti-bkvt.org\/de\/evenement\/"},{"@type":"ListItem","position":3,"name":"Borrelavond \u00e0 Jodoigne"}]},{"@type":"WebSite","@id":"https:\/\/www.cbti-bkvt.org\/de\/#website","url":"https:\/\/www.cbti-bkvt.org\/de\/","name":"Chambre Belge des Traducteurs et Interpr\u00e8tes | Belgische Kamer van Vertalers en Tolken","description":"M\u00e9tiers de la traduction \u00e9crite, l\u2019interpr\u00e9tation de conf\u00e9rence, la traduction et l\u2019interpr\u00e9tation en milieu judiciaire.","potentialAction":[{"@type":"SearchAction","target":{"@type":"EntryPoint","urlTemplate":"https:\/\/www.cbti-bkvt.org\/de\/?s={search_term_string}"},"query-input":{"@type":"PropertyValueSpecification","valueRequired":true,"valueName":"search_term_string"}}],"inLanguage":"de-DE"}]}},"_links":{"self":[{"href":"https:\/\/www.cbti-bkvt.org\/de\/wp-json\/wp\/v2\/evenement\/33142","targetHints":{"allow":["GET"]}}],"collection":[{"href":"https:\/\/www.cbti-bkvt.org\/de\/wp-json\/wp\/v2\/evenement"}],"about":[{"href":"https:\/\/www.cbti-bkvt.org\/de\/wp-json\/wp\/v2\/types\/evenement"}],"wp:featuredmedia":[{"embeddable":true,"href":"https:\/\/www.cbti-bkvt.org\/de\/wp-json\/wp\/v2\/media\/33140"}],"wp:attachment":[{"href":"https:\/\/www.cbti-bkvt.org\/de\/wp-json\/wp\/v2\/media?parent=33142"}],"wp:term":[{"taxonomy":"evenement-type","embeddable":true,"href":"https:\/\/www.cbti-bkvt.org\/de\/wp-json\/wp\/v2\/evenement-type?post=33142"}],"curies":[{"name":"wp","href":"https:\/\/api.w.org\/{rel}","templated":true}]}}