{"id":23719,"date":"2022-03-23T09:19:13","date_gmt":"2022-03-23T08:19:13","guid":{"rendered":"https:\/\/www.cbti-bkvt.org\/adherer-a-la-cbti-2\/"},"modified":"2026-04-07T14:43:16","modified_gmt":"2026-04-07T12:43:16","slug":"mitglied-werden","status":"publish","type":"page","link":"https:\/\/www.cbti-bkvt.org\/de\/mitglied-werden\/","title":{"rendered":"Mitglied werden"},"content":{"rendered":"\n<h2 class=\"wp-block-heading\"><span class=\"ez-toc-section\" id=\"Die_CBTIBKVT\"><\/span><strong>Die CBTI\/BKVT<\/strong><span class=\"ez-toc-section-end\"><\/span><\/h2>\n\n\n\n<p>Die CBTI\/BKVT hat es sich zum Ziel gesetzt, sich f\u00fcr alle Berufe im Bereich \u00dcbersetzen und Dolmetschen einzusetzen. Somit vertritt der Berufsverband die Interessen aller Sprachdienstleister*innen in Belgien, seien sie Mitglied oder nicht. Die Lobbyarbeit hat dann zwar positive Auswirkungen f\u00fcr alle, aber nur Mitglieder k\u00f6nnen direkt zur Arbeit des Verbandes beitragen, seine Politik mitgestalten und von den zahlreichen konkreten Vorteilen profitieren, die ihnen vorbehalten sind.<\/p>\n\n\n\n<p><br>Um alle Dienstleister*innen aufnehmen zu k\u00f6nnen \u2013 ob sie nun einen Studienabschluss haben oder nicht, ob sie haupt- oder nebenberuflich arbeiten und ungeachtet des Fachbereichs, f\u00fcr den sie sich entschieden haben \u2013, hat die CBTI\/BKVT zwei Kategorien von Mitgliedern: die ordentlichen Mitglieder und die au\u00dferordentlichen Mitglieder, die Rechte und Pflichten haben, viele Vorteile genie\u00dfen und erm\u00e4\u00dfigte Beitr\u00e4ge zahlen. M\u00f6chten Sie Informationen \u00fcber die Aktionen der CBTI\/BKVT zugunsten unserer Berufe und ihrer Mitglieder erhalten? <\/p>\n\n\n\n<p>Abonnieren Sie kostenlos unseren Newsletter.<\/p>\n\n\n\n<h2 class=\"wp-block-heading\"><span class=\"ez-toc-section\" id=\"Warum_Mitglied_werden\"><\/span><strong>Warum Mitglied werden<\/strong>&nbsp;<span class=\"ez-toc-section-end\"><\/span><\/h2>\n\n\n\n<p>Ein Berufsverband steht und f\u00e4llt mit seinen Mitgliedern. Je mehr Mitglieder, desto mehr Input, neue Ideen, interessante Beitr\u00e4ge, Kollegialit\u00e4t, von der alle profitieren.&nbsp;<\/p>\n\n\n\n<ul class=\"wp-block-list\">\n<li>Je mehr Mitglieder, desto st\u00e4rker der Verband als Berufsvertretung, desto effizienter k\u00f6nnen wir Ihre Interessen verteidigen.<\/li>\n\n\n\n<li>Je mehr Mitglieder, desto gr\u00f6\u00dfer unsere Verhandlungsmacht mit den Interessengruppen auf dem Markt.<\/li>\n\n\n\n<li>Je mehr Mitglieder, desto mehr treibende Kr\u00e4fte, um unsere Anliegen zu thematisieren und voranzubringen.<\/li>\n\n\n\n<li>Je mehr Mitglieder, desto bessere Nutzung der Synergien.<\/li>\n\n\n\n<li>Je mehr Mitglieder, desto mehr Austausch, desto fruchtbarer der Boden f\u00fcr neue Ideen.<\/li>\n\n\n\n<li>Je mehr Mitglieder, desto mehr Mittel zur Finanzierung von Lobbyprojekten, zur kontinuierlichen Verbesserung der Qualit\u00e4t, zur Organisation von Schulungen etc.<\/li>\n<\/ul>\n\n\n\n<p>Kurzum: Einigkeit macht stark. Die Corona-Krise von 2020-2021 hat bewiesen, dass dieser Slogan alles andere als eine leere Floskel ist.<\/p>\n\n\n\n<p>Aber neben diesen gemeinsamen Auswirkungen gibt es auch sehr konkrete Vorteile, die je nach Art der Mitgliedschaft unterschiedlich sind.<\/p>\n\n\n\n<h2 class=\"wp-block-heading\"><span class=\"ez-toc-section\" id=\"Die_Rechte_der_Mitglieder\"><\/span><strong>Die Rechte der Mitglieder<\/strong><span class=\"ez-toc-section-end\"><\/span><\/h2>\n\n\n\n<figure class=\"wp-block-table\"><table class=\"has-fixed-layout\"><tbody><tr><td><strong>Vorteile<\/strong><\/td><td class=\"has-text-align-center\" data-align=\"center\"><strong>Ordentliche Mitglieder<\/strong><\/td><td class=\"has-text-align-center\" data-align=\"center\"><strong>Au\u00dferordentliche Mitglieder<\/strong><\/td><\/tr><tr><td>Erm\u00e4\u00dfigte Geb\u00fchr f\u00fcr Weiterbildungsveranstaltungen<\/td><td class=\"has-text-align-center\" data-align=\"center\">\u2022<\/td><td class=\"has-text-align-center\" data-align=\"center\">\u2022<\/td><\/tr><tr><td>Freizeitaktivit\u00e4ten (Stammtisch (\u201eborrelavond\u201c) usw.)<\/td><td class=\"has-text-align-center\" data-align=\"center\">\u2022<\/td><td class=\"has-text-align-center\" data-align=\"center\">\u2022<\/td><\/tr><tr><td>Zugang zu Rechtshilfe im Form einer Erstberatung<\/td><td class=\"has-text-align-center\" data-align=\"center\">\u2022<\/td><td class=\"has-text-align-center\" data-align=\"center\">\u2022<\/td><\/tr><tr><td>Kontakte zu ausl\u00e4ndischen Kollegen<\/td><td class=\"has-text-align-center\" data-align=\"center\">\u2022<\/td><td class=\"has-text-align-center\" data-align=\"center\">\u2022<\/td><\/tr><tr><td>Zugang zur hauseigenen Zeitschrift De Taalkundige\/Le Linguiste<\/td><td class=\"has-text-align-center\" data-align=\"center\">\u2022<\/td><td class=\"has-text-align-center\" data-align=\"center\">\u2022<\/td><\/tr><tr><td>Zugang zum Vademecum f\u00fcr \u00f6ffentliche Auftr\u00e4ge (nicht in Deutsch erh\u00e4ltlich)<\/td><td class=\"has-text-align-center\" data-align=\"center\">\u2022<\/td><td class=\"has-text-align-center\" data-align=\"center\">\u2022<\/td><\/tr><tr><td>Zugang zur gesamten Website<\/td><td class=\"has-text-align-center\" data-align=\"center\">\u2022<\/td><td class=\"has-text-align-center\" data-align=\"center\">\u2022<\/td><\/tr><tr><td>Zugang zur hauseigenen Kommunikationsplattform<\/td><td class=\"has-text-align-center\" data-align=\"center\">\u2022<\/td><td class=\"has-text-align-center\" data-align=\"center\">au\u00dfer <em>Job offers<\/em><\/td><\/tr><tr><td>F\u00fchrung in der Mitgliederliste<\/td><td class=\"has-text-align-center\" data-align=\"center\">\u2022<\/td><td class=\"has-text-align-center\" data-align=\"center\">&nbsp;<\/td><\/tr><tr><td>Exklusiver Zugang zu Stellenangeboten (<em>job offers<\/em>)<\/td><td class=\"has-text-align-center\" data-align=\"center\">\u2022<\/td><td class=\"has-text-align-center\" data-align=\"center\">&nbsp;<\/td><\/tr><tr><td>Recht auf Abschluss einer Berufshaftpflichtversicherung zum Vorzugstarif<\/td><td class=\"has-text-align-center\" data-align=\"center\">\u2022<\/td><td class=\"has-text-align-center\" data-align=\"center\">&nbsp;<\/td><\/tr><tr><td>Recht auf Abschluss einer Rechtsschutzversicherung zum Vorzugstarif<\/td><td class=\"has-text-align-center\" data-align=\"center\">\u2022<\/td><td class=\"has-text-align-center\" data-align=\"center\">&nbsp;<\/td><\/tr><tr><td>Stimmrecht auf der Generalversammlung<\/td><td class=\"has-text-align-center\" data-align=\"center\">\u2022<\/td><td class=\"has-text-align-center\" data-align=\"center\">&nbsp;<\/td><\/tr><tr><td>Recht auf Kandidatur f\u00fcr das Verwaltungsorgan<\/td><td class=\"has-text-align-center\" data-align=\"center\">\u2022<\/td><td class=\"has-text-align-center\" data-align=\"center\">&nbsp;<\/td><\/tr><\/tbody><\/table><\/figure>\n\n\n\n\n\n\n<h2 class=\"wp-block-heading\"><span class=\"ez-toc-section\" id=\"Diese_Vorteile_bietet_die_CBTIBKVT_ihren_Mitgliedern\"><\/span><strong>Diese Vorteile bietet die CBTI\/BKVT ihren Mitgliedern<\/strong><span class=\"ez-toc-section-end\"><\/span><\/h2>\n\n\n\n<h3 class=\"wp-block-heading\">Berufliche Fortbildung:<\/h3>\n\n\n\n<p>Die CBTI\/BKVT bietet Fortbildungsveranstaltungen an, zum Beispiel<\/p>\n\n\n\n<ul class=\"wp-block-list\">\n<li>Spezialisierungen und Netzwerken<\/li>\n\n\n\n<li>St\u00e4rkung meiner Verhandlungsposition<\/li>\n\n\n\n<li>Kundenakquise und -bindung<\/li>\n\n\n\n<li>Englisch als Relaissprache beim Konferenzdolmetschen<\/li>\n\n\n\n<li>usw.<\/li>\n<\/ul>\n\n\n\n<p><br>Die erm\u00e4\u00dfigte Teilnahmegeb\u00fchr f\u00fcr Mitglieder gilt auch f\u00fcr alle Fortbildungen (Pr\u00e4senz- oder Onlineveranstaltungen) der \u00fcber 70 Mitgliedsverb\u00e4nde der FIT.<\/p>\n\n\n\n<h3 class=\"wp-block-heading\">Versicherungsschutz im Beruf:<\/h3>\n\n\n\n<p>Sie z\u00f6gern noch, Mitglied zu werden?<\/p>\n\n\n\n<p>Dann ist es f\u00fcr Sie sicher interessant zu wissen, dass wir f\u00fcr die ordentlichen Mitglieder der CBTI\/BKVT zwei ma\u00dfgeschneiderte Gruppenversicherungs\u00advertr\u00e4ge f\u00fcr die Berufshaftpflicht ausgehandelt haben \u2013 und das zu einem unschlagbaren Preis-Leistungs-Verh\u00e4ltnis.<\/p>\n\n\n\n<p>Der Vertrag Berufs- und Betriebshaftpflicht (Axa Belgium) bietet Ihnen Deckung, wenn Sie in Aus\u00fcbung Ihres Berufs f\u00fcr Ihre T\u00e4tigkeit in den Beneluxl\u00e4ndern und auch in Frankreich haftbar gemacht werden. Damit ist ebenfalls die Haftpflicht Ihrer Unterauftragnehmer gedeckt. Allein mit der Differenz zwischen der Pr\u00e4mie dieser Police und einer gleichwertigen individuellen Police k\u00f6nnen Sie Ihren Jahresbeitrag bestreiten.<\/p>\n\n\n\n<p>Der Rechtshilfevertrag wurde bei der DAS abgeschlossen, die f\u00fcr die Qualit\u00e4t ihrer Deckungen zu einem korrekten Preis bekannt ist. Diese Police deckt alle Rechtsstreitigkeiten, einschlie\u00dflich Steuerrecht, Streitf\u00e4llen mit Kunden oder Personen, die f\u00fcr Sie arbeiten (als Unterauftragnehmer oder als Personalmitglied), Beitreibung von Forderungen usw.<\/p>\n\n\n\n<p>N\u00e4here Informationen und die Vertragsbedingungen finden Sie hier: &lt;Link zur Bibliothek, Versicherungsvertr\u00e4ge&gt;.<\/p>\n\n\n\n<h3 class=\"wp-block-heading\">Vorzugstarife: <\/h3>\n\n\n\n<p>Die CBTI\/BKVT arbeitet mit einer Reihe von Partnern zusammen, die Dienstleistungen oder Produkte anbieten, die f\u00fcr unsere Mitglieder interessant sein k\u00f6nnen. Diese Partner bieten Ihnen einen betr\u00e4chtlichen Nachlass.<\/p>\n\n\n\n<h3 class=\"wp-block-heading\">Kommunikationsplattform:<\/h3>\n\n\n\n<p>Die Mitglieder haben Zugang zu einer sehr aktiven elektronischen Kommunikationsplattform, die mehrere Gruppen umfasst:<\/p>\n\n\n\n<ul class=\"wp-block-list\">\n<li>Official Announcements: direkte Kommunikation mit dem Verwaltungsorgan<\/li>\n\n\n\n<li>General &amp; Fun: alles, was das Herz von Linguisten h\u00f6her schlagen l\u00e4sst, ab und zu gespickt mit einer Dosis Humor<\/li>\n\n\n\n<li>Language Forum: Besprechen Sie terminologische Probleme mit dem gesamten Team&nbsp;<\/li>\n\n\n\n<li>Job Offers: Stellenangebote und potenzielle Auftr\u00e4ge von Kolleg*innen<\/li>\n\n\n\n<li>Training &amp; Learning: interne und externe Fortbildungsangebote<\/li>\n\n\n\n<li>Berufsgruppen: \u00dcbersetzerkommission, Dolmetscherforum, VD\u00dc-Ausschuss<\/li>\n\n\n\n<li>Weitere Gruppen sind dem Verwaltungsorgan, Fachaussch\u00fcssen oder vor\u00fcbergehenden Arbeitsgruppen (geschlechtergerechtes Schreiben, IT-Tipps, Corona, Hl. Hieronymus usw.) gewidmet.<\/li>\n<\/ul>\n\n\n\n<h3 class=\"wp-block-heading\">Kommissionen:<\/h3>\n\n\n\n<p>Nehmen Sie Stellung zu den verschiedenen thematischen Dossiers oder nehmen Sie in durch die Sektorenkommissionen organisierten Online- oder Pr\u00e4senz\u00adsitzungen an Fortbildungsveranstaltungen teil.&nbsp;<\/p>\n\n\n\n<ul class=\"wp-block-list\">\n<li>Sie sind \u00dcbersetzer*in? Nehmen Sie an der \u00dcbersetzerkommission teil.<\/li>\n\n\n\n<li>Sie sind Konferenzdolmetscher*in? Das Dolmetscherforum erwartet Sie.<\/li>\n\n\n\n<li>Sie sind vereidigte*r \u00dcbersetzer*in oder Dolmetscher*in? In der Kommission f\u00fcr vereidigtes Dolmetschen und \u00dcbersetzen (VD\u00dc) werden die Verhandlungen mit dem Justizministerium vorbereitet.<\/li>\n\n\n\n<li>Geschlechtergerechtes Schreiben ist f\u00fcr Sie eine Selbstverst\u00e4ndlichkeit? Die Kommission Geschlechtergerechtes Schreiben freut sich auf Ihren Input.<\/li>\n<\/ul>\n\n\n\n<h3 class=\"wp-block-heading\">Veranstaltungen:<\/h3>\n\n\n\n<p>Wir haben nur selten die Gelegenheit, uns au\u00dferhalb der Arbeit gem\u00fctlich zusammenzusetzen. Daher m\u00f6chten wir unseren Mitgliedern Netzwerk\u00adveranstaltungen anbieten:&nbsp;<\/p>\n\n\n\n<ul class=\"wp-block-list\">\n<li>Am Neujahrsempfang wird bei einem festlichen Glas gem\u00fctlich geplaudert.<\/li>\n\n\n\n<li>Beim Essen nach der Generalversammlung, auf der konstruktiv \u00fcber die Zukunft des Verbandes diskutiert wurde, gibt es Zeit f\u00fcr entspannte Gespr\u00e4che.<\/li>\n\n\n\n<li>Am Hieronymustag treffen wir uns zu einer interessanten Aktivit\u00e4t mit Teambuilding, die wir mit einem gemeinsamen Essen abschlie\u00dfen.<\/li>\n\n\n\n<li>Beim Freiwilligen-Picknick im Sommer kommen alle treibenden Kr\u00e4fte des Verbandes zusammen.<\/li>\n\n\n\n<li>Bei den <em>borrelavonden<\/em> (Stammtischen) treffen sich Mitglieder und Nicht-Mitglieder abends in wechselnden Gastst\u00e4tten in den verschiedenen Provinzen des K\u00f6nigreichs.&nbsp;<\/li>\n<\/ul>\n\n\n\n<p>Sie sehen schon: Gemeinsamkeit ist ein wesentliches Element f\u00fcr unseren Verband.<\/p>\n\n\n\n<h3 class=\"wp-block-heading\">Schlichtungsausschuss:<\/h3>\n\n\n\n<p>Ordentliche Mitglieder k\u00f6nnen die Anrufung des Schlichtungsausschusses der CBTI\/BKVT in ihre Allgemeinen Gesch\u00e4ftsbedingungen aufnehmen. Bei einem Streitfall mit einem Kunden nimmt der Ausschuss eine objektive Beurteilung des Einwands vor, gibt eine Stellungnahme ab und erm\u00f6glicht schneller und mit normalerweise geringeren Kosten als f\u00fcr ein Gerichtsverfahren eine L\u00f6sung im Interesse aller Beteiligten. Sofern das Verfahren korrekt abgewickelt wurde, best\u00e4tigen die Gerichte die Stellungnahme des Schlichtungsausschusses.<\/p>\n\n\n\n<h3 class=\"wp-block-heading\">Disziplinarrat:<\/h3>\n\n\n\n<p>Wie jeder seri\u00f6se Berufsverband haben auch wir einen Disziplinarrat eingerichtet, um Konflikte zwischen Mitgliedern und Verst\u00f6\u00dfe gegen den Berufskodex, der von allen Mitglieder durch ihren Beitritt unterzeichnet wird, zu beurteilen. Seine T\u00e4tigkeit tr\u00e4gt direkt zur professionellen Au\u00dfenwirkung und zum guten Ruf aller Mitglieder bei. Er setzt sich aus drei ordentlichen Mitgliedern zusammen, die die Generalversammlung in diese Funktion bestellt, wodurch seine Neutralit\u00e4t gew\u00e4hrleistet ist.<\/p>\n\n\n\n<h3 class=\"wp-block-heading\">Dokumentvorlagen:<\/h3>\n\n\n\n<p>Die CBTI\/BKVT und ihre Sektorenkommissionen haben Dokumentvorlagen und Brosch\u00fcren erstellt. Einige sind Mitgliedern vorbehalten, wie Allgemeine Gesch\u00e4ftsbedingungen, alle DSGVO-Dokumente, die Charta bew\u00e4hrter Verfahren oder Rechtsausk\u00fcnfte. Diese Dokumente wurden durch unsere Rechtsabteilung \u00fcberpr\u00fcft und bieten Ihnen wirksamen Schutz. Andere, wie das <em>Vademecum \u00f6ffentlicher Auftr\u00e4ge<\/em> oder <em>\u00dcbersetzung, (k)eine Gl\u00fcckssache,<\/em> richten sich an Ihre Kunden und k\u00f6nnen Ihnen das Leben erleichtern.&nbsp;<em>Traduire, les bons r\u00e9flexes<\/em>, sont destin\u00e9s \u00e0 votre client\u00e8le et peuvent vous faciliter la vie.&nbsp;<\/p>\n\n\n\n<h3 class=\"wp-block-heading\">Rechtshilfe in Form einer Erstberatung:<\/h3>\n\n\n\n<p>Mitglieder k\u00f6nnen kostenlose Rechtshilfe in Form einer Erstberatung in Anspruch nehmen. Wenn Sie beruflich eine rechtliche Frage haben, auf die Sie in der Rubrik \u201eRechtsausk\u00fcnfte\u201c im Mitgliederbereich unserer Website keine Antwort finden, k\u00f6nnen Sie sich an unsere Rechtsberaterin wenden, die Ihnen innerhalb von f\u00fcnf Werktagen zumindest einen L\u00f6sungsansatz f\u00fcr Ihr Problem empfehlen wird.<\/p>\n\n\n\n<h2 class=\"wp-block-heading\"><span class=\"ez-toc-section\" id=\"Ausserordentliche_Mitglieder\"><\/span><strong>Au\u00dferordentliche Mitglieder<\/strong><span class=\"ez-toc-section-end\"><\/span><\/h2>\n\n\n\n<p>Um Mitglied zu werden, gen\u00fcgt es, den Beruf ausge\u00fcbt zu haben, auszu\u00fcben oder die Absicht dazu zu haben. au\u00dferordentliche Mitglieder bezahlen nur den halben Mitgliedsbeitrag und m\u00fcssen f\u00fcr diese Mitgliedschaft keine Nachweise vorlegen.&nbsp;<\/p>\n\n\n\n<h3 class=\"wp-block-heading\">Wer sind die au\u00dferordentlichen Mitglieder?<\/h3>\n\n\n\n<p>H\u00e4ufig handelt es sich um Dienstleister*innen, die noch nicht \u00fcber alle gew\u00fcnschten Qualifikationen verf\u00fcgen oder ganz einfach Kontakt mit den Berufsfeld in Belgien pflegen m\u00f6chten. Auch wenn Sie die Vorteile der ordentlichen Mitglieder nicht brauchen, ist diese Form der Mitgliedschaft interessant.&nbsp;<\/p>\n\n\n\n<p>Unter den au\u00dferordentlichen Mitgliedern finden wir<\/p>\n\n\n\n<ul class=\"wp-block-list\">\n<li>Praktikant*innen: Sie werden in absehbarer Zeit die erforderlichen Qualifikationen erwerben, um ordentliches Mitglied werden zu k\u00f6nnen.<\/li>\n\n\n\n<li>Beamte und Angestellte: Das Netzwerk und die Ressourcen des Verbandes sind gemeinhin auch f\u00fcr Kolleg*innen im Angestelltenverh\u00e4ltnis n\u00fctzlich.<\/li>\n\n\n\n<li>Rentner*innen: Nach einer langen Karriere als \u00dcbersetzer*in oder Dolmetscher*in ist es sch\u00f6n, Kontakte und Freundschaften im Netzwerk weiterhin zu pflegen.<\/li>\n\n\n\n<li>Studierende der Fachrichtungen \u00dcbersetzen oder Dolmetschen: Als Starthilfe f\u00fcr unsere Kolleg*innen von morgen k\u00f6nnen mehr oder weniger junge Masterstudierende oder Doktorand*innen im \u00dcbersetzen oder Dolmetschen kostenlos (bis zum Monat M\u00e4rz des Jahres nach ihrem Studienabschluss) au\u00dferordentliche Mitglieder werden.<\/li>\n<\/ul>\n\n\n\n<h3 class=\"wp-block-heading\">Au\u00dferordentliches Mitglied werden<\/h3>\n\n\n\n<p>Um au\u00dferordentliches Mitglied zu werden, m\u00fcssen Sie<\/p>\n\n\n\n<ol start=\"1\" class=\"wp-block-list\">\n<li>den <a href=\"https:\/\/www.cbti-bkvt.org\/sdm_downloads\/nl-deontologische-code-van-de-bkvt\/\">Berufskodex<\/a> gelesen haben und sich daran halten.<\/li>\n\n\n\n<li>die Bearbeitungskosten in H\u00f6he von 30&nbsp;\u20ac bezahlt haben (werden im Falle der Aufnahme vom Mitgliedsbeitrag abgezogen).<\/li>\n\n\n\n<li>eine Kopie Ihrer Eintragung ins Nationale Register der vereidigten \u00dcbersetzer und Dolmetscher oder eine Kopie Ihrer Vereidigung bei einem ausl\u00e4ndischen Gericht vorlegen, wenn Sie als vereidigte*r \u00dcbersetzer*in oder Dolmetscher*in t\u00e4tig sind.<\/li>\n\n\n\n<li>ein Foto oder einen PDF-Scan Ihres Personalausweises oder Reisepasses \u00fcbermitteln.<\/li>\n\n\n\n<li>ein Passfoto im Personalausweisformat als PDF oder JPG mit mindestens 300&nbsp;DPI \u00fcbermitteln.<\/li>\n\n\n\n<li>das Beitrittsformular ausf\u00fcllen.<\/li>\n<\/ol>\n\n\n\n<h2 class=\"wp-block-heading\"><span class=\"ez-toc-section\" id=\"Ordentliche_Mitglieder\"><\/span><strong>Ordentliche Mitglieder<\/strong><span class=\"ez-toc-section-end\"><\/span><\/h2>\n\n\n\n<p>Ordentliche Mitglieder, die im Verband umfassende Rechte haben, leisten einen vollst\u00e4ndigen Mitgliedsbeitrag und m\u00fcssen nachweisliche Berufsqualifikationen haben.&nbsp;<\/p>\n\n\n\n<p>Das sind vorwiegend Kolleg*innen mit einem Studienabschluss im \u00dcbersetzen oder Dolmetschen oder mit nachweislicher Berufserfahrung, die ihre T\u00e4tigkeit haupt- oder nebenberuflich als Selbstst\u00e4ndige oder als Angestellte in einem Unternehmen oder bei einer Verwaltung oder als Beamte aus\u00fcben.&nbsp;<\/p>\n\n\n\n<h3 class=\"wp-block-heading\">Ordentliches Mitglied werden<\/h3>\n\n\n\n<p>Pour devenir membre effectif, il vous faut<\/p>\n\n\n\n<ol start=\"1\" class=\"wp-block-list\">\n<li>den <a href=\"https:\/\/www.cbti-bkvt.org\/sdm_downloads\/nl-deontologische-code-van-de-bkvt\/\">Berufskodex<\/a> gelesen haben und sich daran halten.<\/li>\n\n\n\n<li>die Bearbeitungskosten in H\u00f6he von 30&nbsp;\u20ac bezahlt haben (werden im Falle der Aufnahme vom Mitgliedsbeitrag abgezogen).<\/li>\n\n\n\n<li>ein Foto oder einen PDF-Scan Ihres Personalausweises \u00fcbermitteln.<\/li>\n\n\n\n<li>ein Passfoto im Personalausweisformat als PDF oder JPG mit mindestens 300&nbsp;DPI \u00fcbermitteln.<\/li>\n\n\n\n<li>eine Kopie Ihres Master-Diploms entweder im \u00dcbersetzen oder Dolmetschen vorlegen;\n<ul class=\"wp-block-list\">\n<li>Hinweis 1: Wenn die Sprachen des Studiums im Diplom nicht angef\u00fchrt sind, ist der Lehrplan beizulegen.<\/li>\n\n\n\n<li>Hinweis 2: Wenn Sie andere Arbeitssprachen als die Sprachen des Studiums registrieren lassen wollen, m\u00fcssen Sie Praxisnachweise vorlegen (siehe Punkt 6).<\/li>\n\n\n\n<li>Hinweis 3: Wenn Ihre Unterlagen nicht auf Deutsch, Franz\u00f6sisch, Niederl\u00e4ndisch oder Englisch abgefasst sind, ist eine durch eine*n Dritte*n erstellte vereidigte \u00dcbersetzung beizulegen.<\/li>\n\n\n\n<li>Hinweis 4: Wenn Ihr Diplom aus einem Land au\u00dferhalb der Europ\u00e4ischen Union stammt, ist eine durch die belgischen Beh\u00f6rden ausgestellte \u00c4quivalenzbescheinigung vorzulegen.<\/li>\n<\/ul>\n<\/li>\n\n\n\n<li>oder den Nachweis von 3 aufeinanderfolgenden Jahren regelm\u00e4\u00dfiger Praxis vorlegen, und zwar\n<ul class=\"wp-block-list\">\n<li>pro Jahr \u00fcber 100.000 W\u00f6rter \u00fcbersetzt, davon 30.000 je Arbeitssprache, oder<\/li>\n\n\n\n<li>pro Jahr \u00fcber 50 Arbeitstage, davon mindestens 15 in jeder Arbeitssprache,<\/li>\n<\/ul>\n<\/li>\n\n\n\n<li>das Beitrittsformular ausf\u00fcllen.<\/li>\n<\/ol>\n\n\n\n<h3 class=\"wp-block-heading\">Akzeptierte Nachweise:<\/h3>\n\n\n\n<ul class=\"wp-block-list\">\n<li>Rechnungen oder Bestellscheine, auf denen Mengen und Arbeitssprachen angef\u00fchrt sind<\/li>\n\n\n\n<li><a href=\"https:\/\/www.cbti-bkvt.org\/sdm_downloads\/de-vorlage-ehrenwortliche-erklarung-zur-beruflichen-tatigkeit\/\">Pers\u00f6nliche ehrenw\u00f6rtliche Erkl\u00e4rung<\/a>, best\u00e4tigt durch zwei ordentliche Mitglieder<\/li>\n\n\n\n<li><a href=\"https:\/\/www.cbti-bkvt.org\/sdm_downloads\/de-vorlage-ehrenwortliche-erklarung-des-buchhalters\/\">Ehrenw\u00f6rtliche Erkl\u00e4rung Ihres eingetragenen Buchhalters<\/a><\/li>\n\n\n\n<li>Akkreditierung bei einer internationalen Institution (mit den jeweiligen Arbeitssprachen) wie EU, UNO, NATO, IStGH usw.<\/li>\n\n\n\n<li>Alle sonstigen Nachweise, die durch die Aufnahmekommission gepr\u00fcft werden.<\/li>\n<\/ul>\n","protected":false},"excerpt":{"rendered":"<p>Die CBTI\/BKVT Die CBTI\/BKVT hat es sich zum Ziel gesetzt, sich f\u00fcr alle Berufe im Bereich \u00dcbersetzen und Dolmetschen einzusetzen. Somit vertritt der Berufsverband die Interessen aller Sprachdienstleister*innen in Belgien, seien sie Mitglied oder nicht. Die Lobbyarbeit hat dann zwar positive Auswirkungen f\u00fcr alle, aber nur Mitglieder k\u00f6nnen direkt zur Arbeit des Verbandes beitragen, seine&hellip;&nbsp;<a href=\"https:\/\/www.cbti-bkvt.org\/de\/mitglied-werden\/\" rel=\"bookmark\">Read More &raquo;<span class=\"screen-reader-text\">Mitglied werden<\/span><\/a><\/p>\n","protected":false},"author":1,"featured_media":0,"parent":0,"menu_order":10,"comment_status":"closed","ping_status":"closed","template":"","meta":{"_acf_changed":false,"pmpro_default_level":"0","neve_meta_sidebar":"","neve_meta_container":"","neve_meta_enable_content_width":"","neve_meta_content_width":0,"neve_meta_title_alignment":"","neve_meta_author_avatar":"","neve_post_elements_order":"","neve_meta_disable_header":"","neve_meta_disable_footer":"","neve_meta_disable_title":"","neve_meta_reading_time":"","footnotes":"","_links_to":"","_links_to_target":""},"class_list":["post-23719","page","type-page","status-publish","hentry","pmpro-has-access"],"acf":[],"yoast_head":"<!-- This site is optimized with the Yoast SEO plugin v27.4 - https:\/\/yoast.com\/product\/yoast-seo-wordpress\/ -->\n<title>Chambre Belge des Traducteurs et Interpr\u00e8tes | Belgische Kamer van Vertalers en Tolken<\/title>\n<meta name=\"description\" content=\"M\u00f6chten Sie Mitglied der BKVT-CBTI werden? Entdecken Sie die Vorteile f\u00fcr jede Art von Mitglied und reichen Sie Ihre Bewerbung ein.\" \/>\n<meta name=\"robots\" content=\"index, follow, max-snippet:-1, max-image-preview:large, max-video-preview:-1\" \/>\n<link rel=\"canonical\" href=\"https:\/\/www.cbti-bkvt.org\/de\/mitglied-werden\/\" \/>\n<meta property=\"og:locale\" content=\"de_DE\" \/>\n<meta property=\"og:type\" content=\"article\" \/>\n<meta property=\"og:title\" content=\"Mitglied werden - Chambre Belge des Traducteurs et Interpr\u00e8tes | Belgische Kamer van Vertalers en Tolken\" \/>\n<meta property=\"og:description\" content=\"M\u00f6chten Sie Mitglied der BKVT-CBTI werden? Entdecken Sie die Vorteile f\u00fcr jede Art von Mitglied und reichen Sie Ihre Bewerbung ein.\" \/>\n<meta property=\"og:url\" content=\"https:\/\/www.cbti-bkvt.org\/de\/mitglied-werden\/\" \/>\n<meta property=\"og:site_name\" content=\"Chambre Belge des Traducteurs et Interpr\u00e8tes | Belgische Kamer van Vertalers en Tolken\" \/>\n<meta property=\"article:modified_time\" content=\"2026-04-07T12:43:16+00:00\" \/>\n<meta name=\"twitter:card\" content=\"summary_large_image\" \/>\n<meta name=\"twitter:label1\" content=\"Est. reading time\" \/>\n\t<meta name=\"twitter:data1\" content=\"10 minutes\" \/>\n<script type=\"application\/ld+json\" class=\"yoast-schema-graph\">{\"@context\":\"https:\\\/\\\/schema.org\",\"@graph\":[{\"@type\":\"WebPage\",\"@id\":\"https:\\\/\\\/www.cbti-bkvt.org\\\/de\\\/mitglied-werden\\\/\",\"url\":\"https:\\\/\\\/www.cbti-bkvt.org\\\/de\\\/mitglied-werden\\\/\",\"name\":\"Mitglied werden - Chambre Belge des Traducteurs et Interpr\u00e8tes | Belgische Kamer van Vertalers en Tolken\",\"isPartOf\":{\"@id\":\"https:\\\/\\\/www.cbti-bkvt.org\\\/de\\\/#website\"},\"datePublished\":\"2022-03-23T08:19:13+00:00\",\"dateModified\":\"2026-04-07T12:43:16+00:00\",\"description\":\"M\u00f6chten Sie Mitglied der BKVT-CBTI werden? Entdecken Sie die Vorteile f\u00fcr jede Art von Mitglied und reichen Sie Ihre Bewerbung ein.\",\"breadcrumb\":{\"@id\":\"https:\\\/\\\/www.cbti-bkvt.org\\\/de\\\/mitglied-werden\\\/#breadcrumb\"},\"inLanguage\":\"de-DE\",\"potentialAction\":[{\"@type\":\"ReadAction\",\"target\":[\"https:\\\/\\\/www.cbti-bkvt.org\\\/de\\\/mitglied-werden\\\/\"]}]},{\"@type\":\"BreadcrumbList\",\"@id\":\"https:\\\/\\\/www.cbti-bkvt.org\\\/de\\\/mitglied-werden\\\/#breadcrumb\",\"itemListElement\":[{\"@type\":\"ListItem\",\"position\":1,\"name\":\"Home\",\"item\":\"https:\\\/\\\/www.cbti-bkvt.org\\\/de\\\/\"},{\"@type\":\"ListItem\",\"position\":2,\"name\":\"Mitglied werden\"}]},{\"@type\":\"WebSite\",\"@id\":\"https:\\\/\\\/www.cbti-bkvt.org\\\/de\\\/#website\",\"url\":\"https:\\\/\\\/www.cbti-bkvt.org\\\/de\\\/\",\"name\":\"Chambre Belge des Traducteurs et Interpr\u00e8tes | Belgische Kamer van Vertalers en Tolken\",\"description\":\"M\u00e9tiers de la traduction \u00e9crite, l\u2019interpr\u00e9tation de conf\u00e9rence, la traduction et l\u2019interpr\u00e9tation en milieu judiciaire.\",\"potentialAction\":[{\"@type\":\"SearchAction\",\"target\":{\"@type\":\"EntryPoint\",\"urlTemplate\":\"https:\\\/\\\/www.cbti-bkvt.org\\\/de\\\/?s={search_term_string}\"},\"query-input\":{\"@type\":\"PropertyValueSpecification\",\"valueRequired\":true,\"valueName\":\"search_term_string\"}}],\"inLanguage\":\"de-DE\"}]}<\/script>\n<!-- \/ Yoast SEO plugin. -->","yoast_head_json":{"title":"Chambre Belge des Traducteurs et Interpr\u00e8tes | Belgische Kamer van Vertalers en Tolken","description":"M\u00f6chten Sie Mitglied der BKVT-CBTI werden? Entdecken Sie die Vorteile f\u00fcr jede Art von Mitglied und reichen Sie Ihre Bewerbung ein.","robots":{"index":"index","follow":"follow","max-snippet":"max-snippet:-1","max-image-preview":"max-image-preview:large","max-video-preview":"max-video-preview:-1"},"canonical":"https:\/\/www.cbti-bkvt.org\/de\/mitglied-werden\/","og_locale":"de_DE","og_type":"article","og_title":"Mitglied werden - Chambre Belge des Traducteurs et Interpr\u00e8tes | Belgische Kamer van Vertalers en Tolken","og_description":"M\u00f6chten Sie Mitglied der BKVT-CBTI werden? Entdecken Sie die Vorteile f\u00fcr jede Art von Mitglied und reichen Sie Ihre Bewerbung ein.","og_url":"https:\/\/www.cbti-bkvt.org\/de\/mitglied-werden\/","og_site_name":"Chambre Belge des Traducteurs et Interpr\u00e8tes | Belgische Kamer van Vertalers en Tolken","article_modified_time":"2026-04-07T12:43:16+00:00","twitter_card":"summary_large_image","twitter_misc":{"Est. reading time":"10 minutes"},"schema":{"@context":"https:\/\/schema.org","@graph":[{"@type":"WebPage","@id":"https:\/\/www.cbti-bkvt.org\/de\/mitglied-werden\/","url":"https:\/\/www.cbti-bkvt.org\/de\/mitglied-werden\/","name":"Mitglied werden - Chambre Belge des Traducteurs et Interpr\u00e8tes | Belgische Kamer van Vertalers en Tolken","isPartOf":{"@id":"https:\/\/www.cbti-bkvt.org\/de\/#website"},"datePublished":"2022-03-23T08:19:13+00:00","dateModified":"2026-04-07T12:43:16+00:00","description":"M\u00f6chten Sie Mitglied der BKVT-CBTI werden? Entdecken Sie die Vorteile f\u00fcr jede Art von Mitglied und reichen Sie Ihre Bewerbung ein.","breadcrumb":{"@id":"https:\/\/www.cbti-bkvt.org\/de\/mitglied-werden\/#breadcrumb"},"inLanguage":"de-DE","potentialAction":[{"@type":"ReadAction","target":["https:\/\/www.cbti-bkvt.org\/de\/mitglied-werden\/"]}]},{"@type":"BreadcrumbList","@id":"https:\/\/www.cbti-bkvt.org\/de\/mitglied-werden\/#breadcrumb","itemListElement":[{"@type":"ListItem","position":1,"name":"Home","item":"https:\/\/www.cbti-bkvt.org\/de\/"},{"@type":"ListItem","position":2,"name":"Mitglied werden"}]},{"@type":"WebSite","@id":"https:\/\/www.cbti-bkvt.org\/de\/#website","url":"https:\/\/www.cbti-bkvt.org\/de\/","name":"Chambre Belge des Traducteurs et Interpr\u00e8tes | Belgische Kamer van Vertalers en Tolken","description":"M\u00e9tiers de la traduction \u00e9crite, l\u2019interpr\u00e9tation de conf\u00e9rence, la traduction et l\u2019interpr\u00e9tation en milieu judiciaire.","potentialAction":[{"@type":"SearchAction","target":{"@type":"EntryPoint","urlTemplate":"https:\/\/www.cbti-bkvt.org\/de\/?s={search_term_string}"},"query-input":{"@type":"PropertyValueSpecification","valueRequired":true,"valueName":"search_term_string"}}],"inLanguage":"de-DE"}]}},"_links":{"self":[{"href":"https:\/\/www.cbti-bkvt.org\/de\/wp-json\/wp\/v2\/pages\/23719","targetHints":{"allow":["GET"]}}],"collection":[{"href":"https:\/\/www.cbti-bkvt.org\/de\/wp-json\/wp\/v2\/pages"}],"about":[{"href":"https:\/\/www.cbti-bkvt.org\/de\/wp-json\/wp\/v2\/types\/page"}],"author":[{"embeddable":true,"href":"https:\/\/www.cbti-bkvt.org\/de\/wp-json\/wp\/v2\/users\/1"}],"replies":[{"embeddable":true,"href":"https:\/\/www.cbti-bkvt.org\/de\/wp-json\/wp\/v2\/comments?post=23719"}],"version-history":[{"count":2,"href":"https:\/\/www.cbti-bkvt.org\/de\/wp-json\/wp\/v2\/pages\/23719\/revisions"}],"predecessor-version":[{"id":35351,"href":"https:\/\/www.cbti-bkvt.org\/de\/wp-json\/wp\/v2\/pages\/23719\/revisions\/35351"}],"wp:attachment":[{"href":"https:\/\/www.cbti-bkvt.org\/de\/wp-json\/wp\/v2\/media?parent=23719"}],"curies":[{"name":"wp","href":"https:\/\/api.w.org\/{rel}","templated":true}]}}