{"id":23723,"date":"2022-03-10T15:37:27","date_gmt":"2022-03-10T14:37:27","guid":{"rendered":"https:\/\/www.cbti-bkvt.org\/contact\/"},"modified":"2026-04-03T09:55:22","modified_gmt":"2026-04-03T07:55:22","slug":"kontakt","status":"publish","type":"page","link":"https:\/\/www.cbti-bkvt.org\/de\/kontakt\/","title":{"rendered":"Kontakt"},"content":{"rendered":"\n<div class=\"wp-block-buttons is-content-justification-center is-layout-flex wp-container-core-buttons-is-layout-16018d1d wp-block-buttons-is-layout-flex\">\n<div class=\"wp-block-button is-style-primary\"><a class=\"wp-block-button__link has-neve-link-color-background-color has-background wp-element-button\" href=\"https:\/\/www.cbti-bkvt.org\/de\/mitglied-werden\/\" style=\"border-width:20px\">Mitglied werden<\/a><\/div>\n<\/div>\n\n\n\n<div class=\"wp-block-columns is-layout-flex wp-container-core-columns-is-layout-9d6595d7 wp-block-columns-is-layout-flex\">\n<div class=\"wp-block-column is-layout-flow wp-block-column-is-layout-flow\" style=\"flex-basis:66.66%\">\n<h2 class=\"wp-block-heading\"><span class=\"ez-toc-section\" id=\"Kontaktieren_Sie_uns\"><\/span>Kontaktieren Sie uns<span class=\"ez-toc-section-end\"><\/span><\/h2>\n\n\n\n<div class=\"wpcf7 no-js\" id=\"wpcf7-f27819-o1\" lang=\"fr-FR\" dir=\"ltr\" data-wpcf7-id=\"27819\">\n<div class=\"screen-reader-response\"><p role=\"status\" aria-live=\"polite\" aria-atomic=\"true\"><\/p> <ul><\/ul><\/div>\n<form action=\"\/de\/wp-json\/wp\/v2\/pages\/23723#wpcf7-f27819-o1\" method=\"post\" class=\"wpcf7-form init\" aria-label=\"Contact form\" novalidate=\"novalidate\" data-status=\"init\">\n<fieldset class=\"hidden-fields-container\"><input type=\"hidden\" name=\"_wpcf7\" value=\"27819\" \/><input type=\"hidden\" name=\"_wpcf7_version\" value=\"6.1.5\" \/><input type=\"hidden\" name=\"_wpcf7_locale\" value=\"fr_FR\" \/><input type=\"hidden\" name=\"_wpcf7_unit_tag\" value=\"wpcf7-f27819-o1\" \/><input type=\"hidden\" name=\"_wpcf7_container_post\" value=\"0\" \/><input type=\"hidden\" name=\"_wpcf7_posted_data_hash\" value=\"\" \/><input type=\"hidden\" name=\"_wpcf7_recaptcha_response\" value=\"\" \/>\n<\/fieldset>\n<p><label> Ihr Name<br \/>\n<span class=\"wpcf7-form-control-wrap\" data-name=\"your-name\"><input size=\"40\" maxlength=\"400\" class=\"wpcf7-form-control wpcf7-text wpcf7-validates-as-required\" autocomplete=\"name\" aria-required=\"true\" aria-invalid=\"false\" value=\"\" type=\"text\" name=\"your-name\" \/><\/span> <\/label>\n<\/p>\n<p><label> Ihre E-Mail-Adresse<br \/>\n<span class=\"wpcf7-form-control-wrap\" data-name=\"your-email\"><input size=\"40\" maxlength=\"400\" class=\"wpcf7-form-control wpcf7-email wpcf7-validates-as-required wpcf7-text wpcf7-validates-as-email\" autocomplete=\"email\" aria-required=\"true\" aria-invalid=\"false\" value=\"\" type=\"email\" name=\"your-email\" \/><\/span> <\/label>\n<\/p>\n<p><label>Ihre Frage oder Bemerkung betrifft ...<br \/>\n<span class=\"wpcf7-form-control-wrap\" data-name=\"contactreason\"><select class=\"wpcf7-form-control wpcf7-select wpcf7-validates-as-required\" aria-required=\"true\" aria-invalid=\"false\" name=\"contactreason\"><option value=\"die CBTI allgemein\">die CBTI allgemein<\/option><option value=\"Ihre Zulassung\/Mitgliedschaft\">Ihre Zulassung\/Mitgliedschaft<\/option><option value=\"das Berufsbild \u201e\u00dcbersetzen\u201c\">das Berufsbild \u201e\u00dcbersetzen\u201c<\/option><option value=\"das Berufsbild \u201eKonferenzdolmetschen\u201c\">das Berufsbild \u201eKonferenzdolmetschen\u201c<\/option><option value=\"das Berufsbild \u201ebeeidigtes \u00dcbersetzen\/Dolmetschen\u201c\">das Berufsbild \u201ebeeidigtes \u00dcbersetzen\/Dolmetschen\u201c<\/option><option value=\"unsere Versicherungen\">unsere Versicherungen<\/option><option value=\"unsere Fortbildungen\">unsere Fortbildungen<\/option><option value=\"unsere Zeitschrift \u201eLe Linguiste\u201c\">unsere Zeitschrift \u201eLe Linguiste\u201c<\/option><option value=\"unseren Rechtsdienst\">unseren Rechtsdienst<\/option><option value=\"diese Website\">diese Website<\/option><\/select><\/span><br \/>\n<\/label>\n<\/p>\n<p><label> Ihre Nachricht<br \/>\n<span class=\"wpcf7-form-control-wrap\" data-name=\"your-message\"><textarea cols=\"40\" rows=\"10\" maxlength=\"2000\" class=\"wpcf7-form-control wpcf7-textarea\" aria-invalid=\"false\" name=\"your-message\"><\/textarea><\/span> <\/label>\n<\/p>\n<p><span class=\"wpcf7-form-control-wrap\" data-name=\"acceptance-769\"><span class=\"wpcf7-form-control wpcf7-acceptance\"><span class=\"wpcf7-list-item\"><label><input type=\"checkbox\" name=\"acceptance-769\" value=\"1\" aria-invalid=\"false\" \/><span class=\"wpcf7-list-item-label\">Gem\u00e4\u00df der DSGVO k\u00f6nnen Sie Ihr Recht auf Zugang zu den Sie betreffenden Daten und deren Berichtigung \u00fcber unsere Seite <a href=\"https:\/\/www.cbti-bkvt.org\/de\/politique-de-confidentialite\/\">Datenschutzerkl\u00e4rung<\/a> aus\u00fcben.<\/span><\/label><\/span><\/span><\/span>\n<\/p>\n<p><input class=\"wpcf7-form-control wpcf7-submit has-spinner\" type=\"submit\" value=\"Senden\" \/>\n<\/p><div class=\"wpcf7-response-output\" aria-hidden=\"true\"><\/div>\n<\/form>\n<\/div>\n\n<\/div>\n\n\n\n<div class=\"wp-block-column m-boxHiglight is-layout-flow wp-block-column-is-layout-flow\" style=\"flex-basis:33.33%\">\n<p><strong>CBTI &#8211; BKVT<\/strong><br>boulevard de l&#8217;Empereur 10,<br>1000 Bruxelles<br>+32 2 513 09 15<br><a href=\"mailto:info@cbti-bkvt.org\">info@cbti-bkvt.org<\/a><\/p>\n\n\n\n<p><strong>Gesch\u00e4ftszeiten:<\/strong><br>Montag, Dienstag und Donnerstag<br>9.30 Uhr &#8211; 16.30 Uhr<br>Mittwoch<br>9.30 Uhr &#8211; 13 Uhr<\/p>\n<\/div>\n<\/div>\n\n\n\n<h2 class=\"wp-block-heading\"><span class=\"ez-toc-section\" id=\"Verwaltungsorgan_boardcbti-bkvtorg\"><\/span>Verwaltungsorgan (<a href=\"mailto:board@cbti-bkvt.org\">board@cbti-bkvt.org<\/a>)<span class=\"ez-toc-section-end\"><\/span><\/h2>\n\n\n\n<figure class=\"wp-block-table is-style-stripes\"><table><tbody><tr><td>Pr\u00e4sident<\/td><td>Max De Brouwer<\/td><td><a href=\"mailto:president@cbti-bkvt.org\">president@cbti-bkvt.org<\/a><\/td><\/tr><tr><td>Vize-Pr\u00e4sident (NL)<\/td><td>Arjan Kwakkenbos<\/td><td><a href=\"mailto:vicevoorzitter@cbtip-bkvt.org\">vicevoorzitter@cbti-bkvt.org<\/a><\/td><\/tr><tr><td>Vize-Pr\u00e4sidentin (FR)<\/td><td>Jenny Vanmaldeghem<\/td><td><a href=\"mailto:vice-president.e@cbti-bkvt.org\">vice-president.e@cbti-bkvt.org<\/a><\/td><\/tr><tr><td>Generalsekret\u00e4r<\/td><td>Patrick Rondou<\/td><td><a href=\"mailto:secgen@cbti-bkvt.org\">secgen@cbti-bkvt.org<\/a><\/td><\/tr><tr><td>Verwalterin<\/td><td>Caroline Coppens<\/td><td><a href=\"mailto:caroline.coppens@cbti-bkvt.org\">caroline.coppens@cbti-bkvt.org<\/a><\/td><\/tr><tr><td>Verwalterin<\/td><td>Isabelle Collard<\/td><td><a href=\"mailto:isabelle.collard@cbti-bkvt.org\">isabelle.collard@cbti-bkvt.org<\/a><\/td><\/tr><tr><td>Verwalter<\/td><td>Francis Auquier<\/td><td><a href=\"mailto:francis.auquier@cbti-bkvt.org\">francis.auquier@cbti-bkvt.org<\/a><\/td><\/tr><tr><td>Verwalter<\/td><td>Siddhartha De Rycke<\/td><td><a href=\"mailto:arjan.kwakkenbos@cbti-bkvt.org\">siddhartha.derycke@cbti-bkvt.org<\/a><\/td><\/tr><\/tbody><\/table><\/figure>\n\n\n\n<h2 class=\"wp-block-heading\"><span class=\"ez-toc-section\" id=\"Sektorspezifische_Kommissionen\"><\/span>Sektorspezifische Kommissionen<span class=\"ez-toc-section-end\"><\/span><\/h2>\n\n\n\n<figure class=\"wp-block-table is-style-stripes\"><table class=\"has-fixed-layout\"><tbody><tr><td>Translatio (\u00dcbersetzen)<\/td><td class=\"has-text-align-left\" data-align=\"left\"><a href=\"mailto:translatio@cbti-bkvt.org\">translatio@cbti-bkvt.org<\/a><\/td><\/tr><tr><td>Forum (Konferenzdolmetschen)<\/td><td class=\"has-text-align-left\" data-align=\"left\"><a href=\"mailto:forum@cbti-bkvt.org\">forum@cbti-bkvt.org<\/a><\/td><\/tr><tr><td>AudioVerba (audiovisuelle \u00dcbersetzung &amp; Videodolmetschen)<\/td><td class=\"has-text-align-left\" data-align=\"left\"><a href=\"mailto:audioverba@cbti-bkvt.org\">audioverba@cbti-bkvt.org<\/a><\/td><\/tr><tr><td>LinguaJuris (beeidigtes \u00dcbersetzen &amp; Dolmetschen)<\/td><td class=\"has-text-align-left\" data-align=\"left\"><a href=\"mailto:linguajuris@cbti-bkvt.org\">linguajuris@cbti-bkvt.org<\/a><\/td><\/tr><\/tbody><\/table><\/figure>\n\n\n\n<h2 class=\"wp-block-heading\"><span class=\"ez-toc-section\" id=\"Fachkommissionen\"><\/span>Fachkommissionen<span class=\"ez-toc-section-end\"><\/span><\/h2>\n\n\n\n<figure class=\"wp-block-table is-style-stripes\"><table class=\"has-fixed-layout\"><tbody><tr><td>Zulassung<\/td><td><a href=\"mailto:admissions@cbti-bkvt.org\">admissions@cbti-bkvt.org<\/a><\/td><\/tr><tr><td>Fortbildungen<\/td><td><a href=\"mailto:trainings@cbti-bkvt.org\">trainings@cbti-bkvt.org<\/a><\/td><\/tr><tr><td>K\u00fcnstliche Intelligenz<\/td><td><a href=\"mailto:ia@cbti-bkvt.org\">ia@cbti-bkvt.org<\/a><\/td><\/tr><tr><td>Preis f\u00fcr die beste Abschlussarbeit<\/td><td><a href=\"mailto:award@cbti-bkvt.org\">award@cbti-bkvt.org<\/a><\/td><\/tr><tr><td>Ver\u00f6ffentlichungen<\/td><td><a href=\"mailto:linguiste-taalkundige@translators.be\">linguiste-taalkundige@translators.be<\/a><\/td><\/tr><tr><td>Universit\u00e4ten<\/td><td><a href=\"mailto:universities@cbti-bkvt.org\">universities@cbti-bkvt.org<\/a><\/td><\/tr><\/tbody><\/table><\/figure>\n\n\n\n<h2 class=\"wp-block-heading\"><span class=\"ez-toc-section\" id=\"Servicebereiche\"><\/span>Servicebereiche<span class=\"ez-toc-section-end\"><\/span><\/h2>\n\n\n\n<figure class=\"wp-block-table is-style-stripes\"><table class=\"has-fixed-layout\"><tbody><tr><td>Versicherungen<\/td><td><a href=\"mailto:insurance@cbti-bkvt.org\">insurance@cbti-bkvt.org<\/a><\/td><\/tr><tr><td>Kommunikation<\/td><td><a href=\"mailto:communications@cbti-bkvt.org\">communications@cbti-bkvt.org<\/a><\/td><\/tr><tr><td>Veranstaltungen<\/td><td><a href=\"mailto:event@cbti-bkvt.org\">event@cbti-bkvt.org<\/a><\/td><\/tr><tr><td>Tagesgesch\u00e4ft<\/td><td><a href=\"mailto:secgen@cbti-bkvt.org\">secgen@cbti-bkvt.org<\/a><\/td><\/tr><tr><td>\u00dcbersetzungspool<\/td><td><a href=\"mailto:pool@cbti-bkvt.org\">pool@cbti-bkvt.org<\/a><\/td><\/tr><tr><td>Jahresbericht<\/td><td><a href=\"mailto:rapportannuel@cbti-bkvt.org\">rapportannuel@cbti-bkvt.org<\/a><\/td><\/tr><tr><td>Rechtsdienst<\/td><td><a href=\"mailto:legal@cbti-bkvt.org\">legal@cbti-bkvt.org<\/a><\/td><\/tr><tr><td>Technik &amp; Digitalisierung<\/td><td><a href=\"mailto:webmaster@cbti-bkvt.org\">webmaster@cbti-bkvt.org<\/a><\/td><\/tr><\/tbody><\/table><\/figure>\n\n\n\n<h2 class=\"wp-block-heading\"><span class=\"ez-toc-section\" id=\"Netzwerke\"><\/span>Netzwerke<span class=\"ez-toc-section-end\"><\/span><\/h2>\n\n\n\n<figure class=\"wp-block-table is-style-stripes\"><table class=\"has-fixed-layout\"><tbody><tr><td>Bremer Runde<\/td><td><a href=\"mailto:bremer-runde@cbti-bkvt.org\">bremer-runde@cbti-bkvt.org<\/a><\/td><\/tr><tr><td>Englisch-franz\u00f6sisches Netzwerk<\/td><td><a href=\"mailto:frenchnet@cbti-bkvt.org\">raf@cbti-bkvt.org<\/a><\/td><\/tr><tr><td>Franz\u00f6sisch-deutsches Netzwerk<\/td><td><a href=\"mailto:rfa@cbti-bkvt.org\">rfa@cbti-bkvt.org<\/a><\/td><\/tr><tr><td>Franz\u00f6sisch-spanisches Netzwerk<\/td><td><a href=\"mailto:rfe@cbti-bkvt.org\">rfe@cbti-bkvt.org<\/a><\/td><\/tr><\/tbody><\/table><\/figure>\n\n\n\n<h2 class=\"wp-block-heading\"><span class=\"ez-toc-section\" id=\"Raete\"><\/span>R\u00e4te<span class=\"ez-toc-section-end\"><\/span><\/h2>\n\n\n\n<figure class=\"wp-block-table is-style-stripes\"><table class=\"has-fixed-layout\"><tbody><tr><td>Schiedsrat<\/td><td><a href=\"mailto:auditing-committee@cbti-bkvt.org\">auditing-committee@cbti-bkvt.org<\/a><\/td><\/tr><tr><td>Disziplinarrat<\/td><td><a href=\"mailto:disciplinary-board@cbti-bkvt.org\">disciplinary-board@cbti-bkvt.org<\/a><\/td><\/tr><\/tbody><\/table><\/figure>\n\n\n\n<h2 class=\"wp-block-heading\"><span class=\"ez-toc-section\" id=\"Dachverbaende\"><\/span>Dachverb\u00e4nde<span class=\"ez-toc-section-end\"><\/span><\/h2>\n\n\n\n<figure class=\"wp-block-table is-style-stripes\"><table class=\"has-fixed-layout\"><tbody><tr><td>FIT<\/td><td><a href=\"mailto:fit@cbti-bkvt.org\">fit@cbti-bkvt.org<\/a><\/td><\/tr><tr><td>EULITA<\/td><td><a href=\"mailto:eulita@cbti-bkvt.org\">eulita@cbti-bkvt.org<\/a><\/td><\/tr><tr><td>CSIPME<\/td><td><a href=\"mailto:csipme@cbti-bkvt.org\">csipme@cbti-bkvt.org<\/a><\/td><\/tr><tr><td>FVB<\/td><td><a href=\"mailto:fvb@cbti-bkvt.org\">fvb@cbti-bkvt.org<\/a><\/td><\/tr><tr><td>UNPLIB<\/td><td><a href=\"mailto:unplib@cbti-bkvt.org\">unplib@cbti-bkvt.org<\/a><\/td><\/tr><\/tbody><\/table><\/figure>\n\n\n\n<h2 class=\"wp-block-heading\"><span class=\"ez-toc-section\" id=\"Weitere_Funktionen\"><\/span>Weitere Funktionen<span class=\"ez-toc-section-end\"><\/span><\/h2>\n\n\n\n<figure class=\"wp-block-table is-style-stripes\"><table class=\"has-fixed-layout\"><tbody><tr><td>Schatzmeister\/Schatzmeisterin<\/td><td><a href=\"mailto:accounts@cbti-bkvt.org\">accounts@cbti-bkvt.org<\/a><\/td><\/tr><tr><td>Sekret\u00e4r\/Sekret\u00e4rin<\/td><td><a href=\"mailto:secretariat@cbti-bkvt.org\">secretariat@cbti-bkvt.org<\/a><\/td><\/tr><tr><td>Webmaster<\/td><td><a href=\"mailto:webmaster@cbti-bkvt.org\">webmaster@cbti-bkvt.org<\/a><\/td><\/tr><\/tbody><\/table><\/figure>\n","protected":false},"excerpt":{"rendered":"<p>Kontaktieren Sie uns CBTI &#8211; BKVTboulevard de l&#8217;Empereur 10,1000 Bruxelles+32 2 513 09 15info@cbti-bkvt.org Gesch\u00e4ftszeiten:Montag, Dienstag und Donnerstag9.30 Uhr &#8211; 16.30 UhrMittwoch9.30 Uhr &#8211; 13 Uhr Verwaltungsorgan (board@cbti-bkvt.org) Pr\u00e4sident Max De Brouwer president@cbti-bkvt.org Vize-Pr\u00e4sident (NL) Arjan Kwakkenbos vicevoorzitter@cbti-bkvt.org Vize-Pr\u00e4sidentin (FR) Jenny Vanmaldeghem vice-president.e@cbti-bkvt.org Generalsekret\u00e4r Patrick Rondou secgen@cbti-bkvt.org Verwalterin Caroline Coppens caroline.coppens@cbti-bkvt.org Verwalterin Isabelle Collard isabelle.collard@cbti-bkvt.org&hellip;&nbsp;<a href=\"https:\/\/www.cbti-bkvt.org\/de\/kontakt\/\" rel=\"bookmark\">Read More &raquo;<span class=\"screen-reader-text\">Kontakt<\/span><\/a><\/p>\n","protected":false},"author":1,"featured_media":31157,"parent":0,"menu_order":8,"comment_status":"closed","ping_status":"closed","template":"page-noSidebar.php","meta":{"_acf_changed":false,"pmpro_default_level":"","neve_meta_sidebar":"default","neve_meta_container":"contained","neve_meta_enable_content_width":"on","neve_meta_content_width":71,"neve_meta_title_alignment":"","neve_meta_author_avatar":"","neve_post_elements_order":"","neve_meta_disable_header":"","neve_meta_disable_footer":"","neve_meta_disable_title":"","neve_meta_reading_time":"","footnotes":"","_links_to":"","_links_to_target":""},"class_list":["post-23723","page","type-page","status-publish","has-post-thumbnail","hentry","pmpro-has-access"],"acf":[],"yoast_head":"<!-- This site is optimized with the Yoast SEO plugin v27.4 - https:\/\/yoast.com\/product\/yoast-seo-wordpress\/ -->\n<title>Chambre Belge des Traducteurs et Interpr\u00e8tes | Belgische Kamer van Vertalers en Tolken<\/title>\n<meta name=\"description\" content=\"M\u00f6chten Sie die BKVT-CBTI kontaktieren? Hier stehen alle Kontaktangaben des Verbandes. Oder Dienste oder Kommissionen direkt kontaktieren.\" \/>\n<meta name=\"robots\" content=\"index, follow, max-snippet:-1, max-image-preview:large, max-video-preview:-1\" \/>\n<link rel=\"canonical\" href=\"https:\/\/www.cbti-bkvt.org\/de\/kontakt\/\" \/>\n<meta property=\"og:locale\" content=\"de_DE\" \/>\n<meta property=\"og:type\" content=\"article\" \/>\n<meta property=\"og:title\" content=\"Kontakt - Chambre Belge des Traducteurs et Interpr\u00e8tes | Belgische Kamer van Vertalers en Tolken\" \/>\n<meta property=\"og:description\" content=\"M\u00f6chten Sie die BKVT-CBTI kontaktieren? Hier stehen alle Kontaktangaben des Verbandes. Oder Dienste oder Kommissionen direkt kontaktieren.\" \/>\n<meta property=\"og:url\" content=\"https:\/\/www.cbti-bkvt.org\/de\/kontakt\/\" \/>\n<meta property=\"og:site_name\" content=\"Chambre Belge des Traducteurs et Interpr\u00e8tes | Belgische Kamer van Vertalers en Tolken\" \/>\n<meta property=\"article:modified_time\" content=\"2026-04-03T07:55:22+00:00\" \/>\n<meta property=\"og:image\" content=\"https:\/\/www.cbti-bkvt.org\/wp-content\/uploads\/Page-Contact-1024x683.jpg\" \/>\n\t<meta property=\"og:image:width\" content=\"1024\" \/>\n\t<meta property=\"og:image:height\" content=\"683\" \/>\n\t<meta property=\"og:image:type\" content=\"image\/jpeg\" \/>\n<meta name=\"twitter:card\" content=\"summary_large_image\" \/>\n<meta name=\"twitter:label1\" content=\"Est. reading time\" \/>\n\t<meta name=\"twitter:data1\" content=\"2 minutes\" \/>\n<script type=\"application\/ld+json\" class=\"yoast-schema-graph\">{\"@context\":\"https:\\\/\\\/schema.org\",\"@graph\":[{\"@type\":\"WebPage\",\"@id\":\"https:\\\/\\\/www.cbti-bkvt.org\\\/de\\\/kontakt\\\/\",\"url\":\"https:\\\/\\\/www.cbti-bkvt.org\\\/de\\\/kontakt\\\/\",\"name\":\"Kontakt - Chambre Belge des Traducteurs et Interpr\u00e8tes | Belgische Kamer van Vertalers en Tolken\",\"isPartOf\":{\"@id\":\"https:\\\/\\\/www.cbti-bkvt.org\\\/de\\\/#website\"},\"primaryImageOfPage\":{\"@id\":\"https:\\\/\\\/www.cbti-bkvt.org\\\/de\\\/kontakt\\\/#primaryimage\"},\"image\":{\"@id\":\"https:\\\/\\\/www.cbti-bkvt.org\\\/de\\\/kontakt\\\/#primaryimage\"},\"thumbnailUrl\":\"https:\\\/\\\/www.cbti-bkvt.org\\\/wp-content\\\/uploads\\\/Page-Contact.jpg\",\"datePublished\":\"2022-03-10T14:37:27+00:00\",\"dateModified\":\"2026-04-03T07:55:22+00:00\",\"description\":\"M\u00f6chten Sie die BKVT-CBTI kontaktieren? Hier stehen alle Kontaktangaben des Verbandes. Oder Dienste oder Kommissionen direkt kontaktieren.\",\"breadcrumb\":{\"@id\":\"https:\\\/\\\/www.cbti-bkvt.org\\\/de\\\/kontakt\\\/#breadcrumb\"},\"inLanguage\":\"de-DE\",\"potentialAction\":[{\"@type\":\"ReadAction\",\"target\":[\"https:\\\/\\\/www.cbti-bkvt.org\\\/de\\\/kontakt\\\/\"]}]},{\"@type\":\"ImageObject\",\"inLanguage\":\"de-DE\",\"@id\":\"https:\\\/\\\/www.cbti-bkvt.org\\\/de\\\/kontakt\\\/#primaryimage\",\"url\":\"https:\\\/\\\/www.cbti-bkvt.org\\\/wp-content\\\/uploads\\\/Page-Contact.jpg\",\"contentUrl\":\"https:\\\/\\\/www.cbti-bkvt.org\\\/wp-content\\\/uploads\\\/Page-Contact.jpg\",\"width\":5184,\"height\":3456},{\"@type\":\"BreadcrumbList\",\"@id\":\"https:\\\/\\\/www.cbti-bkvt.org\\\/de\\\/kontakt\\\/#breadcrumb\",\"itemListElement\":[{\"@type\":\"ListItem\",\"position\":1,\"name\":\"Home\",\"item\":\"https:\\\/\\\/www.cbti-bkvt.org\\\/de\\\/\"},{\"@type\":\"ListItem\",\"position\":2,\"name\":\"Kontakt\"}]},{\"@type\":\"WebSite\",\"@id\":\"https:\\\/\\\/www.cbti-bkvt.org\\\/de\\\/#website\",\"url\":\"https:\\\/\\\/www.cbti-bkvt.org\\\/de\\\/\",\"name\":\"Chambre Belge des Traducteurs et Interpr\u00e8tes | Belgische Kamer van Vertalers en Tolken\",\"description\":\"M\u00e9tiers de la traduction \u00e9crite, l\u2019interpr\u00e9tation de conf\u00e9rence, la traduction et l\u2019interpr\u00e9tation en milieu judiciaire.\",\"potentialAction\":[{\"@type\":\"SearchAction\",\"target\":{\"@type\":\"EntryPoint\",\"urlTemplate\":\"https:\\\/\\\/www.cbti-bkvt.org\\\/de\\\/?s={search_term_string}\"},\"query-input\":{\"@type\":\"PropertyValueSpecification\",\"valueRequired\":true,\"valueName\":\"search_term_string\"}}],\"inLanguage\":\"de-DE\"}]}<\/script>\n<!-- \/ Yoast SEO plugin. -->","yoast_head_json":{"title":"Chambre Belge des Traducteurs et Interpr\u00e8tes | Belgische Kamer van Vertalers en Tolken","description":"M\u00f6chten Sie die BKVT-CBTI kontaktieren? Hier stehen alle Kontaktangaben des Verbandes. Oder Dienste oder Kommissionen direkt kontaktieren.","robots":{"index":"index","follow":"follow","max-snippet":"max-snippet:-1","max-image-preview":"max-image-preview:large","max-video-preview":"max-video-preview:-1"},"canonical":"https:\/\/www.cbti-bkvt.org\/de\/kontakt\/","og_locale":"de_DE","og_type":"article","og_title":"Kontakt - Chambre Belge des Traducteurs et Interpr\u00e8tes | Belgische Kamer van Vertalers en Tolken","og_description":"M\u00f6chten Sie die BKVT-CBTI kontaktieren? Hier stehen alle Kontaktangaben des Verbandes. Oder Dienste oder Kommissionen direkt kontaktieren.","og_url":"https:\/\/www.cbti-bkvt.org\/de\/kontakt\/","og_site_name":"Chambre Belge des Traducteurs et Interpr\u00e8tes | Belgische Kamer van Vertalers en Tolken","article_modified_time":"2026-04-03T07:55:22+00:00","og_image":[{"width":1024,"height":683,"url":"https:\/\/www.cbti-bkvt.org\/wp-content\/uploads\/Page-Contact-1024x683.jpg","type":"image\/jpeg"}],"twitter_card":"summary_large_image","twitter_misc":{"Est. reading time":"2 minutes"},"schema":{"@context":"https:\/\/schema.org","@graph":[{"@type":"WebPage","@id":"https:\/\/www.cbti-bkvt.org\/de\/kontakt\/","url":"https:\/\/www.cbti-bkvt.org\/de\/kontakt\/","name":"Kontakt - Chambre Belge des Traducteurs et Interpr\u00e8tes | Belgische Kamer van Vertalers en Tolken","isPartOf":{"@id":"https:\/\/www.cbti-bkvt.org\/de\/#website"},"primaryImageOfPage":{"@id":"https:\/\/www.cbti-bkvt.org\/de\/kontakt\/#primaryimage"},"image":{"@id":"https:\/\/www.cbti-bkvt.org\/de\/kontakt\/#primaryimage"},"thumbnailUrl":"https:\/\/www.cbti-bkvt.org\/wp-content\/uploads\/Page-Contact.jpg","datePublished":"2022-03-10T14:37:27+00:00","dateModified":"2026-04-03T07:55:22+00:00","description":"M\u00f6chten Sie die BKVT-CBTI kontaktieren? Hier stehen alle Kontaktangaben des Verbandes. Oder Dienste oder Kommissionen direkt kontaktieren.","breadcrumb":{"@id":"https:\/\/www.cbti-bkvt.org\/de\/kontakt\/#breadcrumb"},"inLanguage":"de-DE","potentialAction":[{"@type":"ReadAction","target":["https:\/\/www.cbti-bkvt.org\/de\/kontakt\/"]}]},{"@type":"ImageObject","inLanguage":"de-DE","@id":"https:\/\/www.cbti-bkvt.org\/de\/kontakt\/#primaryimage","url":"https:\/\/www.cbti-bkvt.org\/wp-content\/uploads\/Page-Contact.jpg","contentUrl":"https:\/\/www.cbti-bkvt.org\/wp-content\/uploads\/Page-Contact.jpg","width":5184,"height":3456},{"@type":"BreadcrumbList","@id":"https:\/\/www.cbti-bkvt.org\/de\/kontakt\/#breadcrumb","itemListElement":[{"@type":"ListItem","position":1,"name":"Home","item":"https:\/\/www.cbti-bkvt.org\/de\/"},{"@type":"ListItem","position":2,"name":"Kontakt"}]},{"@type":"WebSite","@id":"https:\/\/www.cbti-bkvt.org\/de\/#website","url":"https:\/\/www.cbti-bkvt.org\/de\/","name":"Chambre Belge des Traducteurs et Interpr\u00e8tes | Belgische Kamer van Vertalers en Tolken","description":"M\u00e9tiers de la traduction \u00e9crite, l\u2019interpr\u00e9tation de conf\u00e9rence, la traduction et l\u2019interpr\u00e9tation en milieu judiciaire.","potentialAction":[{"@type":"SearchAction","target":{"@type":"EntryPoint","urlTemplate":"https:\/\/www.cbti-bkvt.org\/de\/?s={search_term_string}"},"query-input":{"@type":"PropertyValueSpecification","valueRequired":true,"valueName":"search_term_string"}}],"inLanguage":"de-DE"}]}},"_links":{"self":[{"href":"https:\/\/www.cbti-bkvt.org\/de\/wp-json\/wp\/v2\/pages\/23723","targetHints":{"allow":["GET"]}}],"collection":[{"href":"https:\/\/www.cbti-bkvt.org\/de\/wp-json\/wp\/v2\/pages"}],"about":[{"href":"https:\/\/www.cbti-bkvt.org\/de\/wp-json\/wp\/v2\/types\/page"}],"author":[{"embeddable":true,"href":"https:\/\/www.cbti-bkvt.org\/de\/wp-json\/wp\/v2\/users\/1"}],"replies":[{"embeddable":true,"href":"https:\/\/www.cbti-bkvt.org\/de\/wp-json\/wp\/v2\/comments?post=23723"}],"version-history":[{"count":2,"href":"https:\/\/www.cbti-bkvt.org\/de\/wp-json\/wp\/v2\/pages\/23723\/revisions"}],"predecessor-version":[{"id":35337,"href":"https:\/\/www.cbti-bkvt.org\/de\/wp-json\/wp\/v2\/pages\/23723\/revisions\/35337"}],"wp:featuredmedia":[{"embeddable":true,"href":"https:\/\/www.cbti-bkvt.org\/de\/wp-json\/wp\/v2\/media\/31157"}],"wp:attachment":[{"href":"https:\/\/www.cbti-bkvt.org\/de\/wp-json\/wp\/v2\/media?parent=23723"}],"curies":[{"name":"wp","href":"https:\/\/api.w.org\/{rel}","templated":true}]}}