{"id":23727,"date":"2022-03-10T15:36:24","date_gmt":"2022-03-10T15:36:24","guid":{"rendered":"https:\/\/www.cbti-bkvt.org\/agenda\/"},"modified":"2025-01-07T07:49:34","modified_gmt":"2025-01-07T07:49:34","slug":"agenda","status":"publish","type":"page","link":"https:\/\/www.cbti-bkvt.org\/de\/agenda\/","title":{"rendered":"Agenda"},"content":{"rendered":"\n<div class=\"   m-flexible m-flexible--lastAgenda\" id=\"js-lastAgenda-block_627cd25ef60fb\">\n\n\n\n\n\n\n    \n    <div class=\"m-flexible--lastAgendaContainer \">\n\n        <div class=\"m-flexible--lastAgendaContainer__child \">\n\n            <div class=\"m-flexible--lastAgenda__child \">\n                \n                <div class=\"m-flexible--lastAgenda__body \">\n                    \n                                                \n                        \n                <\/div><!-- \/lastAgenda__body -->\n            \n            <\/div><!-- \/lastAgenda__child -->\n        \n    <\/div><!-- \/lastAgendaContainer__child -->\n\n    <div class=\"m-postsList\">\n        \n        <div class=\"m-postsList__child\">\n\n\n\n\n\n            \n                  \n\n                    <h2 id=\"futureEvents\"><span class=\"ez-toc-section\" id=\"Anstehende_Veranstaltungen\"><\/span>Anstehende Veranstaltungen<span class=\"ez-toc-section-end\"><\/span><\/h2>\n\n                \n                <div class=\"row m-txt--s9\">\n\n                    \n                    \n                                            \n                            \n                    \n                                            \n                            \n                    \n                                            \n                            \n                    \n                                            \n                            \n                    \n                                            \n                            \n                    \n                                            \n                            \n                    \n                                            \n                            \n                    \n                                            \n                            \n                    \n                                            \n                            \n                    \n                                            \n                            \n                    \n                                            \n                            \n                    \n                                            \n                            \n                    \n                                            \n                            \n                    \n                                            \n                            \n                    \n                                            \n                            \n                    \n                                            \n                            \n                    \n                                            \n                            \n                    \n                                            \n                            \n                    \n                                            \n                            \n                    \n                                            \n                            \n                    \n                                            \n                            \n                    \n                                            \n                            \n                    \n                                            \n                            \n                    \n                                            \n                            \n                    \n                                            \n                            \n                    \n                                            \n                            \n                    \n                                            \n                            \n                    \n                                            \n                            \n                    \n                                            \n                            \n                    \n                                            \n                            \n                    \n                                            \n                            \n                    \n                                            \n                            \n                    \n                                            \n                            \n                    \n                                            \n                            \n                    \n                                            \n                            \n                    \n                                            \n                            \n                    \n                                            \n                            \n                    \n                                            \n                            \n                    \n                                            \n                            \n                    \n                                            \n                            \n                    \n                                            \n                            \n                    \n                                            \n                            \n                    \n                                            \n                            \n                    \n                                            \n                            \n                    \n                                            \n                            \n                    \n                                            \n                            \n                    \n                                            \n                            \n                    \n                                            \n                            \n                    \n                                            \n                            \n                    \n                                            \n                            \n                    \n                                            \n                            \n                    \n                                            \n                            \n                    \n                                            \n                            \n                    \n                                            \n                            \n                    \n                                            \n                            \n                    \n                                            \n                            \n                    \n                                            \n                            \n                    \n                                            \n                            \n                    \n                                            \n                            \n                    \n                                            \n                            \n                    \n                                            \n                            \n                    \n                                            \n                            \n                    \n                                            \n                            \n                    \n                                            \n                            \n                    \n                                            \n                            \n                    \n                                            \n                            \n                    \n                                            \n                            \n                    \n                                            \n                            \n                    \n                                            \n                            \n                    \n                                            \n                            \n                    \n                                            \n                            \n                    \n                                            \n                            \n                    \n                                            \n                            \n                    \n                                            \n                            \n                    \n                                            \n                            \n                    \n                                            \n                            \n                    \n                                            \n                            \n                    \n                                            \n                            \n                    \n                                            \n                            \n                    \n                                            \n                            \n                    \n                                            \n                            \n                    \n                                            \n                            \n                    \n                                            \n                            \n                    \n                                            \n                            \n                    \n                                            \n                            \n                    \n                                            \n                            \n                    \n                                            \n                            \n                    \n                                            \n                            \n                    \n                                            \n                            \n                    \n                                            \n                            \n                    \n                                            \n                            \n                    \n                                            \n                            \n                    \n                                            \n                            \n                    \n                                            \n                            \n                    \n                                            \n                            \n                    \n                                            \n                            \n                    \n                                            \n                            \n                    \n                                            \n                            \n                    \n                                            \n                            \n                    \n                                            \n                            \n                    \n                                            \n                            \n                    \n                                            \n                            \n                    \n                                            \n                            \n                    \n                                            \n                            \n                    \n                                            \n                            \n                    \n                                            \n                            \n                    \n                                            \n                            \n                    \n                                            \n                            \n                    \n                                            \n                            \n                    \n                                            \n                            \n                    \n                                            \n                            \n                    \n                                            \n                            \n                    \n                                            \n                            \n                    \n                                            \n                            \n                    \n                                            \n                            \n                    \n                                            \n                            \n                    \n                                            \n                            \n                    \n                                            \n                            \n                    \n                                            \n                            \n                    \n                                            \n                            \n                    \n                                            \n                            \n                    \n                                            \n                            \n                    \n                                            \n                            \n                    \n                                            \n                            \n                    \n                                            \n                            \n                    \n                                            \n                            \n                    \n                                            \n                            \n                    \n                                            \n                            \n                    \n                                            \n                            \n                    \n                                            \n                            \n                    \n                                            \n                            \n                    \n                                            \n                            \n                    \n                                            \n                            \n                    \n                                            \n                            \n                    \n                                            \n                            \n                    \n                                            \n                            \n                    \n                                            \n                            \n                    \n                                            \n                            \n                    \n                                            \n                            \n                    \n                                            \n                            \n                    \n                                            \n                            \n                    \n                                            \n                            \n                    \n                                            \n                            \n                    \n                                            \n                            \n                    \n                                            \n                            \n                    \n                                            \n                            \n                    \n                                            \n                            \n                    \n                                            \n                            \n                    \n                                            \n                            \n                    \n                                            \n                            \n                    \n                                            \n                            \n                    \n                                            \n                            \n                    \n                                            \n                            \n                    \n                                            \n                            \n                    \n                                            \n                            \n                    \n                                            \n                            \n                    \n                                            \n                            \n                    \n                                            \n                            \n                    \n                                            \n                            \n                    \n                                            \n                            \n                    \n                                            \n                            \n                    \n                                            \n                            \n                    \n                                            \n                            \n                    \n                                            \n                            \n                    \n                                            \n                            \n                    \n                                            \n                            \n                    \n                                            \n                            \n                    \n                                            \n                            \n                    \n                                            \n                            \n                    \n                                            \n                            \n                    \n                                            \n                            \n                    \n                                            \n                            \n                    \n                                            \n                            \n                    \n                                            \n                            \n                    \n                                            \n                            \n                    \n                                            \n                            \n                    \n                                            \n                            \n                    \n                                            \n                            \n                    \n                                            \n                            \n                    \n                                            \n                            \n                    \n                                            \n                            \n                    \n                                            \n                            \n                    \n                                            \n                            \n                    \n                                            \n                            \n                    \n                                            \n                            \n                    \n                                            \n                            \n                    \n                                            \n                            \n                    \n                                            \n                            \n                    \n                                            \n                            \n                    \n                                            \n                            \n                    \n                                            \n                            \n                    \n                                            \n                            \n                    \n                                            \n                            \n                    \n                                            \n                            \n                    \n                                            \n                            \n                    \n                                            \n                            \n                    \n                                            \n                            \n                    \n                                            \n                            \n                    \n                                            \n                            \n                    \n                                            \n                            \n                    \n                                            \n                            \n                    \n                                            \n                            \n                    \n                                            \n                            \n                    \n                                            \n                            \n                    \n                                            \n                            \n                    \n                                            \n                            \n                    \n                                            \n                            \n                    \n                                            \n                            \n                    \n                                            \n                            \n                    \n                                            \n                            \n                    \n                                            \n                            \n                    \n                                            \n                            \n                    \n                                            \n                            \n                    \n                                            \n                            \n                    \n                                            \n                            \n                    \n                                            \n                            \n                    \n                                            \n                            \n                    \n                                            \n                            \n                    \n                                            \n                            \n                    \n                                            \n                            \n                    \n                                            \n                            \n                    \n                                            \n                            \n                    \n                                            \n                            \n                    \n                                            \n                            \n                    \n                                            \n                            \n                    \n                                            \n                            \n                    \n                                            \n                            \n                    \n                                            \n                            \n                    \n                                            \n                            \n                    \n                                            \n                            \n                    \n                                            \n                            \n                    \n                                            \n                            \n                    \n                                            \n                            \n                    \n                                            \n                            \n                    \n                                            \n                            \n                    \n                                            \n                            \n                    \n                                            \n                            \n                    \n                                            \n                            \n                    \n                                            \n                            \n                    \n                                            \n                            \n                    \n                                            \n                            \n                    \n                                            \n                            \n\n\n\n\n\n\n\n\n\n\n\n\n\n\n\n\n\t<div class=\"m-postsList__item col-12 col-md-6 col-lg-6\">\n\n\t\t<a href=\"https:\/\/www.cbti-bkvt.org\/de\/evenement\/fr-le-certificat-successoral-europeen-source-precieuse-de-terminologie-dans-les-langues-de-lue\/\" title=\"\" class=\"m-postsList__item__link\">\n\n\t\t\t<div class=\"m-postsList__item__child\">\n\n\t\t\t\t<div class=\"m-postsList__item__img \"><img \n\t   \tsrc=\"https:\/\/www.cbti-bkvt.org\/wp-content\/uploads\/WhatsApp-Image-2024-10-15-a-10.20.54_8bf948a1-1-540x360.jpg\" \n\t\tsrcset=\"https:\/\/www.cbti-bkvt.org\/wp-content\/uploads\/WhatsApp-Image-2024-10-15-a-10.20.54_8bf948a1-1-540x360.jpg 540w, https:\/\/www.cbti-bkvt.org\/wp-content\/uploads\/WhatsApp-Image-2024-10-15-a-10.20.54_8bf948a1-1-1000x666.jpg 768w, https:\/\/www.cbti-bkvt.org\/wp-content\/uploads\/WhatsApp-Image-2024-10-15-a-10.20.54_8bf948a1-1.jpg 1000w\" \n\t\tsizes=\"(min-width:768px) 540px, (min-width:1000px) 1000px, 100vw\"  \n\t\talt=\"WhatsApp Image 2024-10-15 \u00e0 10.20.54_8bf948a1\"\n\t \/><\/div>\n\t\t\t\n\t\t\t\t<div class=\"m-postsList__item__content\">\n\n\t\t\t\t\t\t\t\t\t\t\n\t\t\t\t\t\n\t\t\t\t\t\t\t\t\t\n\t\t\t\t\t<p class=\"m-postsList__item__title  m-postsList__item__title--s1\">[FR] Le certificat successoral europ\u00e9en &#8211; source pr\u00e9cieuse de terminologie dans les langues de l&#8217;UE<\/p>\n\n\t\t\t\t\t\n\t\t\t\t\t\n\t\t\t\t\t\t<p class=\"m-postsList__item__meta m-postsList__item__meta--s1\">\n\n\t\t\t\t\t\t\t\t\t\t\t\t\t\t\n\t\t\t\t\t\t\t\t\t\t\t\t\t\t<span class=\"m-postsList__item__meta__label\">Datum: 19 May 2026 &#8211; Uhr: 14:00 Bis 17:00\t\t\t\t\t\t\t\n\t\t\t\t\t\t\t\t\t\t\t\t\t\t\t<span class=\"m-postsList__item__meta__label\"><br \/>Ort: <\/span> ULB Bruxelles (S.UD6.114)\t\t\t\t\t\t\t\n\t\t\t\t\t\t\t| <span class=\"m-postsList__item__meta__label\">Kategorie: <\/span>Fortbildung, Vereidigte \u00dcbersetzer\/Dolmetscher\t\t\t\t\t\t\n\t\t\t\t\t\t<\/p>\n\n\t\t\t\t\t\n\t\t\t\t\t\n\t\t\t\t\t\n\t\t\t\t\t\n\t\t\t\t\t\t\t\t\t\t<div class=\"m-actionContainer\">\n\t\t\t\t\t\t<div class=\"m-action\">\n\t\t\t\t\t\t\t<span>Mehr erfahren<\/span>\n\t\t\t\t\t\t<\/div>\n\t\t\t\t\t<\/div><!-- \/actionContainer -->\n\t\t\t\t\t\t\t\t\n\t\t\t\t<\/div><!-- \/postsList__item__child__content -->\n\t\t\t<\/div><!-- \/postsList__item__child -->\n\t\t<\/a><!-- \/postsList__item__link -->\n\t<\/div><!-- \/postsList__item -->\n\n\n\n\n\n                    \n                                            \n                            \n\n\n\n\n\n\n\n\n\n\n\n\n\n\n\n\n\t<div class=\"m-postsList__item col-12 col-md-6 col-lg-6\">\n\n\t\t<a href=\"https:\/\/www.cbti-bkvt.org\/de\/evenement\/journee-de-rencontre-des-tij-de-la-cbti-2\/\" title=\"\" class=\"m-postsList__item__link\">\n\n\t\t\t<div class=\"m-postsList__item__child\">\n\n\t\t\t\t<div class=\"m-postsList__item__img \"><img \n\t   \tsrc=\"https:\/\/www.cbti-bkvt.org\/wp-content\/uploads\/Liege-540x360.jpg\" \n\t\tsrcset=\"https:\/\/www.cbti-bkvt.org\/wp-content\/uploads\/Liege-540x360.jpg 540w, https:\/\/www.cbti-bkvt.org\/wp-content\/uploads\/Liege-1000x666.jpg 768w, https:\/\/www.cbti-bkvt.org\/wp-content\/uploads\/Liege-2000x1333.jpg 1000w\" \n\t\tsizes=\"(min-width:768px) 540px, (min-width:1000px) 1000px, 100vw\"  \n\t\talt=\"Liege\"\n\t \/><\/div>\n\t\t\t\n\t\t\t\t<div class=\"m-postsList__item__content\">\n\n\t\t\t\t\t\t\t\t\t\t\n\t\t\t\t\t\n\t\t\t\t\t\t\t\t\t\n\t\t\t\t\t<p class=\"m-postsList__item__title  m-postsList__item__title--s1\">Journ\u00e9e de rencontre des TIJ de la CBTI<\/p>\n\n\t\t\t\t\t\n\t\t\t\t\t\n\t\t\t\t\t\t<p class=\"m-postsList__item__meta m-postsList__item__meta--s1\">\n\n\t\t\t\t\t\t\t\t\t\t\t\t\t\t\n\t\t\t\t\t\t\t\t\t\t\t\t\t\t<span class=\"m-postsList__item__meta__label\">Datum: 27 June 2026 &#8211; Uhr: 09:30 Bis 17:00\t\t\t\t\t\t\t\n\t\t\t\t\t\t\t\t\t\t\t\t\t\t\t<span class=\"m-postsList__item__meta__label\"><br \/>Ort: <\/span> Li\u00e8ge\t\t\t\t\t\t\t\n\t\t\t\t\t\t\t| <span class=\"m-postsList__item__meta__label\">Kategorie: <\/span>Vereidigte \u00dcbersetzer\/Dolmetscher\t\t\t\t\t\t\n\t\t\t\t\t\t<\/p>\n\n\t\t\t\t\t\n\t\t\t\t\t\n\t\t\t\t\t\n\t\t\t\t\t\n\t\t\t\t\t\t\t\t\t\t<div class=\"m-actionContainer\">\n\t\t\t\t\t\t<div class=\"m-action\">\n\t\t\t\t\t\t\t<span>Mehr erfahren<\/span>\n\t\t\t\t\t\t<\/div>\n\t\t\t\t\t<\/div><!-- \/actionContainer -->\n\t\t\t\t\t\t\t\t\n\t\t\t\t<\/div><!-- \/postsList__item__child__content -->\n\t\t\t<\/div><!-- \/postsList__item__child -->\n\t\t<\/a><!-- \/postsList__item__link -->\n\t<\/div><!-- \/postsList__item -->\n\n\n\n\n\n                    \n                                            \n                            \n\n\n\n\n\n\n\n\n\n\n\n\n\n\n\n\n\t<div class=\"m-postsList__item col-12 col-md-6 col-lg-6\">\n\n\t\t<a href=\"https:\/\/www.cbti-bkvt.org\/de\/evenement\/fete-des-benevoles-de-la-cbti-2\/\" title=\"\" class=\"m-postsList__item__link\">\n\n\t\t\t<div class=\"m-postsList__item__child\">\n\n\t\t\t\t<div class=\"m-postsList__item__img \"><img \n\t   \tsrc=\"https:\/\/www.cbti-bkvt.org\/wp-content\/uploads\/alyona-yankovska-7EbGkOm8pWM-unsplash-540x360.jpg\" \n\t\tsrcset=\"https:\/\/www.cbti-bkvt.org\/wp-content\/uploads\/alyona-yankovska-7EbGkOm8pWM-unsplash-540x360.jpg 540w, https:\/\/www.cbti-bkvt.org\/wp-content\/uploads\/alyona-yankovska-7EbGkOm8pWM-unsplash-1000x666.jpg 768w, https:\/\/www.cbti-bkvt.org\/wp-content\/uploads\/alyona-yankovska-7EbGkOm8pWM-unsplash-2000x1333.jpg 1000w\" \n\t\tsizes=\"(min-width:768px) 540px, (min-width:1000px) 1000px, 100vw\"  \n\t\talt=\"alyona-yankovska-7EbGkOm8pWM-unsplash\"\n\t \/><\/div>\n\t\t\t\n\t\t\t\t<div class=\"m-postsList__item__content\">\n\n\t\t\t\t\t\t\t\t\t\t\n\t\t\t\t\t\n\t\t\t\t\t\t\t\t\t\n\t\t\t\t\t<p class=\"m-postsList__item__title  m-postsList__item__title--s1\">F\u00eate des b\u00e9n\u00e9voles de la CBTI<\/p>\n\n\t\t\t\t\t\n\t\t\t\t\t\n\t\t\t\t\t\t<p class=\"m-postsList__item__meta m-postsList__item__meta--s1\">\n\n\t\t\t\t\t\t\t\t\t\t\t\t\t\t\n\t\t\t\t\t\t\t\t\t\t\t\t\t\t<span class=\"m-postsList__item__meta__label\">Datum: 6 September 2026 &#8211; Uhr: 00:00 Bis 00:00\t\t\t\t\t\t\t\n\t\t\t\t\t\t\t\n\t\t\t\t\t\t\t| <span class=\"m-postsList__item__meta__label\">Kategorie: <\/span>CBTI\/BKVT aktuell\t\t\t\t\t\t\n\t\t\t\t\t\t<\/p>\n\n\t\t\t\t\t\n\t\t\t\t\t\n\t\t\t\t\t\n\t\t\t\t\t\n\t\t\t\t\t\t\t\t\t\t<div class=\"m-actionContainer\">\n\t\t\t\t\t\t<div class=\"m-action\">\n\t\t\t\t\t\t\t<span>Mehr erfahren<\/span>\n\t\t\t\t\t\t<\/div>\n\t\t\t\t\t<\/div><!-- \/actionContainer -->\n\t\t\t\t\t\t\t\t\n\t\t\t\t<\/div><!-- \/postsList__item__child__content -->\n\t\t\t<\/div><!-- \/postsList__item__child -->\n\t\t<\/a><!-- \/postsList__item__link -->\n\t<\/div><!-- \/postsList__item -->\n\n\n\n\n\n                    \n                    \n                    \n                <\/div><!-- \/ end row -->\n\n             \n                \n                    <h2 id=\"pastEvents\"><span class=\"ez-toc-section\" id=\"Vergangene_Veranstaltungen\"><\/span>Vergangene Veranstaltungen<span class=\"ez-toc-section-end\"><\/span><\/h2>\n\n                \n                <div class=\"row m-txt--s9\">\n\n                    \n                    \n                                            \n                            \n                    \n                                            \n                            \n                    \n                                            \n                            \n                    \n                                            \n                            \n\n\n\n\n\n\n\n\n\n\n\n\n\n\n\n\n\t<div class=\"m-postsList__item col-12 col-md-6 col-lg-6\">\n\n\t\t<a href=\"https:\/\/www.cbti-bkvt.org\/de\/evenement\/borrelavond-courtrai\/\" title=\"\" class=\"m-postsList__item__link\">\n\n\t\t\t<div class=\"m-postsList__item__child\">\n\n\t\t\t\t<div class=\"m-postsList__item__img \"><img \n\t   \tsrc=\"https:\/\/www.cbti-bkvt.org\/wp-content\/uploads\/Kaffee-Damast_Bistro_Texture_Kortrijk_Jst_0060-540x360.webp\" \n\t\tsrcset=\"https:\/\/www.cbti-bkvt.org\/wp-content\/uploads\/Kaffee-Damast_Bistro_Texture_Kortrijk_Jst_0060-540x360.webp 540w, https:\/\/www.cbti-bkvt.org\/wp-content\/uploads\/Kaffee-Damast_Bistro_Texture_Kortrijk_Jst_0060-1000x666.webp 768w, https:\/\/www.cbti-bkvt.org\/wp-content\/uploads\/Kaffee-Damast_Bistro_Texture_Kortrijk_Jst_0060-e1771502183739.webp 1000w\" \n\t\tsizes=\"(min-width:768px) 540px, (min-width:1000px) 1000px, 100vw\"  \n\t\talt=\"Kaffee-Damast_Bistro_Texture_Kortrijk_Jst_0060\"\n\t \/><\/div>\n\t\t\t\n\t\t\t\t<div class=\"m-postsList__item__content\">\n\n\t\t\t\t\t\t\t\t\t\t\n\t\t\t\t\t\n\t\t\t\t\t\t\t\t\t\n\t\t\t\t\t<p class=\"m-postsList__item__title  m-postsList__item__title--s1\">Borrelavond Courtrai<\/p>\n\n\t\t\t\t\t\n\t\t\t\t\t\n\t\t\t\t\t\t<p class=\"m-postsList__item__meta m-postsList__item__meta--s1\">\n\n\t\t\t\t\t\t\t\t\t\t\t\t\t\t\n\t\t\t\t\t\t\t\t\t\t\t\t\t\t<span class=\"m-postsList__item__meta__label\">Datum: 24 April 2026 &#8211; Uhr: 19:00 Bis 23:00\t\t\t\t\t\t\t\n\t\t\t\t\t\t\t\t\t\t\t\t\t\t\t<span class=\"m-postsList__item__meta__label\"><br \/>Ort: <\/span> Kaffee Damast Courtrai\t\t\t\t\t\t\t\n\t\t\t\t\t\t\t| <span class=\"m-postsList__item__meta__label\">Kategorie: <\/span>Stammtische\t\t\t\t\t\t\n\t\t\t\t\t\t<\/p>\n\n\t\t\t\t\t\n\t\t\t\t\t\n\t\t\t\t\t\n\t\t\t\t\t\n\t\t\t\t\t\t\t\t\t\t<div class=\"m-actionContainer\">\n\t\t\t\t\t\t<div class=\"m-action\">\n\t\t\t\t\t\t\t<span>Mehr erfahren<\/span>\n\t\t\t\t\t\t<\/div>\n\t\t\t\t\t<\/div><!-- \/actionContainer -->\n\t\t\t\t\t\t\t\t\n\t\t\t\t<\/div><!-- \/postsList__item__child__content -->\n\t\t\t<\/div><!-- \/postsList__item__child -->\n\t\t<\/a><!-- \/postsList__item__link -->\n\t<\/div><!-- \/postsList__item -->\n\n\n\n\n\n                    \n                                            \n                            \n\n\n\n\n\n\n\n\n\n\n\n\n\n\n\n\n\t<div class=\"m-postsList__item col-12 col-md-6 col-lg-6\">\n\n\t\t<a href=\"https:\/\/www.cbti-bkvt.org\/de\/evenement\/fr-webinaire-ia-vs-ih-exercer-pleinement-son-jugement-humain-a-lere-de-la-traduction-automatique\/\" title=\"\" class=\"m-postsList__item__link\">\n\n\t\t\t<div class=\"m-postsList__item__child\">\n\n\t\t\t\t<div class=\"m-postsList__item__img \"><img \n\t   \tsrc=\"https:\/\/www.cbti-bkvt.org\/wp-content\/uploads\/J.-Lepine-baniere-site-540x360.png\" \n\t\tsrcset=\"https:\/\/www.cbti-bkvt.org\/wp-content\/uploads\/J.-Lepine-baniere-site-540x360.png 540w, https:\/\/www.cbti-bkvt.org\/wp-content\/uploads\/J.-Lepine-baniere-site-1000x666.png 768w, https:\/\/www.cbti-bkvt.org\/wp-content\/uploads\/J.-Lepine-baniere-site.png 1000w\" \n\t\tsizes=\"(min-width:768px) 540px, (min-width:1000px) 1000px, 100vw\"  \n\t\talt=\"J. L\u00e9pine - bani\u00e8re site\"\n\t \/><\/div>\n\t\t\t\n\t\t\t\t<div class=\"m-postsList__item__content\">\n\n\t\t\t\t\t\t\t\t\t\t\n\t\t\t\t\t\n\t\t\t\t\t\t\t\t\t\n\t\t\t\t\t<p class=\"m-postsList__item__title  m-postsList__item__title--s1\">[FR] WEBINAIRE &#8211; IA vs IH : exercer pleinement son jugement humain \u00e0 l\u2019\u00e8re de la traduction automatique<\/p>\n\n\t\t\t\t\t\n\t\t\t\t\t\n\t\t\t\t\t\t<p class=\"m-postsList__item__meta m-postsList__item__meta--s1\">\n\n\t\t\t\t\t\t\t\t\t\t\t\t\t\t\n\t\t\t\t\t\t\t\t\t\t\t\t\t\t<span class=\"m-postsList__item__meta__label\">Datum: 8 April 2026 &#8211; Uhr: 19:00 Bis 21:00\t\t\t\t\t\t\t\n\t\t\t\t\t\t\t\t\t\t\t\t\t\t\t<span class=\"m-postsList__item__meta__label\"><br \/>Ort: <\/span> Zoom\t\t\t\t\t\t\t\n\t\t\t\t\t\t\t| <span class=\"m-postsList__item__meta__label\">Kategorie: <\/span>Fortbildung\t\t\t\t\t\t\n\t\t\t\t\t\t<\/p>\n\n\t\t\t\t\t\n\t\t\t\t\t\n\t\t\t\t\t\n\t\t\t\t\t\n\t\t\t\t\t\t\t\t\t\t<div class=\"m-actionContainer\">\n\t\t\t\t\t\t<div class=\"m-action\">\n\t\t\t\t\t\t\t<span>Mehr erfahren<\/span>\n\t\t\t\t\t\t<\/div>\n\t\t\t\t\t<\/div><!-- \/actionContainer -->\n\t\t\t\t\t\t\t\t\n\t\t\t\t<\/div><!-- \/postsList__item__child__content -->\n\t\t\t<\/div><!-- \/postsList__item__child -->\n\t\t<\/a><!-- \/postsList__item__link -->\n\t<\/div><!-- \/postsList__item -->\n\n\n\n\n\n                    \n                                            \n                            \n\n\n\n\n\n\n\n\n\n\n\n\n\n\n\n\n\t<div class=\"m-postsList__item col-12 col-md-6 col-lg-6\">\n\n\t\t<a href=\"https:\/\/www.cbti-bkvt.org\/de\/evenement\/webinar-eng-interpretbank-fundamentals-and-core-use\/\" title=\"\" class=\"m-postsList__item__link\">\n\n\t\t\t<div class=\"m-postsList__item__child\">\n\n\t\t\t\t<div class=\"m-postsList__item__img \"><img \n\t   \tsrc=\"https:\/\/www.cbti-bkvt.org\/wp-content\/uploads\/Banniere-sitev2-540x360.png\" \n\t\tsrcset=\"https:\/\/www.cbti-bkvt.org\/wp-content\/uploads\/Banniere-sitev2-540x360.png 540w, https:\/\/www.cbti-bkvt.org\/wp-content\/uploads\/Banniere-sitev2-1000x666.png 768w, https:\/\/www.cbti-bkvt.org\/wp-content\/uploads\/Banniere-sitev2-2000x1333.png 1000w\" \n\t\tsizes=\"(min-width:768px) 540px, (min-width:1000px) 1000px, 100vw\"  \n\t\talt=\"Banni\u00e8re sitev2\"\n\t \/><\/div>\n\t\t\t\n\t\t\t\t<div class=\"m-postsList__item__content\">\n\n\t\t\t\t\t\t\t\t\t\t\n\t\t\t\t\t\n\t\t\t\t\t\t\t\t\t\n\t\t\t\t\t<p class=\"m-postsList__item__title  m-postsList__item__title--s1\">WEBINAR \u2013 [ENG] InterpretBank: Fundamentals and Core Use\u00a0<\/p>\n\n\t\t\t\t\t\n\t\t\t\t\t\n\t\t\t\t\t\t<p class=\"m-postsList__item__meta m-postsList__item__meta--s1\">\n\n\t\t\t\t\t\t\t\t\t\t\t\t\t\t\n\t\t\t\t\t\t\t\t\t\t\t\t\t\t<span class=\"m-postsList__item__meta__label\">Datum: 28 March 2026 &#8211; Uhr: 10:00 Bis 13:00\t\t\t\t\t\t\t\n\t\t\t\t\t\t\t\t\t\t\t\t\t\t\t<span class=\"m-postsList__item__meta__label\"><br \/>Ort: <\/span> Online\t\t\t\t\t\t\t\n\t\t\t\t\t\t\t| <span class=\"m-postsList__item__meta__label\">Kategorie: <\/span>Dolmetscher, Fortbildung\t\t\t\t\t\t\n\t\t\t\t\t\t<\/p>\n\n\t\t\t\t\t\n\t\t\t\t\t\n\t\t\t\t\t\n\t\t\t\t\t\n\t\t\t\t\t\t\t\t\t\t<div class=\"m-actionContainer\">\n\t\t\t\t\t\t<div class=\"m-action\">\n\t\t\t\t\t\t\t<span>Mehr erfahren<\/span>\n\t\t\t\t\t\t<\/div>\n\t\t\t\t\t<\/div><!-- \/actionContainer -->\n\t\t\t\t\t\t\t\t\n\t\t\t\t<\/div><!-- \/postsList__item__child__content -->\n\t\t\t<\/div><!-- \/postsList__item__child -->\n\t\t<\/a><!-- \/postsList__item__link -->\n\t<\/div><!-- \/postsList__item -->\n\n\n\n\n\n                    \n                                            \n                            \n\n\n\n\n\n\n\n\n\n\n\n\n\n\n\n\n\t<div class=\"m-postsList__item col-12 col-md-6 col-lg-6\">\n\n\t\t<a href=\"https:\/\/www.cbti-bkvt.org\/de\/evenement\/assemblee-generale-2026\/\" title=\"\" class=\"m-postsList__item__link\">\n\n\t\t\t<div class=\"m-postsList__item__child\">\n\n\t\t\t\t<div class=\"m-postsList__item__img \"><img \n\t   \tsrc=\"https:\/\/www.cbti-bkvt.org\/wp-content\/uploads\/sincerely-media-dGxOgeXAXm8-unsplash-1-540x360.jpg\" \n\t\tsrcset=\"https:\/\/www.cbti-bkvt.org\/wp-content\/uploads\/sincerely-media-dGxOgeXAXm8-unsplash-1-540x360.jpg 540w, https:\/\/www.cbti-bkvt.org\/wp-content\/uploads\/sincerely-media-dGxOgeXAXm8-unsplash-1-1000x666.jpg 768w, https:\/\/www.cbti-bkvt.org\/wp-content\/uploads\/sincerely-media-dGxOgeXAXm8-unsplash-1-2000x1333.jpg 1000w\" \n\t\tsizes=\"(min-width:768px) 540px, (min-width:1000px) 1000px, 100vw\"  \n\t\talt=\"sincerely-media-dGxOgeXAXm8-unsplash\"\n\t \/><\/div>\n\t\t\t\n\t\t\t\t<div class=\"m-postsList__item__content\">\n\n\t\t\t\t\t\t\t\t\t\t\n\t\t\t\t\t\n\t\t\t\t\t\t\t\t\t\n\t\t\t\t\t<p class=\"m-postsList__item__title  m-postsList__item__title--s1\">Assembl\u00e9e g\u00e9n\u00e9rale 2026<\/p>\n\n\t\t\t\t\t\n\t\t\t\t\t\n\t\t\t\t\t\t<p class=\"m-postsList__item__meta m-postsList__item__meta--s1\">\n\n\t\t\t\t\t\t\t\t\t\t\t\t\t\t\n\t\t\t\t\t\t\t\t\t\t\t\t\t\t<span class=\"m-postsList__item__meta__label\">Datum: 21 March 2026 &#8211; Uhr: 10:00 Bis 18:00\t\t\t\t\t\t\t\n\t\t\t\t\t\t\t\t\t\t\t\t\t\t\t<span class=\"m-postsList__item__meta__label\"><br \/>Ort: <\/span> ULB &#8211; Ixelles\t\t\t\t\t\t\t\n\t\t\t\t\t\t\t| <span class=\"m-postsList__item__meta__label\">Kategorie: <\/span>Generalversammlung\t\t\t\t\t\t\n\t\t\t\t\t\t<\/p>\n\n\t\t\t\t\t\n\t\t\t\t\t\n\t\t\t\t\t\n\t\t\t\t\t\n\t\t\t\t\t\t\t\t\t\t<div class=\"m-actionContainer\">\n\t\t\t\t\t\t<div class=\"m-action\">\n\t\t\t\t\t\t\t<span>Mehr erfahren<\/span>\n\t\t\t\t\t\t<\/div>\n\t\t\t\t\t<\/div><!-- \/actionContainer -->\n\t\t\t\t\t\t\t\t\n\t\t\t\t<\/div><!-- \/postsList__item__child__content -->\n\t\t\t<\/div><!-- \/postsList__item__child -->\n\t\t<\/a><!-- \/postsList__item__link -->\n\t<\/div><!-- \/postsList__item -->\n\n\n\n\n\n                    \n                                            \n                            \n\n\n\n\n\n\n\n\n\n\n\n\n\n\n\n\n\t<div class=\"m-postsList__item col-12 col-md-6 col-lg-6\">\n\n\t\t<a href=\"https:\/\/www.cbti-bkvt.org\/de\/evenement\/conference-eulita-2026\/\" title=\"\" class=\"m-postsList__item__link\">\n\n\t\t\t<div class=\"m-postsList__item__child\">\n\n\t\t\t\t<div class=\"m-postsList__item__img \"><img \n\t   \tsrc=\"https:\/\/www.cbti-bkvt.org\/wp-content\/uploads\/Eulita-2026-540x360.png\" \n\t\tsrcset=\"https:\/\/www.cbti-bkvt.org\/wp-content\/uploads\/Eulita-2026-540x360.png 540w, https:\/\/www.cbti-bkvt.org\/wp-content\/uploads\/Eulita-2026-1000x666.png 768w, https:\/\/www.cbti-bkvt.org\/wp-content\/uploads\/Eulita-2026.png 1000w\" \n\t\tsizes=\"(min-width:768px) 540px, (min-width:1000px) 1000px, 100vw\"  \n\t\talt=\"Eulita 2026\"\n\t \/><\/div>\n\t\t\t\n\t\t\t\t<div class=\"m-postsList__item__content\">\n\n\t\t\t\t\t\t\t\t\t\t\n\t\t\t\t\t\n\t\t\t\t\t\t\t\t\t\n\t\t\t\t\t<p class=\"m-postsList__item__title  m-postsList__item__title--s1\">Conf\u00e9rence EULITA 2026<\/p>\n\n\t\t\t\t\t\n\t\t\t\t\t\n\t\t\t\t\t\t<p class=\"m-postsList__item__meta m-postsList__item__meta--s1\">\n\n\t\t\t\t\t\t\t\t\t\t\t\t\t\t\n\t\t\t\t\t\t\t\t\t\t\t\t\t\t<span class=\"m-postsList__item__meta__label\">Datum: 19 March 2026 &#8211; Uhr: 08:00 Bis 13:30\t\t\t\t\t\t\t\n\t\t\t\t\t\t\t\t\t\t\t\t\t\t\t<span class=\"m-postsList__item__meta__label\"><br \/>Ort: <\/span> Bari, Italie\t\t\t\t\t\t\t\n\t\t\t\t\t\t\t| <span class=\"m-postsList__item__meta__label\">Kategorie: <\/span>Konferenzen, Sonstige Veranstaltungen\t\t\t\t\t\t\n\t\t\t\t\t\t<\/p>\n\n\t\t\t\t\t\n\t\t\t\t\t\n\t\t\t\t\t\n\t\t\t\t\t\n\t\t\t\t\t\t\t\t\t\t<div class=\"m-actionContainer\">\n\t\t\t\t\t\t<div class=\"m-action\">\n\t\t\t\t\t\t\t<span>Mehr erfahren<\/span>\n\t\t\t\t\t\t<\/div>\n\t\t\t\t\t<\/div><!-- \/actionContainer -->\n\t\t\t\t\t\t\t\t\n\t\t\t\t<\/div><!-- \/postsList__item__child__content -->\n\t\t\t<\/div><!-- \/postsList__item__child -->\n\t\t<\/a><!-- \/postsList__item__link -->\n\t<\/div><!-- \/postsList__item -->\n\n\n\n\n\n                    \n                                            \n                            \n\n\n\n\n\n\n\n\n\n\n\n\n\n\n\n\n\t<div class=\"m-postsList__item col-12 col-md-6 col-lg-6\">\n\n\t\t<a href=\"https:\/\/www.cbti-bkvt.org\/de\/evenement\/rencontre-entre-collegues-a-liege\/\" title=\"\" class=\"m-postsList__item__link\">\n\n\t\t\t<div class=\"m-postsList__item__child\">\n\n\t\t\t\t<div class=\"m-postsList__item__img \"><img \n\t   \tsrc=\"https:\/\/www.cbti-bkvt.org\/wp-content\/uploads\/Borrelavond-Liege-photo-1-IMG_2364-540x360.jpg\" \n\t\tsrcset=\"https:\/\/www.cbti-bkvt.org\/wp-content\/uploads\/Borrelavond-Liege-photo-1-IMG_2364-540x360.jpg 540w, https:\/\/www.cbti-bkvt.org\/wp-content\/uploads\/Borrelavond-Liege-photo-1-IMG_2364-1000x666.jpg 768w, https:\/\/www.cbti-bkvt.org\/wp-content\/uploads\/Borrelavond-Liege-photo-1-IMG_2364.jpg 1000w\" \n\t\tsizes=\"(min-width:768px) 540px, (min-width:1000px) 1000px, 100vw\"  \n\t\talt=\"Borrelavond Liege photo 1 - IMG_2364\"\n\t \/><\/div>\n\t\t\t\n\t\t\t\t<div class=\"m-postsList__item__content\">\n\n\t\t\t\t\t\t\t\t\t\t\n\t\t\t\t\t\n\t\t\t\t\t\t\t\t\t\n\t\t\t\t\t<p class=\"m-postsList__item__title  m-postsList__item__title--s1\">Rencontre entre coll\u00e8gues \u00e0 Li\u00e8ge<\/p>\n\n\t\t\t\t\t\n\t\t\t\t\t\n\t\t\t\t\t\t<p class=\"m-postsList__item__meta m-postsList__item__meta--s1\">\n\n\t\t\t\t\t\t\t\t\t\t\t\t\t\t\n\t\t\t\t\t\t\t\t\t\t\t\t\t\t<span class=\"m-postsList__item__meta__label\">Datum: 6 March 2026 &#8211; Uhr: 18:30 Bis 21:30\t\t\t\t\t\t\t\n\t\t\t\t\t\t\t\t\t\t\t\t\t\t\t<span class=\"m-postsList__item__meta__label\"><br \/>Ort: <\/span> La Brasserie li\u00e9geoise, rue des Guillemins 119 \u00e0 4000 Li\u00e8ge\t\t\t\t\t\t\t\n\t\t\t\t\t\t\t| <span class=\"m-postsList__item__meta__label\">Kategorie: <\/span>Stammtische\t\t\t\t\t\t\n\t\t\t\t\t\t<\/p>\n\n\t\t\t\t\t\n\t\t\t\t\t\n\t\t\t\t\t\n\t\t\t\t\t\n\t\t\t\t\t\t\t\t\t\t<div class=\"m-actionContainer\">\n\t\t\t\t\t\t<div class=\"m-action\">\n\t\t\t\t\t\t\t<span>Mehr erfahren<\/span>\n\t\t\t\t\t\t<\/div>\n\t\t\t\t\t<\/div><!-- \/actionContainer -->\n\t\t\t\t\t\t\t\t\n\t\t\t\t<\/div><!-- \/postsList__item__child__content -->\n\t\t\t<\/div><!-- \/postsList__item__child -->\n\t\t<\/a><!-- \/postsList__item__link -->\n\t<\/div><!-- \/postsList__item -->\n\n\n\n\n\n                    \n                                            \n                            \n\n\n\n\n\n\n\n\n\n\n\n\n\n\n\n\n\t<div class=\"m-postsList__item col-12 col-md-6 col-lg-6\">\n\n\t\t<a href=\"https:\/\/www.cbti-bkvt.org\/de\/evenement\/la-cbti-celebre-le-nouvel-an-2026\/\" title=\"\" class=\"m-postsList__item__link\">\n\n\t\t\t<div class=\"m-postsList__item__child\">\n\n\t\t\t\t<div class=\"m-postsList__item__img \"><img \n\t   \tsrc=\"https:\/\/www.cbti-bkvt.org\/wp-content\/uploads\/2026-540x236.png\" \n\t\tsrcset=\"https:\/\/www.cbti-bkvt.org\/wp-content\/uploads\/2026-540x236.png 540w, https:\/\/www.cbti-bkvt.org\/wp-content\/uploads\/2026.png 768w, https:\/\/www.cbti-bkvt.org\/wp-content\/uploads\/2026.png 1000w\" \n\t\tsizes=\"(min-width:768px) 540px, (min-width:1000px) 1000px, 100vw\"  \n\t\talt=\"2026\"\n\t \/><\/div>\n\t\t\t\n\t\t\t\t<div class=\"m-postsList__item__content\">\n\n\t\t\t\t\t\t\t\t\t\t\n\t\t\t\t\t\n\t\t\t\t\t\t\t\t\t\n\t\t\t\t\t<p class=\"m-postsList__item__title  m-postsList__item__title--s1\">La CBTI c\u00e9l\u00e8bre le Nouvel An 2026 !<\/p>\n\n\t\t\t\t\t\n\t\t\t\t\t\n\t\t\t\t\t\t<p class=\"m-postsList__item__meta m-postsList__item__meta--s1\">\n\n\t\t\t\t\t\t\t\t\t\t\t\t\t\t\n\t\t\t\t\t\t\t\t\t\t\t\t\t\t<span class=\"m-postsList__item__meta__label\">Datum: 30 January 2026 &#8211; Uhr: 14:00 Bis 23:00\t\t\t\t\t\t\t\n\t\t\t\t\t\t\t\t\t\t\t\t\t\t\t<span class=\"m-postsList__item__meta__label\"><br \/>Ort: <\/span> Louise Hotel Brussels \u2013 MGallery Hotel\t\t\t\t\t\t\t\n\t\t\t\t\t\t\t| <span class=\"m-postsList__item__meta__label\">Kategorie: <\/span>CBTI\/BKVT aktuell\t\t\t\t\t\t\n\t\t\t\t\t\t<\/p>\n\n\t\t\t\t\t\n\t\t\t\t\t\n\t\t\t\t\t\n\t\t\t\t\t\n\t\t\t\t\t\t\t\t\t\t<div class=\"m-actionContainer\">\n\t\t\t\t\t\t<div class=\"m-action\">\n\t\t\t\t\t\t\t<span>Mehr erfahren<\/span>\n\t\t\t\t\t\t<\/div>\n\t\t\t\t\t<\/div><!-- \/actionContainer -->\n\t\t\t\t\t\t\t\t\n\t\t\t\t<\/div><!-- \/postsList__item__child__content -->\n\t\t\t<\/div><!-- \/postsList__item__child -->\n\t\t<\/a><!-- \/postsList__item__link -->\n\t<\/div><!-- \/postsList__item -->\n\n\n\n\n\n                    \n                                            \n                            \n\n\n\n\n\n\n\n\n\n\n\n\n\n\n\n\n\t<div class=\"m-postsList__item col-12 col-md-6 col-lg-6\">\n\n\t\t<a href=\"https:\/\/www.cbti-bkvt.org\/de\/evenement\/soiree-langue-culture-autour-du-danois-reseau-informel-cbti-iti-avec-le-soutien-du-reseau-anglo-francais-raf-de-la-cbti\/\" title=\"\" class=\"m-postsList__item__link\">\n\n\t\t\t<div class=\"m-postsList__item__child\">\n\n\t\t\t\t<div class=\"m-postsList__item__img \"><img \n\t   \tsrc=\"https:\/\/www.cbti-bkvt.org\/wp-content\/uploads\/Soiree-danois-540x360.png\" \n\t\tsrcset=\"https:\/\/www.cbti-bkvt.org\/wp-content\/uploads\/Soiree-danois-540x360.png 540w, https:\/\/www.cbti-bkvt.org\/wp-content\/uploads\/Soiree-danois-1000x666.png 768w, https:\/\/www.cbti-bkvt.org\/wp-content\/uploads\/Soiree-danois.png 1000w\" \n\t\tsizes=\"(min-width:768px) 540px, (min-width:1000px) 1000px, 100vw\"  \n\t\talt=\"Soir\u00e9e danois\"\n\t \/><\/div>\n\t\t\t\n\t\t\t\t<div class=\"m-postsList__item__content\">\n\n\t\t\t\t\t\t\t\t\t\t\n\t\t\t\t\t\n\t\t\t\t\t\t\t\t\t\n\t\t\t\t\t<p class=\"m-postsList__item__title  m-postsList__item__title--s1\">Soir\u00e9e langue &amp; culture autour du danois (r\u00e9seau informel CBTI \u2013 ITI) &#8211; avec le soutien du r\u00e9seau anglo-fran\u00e7ais (RAF) de la CBTI<\/p>\n\n\t\t\t\t\t\n\t\t\t\t\t\n\t\t\t\t\t\t<p class=\"m-postsList__item__meta m-postsList__item__meta--s1\">\n\n\t\t\t\t\t\t\t\t\t\t\t\t\t\t\n\t\t\t\t\t\t\t\t\t\t\t\t\t\t<span class=\"m-postsList__item__meta__label\">Datum: 16 December 2025 &#8211; Uhr: 18:45 Bis 21:00\t\t\t\t\t\t\t\n\t\t\t\t\t\t\t\t\t\t\t\t\t\t\t<span class=\"m-postsList__item__meta__label\"><br \/>Ort: <\/span> Press Club, 95 Rue Froissart, 1040 Bruxelles\t\t\t\t\t\t\t\n\t\t\t\t\t\t\t| <span class=\"m-postsList__item__meta__label\">Kategorie: <\/span>Sonstige Veranstaltungen\t\t\t\t\t\t\n\t\t\t\t\t\t<\/p>\n\n\t\t\t\t\t\n\t\t\t\t\t\n\t\t\t\t\t\n\t\t\t\t\t\n\t\t\t\t\t\t\t\t\t\t<div class=\"m-actionContainer\">\n\t\t\t\t\t\t<div class=\"m-action\">\n\t\t\t\t\t\t\t<span>Mehr erfahren<\/span>\n\t\t\t\t\t\t<\/div>\n\t\t\t\t\t<\/div><!-- \/actionContainer -->\n\t\t\t\t\t\t\t\t\n\t\t\t\t<\/div><!-- \/postsList__item__child__content -->\n\t\t\t<\/div><!-- \/postsList__item__child -->\n\t\t<\/a><!-- \/postsList__item__link -->\n\t<\/div><!-- \/postsList__item -->\n\n\n\n\n\n                    \n                                            \n                            \n\n\n\n\n\n\n\n\n\n\n\n\n\n\n\n\n\t<div class=\"m-postsList__item col-12 col-md-6 col-lg-6\">\n\n\t\t<a href=\"https:\/\/www.cbti-bkvt.org\/de\/evenement\/formation-traduire-et-interpreter-a-lere-de-lia-ateliers-pratiques\/\" title=\"\" class=\"m-postsList__item__link\">\n\n\t\t\t<div class=\"m-postsList__item__child\">\n\n\t\t\t\t<div class=\"m-postsList__item__img \"><img \n\t   \tsrc=\"https:\/\/www.cbti-bkvt.org\/wp-content\/uploads\/Visuel-site-1-e1758736057146-1-540x360.png\" \n\t\tsrcset=\"https:\/\/www.cbti-bkvt.org\/wp-content\/uploads\/Visuel-site-1-e1758736057146-1-540x360.png 540w, https:\/\/www.cbti-bkvt.org\/wp-content\/uploads\/Visuel-site-1-e1758736057146-1-1000x666.png 768w, https:\/\/www.cbti-bkvt.org\/wp-content\/uploads\/Visuel-site-1-e1758736057146-1.png 1000w\" \n\t\tsizes=\"(min-width:768px) 540px, (min-width:1000px) 1000px, 100vw\"  \n\t\talt=\"Visuel-site-1-e1758736057146\"\n\t \/><\/div>\n\t\t\t\n\t\t\t\t<div class=\"m-postsList__item__content\">\n\n\t\t\t\t\t\t\t\t\t\t\n\t\t\t\t\t\n\t\t\t\t\t\t\t\t\t\n\t\t\t\t\t<p class=\"m-postsList__item__title  m-postsList__item__title--s1\">Formation &#8211; Traduire et interpr\u00e9ter \u00e0 l\u2019\u00e8re de l\u2019IA\u202f: ateliers pratiques\u00a0\u00a0<\/p>\n\n\t\t\t\t\t\n\t\t\t\t\t\n\t\t\t\t\t\t<p class=\"m-postsList__item__meta m-postsList__item__meta--s1\">\n\n\t\t\t\t\t\t\t\t\t\t\t\t\t\t\n\t\t\t\t\t\t\t\t\t\t\t\t\t\t<span class=\"m-postsList__item__meta__label\">Datum: 15 November 2025 &#8211; Uhr: 09:00 Bis 13:00\t\t\t\t\t\t\t\n\t\t\t\t\t\t\t\t\t\t\t\t\t\t\t<span class=\"m-postsList__item__meta__label\"><br \/>Ort: <\/span> Rue Montagne aux Herbes Potag\u00e8res, 26 (locaux de la KUL)\t\t\t\t\t\t\t\n\t\t\t\t\t\t\t| <span class=\"m-postsList__item__meta__label\">Kategorie: <\/span>Fortbildung\t\t\t\t\t\t\n\t\t\t\t\t\t<\/p>\n\n\t\t\t\t\t\n\t\t\t\t\t\n\t\t\t\t\t\n\t\t\t\t\t\n\t\t\t\t\t\t\t\t\t\t<div class=\"m-actionContainer\">\n\t\t\t\t\t\t<div class=\"m-action\">\n\t\t\t\t\t\t\t<span>Mehr erfahren<\/span>\n\t\t\t\t\t\t<\/div>\n\t\t\t\t\t<\/div><!-- \/actionContainer -->\n\t\t\t\t\t\t\t\t\n\t\t\t\t<\/div><!-- \/postsList__item__child__content -->\n\t\t\t<\/div><!-- \/postsList__item__child -->\n\t\t<\/a><!-- \/postsList__item__link -->\n\t<\/div><!-- \/postsList__item -->\n\n\n\n\n\n                    \n                                            \n                            \n\n\n\n\n\n\n\n\n\n\n\n\n\n\n\n\n\t<div class=\"m-postsList__item col-12 col-md-6 col-lg-6\">\n\n\t\t<a href=\"https:\/\/www.cbti-bkvt.org\/de\/evenement\/reunion-pleniere-de-linguajuris\/\" title=\"\" class=\"m-postsList__item__link\">\n\n\t\t\t<div class=\"m-postsList__item__child\">\n\n\t\t\t\t<div class=\"m-postsList__item__img \"><img \n\t   \tsrc=\"https:\/\/www.cbti-bkvt.org\/wp-content\/uploads\/annie-spratt-hCb3lIB8L8E-unsplash-540x360.jpg\" \n\t\tsrcset=\"https:\/\/www.cbti-bkvt.org\/wp-content\/uploads\/annie-spratt-hCb3lIB8L8E-unsplash-540x360.jpg 540w, https:\/\/www.cbti-bkvt.org\/wp-content\/uploads\/annie-spratt-hCb3lIB8L8E-unsplash-1000x666.jpg 768w, https:\/\/www.cbti-bkvt.org\/wp-content\/uploads\/annie-spratt-hCb3lIB8L8E-unsplash-2000x1333.jpg 1000w\" \n\t\tsizes=\"(min-width:768px) 540px, (min-width:1000px) 1000px, 100vw\"  \n\t\talt=\"annie-spratt-hCb3lIB8L8E-unsplash\"\n\t \/><\/div>\n\t\t\t\n\t\t\t\t<div class=\"m-postsList__item__content\">\n\n\t\t\t\t\t\t\t\t\t\t\n\t\t\t\t\t\n\t\t\t\t\t\t\t\t\t\n\t\t\t\t\t<p class=\"m-postsList__item__title  m-postsList__item__title--s1\">R\u00e9union pl\u00e9ni\u00e8re de LinguaJuris le 6 novembre 2025<\/p>\n\n\t\t\t\t\t\n\t\t\t\t\t\n\t\t\t\t\t\t<p class=\"m-postsList__item__meta m-postsList__item__meta--s1\">\n\n\t\t\t\t\t\t\t\t\t\t\t\t\t\t\n\t\t\t\t\t\t\t\t\t\t\t\t\t\t<span class=\"m-postsList__item__meta__label\">Datum: 6 November 2025 &#8211; Uhr: 19:00 Bis 21:00\t\t\t\t\t\t\t\n\t\t\t\t\t\t\t\n\t\t\t\t\t\t\t| <span class=\"m-postsList__item__meta__label\">Kategorie: <\/span>Sektorkomitees, Vereidigte \u00dcbersetzer\/Dolmetscher\t\t\t\t\t\t\n\t\t\t\t\t\t<\/p>\n\n\t\t\t\t\t\n\t\t\t\t\t\n\t\t\t\t\t\n\t\t\t\t\t\n\t\t\t\t\t\t\t\t\t\t<div class=\"m-actionContainer\">\n\t\t\t\t\t\t<div class=\"m-action\">\n\t\t\t\t\t\t\t<span>Mehr erfahren<\/span>\n\t\t\t\t\t\t<\/div>\n\t\t\t\t\t<\/div><!-- \/actionContainer -->\n\t\t\t\t\t\t\t\t\n\t\t\t\t<\/div><!-- \/postsList__item__child__content -->\n\t\t\t<\/div><!-- \/postsList__item__child -->\n\t\t<\/a><!-- \/postsList__item__link -->\n\t<\/div><!-- \/postsList__item -->\n\n\n\n\n\n                    \n                                            \n                            \n\n\n\n\n\n\n\n\n\n\n\n\n\n\n\n\n\t<div class=\"m-postsList__item col-12 col-md-6 col-lg-6\">\n\n\t\t<a href=\"https:\/\/www.cbti-bkvt.org\/de\/evenement\/fra-atelier-sur-la-tarification-de-la-post-edition\/\" title=\"\" class=\"m-postsList__item__link\">\n\n\t\t\t<div class=\"m-postsList__item__child\">\n\n\t\t\t\t<div class=\"m-postsList__item__img \"><img \n\t   \tsrc=\"https:\/\/www.cbti-bkvt.org\/wp-content\/uploads\/Tarification-MTPE.png\" \n\t\tsrcset=\"https:\/\/www.cbti-bkvt.org\/wp-content\/uploads\/Tarification-MTPE.png 540w, https:\/\/www.cbti-bkvt.org\/wp-content\/uploads\/Tarification-MTPE.png 768w, https:\/\/www.cbti-bkvt.org\/wp-content\/uploads\/Tarification-MTPE.png 1000w\" \n\t\tsizes=\"(min-width:768px) 540px, (min-width:1000px) 1000px, 100vw\"  \n\t\talt=\"Tarification MTPE\"\n\t \/><\/div>\n\t\t\t\n\t\t\t\t<div class=\"m-postsList__item__content\">\n\n\t\t\t\t\t\t\t\t\t\t\n\t\t\t\t\t\n\t\t\t\t\t\t\t\t\t\n\t\t\t\t\t<p class=\"m-postsList__item__title  m-postsList__item__title--s1\">[FRA] Atelier sur la tarification de la post-\u00e9dition<\/p>\n\n\t\t\t\t\t\n\t\t\t\t\t\n\t\t\t\t\t\t<p class=\"m-postsList__item__meta m-postsList__item__meta--s1\">\n\n\t\t\t\t\t\t\t\t\t\t\t\t\t\t\n\t\t\t\t\t\t\t\t\t\t\t\t\t\t<span class=\"m-postsList__item__meta__label\">Datum: 20 October 2025 &#8211; Uhr: 10:00 Bis 12:30\t\t\t\t\t\t\t\n\t\t\t\t\t\t\t\t\t\t\t\t\t\t\t<span class=\"m-postsList__item__meta__label\"><br \/>Ort: <\/span> Louvain-La-Neuve\t\t\t\t\t\t\t\n\t\t\t\t\t\t\t| <span class=\"m-postsList__item__meta__label\">Kategorie: <\/span>Fortbildung\t\t\t\t\t\t\n\t\t\t\t\t\t<\/p>\n\n\t\t\t\t\t\n\t\t\t\t\t\n\t\t\t\t\t\n\t\t\t\t\t\n\t\t\t\t\t\t\t\t\t\t<div class=\"m-actionContainer\">\n\t\t\t\t\t\t<div class=\"m-action\">\n\t\t\t\t\t\t\t<span>Mehr erfahren<\/span>\n\t\t\t\t\t\t<\/div>\n\t\t\t\t\t<\/div><!-- \/actionContainer -->\n\t\t\t\t\t\t\t\t\n\t\t\t\t<\/div><!-- \/postsList__item__child__content -->\n\t\t\t<\/div><!-- \/postsList__item__child -->\n\t\t<\/a><!-- \/postsList__item__link -->\n\t<\/div><!-- \/postsList__item -->\n\n\n\n\n\n                    \n                                            \n                            \n\n\n\n\n\n\n\n\n\n\n\n\n\n\n\n\n\t<div class=\"m-postsList__item col-12 col-md-6 col-lg-6\">\n\n\t\t<a href=\"https:\/\/www.cbti-bkvt.org\/de\/evenement\/an-evening-of-open-discussions-about-different-languages-in-english-by-julian-hale-supported-by-the-cbti-bkvt-raf\/\" title=\"\" class=\"m-postsList__item__link\">\n\n\t\t\t<div class=\"m-postsList__item__child\">\n\n\t\t\t\t<div class=\"m-postsList__item__img \"><img \n\t   \tsrc=\"https:\/\/www.cbti-bkvt.org\/wp-content\/uploads\/Event-Julian-Hale-540x360.png\" \n\t\tsrcset=\"https:\/\/www.cbti-bkvt.org\/wp-content\/uploads\/Event-Julian-Hale-540x360.png 540w, https:\/\/www.cbti-bkvt.org\/wp-content\/uploads\/Event-Julian-Hale-1000x666.png 768w, https:\/\/www.cbti-bkvt.org\/wp-content\/uploads\/Event-Julian-Hale.png 1000w\" \n\t\tsizes=\"(min-width:768px) 540px, (min-width:1000px) 1000px, 100vw\"  \n\t\talt=\"Event Julian Hale\"\n\t \/><\/div>\n\t\t\t\n\t\t\t\t<div class=\"m-postsList__item__content\">\n\n\t\t\t\t\t\t\t\t\t\t\n\t\t\t\t\t\n\t\t\t\t\t\t\t\t\t\n\t\t\t\t\t<p class=\"m-postsList__item__title  m-postsList__item__title--s1\">An evening of open discussions about different languages in English by Julian Hale \u2013 supported by the CBTI-BKVT RAF<\/p>\n\n\t\t\t\t\t\n\t\t\t\t\t\n\t\t\t\t\t\t<p class=\"m-postsList__item__meta m-postsList__item__meta--s1\">\n\n\t\t\t\t\t\t\t\t\t\t\t\t\t\t\n\t\t\t\t\t\t\t\t\t\t\t\t\t\t<span class=\"m-postsList__item__meta__label\">Datum: 6 October 2025 &#8211; Uhr: 18:30 Bis 20:00\t\t\t\t\t\t\t\n\t\t\t\t\t\t\t\t\t\t\t\t\t\t\t<span class=\"m-postsList__item__meta__label\"><br \/>Ort: <\/span> Press Club, Rue Froissart 95, 1040 Brussels\t\t\t\t\t\t\t\n\t\t\t\t\t\t\t| <span class=\"m-postsList__item__meta__label\">Kategorie: <\/span>Stammtische\t\t\t\t\t\t\n\t\t\t\t\t\t<\/p>\n\n\t\t\t\t\t\n\t\t\t\t\t\n\t\t\t\t\t\n\t\t\t\t\t\n\t\t\t\t\t\t\t\t\t\t<div class=\"m-actionContainer\">\n\t\t\t\t\t\t<div class=\"m-action\">\n\t\t\t\t\t\t\t<span>Mehr erfahren<\/span>\n\t\t\t\t\t\t<\/div>\n\t\t\t\t\t<\/div><!-- \/actionContainer -->\n\t\t\t\t\t\t\t\t\n\t\t\t\t<\/div><!-- \/postsList__item__child__content -->\n\t\t\t<\/div><!-- \/postsList__item__child -->\n\t\t<\/a><!-- \/postsList__item__link -->\n\t<\/div><!-- \/postsList__item -->\n\n\n\n\n\n                    \n                                            \n                            \n\n\n\n\n\n\n\n\n\n\n\n\n\n\n\n\n\t<div class=\"m-postsList__item col-12 col-md-6 col-lg-6\">\n\n\t\t<a href=\"https:\/\/www.cbti-bkvt.org\/de\/evenement\/31e-reunion-du-reseau-franco-allemand\/\" title=\"\" class=\"m-postsList__item__link\">\n\n\t\t\t<div class=\"m-postsList__item__child\">\n\n\t\t\t\t<div class=\"m-postsList__item__img \"><img \n\t   \tsrc=\"https:\/\/www.cbti-bkvt.org\/wp-content\/uploads\/RFA-540x360.webp\" \n\t\tsrcset=\"https:\/\/www.cbti-bkvt.org\/wp-content\/uploads\/RFA-540x360.webp 540w, https:\/\/www.cbti-bkvt.org\/wp-content\/uploads\/RFA-1000x666.webp 768w, https:\/\/www.cbti-bkvt.org\/wp-content\/uploads\/RFA.webp 1000w\" \n\t\tsizes=\"(min-width:768px) 540px, (min-width:1000px) 1000px, 100vw\"  \n\t\talt=\"RFA\"\n\t \/><\/div>\n\t\t\t\n\t\t\t\t<div class=\"m-postsList__item__content\">\n\n\t\t\t\t\t\t\t\t\t\t\n\t\t\t\t\t\n\t\t\t\t\t\t\t\t\t\n\t\t\t\t\t<p class=\"m-postsList__item__title  m-postsList__item__title--s1\">31e r\u00e9union du R\u00e9seau franco-allemand<\/p>\n\n\t\t\t\t\t\n\t\t\t\t\t\n\t\t\t\t\t\t<p class=\"m-postsList__item__meta m-postsList__item__meta--s1\">\n\n\t\t\t\t\t\t\t\t\t\t\t\t\t\t\n\t\t\t\t\t\t\t\t\t\t\t\t\t\t<span class=\"m-postsList__item__meta__label\">Datum: 3 October 2025 &#8211; Uhr: 10:00 Bis 16:00\t\t\t\t\t\t\t\n\t\t\t\t\t\t\t\t\t\t\t\t\t\t\t<span class=\"m-postsList__item__meta__label\"><br \/>Ort: <\/span> Gen\u00e8ve\t\t\t\t\t\t\t\n\t\t\t\t\t\t\t\t\t\t\t\t\t\n\t\t\t\t\t\t<\/p>\n\n\t\t\t\t\t\n\t\t\t\t\t\n\t\t\t\t\t\n\t\t\t\t\t\n\t\t\t\t\t\t\t\t\t\t<div class=\"m-actionContainer\">\n\t\t\t\t\t\t<div class=\"m-action\">\n\t\t\t\t\t\t\t<span>Mehr erfahren<\/span>\n\t\t\t\t\t\t<\/div>\n\t\t\t\t\t<\/div><!-- \/actionContainer -->\n\t\t\t\t\t\t\t\t\n\t\t\t\t<\/div><!-- \/postsList__item__child__content -->\n\t\t\t<\/div><!-- \/postsList__item__child -->\n\t\t<\/a><!-- \/postsList__item__link -->\n\t<\/div><!-- \/postsList__item -->\n\n\n\n\n\n                    \n                                            \n                            \n\n\n\n\n\n\n\n\n\n\n\n\n\n\n\n\n\t<div class=\"m-postsList__item col-12 col-md-6 col-lg-6\">\n\n\t\t<a href=\"https:\/\/www.cbti-bkvt.org\/de\/evenement\/saint-jerome-goes-to-malines\/\" title=\"\" class=\"m-postsList__item__link\">\n\n\t\t\t<div class=\"m-postsList__item__child\">\n\n\t\t\t\t<div class=\"m-postsList__item__img \"><img \n\t   \tsrc=\"https:\/\/www.cbti-bkvt.org\/wp-content\/uploads\/Mechelen-540x360.jpg\" \n\t\tsrcset=\"https:\/\/www.cbti-bkvt.org\/wp-content\/uploads\/Mechelen-540x360.jpg 540w, https:\/\/www.cbti-bkvt.org\/wp-content\/uploads\/Mechelen-1000x666.jpg 768w, https:\/\/www.cbti-bkvt.org\/wp-content\/uploads\/Mechelen-2000x1333.jpg 1000w\" \n\t\tsizes=\"(min-width:768px) 540px, (min-width:1000px) 1000px, 100vw\"  \n\t\talt=\"Mechelen\"\n\t \/><\/div>\n\t\t\t\n\t\t\t\t<div class=\"m-postsList__item__content\">\n\n\t\t\t\t\t\t\t\t\t\t\n\t\t\t\t\t\n\t\t\t\t\t\t\t\t\t\n\t\t\t\t\t<p class=\"m-postsList__item__title  m-postsList__item__title--s1\">Saint-J\u00e9r\u00f4me goes to\u2026 Malines<\/p>\n\n\t\t\t\t\t\n\t\t\t\t\t\n\t\t\t\t\t\t<p class=\"m-postsList__item__meta m-postsList__item__meta--s1\">\n\n\t\t\t\t\t\t\t\t\t\t\t\t\t\t\n\t\t\t\t\t\t\t\t\t\t\t\t\t\t<span class=\"m-postsList__item__meta__label\">Datum: 26 September 2025 &#8211; Uhr: 09:00 Bis 20:00\t\t\t\t\t\t\t\n\t\t\t\t\t\t\t\t\t\t\t\t\t\t\t<span class=\"m-postsList__item__meta__label\"><br \/>Ort: <\/span> Malines\t\t\t\t\t\t\t\n\t\t\t\t\t\t\t| <span class=\"m-postsList__item__meta__label\">Kategorie: <\/span>CBTI\/BKVT aktuell\t\t\t\t\t\t\n\t\t\t\t\t\t<\/p>\n\n\t\t\t\t\t\n\t\t\t\t\t\n\t\t\t\t\t\n\t\t\t\t\t\n\t\t\t\t\t\t\t\t\t\t<div class=\"m-actionContainer\">\n\t\t\t\t\t\t<div class=\"m-action\">\n\t\t\t\t\t\t\t<span>Mehr erfahren<\/span>\n\t\t\t\t\t\t<\/div>\n\t\t\t\t\t<\/div><!-- \/actionContainer -->\n\t\t\t\t\t\t\t\t\n\t\t\t\t<\/div><!-- \/postsList__item__child__content -->\n\t\t\t<\/div><!-- \/postsList__item__child -->\n\t\t<\/a><!-- \/postsList__item__link -->\n\t<\/div><!-- \/postsList__item -->\n\n\n\n\n\n                    \n                                            \n                            \n\n\n\n\n\n\n\n\n\n\n\n\n\n\n\n\n\t<div class=\"m-postsList__item col-12 col-md-6 col-lg-6\">\n\n\t\t<a href=\"https:\/\/www.cbti-bkvt.org\/de\/evenement\/borrelavond-a-jodoigne-7-2\/\" title=\"\" class=\"m-postsList__item__link\">\n\n\t\t\t<div class=\"m-postsList__item__child\">\n\n\t\t\t\t<div class=\"m-postsList__item__img \"><img \n\t   \tsrc=\"https:\/\/www.cbti-bkvt.org\/wp-content\/uploads\/Portes-du-Temps-1-540x360.jpg\" \n\t\tsrcset=\"https:\/\/www.cbti-bkvt.org\/wp-content\/uploads\/Portes-du-Temps-1-540x360.jpg 540w, https:\/\/www.cbti-bkvt.org\/wp-content\/uploads\/Portes-du-Temps-1-720x666.jpg 768w, https:\/\/www.cbti-bkvt.org\/wp-content\/uploads\/Portes-du-Temps-1.jpg 1000w\" \n\t\tsizes=\"(min-width:768px) 540px, (min-width:1000px) 1000px, 100vw\"  \n\t\talt=\"Portes du Temps 1\"\n\t \/><\/div>\n\t\t\t\n\t\t\t\t<div class=\"m-postsList__item__content\">\n\n\t\t\t\t\t\t\t\t\t\t\n\t\t\t\t\t\n\t\t\t\t\t\t\t\t\t\n\t\t\t\t\t<p class=\"m-postsList__item__title  m-postsList__item__title--s1\">Borrelavond \u00e0 Jodoigne<\/p>\n\n\t\t\t\t\t\n\t\t\t\t\t\n\t\t\t\t\t\t<p class=\"m-postsList__item__meta m-postsList__item__meta--s1\">\n\n\t\t\t\t\t\t\t\t\t\t\t\t\t\t\n\t\t\t\t\t\t\t\t\t\t\t\t\t\t<span class=\"m-postsList__item__meta__label\">Datum: 19 September 2025 &#8211; Uhr: 19:00 Bis 23:00\t\t\t\t\t\t\t\n\t\t\t\t\t\t\t\t\t\t\t\t\t\t\t<span class=\"m-postsList__item__meta__label\"><br \/>Ort: <\/span> Les Portes du Temps &#8211; Chauss\u00e9e de Tirlemont, 126 \u2013 1370 Jodoigne\t\t\t\t\t\t\t\n\t\t\t\t\t\t\t| <span class=\"m-postsList__item__meta__label\">Kategorie: <\/span>Stammtische\t\t\t\t\t\t\n\t\t\t\t\t\t<\/p>\n\n\t\t\t\t\t\n\t\t\t\t\t\n\t\t\t\t\t\n\t\t\t\t\t\n\t\t\t\t\t\t\t\t\t\t<div class=\"m-actionContainer\">\n\t\t\t\t\t\t<div class=\"m-action\">\n\t\t\t\t\t\t\t<span>Mehr erfahren<\/span>\n\t\t\t\t\t\t<\/div>\n\t\t\t\t\t<\/div><!-- \/actionContainer -->\n\t\t\t\t\t\t\t\t\n\t\t\t\t<\/div><!-- \/postsList__item__child__content -->\n\t\t\t<\/div><!-- \/postsList__item__child -->\n\t\t<\/a><!-- \/postsList__item__link -->\n\t<\/div><!-- \/postsList__item -->\n\n\n\n\n\n                    \n                                            \n                            \n\n\n\n\n\n\n\n\n\n\n\n\n\n\n\n\n\t<div class=\"m-postsList__item col-12 col-md-6 col-lg-6\">\n\n\t\t<a href=\"https:\/\/www.cbti-bkvt.org\/de\/evenement\/en-webinar-do-i-need-a-website-with-julia-poger\/\" title=\"\" class=\"m-postsList__item__link\">\n\n\t\t\t<div class=\"m-postsList__item__child\">\n\n\t\t\t\t<div class=\"m-postsList__item__img \"><img \n\t   \tsrc=\"https:\/\/www.cbti-bkvt.org\/wp-content\/uploads\/Visuel-site-540x360.png\" \n\t\tsrcset=\"https:\/\/www.cbti-bkvt.org\/wp-content\/uploads\/Visuel-site-540x360.png 540w, https:\/\/www.cbti-bkvt.org\/wp-content\/uploads\/Visuel-site-1000x666.png 768w, https:\/\/www.cbti-bkvt.org\/wp-content\/uploads\/Visuel-site.png 1000w\" \n\t\tsizes=\"(min-width:768px) 540px, (min-width:1000px) 1000px, 100vw\"  \n\t\talt=\"Webinar - Do I Need a Website?\"\n\t \/><\/div>\n\t\t\t\n\t\t\t\t<div class=\"m-postsList__item__content\">\n\n\t\t\t\t\t\t\t\t\t\t\n\t\t\t\t\t\n\t\t\t\t\t\t\t\t\t\n\t\t\t\t\t<p class=\"m-postsList__item__title  m-postsList__item__title--s1\">[EN] Webinar &#8211; Do I Need a Website? with Julia Poger<\/p>\n\n\t\t\t\t\t\n\t\t\t\t\t\n\t\t\t\t\t\t<p class=\"m-postsList__item__meta m-postsList__item__meta--s1\">\n\n\t\t\t\t\t\t\t\t\t\t\t\t\t\t\n\t\t\t\t\t\t\t\t\t\t\t\t\t\t<span class=\"m-postsList__item__meta__label\">Datum: 13 September 2025 &#8211; Uhr: 10:00 Bis 12:00\t\t\t\t\t\t\t\n\t\t\t\t\t\t\t\t\t\t\t\t\t\t\t<span class=\"m-postsList__item__meta__label\"><br \/>Ort: <\/span> Zoom\t\t\t\t\t\t\t\n\t\t\t\t\t\t\t| <span class=\"m-postsList__item__meta__label\">Kategorie: <\/span>Fortbildung\t\t\t\t\t\t\n\t\t\t\t\t\t<\/p>\n\n\t\t\t\t\t\n\t\t\t\t\t\n\t\t\t\t\t\n\t\t\t\t\t\n\t\t\t\t\t\t\t\t\t\t<div class=\"m-actionContainer\">\n\t\t\t\t\t\t<div class=\"m-action\">\n\t\t\t\t\t\t\t<span>Mehr erfahren<\/span>\n\t\t\t\t\t\t<\/div>\n\t\t\t\t\t<\/div><!-- \/actionContainer -->\n\t\t\t\t\t\t\t\t\n\t\t\t\t<\/div><!-- \/postsList__item__child__content -->\n\t\t\t<\/div><!-- \/postsList__item__child -->\n\t\t<\/a><!-- \/postsList__item__link -->\n\t<\/div><!-- \/postsList__item -->\n\n\n\n\n\n                    \n                                            \n                            \n\n\n\n\n\n\n\n\n\n\n\n\n\n\n\n\n\t<div class=\"m-postsList__item col-12 col-md-6 col-lg-6\">\n\n\t\t<a href=\"https:\/\/www.cbti-bkvt.org\/de\/evenement\/belgian-event-french-franglais-fun-an-interactive-evening-on-language-culture\/\" title=\"\" class=\"m-postsList__item__link\">\n\n\t\t\t<div class=\"m-postsList__item__child\">\n\n\t\t\t\t<div class=\"m-postsList__item__img \"><img \n\t   \tsrc=\"https:\/\/www.cbti-bkvt.org\/wp-content\/uploads\/aedrian-salazar-aNVx2FpKAF8-unsplash-540x360.jpg\" \n\t\tsrcset=\"https:\/\/www.cbti-bkvt.org\/wp-content\/uploads\/aedrian-salazar-aNVx2FpKAF8-unsplash-540x360.jpg 540w, https:\/\/www.cbti-bkvt.org\/wp-content\/uploads\/aedrian-salazar-aNVx2FpKAF8-unsplash-1000x666.jpg 768w, https:\/\/www.cbti-bkvt.org\/wp-content\/uploads\/aedrian-salazar-aNVx2FpKAF8-unsplash-2000x1333.jpg 1000w\" \n\t\tsizes=\"(min-width:768px) 540px, (min-width:1000px) 1000px, 100vw\"  \n\t\talt=\"aedrian-salazar-aNVx2FpKAF8-unsplash\"\n\t \/><\/div>\n\t\t\t\n\t\t\t\t<div class=\"m-postsList__item__content\">\n\n\t\t\t\t\t\t\t\t\t\t\n\t\t\t\t\t\n\t\t\t\t\t\t\t\t\t\n\t\t\t\t\t<p class=\"m-postsList__item__title  m-postsList__item__title--s1\">Belgian event: French, Franglais &amp; Fun: An Interactive Evening on Language &amp; Culture<\/p>\n\n\t\t\t\t\t\n\t\t\t\t\t\n\t\t\t\t\t\t<p class=\"m-postsList__item__meta m-postsList__item__meta--s1\">\n\n\t\t\t\t\t\t\t\t\t\t\t\t\t\t\n\t\t\t\t\t\t\t\t\t\t\t\t\t\t<span class=\"m-postsList__item__meta__label\">Datum: 14 July 2025 &#8211; Uhr: 18:00 Bis 20:00\t\t\t\t\t\t\t\n\t\t\t\t\t\t\t\t\t\t\t\t\t\t\t<span class=\"m-postsList__item__meta__label\"><br \/>Ort: <\/span> Press Club, 95 Rue Froissart, 1040 Bruxelles\t\t\t\t\t\t\t\n\t\t\t\t\t\t\t| <span class=\"m-postsList__item__meta__label\">Kategorie: <\/span>CBTI\/BKVT aktuell\t\t\t\t\t\t\n\t\t\t\t\t\t<\/p>\n\n\t\t\t\t\t\n\t\t\t\t\t\n\t\t\t\t\t\n\t\t\t\t\t\n\t\t\t\t\t\t\t\t\t\t<div class=\"m-actionContainer\">\n\t\t\t\t\t\t<div class=\"m-action\">\n\t\t\t\t\t\t\t<span>Mehr erfahren<\/span>\n\t\t\t\t\t\t<\/div>\n\t\t\t\t\t<\/div><!-- \/actionContainer -->\n\t\t\t\t\t\t\t\t\n\t\t\t\t<\/div><!-- \/postsList__item__child__content -->\n\t\t\t<\/div><!-- \/postsList__item__child -->\n\t\t<\/a><!-- \/postsList__item__link -->\n\t<\/div><!-- \/postsList__item -->\n\n\n\n\n\n                    \n                                            \n                            \n\n\n\n\n\n\n\n\n\n\n\n\n\n\n\n\n\t<div class=\"m-postsList__item col-12 col-md-6 col-lg-6\">\n\n\t\t<a href=\"https:\/\/www.cbti-bkvt.org\/de\/evenement\/fete-des-benevoles-de-la-cbti\/\" title=\"\" class=\"m-postsList__item__link\">\n\n\t\t\t<div class=\"m-postsList__item__child\">\n\n\t\t\t\t<div class=\"m-postsList__item__img \"><img \n\t   \tsrc=\"https:\/\/www.cbti-bkvt.org\/wp-content\/uploads\/pineapple-supply-co-qWlkCwBnwOE-unsplash-540x360.jpg\" \n\t\tsrcset=\"https:\/\/www.cbti-bkvt.org\/wp-content\/uploads\/pineapple-supply-co-qWlkCwBnwOE-unsplash-540x360.jpg 540w, https:\/\/www.cbti-bkvt.org\/wp-content\/uploads\/pineapple-supply-co-qWlkCwBnwOE-unsplash-1000x666.jpg 768w, https:\/\/www.cbti-bkvt.org\/wp-content\/uploads\/pineapple-supply-co-qWlkCwBnwOE-unsplash-2000x1333.jpg 1000w\" \n\t\tsizes=\"(min-width:768px) 540px, (min-width:1000px) 1000px, 100vw\"  \n\t\talt=\"pineapple-supply-co-qWlkCwBnwOE-unsplash\"\n\t \/><\/div>\n\t\t\t\n\t\t\t\t<div class=\"m-postsList__item__content\">\n\n\t\t\t\t\t\t\t\t\t\t\n\t\t\t\t\t\n\t\t\t\t\t\t\t\t\t\n\t\t\t\t\t<p class=\"m-postsList__item__title  m-postsList__item__title--s1\">F\u00eate des b\u00e9n\u00e9voles de la CBTI<\/p>\n\n\t\t\t\t\t\n\t\t\t\t\t\n\t\t\t\t\t\t<p class=\"m-postsList__item__meta m-postsList__item__meta--s1\">\n\n\t\t\t\t\t\t\t\t\t\t\t\t\t\t\n\t\t\t\t\t\t\t\t\t\t\t\t\t\t<span class=\"m-postsList__item__meta__label\">Datum: 5 July 2025 &#8211; Uhr: 00:00 Bis 00:00\t\t\t\t\t\t\t\n\t\t\t\t\t\t\t\t\t\t\t\t\t\t\t<span class=\"m-postsList__item__meta__label\"><br \/>Ort: <\/span> Ittre\t\t\t\t\t\t\t\n\t\t\t\t\t\t\t| <span class=\"m-postsList__item__meta__label\">Kategorie: <\/span>CBTI\/BKVT aktuell\t\t\t\t\t\t\n\t\t\t\t\t\t<\/p>\n\n\t\t\t\t\t\n\t\t\t\t\t\n\t\t\t\t\t\n\t\t\t\t\t\n\t\t\t\t\t\t\t\t\t\t<div class=\"m-actionContainer\">\n\t\t\t\t\t\t<div class=\"m-action\">\n\t\t\t\t\t\t\t<span>Mehr erfahren<\/span>\n\t\t\t\t\t\t<\/div>\n\t\t\t\t\t<\/div><!-- \/actionContainer -->\n\t\t\t\t\t\t\t\t\n\t\t\t\t<\/div><!-- \/postsList__item__child__content -->\n\t\t\t<\/div><!-- \/postsList__item__child -->\n\t\t<\/a><!-- \/postsList__item__link -->\n\t<\/div><!-- \/postsList__item -->\n\n\n\n\n\n                    \n                                            \n                            \n\n\n\n\n\n\n\n\n\n\n\n\n\n\n\n\n\t<div class=\"m-postsList__item col-12 col-md-6 col-lg-6\">\n\n\t\t<a href=\"https:\/\/www.cbti-bkvt.org\/de\/evenement\/borrelavond-du-bureau-du-forum-des-interpretes\/\" title=\"\" class=\"m-postsList__item__link\">\n\n\t\t\t<div class=\"m-postsList__item__child\">\n\n\t\t\t\t<div class=\"m-postsList__item__img \"><img \n\t   \tsrc=\"https:\/\/www.cbti-bkvt.org\/wp-content\/uploads\/Borrel-interpreters-540x360.jpg\" \n\t\tsrcset=\"https:\/\/www.cbti-bkvt.org\/wp-content\/uploads\/Borrel-interpreters-540x360.jpg 540w, https:\/\/www.cbti-bkvt.org\/wp-content\/uploads\/Borrel-interpreters-1000x664.jpg 768w, https:\/\/www.cbti-bkvt.org\/wp-content\/uploads\/Borrel-interpreters.jpg 1000w\" \n\t\tsizes=\"(min-width:768px) 540px, (min-width:1000px) 1000px, 100vw\"  \n\t\talt=\"Borrel interpreters\"\n\t \/><\/div>\n\t\t\t\n\t\t\t\t<div class=\"m-postsList__item__content\">\n\n\t\t\t\t\t\t\t\t\t\t\n\t\t\t\t\t\n\t\t\t\t\t\t\t\t\t\n\t\t\t\t\t<p class=\"m-postsList__item__title  m-postsList__item__title--s1\">Borrelavond du Bureau du Forum des interpr\u00e8tes<\/p>\n\n\t\t\t\t\t\n\t\t\t\t\t\n\t\t\t\t\t\t<p class=\"m-postsList__item__meta m-postsList__item__meta--s1\">\n\n\t\t\t\t\t\t\t\t\t\t\t\t\t\t\n\t\t\t\t\t\t\t\t\t\t\t\t\t\t<span class=\"m-postsList__item__meta__label\">Datum: 30 June 2025 &#8211; Uhr: 18:00 Bis 22:00\t\t\t\t\t\t\t\n\t\t\t\t\t\t\t\t\t\t\t\t\t\t\t<span class=\"m-postsList__item__meta__label\"><br \/>Ort: <\/span> Grand Central \u00e0 Bruxelles\t\t\t\t\t\t\t\n\t\t\t\t\t\t\t| <span class=\"m-postsList__item__meta__label\">Kategorie: <\/span>Stammtische\t\t\t\t\t\t\n\t\t\t\t\t\t<\/p>\n\n\t\t\t\t\t\n\t\t\t\t\t\n\t\t\t\t\t\n\t\t\t\t\t\n\t\t\t\t\t\t\t\t\t\t<div class=\"m-actionContainer\">\n\t\t\t\t\t\t<div class=\"m-action\">\n\t\t\t\t\t\t\t<span>Mehr erfahren<\/span>\n\t\t\t\t\t\t<\/div>\n\t\t\t\t\t<\/div><!-- \/actionContainer -->\n\t\t\t\t\t\t\t\t\n\t\t\t\t<\/div><!-- \/postsList__item__child__content -->\n\t\t\t<\/div><!-- \/postsList__item__child -->\n\t\t<\/a><!-- \/postsList__item__link -->\n\t<\/div><!-- \/postsList__item -->\n\n\n\n\n\n                    \n                                            \n                            \n\n\n\n\n\n\n\n\n\n\n\n\n\n\n\n\n\t<div class=\"m-postsList__item col-12 col-md-6 col-lg-6\">\n\n\t\t<a href=\"https:\/\/www.cbti-bkvt.org\/de\/evenement\/en-cbti-webinar-exploring-key-features-in-trados-studio-multiterm\/\" title=\"\" class=\"m-postsList__item__link\">\n\n\t\t\t<div class=\"m-postsList__item__child\">\n\n\t\t\t\t<div class=\"m-postsList__item__img \"><img \n\t   \tsrc=\"https:\/\/www.cbti-bkvt.org\/wp-content\/uploads\/CBTI-Webinar-Trados-Multiterm.png\" \n\t\tsrcset=\"https:\/\/www.cbti-bkvt.org\/wp-content\/uploads\/CBTI-Webinar-Trados-Multiterm.png 540w, https:\/\/www.cbti-bkvt.org\/wp-content\/uploads\/CBTI-Webinar-Trados-Multiterm.png 768w, https:\/\/www.cbti-bkvt.org\/wp-content\/uploads\/CBTI-Webinar-Trados-Multiterm.png 1000w\" \n\t\tsizes=\"(min-width:768px) 540px, (min-width:1000px) 1000px, 100vw\"  \n\t\talt=\"CBTI-Webinar-Trados-Multiterm\"\n\t \/><\/div>\n\t\t\t\n\t\t\t\t<div class=\"m-postsList__item__content\">\n\n\t\t\t\t\t\t\t\t\t\t\n\t\t\t\t\t\n\t\t\t\t\t\t\t\t\t\n\t\t\t\t\t<p class=\"m-postsList__item__title  m-postsList__item__title--s1\">[EN] CBTI Webinar \u2013 Exploring Key Features in Trados Studio &amp; MultiTerm<\/p>\n\n\t\t\t\t\t\n\t\t\t\t\t\n\t\t\t\t\t\t<p class=\"m-postsList__item__meta m-postsList__item__meta--s1\">\n\n\t\t\t\t\t\t\t\t\t\t\t\t\t\t\n\t\t\t\t\t\t\t\t\t\t\t\t\t\t<span class=\"m-postsList__item__meta__label\">Datum: 25 June 2025 &#8211; Uhr: 10:00 Bis 12:00\t\t\t\t\t\t\t\n\t\t\t\t\t\t\t\t\t\t\t\t\t\t\t<span class=\"m-postsList__item__meta__label\"><br \/>Ort: <\/span> Zoom\t\t\t\t\t\t\t\n\t\t\t\t\t\t\t| <span class=\"m-postsList__item__meta__label\">Kategorie: <\/span>Fortbildung\t\t\t\t\t\t\n\t\t\t\t\t\t<\/p>\n\n\t\t\t\t\t\n\t\t\t\t\t\n\t\t\t\t\t\n\t\t\t\t\t\n\t\t\t\t\t\t\t\t\t\t<div class=\"m-actionContainer\">\n\t\t\t\t\t\t<div class=\"m-action\">\n\t\t\t\t\t\t\t<span>Mehr erfahren<\/span>\n\t\t\t\t\t\t<\/div>\n\t\t\t\t\t<\/div><!-- \/actionContainer -->\n\t\t\t\t\t\t\t\t\n\t\t\t\t<\/div><!-- \/postsList__item__child__content -->\n\t\t\t<\/div><!-- \/postsList__item__child -->\n\t\t<\/a><!-- \/postsList__item__link -->\n\t<\/div><!-- \/postsList__item -->\n\n\n\n\n\n                    \n                                            \n                            \n\n\n\n\n\n\n\n\n\n\n\n\n\n\n\n\n\t<div class=\"m-postsList__item col-12 col-md-6 col-lg-6\">\n\n\t\t<a href=\"https:\/\/www.cbti-bkvt.org\/de\/evenement\/journee-de-rencontre-des-tij-de-la-cbti\/\" title=\"\" class=\"m-postsList__item__link\">\n\n\t\t\t<div class=\"m-postsList__item__child\">\n\n\t\t\t\t<div class=\"m-postsList__item__img \"><img \n\t   \tsrc=\"https:\/\/www.cbti-bkvt.org\/wp-content\/uploads\/mike-benna-SBiVq9eWEtQ-unsplash-540x360.jpg\" \n\t\tsrcset=\"https:\/\/www.cbti-bkvt.org\/wp-content\/uploads\/mike-benna-SBiVq9eWEtQ-unsplash-540x360.jpg 540w, https:\/\/www.cbti-bkvt.org\/wp-content\/uploads\/mike-benna-SBiVq9eWEtQ-unsplash-1000x666.jpg 768w, https:\/\/www.cbti-bkvt.org\/wp-content\/uploads\/mike-benna-SBiVq9eWEtQ-unsplash-2000x1333.jpg 1000w\" \n\t\tsizes=\"(min-width:768px) 540px, (min-width:1000px) 1000px, 100vw\"  \n\t\talt=\"mike-benna-SBiVq9eWEtQ-unsplash\"\n\t \/><\/div>\n\t\t\t\n\t\t\t\t<div class=\"m-postsList__item__content\">\n\n\t\t\t\t\t\t\t\t\t\t\n\t\t\t\t\t\n\t\t\t\t\t\t\t\t\t\n\t\t\t\t\t<p class=\"m-postsList__item__title  m-postsList__item__title--s1\">Journ\u00e9e de rencontre des TIJ de la CBTI<\/p>\n\n\t\t\t\t\t\n\t\t\t\t\t\n\t\t\t\t\t\t<p class=\"m-postsList__item__meta m-postsList__item__meta--s1\">\n\n\t\t\t\t\t\t\t\t\t\t\t\t\t\t\n\t\t\t\t\t\t\t\t\t\t\t\t\t\t<span class=\"m-postsList__item__meta__label\">Datum: 21 June 2025 &#8211; Uhr: 09:30 Bis 17:00\t\t\t\t\t\t\t\n\t\t\t\t\t\t\t\t\t\t\t\t\t\t\t<span class=\"m-postsList__item__meta__label\"><br \/>Ort: <\/span> Enghien\t\t\t\t\t\t\t\n\t\t\t\t\t\t\t| <span class=\"m-postsList__item__meta__label\">Kategorie: <\/span>CBTI\/BKVT aktuell, Vereidigte \u00dcbersetzer\/Dolmetscher\t\t\t\t\t\t\n\t\t\t\t\t\t<\/p>\n\n\t\t\t\t\t\n\t\t\t\t\t\n\t\t\t\t\t\n\t\t\t\t\t\n\t\t\t\t\t\t\t\t\t\t<div class=\"m-actionContainer\">\n\t\t\t\t\t\t<div class=\"m-action\">\n\t\t\t\t\t\t\t<span>Mehr erfahren<\/span>\n\t\t\t\t\t\t<\/div>\n\t\t\t\t\t<\/div><!-- \/actionContainer -->\n\t\t\t\t\t\t\t\t\n\t\t\t\t<\/div><!-- \/postsList__item__child__content -->\n\t\t\t<\/div><!-- \/postsList__item__child -->\n\t\t<\/a><!-- \/postsList__item__link -->\n\t<\/div><!-- \/postsList__item -->\n\n\n\n\n\n                    \n                                            \n                            \n\n\n\n\n\n\n\n\n\n\n\n\n\n\n\n\n\t<div class=\"m-postsList__item col-12 col-md-6 col-lg-6\">\n\n\t\t<a href=\"https:\/\/www.cbti-bkvt.org\/de\/evenement\/fr-webinaire-gratuit-organise-par-la-cbti-se-preparer-a-la-facturation-electronique\/\" title=\"\" class=\"m-postsList__item__link\">\n\n\t\t\t<div class=\"m-postsList__item__child\">\n\n\t\t\t\t<div class=\"m-postsList__item__img \"><img \n\t   \tsrc=\"https:\/\/www.cbti-bkvt.org\/wp-content\/uploads\/85090587_m.jpg\" \n\t\tsrcset=\"https:\/\/www.cbti-bkvt.org\/wp-content\/uploads\/85090587_m.jpg 540w, https:\/\/www.cbti-bkvt.org\/wp-content\/uploads\/85090587_m.jpg 768w, https:\/\/www.cbti-bkvt.org\/wp-content\/uploads\/85090587_m.jpg 1000w\" \n\t\tsizes=\"(min-width:768px) 540px, (min-width:1000px) 1000px, 100vw\"  \n\t\talt=\"85090587_m\"\n\t \/><\/div>\n\t\t\t\n\t\t\t\t<div class=\"m-postsList__item__content\">\n\n\t\t\t\t\t\t\t\t\t\t\n\t\t\t\t\t\n\t\t\t\t\t\t\t\t\t\n\t\t\t\t\t<p class=\"m-postsList__item__title  m-postsList__item__title--s1\">[FR] Webinaire gratuit organis\u00e9 par la CBTI : Se pr\u00e9parer \u00e0 la facturation \u00e9lectronique<\/p>\n\n\t\t\t\t\t\n\t\t\t\t\t\n\t\t\t\t\t\t<p class=\"m-postsList__item__meta m-postsList__item__meta--s1\">\n\n\t\t\t\t\t\t\t\t\t\t\t\t\t\t\n\t\t\t\t\t\t\t\t\t\t\t\t\t\t<span class=\"m-postsList__item__meta__label\">Datum: 16 June 2025 &#8211; Uhr: 09:00 Bis 12:00\t\t\t\t\t\t\t\n\t\t\t\t\t\t\t\n\t\t\t\t\t\t\t| <span class=\"m-postsList__item__meta__label\">Kategorie: <\/span>Fortbildung\t\t\t\t\t\t\n\t\t\t\t\t\t<\/p>\n\n\t\t\t\t\t\n\t\t\t\t\t\n\t\t\t\t\t\n\t\t\t\t\t\n\t\t\t\t\t\t\t\t\t\t<div class=\"m-actionContainer\">\n\t\t\t\t\t\t<div class=\"m-action\">\n\t\t\t\t\t\t\t<span>Mehr erfahren<\/span>\n\t\t\t\t\t\t<\/div>\n\t\t\t\t\t<\/div><!-- \/actionContainer -->\n\t\t\t\t\t\t\t\t\n\t\t\t\t<\/div><!-- \/postsList__item__child__content -->\n\t\t\t<\/div><!-- \/postsList__item__child -->\n\t\t<\/a><!-- \/postsList__item__link -->\n\t<\/div><!-- \/postsList__item -->\n\n\n\n\n\n                    \n                                            \n                            \n\n\n\n\n\n\n\n\n\n\n\n\n\n\n\n\n\t<div class=\"m-postsList__item col-12 col-md-6 col-lg-6\">\n\n\t\t<a href=\"https:\/\/www.cbti-bkvt.org\/de\/evenement\/la-cbti-fete-ses-70-ans\/\" title=\"\" class=\"m-postsList__item__link\">\n\n\t\t\t<div class=\"m-postsList__item__child\">\n\n\t\t\t\t<div class=\"m-postsList__item__img \"><img \n\t   \tsrc=\"https:\/\/www.cbti-bkvt.org\/wp-content\/uploads\/al-elmes-ULHxWq8reao-unsplash-540x360.jpg\" \n\t\tsrcset=\"https:\/\/www.cbti-bkvt.org\/wp-content\/uploads\/al-elmes-ULHxWq8reao-unsplash-540x360.jpg 540w, https:\/\/www.cbti-bkvt.org\/wp-content\/uploads\/al-elmes-ULHxWq8reao-unsplash-1000x666.jpg 768w, https:\/\/www.cbti-bkvt.org\/wp-content\/uploads\/al-elmes-ULHxWq8reao-unsplash-2000x1333.jpg 1000w\" \n\t\tsizes=\"(min-width:768px) 540px, (min-width:1000px) 1000px, 100vw\"  \n\t\talt=\"al-elmes-ULHxWq8reao-unsplash\"\n\t \/><\/div>\n\t\t\t\n\t\t\t\t<div class=\"m-postsList__item__content\">\n\n\t\t\t\t\t\t\t\t\t\t\n\t\t\t\t\t\n\t\t\t\t\t\t\t\t\t\n\t\t\t\t\t<p class=\"m-postsList__item__title  m-postsList__item__title--s1\">La CBTI f\u00eate ses 70 ans !<\/p>\n\n\t\t\t\t\t\n\t\t\t\t\t\n\t\t\t\t\t\t<p class=\"m-postsList__item__meta m-postsList__item__meta--s1\">\n\n\t\t\t\t\t\t\t\t\t\t\t\t\t\t\n\t\t\t\t\t\t\t\t\t\t\t\t\t\t<span class=\"m-postsList__item__meta__label\">Datum: 16 May 2025 &#8211; Uhr: 16:00 Bis 23:30\t\t\t\t\t\t\t\n\t\t\t\t\t\t\t\t\t\t\t\t\t\t\t<span class=\"m-postsList__item__meta__label\"><br \/>Ort: <\/span> Crowne Plaza Brussels Airport (Da Vincilaan 4 &#8211; 1831 Zaventem)\t\t\t\t\t\t\t\n\t\t\t\t\t\t\t| <span class=\"m-postsList__item__meta__label\">Kategorie: <\/span>CBTI\/BKVT aktuell\t\t\t\t\t\t\n\t\t\t\t\t\t<\/p>\n\n\t\t\t\t\t\n\t\t\t\t\t\n\t\t\t\t\t\n\t\t\t\t\t\n\t\t\t\t\t\t\t\t\t\t<div class=\"m-actionContainer\">\n\t\t\t\t\t\t<div class=\"m-action\">\n\t\t\t\t\t\t\t<span>Mehr erfahren<\/span>\n\t\t\t\t\t\t<\/div>\n\t\t\t\t\t<\/div><!-- \/actionContainer -->\n\t\t\t\t\t\t\t\t\n\t\t\t\t<\/div><!-- \/postsList__item__child__content -->\n\t\t\t<\/div><!-- \/postsList__item__child -->\n\t\t<\/a><!-- \/postsList__item__link -->\n\t<\/div><!-- \/postsList__item -->\n\n\n\n\n\n                    \n                                            \n                            \n\n\n\n\n\n\n\n\n\n\n\n\n\n\n\n\n\t<div class=\"m-postsList__item col-12 col-md-6 col-lg-6\">\n\n\t\t<a href=\"https:\/\/www.cbti-bkvt.org\/de\/evenement\/en-reinventing-your-translation-business-in-a-changing-world\/\" title=\"\" class=\"m-postsList__item__link\">\n\n\t\t\t<div class=\"m-postsList__item__child\">\n\n\t\t\t\t<div class=\"m-postsList__item__img \"><img \n\t   \tsrc=\"https:\/\/www.cbti-bkvt.org\/wp-content\/uploads\/Chris-Durban_2-1-540x360.jpg\" \n\t\tsrcset=\"https:\/\/www.cbti-bkvt.org\/wp-content\/uploads\/Chris-Durban_2-1-540x360.jpg 540w, https:\/\/www.cbti-bkvt.org\/wp-content\/uploads\/Chris-Durban_2-1-1000x666.jpg 768w, https:\/\/www.cbti-bkvt.org\/wp-content\/uploads\/Chris-Durban_2-1-2000x1333.jpg 1000w\" \n\t\tsizes=\"(min-width:768px) 540px, (min-width:1000px) 1000px, 100vw\"  \n\t\talt=\"Chris Durban_2\"\n\t \/><\/div>\n\t\t\t\n\t\t\t\t<div class=\"m-postsList__item__content\">\n\n\t\t\t\t\t\t\t\t\t\t\n\t\t\t\t\t\n\t\t\t\t\t\t\t\t\t\n\t\t\t\t\t<p class=\"m-postsList__item__title  m-postsList__item__title--s1\">[EN] Reinventing your translation business in a changing world<\/p>\n\n\t\t\t\t\t\n\t\t\t\t\t\n\t\t\t\t\t\t<p class=\"m-postsList__item__meta m-postsList__item__meta--s1\">\n\n\t\t\t\t\t\t\t\t\t\t\t\t\t\t\n\t\t\t\t\t\t\t\t\t\t\t\t\t\t<span class=\"m-postsList__item__meta__label\">Datum: 16 May 2025 &#8211; Uhr: 13:00 Bis 16:00\t\t\t\t\t\t\t\n\t\t\t\t\t\t\t\t\t\t\t\t\t\t\t<span class=\"m-postsList__item__meta__label\"><br \/>Ort: <\/span> Crowne Plaza Brussels Airport, Da Vincilaan 4, 1831 Zaventem\t\t\t\t\t\t\t\n\t\t\t\t\t\t\t| <span class=\"m-postsList__item__meta__label\">Kategorie: <\/span>Fortbildung\t\t\t\t\t\t\n\t\t\t\t\t\t<\/p>\n\n\t\t\t\t\t\n\t\t\t\t\t\n\t\t\t\t\t\n\t\t\t\t\t\n\t\t\t\t\t\t\t\t\t\t<div class=\"m-actionContainer\">\n\t\t\t\t\t\t<div class=\"m-action\">\n\t\t\t\t\t\t\t<span>Mehr erfahren<\/span>\n\t\t\t\t\t\t<\/div>\n\t\t\t\t\t<\/div><!-- \/actionContainer -->\n\t\t\t\t\t\t\t\t\n\t\t\t\t<\/div><!-- \/postsList__item__child__content -->\n\t\t\t<\/div><!-- \/postsList__item__child -->\n\t\t<\/a><!-- \/postsList__item__link -->\n\t<\/div><!-- \/postsList__item -->\n\n\n\n\n\n                    \n                                            \n                            \n\n\n\n\n\n\n\n\n\n\n\n\n\n\n\n\n\t<div class=\"m-postsList__item col-12 col-md-6 col-lg-6\">\n\n\t\t<a href=\"https:\/\/www.cbti-bkvt.org\/de\/evenement\/en-webinar-cut-search-time-keep-quality-high-fast-and-reliable-eu-terminology-search-with-juremy-com\/\" title=\"\" class=\"m-postsList__item__link\">\n\n\t\t\t<div class=\"m-postsList__item__child\">\n\n\t\t\t\t<div class=\"m-postsList__item__img \"><img \n\t   \tsrc=\"https:\/\/www.cbti-bkvt.org\/wp-content\/uploads\/cbti-juremy-Banner-2-540x360.png\" \n\t\tsrcset=\"https:\/\/www.cbti-bkvt.org\/wp-content\/uploads\/cbti-juremy-Banner-2-540x360.png 540w, https:\/\/www.cbti-bkvt.org\/wp-content\/uploads\/cbti-juremy-Banner-2-1000x666.png 768w, https:\/\/www.cbti-bkvt.org\/wp-content\/uploads\/cbti-juremy-Banner-2.png 1000w\" \n\t\tsizes=\"(min-width:768px) 540px, (min-width:1000px) 1000px, 100vw\"  \n\t\talt=\"cbti juremy Banner 2\"\n\t \/><\/div>\n\t\t\t\n\t\t\t\t<div class=\"m-postsList__item__content\">\n\n\t\t\t\t\t\t\t\t\t\t\n\t\t\t\t\t\n\t\t\t\t\t\t\t\t\t\n\t\t\t\t\t<p class=\"m-postsList__item__title  m-postsList__item__title--s1\">[EN] Webinar &#8211; \u00a0Cut Search Time, Keep Quality High: Fast and Reliable EU Terminology Search with Juremy.com\u00a0<\/p>\n\n\t\t\t\t\t\n\t\t\t\t\t\n\t\t\t\t\t\t<p class=\"m-postsList__item__meta m-postsList__item__meta--s1\">\n\n\t\t\t\t\t\t\t\t\t\t\t\t\t\t\n\t\t\t\t\t\t\t\t\t\t\t\t\t\t<span class=\"m-postsList__item__meta__label\">Datum: 8 May 2025 &#8211; Uhr: 10:00 Bis 11:30\t\t\t\t\t\t\t\n\t\t\t\t\t\t\t\t\t\t\t\t\t\t\t<span class=\"m-postsList__item__meta__label\"><br \/>Ort: <\/span> Zoom\t\t\t\t\t\t\t\n\t\t\t\t\t\t\t| <span class=\"m-postsList__item__meta__label\">Kategorie: <\/span>Fortbildung\t\t\t\t\t\t\n\t\t\t\t\t\t<\/p>\n\n\t\t\t\t\t\n\t\t\t\t\t\n\t\t\t\t\t\n\t\t\t\t\t\n\t\t\t\t\t\t\t\t\t\t<div class=\"m-actionContainer\">\n\t\t\t\t\t\t<div class=\"m-action\">\n\t\t\t\t\t\t\t<span>Mehr erfahren<\/span>\n\t\t\t\t\t\t<\/div>\n\t\t\t\t\t<\/div><!-- \/actionContainer -->\n\t\t\t\t\t\t\t\t\n\t\t\t\t<\/div><!-- \/postsList__item__child__content -->\n\t\t\t<\/div><!-- \/postsList__item__child -->\n\t\t<\/a><!-- \/postsList__item__link -->\n\t<\/div><!-- \/postsList__item -->\n\n\n\n\n\n                    \n                                            \n                            \n\n\n\n\n\n\n\n\n\n\n\n\n\n\n\n\n\t<div class=\"m-postsList__item col-12 col-md-6 col-lg-6\">\n\n\t\t<a href=\"https:\/\/www.cbti-bkvt.org\/de\/evenement\/eng-online-workshop-an-introduction-to-speech-recognition-for-interpreters\/\" title=\"\" class=\"m-postsList__item__link\">\n\n\t\t\t<div class=\"m-postsList__item__child\">\n\n\t\t\t\t<div class=\"m-postsList__item__img \"><img \n\t   \tsrc=\"https:\/\/www.cbti-bkvt.org\/wp-content\/uploads\/Techforword-2-540x360.png\" \n\t\tsrcset=\"https:\/\/www.cbti-bkvt.org\/wp-content\/uploads\/Techforword-2-540x360.png 540w, https:\/\/www.cbti-bkvt.org\/wp-content\/uploads\/Techforword-2-1000x666.png 768w, https:\/\/www.cbti-bkvt.org\/wp-content\/uploads\/Techforword-2.png 1000w\" \n\t\tsizes=\"(min-width:768px) 540px, (min-width:1000px) 1000px, 100vw\"  \n\t\talt=\"Techforword\"\n\t \/><\/div>\n\t\t\t\n\t\t\t\t<div class=\"m-postsList__item__content\">\n\n\t\t\t\t\t\t\t\t\t\t\n\t\t\t\t\t\n\t\t\t\t\t\t\t\t\t\n\t\t\t\t\t<p class=\"m-postsList__item__title  m-postsList__item__title--s1\">[ENG] Online Workshop &#8211; An introduction to speech recognition for interpreters<\/p>\n\n\t\t\t\t\t\n\t\t\t\t\t\n\t\t\t\t\t\t<p class=\"m-postsList__item__meta m-postsList__item__meta--s1\">\n\n\t\t\t\t\t\t\t\t\t\t\t\t\t\t\n\t\t\t\t\t\t\t\t\t\t\t\t\t\t<span class=\"m-postsList__item__meta__label\">Datum: 31 March 2025 &#8211; Uhr: 18:00 Bis 20:00\t\t\t\t\t\t\t\n\t\t\t\t\t\t\t\t\t\t\t\t\t\t\t<span class=\"m-postsList__item__meta__label\"><br \/>Ort: <\/span> Zoom\t\t\t\t\t\t\t\n\t\t\t\t\t\t\t| <span class=\"m-postsList__item__meta__label\">Kategorie: <\/span>Dolmetscher, Fortbildung\t\t\t\t\t\t\n\t\t\t\t\t\t<\/p>\n\n\t\t\t\t\t\n\t\t\t\t\t\n\t\t\t\t\t\n\t\t\t\t\t\n\t\t\t\t\t\t\t\t\t\t<div class=\"m-actionContainer\">\n\t\t\t\t\t\t<div class=\"m-action\">\n\t\t\t\t\t\t\t<span>Mehr erfahren<\/span>\n\t\t\t\t\t\t<\/div>\n\t\t\t\t\t<\/div><!-- \/actionContainer -->\n\t\t\t\t\t\t\t\t\n\t\t\t\t<\/div><!-- \/postsList__item__child__content -->\n\t\t\t<\/div><!-- \/postsList__item__child -->\n\t\t<\/a><!-- \/postsList__item__link -->\n\t<\/div><!-- \/postsList__item -->\n\n\n\n\n\n                    \n                                            \n                            \n\n\n\n\n\n\n\n\n\n\n\n\n\n\n\n\n\t<div class=\"m-postsList__item col-12 col-md-6 col-lg-6\">\n\n\t\t<a href=\"https:\/\/www.cbti-bkvt.org\/de\/evenement\/eng-turbocharge-your-translations-with-ai-2\/\" title=\"\" class=\"m-postsList__item__link\">\n\n\t\t\t<div class=\"m-postsList__item__child\">\n\n\t\t\t\t<div class=\"m-postsList__item__img \"><img \n\t   \tsrc=\"https:\/\/www.cbti-bkvt.org\/wp-content\/uploads\/Techforword-2-540x360.png\" \n\t\tsrcset=\"https:\/\/www.cbti-bkvt.org\/wp-content\/uploads\/Techforword-2-540x360.png 540w, https:\/\/www.cbti-bkvt.org\/wp-content\/uploads\/Techforword-2-1000x666.png 768w, https:\/\/www.cbti-bkvt.org\/wp-content\/uploads\/Techforword-2.png 1000w\" \n\t\tsizes=\"(min-width:768px) 540px, (min-width:1000px) 1000px, 100vw\"  \n\t\talt=\"Techforword\"\n\t \/><\/div>\n\t\t\t\n\t\t\t\t<div class=\"m-postsList__item__content\">\n\n\t\t\t\t\t\t\t\t\t\t\n\t\t\t\t\t\n\t\t\t\t\t\t\t\t\t\n\t\t\t\t\t<p class=\"m-postsList__item__title  m-postsList__item__title--s1\">[ENG] Turbocharge your translations with AI \u00a0<\/p>\n\n\t\t\t\t\t\n\t\t\t\t\t\n\t\t\t\t\t\t<p class=\"m-postsList__item__meta m-postsList__item__meta--s1\">\n\n\t\t\t\t\t\t\t\t\t\t\t\t\t\t\n\t\t\t\t\t\t\t\t\t\t\t\t\t\t<span class=\"m-postsList__item__meta__label\">Datum: 14 March 2025 &#8211; Uhr: 10:00 Bis 12:00\t\t\t\t\t\t\t\n\t\t\t\t\t\t\t\n\t\t\t\t\t\t\t| <span class=\"m-postsList__item__meta__label\">Kategorie: <\/span>Fortbildung\t\t\t\t\t\t\n\t\t\t\t\t\t<\/p>\n\n\t\t\t\t\t\n\t\t\t\t\t\n\t\t\t\t\t\n\t\t\t\t\t\n\t\t\t\t\t\t\t\t\t\t<div class=\"m-actionContainer\">\n\t\t\t\t\t\t<div class=\"m-action\">\n\t\t\t\t\t\t\t<span>Mehr erfahren<\/span>\n\t\t\t\t\t\t<\/div>\n\t\t\t\t\t<\/div><!-- \/actionContainer -->\n\t\t\t\t\t\t\t\t\n\t\t\t\t<\/div><!-- \/postsList__item__child__content -->\n\t\t\t<\/div><!-- \/postsList__item__child -->\n\t\t<\/a><!-- \/postsList__item__link -->\n\t<\/div><!-- \/postsList__item -->\n\n\n\n\n\n                    \n                                            \n                            \n\n\n\n\n\n\n\n\n\n\n\n\n\n\n\n\n\t<div class=\"m-postsList__item col-12 col-md-6 col-lg-6\">\n\n\t\t<a href=\"https:\/\/www.cbti-bkvt.org\/de\/evenement\/eng-expand-your-studio-knowledge-2\/\" title=\"\" class=\"m-postsList__item__link\">\n\n\t\t\t<div class=\"m-postsList__item__child\">\n\n\t\t\t\t<div class=\"m-postsList__item__img \"><img \n\t   \tsrc=\"https:\/\/www.cbti-bkvt.org\/wp-content\/uploads\/Photo-Jeremy-Callier-540x360.jpg\" \n\t\tsrcset=\"https:\/\/www.cbti-bkvt.org\/wp-content\/uploads\/Photo-Jeremy-Callier-540x360.jpg 540w, https:\/\/www.cbti-bkvt.org\/wp-content\/uploads\/Photo-Jeremy-Callier-e1733909415795.jpg 768w, https:\/\/www.cbti-bkvt.org\/wp-content\/uploads\/Photo-Jeremy-Callier-e1733909415795.jpg 1000w\" \n\t\tsizes=\"(min-width:768px) 540px, (min-width:1000px) 1000px, 100vw\"  \n\t\talt=\"Photo J\u00e9r\u00e9my Callier\"\n\t \/><\/div>\n\t\t\t\n\t\t\t\t<div class=\"m-postsList__item__content\">\n\n\t\t\t\t\t\t\t\t\t\t\n\t\t\t\t\t\n\t\t\t\t\t\t\t\t\t\n\t\t\t\t\t<p class=\"m-postsList__item__title  m-postsList__item__title--s1\">[FR] Expand your Studio knowledge<\/p>\n\n\t\t\t\t\t\n\t\t\t\t\t\n\t\t\t\t\t\t<p class=\"m-postsList__item__meta m-postsList__item__meta--s1\">\n\n\t\t\t\t\t\t\t\t\t\t\t\t\t\t\n\t\t\t\t\t\t\t\t\t\t\t\t\t\t<span class=\"m-postsList__item__meta__label\">Datum: 5 February 2025 &#8211; Uhr: 09:00 Bis 12:00\t\t\t\t\t\t\t\n\t\t\t\t\t\t\t\n\t\t\t\t\t\t\t| <span class=\"m-postsList__item__meta__label\">Kategorie: <\/span>Fortbildung\t\t\t\t\t\t\n\t\t\t\t\t\t<\/p>\n\n\t\t\t\t\t\n\t\t\t\t\t\n\t\t\t\t\t\n\t\t\t\t\t\n\t\t\t\t\t\t\t\t\t\t<div class=\"m-actionContainer\">\n\t\t\t\t\t\t<div class=\"m-action\">\n\t\t\t\t\t\t\t<span>Mehr erfahren<\/span>\n\t\t\t\t\t\t<\/div>\n\t\t\t\t\t<\/div><!-- \/actionContainer -->\n\t\t\t\t\t\t\t\t\n\t\t\t\t<\/div><!-- \/postsList__item__child__content -->\n\t\t\t<\/div><!-- \/postsList__item__child -->\n\t\t<\/a><!-- \/postsList__item__link -->\n\t<\/div><!-- \/postsList__item -->\n\n\n\n\n\n                    \n                                            \n                            \n\n\n\n\n\n\n\n\n\n\n\n\n\n\n\n\n\t<div class=\"m-postsList__item col-12 col-md-6 col-lg-6\">\n\n\t\t<a href=\"https:\/\/www.cbti-bkvt.org\/de\/evenement\/la-cbti-celebre-le-nouvel-an-2025\/\" title=\"\" class=\"m-postsList__item__link\">\n\n\t\t\t<div class=\"m-postsList__item__child\">\n\n\t\t\t\t<div class=\"m-postsList__item__img \"><img \n\t   \tsrc=\"https:\/\/www.cbti-bkvt.org\/wp-content\/uploads\/walls-io-kObQKVhUzDo-unsplash-540x360.jpg\" \n\t\tsrcset=\"https:\/\/www.cbti-bkvt.org\/wp-content\/uploads\/walls-io-kObQKVhUzDo-unsplash-540x360.jpg 540w, https:\/\/www.cbti-bkvt.org\/wp-content\/uploads\/walls-io-kObQKVhUzDo-unsplash-1000x666.jpg 768w, https:\/\/www.cbti-bkvt.org\/wp-content\/uploads\/walls-io-kObQKVhUzDo-unsplash.jpg 1000w\" \n\t\tsizes=\"(min-width:768px) 540px, (min-width:1000px) 1000px, 100vw\"  \n\t\talt=\"walls-io-kObQKVhUzDo-unsplash\"\n\t \/><\/div>\n\t\t\t\n\t\t\t\t<div class=\"m-postsList__item__content\">\n\n\t\t\t\t\t\t\t\t\t\t\n\t\t\t\t\t\n\t\t\t\t\t\t\t\t\t\n\t\t\t\t\t<p class=\"m-postsList__item__title  m-postsList__item__title--s1\">La CBTI c\u00e9l\u00e8bre le Nouvel An 2025 !<\/p>\n\n\t\t\t\t\t\n\t\t\t\t\t\n\t\t\t\t\t\t<p class=\"m-postsList__item__meta m-postsList__item__meta--s1\">\n\n\t\t\t\t\t\t\t\t\t\t\t\t\t\t\n\t\t\t\t\t\t\t\t\t\t\t\t\t\t<span class=\"m-postsList__item__meta__label\">Datum: 31 January 2025 &#8211; Uhr: 14:00 Bis 23:00\t\t\t\t\t\t\t\n\t\t\t\t\t\t\t\t\t\t\t\t\t\t\t<span class=\"m-postsList__item__meta__label\"><br \/>Ort: <\/span> Louise Hotel Brussels \u2013 MGallery Hotel\t\t\t\t\t\t\t\n\t\t\t\t\t\t\t| <span class=\"m-postsList__item__meta__label\">Kategorie: <\/span>CBTI\/BKVT aktuell\t\t\t\t\t\t\n\t\t\t\t\t\t<\/p>\n\n\t\t\t\t\t\n\t\t\t\t\t\n\t\t\t\t\t\t\t\t\t\t\t<p class=\"m-postsList__item__metadescription\">La CBTI vous invite, le vendredi 31 janvier 2025, \u00e0 la remise du Prix du Meilleur M\u00e9moire et aux festivit\u00e9s du Nouvel An.<\/p>\n\t\t\t\t\t\n\t\t\t\t\t\n\t\t\t\t\t\t\t\t\t\t<div class=\"m-actionContainer\">\n\t\t\t\t\t\t<div class=\"m-action\">\n\t\t\t\t\t\t\t<span>Mehr erfahren<\/span>\n\t\t\t\t\t\t<\/div>\n\t\t\t\t\t<\/div><!-- \/actionContainer -->\n\t\t\t\t\t\t\t\t\n\t\t\t\t<\/div><!-- \/postsList__item__child__content -->\n\t\t\t<\/div><!-- \/postsList__item__child -->\n\t\t<\/a><!-- \/postsList__item__link -->\n\t<\/div><!-- \/postsList__item -->\n\n\n\n\n\n                    \n                                            \n                            \n\n\n\n\n\n\n\n\n\n\n\n\n\n\n\n\n\t<div class=\"m-postsList__item col-12 col-md-6 col-lg-6\">\n\n\t\t<a href=\"https:\/\/www.cbti-bkvt.org\/de\/evenement\/eng-turbocharge-your-translations-with-ai\/\" title=\"\" class=\"m-postsList__item__link\">\n\n\t\t\t<div class=\"m-postsList__item__child\">\n\n\t\t\t\t<div class=\"m-postsList__item__img \"><img \n\t   \tsrc=\"https:\/\/www.cbti-bkvt.org\/wp-content\/uploads\/Techforword-2-540x360.png\" \n\t\tsrcset=\"https:\/\/www.cbti-bkvt.org\/wp-content\/uploads\/Techforword-2-540x360.png 540w, https:\/\/www.cbti-bkvt.org\/wp-content\/uploads\/Techforword-2-1000x666.png 768w, https:\/\/www.cbti-bkvt.org\/wp-content\/uploads\/Techforword-2.png 1000w\" \n\t\tsizes=\"(min-width:768px) 540px, (min-width:1000px) 1000px, 100vw\"  \n\t\talt=\"Techforword\"\n\t \/><\/div>\n\t\t\t\n\t\t\t\t<div class=\"m-postsList__item__content\">\n\n\t\t\t\t\t\t\t\t\t\t\n\t\t\t\t\t\n\t\t\t\t\t\t\t\t\t\n\t\t\t\t\t<p class=\"m-postsList__item__title  m-postsList__item__title--s1\">[ENG] Turbocharge your translations with AI \u00a0<\/p>\n\n\t\t\t\t\t\n\t\t\t\t\t\n\t\t\t\t\t\t<p class=\"m-postsList__item__meta m-postsList__item__meta--s1\">\n\n\t\t\t\t\t\t\t\t\t\t\t\t\t\t\n\t\t\t\t\t\t\t\t\t\t\t\t\t\t<span class=\"m-postsList__item__meta__label\">Datum: 30 January 2025 &#8211; Uhr: 10:00 Bis 12:00\t\t\t\t\t\t\t\n\t\t\t\t\t\t\t\n\t\t\t\t\t\t\t| <span class=\"m-postsList__item__meta__label\">Kategorie: <\/span>Fortbildung\t\t\t\t\t\t\n\t\t\t\t\t\t<\/p>\n\n\t\t\t\t\t\n\t\t\t\t\t\n\t\t\t\t\t\n\t\t\t\t\t\n\t\t\t\t\t\t\t\t\t\t<div class=\"m-actionContainer\">\n\t\t\t\t\t\t<div class=\"m-action\">\n\t\t\t\t\t\t\t<span>Mehr erfahren<\/span>\n\t\t\t\t\t\t<\/div>\n\t\t\t\t\t<\/div><!-- \/actionContainer -->\n\t\t\t\t\t\t\t\t\n\t\t\t\t<\/div><!-- \/postsList__item__child__content -->\n\t\t\t<\/div><!-- \/postsList__item__child -->\n\t\t<\/a><!-- \/postsList__item__link -->\n\t<\/div><!-- \/postsList__item -->\n\n\n\n\n\n                    \n                                            \n                            \n\n\n\n\n\n\n\n\n\n\n\n\n\n\n\n\n\t<div class=\"m-postsList__item col-12 col-md-6 col-lg-6\">\n\n\t\t<a href=\"https:\/\/www.cbti-bkvt.org\/de\/evenement\/eng-expand-your-studio-knowledge\/\" title=\"\" class=\"m-postsList__item__link\">\n\n\t\t\t<div class=\"m-postsList__item__child\">\n\n\t\t\t\t<div class=\"m-postsList__item__img \"><img \n\t   \tsrc=\"https:\/\/www.cbti-bkvt.org\/wp-content\/uploads\/Photo-Jeremy-Callier-540x360.jpg\" \n\t\tsrcset=\"https:\/\/www.cbti-bkvt.org\/wp-content\/uploads\/Photo-Jeremy-Callier-540x360.jpg 540w, https:\/\/www.cbti-bkvt.org\/wp-content\/uploads\/Photo-Jeremy-Callier-e1733909415795.jpg 768w, https:\/\/www.cbti-bkvt.org\/wp-content\/uploads\/Photo-Jeremy-Callier-e1733909415795.jpg 1000w\" \n\t\tsizes=\"(min-width:768px) 540px, (min-width:1000px) 1000px, 100vw\"  \n\t\talt=\"Photo J\u00e9r\u00e9my Callier\"\n\t \/><\/div>\n\t\t\t\n\t\t\t\t<div class=\"m-postsList__item__content\">\n\n\t\t\t\t\t\t\t\t\t\t\n\t\t\t\t\t\n\t\t\t\t\t\t\t\t\t\n\t\t\t\t\t<p class=\"m-postsList__item__title  m-postsList__item__title--s1\">[ENG] Expand your Studio knowledge<\/p>\n\n\t\t\t\t\t\n\t\t\t\t\t\n\t\t\t\t\t\t<p class=\"m-postsList__item__meta m-postsList__item__meta--s1\">\n\n\t\t\t\t\t\t\t\t\t\t\t\t\t\t\n\t\t\t\t\t\t\t\t\t\t\t\t\t\t<span class=\"m-postsList__item__meta__label\">Datum: 15 January 2025 &#8211; Uhr: 09:00 Bis 12:00\t\t\t\t\t\t\t\n\t\t\t\t\t\t\t\n\t\t\t\t\t\t\t| <span class=\"m-postsList__item__meta__label\">Kategorie: <\/span>Fortbildung\t\t\t\t\t\t\n\t\t\t\t\t\t<\/p>\n\n\t\t\t\t\t\n\t\t\t\t\t\n\t\t\t\t\t\n\t\t\t\t\t\n\t\t\t\t\t\t\t\t\t\t<div class=\"m-actionContainer\">\n\t\t\t\t\t\t<div class=\"m-action\">\n\t\t\t\t\t\t\t<span>Mehr erfahren<\/span>\n\t\t\t\t\t\t<\/div>\n\t\t\t\t\t<\/div><!-- \/actionContainer -->\n\t\t\t\t\t\t\t\t\n\t\t\t\t<\/div><!-- \/postsList__item__child__content -->\n\t\t\t<\/div><!-- \/postsList__item__child -->\n\t\t<\/a><!-- \/postsList__item__link -->\n\t<\/div><!-- \/postsList__item -->\n\n\n\n\n\n                    \n                                            \n                            \n\n\n\n\n\n\n\n\n\n\n\n\n\n\n\n\n\t<div class=\"m-postsList__item col-12 col-md-6 col-lg-6\">\n\n\t\t<a href=\"https:\/\/www.cbti-bkvt.org\/de\/evenement\/lextralingua-formation-et-nouvel-an\/\" title=\"\" class=\"m-postsList__item__link\">\n\n\t\t\t<div class=\"m-postsList__item__child\">\n\n\t\t\t\t<div class=\"m-postsList__item__img \"><img \n\t   \tsrc=\"https:\/\/www.cbti-bkvt.org\/wp-content\/uploads\/markus-spiske-7PMGUqYQpYc-unsplash-540x360.jpg\" \n\t\tsrcset=\"https:\/\/www.cbti-bkvt.org\/wp-content\/uploads\/markus-spiske-7PMGUqYQpYc-unsplash-540x360.jpg 540w, https:\/\/www.cbti-bkvt.org\/wp-content\/uploads\/markus-spiske-7PMGUqYQpYc-unsplash-1000x666.jpg 768w, https:\/\/www.cbti-bkvt.org\/wp-content\/uploads\/markus-spiske-7PMGUqYQpYc-unsplash-2000x1333.jpg 1000w\" \n\t\tsizes=\"(min-width:768px) 540px, (min-width:1000px) 1000px, 100vw\"  \n\t\talt=\"markus-spiske-7PMGUqYQpYc-unsplash\"\n\t \/><\/div>\n\t\t\t\n\t\t\t\t<div class=\"m-postsList__item__content\">\n\n\t\t\t\t\t\t\t\t\t\t\n\t\t\t\t\t\n\t\t\t\t\t\t\t\t\t\n\t\t\t\t\t<p class=\"m-postsList__item__title  m-postsList__item__title--s1\">LextraLingua : formation et Nouvel An<\/p>\n\n\t\t\t\t\t\n\t\t\t\t\t\n\t\t\t\t\t\t<p class=\"m-postsList__item__meta m-postsList__item__meta--s1\">\n\n\t\t\t\t\t\t\t\t\t\t\t\t\t\t\n\t\t\t\t\t\t\t\t\t\t\t\t\t\t<span class=\"m-postsList__item__meta__label\">Datum: 10 January 2025 &#8211; Uhr: 15:00 Bis 20:00\t\t\t\t\t\t\t\n\t\t\t\t\t\t\t\t\t\t\t\t\t\t\t<span class=\"m-postsList__item__meta__label\"><br \/>Ort: <\/span> Hotel Gosset\t\t\t\t\t\t\t\n\t\t\t\t\t\t\t| <span class=\"m-postsList__item__meta__label\">Kategorie: <\/span>Fortbildung, Sonstige Veranstaltungen, Vereidigte \u00dcbersetzer\/Dolmetscher\t\t\t\t\t\t\n\t\t\t\t\t\t<\/p>\n\n\t\t\t\t\t\n\t\t\t\t\t\n\t\t\t\t\t\n\t\t\t\t\t\n\t\t\t\t\t\t\t\t\t\t<div class=\"m-actionContainer\">\n\t\t\t\t\t\t<div class=\"m-action\">\n\t\t\t\t\t\t\t<span>Mehr erfahren<\/span>\n\t\t\t\t\t\t<\/div>\n\t\t\t\t\t<\/div><!-- \/actionContainer -->\n\t\t\t\t\t\t\t\t\n\t\t\t\t<\/div><!-- \/postsList__item__child__content -->\n\t\t\t<\/div><!-- \/postsList__item__child -->\n\t\t<\/a><!-- \/postsList__item__link -->\n\t<\/div><!-- \/postsList__item -->\n\n\n\n\n\n                    \n                                            \n                            \n\n\n\n\n\n\n\n\n\n\n\n\n\n\n\n\n\t<div class=\"m-postsList__item col-12 col-md-6 col-lg-6\">\n\n\t\t<a href=\"https:\/\/www.cbti-bkvt.org\/de\/evenement\/online-webinar-emerging-opportunities-of-generative-ai-for-translators\/\" title=\"\" class=\"m-postsList__item__link\">\n\n\t\t\t<div class=\"m-postsList__item__child\">\n\n\t\t\t\t<div class=\"m-postsList__item__img \"><img \n\t   \tsrc=\"https:\/\/www.cbti-bkvt.org\/wp-content\/uploads\/BAMMEL_paysageLinkedIn-540x360.jpg\" \n\t\tsrcset=\"https:\/\/www.cbti-bkvt.org\/wp-content\/uploads\/BAMMEL_paysageLinkedIn-540x360.jpg 540w, https:\/\/www.cbti-bkvt.org\/wp-content\/uploads\/BAMMEL_paysageLinkedIn.jpg 768w, https:\/\/www.cbti-bkvt.org\/wp-content\/uploads\/BAMMEL_paysageLinkedIn.jpg 1000w\" \n\t\tsizes=\"(min-width:768px) 540px, (min-width:1000px) 1000px, 100vw\"  \n\t\talt=\"BAMMEL_paysageLinkedIn\"\n\t \/><\/div>\n\t\t\t\n\t\t\t\t<div class=\"m-postsList__item__content\">\n\n\t\t\t\t\t\t\t\t\t\t\n\t\t\t\t\t\n\t\t\t\t\t\t\t\t\t\n\t\t\t\t\t<p class=\"m-postsList__item__title  m-postsList__item__title--s1\">Online webinar : Emerging Opportunities of Generative AI for Translators<\/p>\n\n\t\t\t\t\t\n\t\t\t\t\t\n\t\t\t\t\t\t<p class=\"m-postsList__item__meta m-postsList__item__meta--s1\">\n\n\t\t\t\t\t\t\t\t\t\t\t\t\t\t\n\t\t\t\t\t\t\t\t\t\t\t\t\t\t<span class=\"m-postsList__item__meta__label\">Datum: 3 December 2024 &#8211; Uhr: 10:00 Bis 11:30\t\t\t\t\t\t\t\n\t\t\t\t\t\t\t\n\t\t\t\t\t\t\t| <span class=\"m-postsList__item__meta__label\">Kategorie: <\/span>Fortbildung\t\t\t\t\t\t\n\t\t\t\t\t\t<\/p>\n\n\t\t\t\t\t\n\t\t\t\t\t\n\t\t\t\t\t\n\t\t\t\t\t\n\t\t\t\t\t\t\t\t\t\t<div class=\"m-actionContainer\">\n\t\t\t\t\t\t<div class=\"m-action\">\n\t\t\t\t\t\t\t<span>Mehr erfahren<\/span>\n\t\t\t\t\t\t<\/div>\n\t\t\t\t\t<\/div><!-- \/actionContainer -->\n\t\t\t\t\t\t\t\t\n\t\t\t\t<\/div><!-- \/postsList__item__child__content -->\n\t\t\t<\/div><!-- \/postsList__item__child -->\n\t\t<\/a><!-- \/postsList__item__link -->\n\t<\/div><!-- \/postsList__item -->\n\n\n\n\n\n                    \n                                            \n                            \n\n\n\n\n\n\n\n\n\n\n\n\n\n\n\n\n\t<div class=\"m-postsList__item col-12 col-md-6 col-lg-6\">\n\n\t\t<a href=\"https:\/\/www.cbti-bkvt.org\/de\/evenement\/conference-cocktail-de-la-cbti-10e-anniv-loi-du-10-avril\/\" title=\"\" class=\"m-postsList__item__link\">\n\n\t\t\t<div class=\"m-postsList__item__child\">\n\n\t\t\t\t<div class=\"m-postsList__item__img \"><img \n\t   \tsrc=\"https:\/\/www.cbti-bkvt.org\/wp-content\/uploads\/ash-edmonds-SSh9jI6sw-I-unsplash-540x360.jpg\" \n\t\tsrcset=\"https:\/\/www.cbti-bkvt.org\/wp-content\/uploads\/ash-edmonds-SSh9jI6sw-I-unsplash-540x360.jpg 540w, https:\/\/www.cbti-bkvt.org\/wp-content\/uploads\/ash-edmonds-SSh9jI6sw-I-unsplash-1000x666.jpg 768w, https:\/\/www.cbti-bkvt.org\/wp-content\/uploads\/ash-edmonds-SSh9jI6sw-I-unsplash-2000x1333.jpg 1000w\" \n\t\tsizes=\"(min-width:768px) 540px, (min-width:1000px) 1000px, 100vw\"  \n\t\talt=\"ash-edmonds-SSh9jI6sw-I-unsplash\"\n\t \/><\/div>\n\t\t\t\n\t\t\t\t<div class=\"m-postsList__item__content\">\n\n\t\t\t\t\t\t\t\t\t\t\n\t\t\t\t\t\n\t\t\t\t\t\t\t\t\t\n\t\t\t\t\t<p class=\"m-postsList__item__title  m-postsList__item__title--s1\">Conf\u00e9rence-cocktail de la CBTI &#8211; 10 ans du registre national des TIJ, des perspectives pour toute la profession<\/p>\n\n\t\t\t\t\t\n\t\t\t\t\t\n\t\t\t\t\t\t<p class=\"m-postsList__item__meta m-postsList__item__meta--s1\">\n\n\t\t\t\t\t\t\t\t\t\t\t\t\t\t\n\t\t\t\t\t\t\t\t\t\t\t\t\t\t<span class=\"m-postsList__item__meta__label\">Datum: 22 November 2024 &#8211; Uhr: 17:30 Bis 23:00\t\t\t\t\t\t\t\n\t\t\t\t\t\t\t\t\t\t\t\t\t\t\t<span class=\"m-postsList__item__meta__label\"><br \/>Ort: <\/span> R\u00e9sidence Palace, Rue de la Loi 155 Bruxelles\t\t\t\t\t\t\t\n\t\t\t\t\t\t\t| <span class=\"m-postsList__item__meta__label\">Kategorie: <\/span>CBTI\/BKVT aktuell, Konferenzen, Stammtische, Vereidigte \u00dcbersetzer\/Dolmetscher\t\t\t\t\t\t\n\t\t\t\t\t\t<\/p>\n\n\t\t\t\t\t\n\t\t\t\t\t\n\t\t\t\t\t\n\t\t\t\t\t\n\t\t\t\t\t\t\t\t\t\t<div class=\"m-actionContainer\">\n\t\t\t\t\t\t<div class=\"m-action\">\n\t\t\t\t\t\t\t<span>Mehr erfahren<\/span>\n\t\t\t\t\t\t<\/div>\n\t\t\t\t\t<\/div><!-- \/actionContainer -->\n\t\t\t\t\t\t\t\t\n\t\t\t\t<\/div><!-- \/postsList__item__child__content -->\n\t\t\t<\/div><!-- \/postsList__item__child -->\n\t\t<\/a><!-- \/postsList__item__link -->\n\t<\/div><!-- \/postsList__item -->\n\n\n\n\n\n                    \n                                            \n                            \n\n\n\n\n\n\n\n\n\n\n\n\n\n\n\n\n\t<div class=\"m-postsList__item col-12 col-md-6 col-lg-6\">\n\n\t\t<a href=\"https:\/\/www.cbti-bkvt.org\/de\/evenement\/techforword-webinar-how-to-use-ai-to-prepare-for-an-interpreting-assignment\/\" title=\"\" class=\"m-postsList__item__link\">\n\n\t\t\t<div class=\"m-postsList__item__child\">\n\n\t\t\t\t<div class=\"m-postsList__item__img \"><img \n\t   \tsrc=\"https:\/\/www.cbti-bkvt.org\/wp-content\/uploads\/Techforword.png\" \n\t\tsrcset=\"https:\/\/www.cbti-bkvt.org\/wp-content\/uploads\/Techforword.png 540w, https:\/\/www.cbti-bkvt.org\/wp-content\/uploads\/Techforword.png 768w, https:\/\/www.cbti-bkvt.org\/wp-content\/uploads\/Techforword.png 1000w\" \n\t\tsizes=\"(min-width:768px) 540px, (min-width:1000px) 1000px, 100vw\"  \n\t\talt=\"Techforword\"\n\t \/><\/div>\n\t\t\t\n\t\t\t\t<div class=\"m-postsList__item__content\">\n\n\t\t\t\t\t\t\t\t\t\t\n\t\t\t\t\t\n\t\t\t\t\t\t\t\t\t\n\t\t\t\t\t<p class=\"m-postsList__item__title  m-postsList__item__title--s1\">Techforword webinar: how to use AI to prepare for an interpreting assignment<\/p>\n\n\t\t\t\t\t\n\t\t\t\t\t\n\t\t\t\t\t\t<p class=\"m-postsList__item__meta m-postsList__item__meta--s1\">\n\n\t\t\t\t\t\t\t\t\t\t\t\t\t\t\n\t\t\t\t\t\t\t\t\t\t\t\t\t\t<span class=\"m-postsList__item__meta__label\">Datum: 12 November 2024 &#8211; Uhr: 18:00 Bis 20:00\t\t\t\t\t\t\t\n\t\t\t\t\t\t\t\n\t\t\t\t\t\t\t\t\t\t\t\t\t\n\t\t\t\t\t\t<\/p>\n\n\t\t\t\t\t\n\t\t\t\t\t\n\t\t\t\t\t\n\t\t\t\t\t\n\t\t\t\t\t\t\t\t\t\t<div class=\"m-actionContainer\">\n\t\t\t\t\t\t<div class=\"m-action\">\n\t\t\t\t\t\t\t<span>Mehr erfahren<\/span>\n\t\t\t\t\t\t<\/div>\n\t\t\t\t\t<\/div><!-- \/actionContainer -->\n\t\t\t\t\t\t\t\t\n\t\t\t\t<\/div><!-- \/postsList__item__child__content -->\n\t\t\t<\/div><!-- \/postsList__item__child -->\n\t\t<\/a><!-- \/postsList__item__link -->\n\t<\/div><!-- \/postsList__item -->\n\n\n\n\n\n                    \n                                            \n                            \n\n\n\n\n\n\n\n\n\n\n\n\n\n\n\n\n\t<div class=\"m-postsList__item col-12 col-md-6 col-lg-6\">\n\n\t\t<a href=\"https:\/\/www.cbti-bkvt.org\/de\/evenement\/journee-mondiale-de-la-traduction-cbti-sft-le-26-09-a-tournai\/\" title=\"\" class=\"m-postsList__item__link\">\n\n\t\t\t<div class=\"m-postsList__item__child\">\n\n\t\t\t\t<div class=\"m-postsList__item__img \"><img \n\t   \tsrc=\"https:\/\/www.cbti-bkvt.org\/wp-content\/uploads\/iStock-1186904523-540x360.jpg\" \n\t\tsrcset=\"https:\/\/www.cbti-bkvt.org\/wp-content\/uploads\/iStock-1186904523-540x360.jpg 540w, https:\/\/www.cbti-bkvt.org\/wp-content\/uploads\/iStock-1186904523-1000x666.jpg 768w, https:\/\/www.cbti-bkvt.org\/wp-content\/uploads\/iStock-1186904523.jpg 1000w\" \n\t\tsizes=\"(min-width:768px) 540px, (min-width:1000px) 1000px, 100vw\"  \n\t\talt=\"Notre-Dame de Tournai towers and surrounfing streets with old buildings panorama, Cathedral of Our Lady, Tournai, Walloon municipality, Belgium\"\n\t \/><\/div>\n\t\t\t\n\t\t\t\t<div class=\"m-postsList__item__content\">\n\n\t\t\t\t\t\t\t\t\t\t\n\t\t\t\t\t\n\t\t\t\t\t\t\t\t\t\n\t\t\t\t\t<p class=\"m-postsList__item__title  m-postsList__item__title--s1\">Journ\u00e9e mondiale de la traduction CBTI\/SFT le 26\/09 \u00e0 Tournai<\/p>\n\n\t\t\t\t\t\n\t\t\t\t\t\n\t\t\t\t\t\t<p class=\"m-postsList__item__meta m-postsList__item__meta--s1\">\n\n\t\t\t\t\t\t\t\t\t\t\t\t\t\t\n\t\t\t\t\t\t\t\t\t\t\t\t\t\t<span class=\"m-postsList__item__meta__label\">Datum: 26 September 2024 &#8211; Uhr: 09:00 Bis 01:00\t\t\t\t\t\t\t\n\t\t\t\t\t\t\t\t\t\t\t\t\t\t\t<span class=\"m-postsList__item__meta__label\"><br \/>Ort: <\/span> Tournai\t\t\t\t\t\t\t\n\t\t\t\t\t\t\t| <span class=\"m-postsList__item__meta__label\">Kategorie: <\/span>Konferenzen\t\t\t\t\t\t\n\t\t\t\t\t\t<\/p>\n\n\t\t\t\t\t\n\t\t\t\t\t\n\t\t\t\t\t\n\t\t\t\t\t\n\t\t\t\t\t\t\t\t\t\t<div class=\"m-actionContainer\">\n\t\t\t\t\t\t<div class=\"m-action\">\n\t\t\t\t\t\t\t<span>Mehr erfahren<\/span>\n\t\t\t\t\t\t<\/div>\n\t\t\t\t\t<\/div><!-- \/actionContainer -->\n\t\t\t\t\t\t\t\t\n\t\t\t\t<\/div><!-- \/postsList__item__child__content -->\n\t\t\t<\/div><!-- \/postsList__item__child -->\n\t\t<\/a><!-- \/postsList__item__link -->\n\t<\/div><!-- \/postsList__item -->\n\n\n\n\n\n                    \n                                            \n                            \n\n\n\n\n\n\n\n\n\n\n\n\n\n\n\n\n\t<div class=\"m-postsList__item col-12 col-md-6 col-lg-6\">\n\n\t\t<a href=\"https:\/\/www.cbti-bkvt.org\/de\/evenement\/eng-cai-tools-for-interpreters-an-artificial-or-annoying-booth-mate\/\" title=\"\" class=\"m-postsList__item__link\">\n\n\t\t\t<div class=\"m-postsList__item__child\">\n\n\t\t\t\t<div class=\"m-postsList__item__img \"><img \n\t   \tsrc=\"https:\/\/www.cbti-bkvt.org\/wp-content\/uploads\/Bart-Defrancq-CAI-2-540x360.jpeg\" \n\t\tsrcset=\"https:\/\/www.cbti-bkvt.org\/wp-content\/uploads\/Bart-Defrancq-CAI-2-540x360.jpeg 540w, https:\/\/www.cbti-bkvt.org\/wp-content\/uploads\/Bart-Defrancq-CAI-2-1000x666.jpeg 768w, https:\/\/www.cbti-bkvt.org\/wp-content\/uploads\/Bart-Defrancq-CAI-2.jpeg 1000w\" \n\t\tsizes=\"(min-width:768px) 540px, (min-width:1000px) 1000px, 100vw\"  \n\t\talt=\"Bart Defrancq CAI\"\n\t \/><\/div>\n\t\t\t\n\t\t\t\t<div class=\"m-postsList__item__content\">\n\n\t\t\t\t\t\t\t\t\t\t\n\t\t\t\t\t\n\t\t\t\t\t\t\t\t\t\n\t\t\t\t\t<p class=\"m-postsList__item__title  m-postsList__item__title--s1\">[ENG] CAI-tools for interpreters: an artificial or annoying booth mate?<\/p>\n\n\t\t\t\t\t\n\t\t\t\t\t\n\t\t\t\t\t\t<p class=\"m-postsList__item__meta m-postsList__item__meta--s1\">\n\n\t\t\t\t\t\t\t\t\t\t\t\t\t\t\n\t\t\t\t\t\t\t\t\t\t\t\t\t\t<span class=\"m-postsList__item__meta__label\">Datum: 16 September 2024 &#8211; Uhr: 20:00 Bis 21:00\t\t\t\t\t\t\t\n\t\t\t\t\t\t\t\t\t\t\t\t\t\t\t<span class=\"m-postsList__item__meta__label\"><br \/>Ort: <\/span> webinar\t\t\t\t\t\t\t\n\t\t\t\t\t\t\t| <span class=\"m-postsList__item__meta__label\">Kategorie: <\/span>Fortbildung\t\t\t\t\t\t\n\t\t\t\t\t\t<\/p>\n\n\t\t\t\t\t\n\t\t\t\t\t\n\t\t\t\t\t\n\t\t\t\t\t\n\t\t\t\t\t\t\t\t\t\t<div class=\"m-actionContainer\">\n\t\t\t\t\t\t<div class=\"m-action\">\n\t\t\t\t\t\t\t<span>Mehr erfahren<\/span>\n\t\t\t\t\t\t<\/div>\n\t\t\t\t\t<\/div><!-- \/actionContainer -->\n\t\t\t\t\t\t\t\t\n\t\t\t\t<\/div><!-- \/postsList__item__child__content -->\n\t\t\t<\/div><!-- \/postsList__item__child -->\n\t\t<\/a><!-- \/postsList__item__link -->\n\t<\/div><!-- \/postsList__item -->\n\n\n\n\n\n                    \n                                            \n                            \n\n\n\n\n\n\n\n\n\n\n\n\n\n\n\n\n\t<div class=\"m-postsList__item col-12 col-md-6 col-lg-6\">\n\n\t\t<a href=\"https:\/\/www.cbti-bkvt.org\/de\/evenement\/fr-reprobel-les-droits-dauteur-pour-traduction-et-interpretation\/\" title=\"\" class=\"m-postsList__item__link\">\n\n\t\t\t<div class=\"m-postsList__item__child\">\n\n\t\t\t\t<div class=\"m-postsList__item__img \"><img \n\t   \tsrc=\"https:\/\/www.cbti-bkvt.org\/wp-content\/uploads\/Reprobel-002-540x360.jpg\" \n\t\tsrcset=\"https:\/\/www.cbti-bkvt.org\/wp-content\/uploads\/Reprobel-002-540x360.jpg 540w, https:\/\/www.cbti-bkvt.org\/wp-content\/uploads\/Reprobel-002-1000x666.jpg 768w, https:\/\/www.cbti-bkvt.org\/wp-content\/uploads\/Reprobel-002.jpg 1000w\" \n\t\tsizes=\"(min-width:768px) 540px, (min-width:1000px) 1000px, 100vw\"  \n\t\talt=\"Reprobel (002)\"\n\t \/><\/div>\n\t\t\t\n\t\t\t\t<div class=\"m-postsList__item__content\">\n\n\t\t\t\t\t\t\t\t\t\t\n\t\t\t\t\t\n\t\t\t\t\t\t\t\t\t\n\t\t\t\t\t<p class=\"m-postsList__item__title  m-postsList__item__title--s1\">[FR] Reprobel\u00a0: les droits d\u2019auteur pour la traduction et l&#8217;interpr\u00e9tation<\/p>\n\n\t\t\t\t\t\n\t\t\t\t\t\n\t\t\t\t\t\t<p class=\"m-postsList__item__meta m-postsList__item__meta--s1\">\n\n\t\t\t\t\t\t\t\t\t\t\t\t\t\t\n\t\t\t\t\t\t\t\t\t\t\t\t\t\t<span class=\"m-postsList__item__meta__label\">Datum: 24 April 2024 &#8211; Uhr: 10:00 Bis 12:00\t\t\t\t\t\t\t\n\t\t\t\t\t\t\t\t\t\t\t\t\t\t\t<span class=\"m-postsList__item__meta__label\"><br \/>Ort: <\/span> Webinaire\t\t\t\t\t\t\t\n\t\t\t\t\t\t\t| <span class=\"m-postsList__item__meta__label\">Kategorie: <\/span>Fortbildung\t\t\t\t\t\t\n\t\t\t\t\t\t<\/p>\n\n\t\t\t\t\t\n\t\t\t\t\t\n\t\t\t\t\t\n\t\t\t\t\t\n\t\t\t\t\t\t\t\t\t\t<div class=\"m-actionContainer\">\n\t\t\t\t\t\t<div class=\"m-action\">\n\t\t\t\t\t\t\t<span>Mehr erfahren<\/span>\n\t\t\t\t\t\t<\/div>\n\t\t\t\t\t<\/div><!-- \/actionContainer -->\n\t\t\t\t\t\t\t\t\n\t\t\t\t<\/div><!-- \/postsList__item__child__content -->\n\t\t\t<\/div><!-- \/postsList__item__child -->\n\t\t<\/a><!-- \/postsList__item__link -->\n\t<\/div><!-- \/postsList__item -->\n\n\n\n\n\n                    \n                                            \n                            \n\n\n\n\n\n\n\n\n\n\n\n\n\n\n\n\n\t<div class=\"m-postsList__item col-12 col-md-6 col-lg-6\">\n\n\t\t<a href=\"https:\/\/www.cbti-bkvt.org\/de\/evenement\/nl-reprobel-auteursrechten-voor-vertalers-en-tolken\/\" title=\"\" class=\"m-postsList__item__link\">\n\n\t\t\t<div class=\"m-postsList__item__child\">\n\n\t\t\t\t<div class=\"m-postsList__item__img \"><img \n\t   \tsrc=\"https:\/\/www.cbti-bkvt.org\/wp-content\/uploads\/Reprobel-002-540x360.jpg\" \n\t\tsrcset=\"https:\/\/www.cbti-bkvt.org\/wp-content\/uploads\/Reprobel-002-540x360.jpg 540w, https:\/\/www.cbti-bkvt.org\/wp-content\/uploads\/Reprobel-002-1000x666.jpg 768w, https:\/\/www.cbti-bkvt.org\/wp-content\/uploads\/Reprobel-002.jpg 1000w\" \n\t\tsizes=\"(min-width:768px) 540px, (min-width:1000px) 1000px, 100vw\"  \n\t\talt=\"Reprobel (002)\"\n\t \/><\/div>\n\t\t\t\n\t\t\t\t<div class=\"m-postsList__item__content\">\n\n\t\t\t\t\t\t\t\t\t\t\n\t\t\t\t\t\n\t\t\t\t\t\t\t\t\t\n\t\t\t\t\t<p class=\"m-postsList__item__title  m-postsList__item__title--s1\">[NL] Reprobel: auteursrechten voor vertalers en tolken<\/p>\n\n\t\t\t\t\t\n\t\t\t\t\t\n\t\t\t\t\t\t<p class=\"m-postsList__item__meta m-postsList__item__meta--s1\">\n\n\t\t\t\t\t\t\t\t\t\t\t\t\t\t\n\t\t\t\t\t\t\t\t\t\t\t\t\t\t<span class=\"m-postsList__item__meta__label\">Datum: 17 April 2024 &#8211; Uhr: 10:00 Bis 12:00\t\t\t\t\t\t\t\n\t\t\t\t\t\t\t\t\t\t\t\t\t\t\t<span class=\"m-postsList__item__meta__label\"><br \/>Ort: <\/span> Webinar\t\t\t\t\t\t\t\n\t\t\t\t\t\t\t| <span class=\"m-postsList__item__meta__label\">Kategorie: <\/span>Fortbildung\t\t\t\t\t\t\n\t\t\t\t\t\t<\/p>\n\n\t\t\t\t\t\n\t\t\t\t\t\n\t\t\t\t\t\n\t\t\t\t\t\n\t\t\t\t\t\t\t\t\t\t<div class=\"m-actionContainer\">\n\t\t\t\t\t\t<div class=\"m-action\">\n\t\t\t\t\t\t\t<span>Mehr erfahren<\/span>\n\t\t\t\t\t\t<\/div>\n\t\t\t\t\t<\/div><!-- \/actionContainer -->\n\t\t\t\t\t\t\t\t\n\t\t\t\t<\/div><!-- \/postsList__item__child__content -->\n\t\t\t<\/div><!-- \/postsList__item__child -->\n\t\t<\/a><!-- \/postsList__item__link -->\n\t<\/div><!-- \/postsList__item -->\n\n\n\n\n\n                    \n                                            \n                            \n\n\n\n\n\n\n\n\n\n\n\n\n\n\n\n\n\t<div class=\"m-postsList__item col-12 col-md-6 col-lg-6\">\n\n\t\t<a href=\"https:\/\/www.cbti-bkvt.org\/de\/evenement\/de-einfache-sprache\/\" title=\"\" class=\"m-postsList__item__link\">\n\n\t\t\t<div class=\"m-postsList__item__child\">\n\n\t\t\t\t<div class=\"m-postsList__item__img \"><img \n\t   \tsrc=\"https:\/\/www.cbti-bkvt.org\/wp-content\/uploads\/Image-LC-allemand-540x360.jpg\" \n\t\tsrcset=\"https:\/\/www.cbti-bkvt.org\/wp-content\/uploads\/Image-LC-allemand-540x360.jpg 540w, https:\/\/www.cbti-bkvt.org\/wp-content\/uploads\/Image-LC-allemand.jpg 768w, https:\/\/www.cbti-bkvt.org\/wp-content\/uploads\/Image-LC-allemand.jpg 1000w\" \n\t\tsizes=\"(min-width:768px) 540px, (min-width:1000px) 1000px, 100vw\"  \n\t\talt=\"Image LC allemand\"\n\t \/><\/div>\n\t\t\t\n\t\t\t\t<div class=\"m-postsList__item__content\">\n\n\t\t\t\t\t\t\t\t\t\t\n\t\t\t\t\t\n\t\t\t\t\t\t\t\t\t\n\t\t\t\t\t<p class=\"m-postsList__item__title  m-postsList__item__title--s1\">[DE] Einfache Sprache<\/p>\n\n\t\t\t\t\t\n\t\t\t\t\t\n\t\t\t\t\t\t<p class=\"m-postsList__item__meta m-postsList__item__meta--s1\">\n\n\t\t\t\t\t\t\t\t\t\t\t\t\t\t\n\t\t\t\t\t\t\t\t\t\t\t\t\t\t<span class=\"m-postsList__item__meta__label\">Datum: 19 March 2024 &#8211; Uhr: 09:30 Bis 13:00\t\t\t\t\t\t\t\n\t\t\t\t\t\t\t\t\t\t\t\t\t\t\t<span class=\"m-postsList__item__meta__label\"><br \/>Ort: <\/span> Webinar\t\t\t\t\t\t\t\n\t\t\t\t\t\t\t| <span class=\"m-postsList__item__meta__label\">Kategorie: <\/span>Fortbildung\t\t\t\t\t\t\n\t\t\t\t\t\t<\/p>\n\n\t\t\t\t\t\n\t\t\t\t\t\n\t\t\t\t\t\n\t\t\t\t\t\n\t\t\t\t\t\t\t\t\t\t<div class=\"m-actionContainer\">\n\t\t\t\t\t\t<div class=\"m-action\">\n\t\t\t\t\t\t\t<span>Mehr erfahren<\/span>\n\t\t\t\t\t\t<\/div>\n\t\t\t\t\t<\/div><!-- \/actionContainer -->\n\t\t\t\t\t\t\t\t\n\t\t\t\t<\/div><!-- \/postsList__item__child__content -->\n\t\t\t<\/div><!-- \/postsList__item__child -->\n\t\t<\/a><!-- \/postsList__item__link -->\n\t<\/div><!-- \/postsList__item -->\n\n\n\n\n\n                    \n                                            \n                            \n\n\n\n\n\n\n\n\n\n\n\n\n\n\n\n\n\t<div class=\"m-postsList__item col-12 col-md-6 col-lg-6\">\n\n\t\t<a href=\"https:\/\/www.cbti-bkvt.org\/de\/evenement\/fr-le-point-sur-les-pratiques-du-metier-du-tij\/\" title=\"\" class=\"m-postsList__item__link\">\n\n\t\t\t<div class=\"m-postsList__item__child\">\n\n\t\t\t\t<div class=\"m-postsList__item__img \"><img \n\t   \tsrc=\"https:\/\/www.cbti-bkvt.org\/wp-content\/uploads\/Justice-Palais-Bruxelles_DSC2047-540x360.jpg\" \n\t\tsrcset=\"https:\/\/www.cbti-bkvt.org\/wp-content\/uploads\/Justice-Palais-Bruxelles_DSC2047-540x360.jpg 540w, https:\/\/www.cbti-bkvt.org\/wp-content\/uploads\/Justice-Palais-Bruxelles_DSC2047-1000x666.jpg 768w, https:\/\/www.cbti-bkvt.org\/wp-content\/uploads\/Justice-Palais-Bruxelles_DSC2047-2000x1333.jpg 1000w\" \n\t\tsizes=\"(min-width:768px) 540px, (min-width:1000px) 1000px, 100vw\"  \n\t\talt=\"Justice Palais Bruxelles_DSC2047\"\n\t \/><\/div>\n\t\t\t\n\t\t\t\t<div class=\"m-postsList__item__content\">\n\n\t\t\t\t\t\t\t\t\t\t\n\t\t\t\t\t\n\t\t\t\t\t\t\t\t\t\n\t\t\t\t\t<p class=\"m-postsList__item__title  m-postsList__item__title--s1\">[FR] Le point sur les pratiques du m\u00e9tier du TIJ<\/p>\n\n\t\t\t\t\t\n\t\t\t\t\t\n\t\t\t\t\t\t<p class=\"m-postsList__item__meta m-postsList__item__meta--s1\">\n\n\t\t\t\t\t\t\t\t\t\t\t\t\t\t\n\t\t\t\t\t\t\t\t\t\t\t\t\t\t<span class=\"m-postsList__item__meta__label\">Datum: 9 March 2024 &#8211; Uhr: 10:00 Bis 17:00\t\t\t\t\t\t\t\n\t\t\t\t\t\t\t\t\t\t\t\t\t\t\t<span class=\"m-postsList__item__meta__label\"><br \/>Ort: <\/span> Salles COPA-COGECA A+B &#8211; Rue de Tr\u00e8ves 61, 1040 Bruxelles\t\t\t\t\t\t\t\n\t\t\t\t\t\t\t| <span class=\"m-postsList__item__meta__label\">Kategorie: <\/span>Fortbildung\t\t\t\t\t\t\n\t\t\t\t\t\t<\/p>\n\n\t\t\t\t\t\n\t\t\t\t\t\n\t\t\t\t\t\n\t\t\t\t\t\n\t\t\t\t\t\t\t\t\t\t<div class=\"m-actionContainer\">\n\t\t\t\t\t\t<div class=\"m-action\">\n\t\t\t\t\t\t\t<span>Mehr erfahren<\/span>\n\t\t\t\t\t\t<\/div>\n\t\t\t\t\t<\/div><!-- \/actionContainer -->\n\t\t\t\t\t\t\t\t\n\t\t\t\t<\/div><!-- \/postsList__item__child__content -->\n\t\t\t<\/div><!-- \/postsList__item__child -->\n\t\t<\/a><!-- \/postsList__item__link -->\n\t<\/div><!-- \/postsList__item -->\n\n\n\n\n\n                    \n                                            \n                            \n\n\n\n\n\n\n\n\n\n\n\n\n\n\n\n\n\t<div class=\"m-postsList__item col-12 col-md-6 col-lg-6\">\n\n\t\t<a href=\"https:\/\/www.cbti-bkvt.org\/de\/evenement\/nl-alles-over-het-beroep-van-bvt\/\" title=\"\" class=\"m-postsList__item__link\">\n\n\t\t\t<div class=\"m-postsList__item__child\">\n\n\t\t\t\t<div class=\"m-postsList__item__img \"><img \n\t   \tsrc=\"https:\/\/www.cbti-bkvt.org\/wp-content\/uploads\/vlinderpaleis__Frank_Bruynseraede_-min-540x360.jpeg\" \n\t\tsrcset=\"https:\/\/www.cbti-bkvt.org\/wp-content\/uploads\/vlinderpaleis__Frank_Bruynseraede_-min-540x360.jpeg 540w, https:\/\/www.cbti-bkvt.org\/wp-content\/uploads\/vlinderpaleis__Frank_Bruynseraede_-min.jpeg 768w, https:\/\/www.cbti-bkvt.org\/wp-content\/uploads\/vlinderpaleis__Frank_Bruynseraede_-min.jpeg 1000w\" \n\t\tsizes=\"(min-width:768px) 540px, (min-width:1000px) 1000px, 100vw\"  \n\t\talt=\"vlinderpaleis__Frank_Bruynseraede_-min\"\n\t \/><\/div>\n\t\t\t\n\t\t\t\t<div class=\"m-postsList__item__content\">\n\n\t\t\t\t\t\t\t\t\t\t\n\t\t\t\t\t\n\t\t\t\t\t\t\t\t\t\n\t\t\t\t\t<p class=\"m-postsList__item__title  m-postsList__item__title--s1\">[NL] Alles over het beroep van BVT<\/p>\n\n\t\t\t\t\t\n\t\t\t\t\t\n\t\t\t\t\t\t<p class=\"m-postsList__item__meta m-postsList__item__meta--s1\">\n\n\t\t\t\t\t\t\t\t\t\t\t\t\t\t\n\t\t\t\t\t\t\t\t\t\t\t\t\t\t<span class=\"m-postsList__item__meta__label\">Datum: 9 March 2024 &#8211; Uhr: 10:00 Bis 17:00\t\t\t\t\t\t\t\n\t\t\t\t\t\t\t\t\t\t\t\t\t\t\t<span class=\"m-postsList__item__meta__label\"><br \/>Ort: <\/span> Zalen COPA-COGECA A+B &#8211; Trierstraat 61 &#8211; 1040 Brussel\t\t\t\t\t\t\t\n\t\t\t\t\t\t\t| <span class=\"m-postsList__item__meta__label\">Kategorie: <\/span>Fortbildung\t\t\t\t\t\t\n\t\t\t\t\t\t<\/p>\n\n\t\t\t\t\t\n\t\t\t\t\t\n\t\t\t\t\t\n\t\t\t\t\t\n\t\t\t\t\t\t\t\t\t\t<div class=\"m-actionContainer\">\n\t\t\t\t\t\t<div class=\"m-action\">\n\t\t\t\t\t\t\t<span>Mehr erfahren<\/span>\n\t\t\t\t\t\t<\/div>\n\t\t\t\t\t<\/div><!-- \/actionContainer -->\n\t\t\t\t\t\t\t\t\n\t\t\t\t<\/div><!-- \/postsList__item__child__content -->\n\t\t\t<\/div><!-- \/postsList__item__child -->\n\t\t<\/a><!-- \/postsList__item__link -->\n\t<\/div><!-- \/postsList__item -->\n\n\n\n\n\n                    \n                                            \n                            \n\n\n\n\n\n\n\n\n\n\n\n\n\n\n\n\n\t<div class=\"m-postsList__item col-12 col-md-6 col-lg-6\">\n\n\t\t<a href=\"https:\/\/www.cbti-bkvt.org\/de\/evenement\/fr-quand-interpreter-traduire-devient-une-source-de-stress\/\" title=\"\" class=\"m-postsList__item__link\">\n\n\t\t\t<div class=\"m-postsList__item__child\">\n\n\t\t\t\t<div class=\"m-postsList__item__img \"><img \n\t   \tsrc=\"https:\/\/www.cbti-bkvt.org\/wp-content\/uploads\/Stress-540x360.jpg\" \n\t\tsrcset=\"https:\/\/www.cbti-bkvt.org\/wp-content\/uploads\/Stress-540x360.jpg 540w, https:\/\/www.cbti-bkvt.org\/wp-content\/uploads\/Stress.jpg 768w, https:\/\/www.cbti-bkvt.org\/wp-content\/uploads\/Stress.jpg 1000w\" \n\t\tsizes=\"(min-width:768px) 540px, (min-width:1000px) 1000px, 100vw\"  \n\t\talt=\"Stress\"\n\t \/><\/div>\n\t\t\t\n\t\t\t\t<div class=\"m-postsList__item__content\">\n\n\t\t\t\t\t\t\t\t\t\t\n\t\t\t\t\t\n\t\t\t\t\t\t\t\t\t\n\t\t\t\t\t<p class=\"m-postsList__item__title  m-postsList__item__title--s1\">[FR] Quand interpr\u00e9ter\/traduire devient une source de stress<\/p>\n\n\t\t\t\t\t\n\t\t\t\t\t\n\t\t\t\t\t\t<p class=\"m-postsList__item__meta m-postsList__item__meta--s1\">\n\n\t\t\t\t\t\t\t\t\t\t\t\t\t\t\n\t\t\t\t\t\t\t\t\t\t\t\t\t\t<span class=\"m-postsList__item__meta__label\">Datum: 16 February 2024 &#8211; Uhr: 15:30 Bis 18:00\t\t\t\t\t\t\t\n\t\t\t\t\t\t\t\t\t\t\t\t\t\t\t<span class=\"m-postsList__item__meta__label\"><br \/>Ort: <\/span> KUL Campus Bruxelles &#8211; Hermes 3 Local 6306, 43 Rue Montagne aux Herbes Potag\u00e8res, Bruxelles\t\t\t\t\t\t\t\n\t\t\t\t\t\t\t| <span class=\"m-postsList__item__meta__label\">Kategorie: <\/span>Fortbildung\t\t\t\t\t\t\n\t\t\t\t\t\t<\/p>\n\n\t\t\t\t\t\n\t\t\t\t\t\n\t\t\t\t\t\n\t\t\t\t\t\n\t\t\t\t\t\t\t\t\t\t<div class=\"m-actionContainer\">\n\t\t\t\t\t\t<div class=\"m-action\">\n\t\t\t\t\t\t\t<span>Mehr erfahren<\/span>\n\t\t\t\t\t\t<\/div>\n\t\t\t\t\t<\/div><!-- \/actionContainer -->\n\t\t\t\t\t\t\t\t\n\t\t\t\t<\/div><!-- \/postsList__item__child__content -->\n\t\t\t<\/div><!-- \/postsList__item__child -->\n\t\t<\/a><!-- \/postsList__item__link -->\n\t<\/div><!-- \/postsList__item -->\n\n\n\n\n\n                    \n                                            \n                            \n\n\n\n\n\n\n\n\n\n\n\n\n\n\n\n\n\t<div class=\"m-postsList__item col-12 col-md-6 col-lg-6\">\n\n\t\t<a href=\"https:\/\/www.cbti-bkvt.org\/de\/evenement\/la-cbti-celebre-le-nouvel-an-triple-invitation\/\" title=\"\" class=\"m-postsList__item__link\">\n\n\t\t\t<div class=\"m-postsList__item__child\">\n\n\t\t\t\t<div class=\"m-postsList__item__img \"><img \n\t   \tsrc=\"https:\/\/www.cbti-bkvt.org\/wp-content\/uploads\/2024-540x360.jpg\" \n\t\tsrcset=\"https:\/\/www.cbti-bkvt.org\/wp-content\/uploads\/2024-540x360.jpg 540w, https:\/\/www.cbti-bkvt.org\/wp-content\/uploads\/2024.jpg 768w, https:\/\/www.cbti-bkvt.org\/wp-content\/uploads\/2024.jpg 1000w\" \n\t\tsizes=\"(min-width:768px) 540px, (min-width:1000px) 1000px, 100vw\"  \n\t\talt=\"2024\"\n\t \/><\/div>\n\t\t\t\n\t\t\t\t<div class=\"m-postsList__item__content\">\n\n\t\t\t\t\t\t\t\t\t\t\n\t\t\t\t\t\n\t\t\t\t\t\t\t\t\t\n\t\t\t\t\t<p class=\"m-postsList__item__title  m-postsList__item__title--s1\">La CBTI c\u00e9l\u00e8bre le Nouvel An! &#8211; Triple invitation<\/p>\n\n\t\t\t\t\t\n\t\t\t\t\t\n\t\t\t\t\t\t<p class=\"m-postsList__item__meta m-postsList__item__meta--s1\">\n\n\t\t\t\t\t\t\t\t\t\t\t\t\t\t\n\t\t\t\t\t\t\t\t\t\t\t\t\t\t<span class=\"m-postsList__item__meta__label\">Datum: 19 January 2024 &#8211; Uhr: 14:00 Bis \t\t\t\t\t\t\t\n\t\t\t\t\t\t\t\t\t\t\t\t\t\t\t<span class=\"m-postsList__item__meta__label\"><br \/>Ort: <\/span> Louise Hotel Brussels \u2013 MGallery Hotel Collection\t\t\t\t\t\t\t\n\t\t\t\t\t\t\t| <span class=\"m-postsList__item__meta__label\">Kategorie: <\/span>CBTI\/BKVT aktuell\t\t\t\t\t\t\n\t\t\t\t\t\t<\/p>\n\n\t\t\t\t\t\n\t\t\t\t\t\n\t\t\t\t\t\n\t\t\t\t\t\n\t\t\t\t\t\t\t\t\t\t<div class=\"m-actionContainer\">\n\t\t\t\t\t\t<div class=\"m-action\">\n\t\t\t\t\t\t\t<span>Mehr erfahren<\/span>\n\t\t\t\t\t\t<\/div>\n\t\t\t\t\t<\/div><!-- \/actionContainer -->\n\t\t\t\t\t\t\t\t\n\t\t\t\t<\/div><!-- \/postsList__item__child__content -->\n\t\t\t<\/div><!-- \/postsList__item__child -->\n\t\t<\/a><!-- \/postsList__item__link -->\n\t<\/div><!-- \/postsList__item -->\n\n\n\n\n\n                    \n                                            \n                            \n\n\n\n\n\n\n\n\n\n\n\n\n\n\n\n\n\t<div class=\"m-postsList__item col-12 col-md-6 col-lg-6\">\n\n\t\t<a href=\"https:\/\/www.cbti-bkvt.org\/de\/evenement\/en-the-23-most-underutilized-translation-assistance-tools-of-2023\/\" title=\"\" class=\"m-postsList__item__link\">\n\n\t\t\t<div class=\"m-postsList__item__child\">\n\n\t\t\t\t<div class=\"m-postsList__item__img \"><img \n\t   \tsrc=\"https:\/\/www.cbti-bkvt.org\/wp-content\/uploads\/Joachim-Lepine-23-tools-540x360.jpg\" \n\t\tsrcset=\"https:\/\/www.cbti-bkvt.org\/wp-content\/uploads\/Joachim-Lepine-23-tools-540x360.jpg 540w, https:\/\/www.cbti-bkvt.org\/wp-content\/uploads\/Joachim-Lepine-23-tools.jpg 768w, https:\/\/www.cbti-bkvt.org\/wp-content\/uploads\/Joachim-Lepine-23-tools.jpg 1000w\" \n\t\tsizes=\"(min-width:768px) 540px, (min-width:1000px) 1000px, 100vw\"  \n\t\talt=\"Joachim L\u00e9pine 23 tools\"\n\t \/><\/div>\n\t\t\t\n\t\t\t\t<div class=\"m-postsList__item__content\">\n\n\t\t\t\t\t\t\t\t\t\t\n\t\t\t\t\t\n\t\t\t\t\t\t\t\t\t\n\t\t\t\t\t<p class=\"m-postsList__item__title  m-postsList__item__title--s1\">[EN] The 23 Most Underutilized Translation Assistance Tools of 2023<\/p>\n\n\t\t\t\t\t\n\t\t\t\t\t\n\t\t\t\t\t\t<p class=\"m-postsList__item__meta m-postsList__item__meta--s1\">\n\n\t\t\t\t\t\t\t\t\t\t\t\t\t\t\n\t\t\t\t\t\t\t\t\t\t\t\t\t\t<span class=\"m-postsList__item__meta__label\">Datum: 11 January 2024 &#8211; Uhr: 14:00 Bis 16:00\t\t\t\t\t\t\t\n\t\t\t\t\t\t\t\t\t\t\t\t\t\t\t<span class=\"m-postsList__item__meta__label\"><br \/>Ort: <\/span> Webinar\t\t\t\t\t\t\t\n\t\t\t\t\t\t\t| <span class=\"m-postsList__item__meta__label\">Kategorie: <\/span>Fortbildung\t\t\t\t\t\t\n\t\t\t\t\t\t<\/p>\n\n\t\t\t\t\t\n\t\t\t\t\t\n\t\t\t\t\t\n\t\t\t\t\t\n\t\t\t\t\t\t\t\t\t\t<div class=\"m-actionContainer\">\n\t\t\t\t\t\t<div class=\"m-action\">\n\t\t\t\t\t\t\t<span>Mehr erfahren<\/span>\n\t\t\t\t\t\t<\/div>\n\t\t\t\t\t<\/div><!-- \/actionContainer -->\n\t\t\t\t\t\t\t\t\n\t\t\t\t<\/div><!-- \/postsList__item__child__content -->\n\t\t\t<\/div><!-- \/postsList__item__child -->\n\t\t<\/a><!-- \/postsList__item__link -->\n\t<\/div><!-- \/postsList__item -->\n\n\n\n\n\n                    \n                                            \n                            \n\n\n\n\n\n\n\n\n\n\n\n\n\n\n\n\n\t<div class=\"m-postsList__item col-12 col-md-6 col-lg-6\">\n\n\t\t<a href=\"https:\/\/www.cbti-bkvt.org\/de\/evenement\/fr-stylistique-comparee-a-lere-de-la-tan-webinaire\/\" title=\"\" class=\"m-postsList__item__link\">\n\n\t\t\t<div class=\"m-postsList__item__child\">\n\n\t\t\t\t<div class=\"m-postsList__item__img \"><img \n\t   \tsrc=\"https:\/\/www.cbti-bkvt.org\/wp-content\/uploads\/Stylistique_compar_e-540x360.jpg\" \n\t\tsrcset=\"https:\/\/www.cbti-bkvt.org\/wp-content\/uploads\/Stylistique_compar_e-540x360.jpg 540w, https:\/\/www.cbti-bkvt.org\/wp-content\/uploads\/Stylistique_compar_e-1000x666.jpg 768w, https:\/\/www.cbti-bkvt.org\/wp-content\/uploads\/Stylistique_compar_e.jpg 1000w\" \n\t\tsizes=\"(min-width:768px) 540px, (min-width:1000px) 1000px, 100vw\"  \n\t\talt=\"Stylistique_compar_e\"\n\t \/><\/div>\n\t\t\t\n\t\t\t\t<div class=\"m-postsList__item__content\">\n\n\t\t\t\t\t\t\t\t\t\t\n\t\t\t\t\t\n\t\t\t\t\t\t\t\t\t\n\t\t\t\t\t<p class=\"m-postsList__item__title  m-postsList__item__title--s1\">[FR] Stylistique compar\u00e9e \u00e0 l\u2019\u00e8re de la TAN: webinaire<\/p>\n\n\t\t\t\t\t\n\t\t\t\t\t\n\t\t\t\t\t\t<p class=\"m-postsList__item__meta m-postsList__item__meta--s1\">\n\n\t\t\t\t\t\t\t\t\t\t\t\t\t\t\n\t\t\t\t\t\t\t\t\t\t\t\t\t\t<span class=\"m-postsList__item__meta__label\">Datum: 16 November 2023 &#8211; Uhr: 14:00 Bis 17:00\t\t\t\t\t\t\t\n\t\t\t\t\t\t\t\t\t\t\t\t\t\t\t<span class=\"m-postsList__item__meta__label\"><br \/>Ort: <\/span> Webinaire\t\t\t\t\t\t\t\n\t\t\t\t\t\t\t| <span class=\"m-postsList__item__meta__label\">Kategorie: <\/span>Fortbildung\t\t\t\t\t\t\n\t\t\t\t\t\t<\/p>\n\n\t\t\t\t\t\n\t\t\t\t\t\n\t\t\t\t\t\n\t\t\t\t\t\n\t\t\t\t\t\t\t\t\t\t<div class=\"m-actionContainer\">\n\t\t\t\t\t\t<div class=\"m-action\">\n\t\t\t\t\t\t\t<span>Mehr erfahren<\/span>\n\t\t\t\t\t\t<\/div>\n\t\t\t\t\t<\/div><!-- \/actionContainer -->\n\t\t\t\t\t\t\t\t\n\t\t\t\t<\/div><!-- \/postsList__item__child__content -->\n\t\t\t<\/div><!-- \/postsList__item__child -->\n\t\t<\/a><!-- \/postsList__item__link -->\n\t<\/div><!-- \/postsList__item -->\n\n\n\n\n\n                    \n                                            \n                            \n\n\n\n\n\n\n\n\n\n\n\n\n\n\n\n\n\t<div class=\"m-postsList__item col-12 col-md-6 col-lg-6\">\n\n\t\t<a href=\"https:\/\/www.cbti-bkvt.org\/de\/evenement\/invitation-a-la-reunion-pleniere-de-linguajuris-le-10-novembre-2023\/\" title=\"\" class=\"m-postsList__item__link\">\n\n\t\t\t<div class=\"m-postsList__item__child\">\n\n\t\t\t\t<div class=\"m-postsList__item__img \"><img \n\t   \tsrc=\"https:\/\/www.cbti-bkvt.org\/wp-content\/uploads\/IMG_2893-min-540x360.jpeg\" \n\t\tsrcset=\"https:\/\/www.cbti-bkvt.org\/wp-content\/uploads\/IMG_2893-min-540x360.jpeg 540w, https:\/\/www.cbti-bkvt.org\/wp-content\/uploads\/IMG_2893-min.jpeg 768w, https:\/\/www.cbti-bkvt.org\/wp-content\/uploads\/IMG_2893-min.jpeg 1000w\" \n\t\tsizes=\"(min-width:768px) 540px, (min-width:1000px) 1000px, 100vw\"  \n\t\talt=\"IMG_2893-min\"\n\t \/><\/div>\n\t\t\t\n\t\t\t\t<div class=\"m-postsList__item__content\">\n\n\t\t\t\t\t\t\t\t\t\t\n\t\t\t\t\t\n\t\t\t\t\t\t\t\t\t\n\t\t\t\t\t<p class=\"m-postsList__item__title  m-postsList__item__title--s1\">Invitation \u00e0 la r\u00e9union pl\u00e9ni\u00e8re de LinguaJuris le 10 novembre 2023<\/p>\n\n\t\t\t\t\t\n\t\t\t\t\t\n\t\t\t\t\t\t<p class=\"m-postsList__item__meta m-postsList__item__meta--s1\">\n\n\t\t\t\t\t\t\t\t\t\t\t\t\t\t\n\t\t\t\t\t\t\t\t\t\t\t\t\t\t<span class=\"m-postsList__item__meta__label\">Datum: 10 November 2023 &#8211; Uhr: 18:00 Bis \t\t\t\t\t\t\t\n\t\t\t\t\t\t\t\t\t\t\t\t\t\t\t<span class=\"m-postsList__item__meta__label\"><br \/>Ort: <\/span>  Le Phare du Kanaal &#8211; Quai des Charbonnages 40 &#8211; 1080 Bruxelles\t\t\t\t\t\t\t\n\t\t\t\t\t\t\t| <span class=\"m-postsList__item__meta__label\">Kategorie: <\/span>Sektorkomitees, Vereidigte \u00dcbersetzer\/Dolmetscher\t\t\t\t\t\t\n\t\t\t\t\t\t<\/p>\n\n\t\t\t\t\t\n\t\t\t\t\t\n\t\t\t\t\t\n\t\t\t\t\t\n\t\t\t\t\t\t\t\t\t\t<div class=\"m-actionContainer\">\n\t\t\t\t\t\t<div class=\"m-action\">\n\t\t\t\t\t\t\t<span>Mehr erfahren<\/span>\n\t\t\t\t\t\t<\/div>\n\t\t\t\t\t<\/div><!-- \/actionContainer -->\n\t\t\t\t\t\t\t\t\n\t\t\t\t<\/div><!-- \/postsList__item__child__content -->\n\t\t\t<\/div><!-- \/postsList__item__child -->\n\t\t<\/a><!-- \/postsList__item__link -->\n\t<\/div><!-- \/postsList__item -->\n\n\n\n\n\n                    \n                                            \n                            \n\n\n\n\n\n\n\n\n\n\n\n\n\n\n\n\n\t<div class=\"m-postsList__item col-12 col-md-6 col-lg-6\">\n\n\t\t<a href=\"https:\/\/www.cbti-bkvt.org\/de\/evenement\/fr-grammaire-et-typographie-avec-mme-lenoble-pinson\/\" title=\"\" class=\"m-postsList__item__link\">\n\n\t\t\t<div class=\"m-postsList__item__child\">\n\n\t\t\t\t<div class=\"m-postsList__item__img \"><img \n\t   \tsrc=\"https:\/\/www.cbti-bkvt.org\/wp-content\/uploads\/glasses_-_CBTI_formation_notes_de_bas_de_page-540x360.jpg\" \n\t\tsrcset=\"https:\/\/www.cbti-bkvt.org\/wp-content\/uploads\/glasses_-_CBTI_formation_notes_de_bas_de_page-540x360.jpg 540w, https:\/\/www.cbti-bkvt.org\/wp-content\/uploads\/glasses_-_CBTI_formation_notes_de_bas_de_page.jpg 768w, https:\/\/www.cbti-bkvt.org\/wp-content\/uploads\/glasses_-_CBTI_formation_notes_de_bas_de_page.jpg 1000w\" \n\t\tsizes=\"(min-width:768px) 540px, (min-width:1000px) 1000px, 100vw\"  \n\t\talt=\"glasses_-_CBTI_formation_notes_de_bas_de_page\"\n\t \/><\/div>\n\t\t\t\n\t\t\t\t<div class=\"m-postsList__item__content\">\n\n\t\t\t\t\t\t\t\t\t\t\n\t\t\t\t\t\n\t\t\t\t\t\t\t\t\t\n\t\t\t\t\t<p class=\"m-postsList__item__title  m-postsList__item__title--s1\">[FR] Grammaire et typographie avec Mme Lenoble-Pinson<\/p>\n\n\t\t\t\t\t\n\t\t\t\t\t\n\t\t\t\t\t\t<p class=\"m-postsList__item__meta m-postsList__item__meta--s1\">\n\n\t\t\t\t\t\t\t\t\t\t\t\t\t\t\n\t\t\t\t\t\t\t\t\t\t\t\t\t\t<span class=\"m-postsList__item__meta__label\">Datum: 10 November 2023 &#8211; Uhr: 09:00 Bis 17:00\t\t\t\t\t\t\t\n\t\t\t\t\t\t\t\t\t\t\t\t\t\t\t<span class=\"m-postsList__item__meta__label\"><br \/>Ort: <\/span> Le Phare du Kanaal (Salle Pandora) &#8211; Quai des Charbonnages 40 &#8211; 1080 Bruxelles\t\t\t\t\t\t\t\n\t\t\t\t\t\t\t| <span class=\"m-postsList__item__meta__label\">Kategorie: <\/span>Fortbildung\t\t\t\t\t\t\n\t\t\t\t\t\t<\/p>\n\n\t\t\t\t\t\n\t\t\t\t\t\n\t\t\t\t\t\n\t\t\t\t\t\n\t\t\t\t\t\t\t\t\t\t<div class=\"m-actionContainer\">\n\t\t\t\t\t\t<div class=\"m-action\">\n\t\t\t\t\t\t\t<span>Mehr erfahren<\/span>\n\t\t\t\t\t\t<\/div>\n\t\t\t\t\t<\/div><!-- \/actionContainer -->\n\t\t\t\t\t\t\t\t\n\t\t\t\t<\/div><!-- \/postsList__item__child__content -->\n\t\t\t<\/div><!-- \/postsList__item__child -->\n\t\t<\/a><!-- \/postsList__item__link -->\n\t<\/div><!-- \/postsList__item -->\n\n\n\n\n\n                    \n                                            \n                            \n\n\n\n\n\n\n\n\n\n\n\n\n\n\n\n\n\t<div class=\"m-postsList__item col-12 col-md-6 col-lg-6\">\n\n\t\t<a href=\"https:\/\/www.cbti-bkvt.org\/de\/evenement\/fr-ecrire-sans-exclure-3\/\" title=\"\" class=\"m-postsList__item__link\">\n\n\t\t\t<div class=\"m-postsList__item__child\">\n\n\t\t\t\t<div class=\"m-postsList__item__img \"><img \n\t   \tsrc=\"https:\/\/www.cbti-bkvt.org\/wp-content\/uploads\/Flyer_formation_Isabelle_Meurville_et_CBTI-min-540x360.jpg\" \n\t\tsrcset=\"https:\/\/www.cbti-bkvt.org\/wp-content\/uploads\/Flyer_formation_Isabelle_Meurville_et_CBTI-min-540x360.jpg 540w, https:\/\/www.cbti-bkvt.org\/wp-content\/uploads\/Flyer_formation_Isabelle_Meurville_et_CBTI-min-1000x666.jpg 768w, https:\/\/www.cbti-bkvt.org\/wp-content\/uploads\/Flyer_formation_Isabelle_Meurville_et_CBTI-min.jpg 1000w\" \n\t\tsizes=\"(min-width:768px) 540px, (min-width:1000px) 1000px, 100vw\"  \n\t\talt=\"Flyer_formation_Isabelle_Meurville_et_CBTI-min\"\n\t \/><\/div>\n\t\t\t\n\t\t\t\t<div class=\"m-postsList__item__content\">\n\n\t\t\t\t\t\t\t\t\t\t\n\t\t\t\t\t\n\t\t\t\t\t\t\t\t\t\n\t\t\t\t\t<p class=\"m-postsList__item__title  m-postsList__item__title--s1\">[FR] \u00c9crire sans Exclure<\/p>\n\n\t\t\t\t\t\n\t\t\t\t\t\n\t\t\t\t\t\t<p class=\"m-postsList__item__meta m-postsList__item__meta--s1\">\n\n\t\t\t\t\t\t\t\t\t\t\t\t\t\t\n\t\t\t\t\t\t\t\t\t\t\t\t\t\t<span class=\"m-postsList__item__meta__label\">Datum: 2 November 2023 &#8211; Uhr: 00:00 Bis \t\t\t\t\t\t\t\n\t\t\t\t\t\t\t\t\t\t\t\t\t\t\t<span class=\"m-postsList__item__meta__label\"><br \/>Ort: <\/span> En ligne\t\t\t\t\t\t\t\n\t\t\t\t\t\t\t| <span class=\"m-postsList__item__meta__label\">Kategorie: <\/span>Fortbildung\t\t\t\t\t\t\n\t\t\t\t\t\t<\/p>\n\n\t\t\t\t\t\n\t\t\t\t\t\n\t\t\t\t\t\n\t\t\t\t\t\n\t\t\t\t\t\t\t\t\t\t<div class=\"m-actionContainer\">\n\t\t\t\t\t\t<div class=\"m-action\">\n\t\t\t\t\t\t\t<span>Mehr erfahren<\/span>\n\t\t\t\t\t\t<\/div>\n\t\t\t\t\t<\/div><!-- \/actionContainer -->\n\t\t\t\t\t\t\t\t\n\t\t\t\t<\/div><!-- \/postsList__item__child__content -->\n\t\t\t<\/div><!-- \/postsList__item__child -->\n\t\t<\/a><!-- \/postsList__item__link -->\n\t<\/div><!-- \/postsList__item -->\n\n\n\n\n\n                    \n                                            \n                            \n\n\n\n\n\n\n\n\n\n\n\n\n\n\n\n\n\t<div class=\"m-postsList__item col-12 col-md-6 col-lg-6\">\n\n\t\t<a href=\"https:\/\/www.cbti-bkvt.org\/de\/evenement\/fr-les-fonds-dinvestissement-decryptes-avec-terminologie-en-quatre-langues\/\" title=\"\" class=\"m-postsList__item__link\">\n\n\t\t\t<div class=\"m-postsList__item__child\">\n\n\t\t\t\t<div class=\"m-postsList__item__img \"><img \n\t   \tsrc=\"https:\/\/www.cbti-bkvt.org\/wp-content\/uploads\/Flyer_2023_07_11-min-540x360.jpg\" \n\t\tsrcset=\"https:\/\/www.cbti-bkvt.org\/wp-content\/uploads\/Flyer_2023_07_11-min-540x360.jpg 540w, https:\/\/www.cbti-bkvt.org\/wp-content\/uploads\/Flyer_2023_07_11-min.jpg 768w, https:\/\/www.cbti-bkvt.org\/wp-content\/uploads\/Flyer_2023_07_11-min.jpg 1000w\" \n\t\tsizes=\"(min-width:768px) 540px, (min-width:1000px) 1000px, 100vw\"  \n\t\talt=\"Flyer_2023_07_11-min\"\n\t \/><\/div>\n\t\t\t\n\t\t\t\t<div class=\"m-postsList__item__content\">\n\n\t\t\t\t\t\t\t\t\t\t\n\t\t\t\t\t\n\t\t\t\t\t\t\t\t\t\n\t\t\t\t\t<p class=\"m-postsList__item__title  m-postsList__item__title--s1\">[FR] &#8220;Les fonds d\u2019investissement d\u00e9crypt\u00e9s&#8221; avec terminologie en quatre langues<\/p>\n\n\t\t\t\t\t\n\t\t\t\t\t\n\t\t\t\t\t\t<p class=\"m-postsList__item__meta m-postsList__item__meta--s1\">\n\n\t\t\t\t\t\t\t\t\t\t\t\t\t\t\n\t\t\t\t\t\t\t\t\t\t\t\t\t\t<span class=\"m-postsList__item__meta__label\">Datum: 30 October 2023 &#8211; Uhr: 09:00 Bis 17:00\t\t\t\t\t\t\t\n\t\t\t\t\t\t\t\t\t\t\t\t\t\t\t<span class=\"m-postsList__item__meta__label\"><br \/>Ort: <\/span> Le Phare du Kanaal (Salle Pandora) &#8211; Quai des Charbonnages 40 &#8211; 1080 Bruxelles\t\t\t\t\t\t\t\n\t\t\t\t\t\t\t| <span class=\"m-postsList__item__meta__label\">Kategorie: <\/span>Fortbildung\t\t\t\t\t\t\n\t\t\t\t\t\t<\/p>\n\n\t\t\t\t\t\n\t\t\t\t\t\n\t\t\t\t\t\n\t\t\t\t\t\n\t\t\t\t\t\t\t\t\t\t<div class=\"m-actionContainer\">\n\t\t\t\t\t\t<div class=\"m-action\">\n\t\t\t\t\t\t\t<span>Mehr erfahren<\/span>\n\t\t\t\t\t\t<\/div>\n\t\t\t\t\t<\/div><!-- \/actionContainer -->\n\t\t\t\t\t\t\t\t\n\t\t\t\t<\/div><!-- \/postsList__item__child__content -->\n\t\t\t<\/div><!-- \/postsList__item__child -->\n\t\t<\/a><!-- \/postsList__item__link -->\n\t<\/div><!-- \/postsList__item -->\n\n\n\n\n\n                    \n                                            \n                            \n\n\n\n\n\n\n\n\n\n\n\n\n\n\n\n\n\t<div class=\"m-postsList__item col-12 col-md-6 col-lg-6\">\n\n\t\t<a href=\"https:\/\/www.cbti-bkvt.org\/de\/evenement\/29e-reunion-du-reseau-franco-allemand-bruxelles\/\" title=\"\" class=\"m-postsList__item__link\">\n\n\t\t\t<div class=\"m-postsList__item__child\">\n\n\t\t\t\t<div class=\"m-postsList__item__img \"><img \n\t   \tsrc=\"https:\/\/www.cbti-bkvt.org\/wp-content\/uploads\/francois-genon-Ovx5CyZO-mg-unsplash-min-540x360.jpg\" \n\t\tsrcset=\"https:\/\/www.cbti-bkvt.org\/wp-content\/uploads\/francois-genon-Ovx5CyZO-mg-unsplash-min-540x360.jpg 540w, https:\/\/www.cbti-bkvt.org\/wp-content\/uploads\/francois-genon-Ovx5CyZO-mg-unsplash-min-1000x666.jpg 768w, https:\/\/www.cbti-bkvt.org\/wp-content\/uploads\/francois-genon-Ovx5CyZO-mg-unsplash-min.jpg 1000w\" \n\t\tsizes=\"(min-width:768px) 540px, (min-width:1000px) 1000px, 100vw\"  \n\t\talt=\"francois-genon-Ovx5CyZO-mg-unsplash-min\"\n\t \/><\/div>\n\t\t\t\n\t\t\t\t<div class=\"m-postsList__item__content\">\n\n\t\t\t\t\t\t\t\t\t\t\n\t\t\t\t\t\n\t\t\t\t\t\t\t\t\t\n\t\t\t\t\t<p class=\"m-postsList__item__title  m-postsList__item__title--s1\">29e r\u00e9union du R\u00e9seau franco-allemand (Bruxelles)<\/p>\n\n\t\t\t\t\t\n\t\t\t\t\t\n\t\t\t\t\t\t<p class=\"m-postsList__item__meta m-postsList__item__meta--s1\">\n\n\t\t\t\t\t\t\t\t\t\t\t\t\t\t\n\t\t\t\t\t\t\t\t\t\t\t\t\t\t<span class=\"m-postsList__item__meta__label\">Datum: 27 October 2023 &#8211; Uhr: 00:00 Bis \t\t\t\t\t\t\t\n\t\t\t\t\t\t\t\t\t\t\t\t\t\t\t<span class=\"m-postsList__item__meta__label\"><br \/>Ort: <\/span> Bruxelles\t\t\t\t\t\t\t\n\t\t\t\t\t\t\t| <span class=\"m-postsList__item__meta__label\">Kategorie: <\/span>Deutsch-franz\u00f6sisches Netzwerk\t\t\t\t\t\t\n\t\t\t\t\t\t<\/p>\n\n\t\t\t\t\t\n\t\t\t\t\t\n\t\t\t\t\t\n\t\t\t\t\t\n\t\t\t\t\t\t\t\t\t\t<div class=\"m-actionContainer\">\n\t\t\t\t\t\t<div class=\"m-action\">\n\t\t\t\t\t\t\t<span>Mehr erfahren<\/span>\n\t\t\t\t\t\t<\/div>\n\t\t\t\t\t<\/div><!-- \/actionContainer -->\n\t\t\t\t\t\t\t\t\n\t\t\t\t<\/div><!-- \/postsList__item__child__content -->\n\t\t\t<\/div><!-- \/postsList__item__child -->\n\t\t<\/a><!-- \/postsList__item__link -->\n\t<\/div><!-- \/postsList__item -->\n\n\n\n\n\n                    \n                                            \n                            \n\n\n\n\n\n\n\n\n\n\n\n\n\n\n\n\n\t<div class=\"m-postsList__item col-12 col-md-6 col-lg-6\">\n\n\t\t<a href=\"https:\/\/www.cbti-bkvt.org\/de\/evenement\/intelligence-artificielle-en-traduction-et-en-interpretation\/\" title=\"\" class=\"m-postsList__item__link\">\n\n\t\t\t<div class=\"m-postsList__item__child\">\n\n\t\t\t\t<div class=\"m-postsList__item__img \"><img \n\t   \tsrc=\"https:\/\/www.cbti-bkvt.org\/wp-content\/uploads\/brain-artificial-intelligence-machine-learning-big-data-digital-face-1640118-pxhere.com-min-540x360.jpg\" \n\t\tsrcset=\"https:\/\/www.cbti-bkvt.org\/wp-content\/uploads\/brain-artificial-intelligence-machine-learning-big-data-digital-face-1640118-pxhere.com-min-540x360.jpg 540w, https:\/\/www.cbti-bkvt.org\/wp-content\/uploads\/brain-artificial-intelligence-machine-learning-big-data-digital-face-1640118-pxhere.com-min.jpg 768w, https:\/\/www.cbti-bkvt.org\/wp-content\/uploads\/brain-artificial-intelligence-machine-learning-big-data-digital-face-1640118-pxhere.com-min.jpg 1000w\" \n\t\tsizes=\"(min-width:768px) 540px, (min-width:1000px) 1000px, 100vw\"  \n\t\talt=\"brain-artificial-intelligence-machine-learning-big-data-digital-face-1640118-pxhere.com-min\"\n\t \/><\/div>\n\t\t\t\n\t\t\t\t<div class=\"m-postsList__item__content\">\n\n\t\t\t\t\t\t\t\t\t\t\n\t\t\t\t\t\n\t\t\t\t\t\t\t\t\t\n\t\t\t\t\t<p class=\"m-postsList__item__title  m-postsList__item__title--s1\">Intelligence artificielle en traduction et en interpr\u00e9tation<\/p>\n\n\t\t\t\t\t\n\t\t\t\t\t\n\t\t\t\t\t\t<p class=\"m-postsList__item__meta m-postsList__item__meta--s1\">\n\n\t\t\t\t\t\t\t\t\t\t\t\t\t\t\n\t\t\t\t\t\t\t\t\t\t\t\t\t\t<span class=\"m-postsList__item__meta__label\">Datum: 13 October 2023 &#8211; Uhr: 14:00 Bis 18:00\t\t\t\t\t\t\t\n\t\t\t\t\t\t\t\t\t\t\t\t\t\t\t<span class=\"m-postsList__item__meta__label\"><br \/>Ort: <\/span> COPA-COGECA\t\t\t\t\t\t\t\n\t\t\t\t\t\t\t| <span class=\"m-postsList__item__meta__label\">Kategorie: <\/span>Konferenzen\t\t\t\t\t\t\n\t\t\t\t\t\t<\/p>\n\n\t\t\t\t\t\n\t\t\t\t\t\n\t\t\t\t\t\n\t\t\t\t\t\n\t\t\t\t\t\t\t\t\t\t<div class=\"m-actionContainer\">\n\t\t\t\t\t\t<div class=\"m-action\">\n\t\t\t\t\t\t\t<span>Mehr erfahren<\/span>\n\t\t\t\t\t\t<\/div>\n\t\t\t\t\t<\/div><!-- \/actionContainer -->\n\t\t\t\t\t\t\t\t\n\t\t\t\t<\/div><!-- \/postsList__item__child__content -->\n\t\t\t<\/div><!-- \/postsList__item__child -->\n\t\t<\/a><!-- \/postsList__item__link -->\n\t<\/div><!-- \/postsList__item -->\n\n\n\n\n\n                    \n                                            \n                            \n\n\n\n\n\n\n\n\n\n\n\n\n\n\n\n\n\t<div class=\"m-postsList__item col-12 col-md-6 col-lg-6\">\n\n\t\t<a href=\"https:\/\/www.cbti-bkvt.org\/de\/evenement\/en-autorevision-webinar\/\" title=\"\" class=\"m-postsList__item__link\">\n\n\t\t\t<div class=\"m-postsList__item__child\">\n\n\t\t\t\t<div class=\"m-postsList__item__img \"><img \n\t   \tsrc=\"https:\/\/www.cbti-bkvt.org\/wp-content\/uploads\/Joachim_L_pine_Autorevision-540x360.jpg\" \n\t\tsrcset=\"https:\/\/www.cbti-bkvt.org\/wp-content\/uploads\/Joachim_L_pine_Autorevision-540x360.jpg 540w, https:\/\/www.cbti-bkvt.org\/wp-content\/uploads\/Joachim_L_pine_Autorevision-1000x666.jpg 768w, https:\/\/www.cbti-bkvt.org\/wp-content\/uploads\/Joachim_L_pine_Autorevision.jpg 1000w\" \n\t\tsizes=\"(min-width:768px) 540px, (min-width:1000px) 1000px, 100vw\"  \n\t\talt=\"Joachim_L_pine_Autorevision\"\n\t \/><\/div>\n\t\t\t\n\t\t\t\t<div class=\"m-postsList__item__content\">\n\n\t\t\t\t\t\t\t\t\t\t\n\t\t\t\t\t\n\t\t\t\t\t\t\t\t\t\n\t\t\t\t\t<p class=\"m-postsList__item__title  m-postsList__item__title--s1\">[EN] Autorevision: webinar<\/p>\n\n\t\t\t\t\t\n\t\t\t\t\t\n\t\t\t\t\t\t<p class=\"m-postsList__item__meta m-postsList__item__meta--s1\">\n\n\t\t\t\t\t\t\t\t\t\t\t\t\t\t\n\t\t\t\t\t\t\t\t\t\t\t\t\t\t<span class=\"m-postsList__item__meta__label\">Datum: 9 October 2023 &#8211; Uhr: 19:30 Bis 21:30\t\t\t\t\t\t\t\n\t\t\t\t\t\t\t\t\t\t\t\t\t\t\t<span class=\"m-postsList__item__meta__label\"><br \/>Ort: <\/span> Webinar\t\t\t\t\t\t\t\n\t\t\t\t\t\t\t| <span class=\"m-postsList__item__meta__label\">Kategorie: <\/span>Fortbildung\t\t\t\t\t\t\n\t\t\t\t\t\t<\/p>\n\n\t\t\t\t\t\n\t\t\t\t\t\n\t\t\t\t\t\n\t\t\t\t\t\n\t\t\t\t\t\t\t\t\t\t<div class=\"m-actionContainer\">\n\t\t\t\t\t\t<div class=\"m-action\">\n\t\t\t\t\t\t\t<span>Mehr erfahren<\/span>\n\t\t\t\t\t\t<\/div>\n\t\t\t\t\t<\/div><!-- \/actionContainer -->\n\t\t\t\t\t\t\t\t\n\t\t\t\t<\/div><!-- \/postsList__item__child__content -->\n\t\t\t<\/div><!-- \/postsList__item__child -->\n\t\t<\/a><!-- \/postsList__item__link -->\n\t<\/div><!-- \/postsList__item -->\n\n\n\n\n\n                    \n                                            \n                            \n\n\n\n\n\n\n\n\n\n\n\n\n\n\n\n\n\t<div class=\"m-postsList__item col-12 col-md-6 col-lg-6\">\n\n\t\t<a href=\"https:\/\/www.cbti-bkvt.org\/de\/evenement\/conference-beword-2023\/\" title=\"\" class=\"m-postsList__item__link\">\n\n\t\t\t<div class=\"m-postsList__item__child\">\n\n\t\t\t\t<div class=\"m-postsList__item__img \"><img \n\t   \tsrc=\"https:\/\/www.cbti-bkvt.org\/wp-content\/uploads\/visuel-min-5-540x360.png\" \n\t\tsrcset=\"https:\/\/www.cbti-bkvt.org\/wp-content\/uploads\/visuel-min-5-540x360.png 540w, https:\/\/www.cbti-bkvt.org\/wp-content\/uploads\/visuel-min-5.png 768w, https:\/\/www.cbti-bkvt.org\/wp-content\/uploads\/visuel-min-5.png 1000w\" \n\t\tsizes=\"(min-width:768px) 540px, (min-width:1000px) 1000px, 100vw\"  \n\t\talt=\"visuel-min.png\"\n\t \/><\/div>\n\t\t\t\n\t\t\t\t<div class=\"m-postsList__item__content\">\n\n\t\t\t\t\t\t\t\t\t\t\n\t\t\t\t\t\n\t\t\t\t\t\t\t\t\t\n\t\t\t\t\t<p class=\"m-postsList__item__title  m-postsList__item__title--s1\">Conf\u00e9rence BeWord 2023<\/p>\n\n\t\t\t\t\t\n\t\t\t\t\t\n\t\t\t\t\t\t<p class=\"m-postsList__item__meta m-postsList__item__meta--s1\">\n\n\t\t\t\t\t\t\t\t\t\t\t\t\t\t\n\t\t\t\t\t\t\t\t\t\t\t\t\t\t<span class=\"m-postsList__item__meta__label\">Datum: 29 September 2023 &#8211; Uhr: 00:00 Bis \t\t\t\t\t\t\t\n\t\t\t\t\t\t\t\t\t\t\t\t\t\t\t<span class=\"m-postsList__item__meta__label\"><br \/>Ort: <\/span> Charleroi\t\t\t\t\t\t\t\n\t\t\t\t\t\t\t| <span class=\"m-postsList__item__meta__label\">Kategorie: <\/span>Konferenzen\t\t\t\t\t\t\n\t\t\t\t\t\t<\/p>\n\n\t\t\t\t\t\n\t\t\t\t\t\n\t\t\t\t\t\n\t\t\t\t\t\n\t\t\t\t\t\t\t\t\t\t<div class=\"m-actionContainer\">\n\t\t\t\t\t\t<div class=\"m-action\">\n\t\t\t\t\t\t\t<span>Mehr erfahren<\/span>\n\t\t\t\t\t\t<\/div>\n\t\t\t\t\t<\/div><!-- \/actionContainer -->\n\t\t\t\t\t\t\t\t\n\t\t\t\t<\/div><!-- \/postsList__item__child__content -->\n\t\t\t<\/div><!-- \/postsList__item__child -->\n\t\t<\/a><!-- \/postsList__item__link -->\n\t<\/div><!-- \/postsList__item -->\n\n\n\n\n\n                    \n                                            \n                            \n\n\n\n\n\n\n\n\n\n\n\n\n\n\n\n\n\t<div class=\"m-postsList__item col-12 col-md-6 col-lg-6\">\n\n\t\t<a href=\"https:\/\/www.cbti-bkvt.org\/de\/evenement\/24811-2\/\" title=\"\" class=\"m-postsList__item__link\">\n\n\t\t\t<div class=\"m-postsList__item__child\">\n\n\t\t\t\t<div class=\"m-postsList__item__img \"><img \n\t   \tsrc=\"https:\/\/www.cbti-bkvt.org\/wp-content\/uploads\/Proeflokaal-min-540x360.jpg\" \n\t\tsrcset=\"https:\/\/www.cbti-bkvt.org\/wp-content\/uploads\/Proeflokaal-min-540x360.jpg 540w, https:\/\/www.cbti-bkvt.org\/wp-content\/uploads\/Proeflokaal-min-1000x666.jpg 768w, https:\/\/www.cbti-bkvt.org\/wp-content\/uploads\/Proeflokaal-min.jpg 1000w\" \n\t\tsizes=\"(min-width:768px) 540px, (min-width:1000px) 1000px, 100vw\"  \n\t\talt=\"Proeflokaal-min\"\n\t \/><\/div>\n\t\t\t\n\t\t\t\t<div class=\"m-postsList__item__content\">\n\n\t\t\t\t\t\t\t\t\t\t\n\t\t\t\t\t\n\t\t\t\t\t\t\t\t\t\n\t\t\t\t\t<p class=\"m-postsList__item__title  m-postsList__item__title--s1\">Journ\u00e9e de rencontre des TIJ de la CBTI<\/p>\n\n\t\t\t\t\t\n\t\t\t\t\t\n\t\t\t\t\t\t<p class=\"m-postsList__item__meta m-postsList__item__meta--s1\">\n\n\t\t\t\t\t\t\t\t\t\t\t\t\t\t\n\t\t\t\t\t\t\t\t\t\t\t\t\t\t<span class=\"m-postsList__item__meta__label\">Datum: 1 July 2023 &#8211; Uhr: 11:00 Bis \t\t\t\t\t\t\t\n\t\t\t\t\t\t\t\t\t\t\t\t\t\t\t<span class=\"m-postsList__item__meta__label\"><br \/>Ort: <\/span> Hasselt\t\t\t\t\t\t\t\n\t\t\t\t\t\t\t| <span class=\"m-postsList__item__meta__label\">Kategorie: <\/span>CBTI\/BKVT aktuell, Vereidigte \u00dcbersetzer\/Dolmetscher\t\t\t\t\t\t\n\t\t\t\t\t\t<\/p>\n\n\t\t\t\t\t\n\t\t\t\t\t\n\t\t\t\t\t\n\t\t\t\t\t\n\t\t\t\t\t\t\t\t\t\t<div class=\"m-actionContainer\">\n\t\t\t\t\t\t<div class=\"m-action\">\n\t\t\t\t\t\t\t<span>Mehr erfahren<\/span>\n\t\t\t\t\t\t<\/div>\n\t\t\t\t\t<\/div><!-- \/actionContainer -->\n\t\t\t\t\t\t\t\t\n\t\t\t\t<\/div><!-- \/postsList__item__child__content -->\n\t\t\t<\/div><!-- \/postsList__item__child -->\n\t\t<\/a><!-- \/postsList__item__link -->\n\t<\/div><!-- \/postsList__item -->\n\n\n\n\n\n                    \n                                            \n                            \n\n\n\n\n\n\n\n\n\n\n\n\n\n\n\n\n\t<div class=\"m-postsList__item col-12 col-md-6 col-lg-6\">\n\n\t\t<a href=\"https:\/\/www.cbti-bkvt.org\/de\/evenement\/la-note-de-bas-de-page-demystifiee\/\" title=\"\" class=\"m-postsList__item__link\">\n\n\t\t\t<div class=\"m-postsList__item__child\">\n\n\t\t\t\t<div class=\"m-postsList__item__img \"><img \n\t   \tsrc=\"https:\/\/www.cbti-bkvt.org\/wp-content\/uploads\/glasses_-_CBTI_formation_notes_de_bas_de_page-540x360.jpg\" \n\t\tsrcset=\"https:\/\/www.cbti-bkvt.org\/wp-content\/uploads\/glasses_-_CBTI_formation_notes_de_bas_de_page-540x360.jpg 540w, https:\/\/www.cbti-bkvt.org\/wp-content\/uploads\/glasses_-_CBTI_formation_notes_de_bas_de_page.jpg 768w, https:\/\/www.cbti-bkvt.org\/wp-content\/uploads\/glasses_-_CBTI_formation_notes_de_bas_de_page.jpg 1000w\" \n\t\tsizes=\"(min-width:768px) 540px, (min-width:1000px) 1000px, 100vw\"  \n\t\talt=\"glasses_-_CBTI_formation_notes_de_bas_de_page\"\n\t \/><\/div>\n\t\t\t\n\t\t\t\t<div class=\"m-postsList__item__content\">\n\n\t\t\t\t\t\t\t\t\t\t\n\t\t\t\t\t\n\t\t\t\t\t\t\t\t\t\n\t\t\t\t\t<p class=\"m-postsList__item__title  m-postsList__item__title--s1\">[FR] La note de bas de page d\u00e9mystifi\u00e9e<\/p>\n\n\t\t\t\t\t\n\t\t\t\t\t\n\t\t\t\t\t\t<p class=\"m-postsList__item__meta m-postsList__item__meta--s1\">\n\n\t\t\t\t\t\t\t\t\t\t\t\t\t\t\n\t\t\t\t\t\t\t\t\t\t\t\t\t\t<span class=\"m-postsList__item__meta__label\">Datum: 22 June 2023 &#8211; Uhr: 09:00 Bis 14:00\t\t\t\t\t\t\t\n\t\t\t\t\t\t\t\t\t\t\t\t\t\t\t<span class=\"m-postsList__item__meta__label\"><br \/>Ort: <\/span> Hive5 (Salle \u00ab The Boss Place \u00bb) &#8211; B\u00e2timent Securex &#8211; Cours Saint-Michel 30A &#8211; 1040 Etterbeek\t\t\t\t\t\t\t\n\t\t\t\t\t\t\t| <span class=\"m-postsList__item__meta__label\">Kategorie: <\/span>Fortbildung\t\t\t\t\t\t\n\t\t\t\t\t\t<\/p>\n\n\t\t\t\t\t\n\t\t\t\t\t\n\t\t\t\t\t\n\t\t\t\t\t\n\t\t\t\t\t\t\t\t\t\t<div class=\"m-actionContainer\">\n\t\t\t\t\t\t<div class=\"m-action\">\n\t\t\t\t\t\t\t<span>Mehr erfahren<\/span>\n\t\t\t\t\t\t<\/div>\n\t\t\t\t\t<\/div><!-- \/actionContainer -->\n\t\t\t\t\t\t\t\t\n\t\t\t\t<\/div><!-- \/postsList__item__child__content -->\n\t\t\t<\/div><!-- \/postsList__item__child -->\n\t\t<\/a><!-- \/postsList__item__link -->\n\t<\/div><!-- \/postsList__item -->\n\n\n\n\n\n                    \n                                            \n                            \n\n\n\n\n\n\n\n\n\n\n\n\n\n\n\n\n\t<div class=\"m-postsList__item col-12 col-md-6 col-lg-6\">\n\n\t\t<a href=\"https:\/\/www.cbti-bkvt.org\/de\/evenement\/fr-traduire-pour-tout-le-monde-lecriture-inclusive-au-dela-des-cliches\/\" title=\"\" class=\"m-postsList__item__link\">\n\n\t\t\t<div class=\"m-postsList__item__child\">\n\n\t\t\t\t<div class=\"m-postsList__item__img \"><img \n\t   \tsrc=\"https:\/\/www.cbti-bkvt.org\/wp-content\/uploads\/included-g0f06b42e3_1920-540x360.jpg\" \n\t\tsrcset=\"https:\/\/www.cbti-bkvt.org\/wp-content\/uploads\/included-g0f06b42e3_1920-540x360.jpg 540w, https:\/\/www.cbti-bkvt.org\/wp-content\/uploads\/included-g0f06b42e3_1920.jpg 768w, https:\/\/www.cbti-bkvt.org\/wp-content\/uploads\/included-g0f06b42e3_1920.jpg 1000w\" \n\t\tsizes=\"(min-width:768px) 540px, (min-width:1000px) 1000px, 100vw\"  \n\t\talt=\"included-g0f06b42e3_1920\"\n\t \/><\/div>\n\t\t\t\n\t\t\t\t<div class=\"m-postsList__item__content\">\n\n\t\t\t\t\t\t\t\t\t\t\n\t\t\t\t\t\n\t\t\t\t\t\t\t\t\t\n\t\t\t\t\t<p class=\"m-postsList__item__title  m-postsList__item__title--s1\">[FR] Traduire pour tout le monde: l\u2019\u00e9criture inclusive au-del\u00e0 des clich\u00e9s<\/p>\n\n\t\t\t\t\t\n\t\t\t\t\t\n\t\t\t\t\t\t<p class=\"m-postsList__item__meta m-postsList__item__meta--s1\">\n\n\t\t\t\t\t\t\t\t\t\t\t\t\t\t\n\t\t\t\t\t\t\t\t\t\t\t\t\t\t<span class=\"m-postsList__item__meta__label\">Datum: 14 June 2023 &#8211; Uhr: 09:00 Bis 12:00\t\t\t\t\t\t\t\n\t\t\t\t\t\t\t\t\t\t\t\t\t\t\t<span class=\"m-postsList__item__meta__label\"><br \/>Ort: <\/span> Webinaire\t\t\t\t\t\t\t\n\t\t\t\t\t\t\t| <span class=\"m-postsList__item__meta__label\">Kategorie: <\/span>Fortbildung\t\t\t\t\t\t\n\t\t\t\t\t\t<\/p>\n\n\t\t\t\t\t\n\t\t\t\t\t\n\t\t\t\t\t\n\t\t\t\t\t\n\t\t\t\t\t\t\t\t\t\t<div class=\"m-actionContainer\">\n\t\t\t\t\t\t<div class=\"m-action\">\n\t\t\t\t\t\t\t<span>Mehr erfahren<\/span>\n\t\t\t\t\t\t<\/div>\n\t\t\t\t\t<\/div><!-- \/actionContainer -->\n\t\t\t\t\t\t\t\t\n\t\t\t\t<\/div><!-- \/postsList__item__child__content -->\n\t\t\t<\/div><!-- \/postsList__item__child -->\n\t\t<\/a><!-- \/postsList__item__link -->\n\t<\/div><!-- \/postsList__item -->\n\n\n\n\n\n                    \n                                            \n                            \n\n\n\n\n\n\n\n\n\n\n\n\n\n\n\n\n\t<div class=\"m-postsList__item col-12 col-md-6 col-lg-6\">\n\n\t\t<a href=\"https:\/\/www.cbti-bkvt.org\/de\/evenement\/brainstorming-sur-les-perspectives-futures-du-secteur-de-linterpretation\/\" title=\"\" class=\"m-postsList__item__link\">\n\n\t\t\t<div class=\"m-postsList__item__child\">\n\n\t\t\t\t<div class=\"m-postsList__item__img \"><img \n\t   \tsrc=\"https:\/\/www.cbti-bkvt.org\/wp-content\/uploads\/iStock-153752834-min-540x360.jpg\" \n\t\tsrcset=\"https:\/\/www.cbti-bkvt.org\/wp-content\/uploads\/iStock-153752834-min-540x360.jpg 540w, https:\/\/www.cbti-bkvt.org\/wp-content\/uploads\/iStock-153752834-min-1000x666.jpg 768w, https:\/\/www.cbti-bkvt.org\/wp-content\/uploads\/iStock-153752834-min.jpg 1000w\" \n\t\tsizes=\"(min-width:768px) 540px, (min-width:1000px) 1000px, 100vw\"  \n\t\talt=\"iStock-153752834-min\"\n\t \/><\/div>\n\t\t\t\n\t\t\t\t<div class=\"m-postsList__item__content\">\n\n\t\t\t\t\t\t\t\t\t\t\n\t\t\t\t\t\n\t\t\t\t\t\t\t\t\t\n\t\t\t\t\t<p class=\"m-postsList__item__title  m-postsList__item__title--s1\">Brainstorming sur les perspectives futures du secteur de l\u2019interpr\u00e9tation<\/p>\n\n\t\t\t\t\t\n\t\t\t\t\t\n\t\t\t\t\t\t<p class=\"m-postsList__item__meta m-postsList__item__meta--s1\">\n\n\t\t\t\t\t\t\t\t\t\t\t\t\t\t\n\t\t\t\t\t\t\t\t\t\t\t\t\t\t<span class=\"m-postsList__item__meta__label\">Datum: 10 June 2023 &#8211; Uhr: 18:30 Bis \t\t\t\t\t\t\t\n\t\t\t\t\t\t\t\t\t\t\t\t\t\t\t<span class=\"m-postsList__item__meta__label\"><br \/>Ort: <\/span> Zoom\t\t\t\t\t\t\t\n\t\t\t\t\t\t\t| <span class=\"m-postsList__item__meta__label\">Kategorie: <\/span>Konferenzen\t\t\t\t\t\t\n\t\t\t\t\t\t<\/p>\n\n\t\t\t\t\t\n\t\t\t\t\t\n\t\t\t\t\t\n\t\t\t\t\t\n\t\t\t\t\t\t\t\t\t\t<div class=\"m-actionContainer\">\n\t\t\t\t\t\t<div class=\"m-action\">\n\t\t\t\t\t\t\t<span>Mehr erfahren<\/span>\n\t\t\t\t\t\t<\/div>\n\t\t\t\t\t<\/div><!-- \/actionContainer -->\n\t\t\t\t\t\t\t\t\n\t\t\t\t<\/div><!-- \/postsList__item__child__content -->\n\t\t\t<\/div><!-- \/postsList__item__child -->\n\t\t<\/a><!-- \/postsList__item__link -->\n\t<\/div><!-- \/postsList__item -->\n\n\n\n\n\n                    \n                                            \n                            \n\n\n\n\n\n\n\n\n\n\n\n\n\n\n\n\n\t<div class=\"m-postsList__item col-12 col-md-6 col-lg-6\">\n\n\t\t<a href=\"https:\/\/www.cbti-bkvt.org\/de\/evenement\/en-tess-whitty-webinar-workshop-five-steps-to-find-direct-clients\/\" title=\"\" class=\"m-postsList__item__link\">\n\n\t\t\t<div class=\"m-postsList__item__child\">\n\n\t\t\t\t<div class=\"m-postsList__item__img \"><img \n\t   \tsrc=\"https:\/\/www.cbti-bkvt.org\/wp-content\/uploads\/ILLUSTRATION-min-540x360.jpg\" \n\t\tsrcset=\"https:\/\/www.cbti-bkvt.org\/wp-content\/uploads\/ILLUSTRATION-min-540x360.jpg 540w, https:\/\/www.cbti-bkvt.org\/wp-content\/uploads\/ILLUSTRATION-min.jpg 768w, https:\/\/www.cbti-bkvt.org\/wp-content\/uploads\/ILLUSTRATION-min.jpg 1000w\" \n\t\tsizes=\"(min-width:768px) 540px, (min-width:1000px) 1000px, 100vw\"  \n\t\talt=\"ILLUSTRATION-min\"\n\t \/><\/div>\n\t\t\t\n\t\t\t\t<div class=\"m-postsList__item__content\">\n\n\t\t\t\t\t\t\t\t\t\t\n\t\t\t\t\t\n\t\t\t\t\t\t\t\t\t\n\t\t\t\t\t<p class=\"m-postsList__item__title  m-postsList__item__title--s1\">[EN] Tess Whitty webinar-workshop: Five steps to find direct clients<\/p>\n\n\t\t\t\t\t\n\t\t\t\t\t\n\t\t\t\t\t\t<p class=\"m-postsList__item__meta m-postsList__item__meta--s1\">\n\n\t\t\t\t\t\t\t\t\t\t\t\t\t\t\n\t\t\t\t\t\t\t\t\t\t\t\t\t\t<span class=\"m-postsList__item__meta__label\">Datum: 5 June 2023 &#8211; Uhr: 09:00 Bis 11:00\t\t\t\t\t\t\t\n\t\t\t\t\t\t\t\t\t\t\t\t\t\t\t<span class=\"m-postsList__item__meta__label\"><br \/>Ort: <\/span> Webinar\t\t\t\t\t\t\t\n\t\t\t\t\t\t\t| <span class=\"m-postsList__item__meta__label\">Kategorie: <\/span>Fortbildung\t\t\t\t\t\t\n\t\t\t\t\t\t<\/p>\n\n\t\t\t\t\t\n\t\t\t\t\t\n\t\t\t\t\t\n\t\t\t\t\t\n\t\t\t\t\t\t\t\t\t\t<div class=\"m-actionContainer\">\n\t\t\t\t\t\t<div class=\"m-action\">\n\t\t\t\t\t\t\t<span>Mehr erfahren<\/span>\n\t\t\t\t\t\t<\/div>\n\t\t\t\t\t<\/div><!-- \/actionContainer -->\n\t\t\t\t\t\t\t\t\n\t\t\t\t<\/div><!-- \/postsList__item__child__content -->\n\t\t\t<\/div><!-- \/postsList__item__child -->\n\t\t<\/a><!-- \/postsList__item__link -->\n\t<\/div><!-- \/postsList__item -->\n\n\n\n\n\n                    \n                                            \n                            \n\n\n\n\n\n\n\n\n\n\n\n\n\n\n\n\n\t<div class=\"m-postsList__item col-12 col-md-6 col-lg-6\">\n\n\t\t<a href=\"https:\/\/www.cbti-bkvt.org\/de\/evenement\/nl-buurtaal-over-het-nederlands-in-belgie-en-nederland-een-webinar-door-miet-ooms-deel-2\/\" title=\"\" class=\"m-postsList__item__link\">\n\n\t\t\t<div class=\"m-postsList__item__child\">\n\n\t\t\t\t<div class=\"m-postsList__item__img \"><img \n\t   \tsrc=\"https:\/\/www.cbti-bkvt.org\/wp-content\/uploads\/iStock-614615738-min-1-540x360.jpg\" \n\t\tsrcset=\"https:\/\/www.cbti-bkvt.org\/wp-content\/uploads\/iStock-614615738-min-1-540x360.jpg 540w, https:\/\/www.cbti-bkvt.org\/wp-content\/uploads\/iStock-614615738-min-1.jpg 768w, https:\/\/www.cbti-bkvt.org\/wp-content\/uploads\/iStock-614615738-min-1.jpg 1000w\" \n\t\tsizes=\"(min-width:768px) 540px, (min-width:1000px) 1000px, 100vw\"  \n\t\talt=\"iStock-614615738-min\"\n\t \/><\/div>\n\t\t\t\n\t\t\t\t<div class=\"m-postsList__item__content\">\n\n\t\t\t\t\t\t\t\t\t\t\n\t\t\t\t\t\n\t\t\t\t\t\t\t\t\t\n\t\t\t\t\t<p class=\"m-postsList__item__title  m-postsList__item__title--s1\">[NL] Buurtaal. Over het Nederlands in Belgi\u00eb en Nederland. Een webinar door Miet Ooms (deel 2)<\/p>\n\n\t\t\t\t\t\n\t\t\t\t\t\n\t\t\t\t\t\t<p class=\"m-postsList__item__meta m-postsList__item__meta--s1\">\n\n\t\t\t\t\t\t\t\t\t\t\t\t\t\t\n\t\t\t\t\t\t\t\t\t\t\t\t\t\t<span class=\"m-postsList__item__meta__label\">Datum: 23 May 2023 &#8211; Uhr: 09:00 Bis 11:00\t\t\t\t\t\t\t\n\t\t\t\t\t\t\t\t\t\t\t\t\t\t\t<span class=\"m-postsList__item__meta__label\"><br \/>Ort: <\/span> Webinar\t\t\t\t\t\t\t\n\t\t\t\t\t\t\t| <span class=\"m-postsList__item__meta__label\">Kategorie: <\/span>Fortbildung\t\t\t\t\t\t\n\t\t\t\t\t\t<\/p>\n\n\t\t\t\t\t\n\t\t\t\t\t\n\t\t\t\t\t\n\t\t\t\t\t\n\t\t\t\t\t\t\t\t\t\t<div class=\"m-actionContainer\">\n\t\t\t\t\t\t<div class=\"m-action\">\n\t\t\t\t\t\t\t<span>Mehr erfahren<\/span>\n\t\t\t\t\t\t<\/div>\n\t\t\t\t\t<\/div><!-- \/actionContainer -->\n\t\t\t\t\t\t\t\t\n\t\t\t\t<\/div><!-- \/postsList__item__child__content -->\n\t\t\t<\/div><!-- \/postsList__item__child -->\n\t\t<\/a><!-- \/postsList__item__link -->\n\t<\/div><!-- \/postsList__item -->\n\n\n\n\n\n                    \n                                            \n                            \n\n\n\n\n\n\n\n\n\n\n\n\n\n\n\n\n\t<div class=\"m-postsList__item col-12 col-md-6 col-lg-6\">\n\n\t\t<a href=\"https:\/\/www.cbti-bkvt.org\/de\/evenement\/nl-buurtaal-over-het-nederlands-in-belgie-en-nederland-een-webinar-door-miet-ooms-deel-1\/\" title=\"\" class=\"m-postsList__item__link\">\n\n\t\t\t<div class=\"m-postsList__item__child\">\n\n\t\t\t\t<div class=\"m-postsList__item__img \"><img \n\t   \tsrc=\"https:\/\/www.cbti-bkvt.org\/wp-content\/uploads\/iStock-614615738-min-1-540x360.jpg\" \n\t\tsrcset=\"https:\/\/www.cbti-bkvt.org\/wp-content\/uploads\/iStock-614615738-min-1-540x360.jpg 540w, https:\/\/www.cbti-bkvt.org\/wp-content\/uploads\/iStock-614615738-min-1.jpg 768w, https:\/\/www.cbti-bkvt.org\/wp-content\/uploads\/iStock-614615738-min-1.jpg 1000w\" \n\t\tsizes=\"(min-width:768px) 540px, (min-width:1000px) 1000px, 100vw\"  \n\t\talt=\"iStock-614615738-min\"\n\t \/><\/div>\n\t\t\t\n\t\t\t\t<div class=\"m-postsList__item__content\">\n\n\t\t\t\t\t\t\t\t\t\t\n\t\t\t\t\t\n\t\t\t\t\t\t\t\t\t\n\t\t\t\t\t<p class=\"m-postsList__item__title  m-postsList__item__title--s1\">[NL] Buurtaal. Over het Nederlands in Belgi\u00eb en Nederland. Een webinar door Miet Ooms (deel 1)<\/p>\n\n\t\t\t\t\t\n\t\t\t\t\t\n\t\t\t\t\t\t<p class=\"m-postsList__item__meta m-postsList__item__meta--s1\">\n\n\t\t\t\t\t\t\t\t\t\t\t\t\t\t\n\t\t\t\t\t\t\t\t\t\t\t\t\t\t<span class=\"m-postsList__item__meta__label\">Datum: 9 May 2023 &#8211; Uhr: 09:00 Bis 11:00\t\t\t\t\t\t\t\n\t\t\t\t\t\t\t\t\t\t\t\t\t\t\t<span class=\"m-postsList__item__meta__label\"><br \/>Ort: <\/span> Webinar\t\t\t\t\t\t\t\n\t\t\t\t\t\t\t| <span class=\"m-postsList__item__meta__label\">Kategorie: <\/span>Fortbildung\t\t\t\t\t\t\n\t\t\t\t\t\t<\/p>\n\n\t\t\t\t\t\n\t\t\t\t\t\n\t\t\t\t\t\n\t\t\t\t\t\n\t\t\t\t\t\t\t\t\t\t<div class=\"m-actionContainer\">\n\t\t\t\t\t\t<div class=\"m-action\">\n\t\t\t\t\t\t\t<span>Mehr erfahren<\/span>\n\t\t\t\t\t\t<\/div>\n\t\t\t\t\t<\/div><!-- \/actionContainer -->\n\t\t\t\t\t\t\t\t\n\t\t\t\t<\/div><!-- \/postsList__item__child__content -->\n\t\t\t<\/div><!-- \/postsList__item__child -->\n\t\t<\/a><!-- \/postsList__item__link -->\n\t<\/div><!-- \/postsList__item -->\n\n\n\n\n\n                    \n                                            \n                            \n\n\n\n\n\n\n\n\n\n\n\n\n\n\n\n\n\t<div class=\"m-postsList__item col-12 col-md-6 col-lg-6\">\n\n\t\t<a href=\"https:\/\/www.cbti-bkvt.org\/de\/evenement\/fr-deontologie-theorie-et-pratique-pour-savoir-comment-agir-en-professionnel\/\" title=\"\" class=\"m-postsList__item__link\">\n\n\t\t\t<div class=\"m-postsList__item__child\">\n\n\t\t\t\t<div class=\"m-postsList__item__img \"><img \n\t   \tsrc=\"https:\/\/www.cbti-bkvt.org\/wp-content\/uploads\/CS_TIJ_Formation_2023-04-29_D_ontologie_PAYSAGE_NOUVEAU_FORMAT-min-2-540x360.jpg\" \n\t\tsrcset=\"https:\/\/www.cbti-bkvt.org\/wp-content\/uploads\/CS_TIJ_Formation_2023-04-29_D_ontologie_PAYSAGE_NOUVEAU_FORMAT-min-2-540x360.jpg 540w, https:\/\/www.cbti-bkvt.org\/wp-content\/uploads\/CS_TIJ_Formation_2023-04-29_D_ontologie_PAYSAGE_NOUVEAU_FORMAT-min-2.jpg 768w, https:\/\/www.cbti-bkvt.org\/wp-content\/uploads\/CS_TIJ_Formation_2023-04-29_D_ontologie_PAYSAGE_NOUVEAU_FORMAT-min-2.jpg 1000w\" \n\t\tsizes=\"(min-width:768px) 540px, (min-width:1000px) 1000px, 100vw\"  \n\t\talt=\"CS_TIJ_Formation_2023-04-29_D_ontologie_PAYSAGE_NOUVEAU_FORMAT-min.jpg\"\n\t \/><\/div>\n\t\t\t\n\t\t\t\t<div class=\"m-postsList__item__content\">\n\n\t\t\t\t\t\t\t\t\t\t\n\t\t\t\t\t\n\t\t\t\t\t\t\t\t\t\n\t\t\t\t\t<p class=\"m-postsList__item__title  m-postsList__item__title--s1\">[FR] D\u00e9ontologie: th\u00e9orie et pratique pour savoir comment agir en professionnel<\/p>\n\n\t\t\t\t\t\n\t\t\t\t\t\n\t\t\t\t\t\t<p class=\"m-postsList__item__meta m-postsList__item__meta--s1\">\n\n\t\t\t\t\t\t\t\t\t\t\t\t\t\t\n\t\t\t\t\t\t\t\t\t\t\t\t\t\t<span class=\"m-postsList__item__meta__label\">Datum: 29 April 2023 &#8211; Uhr: 09:30 Bis 11:30\t\t\t\t\t\t\t\n\t\t\t\t\t\t\t\t\t\t\t\t\t\t\t<span class=\"m-postsList__item__meta__label\"><br \/>Ort: <\/span> Odisee Hogeschool\/Haute-\u00e9cole Odisee\t\t\t\t\t\t\t\n\t\t\t\t\t\t\t| <span class=\"m-postsList__item__meta__label\">Kategorie: <\/span>Fortbildung\t\t\t\t\t\t\n\t\t\t\t\t\t<\/p>\n\n\t\t\t\t\t\n\t\t\t\t\t\n\t\t\t\t\t\n\t\t\t\t\t\n\t\t\t\t\t\t\t\t\t\t<div class=\"m-actionContainer\">\n\t\t\t\t\t\t<div class=\"m-action\">\n\t\t\t\t\t\t\t<span>Mehr erfahren<\/span>\n\t\t\t\t\t\t<\/div>\n\t\t\t\t\t<\/div><!-- \/actionContainer -->\n\t\t\t\t\t\t\t\t\n\t\t\t\t<\/div><!-- \/postsList__item__child__content -->\n\t\t\t<\/div><!-- \/postsList__item__child -->\n\t\t<\/a><!-- \/postsList__item__link -->\n\t<\/div><!-- \/postsList__item -->\n\n\n\n\n\n                    \n                                            \n                            \n\n\n\n\n\n\n\n\n\n\n\n\n\n\n\n\n\t<div class=\"m-postsList__item col-12 col-md-6 col-lg-6\">\n\n\t\t<a href=\"https:\/\/www.cbti-bkvt.org\/de\/evenement\/go-2-cowo-3\/\" title=\"\" class=\"m-postsList__item__link\">\n\n\t\t\t<div class=\"m-postsList__item__child\">\n\n\t\t\t\t<div class=\"m-postsList__item__img \"><img \n\t   \tsrc=\"https:\/\/www.cbti-bkvt.org\/wp-content\/uploads\/join_US-2-540x360.jpg\" \n\t\tsrcset=\"https:\/\/www.cbti-bkvt.org\/wp-content\/uploads\/join_US-2-540x360.jpg 540w, https:\/\/www.cbti-bkvt.org\/wp-content\/uploads\/join_US-2.jpg 768w, https:\/\/www.cbti-bkvt.org\/wp-content\/uploads\/join_US-2.jpg 1000w\" \n\t\tsizes=\"(min-width:768px) 540px, (min-width:1000px) 1000px, 100vw\"  \n\t\talt=\"join_US.jpg\"\n\t \/><\/div>\n\t\t\t\n\t\t\t\t<div class=\"m-postsList__item__content\">\n\n\t\t\t\t\t\t\t\t\t\t\n\t\t\t\t\t\n\t\t\t\t\t\t\t\t\t\n\t\t\t\t\t<p class=\"m-postsList__item__title  m-postsList__item__title--s1\">GO 2 COWO<\/p>\n\n\t\t\t\t\t\n\t\t\t\t\t\n\t\t\t\t\t\t<p class=\"m-postsList__item__meta m-postsList__item__meta--s1\">\n\n\t\t\t\t\t\t\t\t\t\t\t\t\t\t\n\t\t\t\t\t\t\t\t\t\t\t\t\t\t<span class=\"m-postsList__item__meta__label\">Datum: 21 April 2023 &#8211; Uhr: 09:00 Bis 17:00\t\t\t\t\t\t\t\n\t\t\t\t\t\t\t\t\t\t\t\t\t\t\t<span class=\"m-postsList__item__meta__label\"><br \/>Ort: <\/span> Coworking The Mug Enghien &#8211; 50 Place Pierre Delannoy &#8211; 7850 Enghien\t\t\t\t\t\t\t\n\t\t\t\t\t\t\t| <span class=\"m-postsList__item__meta__label\">Kategorie: <\/span>CBTI\/BKVT aktuell\t\t\t\t\t\t\n\t\t\t\t\t\t<\/p>\n\n\t\t\t\t\t\n\t\t\t\t\t\n\t\t\t\t\t\n\t\t\t\t\t\n\t\t\t\t\t\t\t\t\t\t<div class=\"m-actionContainer\">\n\t\t\t\t\t\t<div class=\"m-action\">\n\t\t\t\t\t\t\t<span>Mehr erfahren<\/span>\n\t\t\t\t\t\t<\/div>\n\t\t\t\t\t<\/div><!-- \/actionContainer -->\n\t\t\t\t\t\t\t\t\n\t\t\t\t<\/div><!-- \/postsList__item__child__content -->\n\t\t\t<\/div><!-- \/postsList__item__child -->\n\t\t<\/a><!-- \/postsList__item__link -->\n\t<\/div><!-- \/postsList__item -->\n\n\n\n\n\n                    \n                                            \n                            \n\n\n\n\n\n\n\n\n\n\n\n\n\n\n\n\n\t<div class=\"m-postsList__item col-12 col-md-6 col-lg-6\">\n\n\t\t<a href=\"https:\/\/www.cbti-bkvt.org\/de\/evenement\/borrelavond-a-jodoigne-7\/\" title=\"\" class=\"m-postsList__item__link\">\n\n\t\t\t<div class=\"m-postsList__item__child\">\n\n\t\t\t\t<div class=\"m-postsList__item__img \"><img \n\t   \tsrc=\"https:\/\/www.cbti-bkvt.org\/wp-content\/uploads\/large_fill_Portes_du_Temps_1-2-540x360.jpg\" \n\t\tsrcset=\"https:\/\/www.cbti-bkvt.org\/wp-content\/uploads\/large_fill_Portes_du_Temps_1-2-540x360.jpg 540w, https:\/\/www.cbti-bkvt.org\/wp-content\/uploads\/large_fill_Portes_du_Temps_1-2.jpg 768w, https:\/\/www.cbti-bkvt.org\/wp-content\/uploads\/large_fill_Portes_du_Temps_1-2.jpg 1000w\" \n\t\tsizes=\"(min-width:768px) 540px, (min-width:1000px) 1000px, 100vw\"  \n\t\talt=\"large_fill_Portes_du_Temps_1.jpg\"\n\t \/><\/div>\n\t\t\t\n\t\t\t\t<div class=\"m-postsList__item__content\">\n\n\t\t\t\t\t\t\t\t\t\t\n\t\t\t\t\t\n\t\t\t\t\t\t\t\t\t\n\t\t\t\t\t<p class=\"m-postsList__item__title  m-postsList__item__title--s1\">Borrelavond \u00e0 Jodoigne<\/p>\n\n\t\t\t\t\t\n\t\t\t\t\t\n\t\t\t\t\t\t<p class=\"m-postsList__item__meta m-postsList__item__meta--s1\">\n\n\t\t\t\t\t\t\t\t\t\t\t\t\t\t\n\t\t\t\t\t\t\t\t\t\t\t\t\t\t<span class=\"m-postsList__item__meta__label\">Datum: 14 April 2023 &#8211; Uhr: 19:00 Bis \t\t\t\t\t\t\t\n\t\t\t\t\t\t\t\t\t\t\t\t\t\t\t<span class=\"m-postsList__item__meta__label\"><br \/>Ort: <\/span> Les Portes du Temps &#8211; Chauss\u00e9e de Tirlemont, 126 \u2013 1370 Jodoigne\t\t\t\t\t\t\t\n\t\t\t\t\t\t\t| <span class=\"m-postsList__item__meta__label\">Kategorie: <\/span>Stammtische\t\t\t\t\t\t\n\t\t\t\t\t\t<\/p>\n\n\t\t\t\t\t\n\t\t\t\t\t\n\t\t\t\t\t\n\t\t\t\t\t\n\t\t\t\t\t\t\t\t\t\t<div class=\"m-actionContainer\">\n\t\t\t\t\t\t<div class=\"m-action\">\n\t\t\t\t\t\t\t<span>Mehr erfahren<\/span>\n\t\t\t\t\t\t<\/div>\n\t\t\t\t\t<\/div><!-- \/actionContainer -->\n\t\t\t\t\t\t\t\t\n\t\t\t\t<\/div><!-- \/postsList__item__child__content -->\n\t\t\t<\/div><!-- \/postsList__item__child -->\n\t\t<\/a><!-- \/postsList__item__link -->\n\t<\/div><!-- \/postsList__item -->\n\n\n\n\n\n                    \n                                            \n                            \n\n\n\n\n\n\n\n\n\n\n\n\n\n\n\n\n\t<div class=\"m-postsList__item col-12 col-md-6 col-lg-6\">\n\n\t\t<a href=\"https:\/\/www.cbti-bkvt.org\/de\/evenement\/en-memoq-advanced-webinar\/\" title=\"\" class=\"m-postsList__item__link\">\n\n\t\t\t<div class=\"m-postsList__item__child\">\n\n\t\t\t\t<div class=\"m-postsList__item__img \"><img \n\t   \tsrc=\"https:\/\/www.cbti-bkvt.org\/wp-content\/uploads\/Starter_webinar-min-2-540x360.png\" \n\t\tsrcset=\"https:\/\/www.cbti-bkvt.org\/wp-content\/uploads\/Starter_webinar-min-2-540x360.png 540w, https:\/\/www.cbti-bkvt.org\/wp-content\/uploads\/Starter_webinar-min-2.png 768w, https:\/\/www.cbti-bkvt.org\/wp-content\/uploads\/Starter_webinar-min-2.png 1000w\" \n\t\tsizes=\"(min-width:768px) 540px, (min-width:1000px) 1000px, 100vw\"  \n\t\talt=\"Starter_webinar-min\"\n\t \/><\/div>\n\t\t\t\n\t\t\t\t<div class=\"m-postsList__item__content\">\n\n\t\t\t\t\t\t\t\t\t\t\n\t\t\t\t\t\n\t\t\t\t\t\t\t\t\t\n\t\t\t\t\t<p class=\"m-postsList__item__title  m-postsList__item__title--s1\">[EN] MemoQ \u2013 Advanced Webinar<\/p>\n\n\t\t\t\t\t\n\t\t\t\t\t\n\t\t\t\t\t\t<p class=\"m-postsList__item__meta m-postsList__item__meta--s1\">\n\n\t\t\t\t\t\t\t\t\t\t\t\t\t\t\n\t\t\t\t\t\t\t\t\t\t\t\t\t\t<span class=\"m-postsList__item__meta__label\">Datum: 31 March 2023 &#8211; Uhr: 09:30 Bis 11:30\t\t\t\t\t\t\t\n\t\t\t\t\t\t\t\t\t\t\t\t\t\t\t<span class=\"m-postsList__item__meta__label\"><br \/>Ort: <\/span> Webinar\t\t\t\t\t\t\t\n\t\t\t\t\t\t\t| <span class=\"m-postsList__item__meta__label\">Kategorie: <\/span>Fortbildung\t\t\t\t\t\t\n\t\t\t\t\t\t<\/p>\n\n\t\t\t\t\t\n\t\t\t\t\t\n\t\t\t\t\t\n\t\t\t\t\t\n\t\t\t\t\t\t\t\t\t\t<div class=\"m-actionContainer\">\n\t\t\t\t\t\t<div class=\"m-action\">\n\t\t\t\t\t\t\t<span>Mehr erfahren<\/span>\n\t\t\t\t\t\t<\/div>\n\t\t\t\t\t<\/div><!-- \/actionContainer -->\n\t\t\t\t\t\t\t\t\n\t\t\t\t<\/div><!-- \/postsList__item__child__content -->\n\t\t\t<\/div><!-- \/postsList__item__child -->\n\t\t<\/a><!-- \/postsList__item__link -->\n\t<\/div><!-- \/postsList__item -->\n\n\n\n\n\n                    \n                                            \n                            \n\n\n\n\n\n\n\n\n\n\n\n\n\n\n\n\n\t<div class=\"m-postsList__item col-12 col-md-6 col-lg-6\">\n\n\t\t<a href=\"https:\/\/www.cbti-bkvt.org\/de\/evenement\/fr-les-textes-de-loi-fondant-le-metier-de-traducteur-jure-la-theorie-indispensable-pour-sy-retrouver\/\" title=\"\" class=\"m-postsList__item__link\">\n\n\t\t\t<div class=\"m-postsList__item__child\">\n\n\t\t\t\t<div class=\"m-postsList__item__img \"><img \n\t   \tsrc=\"https:\/\/www.cbti-bkvt.org\/wp-content\/uploads\/CS_TIJ_Formation_2023-03-11_Textes_de_loi-3_Nouveau_format-min-2-540x360.jpg\" \n\t\tsrcset=\"https:\/\/www.cbti-bkvt.org\/wp-content\/uploads\/CS_TIJ_Formation_2023-03-11_Textes_de_loi-3_Nouveau_format-min-2-540x360.jpg 540w, https:\/\/www.cbti-bkvt.org\/wp-content\/uploads\/CS_TIJ_Formation_2023-03-11_Textes_de_loi-3_Nouveau_format-min-2.jpg 768w, https:\/\/www.cbti-bkvt.org\/wp-content\/uploads\/CS_TIJ_Formation_2023-03-11_Textes_de_loi-3_Nouveau_format-min-2.jpg 1000w\" \n\t\tsizes=\"(min-width:768px) 540px, (min-width:1000px) 1000px, 100vw\"  \n\t\talt=\"CS_TIJ_Formation_2023-03-11_Textes_de_loi-3_Nouveau_format-min.jpg\"\n\t \/><\/div>\n\t\t\t\n\t\t\t\t<div class=\"m-postsList__item__content\">\n\n\t\t\t\t\t\t\t\t\t\t\n\t\t\t\t\t\n\t\t\t\t\t\t\t\t\t\n\t\t\t\t\t<p class=\"m-postsList__item__title  m-postsList__item__title--s1\">[FR] Les textes de loi fondant le m\u00e9tier de traducteur jur\u00e9: la th\u00e9orie indispensable pour s\u2019y retrouver<\/p>\n\n\t\t\t\t\t\n\t\t\t\t\t\n\t\t\t\t\t\t<p class=\"m-postsList__item__meta m-postsList__item__meta--s1\">\n\n\t\t\t\t\t\t\t\t\t\t\t\t\t\t\n\t\t\t\t\t\t\t\t\t\t\t\t\t\t<span class=\"m-postsList__item__meta__label\">Datum: 11 March 2023 &#8211; Uhr: 10:30 Bis 12:30\t\t\t\t\t\t\t\n\t\t\t\t\t\t\t\t\t\t\t\t\t\t\t<span class=\"m-postsList__item__meta__label\"><br \/>Ort: <\/span> Odisee Hogeschool\/Haute-\u00e9cole Odisee\t\t\t\t\t\t\t\n\t\t\t\t\t\t\t| <span class=\"m-postsList__item__meta__label\">Kategorie: <\/span>Fortbildung\t\t\t\t\t\t\n\t\t\t\t\t\t<\/p>\n\n\t\t\t\t\t\n\t\t\t\t\t\n\t\t\t\t\t\n\t\t\t\t\t\n\t\t\t\t\t\t\t\t\t\t<div class=\"m-actionContainer\">\n\t\t\t\t\t\t<div class=\"m-action\">\n\t\t\t\t\t\t\t<span>Mehr erfahren<\/span>\n\t\t\t\t\t\t<\/div>\n\t\t\t\t\t<\/div><!-- \/actionContainer -->\n\t\t\t\t\t\t\t\t\n\t\t\t\t<\/div><!-- \/postsList__item__child__content -->\n\t\t\t<\/div><!-- \/postsList__item__child -->\n\t\t<\/a><!-- \/postsList__item__link -->\n\t<\/div><!-- \/postsList__item -->\n\n\n\n\n\n                    \n                                            \n                            \n\n\n\n\n\n\n\n\n\n\n\n\n\n\n\n\n\t<div class=\"m-postsList__item col-12 col-md-6 col-lg-6\">\n\n\t\t<a href=\"https:\/\/www.cbti-bkvt.org\/de\/evenement\/en-wordscope-boost-your-productivity-webinar\/\" title=\"\" class=\"m-postsList__item__link\">\n\n\t\t\t<div class=\"m-postsList__item__child\">\n\n\t\t\t\t<div class=\"m-postsList__item__img \"><img \n\t   \tsrc=\"https:\/\/www.cbti-bkvt.org\/wp-content\/uploads\/Wordscope-min-1-540x360.png\" \n\t\tsrcset=\"https:\/\/www.cbti-bkvt.org\/wp-content\/uploads\/Wordscope-min-1-540x360.png 540w, https:\/\/www.cbti-bkvt.org\/wp-content\/uploads\/Wordscope-min-1.png 768w, https:\/\/www.cbti-bkvt.org\/wp-content\/uploads\/Wordscope-min-1.png 1000w\" \n\t\tsizes=\"(min-width:768px) 540px, (min-width:1000px) 1000px, 100vw\"  \n\t\talt=\"Wordscope-min\"\n\t \/><\/div>\n\t\t\t\n\t\t\t\t<div class=\"m-postsList__item__content\">\n\n\t\t\t\t\t\t\t\t\t\t\n\t\t\t\t\t\n\t\t\t\t\t\t\t\t\t\n\t\t\t\t\t<p class=\"m-postsList__item__title  m-postsList__item__title--s1\">[EN] Wordscope \u2013 Boost your productivity (Webinar)<\/p>\n\n\t\t\t\t\t\n\t\t\t\t\t\n\t\t\t\t\t\t<p class=\"m-postsList__item__meta m-postsList__item__meta--s1\">\n\n\t\t\t\t\t\t\t\t\t\t\t\t\t\t\n\t\t\t\t\t\t\t\t\t\t\t\t\t\t<span class=\"m-postsList__item__meta__label\">Datum: 24 February 2023 &#8211; Uhr: 15:00 Bis 16:00\t\t\t\t\t\t\t\n\t\t\t\t\t\t\t\t\t\t\t\t\t\t\t<span class=\"m-postsList__item__meta__label\"><br \/>Ort: <\/span> Webinar\t\t\t\t\t\t\t\n\t\t\t\t\t\t\t| <span class=\"m-postsList__item__meta__label\">Kategorie: <\/span>Fortbildung\t\t\t\t\t\t\n\t\t\t\t\t\t<\/p>\n\n\t\t\t\t\t\n\t\t\t\t\t\n\t\t\t\t\t\n\t\t\t\t\t\n\t\t\t\t\t\t\t\t\t\t<div class=\"m-actionContainer\">\n\t\t\t\t\t\t<div class=\"m-action\">\n\t\t\t\t\t\t\t<span>Mehr erfahren<\/span>\n\t\t\t\t\t\t<\/div>\n\t\t\t\t\t<\/div><!-- \/actionContainer -->\n\t\t\t\t\t\t\t\t\n\t\t\t\t<\/div><!-- \/postsList__item__child__content -->\n\t\t\t<\/div><!-- \/postsList__item__child -->\n\t\t<\/a><!-- \/postsList__item__link -->\n\t<\/div><!-- \/postsList__item -->\n\n\n\n\n\n                    \n                                            \n                            \n\n\n\n\n\n\n\n\n\n\n\n\n\n\n\n\n\t<div class=\"m-postsList__item col-12 col-md-6 col-lg-6\">\n\n\t\t<a href=\"https:\/\/www.cbti-bkvt.org\/de\/evenement\/fr-facturation-taxation-legalisation-et-signature-numerique-la-pratique-pour-travailler-sereinement-avec-le-spf-justice\/\" title=\"\" class=\"m-postsList__item__link\">\n\n\t\t\t<div class=\"m-postsList__item__child\">\n\n\t\t\t\t<div class=\"m-postsList__item__img \"><img \n\t   \tsrc=\"https:\/\/www.cbti-bkvt.org\/wp-content\/uploads\/CS_TIJ_Formation_2023-02-18_Taxation-3_Nouveau_format-min-2-540x360.jpg\" \n\t\tsrcset=\"https:\/\/www.cbti-bkvt.org\/wp-content\/uploads\/CS_TIJ_Formation_2023-02-18_Taxation-3_Nouveau_format-min-2-540x360.jpg 540w, https:\/\/www.cbti-bkvt.org\/wp-content\/uploads\/CS_TIJ_Formation_2023-02-18_Taxation-3_Nouveau_format-min-2-998x666.jpg 768w, https:\/\/www.cbti-bkvt.org\/wp-content\/uploads\/CS_TIJ_Formation_2023-02-18_Taxation-3_Nouveau_format-min-2.jpg 1000w\" \n\t\tsizes=\"(min-width:768px) 540px, (min-width:1000px) 1000px, 100vw\"  \n\t\talt=\"CS_TIJ_Formation_2023-02-18_Taxation-3_Nouveau_format-min.jpg\"\n\t \/><\/div>\n\t\t\t\n\t\t\t\t<div class=\"m-postsList__item__content\">\n\n\t\t\t\t\t\t\t\t\t\t\n\t\t\t\t\t\n\t\t\t\t\t\t\t\t\t\n\t\t\t\t\t<p class=\"m-postsList__item__title  m-postsList__item__title--s1\">[FR] Facturation, taxation, l\u00e9galisation et signature num\u00e9rique: la pratique pour travailler sereinement avec le SPF Justice<\/p>\n\n\t\t\t\t\t\n\t\t\t\t\t\n\t\t\t\t\t\t<p class=\"m-postsList__item__meta m-postsList__item__meta--s1\">\n\n\t\t\t\t\t\t\t\t\t\t\t\t\t\t\n\t\t\t\t\t\t\t\t\t\t\t\t\t\t<span class=\"m-postsList__item__meta__label\">Datum: 18 February 2023 &#8211; Uhr: 10:30 Bis 12:30\t\t\t\t\t\t\t\n\t\t\t\t\t\t\t\t\t\t\t\t\t\t\t<span class=\"m-postsList__item__meta__label\"><br \/>Ort: <\/span> Odisee Hogeschool\/Haute-\u00e9cole Odisee\t\t\t\t\t\t\t\n\t\t\t\t\t\t\t| <span class=\"m-postsList__item__meta__label\">Kategorie: <\/span>Fortbildung\t\t\t\t\t\t\n\t\t\t\t\t\t<\/p>\n\n\t\t\t\t\t\n\t\t\t\t\t\n\t\t\t\t\t\n\t\t\t\t\t\n\t\t\t\t\t\t\t\t\t\t<div class=\"m-actionContainer\">\n\t\t\t\t\t\t<div class=\"m-action\">\n\t\t\t\t\t\t\t<span>Mehr erfahren<\/span>\n\t\t\t\t\t\t<\/div>\n\t\t\t\t\t<\/div><!-- \/actionContainer -->\n\t\t\t\t\t\t\t\t\n\t\t\t\t<\/div><!-- \/postsList__item__child__content -->\n\t\t\t<\/div><!-- \/postsList__item__child -->\n\t\t<\/a><!-- \/postsList__item__link -->\n\t<\/div><!-- \/postsList__item -->\n\n\n\n\n\n                    \n                                            \n                            \n\n\n\n\n\n\n\n\n\n\n\n\n\n\n\n\n\t<div class=\"m-postsList__item col-12 col-md-6 col-lg-6\">\n\n\t\t<a href=\"https:\/\/www.cbti-bkvt.org\/de\/evenement\/go-2-cowo-2\/\" title=\"\" class=\"m-postsList__item__link\">\n\n\t\t\t<div class=\"m-postsList__item__child\">\n\n\t\t\t\t<div class=\"m-postsList__item__img \"><img \n\t   \tsrc=\"https:\/\/www.cbti-bkvt.org\/wp-content\/uploads\/Go2Cowo2-2-540x360.jpg\" \n\t\tsrcset=\"https:\/\/www.cbti-bkvt.org\/wp-content\/uploads\/Go2Cowo2-2-540x360.jpg 540w, https:\/\/www.cbti-bkvt.org\/wp-content\/uploads\/Go2Cowo2-2.jpg 768w, https:\/\/www.cbti-bkvt.org\/wp-content\/uploads\/Go2Cowo2-2.jpg 1000w\" \n\t\tsizes=\"(min-width:768px) 540px, (min-width:1000px) 1000px, 100vw\"  \n\t\talt=\"Go2Cowo2.jpg\"\n\t \/><\/div>\n\t\t\t\n\t\t\t\t<div class=\"m-postsList__item__content\">\n\n\t\t\t\t\t\t\t\t\t\t\n\t\t\t\t\t\n\t\t\t\t\t\t\t\t\t\n\t\t\t\t\t<p class=\"m-postsList__item__title  m-postsList__item__title--s1\">GO 2 COWO<\/p>\n\n\t\t\t\t\t\n\t\t\t\t\t\n\t\t\t\t\t\t<p class=\"m-postsList__item__meta m-postsList__item__meta--s1\">\n\n\t\t\t\t\t\t\t\t\t\t\t\t\t\t\n\t\t\t\t\t\t\t\t\t\t\t\t\t\t<span class=\"m-postsList__item__meta__label\">Datum: 17 February 2023 &#8211; Uhr: 10:00 Bis 18:00\t\t\t\t\t\t\t\n\t\t\t\t\t\t\t\t\t\t\t\t\t\t\t<span class=\"m-postsList__item__meta__label\"><br \/>Ort: <\/span> CBTI-BKVT &#8211; 24, rue Montoyerstraat &#8211; 1000 Brussels\t\t\t\t\t\t\t\n\t\t\t\t\t\t\t| <span class=\"m-postsList__item__meta__label\">Kategorie: <\/span>CBTI\/BKVT aktuell\t\t\t\t\t\t\n\t\t\t\t\t\t<\/p>\n\n\t\t\t\t\t\n\t\t\t\t\t\n\t\t\t\t\t\n\t\t\t\t\t\n\t\t\t\t\t\t\t\t\t\t<div class=\"m-actionContainer\">\n\t\t\t\t\t\t<div class=\"m-action\">\n\t\t\t\t\t\t\t<span>Mehr erfahren<\/span>\n\t\t\t\t\t\t<\/div>\n\t\t\t\t\t<\/div><!-- \/actionContainer -->\n\t\t\t\t\t\t\t\t\n\t\t\t\t<\/div><!-- \/postsList__item__child__content -->\n\t\t\t<\/div><!-- \/postsList__item__child -->\n\t\t<\/a><!-- \/postsList__item__link -->\n\t<\/div><!-- \/postsList__item -->\n\n\n\n\n\n                    \n                                            \n                            \n\n\n\n\n\n\n\n\n\n\n\n\n\n\n\n\n\t<div class=\"m-postsList__item col-12 col-md-6 col-lg-6\">\n\n\t\t<a href=\"https:\/\/www.cbti-bkvt.org\/de\/evenement\/fr-formation-saffirmer-sans-heurter-face-a-ses-clients\/\" title=\"\" class=\"m-postsList__item__link\">\n\n\t\t\t<div class=\"m-postsList__item__child\">\n\n\t\t\t\t<div class=\"m-postsList__item__img \"><img \n\t   \tsrc=\"https:\/\/www.cbti-bkvt.org\/wp-content\/uploads\/Visuel_S_affirmer_sans_heurter-min-2-540x360.png\" \n\t\tsrcset=\"https:\/\/www.cbti-bkvt.org\/wp-content\/uploads\/Visuel_S_affirmer_sans_heurter-min-2-540x360.png 540w, https:\/\/www.cbti-bkvt.org\/wp-content\/uploads\/Visuel_S_affirmer_sans_heurter-min-2.png 768w, https:\/\/www.cbti-bkvt.org\/wp-content\/uploads\/Visuel_S_affirmer_sans_heurter-min-2.png 1000w\" \n\t\tsizes=\"(min-width:768px) 540px, (min-width:1000px) 1000px, 100vw\"  \n\t\talt=\"Visuel_S_affirmer_sans_heurter-min.png\"\n\t \/><\/div>\n\t\t\t\n\t\t\t\t<div class=\"m-postsList__item__content\">\n\n\t\t\t\t\t\t\t\t\t\t\n\t\t\t\t\t\n\t\t\t\t\t\t\t\t\t\n\t\t\t\t\t<p class=\"m-postsList__item__title  m-postsList__item__title--s1\">[FR] Formation &#8220;S\u2019affirmer sans heurter face \u00e0 ses clients&#8221;<\/p>\n\n\t\t\t\t\t\n\t\t\t\t\t\n\t\t\t\t\t\t<p class=\"m-postsList__item__meta m-postsList__item__meta--s1\">\n\n\t\t\t\t\t\t\t\t\t\t\t\t\t\t\n\t\t\t\t\t\t\t\t\t\t\t\t\t\t<span class=\"m-postsList__item__meta__label\">Datum: 15 February 2023 &#8211; Uhr: 10:00 Bis 13:30\t\t\t\t\t\t\t\n\t\t\t\t\t\t\t\t\t\t\t\t\t\t\t<span class=\"m-postsList__item__meta__label\"><br \/>Ort: <\/span> CBTI, Rue Montoyer 24, 1000 Bruxelles\t\t\t\t\t\t\t\n\t\t\t\t\t\t\t| <span class=\"m-postsList__item__meta__label\">Kategorie: <\/span>Fortbildung\t\t\t\t\t\t\n\t\t\t\t\t\t<\/p>\n\n\t\t\t\t\t\n\t\t\t\t\t\n\t\t\t\t\t\n\t\t\t\t\t\n\t\t\t\t\t\t\t\t\t\t<div class=\"m-actionContainer\">\n\t\t\t\t\t\t<div class=\"m-action\">\n\t\t\t\t\t\t\t<span>Mehr erfahren<\/span>\n\t\t\t\t\t\t<\/div>\n\t\t\t\t\t<\/div><!-- \/actionContainer -->\n\t\t\t\t\t\t\t\t\n\t\t\t\t<\/div><!-- \/postsList__item__child__content -->\n\t\t\t<\/div><!-- \/postsList__item__child -->\n\t\t<\/a><!-- \/postsList__item__link -->\n\t<\/div><!-- \/postsList__item -->\n\n\n\n\n\n                    \n                                            \n                            \n\n\n\n\n\n\n\n\n\n\n\n\n\n\n\n\n\t<div class=\"m-postsList__item col-12 col-md-6 col-lg-6\">\n\n\t\t<a href=\"https:\/\/www.cbti-bkvt.org\/de\/evenement\/la-cbti-celebre-le-nouvel-an-double-invitation\/\" title=\"\" class=\"m-postsList__item__link\">\n\n\t\t\t<div class=\"m-postsList__item__child\">\n\n\t\t\t\t<div class=\"m-postsList__item__img \"><img \n\t   \tsrc=\"https:\/\/www.cbti-bkvt.org\/wp-content\/uploads\/iStock-1418413821-min-2-540x360.jpg\" \n\t\tsrcset=\"https:\/\/www.cbti-bkvt.org\/wp-content\/uploads\/iStock-1418413821-min-2-540x360.jpg 540w, https:\/\/www.cbti-bkvt.org\/wp-content\/uploads\/iStock-1418413821-min-2.jpg 768w, https:\/\/www.cbti-bkvt.org\/wp-content\/uploads\/iStock-1418413821-min-2.jpg 1000w\" \n\t\tsizes=\"(min-width:768px) 540px, (min-width:1000px) 1000px, 100vw\"  \n\t\talt=\"iStock-1418413821-min.jpg\"\n\t \/><\/div>\n\t\t\t\n\t\t\t\t<div class=\"m-postsList__item__content\">\n\n\t\t\t\t\t\t\t\t\t\t\n\t\t\t\t\t\n\t\t\t\t\t\t\t\t\t\n\t\t\t\t\t<p class=\"m-postsList__item__title  m-postsList__item__title--s1\">La CBTI c\u00e9l\u00e8bre le Nouvel An! &#8211; Double invitation<\/p>\n\n\t\t\t\t\t\n\t\t\t\t\t\n\t\t\t\t\t\t<p class=\"m-postsList__item__meta m-postsList__item__meta--s1\">\n\n\t\t\t\t\t\t\t\t\t\t\t\t\t\t\n\t\t\t\t\t\t\t\t\t\t\t\t\t\t<span class=\"m-postsList__item__meta__label\">Datum: 27 January 2023 &#8211; Uhr: 16:00 Bis \t\t\t\t\t\t\t\n\t\t\t\t\t\t\t\t\t\t\t\t\t\t\t<span class=\"m-postsList__item__meta__label\"><br \/>Ort: <\/span> Louise Hotel Brussels \u2013 MGallery Hotel Collection\t\t\t\t\t\t\t\n\t\t\t\t\t\t\t| <span class=\"m-postsList__item__meta__label\">Kategorie: <\/span>CBTI\/BKVT aktuell\t\t\t\t\t\t\n\t\t\t\t\t\t<\/p>\n\n\t\t\t\t\t\n\t\t\t\t\t\n\t\t\t\t\t\n\t\t\t\t\t\n\t\t\t\t\t\t\t\t\t\t<div class=\"m-actionContainer\">\n\t\t\t\t\t\t<div class=\"m-action\">\n\t\t\t\t\t\t\t<span>Mehr erfahren<\/span>\n\t\t\t\t\t\t<\/div>\n\t\t\t\t\t<\/div><!-- \/actionContainer -->\n\t\t\t\t\t\t\t\t\n\t\t\t\t<\/div><!-- \/postsList__item__child__content -->\n\t\t\t<\/div><!-- \/postsList__item__child -->\n\t\t<\/a><!-- \/postsList__item__link -->\n\t<\/div><!-- \/postsList__item -->\n\n\n\n\n\n                    \n                                            \n                            \n\n\n\n\n\n\n\n\n\n\n\n\n\n\n\n\n\t<div class=\"m-postsList__item col-12 col-md-6 col-lg-6\">\n\n\t\t<a href=\"https:\/\/www.cbti-bkvt.org\/de\/evenement\/go-2-cowo\/\" title=\"\" class=\"m-postsList__item__link\">\n\n\t\t\t<div class=\"m-postsList__item__child\">\n\n\t\t\t\t<div class=\"m-postsList__item__img \"><img \n\t   \tsrc=\"https:\/\/www.cbti-bkvt.org\/wp-content\/uploads\/Go2Cowo-min-2-540x360.jpg\" \n\t\tsrcset=\"https:\/\/www.cbti-bkvt.org\/wp-content\/uploads\/Go2Cowo-min-2-540x360.jpg 540w, https:\/\/www.cbti-bkvt.org\/wp-content\/uploads\/Go2Cowo-min-2.jpg 768w, https:\/\/www.cbti-bkvt.org\/wp-content\/uploads\/Go2Cowo-min-2.jpg 1000w\" \n\t\tsizes=\"(min-width:768px) 540px, (min-width:1000px) 1000px, 100vw\"  \n\t\talt=\"Go2Cowo-min.jpg\"\n\t \/><\/div>\n\t\t\t\n\t\t\t\t<div class=\"m-postsList__item__content\">\n\n\t\t\t\t\t\t\t\t\t\t\n\t\t\t\t\t\n\t\t\t\t\t\t\t\t\t\n\t\t\t\t\t<p class=\"m-postsList__item__title  m-postsList__item__title--s1\">GO 2 COWO<\/p>\n\n\t\t\t\t\t\n\t\t\t\t\t\n\t\t\t\t\t\t<p class=\"m-postsList__item__meta m-postsList__item__meta--s1\">\n\n\t\t\t\t\t\t\t\t\t\t\t\t\t\t\n\t\t\t\t\t\t\t\t\t\t\t\t\t\t<span class=\"m-postsList__item__meta__label\">Datum: 9 December 2022 &#8211; Uhr: 10:00 Bis 18:00\t\t\t\t\t\t\t\n\t\t\t\t\t\t\t\t\t\t\t\t\t\t\t<span class=\"m-postsList__item__meta__label\"><br \/>Ort: <\/span> CBTI-BKVT &#8211; 24, rue Montoyerstraat &#8211; 1000 Brussels\t\t\t\t\t\t\t\n\t\t\t\t\t\t\t| <span class=\"m-postsList__item__meta__label\">Kategorie: <\/span>CBTI\/BKVT aktuell\t\t\t\t\t\t\n\t\t\t\t\t\t<\/p>\n\n\t\t\t\t\t\n\t\t\t\t\t\n\t\t\t\t\t\n\t\t\t\t\t\n\t\t\t\t\t\t\t\t\t\t<div class=\"m-actionContainer\">\n\t\t\t\t\t\t<div class=\"m-action\">\n\t\t\t\t\t\t\t<span>Mehr erfahren<\/span>\n\t\t\t\t\t\t<\/div>\n\t\t\t\t\t<\/div><!-- \/actionContainer -->\n\t\t\t\t\t\t\t\t\n\t\t\t\t<\/div><!-- \/postsList__item__child__content -->\n\t\t\t<\/div><!-- \/postsList__item__child -->\n\t\t<\/a><!-- \/postsList__item__link -->\n\t<\/div><!-- \/postsList__item -->\n\n\n\n\n\n                    \n                                            \n                            \n\n\n\n\n\n\n\n\n\n\n\n\n\n\n\n\n\t<div class=\"m-postsList__item col-12 col-md-6 col-lg-6\">\n\n\t\t<a href=\"https:\/\/www.cbti-bkvt.org\/de\/evenement\/fr-antidote-votre-allie-pour-des-traductions-soignees\/\" title=\"\" class=\"m-postsList__item__link\">\n\n\t\t\t<div class=\"m-postsList__item__child\">\n\n\t\t\t\t<div class=\"m-postsList__item__img \"><img \n\t   \tsrc=\"https:\/\/www.cbti-bkvt.org\/wp-content\/uploads\/Antidote_image-min-2-540x360.png\" \n\t\tsrcset=\"https:\/\/www.cbti-bkvt.org\/wp-content\/uploads\/Antidote_image-min-2-540x360.png 540w, https:\/\/www.cbti-bkvt.org\/wp-content\/uploads\/Antidote_image-min-2.png 768w, https:\/\/www.cbti-bkvt.org\/wp-content\/uploads\/Antidote_image-min-2.png 1000w\" \n\t\tsizes=\"(min-width:768px) 540px, (min-width:1000px) 1000px, 100vw\"  \n\t\talt=\"Antidote_image-min.png\"\n\t \/><\/div>\n\t\t\t\n\t\t\t\t<div class=\"m-postsList__item__content\">\n\n\t\t\t\t\t\t\t\t\t\t\n\t\t\t\t\t\n\t\t\t\t\t\t\t\t\t\n\t\t\t\t\t<p class=\"m-postsList__item__title  m-postsList__item__title--s1\">[FR] Antidote: votre alli\u00e9 pour des traductions soign\u00e9es<\/p>\n\n\t\t\t\t\t\n\t\t\t\t\t\n\t\t\t\t\t\t<p class=\"m-postsList__item__meta m-postsList__item__meta--s1\">\n\n\t\t\t\t\t\t\t\t\t\t\t\t\t\t\n\t\t\t\t\t\t\t\t\t\t\t\t\t\t<span class=\"m-postsList__item__meta__label\">Datum: 21 November 2022 &#8211; Uhr: 11:00 Bis 13:30\t\t\t\t\t\t\t\n\t\t\t\t\t\t\t\t\t\t\t\t\t\t\t<span class=\"m-postsList__item__meta__label\"><br \/>Ort: <\/span> Salle d\u2019ABC Soft, bd de l\u2019Humanit\u00e9 224, 1190 Bruxelles\t\t\t\t\t\t\t\n\t\t\t\t\t\t\t| <span class=\"m-postsList__item__meta__label\">Kategorie: <\/span>Fortbildung\t\t\t\t\t\t\n\t\t\t\t\t\t<\/p>\n\n\t\t\t\t\t\n\t\t\t\t\t\n\t\t\t\t\t\n\t\t\t\t\t\n\t\t\t\t\t\t\t\t\t\t<div class=\"m-actionContainer\">\n\t\t\t\t\t\t<div class=\"m-action\">\n\t\t\t\t\t\t\t<span>Mehr erfahren<\/span>\n\t\t\t\t\t\t<\/div>\n\t\t\t\t\t<\/div><!-- \/actionContainer -->\n\t\t\t\t\t\t\t\t\n\t\t\t\t<\/div><!-- \/postsList__item__child__content -->\n\t\t\t<\/div><!-- \/postsList__item__child -->\n\t\t<\/a><!-- \/postsList__item__link -->\n\t<\/div><!-- \/postsList__item -->\n\n\n\n\n\n                    \n                                            \n                            \n\n\n\n\n\n\n\n\n\n\n\n\n\n\n\n\n\t<div class=\"m-postsList__item col-12 col-md-6 col-lg-6\">\n\n\t\t<a href=\"https:\/\/www.cbti-bkvt.org\/de\/evenement\/de-gendern-leicht-gemacht-webinar\/\" title=\"\" class=\"m-postsList__item__link\">\n\n\t\t\t<div class=\"m-postsList__item__child\">\n\n\t\t\t\t<div class=\"m-postsList__item__img \"><img \n\t   \tsrc=\"https:\/\/www.cbti-bkvt.org\/wp-content\/uploads\/GLG-1240x698-min-1-540x360.png\" \n\t\tsrcset=\"https:\/\/www.cbti-bkvt.org\/wp-content\/uploads\/GLG-1240x698-min-1-540x360.png 540w, https:\/\/www.cbti-bkvt.org\/wp-content\/uploads\/GLG-1240x698-min-1.png 768w, https:\/\/www.cbti-bkvt.org\/wp-content\/uploads\/GLG-1240x698-min-1.png 1000w\" \n\t\tsizes=\"(min-width:768px) 540px, (min-width:1000px) 1000px, 100vw\"  \n\t\talt=\"GLG-1240x698-min\"\n\t \/><\/div>\n\t\t\t\n\t\t\t\t<div class=\"m-postsList__item__content\">\n\n\t\t\t\t\t\t\t\t\t\t\n\t\t\t\t\t\n\t\t\t\t\t\t\t\t\t\n\t\t\t\t\t<p class=\"m-postsList__item__title  m-postsList__item__title--s1\">[DE] Gendern leicht gemacht (webinar)<\/p>\n\n\t\t\t\t\t\n\t\t\t\t\t\n\t\t\t\t\t\t<p class=\"m-postsList__item__meta m-postsList__item__meta--s1\">\n\n\t\t\t\t\t\t\t\t\t\t\t\t\t\t\n\t\t\t\t\t\t\t\t\t\t\t\t\t\t<span class=\"m-postsList__item__meta__label\">Datum: 15 November 2022 &#8211; Uhr: 10:30 Bis 13:30\t\t\t\t\t\t\t\n\t\t\t\t\t\t\t\t\t\t\t\t\t\t\t<span class=\"m-postsList__item__meta__label\"><br \/>Ort: <\/span> Webinar\t\t\t\t\t\t\t\n\t\t\t\t\t\t\t| <span class=\"m-postsList__item__meta__label\">Kategorie: <\/span>Fortbildung\t\t\t\t\t\t\n\t\t\t\t\t\t<\/p>\n\n\t\t\t\t\t\n\t\t\t\t\t\n\t\t\t\t\t\n\t\t\t\t\t\n\t\t\t\t\t\t\t\t\t\t<div class=\"m-actionContainer\">\n\t\t\t\t\t\t<div class=\"m-action\">\n\t\t\t\t\t\t\t<span>Mehr erfahren<\/span>\n\t\t\t\t\t\t<\/div>\n\t\t\t\t\t<\/div><!-- \/actionContainer -->\n\t\t\t\t\t\t\t\t\n\t\t\t\t<\/div><!-- \/postsList__item__child__content -->\n\t\t\t<\/div><!-- \/postsList__item__child -->\n\t\t<\/a><!-- \/postsList__item__link -->\n\t<\/div><!-- \/postsList__item -->\n\n\n\n\n\n                    \n                                            \n                            \n\n\n\n\n\n\n\n\n\n\n\n\n\n\n\n\n\t<div class=\"m-postsList__item col-12 col-md-6 col-lg-6\">\n\n\t\t<a href=\"https:\/\/www.cbti-bkvt.org\/de\/evenement\/fr-ecrire-sans-exclure\/\" title=\"\" class=\"m-postsList__item__link\">\n\n\t\t\t<div class=\"m-postsList__item__child\">\n\n\t\t\t\t<div class=\"m-postsList__item__img \"><img \n\t   \tsrc=\"https:\/\/www.cbti-bkvt.org\/wp-content\/uploads\/Image-min-2-540x360.jpg\" \n\t\tsrcset=\"https:\/\/www.cbti-bkvt.org\/wp-content\/uploads\/Image-min-2-540x360.jpg 540w, https:\/\/www.cbti-bkvt.org\/wp-content\/uploads\/Image-min-2.jpg 768w, https:\/\/www.cbti-bkvt.org\/wp-content\/uploads\/Image-min-2.jpg 1000w\" \n\t\tsizes=\"(min-width:768px) 540px, (min-width:1000px) 1000px, 100vw\"  \n\t\talt=\"Image-min.jpg\"\n\t \/><\/div>\n\t\t\t\n\t\t\t\t<div class=\"m-postsList__item__content\">\n\n\t\t\t\t\t\t\t\t\t\t\n\t\t\t\t\t\n\t\t\t\t\t\t\t\t\t\n\t\t\t\t\t<p class=\"m-postsList__item__title  m-postsList__item__title--s1\">[FR] \u00c9crire sans Exclure<\/p>\n\n\t\t\t\t\t\n\t\t\t\t\t\n\t\t\t\t\t\t<p class=\"m-postsList__item__meta m-postsList__item__meta--s1\">\n\n\t\t\t\t\t\t\t\t\t\t\t\t\t\t\n\t\t\t\t\t\t\t\t\t\t\t\t\t\t<span class=\"m-postsList__item__meta__label\">Datum: 14 November 2022 &#8211; Uhr: 01:00 Bis 01:00\t\t\t\t\t\t\t\n\t\t\t\t\t\t\t\t\t\t\t\t\t\t\t<span class=\"m-postsList__item__meta__label\"><br \/>Ort: <\/span> EN DIRECT: les lundis de 14h \u00e0 15h, par visioconf\u00e9rence ET EN AUTONOMIE: 9*~1h de pratique autonome\t\t\t\t\t\t\t\n\t\t\t\t\t\t\t| <span class=\"m-postsList__item__meta__label\">Kategorie: <\/span>Fortbildung\t\t\t\t\t\t\n\t\t\t\t\t\t<\/p>\n\n\t\t\t\t\t\n\t\t\t\t\t\n\t\t\t\t\t\n\t\t\t\t\t\n\t\t\t\t\t\t\t\t\t\t<div class=\"m-actionContainer\">\n\t\t\t\t\t\t<div class=\"m-action\">\n\t\t\t\t\t\t\t<span>Mehr erfahren<\/span>\n\t\t\t\t\t\t<\/div>\n\t\t\t\t\t<\/div><!-- \/actionContainer -->\n\t\t\t\t\t\t\t\t\n\t\t\t\t<\/div><!-- \/postsList__item__child__content -->\n\t\t\t<\/div><!-- \/postsList__item__child -->\n\t\t<\/a><!-- \/postsList__item__link -->\n\t<\/div><!-- \/postsList__item -->\n\n\n\n\n\n                    \n                                            \n                            \n\n\n\n\n\n\n\n\n\n\n\n\n\n\n\n\n\t<div class=\"m-postsList__item col-12 col-md-6 col-lg-6\">\n\n\t\t<a href=\"https:\/\/www.cbti-bkvt.org\/de\/evenement\/fr-webinaire-le-droit-dauteur-quesaco\/\" title=\"\" class=\"m-postsList__item__link\">\n\n\t\t\t<div class=\"m-postsList__item__child\">\n\n\t\t\t\t<div class=\"m-postsList__item__img \"><img \n\t   \tsrc=\"https:\/\/www.cbti-bkvt.org\/wp-content\/uploads\/Image_NL_Assucopie-2-540x360.jpg\" \n\t\tsrcset=\"https:\/\/www.cbti-bkvt.org\/wp-content\/uploads\/Image_NL_Assucopie-2-540x360.jpg 540w, https:\/\/www.cbti-bkvt.org\/wp-content\/uploads\/Image_NL_Assucopie-2.jpg 768w, https:\/\/www.cbti-bkvt.org\/wp-content\/uploads\/Image_NL_Assucopie-2.jpg 1000w\" \n\t\tsizes=\"(min-width:768px) 540px, (min-width:1000px) 1000px, 100vw\"  \n\t\talt=\"Image_NL_Assucopie.jpg\"\n\t \/><\/div>\n\t\t\t\n\t\t\t\t<div class=\"m-postsList__item__content\">\n\n\t\t\t\t\t\t\t\t\t\t\n\t\t\t\t\t\n\t\t\t\t\t\t\t\t\t\n\t\t\t\t\t<p class=\"m-postsList__item__title  m-postsList__item__title--s1\">[FR] Webinaire : Le droit d\u2019auteur, qu\u00e9saco?<\/p>\n\n\t\t\t\t\t\n\t\t\t\t\t\n\t\t\t\t\t\t<p class=\"m-postsList__item__meta m-postsList__item__meta--s1\">\n\n\t\t\t\t\t\t\t\t\t\t\t\t\t\t\n\t\t\t\t\t\t\t\t\t\t\t\t\t\t<span class=\"m-postsList__item__meta__label\">Datum: 9 November 2022 &#8211; Uhr: 11:00 Bis 13:00\t\t\t\t\t\t\t\n\t\t\t\t\t\t\t\t\t\t\t\t\t\t\t<span class=\"m-postsList__item__meta__label\"><br \/>Ort: <\/span> Webinaire\/Webinar\t\t\t\t\t\t\t\n\t\t\t\t\t\t\t| <span class=\"m-postsList__item__meta__label\">Kategorie: <\/span>Fortbildung\t\t\t\t\t\t\n\t\t\t\t\t\t<\/p>\n\n\t\t\t\t\t\n\t\t\t\t\t\n\t\t\t\t\t\n\t\t\t\t\t\n\t\t\t\t\t\t\t\t\t\t<div class=\"m-actionContainer\">\n\t\t\t\t\t\t<div class=\"m-action\">\n\t\t\t\t\t\t\t<span>Mehr erfahren<\/span>\n\t\t\t\t\t\t<\/div>\n\t\t\t\t\t<\/div><!-- \/actionContainer -->\n\t\t\t\t\t\t\t\t\n\t\t\t\t<\/div><!-- \/postsList__item__child__content -->\n\t\t\t<\/div><!-- \/postsList__item__child -->\n\t\t<\/a><!-- \/postsList__item__link -->\n\t<\/div><!-- \/postsList__item -->\n\n\n\n\n\n                    \n                                            \n                            \n\n\n\n\n\n\n\n\n\n\n\n\n\n\n\n\n\t<div class=\"m-postsList__item col-12 col-md-6 col-lg-6\">\n\n\t\t<a href=\"https:\/\/www.cbti-bkvt.org\/de\/evenement\/borrelavond-a-court-saint-etienne\/\" title=\"\" class=\"m-postsList__item__link\">\n\n\t\t\t<div class=\"m-postsList__item__child\">\n\n\t\t\t\t<div class=\"m-postsList__item__img \"><img \n\t   \tsrc=\"https:\/\/www.cbti-bkvt.org\/wp-content\/uploads\/kelsey-knight-udj2tD3WKsY-unsplash-min-2-540x360.jpg\" \n\t\tsrcset=\"https:\/\/www.cbti-bkvt.org\/wp-content\/uploads\/kelsey-knight-udj2tD3WKsY-unsplash-min-2-540x360.jpg 540w, https:\/\/www.cbti-bkvt.org\/wp-content\/uploads\/kelsey-knight-udj2tD3WKsY-unsplash-min-2.jpg 768w, https:\/\/www.cbti-bkvt.org\/wp-content\/uploads\/kelsey-knight-udj2tD3WKsY-unsplash-min-2.jpg 1000w\" \n\t\tsizes=\"(min-width:768px) 540px, (min-width:1000px) 1000px, 100vw\"  \n\t\talt=\"kelsey-knight-udj2tD3WKsY-unsplash-min.jpg\"\n\t \/><\/div>\n\t\t\t\n\t\t\t\t<div class=\"m-postsList__item__content\">\n\n\t\t\t\t\t\t\t\t\t\t\n\t\t\t\t\t\n\t\t\t\t\t\t\t\t\t\n\t\t\t\t\t<p class=\"m-postsList__item__title  m-postsList__item__title--s1\">Borrelavond \u00e0 Court-Saint-\u00c9tienne<\/p>\n\n\t\t\t\t\t\n\t\t\t\t\t\n\t\t\t\t\t\t<p class=\"m-postsList__item__meta m-postsList__item__meta--s1\">\n\n\t\t\t\t\t\t\t\t\t\t\t\t\t\t\n\t\t\t\t\t\t\t\t\t\t\t\t\t\t<span class=\"m-postsList__item__meta__label\">Datum: 21 October 2022 &#8211; Uhr: 19:00 Bis \t\t\t\t\t\t\t\n\t\t\t\t\t\t\t\t\t\t\t\t\t\t\t<span class=\"m-postsList__item__meta__label\"><br \/>Ort: <\/span> Jardins de Babylone &#8211;  Rue Ernest Cosse 1 &#8211; 1490 Court-Saint-\u00c9tienne\t\t\t\t\t\t\t\n\t\t\t\t\t\t\t| <span class=\"m-postsList__item__meta__label\">Kategorie: <\/span>Stammtische\t\t\t\t\t\t\n\t\t\t\t\t\t<\/p>\n\n\t\t\t\t\t\n\t\t\t\t\t\n\t\t\t\t\t\n\t\t\t\t\t\n\t\t\t\t\t\t\t\t\t\t<div class=\"m-actionContainer\">\n\t\t\t\t\t\t<div class=\"m-action\">\n\t\t\t\t\t\t\t<span>Mehr erfahren<\/span>\n\t\t\t\t\t\t<\/div>\n\t\t\t\t\t<\/div><!-- \/actionContainer -->\n\t\t\t\t\t\t\t\t\n\t\t\t\t<\/div><!-- \/postsList__item__child__content -->\n\t\t\t<\/div><!-- \/postsList__item__child -->\n\t\t<\/a><!-- \/postsList__item__link -->\n\t<\/div><!-- \/postsList__item -->\n\n\n\n\n\n                    \n                                            \n                            \n\n\n\n\n\n\n\n\n\n\n\n\n\n\n\n\n\t<div class=\"m-postsList__item col-12 col-md-6 col-lg-6\">\n\n\t\t<a href=\"https:\/\/www.cbti-bkvt.org\/de\/evenement\/en-memoq-starter-webinar\/\" title=\"\" class=\"m-postsList__item__link\">\n\n\t\t\t<div class=\"m-postsList__item__child\">\n\n\t\t\t\t<div class=\"m-postsList__item__img \"><img \n\t   \tsrc=\"https:\/\/www.cbti-bkvt.org\/wp-content\/uploads\/Starter_webinar-min-2-540x360.png\" \n\t\tsrcset=\"https:\/\/www.cbti-bkvt.org\/wp-content\/uploads\/Starter_webinar-min-2-540x360.png 540w, https:\/\/www.cbti-bkvt.org\/wp-content\/uploads\/Starter_webinar-min-2.png 768w, https:\/\/www.cbti-bkvt.org\/wp-content\/uploads\/Starter_webinar-min-2.png 1000w\" \n\t\tsizes=\"(min-width:768px) 540px, (min-width:1000px) 1000px, 100vw\"  \n\t\talt=\"Starter_webinar-min\"\n\t \/><\/div>\n\t\t\t\n\t\t\t\t<div class=\"m-postsList__item__content\">\n\n\t\t\t\t\t\t\t\t\t\t\n\t\t\t\t\t\n\t\t\t\t\t\t\t\t\t\n\t\t\t\t\t<p class=\"m-postsList__item__title  m-postsList__item__title--s1\">[EN] MemoQ Starter webinar<\/p>\n\n\t\t\t\t\t\n\t\t\t\t\t\n\t\t\t\t\t\t<p class=\"m-postsList__item__meta m-postsList__item__meta--s1\">\n\n\t\t\t\t\t\t\t\t\t\t\t\t\t\t\n\t\t\t\t\t\t\t\t\t\t\t\t\t\t<span class=\"m-postsList__item__meta__label\">Datum: 20 October 2022 &#8211; Uhr: 09:30 Bis 11:00\t\t\t\t\t\t\t\n\t\t\t\t\t\t\t\t\t\t\t\t\t\t\t<span class=\"m-postsList__item__meta__label\"><br \/>Ort: <\/span> Zoom-webinar\t\t\t\t\t\t\t\n\t\t\t\t\t\t\t| <span class=\"m-postsList__item__meta__label\">Kategorie: <\/span>Fortbildung\t\t\t\t\t\t\n\t\t\t\t\t\t<\/p>\n\n\t\t\t\t\t\n\t\t\t\t\t\n\t\t\t\t\t\n\t\t\t\t\t\n\t\t\t\t\t\t\t\t\t\t<div class=\"m-actionContainer\">\n\t\t\t\t\t\t<div class=\"m-action\">\n\t\t\t\t\t\t\t<span>Mehr erfahren<\/span>\n\t\t\t\t\t\t<\/div>\n\t\t\t\t\t<\/div><!-- \/actionContainer -->\n\t\t\t\t\t\t\t\t\n\t\t\t\t<\/div><!-- \/postsList__item__child__content -->\n\t\t\t<\/div><!-- \/postsList__item__child -->\n\t\t<\/a><!-- \/postsList__item__link -->\n\t<\/div><!-- \/postsList__item -->\n\n\n\n\n\n                    \n                                            \n                            \n\n\n\n\n\n\n\n\n\n\n\n\n\n\n\n\n\t<div class=\"m-postsList__item col-12 col-md-6 col-lg-6\">\n\n\t\t<a href=\"https:\/\/www.cbti-bkvt.org\/de\/evenement\/28e-reunion-du-reseau-franco-allemand-arles\/\" title=\"\" class=\"m-postsList__item__link\">\n\n\t\t\t<div class=\"m-postsList__item__child\">\n\n\t\t\t\t<div class=\"m-postsList__item__img \"><img \n\t   \tsrc=\"https:\/\/www.cbti-bkvt.org\/wp-content\/uploads\/elena-popova-FdItj_p2-Jk-unsplash-min-5-540x360.jpg\" \n\t\tsrcset=\"https:\/\/www.cbti-bkvt.org\/wp-content\/uploads\/elena-popova-FdItj_p2-Jk-unsplash-min-5-540x360.jpg 540w, https:\/\/www.cbti-bkvt.org\/wp-content\/uploads\/elena-popova-FdItj_p2-Jk-unsplash-min-5.jpg 768w, https:\/\/www.cbti-bkvt.org\/wp-content\/uploads\/elena-popova-FdItj_p2-Jk-unsplash-min-5.jpg 1000w\" \n\t\tsizes=\"(min-width:768px) 540px, (min-width:1000px) 1000px, 100vw\"  \n\t\talt=\"elena-popova-FdItj_p2-Jk-unsplash-min.jpg\"\n\t \/><\/div>\n\t\t\t\n\t\t\t\t<div class=\"m-postsList__item__content\">\n\n\t\t\t\t\t\t\t\t\t\t\n\t\t\t\t\t\n\t\t\t\t\t\t\t\t\t\n\t\t\t\t\t<p class=\"m-postsList__item__title  m-postsList__item__title--s1\">28e r\u00e9union du R\u00e9seau franco-allemand (Arles)<\/p>\n\n\t\t\t\t\t\n\t\t\t\t\t\n\t\t\t\t\t\t<p class=\"m-postsList__item__meta m-postsList__item__meta--s1\">\n\n\t\t\t\t\t\t\t\t\t\t\t\t\t\t\n\t\t\t\t\t\t\t\t\t\t\t\t\t\t<span class=\"m-postsList__item__meta__label\">Datum: 14 October 2022 &#8211; Uhr: 00:00 Bis 00:00\t\t\t\t\t\t\t\n\t\t\t\t\t\t\t\t\t\t\t\t\t\t\t<span class=\"m-postsList__item__meta__label\"><br \/>Ort: <\/span> Arles, France\t\t\t\t\t\t\t\n\t\t\t\t\t\t\t| <span class=\"m-postsList__item__meta__label\">Kategorie: <\/span>Deutsch-franz\u00f6sisches Netzwerk\t\t\t\t\t\t\n\t\t\t\t\t\t<\/p>\n\n\t\t\t\t\t\n\t\t\t\t\t\n\t\t\t\t\t\n\t\t\t\t\t\n\t\t\t\t\t\t\t\t\t\t<div class=\"m-actionContainer\">\n\t\t\t\t\t\t<div class=\"m-action\">\n\t\t\t\t\t\t\t<span>Mehr erfahren<\/span>\n\t\t\t\t\t\t<\/div>\n\t\t\t\t\t<\/div><!-- \/actionContainer -->\n\t\t\t\t\t\t\t\t\n\t\t\t\t<\/div><!-- \/postsList__item__child__content -->\n\t\t\t<\/div><!-- \/postsList__item__child -->\n\t\t<\/a><!-- \/postsList__item__link -->\n\t<\/div><!-- \/postsList__item -->\n\n\n\n\n\n                    \n                                            \n                            \n\n\n\n\n\n\n\n\n\n\n\n\n\n\n\n\n\t<div class=\"m-postsList__item col-12 col-md-6 col-lg-6\">\n\n\t\t<a href=\"https:\/\/www.cbti-bkvt.org\/de\/evenement\/saint-jerome-a-la-vub\/\" title=\"\" class=\"m-postsList__item__link\">\n\n\t\t\t<div class=\"m-postsList__item__child\">\n\n\t\t\t\t<div class=\"m-postsList__item__img \"><img \n\t   \tsrc=\"https:\/\/www.cbti-bkvt.org\/wp-content\/uploads\/Micro-min-2-540x360.jpg\" \n\t\tsrcset=\"https:\/\/www.cbti-bkvt.org\/wp-content\/uploads\/Micro-min-2-540x360.jpg 540w, https:\/\/www.cbti-bkvt.org\/wp-content\/uploads\/Micro-min-2.jpg 768w, https:\/\/www.cbti-bkvt.org\/wp-content\/uploads\/Micro-min-2.jpg 1000w\" \n\t\tsizes=\"(min-width:768px) 540px, (min-width:1000px) 1000px, 100vw\"  \n\t\talt=\"Micro-min.jpg\"\n\t \/><\/div>\n\t\t\t\n\t\t\t\t<div class=\"m-postsList__item__content\">\n\n\t\t\t\t\t\t\t\t\t\t\n\t\t\t\t\t\n\t\t\t\t\t\t\t\t\t\n\t\t\t\t\t<p class=\"m-postsList__item__title  m-postsList__item__title--s1\">Saint-J\u00e9r\u00f4me \u00e0 la VUB<\/p>\n\n\t\t\t\t\t\n\t\t\t\t\t\n\t\t\t\t\t\t<p class=\"m-postsList__item__meta m-postsList__item__meta--s1\">\n\n\t\t\t\t\t\t\t\t\t\t\t\t\t\t\n\t\t\t\t\t\t\t\t\t\t\t\t\t\t<span class=\"m-postsList__item__meta__label\">Datum: 30 September 2022 &#8211; Uhr: 09:30 Bis \t\t\t\t\t\t\t\n\t\t\t\t\t\t\t\t\t\t\t\t\t\t\t<span class=\"m-postsList__item__meta__label\"><br \/>Ort: <\/span> VUB \u2013 Aula QD | Brussels Bowling\t\t\t\t\t\t\t\n\t\t\t\t\t\t\t| <span class=\"m-postsList__item__meta__label\">Kategorie: <\/span>CBTI\/BKVT aktuell\t\t\t\t\t\t\n\t\t\t\t\t\t<\/p>\n\n\t\t\t\t\t\n\t\t\t\t\t\n\t\t\t\t\t\n\t\t\t\t\t\n\t\t\t\t\t\t\t\t\t\t<div class=\"m-actionContainer\">\n\t\t\t\t\t\t<div class=\"m-action\">\n\t\t\t\t\t\t\t<span>Mehr erfahren<\/span>\n\t\t\t\t\t\t<\/div>\n\t\t\t\t\t<\/div><!-- \/actionContainer -->\n\t\t\t\t\t\t\t\t\n\t\t\t\t<\/div><!-- \/postsList__item__child__content -->\n\t\t\t<\/div><!-- \/postsList__item__child -->\n\t\t<\/a><!-- \/postsList__item__link -->\n\t<\/div><!-- \/postsList__item -->\n\n\n\n\n\n                    \n                                            \n                            \n\n\n\n\n\n\n\n\n\n\n\n\n\n\n\n\n\t<div class=\"m-postsList__item col-12 col-md-6 col-lg-6\">\n\n\t\t<a href=\"https:\/\/www.cbti-bkvt.org\/de\/evenement\/journee-coworking-pour-les-starters\/\" title=\"\" class=\"m-postsList__item__link\">\n\n\t\t\t<div class=\"m-postsList__item__child\">\n\n\t\t\t\t<div class=\"m-postsList__item__img \"><img \n\t   \tsrc=\"https:\/\/www.cbti-bkvt.org\/wp-content\/uploads\/meeting-g10f9e2ffe_1920-min-2-540x360.jpg\" \n\t\tsrcset=\"https:\/\/www.cbti-bkvt.org\/wp-content\/uploads\/meeting-g10f9e2ffe_1920-min-2-540x360.jpg 540w, https:\/\/www.cbti-bkvt.org\/wp-content\/uploads\/meeting-g10f9e2ffe_1920-min-2.jpg 768w, https:\/\/www.cbti-bkvt.org\/wp-content\/uploads\/meeting-g10f9e2ffe_1920-min-2.jpg 1000w\" \n\t\tsizes=\"(min-width:768px) 540px, (min-width:1000px) 1000px, 100vw\"  \n\t\talt=\"meeting-g10f9e2ffe_1920-min.jpg\"\n\t \/><\/div>\n\t\t\t\n\t\t\t\t<div class=\"m-postsList__item__content\">\n\n\t\t\t\t\t\t\t\t\t\t\n\t\t\t\t\t\n\t\t\t\t\t\t\t\t\t\n\t\t\t\t\t<p class=\"m-postsList__item__title  m-postsList__item__title--s1\">Journ\u00e9e coworking pour les starters<\/p>\n\n\t\t\t\t\t\n\t\t\t\t\t\n\t\t\t\t\t\t<p class=\"m-postsList__item__meta m-postsList__item__meta--s1\">\n\n\t\t\t\t\t\t\t\t\t\t\t\t\t\t\n\t\t\t\t\t\t\t\t\t\t\t\t\t\t<span class=\"m-postsList__item__meta__label\">Datum: 20 September 2022 &#8211; Uhr: 09:00 Bis 17:00\t\t\t\t\t\t\t\n\t\t\t\t\t\t\t\t\t\t\t\t\t\t\t<span class=\"m-postsList__item__meta__label\"><br \/>Ort: <\/span> Silversquare\t\t\t\t\t\t\t\n\t\t\t\t\t\t\t| <span class=\"m-postsList__item__meta__label\">Kategorie: <\/span>CBTI\/BKVT aktuell\t\t\t\t\t\t\n\t\t\t\t\t\t<\/p>\n\n\t\t\t\t\t\n\t\t\t\t\t\n\t\t\t\t\t\n\t\t\t\t\t\n\t\t\t\t\t\t\t\t\t\t<div class=\"m-actionContainer\">\n\t\t\t\t\t\t<div class=\"m-action\">\n\t\t\t\t\t\t\t<span>Mehr erfahren<\/span>\n\t\t\t\t\t\t<\/div>\n\t\t\t\t\t<\/div><!-- \/actionContainer -->\n\t\t\t\t\t\t\t\t\n\t\t\t\t<\/div><!-- \/postsList__item__child__content -->\n\t\t\t<\/div><!-- \/postsList__item__child -->\n\t\t<\/a><!-- \/postsList__item__link -->\n\t<\/div><!-- \/postsList__item -->\n\n\n\n\n\n                    \n                                            \n                            \n\n\n\n\n\n\n\n\n\n\n\n\n\n\n\n\n\t<div class=\"m-postsList__item col-12 col-md-6 col-lg-6\">\n\n\t\t<a href=\"https:\/\/www.cbti-bkvt.org\/de\/evenement\/traduire-pour-tout-le-monde-lecriture-inclusive-au-dela-des-cliches-2\/\" title=\"\" class=\"m-postsList__item__link\">\n\n\t\t\t<div class=\"m-postsList__item__child\">\n\n\t\t\t\t<div class=\"m-postsList__item__img \"><img \n\t   \tsrc=\"https:\/\/www.cbti-bkvt.org\/wp-content\/uploads\/included-g0f06b42e3_1920-min-8-540x360.jpg\" \n\t\tsrcset=\"https:\/\/www.cbti-bkvt.org\/wp-content\/uploads\/included-g0f06b42e3_1920-min-8-540x360.jpg 540w, https:\/\/www.cbti-bkvt.org\/wp-content\/uploads\/included-g0f06b42e3_1920-min-8.jpg 768w, https:\/\/www.cbti-bkvt.org\/wp-content\/uploads\/included-g0f06b42e3_1920-min-8.jpg 1000w\" \n\t\tsizes=\"(min-width:768px) 540px, (min-width:1000px) 1000px, 100vw\"  \n\t\talt=\"included-g0f06b42e3_1920-min.jpg\"\n\t \/><\/div>\n\t\t\t\n\t\t\t\t<div class=\"m-postsList__item__content\">\n\n\t\t\t\t\t\t\t\t\t\t\n\t\t\t\t\t\n\t\t\t\t\t\t\t\t\t\n\t\t\t\t\t<p class=\"m-postsList__item__title  m-postsList__item__title--s1\">Traduire pour tout le monde: l\u2019\u00e9criture inclusive au-del\u00e0 des clich\u00e9s<\/p>\n\n\t\t\t\t\t\n\t\t\t\t\t\n\t\t\t\t\t\t<p class=\"m-postsList__item__meta m-postsList__item__meta--s1\">\n\n\t\t\t\t\t\t\t\t\t\t\t\t\t\t\n\t\t\t\t\t\t\t\t\t\t\t\t\t\t<span class=\"m-postsList__item__meta__label\">Datum: 15 September 2022 &#8211; Uhr: 13:00 Bis 17:00\t\t\t\t\t\t\t\n\t\t\t\t\t\t\t\t\t\t\t\t\t\t\t<span class=\"m-postsList__item__meta__label\"><br \/>Ort: <\/span> Zoom\t\t\t\t\t\t\t\n\t\t\t\t\t\t\t| <span class=\"m-postsList__item__meta__label\">Kategorie: <\/span>Fortbildung\t\t\t\t\t\t\n\t\t\t\t\t\t<\/p>\n\n\t\t\t\t\t\n\t\t\t\t\t\n\t\t\t\t\t\n\t\t\t\t\t\n\t\t\t\t\t\t\t\t\t\t<div class=\"m-actionContainer\">\n\t\t\t\t\t\t<div class=\"m-action\">\n\t\t\t\t\t\t\t<span>Mehr erfahren<\/span>\n\t\t\t\t\t\t<\/div>\n\t\t\t\t\t<\/div><!-- \/actionContainer -->\n\t\t\t\t\t\t\t\t\n\t\t\t\t<\/div><!-- \/postsList__item__child__content -->\n\t\t\t<\/div><!-- \/postsList__item__child -->\n\t\t<\/a><!-- \/postsList__item__link -->\n\t<\/div><!-- \/postsList__item -->\n\n\n\n\n\n                    \n                                            \n                            \n\n\n\n\n\n\n\n\n\n\n\n\n\n\n\n\n\t<div class=\"m-postsList__item col-12 col-md-6 col-lg-6\">\n\n\t\t<a href=\"https:\/\/www.cbti-bkvt.org\/de\/evenement\/traduire-pour-tout-le-monde-lecriture-inclusive-au-dela-des-cliches\/\" title=\"\" class=\"m-postsList__item__link\">\n\n\t\t\t<div class=\"m-postsList__item__child\">\n\n\t\t\t\t<div class=\"m-postsList__item__img \"><img \n\t   \tsrc=\"https:\/\/www.cbti-bkvt.org\/wp-content\/uploads\/included-g0f06b42e3_1920-min-7-540x360.jpg\" \n\t\tsrcset=\"https:\/\/www.cbti-bkvt.org\/wp-content\/uploads\/included-g0f06b42e3_1920-min-7-540x360.jpg 540w, https:\/\/www.cbti-bkvt.org\/wp-content\/uploads\/included-g0f06b42e3_1920-min-7.jpg 768w, https:\/\/www.cbti-bkvt.org\/wp-content\/uploads\/included-g0f06b42e3_1920-min-7.jpg 1000w\" \n\t\tsizes=\"(min-width:768px) 540px, (min-width:1000px) 1000px, 100vw\"  \n\t\talt=\"included-g0f06b42e3_1920-min.jpg\"\n\t \/><\/div>\n\t\t\t\n\t\t\t\t<div class=\"m-postsList__item__content\">\n\n\t\t\t\t\t\t\t\t\t\t\n\t\t\t\t\t\n\t\t\t\t\t\t\t\t\t\n\t\t\t\t\t<p class=\"m-postsList__item__title  m-postsList__item__title--s1\">Traduire pour tout le monde: l\u2019\u00e9criture inclusive au-del\u00e0 des clich\u00e9s<\/p>\n\n\t\t\t\t\t\n\t\t\t\t\t\n\t\t\t\t\t\t<p class=\"m-postsList__item__meta m-postsList__item__meta--s1\">\n\n\t\t\t\t\t\t\t\t\t\t\t\t\t\t\n\t\t\t\t\t\t\t\t\t\t\t\t\t\t<span class=\"m-postsList__item__meta__label\">Datum: 20 June 2022 &#8211; Uhr: 09:00 Bis 13:00\t\t\t\t\t\t\t\n\t\t\t\t\t\t\t\t\t\t\t\t\t\t\t<span class=\"m-postsList__item__meta__label\"><br \/>Ort: <\/span> Coworking Namur &#8211; Rue Marie-Henriette, 6 &#8211; 5000 Namur\t\t\t\t\t\t\t\n\t\t\t\t\t\t\t| <span class=\"m-postsList__item__meta__label\">Kategorie: <\/span>Fortbildung\t\t\t\t\t\t\n\t\t\t\t\t\t<\/p>\n\n\t\t\t\t\t\n\t\t\t\t\t\n\t\t\t\t\t\n\t\t\t\t\t\n\t\t\t\t\t\t\t\t\t\t<div class=\"m-actionContainer\">\n\t\t\t\t\t\t<div class=\"m-action\">\n\t\t\t\t\t\t\t<span>Mehr erfahren<\/span>\n\t\t\t\t\t\t<\/div>\n\t\t\t\t\t<\/div><!-- \/actionContainer -->\n\t\t\t\t\t\t\t\t\n\t\t\t\t<\/div><!-- \/postsList__item__child__content -->\n\t\t\t<\/div><!-- \/postsList__item__child -->\n\t\t<\/a><!-- \/postsList__item__link -->\n\t<\/div><!-- \/postsList__item -->\n\n\n\n\n\n                    \n                                            \n                            \n\n\n\n\n\n\n\n\n\n\n\n\n\n\n\n\n\t<div class=\"m-postsList__item col-12 col-md-6 col-lg-6\">\n\n\t\t<a href=\"https:\/\/www.cbti-bkvt.org\/de\/evenement\/formation-seo-fr-webinaire-2\/\" title=\"\" class=\"m-postsList__item__link\">\n\n\t\t\t<div class=\"m-postsList__item__child\">\n\n\t\t\t\t<div class=\"m-postsList__item__img \"><img \n\t   \tsrc=\"https:\/\/www.cbti-bkvt.org\/wp-content\/uploads\/Illustration_Formation_SEO_FR-min-5-540x360.jpg\" \n\t\tsrcset=\"https:\/\/www.cbti-bkvt.org\/wp-content\/uploads\/Illustration_Formation_SEO_FR-min-5-540x360.jpg 540w, https:\/\/www.cbti-bkvt.org\/wp-content\/uploads\/Illustration_Formation_SEO_FR-min-5.jpg 768w, https:\/\/www.cbti-bkvt.org\/wp-content\/uploads\/Illustration_Formation_SEO_FR-min-5.jpg 1000w\" \n\t\tsizes=\"(min-width:768px) 540px, (min-width:1000px) 1000px, 100vw\"  \n\t\talt=\"Illustration_Formation_SEO_FR-min.jpg\"\n\t \/><\/div>\n\t\t\t\n\t\t\t\t<div class=\"m-postsList__item__content\">\n\n\t\t\t\t\t\t\t\t\t\t\n\t\t\t\t\t\n\t\t\t\t\t\t\t\t\t\n\t\t\t\t\t<p class=\"m-postsList__item__title  m-postsList__item__title--s1\">Formation SEO (FR) &#8211; Webinaire<\/p>\n\n\t\t\t\t\t\n\t\t\t\t\t\n\t\t\t\t\t\t<p class=\"m-postsList__item__meta m-postsList__item__meta--s1\">\n\n\t\t\t\t\t\t\t\t\t\t\t\t\t\t\n\t\t\t\t\t\t\t\t\t\t\t\t\t\t<span class=\"m-postsList__item__meta__label\">Datum: 24 March 2022 &#8211; Uhr: 10:30 Bis 12:00\t\t\t\t\t\t\t\n\t\t\t\t\t\t\t\t\t\t\t\t\t\t\t<span class=\"m-postsList__item__meta__label\"><br \/>Ort: <\/span> Webinaire\t\t\t\t\t\t\t\n\t\t\t\t\t\t\t| <span class=\"m-postsList__item__meta__label\">Kategorie: <\/span>Fortbildung\t\t\t\t\t\t\n\t\t\t\t\t\t<\/p>\n\n\t\t\t\t\t\n\t\t\t\t\t\n\t\t\t\t\t\n\t\t\t\t\t\n\t\t\t\t\t\t\t\t\t\t<div class=\"m-actionContainer\">\n\t\t\t\t\t\t<div class=\"m-action\">\n\t\t\t\t\t\t\t<span>Mehr erfahren<\/span>\n\t\t\t\t\t\t<\/div>\n\t\t\t\t\t<\/div><!-- \/actionContainer -->\n\t\t\t\t\t\t\t\t\n\t\t\t\t<\/div><!-- \/postsList__item__child__content -->\n\t\t\t<\/div><!-- \/postsList__item__child -->\n\t\t<\/a><!-- \/postsList__item__link -->\n\t<\/div><!-- \/postsList__item -->\n\n\n\n\n\n                    \n                                            \n                            \n\n\n\n\n\n\n\n\n\n\n\n\n\n\n\n\n\t<div class=\"m-postsList__item col-12 col-md-6 col-lg-6\">\n\n\t\t<a href=\"https:\/\/www.cbti-bkvt.org\/de\/evenement\/formation-seo-fr-webinaire\/\" title=\"\" class=\"m-postsList__item__link\">\n\n\t\t\t<div class=\"m-postsList__item__child\">\n\n\t\t\t\t<div class=\"m-postsList__item__img \"><img \n\t   \tsrc=\"https:\/\/www.cbti-bkvt.org\/wp-content\/uploads\/Illustration_Formation_SEO_FR-min-4-540x360.jpg\" \n\t\tsrcset=\"https:\/\/www.cbti-bkvt.org\/wp-content\/uploads\/Illustration_Formation_SEO_FR-min-4-540x360.jpg 540w, https:\/\/www.cbti-bkvt.org\/wp-content\/uploads\/Illustration_Formation_SEO_FR-min-4.jpg 768w, https:\/\/www.cbti-bkvt.org\/wp-content\/uploads\/Illustration_Formation_SEO_FR-min-4.jpg 1000w\" \n\t\tsizes=\"(min-width:768px) 540px, (min-width:1000px) 1000px, 100vw\"  \n\t\talt=\"Illustration_Formation_SEO_FR-min.jpg\"\n\t \/><\/div>\n\t\t\t\n\t\t\t\t<div class=\"m-postsList__item__content\">\n\n\t\t\t\t\t\t\t\t\t\t\n\t\t\t\t\t\n\t\t\t\t\t\t\t\t\t\n\t\t\t\t\t<p class=\"m-postsList__item__title  m-postsList__item__title--s1\">Formation SEO (FR) &#8211; Webinaire<\/p>\n\n\t\t\t\t\t\n\t\t\t\t\t\n\t\t\t\t\t\t<p class=\"m-postsList__item__meta m-postsList__item__meta--s1\">\n\n\t\t\t\t\t\t\t\t\t\t\t\t\t\t\n\t\t\t\t\t\t\t\t\t\t\t\t\t\t<span class=\"m-postsList__item__meta__label\">Datum: 17 March 2022 &#8211; Uhr: 10:30 Bis 12:00\t\t\t\t\t\t\t\n\t\t\t\t\t\t\t\t\t\t\t\t\t\t\t<span class=\"m-postsList__item__meta__label\"><br \/>Ort: <\/span> Webinaire\t\t\t\t\t\t\t\n\t\t\t\t\t\t\t| <span class=\"m-postsList__item__meta__label\">Kategorie: <\/span>Fortbildung\t\t\t\t\t\t\n\t\t\t\t\t\t<\/p>\n\n\t\t\t\t\t\n\t\t\t\t\t\n\t\t\t\t\t\n\t\t\t\t\t\n\t\t\t\t\t\t\t\t\t\t<div class=\"m-actionContainer\">\n\t\t\t\t\t\t<div class=\"m-action\">\n\t\t\t\t\t\t\t<span>Mehr erfahren<\/span>\n\t\t\t\t\t\t<\/div>\n\t\t\t\t\t<\/div><!-- \/actionContainer -->\n\t\t\t\t\t\t\t\t\n\t\t\t\t<\/div><!-- \/postsList__item__child__content -->\n\t\t\t<\/div><!-- \/postsList__item__child -->\n\t\t<\/a><!-- \/postsList__item__link -->\n\t<\/div><!-- \/postsList__item -->\n\n\n\n\n\n                    \n                                            \n                            \n\n\n\n\n\n\n\n\n\n\n\n\n\n\n\n\n\t<div class=\"m-postsList__item col-12 col-md-6 col-lg-6\">\n\n\t\t<a href=\"https:\/\/www.cbti-bkvt.org\/de\/evenement\/la-cbti-celebre-le-nouvel-an-4\/\" title=\"\" class=\"m-postsList__item__link\">\n\n\t\t\t<div class=\"m-postsList__item__child\">\n\n\t\t\t\t<div class=\"m-postsList__item__img \"><img \n\t   \tsrc=\"https:\/\/www.cbti-bkvt.org\/wp-content\/uploads\/artem-kniaz-0Ad6Q6SQo1Y-unsplash-min-2-540x360.jpg\" \n\t\tsrcset=\"https:\/\/www.cbti-bkvt.org\/wp-content\/uploads\/artem-kniaz-0Ad6Q6SQo1Y-unsplash-min-2-540x360.jpg 540w, https:\/\/www.cbti-bkvt.org\/wp-content\/uploads\/artem-kniaz-0Ad6Q6SQo1Y-unsplash-min-2.jpg 768w, https:\/\/www.cbti-bkvt.org\/wp-content\/uploads\/artem-kniaz-0Ad6Q6SQo1Y-unsplash-min-2.jpg 1000w\" \n\t\tsizes=\"(min-width:768px) 540px, (min-width:1000px) 1000px, 100vw\"  \n\t\talt=\"artem-kniaz-0Ad6Q6SQo1Y-unsplash-min.jpg\"\n\t \/><\/div>\n\t\t\t\n\t\t\t\t<div class=\"m-postsList__item__content\">\n\n\t\t\t\t\t\t\t\t\t\t\n\t\t\t\t\t\n\t\t\t\t\t\t\t\t\t\n\t\t\t\t\t<p class=\"m-postsList__item__title  m-postsList__item__title--s1\">La CBTI c\u00e9l\u00e8bre le Nouvel An!<\/p>\n\n\t\t\t\t\t\n\t\t\t\t\t\n\t\t\t\t\t\t<p class=\"m-postsList__item__meta m-postsList__item__meta--s1\">\n\n\t\t\t\t\t\t\t\t\t\t\t\t\t\t\n\t\t\t\t\t\t\t\t\t\t\t\t\t\t<span class=\"m-postsList__item__meta__label\">Datum: 21 January 2022 &#8211; Uhr: 17:00 Bis \t\t\t\t\t\t\t\n\t\t\t\t\t\t\t\t\t\t\t\t\t\t\t<span class=\"m-postsList__item__meta__label\"><br \/>Ort: <\/span> LEOPOLD HOTEL BRUSSELS &#8211; Luxemburgstraat\/Rue du Luxembourg 35 &#8211; 1050 Brussels\t\t\t\t\t\t\t\n\t\t\t\t\t\t\t| <span class=\"m-postsList__item__meta__label\">Kategorie: <\/span>CBTI\/BKVT aktuell\t\t\t\t\t\t\n\t\t\t\t\t\t<\/p>\n\n\t\t\t\t\t\n\t\t\t\t\t\n\t\t\t\t\t\n\t\t\t\t\t\n\t\t\t\t\t\t\t\t\t\t<div class=\"m-actionContainer\">\n\t\t\t\t\t\t<div class=\"m-action\">\n\t\t\t\t\t\t\t<span>Mehr erfahren<\/span>\n\t\t\t\t\t\t<\/div>\n\t\t\t\t\t<\/div><!-- \/actionContainer -->\n\t\t\t\t\t\t\t\t\n\t\t\t\t<\/div><!-- \/postsList__item__child__content -->\n\t\t\t<\/div><!-- \/postsList__item__child -->\n\t\t<\/a><!-- \/postsList__item__link -->\n\t<\/div><!-- \/postsList__item -->\n\n\n\n\n\n                    \n                                            \n                            \n\n\n\n\n\n\n\n\n\n\n\n\n\n\n\n\n\t<div class=\"m-postsList__item col-12 col-md-6 col-lg-6\">\n\n\t\t<a href=\"https:\/\/www.cbti-bkvt.org\/de\/evenement\/saint-nicolas-annulee\/\" title=\"\" class=\"m-postsList__item__link\">\n\n\t\t\t<div class=\"m-postsList__item__child\">\n\n\t\t\t\t<div class=\"m-postsList__item__img \"><img \n\t   \tsrc=\"https:\/\/www.cbti-bkvt.org\/wp-content\/uploads\/saint-nicholas-g71a010ee7_1920-min-2-540x360.jpg\" \n\t\tsrcset=\"https:\/\/www.cbti-bkvt.org\/wp-content\/uploads\/saint-nicholas-g71a010ee7_1920-min-2-540x360.jpg 540w, https:\/\/www.cbti-bkvt.org\/wp-content\/uploads\/saint-nicholas-g71a010ee7_1920-min-2.jpg 768w, https:\/\/www.cbti-bkvt.org\/wp-content\/uploads\/saint-nicholas-g71a010ee7_1920-min-2.jpg 1000w\" \n\t\tsizes=\"(min-width:768px) 540px, (min-width:1000px) 1000px, 100vw\"  \n\t\talt=\"saint-nicholas-g71a010ee7_1920-min.jpg\"\n\t \/><\/div>\n\t\t\t\n\t\t\t\t<div class=\"m-postsList__item__content\">\n\n\t\t\t\t\t\t\t\t\t\t\n\t\t\t\t\t\n\t\t\t\t\t\t\t\t\t\n\t\t\t\t\t<p class=\"m-postsList__item__title  m-postsList__item__title--s1\">Saint-Nicolas (annul\u00e9e)<\/p>\n\n\t\t\t\t\t\n\t\t\t\t\t\n\t\t\t\t\t\t<p class=\"m-postsList__item__meta m-postsList__item__meta--s1\">\n\n\t\t\t\t\t\t\t\t\t\t\t\t\t\t\n\t\t\t\t\t\t\t\t\t\t\t\t\t\t<span class=\"m-postsList__item__meta__label\">Datum: 10 December 2021 &#8211; Uhr: 10:30 Bis 17:00\t\t\t\t\t\t\t\n\t\t\t\t\t\t\t\t\t\t\t\t\t\t\t<span class=\"m-postsList__item__meta__label\"><br \/>Ort: <\/span> Waterloo\t\t\t\t\t\t\t\n\t\t\t\t\t\t\t| <span class=\"m-postsList__item__meta__label\">Kategorie: <\/span>CBTI\/BKVT aktuell\t\t\t\t\t\t\n\t\t\t\t\t\t<\/p>\n\n\t\t\t\t\t\n\t\t\t\t\t\n\t\t\t\t\t\n\t\t\t\t\t\n\t\t\t\t\t\t\t\t\t\t<div class=\"m-actionContainer\">\n\t\t\t\t\t\t<div class=\"m-action\">\n\t\t\t\t\t\t\t<span>Mehr erfahren<\/span>\n\t\t\t\t\t\t<\/div>\n\t\t\t\t\t<\/div><!-- \/actionContainer -->\n\t\t\t\t\t\t\t\t\n\t\t\t\t<\/div><!-- \/postsList__item__child__content -->\n\t\t\t<\/div><!-- \/postsList__item__child -->\n\t\t<\/a><!-- \/postsList__item__link -->\n\t<\/div><!-- \/postsList__item -->\n\n\n\n\n\n                    \n                                            \n                            \n\n\n\n\n\n\n\n\n\n\n\n\n\n\n\n\n\t<div class=\"m-postsList__item col-12 col-md-6 col-lg-6\">\n\n\t\t<a href=\"https:\/\/www.cbti-bkvt.org\/de\/evenement\/27e-reunion-du-reseau-franco-allemand-cologne\/\" title=\"\" class=\"m-postsList__item__link\">\n\n\t\t\t<div class=\"m-postsList__item__child\">\n\n\t\t\t\t<div class=\"m-postsList__item__img \"><img \n\t   \tsrc=\"https:\/\/www.cbti-bkvt.org\/wp-content\/uploads\/eric-weber-KPwl1VaSyw-unsplash-min-2-540x360.jpg\" \n\t\tsrcset=\"https:\/\/www.cbti-bkvt.org\/wp-content\/uploads\/eric-weber-KPwl1VaSyw-unsplash-min-2-540x360.jpg 540w, https:\/\/www.cbti-bkvt.org\/wp-content\/uploads\/eric-weber-KPwl1VaSyw-unsplash-min-2.jpg 768w, https:\/\/www.cbti-bkvt.org\/wp-content\/uploads\/eric-weber-KPwl1VaSyw-unsplash-min-2.jpg 1000w\" \n\t\tsizes=\"(min-width:768px) 540px, (min-width:1000px) 1000px, 100vw\"  \n\t\talt=\"eric-weber--KPwl1VaSyw-unsplash-min.jpg\"\n\t \/><\/div>\n\t\t\t\n\t\t\t\t<div class=\"m-postsList__item__content\">\n\n\t\t\t\t\t\t\t\t\t\t\n\t\t\t\t\t\n\t\t\t\t\t\t\t\t\t\n\t\t\t\t\t<p class=\"m-postsList__item__title  m-postsList__item__title--s1\">27e r\u00e9union du R\u00e9seau franco-allemand (Cologne)<\/p>\n\n\t\t\t\t\t\n\t\t\t\t\t\n\t\t\t\t\t\t<p class=\"m-postsList__item__meta m-postsList__item__meta--s1\">\n\n\t\t\t\t\t\t\t\t\t\t\t\t\t\t\n\t\t\t\t\t\t\t\t\t\t\t\t\t\t<span class=\"m-postsList__item__meta__label\">Datum: 29 October 2021 &#8211; Uhr: 00:00 Bis 00:00\t\t\t\t\t\t\t\n\t\t\t\t\t\t\t\t\t\t\t\t\t\t\t<span class=\"m-postsList__item__meta__label\"><br \/>Ort: <\/span> Cologne, Allemagne\t\t\t\t\t\t\t\n\t\t\t\t\t\t\t| <span class=\"m-postsList__item__meta__label\">Kategorie: <\/span>Deutsch-franz\u00f6sisches Netzwerk\t\t\t\t\t\t\n\t\t\t\t\t\t<\/p>\n\n\t\t\t\t\t\n\t\t\t\t\t\n\t\t\t\t\t\n\t\t\t\t\t\n\t\t\t\t\t\t\t\t\t\t<div class=\"m-actionContainer\">\n\t\t\t\t\t\t<div class=\"m-action\">\n\t\t\t\t\t\t\t<span>Mehr erfahren<\/span>\n\t\t\t\t\t\t<\/div>\n\t\t\t\t\t<\/div><!-- \/actionContainer -->\n\t\t\t\t\t\t\t\t\n\t\t\t\t<\/div><!-- \/postsList__item__child__content -->\n\t\t\t<\/div><!-- \/postsList__item__child -->\n\t\t<\/a><!-- \/postsList__item__link -->\n\t<\/div><!-- \/postsList__item -->\n\n\n\n\n\n                    \n                                            \n                            \n\n\n\n\n\n\n\n\n\n\n\n\n\n\n\n\n\t<div class=\"m-postsList__item col-12 col-md-6 col-lg-6\">\n\n\t\t<a href=\"https:\/\/www.cbti-bkvt.org\/de\/evenement\/borrelavond-a-jodoigne-6\/\" title=\"\" class=\"m-postsList__item__link\">\n\n\t\t\t<div class=\"m-postsList__item__child\">\n\n\t\t\t\t<div class=\"m-postsList__item__img \"><img \n\t   \tsrc=\"https:\/\/www.cbti-bkvt.org\/wp-content\/uploads\/Portes_du_Temps_1-2-540x360.jpg\" \n\t\tsrcset=\"https:\/\/www.cbti-bkvt.org\/wp-content\/uploads\/Portes_du_Temps_1-2-540x360.jpg 540w, https:\/\/www.cbti-bkvt.org\/wp-content\/uploads\/Portes_du_Temps_1-2.jpg 768w, https:\/\/www.cbti-bkvt.org\/wp-content\/uploads\/Portes_du_Temps_1-2.jpg 1000w\" \n\t\tsizes=\"(min-width:768px) 540px, (min-width:1000px) 1000px, 100vw\"  \n\t\talt=\"Portes_du_Temps_1.jpg\"\n\t \/><\/div>\n\t\t\t\n\t\t\t\t<div class=\"m-postsList__item__content\">\n\n\t\t\t\t\t\t\t\t\t\t\n\t\t\t\t\t\n\t\t\t\t\t\t\t\t\t\n\t\t\t\t\t<p class=\"m-postsList__item__title  m-postsList__item__title--s1\">Borrelavond \u00e0 Jodoigne<\/p>\n\n\t\t\t\t\t\n\t\t\t\t\t\n\t\t\t\t\t\t<p class=\"m-postsList__item__meta m-postsList__item__meta--s1\">\n\n\t\t\t\t\t\t\t\t\t\t\t\t\t\t\n\t\t\t\t\t\t\t\t\t\t\t\t\t\t<span class=\"m-postsList__item__meta__label\">Datum: 12 October 2021 &#8211; Uhr: 19:00 Bis \t\t\t\t\t\t\t\n\t\t\t\t\t\t\t\t\t\t\t\t\t\t\t<span class=\"m-postsList__item__meta__label\"><br \/>Ort: <\/span> Les Portes du Temps &#8211; Chauss\u00e9e de Tirlemont, 126 \u2013 1370 Jodoigne\t\t\t\t\t\t\t\n\t\t\t\t\t\t\t| <span class=\"m-postsList__item__meta__label\">Kategorie: <\/span>Stammtische\t\t\t\t\t\t\n\t\t\t\t\t\t<\/p>\n\n\t\t\t\t\t\n\t\t\t\t\t\n\t\t\t\t\t\n\t\t\t\t\t\n\t\t\t\t\t\t\t\t\t\t<div class=\"m-actionContainer\">\n\t\t\t\t\t\t<div class=\"m-action\">\n\t\t\t\t\t\t\t<span>Mehr erfahren<\/span>\n\t\t\t\t\t\t<\/div>\n\t\t\t\t\t<\/div><!-- \/actionContainer -->\n\t\t\t\t\t\t\t\t\n\t\t\t\t<\/div><!-- \/postsList__item__child__content -->\n\t\t\t<\/div><!-- \/postsList__item__child -->\n\t\t<\/a><!-- \/postsList__item__link -->\n\t<\/div><!-- \/postsList__item -->\n\n\n\n\n\n                    \n                                            \n                            \n\n\n\n\n\n\n\n\n\n\n\n\n\n\n\n\n\t<div class=\"m-postsList__item col-12 col-md-6 col-lg-6\">\n\n\t\t<a href=\"https:\/\/www.cbti-bkvt.org\/de\/evenement\/interpretes-sortez-de-votre-bulle\/\" title=\"\" class=\"m-postsList__item__link\">\n\n\t\t\t<div class=\"m-postsList__item__child\">\n\n\t\t\t\t<div class=\"m-postsList__item__img \"><img \n\t   \tsrc=\"https:\/\/www.cbti-bkvt.org\/wp-content\/uploads\/mikael-kristenson-3aVlWP-7bg8-unsplash-min-2-540x360.jpg\" \n\t\tsrcset=\"https:\/\/www.cbti-bkvt.org\/wp-content\/uploads\/mikael-kristenson-3aVlWP-7bg8-unsplash-min-2-540x360.jpg 540w, https:\/\/www.cbti-bkvt.org\/wp-content\/uploads\/mikael-kristenson-3aVlWP-7bg8-unsplash-min-2.jpg 768w, https:\/\/www.cbti-bkvt.org\/wp-content\/uploads\/mikael-kristenson-3aVlWP-7bg8-unsplash-min-2.jpg 1000w\" \n\t\tsizes=\"(min-width:768px) 540px, (min-width:1000px) 1000px, 100vw\"  \n\t\talt=\"mikael-kristenson-3aVlWP-7bg8-unsplash-min.jpg\"\n\t \/><\/div>\n\t\t\t\n\t\t\t\t<div class=\"m-postsList__item__content\">\n\n\t\t\t\t\t\t\t\t\t\t\n\t\t\t\t\t\n\t\t\t\t\t\t\t\t\t\n\t\t\t\t\t<p class=\"m-postsList__item__title  m-postsList__item__title--s1\">Interpr\u00e8tes, sortez de votre bulle!<\/p>\n\n\t\t\t\t\t\n\t\t\t\t\t\n\t\t\t\t\t\t<p class=\"m-postsList__item__meta m-postsList__item__meta--s1\">\n\n\t\t\t\t\t\t\t\t\t\t\t\t\t\t\n\t\t\t\t\t\t\t\t\t\t\t\t\t\t<span class=\"m-postsList__item__meta__label\">Datum: 8 October 2021 &#8211; Uhr: 14:00 Bis 19:00\t\t\t\t\t\t\t\n\t\t\t\t\t\t\t\t\t\t\t\t\t\t\t<span class=\"m-postsList__item__meta__label\"><br \/>Ort: <\/span> ACV-CSC, rue Pletinckxstraat 19, Brussels\t\t\t\t\t\t\t\n\t\t\t\t\t\t\t| <span class=\"m-postsList__item__meta__label\">Kategorie: <\/span>Konferenzen\t\t\t\t\t\t\n\t\t\t\t\t\t<\/p>\n\n\t\t\t\t\t\n\t\t\t\t\t\n\t\t\t\t\t\n\t\t\t\t\t\n\t\t\t\t\t\t\t\t\t\t<div class=\"m-actionContainer\">\n\t\t\t\t\t\t<div class=\"m-action\">\n\t\t\t\t\t\t\t<span>Mehr erfahren<\/span>\n\t\t\t\t\t\t<\/div>\n\t\t\t\t\t<\/div><!-- \/actionContainer -->\n\t\t\t\t\t\t\t\t\n\t\t\t\t<\/div><!-- \/postsList__item__child__content -->\n\t\t\t<\/div><!-- \/postsList__item__child -->\n\t\t<\/a><!-- \/postsList__item__link -->\n\t<\/div><!-- \/postsList__item -->\n\n\n\n\n\n                    \n                                            \n                            \n\n\n\n\n\n\n\n\n\n\n\n\n\n\n\n\n\t<div class=\"m-postsList__item col-12 col-md-6 col-lg-6\">\n\n\t\t<a href=\"https:\/\/www.cbti-bkvt.org\/de\/evenement\/saint-jerome-goes-to-gand\/\" title=\"\" class=\"m-postsList__item__link\">\n\n\t\t\t<div class=\"m-postsList__item__child\">\n\n\t\t\t\t<div class=\"m-postsList__item__img \"><img \n\t   \tsrc=\"https:\/\/www.cbti-bkvt.org\/wp-content\/uploads\/micro-min-2-540x360.png\" \n\t\tsrcset=\"https:\/\/www.cbti-bkvt.org\/wp-content\/uploads\/micro-min-2-540x360.png 540w, https:\/\/www.cbti-bkvt.org\/wp-content\/uploads\/micro-min-2.png 768w, https:\/\/www.cbti-bkvt.org\/wp-content\/uploads\/micro-min-2.png 1000w\" \n\t\tsizes=\"(min-width:768px) 540px, (min-width:1000px) 1000px, 100vw\"  \n\t\talt=\"micro-min.png\"\n\t \/><\/div>\n\t\t\t\n\t\t\t\t<div class=\"m-postsList__item__content\">\n\n\t\t\t\t\t\t\t\t\t\t\n\t\t\t\t\t\n\t\t\t\t\t\t\t\t\t\n\t\t\t\t\t<p class=\"m-postsList__item__title  m-postsList__item__title--s1\">Saint-J\u00e9r\u00f4me goes to\u2026 Gand<\/p>\n\n\t\t\t\t\t\n\t\t\t\t\t\n\t\t\t\t\t\t<p class=\"m-postsList__item__meta m-postsList__item__meta--s1\">\n\n\t\t\t\t\t\t\t\t\t\t\t\t\t\t\n\t\t\t\t\t\t\t\t\t\t\t\t\t\t<span class=\"m-postsList__item__meta__label\">Datum: 30 September 2021 &#8211; Uhr: 09:30 Bis \t\t\t\t\t\t\t\n\t\t\t\t\t\t\t\t\t\t\t\t\t\t\t<span class=\"m-postsList__item__meta__label\"><br \/>Ort: <\/span> UGent \u2013 Campus Mercator | Abdisstraat 1 \u2013 Auditorium A108 |  9000 Gent\t\t\t\t\t\t\t\n\t\t\t\t\t\t\t| <span class=\"m-postsList__item__meta__label\">Kategorie: <\/span>CBTI\/BKVT aktuell\t\t\t\t\t\t\n\t\t\t\t\t\t<\/p>\n\n\t\t\t\t\t\n\t\t\t\t\t\n\t\t\t\t\t\n\t\t\t\t\t\n\t\t\t\t\t\t\t\t\t\t<div class=\"m-actionContainer\">\n\t\t\t\t\t\t<div class=\"m-action\">\n\t\t\t\t\t\t\t<span>Mehr erfahren<\/span>\n\t\t\t\t\t\t<\/div>\n\t\t\t\t\t<\/div><!-- \/actionContainer -->\n\t\t\t\t\t\t\t\t\n\t\t\t\t<\/div><!-- \/postsList__item__child__content -->\n\t\t\t<\/div><!-- \/postsList__item__child -->\n\t\t<\/a><!-- \/postsList__item__link -->\n\t<\/div><!-- \/postsList__item -->\n\n\n\n\n\n                    \n                                            \n                            \n\n\n\n\n\n\n\n\n\n\n\n\n\n\n\n\n\t<div class=\"m-postsList__item col-12 col-md-6 col-lg-6\">\n\n\t\t<a href=\"https:\/\/www.cbti-bkvt.org\/de\/evenement\/translation-forum-russia-2021\/\" title=\"\" class=\"m-postsList__item__link\">\n\n\t\t\t<div class=\"m-postsList__item__child\">\n\n\t\t\t\t<div class=\"m-postsList__item__img \"><img \n\t   \tsrc=\"https:\/\/www.cbti-bkvt.org\/wp-content\/uploads\/Strelka_Ivasenko_3-1_d_850-1-min-2-540x360.jpg\" \n\t\tsrcset=\"https:\/\/www.cbti-bkvt.org\/wp-content\/uploads\/Strelka_Ivasenko_3-1_d_850-1-min-2-540x360.jpg 540w, https:\/\/www.cbti-bkvt.org\/wp-content\/uploads\/Strelka_Ivasenko_3-1_d_850-1-min-2.jpg 768w, https:\/\/www.cbti-bkvt.org\/wp-content\/uploads\/Strelka_Ivasenko_3-1_d_850-1-min-2.jpg 1000w\" \n\t\tsizes=\"(min-width:768px) 540px, (min-width:1000px) 1000px, 100vw\"  \n\t\talt=\"Strelka_Ivasenko_3-1_d_850-1-min.jpg\"\n\t \/><\/div>\n\t\t\t\n\t\t\t\t<div class=\"m-postsList__item__content\">\n\n\t\t\t\t\t\t\t\t\t\t\n\t\t\t\t\t\n\t\t\t\t\t\t\t\t\t\n\t\t\t\t\t<p class=\"m-postsList__item__title  m-postsList__item__title--s1\">Translation Forum Russia 2021<\/p>\n\n\t\t\t\t\t\n\t\t\t\t\t\n\t\t\t\t\t\t<p class=\"m-postsList__item__meta m-postsList__item__meta--s1\">\n\n\t\t\t\t\t\t\t\t\t\t\t\t\t\t\n\t\t\t\t\t\t\t\t\t\t\t\t\t\t<span class=\"m-postsList__item__meta__label\">Datum: 30 July 2021 &#8211; Uhr: 00:00 Bis 00:00\t\t\t\t\t\t\t\n\t\t\t\t\t\t\t\t\t\t\t\t\t\t\t<span class=\"m-postsList__item__meta__label\"><br \/>Ort: <\/span> Marins Park Hotel Nizhny Novgorod,  Nizhny Novgorod, Sovetskaya St., 1  (forum \u00e9galement accessible \u00e0 distance\/forum ook toegankelijk vanop afstand)\t\t\t\t\t\t\t\n\t\t\t\t\t\t\t| <span class=\"m-postsList__item__meta__label\">Kategorie: <\/span>Konferenzen\t\t\t\t\t\t\n\t\t\t\t\t\t<\/p>\n\n\t\t\t\t\t\n\t\t\t\t\t\n\t\t\t\t\t\n\t\t\t\t\t\n\t\t\t\t\t\t\t\t\t\t<div class=\"m-actionContainer\">\n\t\t\t\t\t\t<div class=\"m-action\">\n\t\t\t\t\t\t\t<span>Mehr erfahren<\/span>\n\t\t\t\t\t\t<\/div>\n\t\t\t\t\t<\/div><!-- \/actionContainer -->\n\t\t\t\t\t\t\t\t\n\t\t\t\t<\/div><!-- \/postsList__item__child__content -->\n\t\t\t<\/div><!-- \/postsList__item__child -->\n\t\t<\/a><!-- \/postsList__item__link -->\n\t<\/div><!-- \/postsList__item -->\n\n\n\n\n\n                    \n                                            \n                            \n\n\n\n\n\n\n\n\n\n\n\n\n\n\n\n\n\t<div class=\"m-postsList__item col-12 col-md-6 col-lg-6\">\n\n\t\t<a href=\"https:\/\/www.cbti-bkvt.org\/de\/evenement\/translation-forum-russia-2020\/\" title=\"\" class=\"m-postsList__item__link\">\n\n\t\t\t<div class=\"m-postsList__item__child\">\n\n\t\t\t\t<div class=\"m-postsList__item__img \"><img \n\t   \tsrc=\"https:\/\/www.cbti-bkvt.org\/wp-content\/uploads\/Kazan_2020-min-1-540x360.jpg\" \n\t\tsrcset=\"https:\/\/www.cbti-bkvt.org\/wp-content\/uploads\/Kazan_2020-min-1-540x360.jpg 540w, https:\/\/www.cbti-bkvt.org\/wp-content\/uploads\/Kazan_2020-min-1.jpg 768w, https:\/\/www.cbti-bkvt.org\/wp-content\/uploads\/Kazan_2020-min-1.jpg 1000w\" \n\t\tsizes=\"(min-width:768px) 540px, (min-width:1000px) 1000px, 100vw\"  \n\t\talt=\"Kazan_2020-min.jpg\"\n\t \/><\/div>\n\t\t\t\n\t\t\t\t<div class=\"m-postsList__item__content\">\n\n\t\t\t\t\t\t\t\t\t\t\n\t\t\t\t\t\n\t\t\t\t\t\t\t\t\t\n\t\t\t\t\t<p class=\"m-postsList__item__title  m-postsList__item__title--s1\">Translation Forum Russia 2020<\/p>\n\n\t\t\t\t\t\n\t\t\t\t\t\n\t\t\t\t\t\t<p class=\"m-postsList__item__meta m-postsList__item__meta--s1\">\n\n\t\t\t\t\t\t\t\t\t\t\t\t\t\t\n\t\t\t\t\t\t\t\t\t\t\t\t\t\t<span class=\"m-postsList__item__meta__label\">Datum: 21 August 2020 &#8211; Uhr: 00:00 Bis 00:00\t\t\t\t\t\t\t\n\t\t\t\t\t\t\t\t\t\t\t\t\t\t\t<span class=\"m-postsList__item__meta__label\"><br \/>Ort: <\/span> Kazan\t\t\t\t\t\t\t\n\t\t\t\t\t\t\t| <span class=\"m-postsList__item__meta__label\">Kategorie: <\/span>Konferenzen\t\t\t\t\t\t\n\t\t\t\t\t\t<\/p>\n\n\t\t\t\t\t\n\t\t\t\t\t\n\t\t\t\t\t\n\t\t\t\t\t\n\t\t\t\t\t\t\t\t\t\t<div class=\"m-actionContainer\">\n\t\t\t\t\t\t<div class=\"m-action\">\n\t\t\t\t\t\t\t<span>Mehr erfahren<\/span>\n\t\t\t\t\t\t<\/div>\n\t\t\t\t\t<\/div><!-- \/actionContainer -->\n\t\t\t\t\t\t\t\t\n\t\t\t\t<\/div><!-- \/postsList__item__child__content -->\n\t\t\t<\/div><!-- \/postsList__item__child -->\n\t\t<\/a><!-- \/postsList__item__link -->\n\t<\/div><!-- \/postsList__item -->\n\n\n\n\n\n                    \n                                            \n                            \n\n\n\n\n\n\n\n\n\n\n\n\n\n\n\n\n\t<div class=\"m-postsList__item col-12 col-md-6 col-lg-6\">\n\n\t\t<a href=\"https:\/\/www.cbti-bkvt.org\/de\/evenement\/borrelavond-a-tournai-2\/\" title=\"\" class=\"m-postsList__item__link\">\n\n\t\t\t<div class=\"m-postsList__item__child\">\n\n\t\t\t\t<div class=\"m-postsList__item__img \"><img \n\t   \tsrc=\"https:\/\/www.cbti-bkvt.org\/wp-content\/uploads\/stefan-johnson-xIFbDeGcy44-unsplash-min-2-540x360.jpg\" \n\t\tsrcset=\"https:\/\/www.cbti-bkvt.org\/wp-content\/uploads\/stefan-johnson-xIFbDeGcy44-unsplash-min-2-540x360.jpg 540w, https:\/\/www.cbti-bkvt.org\/wp-content\/uploads\/stefan-johnson-xIFbDeGcy44-unsplash-min-2.jpg 768w, https:\/\/www.cbti-bkvt.org\/wp-content\/uploads\/stefan-johnson-xIFbDeGcy44-unsplash-min-2.jpg 1000w\" \n\t\tsizes=\"(min-width:768px) 540px, (min-width:1000px) 1000px, 100vw\"  \n\t\talt=\"stefan-johnson-xIFbDeGcy44-unsplash-min.jpg\"\n\t \/><\/div>\n\t\t\t\n\t\t\t\t<div class=\"m-postsList__item__content\">\n\n\t\t\t\t\t\t\t\t\t\t\n\t\t\t\t\t\n\t\t\t\t\t\t\t\t\t\n\t\t\t\t\t<p class=\"m-postsList__item__title  m-postsList__item__title--s1\">Borrelavond \u00e0 Tournai<\/p>\n\n\t\t\t\t\t\n\t\t\t\t\t\n\t\t\t\t\t\t<p class=\"m-postsList__item__meta m-postsList__item__meta--s1\">\n\n\t\t\t\t\t\t\t\t\t\t\t\t\t\t\n\t\t\t\t\t\t\t\t\t\t\t\t\t\t<span class=\"m-postsList__item__meta__label\">Datum: 24 March 2020 &#8211; Uhr: 20:30 Bis \t\t\t\t\t\t\t\n\t\t\t\t\t\t\t\t\t\t\t\t\t\t\t<span class=\"m-postsList__item__meta__label\"><br \/>Ort: <\/span> Restaurant NOU &#8211; 35 rue st Martin &#8211; 7500 Tournai\t\t\t\t\t\t\t\n\t\t\t\t\t\t\t| <span class=\"m-postsList__item__meta__label\">Kategorie: <\/span>Stammtische\t\t\t\t\t\t\n\t\t\t\t\t\t<\/p>\n\n\t\t\t\t\t\n\t\t\t\t\t\n\t\t\t\t\t\n\t\t\t\t\t\n\t\t\t\t\t\t\t\t\t\t<div class=\"m-actionContainer\">\n\t\t\t\t\t\t<div class=\"m-action\">\n\t\t\t\t\t\t\t<span>Mehr erfahren<\/span>\n\t\t\t\t\t\t<\/div>\n\t\t\t\t\t<\/div><!-- \/actionContainer -->\n\t\t\t\t\t\t\t\t\n\t\t\t\t<\/div><!-- \/postsList__item__child__content -->\n\t\t\t<\/div><!-- \/postsList__item__child -->\n\t\t<\/a><!-- \/postsList__item__link -->\n\t<\/div><!-- \/postsList__item -->\n\n\n\n\n\n                    \n                                            \n                            \n\n\n\n\n\n\n\n\n\n\n\n\n\n\n\n\n\t<div class=\"m-postsList__item col-12 col-md-6 col-lg-6\">\n\n\t\t<a href=\"https:\/\/www.cbti-bkvt.org\/de\/evenement\/formation-continue-de-lambassadrice-aux-etudiantes-les-bonnes-pratiques-de-feminisation-des-noms\/\" title=\"\" class=\"m-postsList__item__link\">\n\n\t\t\t<div class=\"m-postsList__item__child\">\n\n\t\t\t\t<div class=\"m-postsList__item__img \"><img \n\t   \tsrc=\"https:\/\/www.cbti-bkvt.org\/wp-content\/uploads\/t_l_chargement-min-2-540x360.png\" \n\t\tsrcset=\"https:\/\/www.cbti-bkvt.org\/wp-content\/uploads\/t_l_chargement-min-2-540x360.png 540w, https:\/\/www.cbti-bkvt.org\/wp-content\/uploads\/t_l_chargement-min-2-1000x603.png 768w, https:\/\/www.cbti-bkvt.org\/wp-content\/uploads\/t_l_chargement-min-2.png 1000w\" \n\t\tsizes=\"(min-width:768px) 540px, (min-width:1000px) 1000px, 100vw\"  \n\t\talt=\"t_l_chargement-min.png\"\n\t \/><\/div>\n\t\t\t\n\t\t\t\t<div class=\"m-postsList__item__content\">\n\n\t\t\t\t\t\t\t\t\t\t\n\t\t\t\t\t\n\t\t\t\t\t\t\t\t\t\n\t\t\t\t\t<p class=\"m-postsList__item__title  m-postsList__item__title--s1\">Formation continue \u2013 &#8220;De l&#8217;ambassadrice aux \u00e9tudiantes: les bonnes pratiques de f\u00e9minisation des noms&#8221;<\/p>\n\n\t\t\t\t\t\n\t\t\t\t\t\n\t\t\t\t\t\t<p class=\"m-postsList__item__meta m-postsList__item__meta--s1\">\n\n\t\t\t\t\t\t\t\t\t\t\t\t\t\t\n\t\t\t\t\t\t\t\t\t\t\t\t\t\t<span class=\"m-postsList__item__meta__label\">Datum: 15 February 2020 &#8211; Uhr: 10:30 Bis 17:00\t\t\t\t\t\t\t\n\t\t\t\t\t\t\t\t\t\t\t\t\t\t\t<span class=\"m-postsList__item__meta__label\"><br \/>Ort: <\/span> ULi\u00e8ge &#8211; Rue de Pitteurs 18 (local 2\/7)\t\t\t\t\t\t\t\n\t\t\t\t\t\t\t| <span class=\"m-postsList__item__meta__label\">Kategorie: <\/span>Fortbildung\t\t\t\t\t\t\n\t\t\t\t\t\t<\/p>\n\n\t\t\t\t\t\n\t\t\t\t\t\n\t\t\t\t\t\n\t\t\t\t\t\n\t\t\t\t\t\t\t\t\t\t<div class=\"m-actionContainer\">\n\t\t\t\t\t\t<div class=\"m-action\">\n\t\t\t\t\t\t\t<span>Mehr erfahren<\/span>\n\t\t\t\t\t\t<\/div>\n\t\t\t\t\t<\/div><!-- \/actionContainer -->\n\t\t\t\t\t\t\t\t\n\t\t\t\t<\/div><!-- \/postsList__item__child__content -->\n\t\t\t<\/div><!-- \/postsList__item__child -->\n\t\t<\/a><!-- \/postsList__item__link -->\n\t<\/div><!-- \/postsList__item -->\n\n\n\n\n\n                    \n                                            \n                            \n\n\n\n\n\n\n\n\n\n\n\n\n\n\n\n\n\t<div class=\"m-postsList__item col-12 col-md-6 col-lg-6\">\n\n\t\t<a href=\"https:\/\/www.cbti-bkvt.org\/de\/evenement\/la-cbti-celebre-le-nouvel-an-3\/\" title=\"\" class=\"m-postsList__item__link\">\n\n\t\t\t<div class=\"m-postsList__item__child\">\n\n\t\t\t\t<div class=\"m-postsList__item__img \"><img \n\t   \tsrc=\"https:\/\/www.cbti-bkvt.org\/wp-content\/uploads\/happy-new-year-2020-celebration-celebrate-min-2-540x360.jpg\" \n\t\tsrcset=\"https:\/\/www.cbti-bkvt.org\/wp-content\/uploads\/happy-new-year-2020-celebration-celebrate-min-2-540x360.jpg 540w, https:\/\/www.cbti-bkvt.org\/wp-content\/uploads\/happy-new-year-2020-celebration-celebrate-min-2.jpg 768w, https:\/\/www.cbti-bkvt.org\/wp-content\/uploads\/happy-new-year-2020-celebration-celebrate-min-2.jpg 1000w\" \n\t\tsizes=\"(min-width:768px) 540px, (min-width:1000px) 1000px, 100vw\"  \n\t\talt=\"happy-new-year-2020-celebration-celebrate-min.jpg\"\n\t \/><\/div>\n\t\t\t\n\t\t\t\t<div class=\"m-postsList__item__content\">\n\n\t\t\t\t\t\t\t\t\t\t\n\t\t\t\t\t\n\t\t\t\t\t\t\t\t\t\n\t\t\t\t\t<p class=\"m-postsList__item__title  m-postsList__item__title--s1\">La CBTI c\u00e9l\u00e8bre le Nouvel An!<\/p>\n\n\t\t\t\t\t\n\t\t\t\t\t\n\t\t\t\t\t\t<p class=\"m-postsList__item__meta m-postsList__item__meta--s1\">\n\n\t\t\t\t\t\t\t\t\t\t\t\t\t\t\n\t\t\t\t\t\t\t\t\t\t\t\t\t\t<span class=\"m-postsList__item__meta__label\">Datum: 31 January 2020 &#8211; Uhr: 17:00 Bis \t\t\t\t\t\t\t\n\t\t\t\t\t\t\t\t\t\t\t\t\t\t\t<span class=\"m-postsList__item__meta__label\"><br \/>Ort: <\/span> LEOPOLD HOTEL BRUSSELS &#8211; Luxemburgstraat\/Rue du Luxembourg 35 &#8211; 1050 Brussels\t\t\t\t\t\t\t\n\t\t\t\t\t\t\t| <span class=\"m-postsList__item__meta__label\">Kategorie: <\/span>CBTI\/BKVT aktuell\t\t\t\t\t\t\n\t\t\t\t\t\t<\/p>\n\n\t\t\t\t\t\n\t\t\t\t\t\n\t\t\t\t\t\n\t\t\t\t\t\n\t\t\t\t\t\t\t\t\t\t<div class=\"m-actionContainer\">\n\t\t\t\t\t\t<div class=\"m-action\">\n\t\t\t\t\t\t\t<span>Mehr erfahren<\/span>\n\t\t\t\t\t\t<\/div>\n\t\t\t\t\t<\/div><!-- \/actionContainer -->\n\t\t\t\t\t\t\t\t\n\t\t\t\t<\/div><!-- \/postsList__item__child__content -->\n\t\t\t<\/div><!-- \/postsList__item__child -->\n\t\t<\/a><!-- \/postsList__item__link -->\n\t<\/div><!-- \/postsList__item -->\n\n\n\n\n\n                    \n                                            \n                            \n\n\n\n\n\n\n\n\n\n\n\n\n\n\n\n\n\t<div class=\"m-postsList__item col-12 col-md-6 col-lg-6\">\n\n\t\t<a href=\"https:\/\/www.cbti-bkvt.org\/de\/evenement\/factures-impayees-que-faire-gosolid-vous-propose-ses-services\/\" title=\"\" class=\"m-postsList__item__link\">\n\n\t\t\t<div class=\"m-postsList__item__child\">\n\n\t\t\t\t<div class=\"m-postsList__item__img \"><img \n\t   \tsrc=\"https:\/\/www.cbti-bkvt.org\/wp-content\/uploads\/josh-appel-NeTPASr-bmQ-unsplash-min-2-540x360.jpg\" \n\t\tsrcset=\"https:\/\/www.cbti-bkvt.org\/wp-content\/uploads\/josh-appel-NeTPASr-bmQ-unsplash-min-2-540x360.jpg 540w, https:\/\/www.cbti-bkvt.org\/wp-content\/uploads\/josh-appel-NeTPASr-bmQ-unsplash-min-2-1000x666.jpg 768w, https:\/\/www.cbti-bkvt.org\/wp-content\/uploads\/josh-appel-NeTPASr-bmQ-unsplash-min-2.jpg 1000w\" \n\t\tsizes=\"(min-width:768px) 540px, (min-width:1000px) 1000px, 100vw\"  \n\t\talt=\"josh-appel-NeTPASr-bmQ-unsplash-min.jpg\"\n\t \/><\/div>\n\t\t\t\n\t\t\t\t<div class=\"m-postsList__item__content\">\n\n\t\t\t\t\t\t\t\t\t\t\n\t\t\t\t\t\n\t\t\t\t\t\t\t\t\t\n\t\t\t\t\t<p class=\"m-postsList__item__title  m-postsList__item__title--s1\">Factures impay\u00e9es \u2026 Que faire ? GoSolid vous propose ses services\u2026<\/p>\n\n\t\t\t\t\t\n\t\t\t\t\t\n\t\t\t\t\t\t<p class=\"m-postsList__item__meta m-postsList__item__meta--s1\">\n\n\t\t\t\t\t\t\t\t\t\t\t\t\t\t\n\t\t\t\t\t\t\t\t\t\t\t\t\t\t<span class=\"m-postsList__item__meta__label\">Datum: 19 December 2019 &#8211; Uhr: 18:00 Bis 19:30\t\t\t\t\t\t\t\n\t\t\t\t\t\t\t\t\t\t\t\t\t\t\t<span class=\"m-postsList__item__meta__label\"><br \/>Ort: <\/span> CBTI-BKVT &#8211; 24, rue Montoyerstraat &#8211; 1000 Brussels\t\t\t\t\t\t\t\n\t\t\t\t\t\t\t| <span class=\"m-postsList__item__meta__label\">Kategorie: <\/span>Fortbildung\t\t\t\t\t\t\n\t\t\t\t\t\t<\/p>\n\n\t\t\t\t\t\n\t\t\t\t\t\n\t\t\t\t\t\n\t\t\t\t\t\n\t\t\t\t\t\t\t\t\t\t<div class=\"m-actionContainer\">\n\t\t\t\t\t\t<div class=\"m-action\">\n\t\t\t\t\t\t\t<span>Mehr erfahren<\/span>\n\t\t\t\t\t\t<\/div>\n\t\t\t\t\t<\/div><!-- \/actionContainer -->\n\t\t\t\t\t\t\t\t\n\t\t\t\t<\/div><!-- \/postsList__item__child__content -->\n\t\t\t<\/div><!-- \/postsList__item__child -->\n\t\t<\/a><!-- \/postsList__item__link -->\n\t<\/div><!-- \/postsList__item -->\n\n\n\n\n\n                    \n                                            \n                            \n\n\n\n\n\n\n\n\n\n\n\n\n\n\n\n\n\t<div class=\"m-postsList__item col-12 col-md-6 col-lg-6\">\n\n\t\t<a href=\"https:\/\/www.cbti-bkvt.org\/de\/evenement\/borrelavond-a-namur-3\/\" title=\"\" class=\"m-postsList__item__link\">\n\n\t\t\t<div class=\"m-postsList__item__child\">\n\n\t\t\t\t<div class=\"m-postsList__item__img \"><img \n\t   \tsrc=\"https:\/\/www.cbti-bkvt.org\/wp-content\/uploads\/view-2-540x360.jpg\" \n\t\tsrcset=\"https:\/\/www.cbti-bkvt.org\/wp-content\/uploads\/view-2-540x360.jpg 540w, https:\/\/www.cbti-bkvt.org\/wp-content\/uploads\/view-2.jpg 768w, https:\/\/www.cbti-bkvt.org\/wp-content\/uploads\/view-2.jpg 1000w\" \n\t\tsizes=\"(min-width:768px) 540px, (min-width:1000px) 1000px, 100vw\"  \n\t\talt=\"view.jpg\"\n\t \/><\/div>\n\t\t\t\n\t\t\t\t<div class=\"m-postsList__item__content\">\n\n\t\t\t\t\t\t\t\t\t\t\n\t\t\t\t\t\n\t\t\t\t\t\t\t\t\t\n\t\t\t\t\t<p class=\"m-postsList__item__title  m-postsList__item__title--s1\">Borrelavond \u00e0 Namur<\/p>\n\n\t\t\t\t\t\n\t\t\t\t\t\n\t\t\t\t\t\t<p class=\"m-postsList__item__meta m-postsList__item__meta--s1\">\n\n\t\t\t\t\t\t\t\t\t\t\t\t\t\t\n\t\t\t\t\t\t\t\t\t\t\t\t\t\t<span class=\"m-postsList__item__meta__label\">Datum: 7 November 2019 &#8211; Uhr: 20:30 Bis \t\t\t\t\t\t\t\n\t\t\t\t\t\t\t\t\t\t\t\t\t\t\t<span class=\"m-postsList__item__meta__label\"><br \/>Ort: <\/span> O&#8217;Flaherty&#8217;s Irish Pub &#8211; Place de la Station, 21 &#8211; 5000 Namur\t\t\t\t\t\t\t\n\t\t\t\t\t\t\t| <span class=\"m-postsList__item__meta__label\">Kategorie: <\/span>Stammtische\t\t\t\t\t\t\n\t\t\t\t\t\t<\/p>\n\n\t\t\t\t\t\n\t\t\t\t\t\n\t\t\t\t\t\n\t\t\t\t\t\n\t\t\t\t\t\t\t\t\t\t<div class=\"m-actionContainer\">\n\t\t\t\t\t\t<div class=\"m-action\">\n\t\t\t\t\t\t\t<span>Mehr erfahren<\/span>\n\t\t\t\t\t\t<\/div>\n\t\t\t\t\t<\/div><!-- \/actionContainer -->\n\t\t\t\t\t\t\t\t\n\t\t\t\t<\/div><!-- \/postsList__item__child__content -->\n\t\t\t<\/div><!-- \/postsList__item__child -->\n\t\t<\/a><!-- \/postsList__item__link -->\n\t<\/div><!-- \/postsList__item -->\n\n\n\n\n\n                    \n                                            \n                            \n\n\n\n\n\n\n\n\n\n\n\n\n\n\n\n\n\t<div class=\"m-postsList__item col-12 col-md-6 col-lg-6\">\n\n\t\t<a href=\"https:\/\/www.cbti-bkvt.org\/de\/evenement\/26e-reunion-du-reseau-franco-allemand-fribourg\/\" title=\"\" class=\"m-postsList__item__link\">\n\n\t\t\t<div class=\"m-postsList__item__child\">\n\n\t\t\t\t<div class=\"m-postsList__item__img \"><img \n\t   \tsrc=\"https:\/\/www.cbti-bkvt.org\/wp-content\/uploads\/Panorama_Fribourg_089-min-4-540x360.jpg\" \n\t\tsrcset=\"https:\/\/www.cbti-bkvt.org\/wp-content\/uploads\/Panorama_Fribourg_089-min-4-540x360.jpg 540w, https:\/\/www.cbti-bkvt.org\/wp-content\/uploads\/Panorama_Fribourg_089-min-4.jpg 768w, https:\/\/www.cbti-bkvt.org\/wp-content\/uploads\/Panorama_Fribourg_089-min-4.jpg 1000w\" \n\t\tsizes=\"(min-width:768px) 540px, (min-width:1000px) 1000px, 100vw\"  \n\t\talt=\"Panorama_Fribourg_089-min.JPG\"\n\t \/><\/div>\n\t\t\t\n\t\t\t\t<div class=\"m-postsList__item__content\">\n\n\t\t\t\t\t\t\t\t\t\t\n\t\t\t\t\t\n\t\t\t\t\t\t\t\t\t\n\t\t\t\t\t<p class=\"m-postsList__item__title  m-postsList__item__title--s1\">26e r\u00e9union du R\u00e9seau franco-allemand (Fribourg)<\/p>\n\n\t\t\t\t\t\n\t\t\t\t\t\n\t\t\t\t\t\t<p class=\"m-postsList__item__meta m-postsList__item__meta--s1\">\n\n\t\t\t\t\t\t\t\t\t\t\t\t\t\t\n\t\t\t\t\t\t\t\t\t\t\t\t\t\t<span class=\"m-postsList__item__meta__label\">Datum: 25 October 2019 &#8211; Uhr: 00:00 Bis 00:00\t\t\t\t\t\t\t\n\t\t\t\t\t\t\t\t\t\t\t\t\t\t\t<span class=\"m-postsList__item__meta__label\"><br \/>Ort: <\/span> Fribourg, Suisse\t\t\t\t\t\t\t\n\t\t\t\t\t\t\t| <span class=\"m-postsList__item__meta__label\">Kategorie: <\/span>Deutsch-franz\u00f6sisches Netzwerk\t\t\t\t\t\t\n\t\t\t\t\t\t<\/p>\n\n\t\t\t\t\t\n\t\t\t\t\t\n\t\t\t\t\t\n\t\t\t\t\t\n\t\t\t\t\t\t\t\t\t\t<div class=\"m-actionContainer\">\n\t\t\t\t\t\t<div class=\"m-action\">\n\t\t\t\t\t\t\t<span>Mehr erfahren<\/span>\n\t\t\t\t\t\t<\/div>\n\t\t\t\t\t<\/div><!-- \/actionContainer -->\n\t\t\t\t\t\t\t\t\n\t\t\t\t<\/div><!-- \/postsList__item__child__content -->\n\t\t\t<\/div><!-- \/postsList__item__child -->\n\t\t<\/a><!-- \/postsList__item__link -->\n\t<\/div><!-- \/postsList__item -->\n\n\n\n\n\n                    \n                                            \n                            \n\n\n\n\n\n\n\n\n\n\n\n\n\n\n\n\n\t<div class=\"m-postsList__item col-12 col-md-6 col-lg-6\">\n\n\t\t<a href=\"https:\/\/www.cbti-bkvt.org\/de\/evenement\/saint-jerome-goes-to-charleroi\/\" title=\"\" class=\"m-postsList__item__link\">\n\n\t\t\t<div class=\"m-postsList__item__child\">\n\n\t\t\t\t<div class=\"m-postsList__item__img \"><img \n\t   \tsrc=\"https:\/\/www.cbti-bkvt.org\/wp-content\/uploads\/1024px-Marcinelle_-_Bois_du_Cazier_-_2018-04-22_-_01-min-2-540x360.jpg\" \n\t\tsrcset=\"https:\/\/www.cbti-bkvt.org\/wp-content\/uploads\/1024px-Marcinelle_-_Bois_du_Cazier_-_2018-04-22_-_01-min-2-540x360.jpg 540w, https:\/\/www.cbti-bkvt.org\/wp-content\/uploads\/1024px-Marcinelle_-_Bois_du_Cazier_-_2018-04-22_-_01-min-2-1000x666.jpg 768w, https:\/\/www.cbti-bkvt.org\/wp-content\/uploads\/1024px-Marcinelle_-_Bois_du_Cazier_-_2018-04-22_-_01-min-2.jpg 1000w\" \n\t\tsizes=\"(min-width:768px) 540px, (min-width:1000px) 1000px, 100vw\"  \n\t\talt=\"1024px-Marcinelle_-_Bois_du_Cazier_-_2018-04-22_-_01-min.jpg\"\n\t \/><\/div>\n\t\t\t\n\t\t\t\t<div class=\"m-postsList__item__content\">\n\n\t\t\t\t\t\t\t\t\t\t\n\t\t\t\t\t\n\t\t\t\t\t\t\t\t\t\n\t\t\t\t\t<p class=\"m-postsList__item__title  m-postsList__item__title--s1\">Saint-J\u00e9r\u00f4me goes to\u2026 Charleroi<\/p>\n\n\t\t\t\t\t\n\t\t\t\t\t\n\t\t\t\t\t\t<p class=\"m-postsList__item__meta m-postsList__item__meta--s1\">\n\n\t\t\t\t\t\t\t\t\t\t\t\t\t\t\n\t\t\t\t\t\t\t\t\t\t\t\t\t\t<span class=\"m-postsList__item__meta__label\">Datum: 27 September 2019 &#8211; Uhr: 09:45 Bis 18:00\t\t\t\t\t\t\t\n\t\t\t\t\t\t\t\t\t\t\t\t\t\t\t<span class=\"m-postsList__item__meta__label\"><br \/>Ort: <\/span> Bois du Cazier &#8211; 80 rue du Cazier &#8211; 6001 Marcinelle (Charleroi)\t\t\t\t\t\t\t\n\t\t\t\t\t\t\t| <span class=\"m-postsList__item__meta__label\">Kategorie: <\/span>CBTI\/BKVT aktuell\t\t\t\t\t\t\n\t\t\t\t\t\t<\/p>\n\n\t\t\t\t\t\n\t\t\t\t\t\n\t\t\t\t\t\n\t\t\t\t\t\n\t\t\t\t\t\t\t\t\t\t<div class=\"m-actionContainer\">\n\t\t\t\t\t\t<div class=\"m-action\">\n\t\t\t\t\t\t\t<span>Mehr erfahren<\/span>\n\t\t\t\t\t\t<\/div>\n\t\t\t\t\t<\/div><!-- \/actionContainer -->\n\t\t\t\t\t\t\t\t\n\t\t\t\t<\/div><!-- \/postsList__item__child__content -->\n\t\t\t<\/div><!-- \/postsList__item__child -->\n\t\t<\/a><!-- \/postsList__item__link -->\n\t<\/div><!-- \/postsList__item -->\n\n\n\n\n\n                    \n                                            \n                            \n\n\n\n\n\n\n\n\n\n\n\n\n\n\n\n\n\t<div class=\"m-postsList__item col-12 col-md-6 col-lg-6\">\n\n\t\t<a href=\"https:\/\/www.cbti-bkvt.org\/de\/evenement\/translation-forum-russia-2019\/\" title=\"\" class=\"m-postsList__item__link\">\n\n\t\t\t<div class=\"m-postsList__item__child\">\n\n\t\t\t\t<div class=\"m-postsList__item__img \"><img \n\t   \tsrc=\"https:\/\/www.cbti-bkvt.org\/wp-content\/uploads\/TRF_2019-1-540x360.jpg\" \n\t\tsrcset=\"https:\/\/www.cbti-bkvt.org\/wp-content\/uploads\/TRF_2019-1-540x360.jpg 540w, https:\/\/www.cbti-bkvt.org\/wp-content\/uploads\/TRF_2019-1.jpg 768w, https:\/\/www.cbti-bkvt.org\/wp-content\/uploads\/TRF_2019-1.jpg 1000w\" \n\t\tsizes=\"(min-width:768px) 540px, (min-width:1000px) 1000px, 100vw\"  \n\t\talt=\"TRF_2019.jpg\"\n\t \/><\/div>\n\t\t\t\n\t\t\t\t<div class=\"m-postsList__item__content\">\n\n\t\t\t\t\t\t\t\t\t\t\n\t\t\t\t\t\n\t\t\t\t\t\t\t\t\t\n\t\t\t\t\t<p class=\"m-postsList__item__title  m-postsList__item__title--s1\">Translation Forum Russia 2019<\/p>\n\n\t\t\t\t\t\n\t\t\t\t\t\n\t\t\t\t\t\t<p class=\"m-postsList__item__meta m-postsList__item__meta--s1\">\n\n\t\t\t\t\t\t\t\t\t\t\t\t\t\t\n\t\t\t\t\t\t\t\t\t\t\t\t\t\t<span class=\"m-postsList__item__meta__label\">Datum: 23 August 2019 &#8211; Uhr: 00:00 Bis 00:00\t\t\t\t\t\t\t\n\t\t\t\t\t\t\t\t\t\t\t\t\t\t\t<span class=\"m-postsList__item__meta__label\"><br \/>Ort: <\/span> St Petersburg\t\t\t\t\t\t\t\n\t\t\t\t\t\t\t| <span class=\"m-postsList__item__meta__label\">Kategorie: <\/span>Konferenzen\t\t\t\t\t\t\n\t\t\t\t\t\t<\/p>\n\n\t\t\t\t\t\n\t\t\t\t\t\n\t\t\t\t\t\n\t\t\t\t\t\n\t\t\t\t\t\t\t\t\t\t<div class=\"m-actionContainer\">\n\t\t\t\t\t\t<div class=\"m-action\">\n\t\t\t\t\t\t\t<span>Mehr erfahren<\/span>\n\t\t\t\t\t\t<\/div>\n\t\t\t\t\t<\/div><!-- \/actionContainer -->\n\t\t\t\t\t\t\t\t\n\t\t\t\t<\/div><!-- \/postsList__item__child__content -->\n\t\t\t<\/div><!-- \/postsList__item__child -->\n\t\t<\/a><!-- \/postsList__item__link -->\n\t<\/div><!-- \/postsList__item -->\n\n\n\n\n\n                    \n                                            \n                            \n\n\n\n\n\n\n\n\n\n\n\n\n\n\n\n\n\t<div class=\"m-postsList__item col-12 col-md-6 col-lg-6\">\n\n\t\t<a href=\"https:\/\/www.cbti-bkvt.org\/de\/evenement\/three-day-interpreter-training-course-english-b\/\" title=\"\" class=\"m-postsList__item__link\">\n\n\t\t\t<div class=\"m-postsList__item__child\">\n\n\t\t\t\t<div class=\"m-postsList__item__img \"><img \n\t   \tsrc=\"https:\/\/www.cbti-bkvt.org\/wp-content\/uploads\/microphone-704255_1920-min-4-540x360.jpg\" \n\t\tsrcset=\"https:\/\/www.cbti-bkvt.org\/wp-content\/uploads\/microphone-704255_1920-min-4-540x360.jpg 540w, https:\/\/www.cbti-bkvt.org\/wp-content\/uploads\/microphone-704255_1920-min-4.jpg 768w, https:\/\/www.cbti-bkvt.org\/wp-content\/uploads\/microphone-704255_1920-min-4.jpg 1000w\" \n\t\tsizes=\"(min-width:768px) 540px, (min-width:1000px) 1000px, 100vw\"  \n\t\talt=\"microphone-704255_1920-min\"\n\t \/><\/div>\n\t\t\t\n\t\t\t\t<div class=\"m-postsList__item__content\">\n\n\t\t\t\t\t\t\t\t\t\t\n\t\t\t\t\t\n\t\t\t\t\t\t\t\t\t\n\t\t\t\t\t<p class=\"m-postsList__item__title  m-postsList__item__title--s1\">Three-day interpreter training course English B<\/p>\n\n\t\t\t\t\t\n\t\t\t\t\t\n\t\t\t\t\t\t<p class=\"m-postsList__item__meta m-postsList__item__meta--s1\">\n\n\t\t\t\t\t\t\t\t\t\t\t\t\t\t\n\t\t\t\t\t\t\t\t\t\t\t\t\t\t<span class=\"m-postsList__item__meta__label\">Datum: 19 August 2019 &#8211; Uhr: 00:00 Bis 00:00\t\t\t\t\t\t\t\n\t\t\t\t\t\t\t\t\t\t\t\t\t\t\t<span class=\"m-postsList__item__meta__label\"><br \/>Ort: <\/span> University of Ghent, Mercator Campus, Abdisstraat 1, 9000 Ghent\t\t\t\t\t\t\t\n\t\t\t\t\t\t\t| <span class=\"m-postsList__item__meta__label\">Kategorie: <\/span>Fortbildung\t\t\t\t\t\t\n\t\t\t\t\t\t<\/p>\n\n\t\t\t\t\t\n\t\t\t\t\t\n\t\t\t\t\t\n\t\t\t\t\t\n\t\t\t\t\t\t\t\t\t\t<div class=\"m-actionContainer\">\n\t\t\t\t\t\t<div class=\"m-action\">\n\t\t\t\t\t\t\t<span>Mehr erfahren<\/span>\n\t\t\t\t\t\t<\/div>\n\t\t\t\t\t<\/div><!-- \/actionContainer -->\n\t\t\t\t\t\t\t\t\n\t\t\t\t<\/div><!-- \/postsList__item__child__content -->\n\t\t\t<\/div><!-- \/postsList__item__child -->\n\t\t<\/a><!-- \/postsList__item__link -->\n\t<\/div><!-- \/postsList__item -->\n\n\n\n\n\n                    \n                                            \n                            \n\n\n\n\n\n\n\n\n\n\n\n\n\n\n\n\n\t<div class=\"m-postsList__item col-12 col-md-6 col-lg-6\">\n\n\t\t<a href=\"https:\/\/www.cbti-bkvt.org\/de\/evenement\/borrelavond-a-tournai\/\" title=\"\" class=\"m-postsList__item__link\">\n\n\t\t\t<div class=\"m-postsList__item__child\">\n\n\t\t\t\t<div class=\"m-postsList__item__img \"><img \n\t   \tsrc=\"https:\/\/www.cbti-bkvt.org\/wp-content\/uploads\/0_Beffroi_de_Tournai_27451653-min-2-540x360.jpeg\" \n\t\tsrcset=\"https:\/\/www.cbti-bkvt.org\/wp-content\/uploads\/0_Beffroi_de_Tournai_27451653-min-2-540x360.jpeg 540w, https:\/\/www.cbti-bkvt.org\/wp-content\/uploads\/0_Beffroi_de_Tournai_27451653-min-2-1000x666.jpeg 768w, https:\/\/www.cbti-bkvt.org\/wp-content\/uploads\/0_Beffroi_de_Tournai_27451653-min-2.jpeg 1000w\" \n\t\tsizes=\"(min-width:768px) 540px, (min-width:1000px) 1000px, 100vw\"  \n\t\talt=\"0_Beffroi_de_Tournai_27451653-min.jpeg\"\n\t \/><\/div>\n\t\t\t\n\t\t\t\t<div class=\"m-postsList__item__content\">\n\n\t\t\t\t\t\t\t\t\t\t\n\t\t\t\t\t\n\t\t\t\t\t\t\t\t\t\n\t\t\t\t\t<p class=\"m-postsList__item__title  m-postsList__item__title--s1\">Borrelavond \u00e0 Tournai<\/p>\n\n\t\t\t\t\t\n\t\t\t\t\t\n\t\t\t\t\t\t<p class=\"m-postsList__item__meta m-postsList__item__meta--s1\">\n\n\t\t\t\t\t\t\t\t\t\t\t\t\t\t\n\t\t\t\t\t\t\t\t\t\t\t\t\t\t<span class=\"m-postsList__item__meta__label\">Datum: 28 June 2019 &#8211; Uhr: 19:00 Bis \t\t\t\t\t\t\t\n\t\t\t\t\t\t\t\t\t\t\t\t\t\t\t<span class=\"m-postsList__item__meta__label\"><br \/>Ort: <\/span> Um Beaumonde&#8221;- Quai Notre Dame 12 &#8211; 7500 Tournai\t\t\t\t\t\t\t\n\t\t\t\t\t\t\t| <span class=\"m-postsList__item__meta__label\">Kategorie: <\/span>Stammtische\t\t\t\t\t\t\n\t\t\t\t\t\t<\/p>\n\n\t\t\t\t\t\n\t\t\t\t\t\n\t\t\t\t\t\n\t\t\t\t\t\n\t\t\t\t\t\t\t\t\t\t<div class=\"m-actionContainer\">\n\t\t\t\t\t\t<div class=\"m-action\">\n\t\t\t\t\t\t\t<span>Mehr erfahren<\/span>\n\t\t\t\t\t\t<\/div>\n\t\t\t\t\t<\/div><!-- \/actionContainer -->\n\t\t\t\t\t\t\t\t\n\t\t\t\t<\/div><!-- \/postsList__item__child__content -->\n\t\t\t<\/div><!-- \/postsList__item__child -->\n\t\t<\/a><!-- \/postsList__item__link -->\n\t<\/div><!-- \/postsList__item -->\n\n\n\n\n\n                    \n                                            \n                            \n\n\n\n\n\n\n\n\n\n\n\n\n\n\n\n\n\t<div class=\"m-postsList__item col-12 col-md-6 col-lg-6\">\n\n\t\t<a href=\"https:\/\/www.cbti-bkvt.org\/de\/evenement\/borrelavond-a-jodoigne-5\/\" title=\"\" class=\"m-postsList__item__link\">\n\n\t\t\t<div class=\"m-postsList__item__child\">\n\n\t\t\t\t<div class=\"m-postsList__item__img \"><img \n\t   \tsrc=\"https:\/\/www.cbti-bkvt.org\/wp-content\/uploads\/asian-bowl-dish-meal-food-salad-1061770-pxhere.com-min-1-540x360.jpg\" \n\t\tsrcset=\"https:\/\/www.cbti-bkvt.org\/wp-content\/uploads\/asian-bowl-dish-meal-food-salad-1061770-pxhere.com-min-1-540x360.jpg 540w, https:\/\/www.cbti-bkvt.org\/wp-content\/uploads\/asian-bowl-dish-meal-food-salad-1061770-pxhere.com-min-1.jpg 768w, https:\/\/www.cbti-bkvt.org\/wp-content\/uploads\/asian-bowl-dish-meal-food-salad-1061770-pxhere.com-min-1.jpg 1000w\" \n\t\tsizes=\"(min-width:768px) 540px, (min-width:1000px) 1000px, 100vw\"  \n\t\talt=\"asian-bowl-dish-meal-food-salad-1061770-pxhere.com-min.jpg\"\n\t \/><\/div>\n\t\t\t\n\t\t\t\t<div class=\"m-postsList__item__content\">\n\n\t\t\t\t\t\t\t\t\t\t\n\t\t\t\t\t\n\t\t\t\t\t\t\t\t\t\n\t\t\t\t\t<p class=\"m-postsList__item__title  m-postsList__item__title--s1\">Borrelavond \u00e0 Jodoigne<\/p>\n\n\t\t\t\t\t\n\t\t\t\t\t\n\t\t\t\t\t\t<p class=\"m-postsList__item__meta m-postsList__item__meta--s1\">\n\n\t\t\t\t\t\t\t\t\t\t\t\t\t\t\n\t\t\t\t\t\t\t\t\t\t\t\t\t\t<span class=\"m-postsList__item__meta__label\">Datum: 23 May 2019 &#8211; Uhr: 18:30 Bis \t\t\t\t\t\t\t\n\t\t\t\t\t\t\t\t\t\t\t\t\t\t\t<span class=\"m-postsList__item__meta__label\"><br \/>Ort: <\/span> Les Herbes tha\u00ef &#8211; Rue Saint Jean, 6 &#8211; 1370 Jodoigne\t\t\t\t\t\t\t\n\t\t\t\t\t\t\t| <span class=\"m-postsList__item__meta__label\">Kategorie: <\/span>Stammtische\t\t\t\t\t\t\n\t\t\t\t\t\t<\/p>\n\n\t\t\t\t\t\n\t\t\t\t\t\n\t\t\t\t\t\n\t\t\t\t\t\n\t\t\t\t\t\t\t\t\t\t<div class=\"m-actionContainer\">\n\t\t\t\t\t\t<div class=\"m-action\">\n\t\t\t\t\t\t\t<span>Mehr erfahren<\/span>\n\t\t\t\t\t\t<\/div>\n\t\t\t\t\t<\/div><!-- \/actionContainer -->\n\t\t\t\t\t\t\t\t\n\t\t\t\t<\/div><!-- \/postsList__item__child__content -->\n\t\t\t<\/div><!-- \/postsList__item__child -->\n\t\t<\/a><!-- \/postsList__item__link -->\n\t<\/div><!-- \/postsList__item -->\n\n\n\n\n\n                    \n                                            \n                            \n\n\n\n\n\n\n\n\n\n\n\n\n\n\n\n\n\t<div class=\"m-postsList__item col-12 col-md-6 col-lg-6\">\n\n\t\t<a href=\"https:\/\/www.cbti-bkvt.org\/de\/evenement\/atelier-de-redaction-traduction-en-francais-2\/\" title=\"\" class=\"m-postsList__item__link\">\n\n\t\t\t<div class=\"m-postsList__item__child\">\n\n\t\t\t\t<div class=\"m-postsList__item__img \"><img \n\t   \tsrc=\"https:\/\/www.cbti-bkvt.org\/wp-content\/uploads\/pierre-bamin-1395243-unsplash-min-1-540x360.jpg\" \n\t\tsrcset=\"https:\/\/www.cbti-bkvt.org\/wp-content\/uploads\/pierre-bamin-1395243-unsplash-min-1-540x360.jpg 540w, https:\/\/www.cbti-bkvt.org\/wp-content\/uploads\/pierre-bamin-1395243-unsplash-min-1.jpg 768w, https:\/\/www.cbti-bkvt.org\/wp-content\/uploads\/pierre-bamin-1395243-unsplash-min-1.jpg 1000w\" \n\t\tsizes=\"(min-width:768px) 540px, (min-width:1000px) 1000px, 100vw\"  \n\t\talt=\"pierre-bamin-1395243-unsplash-min.jpg\"\n\t \/><\/div>\n\t\t\t\n\t\t\t\t<div class=\"m-postsList__item__content\">\n\n\t\t\t\t\t\t\t\t\t\t\n\t\t\t\t\t\n\t\t\t\t\t\t\t\t\t\n\t\t\t\t\t<p class=\"m-postsList__item__title  m-postsList__item__title--s1\">Atelier de r\u00e9daction\/traduction en fran\u00e7ais<\/p>\n\n\t\t\t\t\t\n\t\t\t\t\t\n\t\t\t\t\t\t<p class=\"m-postsList__item__meta m-postsList__item__meta--s1\">\n\n\t\t\t\t\t\t\t\t\t\t\t\t\t\t\n\t\t\t\t\t\t\t\t\t\t\t\t\t\t<span class=\"m-postsList__item__meta__label\">Datum: 9 May 2019 &#8211; Uhr: 09:30 Bis 13:30\t\t\t\t\t\t\t\n\t\t\t\t\t\t\t\t\t\t\t\t\t\t\t<span class=\"m-postsList__item__meta__label\"><br \/>Ort: <\/span> Rue Montoyer 24, 1000 Bruxelles (rez-de-chauss\u00e9e).\t\t\t\t\t\t\t\n\t\t\t\t\t\t\t| <span class=\"m-postsList__item__meta__label\">Kategorie: <\/span>Fortbildung\t\t\t\t\t\t\n\t\t\t\t\t\t<\/p>\n\n\t\t\t\t\t\n\t\t\t\t\t\n\t\t\t\t\t\n\t\t\t\t\t\n\t\t\t\t\t\t\t\t\t\t<div class=\"m-actionContainer\">\n\t\t\t\t\t\t<div class=\"m-action\">\n\t\t\t\t\t\t\t<span>Mehr erfahren<\/span>\n\t\t\t\t\t\t<\/div>\n\t\t\t\t\t<\/div><!-- \/actionContainer -->\n\t\t\t\t\t\t\t\t\n\t\t\t\t<\/div><!-- \/postsList__item__child__content -->\n\t\t\t<\/div><!-- \/postsList__item__child -->\n\t\t<\/a><!-- \/postsList__item__link -->\n\t<\/div><!-- \/postsList__item -->\n\n\n\n\n\n                    \n                                            \n                            \n\n\n\n\n\n\n\n\n\n\n\n\n\n\n\n\n\t<div class=\"m-postsList__item col-12 col-md-6 col-lg-6\">\n\n\t\t<a href=\"https:\/\/www.cbti-bkvt.org\/de\/evenement\/droits-dauteur-et-passage-en-societe-fr\/\" title=\"\" class=\"m-postsList__item__link\">\n\n\t\t\t<div class=\"m-postsList__item__child\">\n\n\t\t\t\t<div class=\"m-postsList__item__img \"><img \n\t   \tsrc=\"https:\/\/www.cbti-bkvt.org\/wp-content\/uploads\/christian-dubovan-686398-unsplash-min-1-540x360.jpg\" \n\t\tsrcset=\"https:\/\/www.cbti-bkvt.org\/wp-content\/uploads\/christian-dubovan-686398-unsplash-min-1-540x360.jpg 540w, https:\/\/www.cbti-bkvt.org\/wp-content\/uploads\/christian-dubovan-686398-unsplash-min-1.jpg 768w, https:\/\/www.cbti-bkvt.org\/wp-content\/uploads\/christian-dubovan-686398-unsplash-min-1.jpg 1000w\" \n\t\tsizes=\"(min-width:768px) 540px, (min-width:1000px) 1000px, 100vw\"  \n\t\talt=\"christian-dubovan-686398-unsplash-min.jpg\"\n\t \/><\/div>\n\t\t\t\n\t\t\t\t<div class=\"m-postsList__item__content\">\n\n\t\t\t\t\t\t\t\t\t\t\n\t\t\t\t\t\n\t\t\t\t\t\t\t\t\t\n\t\t\t\t\t<p class=\"m-postsList__item__title  m-postsList__item__title--s1\">Droits d&#8217;auteur et passage en soci\u00e9t\u00e9 (FR)<\/p>\n\n\t\t\t\t\t\n\t\t\t\t\t\n\t\t\t\t\t\t<p class=\"m-postsList__item__meta m-postsList__item__meta--s1\">\n\n\t\t\t\t\t\t\t\t\t\t\t\t\t\t\n\t\t\t\t\t\t\t\t\t\t\t\t\t\t<span class=\"m-postsList__item__meta__label\">Datum: 30 April 2019 &#8211; Uhr: 10:30 Bis 18:00\t\t\t\t\t\t\t\n\t\t\t\t\t\t\t\t\t\t\t\t\t\t\t<span class=\"m-postsList__item__meta__label\"><br \/>Ort: <\/span> Si\u00e8ge de la CBTI &#8211; rue Montoyer 24, 1000 Bruxelles\t\t\t\t\t\t\t\n\t\t\t\t\t\t\t| <span class=\"m-postsList__item__meta__label\">Kategorie: <\/span>Fortbildung\t\t\t\t\t\t\n\t\t\t\t\t\t<\/p>\n\n\t\t\t\t\t\n\t\t\t\t\t\n\t\t\t\t\t\n\t\t\t\t\t\n\t\t\t\t\t\t\t\t\t\t<div class=\"m-actionContainer\">\n\t\t\t\t\t\t<div class=\"m-action\">\n\t\t\t\t\t\t\t<span>Mehr erfahren<\/span>\n\t\t\t\t\t\t<\/div>\n\t\t\t\t\t<\/div><!-- \/actionContainer -->\n\t\t\t\t\t\t\t\t\n\t\t\t\t<\/div><!-- \/postsList__item__child__content -->\n\t\t\t<\/div><!-- \/postsList__item__child -->\n\t\t<\/a><!-- \/postsList__item__link -->\n\t<\/div><!-- \/postsList__item -->\n\n\n\n\n\n                    \n                                            \n                            \n\n\n\n\n\n\n\n\n\n\n\n\n\n\n\n\n\t<div class=\"m-postsList__item col-12 col-md-6 col-lg-6\">\n\n\t\t<a href=\"https:\/\/www.cbti-bkvt.org\/de\/evenement\/atelier-comprendre-et-traduire-la-finance\/\" title=\"\" class=\"m-postsList__item__link\">\n\n\t\t\t<div class=\"m-postsList__item__child\">\n\n\t\t\t\t<div class=\"m-postsList__item__img \"><img \n\t   \tsrc=\"https:\/\/www.cbti-bkvt.org\/wp-content\/uploads\/rawpixel-579263-unsplash-min-1-540x360.jpg\" \n\t\tsrcset=\"https:\/\/www.cbti-bkvt.org\/wp-content\/uploads\/rawpixel-579263-unsplash-min-1-540x360.jpg 540w, https:\/\/www.cbti-bkvt.org\/wp-content\/uploads\/rawpixel-579263-unsplash-min-1.jpg 768w, https:\/\/www.cbti-bkvt.org\/wp-content\/uploads\/rawpixel-579263-unsplash-min-1.jpg 1000w\" \n\t\tsizes=\"(min-width:768px) 540px, (min-width:1000px) 1000px, 100vw\"  \n\t\talt=\"rawpixel-579263-unsplash-min.jpg\"\n\t \/><\/div>\n\t\t\t\n\t\t\t\t<div class=\"m-postsList__item__content\">\n\n\t\t\t\t\t\t\t\t\t\t\n\t\t\t\t\t\n\t\t\t\t\t\t\t\t\t\n\t\t\t\t\t<p class=\"m-postsList__item__title  m-postsList__item__title--s1\">Atelier &#8220;Comprendre et traduire la finance&#8221;<\/p>\n\n\t\t\t\t\t\n\t\t\t\t\t\n\t\t\t\t\t\t<p class=\"m-postsList__item__meta m-postsList__item__meta--s1\">\n\n\t\t\t\t\t\t\t\t\t\t\t\t\t\t\n\t\t\t\t\t\t\t\t\t\t\t\t\t\t<span class=\"m-postsList__item__meta__label\">Datum: 5 April 2019 &#8211; Uhr: 09:30 Bis 17:00\t\t\t\t\t\t\t\n\t\t\t\t\t\t\t\t\t\t\t\t\t\t\t<span class=\"m-postsList__item__meta__label\"><br \/>Ort: <\/span> CBTI-BKVT &#8211; 24, rue Montoyerstraat &#8211; 1000 Brussels\t\t\t\t\t\t\t\n\t\t\t\t\t\t\t| <span class=\"m-postsList__item__meta__label\">Kategorie: <\/span>Fortbildung\t\t\t\t\t\t\n\t\t\t\t\t\t<\/p>\n\n\t\t\t\t\t\n\t\t\t\t\t\n\t\t\t\t\t\n\t\t\t\t\t\n\t\t\t\t\t\t\t\t\t\t<div class=\"m-actionContainer\">\n\t\t\t\t\t\t<div class=\"m-action\">\n\t\t\t\t\t\t\t<span>Mehr erfahren<\/span>\n\t\t\t\t\t\t<\/div>\n\t\t\t\t\t<\/div><!-- \/actionContainer -->\n\t\t\t\t\t\t\t\t\n\t\t\t\t<\/div><!-- \/postsList__item__child__content -->\n\t\t\t<\/div><!-- \/postsList__item__child -->\n\t\t<\/a><!-- \/postsList__item__link -->\n\t<\/div><!-- \/postsList__item -->\n\n\n\n\n\n                    \n                                            \n                            \n\n\n\n\n\n\n\n\n\n\n\n\n\n\n\n\n\t<div class=\"m-postsList__item col-12 col-md-6 col-lg-6\">\n\n\t\t<a href=\"https:\/\/www.cbti-bkvt.org\/de\/evenement\/lecon-de-francais-avec-mme-lenoble-3\/\" title=\"\" class=\"m-postsList__item__link\">\n\n\t\t\t<div class=\"m-postsList__item__child\">\n\n\t\t\t\t<div class=\"m-postsList__item__img \"><img \n\t   \tsrc=\"https:\/\/www.cbti-bkvt.org\/wp-content\/uploads\/frederick-medina-1076881-unsplash-min-1-540x360.jpg\" \n\t\tsrcset=\"https:\/\/www.cbti-bkvt.org\/wp-content\/uploads\/frederick-medina-1076881-unsplash-min-1-540x360.jpg 540w, https:\/\/www.cbti-bkvt.org\/wp-content\/uploads\/frederick-medina-1076881-unsplash-min-1.jpg 768w, https:\/\/www.cbti-bkvt.org\/wp-content\/uploads\/frederick-medina-1076881-unsplash-min-1.jpg 1000w\" \n\t\tsizes=\"(min-width:768px) 540px, (min-width:1000px) 1000px, 100vw\"  \n\t\talt=\"frederick-medina-1076881-unsplash-min.jpg\"\n\t \/><\/div>\n\t\t\t\n\t\t\t\t<div class=\"m-postsList__item__content\">\n\n\t\t\t\t\t\t\t\t\t\t\n\t\t\t\t\t\n\t\t\t\t\t\t\t\t\t\n\t\t\t\t\t<p class=\"m-postsList__item__title  m-postsList__item__title--s1\">Le\u00e7on de fran\u00e7ais avec Mme Lenoble<\/p>\n\n\t\t\t\t\t\n\t\t\t\t\t\n\t\t\t\t\t\t<p class=\"m-postsList__item__meta m-postsList__item__meta--s1\">\n\n\t\t\t\t\t\t\t\t\t\t\t\t\t\t\n\t\t\t\t\t\t\t\t\t\t\t\t\t\t<span class=\"m-postsList__item__meta__label\">Datum: 23 February 2019 &#8211; Uhr: 11:00 Bis 17:00\t\t\t\t\t\t\t\n\t\t\t\t\t\t\t\t\t\t\t\t\t\t\t<span class=\"m-postsList__item__meta__label\"><br \/>Ort: <\/span> Universit\u00e9 de Li\u00e8ge  &#8211; B\u00e2timent A4, local S100 &#8211; 1, quai Roosevelt &#8211; 4000 Li\u00e8ge\t\t\t\t\t\t\t\n\t\t\t\t\t\t\t| <span class=\"m-postsList__item__meta__label\">Kategorie: <\/span>Fortbildung\t\t\t\t\t\t\n\t\t\t\t\t\t<\/p>\n\n\t\t\t\t\t\n\t\t\t\t\t\n\t\t\t\t\t\n\t\t\t\t\t\n\t\t\t\t\t\t\t\t\t\t<div class=\"m-actionContainer\">\n\t\t\t\t\t\t<div class=\"m-action\">\n\t\t\t\t\t\t\t<span>Mehr erfahren<\/span>\n\t\t\t\t\t\t<\/div>\n\t\t\t\t\t<\/div><!-- \/actionContainer -->\n\t\t\t\t\t\t\t\t\n\t\t\t\t<\/div><!-- \/postsList__item__child__content -->\n\t\t\t<\/div><!-- \/postsList__item__child -->\n\t\t<\/a><!-- \/postsList__item__link -->\n\t<\/div><!-- \/postsList__item -->\n\n\n\n\n\n                    \n                                            \n                            \n\n\n\n\n\n\n\n\n\n\n\n\n\n\n\n\n\t<div class=\"m-postsList__item col-12 col-md-6 col-lg-6\">\n\n\t\t<a href=\"https:\/\/www.cbti-bkvt.org\/de\/evenement\/borrelavond-a-nalinnes\/\" title=\"\" class=\"m-postsList__item__link\">\n\n\t\t\t<div class=\"m-postsList__item__child\">\n\n\t\t\t\t<div class=\"m-postsList__item__img \"><img \n\t   \tsrc=\"https:\/\/www.cbti-bkvt.org\/wp-content\/uploads\/hermes-rivera-258743-unsplash-min-1-540x360.jpg\" \n\t\tsrcset=\"https:\/\/www.cbti-bkvt.org\/wp-content\/uploads\/hermes-rivera-258743-unsplash-min-1-540x360.jpg 540w, https:\/\/www.cbti-bkvt.org\/wp-content\/uploads\/hermes-rivera-258743-unsplash-min-1.jpg 768w, https:\/\/www.cbti-bkvt.org\/wp-content\/uploads\/hermes-rivera-258743-unsplash-min-1.jpg 1000w\" \n\t\tsizes=\"(min-width:768px) 540px, (min-width:1000px) 1000px, 100vw\"  \n\t\talt=\"hermes-rivera-258743-unsplash-min.jpg\"\n\t \/><\/div>\n\t\t\t\n\t\t\t\t<div class=\"m-postsList__item__content\">\n\n\t\t\t\t\t\t\t\t\t\t\n\t\t\t\t\t\n\t\t\t\t\t\t\t\t\t\n\t\t\t\t\t<p class=\"m-postsList__item__title  m-postsList__item__title--s1\">Borrelavond \u00e0 Nalinnes<\/p>\n\n\t\t\t\t\t\n\t\t\t\t\t\n\t\t\t\t\t\t<p class=\"m-postsList__item__meta m-postsList__item__meta--s1\">\n\n\t\t\t\t\t\t\t\t\t\t\t\t\t\t\n\t\t\t\t\t\t\t\t\t\t\t\t\t\t<span class=\"m-postsList__item__meta__label\">Datum: 22 February 2019 &#8211; Uhr: 20:00 Bis \t\t\t\t\t\t\t\n\t\t\t\t\t\t\t\t\t\t\t\t\t\t\t<span class=\"m-postsList__item__meta__label\"><br \/>Ort: <\/span> Vin Rue des \u00c9coles &#8211; Rue des \u00c9coles 20 &#8211; 6120 Nalinnes\t\t\t\t\t\t\t\n\t\t\t\t\t\t\t| <span class=\"m-postsList__item__meta__label\">Kategorie: <\/span>Stammtische\t\t\t\t\t\t\n\t\t\t\t\t\t<\/p>\n\n\t\t\t\t\t\n\t\t\t\t\t\n\t\t\t\t\t\n\t\t\t\t\t\n\t\t\t\t\t\t\t\t\t\t<div class=\"m-actionContainer\">\n\t\t\t\t\t\t<div class=\"m-action\">\n\t\t\t\t\t\t\t<span>Mehr erfahren<\/span>\n\t\t\t\t\t\t<\/div>\n\t\t\t\t\t<\/div><!-- \/actionContainer -->\n\t\t\t\t\t\t\t\t\n\t\t\t\t<\/div><!-- \/postsList__item__child__content -->\n\t\t\t<\/div><!-- \/postsList__item__child -->\n\t\t<\/a><!-- \/postsList__item__link -->\n\t<\/div><!-- \/postsList__item -->\n\n\n\n\n\n                    \n                                            \n                            \n\n\n\n\n\n\n\n\n\n\n\n\n\n\n\n\n\t<div class=\"m-postsList__item col-12 col-md-6 col-lg-6\">\n\n\t\t<a href=\"https:\/\/www.cbti-bkvt.org\/de\/evenement\/atelier-logiciel-de-correction-grammaticale-et-daide-a-la-redaction-antidote-10\/\" title=\"\" class=\"m-postsList__item__link\">\n\n\t\t\t<div class=\"m-postsList__item__child\">\n\n\t\t\t\t<div class=\"m-postsList__item__img \"><img \n\t   \tsrc=\"https:\/\/www.cbti-bkvt.org\/wp-content\/uploads\/Antidote-min-1-540x360.png\" \n\t\tsrcset=\"https:\/\/www.cbti-bkvt.org\/wp-content\/uploads\/Antidote-min-1-540x360.png 540w, https:\/\/www.cbti-bkvt.org\/wp-content\/uploads\/Antidote-min-1.png 768w, https:\/\/www.cbti-bkvt.org\/wp-content\/uploads\/Antidote-min-1.png 1000w\" \n\t\tsizes=\"(min-width:768px) 540px, (min-width:1000px) 1000px, 100vw\"  \n\t\talt=\"Antidote-min.png\"\n\t \/><\/div>\n\t\t\t\n\t\t\t\t<div class=\"m-postsList__item__content\">\n\n\t\t\t\t\t\t\t\t\t\t\n\t\t\t\t\t\n\t\t\t\t\t\t\t\t\t\n\t\t\t\t\t<p class=\"m-postsList__item__title  m-postsList__item__title--s1\">Atelier: logiciel de correction grammaticale et d\u2019aide \u00e0 la r\u00e9daction Antidote 10<\/p>\n\n\t\t\t\t\t\n\t\t\t\t\t\n\t\t\t\t\t\t<p class=\"m-postsList__item__meta m-postsList__item__meta--s1\">\n\n\t\t\t\t\t\t\t\t\t\t\t\t\t\t\n\t\t\t\t\t\t\t\t\t\t\t\t\t\t<span class=\"m-postsList__item__meta__label\">Datum: 21 February 2019 &#8211; Uhr: 14:00 Bis 17:00\t\t\t\t\t\t\t\n\t\t\t\t\t\t\t\t\t\t\t\t\t\t\t<span class=\"m-postsList__item__meta__label\"><br \/>Ort: <\/span> CBTI-BKVT &#8211; 24, rue Montoyerstraat &#8211; 1000 Brussels\t\t\t\t\t\t\t\n\t\t\t\t\t\t\t| <span class=\"m-postsList__item__meta__label\">Kategorie: <\/span>Fortbildung\t\t\t\t\t\t\n\t\t\t\t\t\t<\/p>\n\n\t\t\t\t\t\n\t\t\t\t\t\n\t\t\t\t\t\n\t\t\t\t\t\n\t\t\t\t\t\t\t\t\t\t<div class=\"m-actionContainer\">\n\t\t\t\t\t\t<div class=\"m-action\">\n\t\t\t\t\t\t\t<span>Mehr erfahren<\/span>\n\t\t\t\t\t\t<\/div>\n\t\t\t\t\t<\/div><!-- \/actionContainer -->\n\t\t\t\t\t\t\t\t\n\t\t\t\t<\/div><!-- \/postsList__item__child__content -->\n\t\t\t<\/div><!-- \/postsList__item__child -->\n\t\t<\/a><!-- \/postsList__item__link -->\n\t<\/div><!-- \/postsList__item -->\n\n\n\n\n\n                    \n                                            \n                            \n\n\n\n\n\n\n\n\n\n\n\n\n\n\n\n\n\t<div class=\"m-postsList__item col-12 col-md-6 col-lg-6\">\n\n\t\t<a href=\"https:\/\/www.cbti-bkvt.org\/de\/evenement\/la-cbti-celebre-le-nouvel-an-2\/\" title=\"\" class=\"m-postsList__item__link\">\n\n\t\t\t<div class=\"m-postsList__item__child\">\n\n\t\t\t\t<div class=\"m-postsList__item__img \"><img \n\t   \tsrc=\"https:\/\/www.cbti-bkvt.org\/wp-content\/uploads\/chinh-le-duc-496818-unsplash-min-2-540x360.jpg\" \n\t\tsrcset=\"https:\/\/www.cbti-bkvt.org\/wp-content\/uploads\/chinh-le-duc-496818-unsplash-min-2-540x360.jpg 540w, https:\/\/www.cbti-bkvt.org\/wp-content\/uploads\/chinh-le-duc-496818-unsplash-min-2.jpg 768w, https:\/\/www.cbti-bkvt.org\/wp-content\/uploads\/chinh-le-duc-496818-unsplash-min-2.jpg 1000w\" \n\t\tsizes=\"(min-width:768px) 540px, (min-width:1000px) 1000px, 100vw\"  \n\t\talt=\"chinh-le-duc-496818-unsplash-min.jpg\"\n\t \/><\/div>\n\t\t\t\n\t\t\t\t<div class=\"m-postsList__item__content\">\n\n\t\t\t\t\t\t\t\t\t\t\n\t\t\t\t\t\n\t\t\t\t\t\t\t\t\t\n\t\t\t\t\t<p class=\"m-postsList__item__title  m-postsList__item__title--s1\">La CBTI c\u00e9l\u00e8bre le Nouvel An!<\/p>\n\n\t\t\t\t\t\n\t\t\t\t\t\n\t\t\t\t\t\t<p class=\"m-postsList__item__meta m-postsList__item__meta--s1\">\n\n\t\t\t\t\t\t\t\t\t\t\t\t\t\t\n\t\t\t\t\t\t\t\t\t\t\t\t\t\t<span class=\"m-postsList__item__meta__label\">Datum: 25 January 2019 &#8211; Uhr: 17:00 Bis \t\t\t\t\t\t\t\n\t\t\t\t\t\t\t\t\t\t\t\t\t\t\t<span class=\"m-postsList__item__meta__label\"><br \/>Ort: <\/span> LEOPOLD HOTEL BRUSSELS &#8211; Luxemburgstraat\/Rue du Luxembourg 35 &#8211; 1050 Brussels\t\t\t\t\t\t\t\n\t\t\t\t\t\t\t| <span class=\"m-postsList__item__meta__label\">Kategorie: <\/span>CBTI\/BKVT aktuell\t\t\t\t\t\t\n\t\t\t\t\t\t<\/p>\n\n\t\t\t\t\t\n\t\t\t\t\t\n\t\t\t\t\t\n\t\t\t\t\t\n\t\t\t\t\t\t\t\t\t\t<div class=\"m-actionContainer\">\n\t\t\t\t\t\t<div class=\"m-action\">\n\t\t\t\t\t\t\t<span>Mehr erfahren<\/span>\n\t\t\t\t\t\t<\/div>\n\t\t\t\t\t<\/div><!-- \/actionContainer -->\n\t\t\t\t\t\t\t\t\n\t\t\t\t<\/div><!-- \/postsList__item__child__content -->\n\t\t\t<\/div><!-- \/postsList__item__child -->\n\t\t<\/a><!-- \/postsList__item__link -->\n\t<\/div><!-- \/postsList__item -->\n\n\n\n\n\n                    \n                                            \n                            \n\n\n\n\n\n\n\n\n\n\n\n\n\n\n\n\n\t<div class=\"m-postsList__item col-12 col-md-6 col-lg-6\">\n\n\t\t<a href=\"https:\/\/www.cbti-bkvt.org\/de\/evenement\/webinar-5-schritte-um-direktkunden-zu-finden\/\" title=\"\" class=\"m-postsList__item__link\">\n\n\t\t\t<div class=\"m-postsList__item__child\">\n\n\t\t\t\t<div class=\"m-postsList__item__img \"><img \n\t   \tsrc=\"https:\/\/www.cbti-bkvt.org\/wp-content\/uploads\/Thumbnail-min-5-540x360.png\" \n\t\tsrcset=\"https:\/\/www.cbti-bkvt.org\/wp-content\/uploads\/Thumbnail-min-5-540x360.png 540w, https:\/\/www.cbti-bkvt.org\/wp-content\/uploads\/Thumbnail-min-5.png 768w, https:\/\/www.cbti-bkvt.org\/wp-content\/uploads\/Thumbnail-min-5.png 1000w\" \n\t\tsizes=\"(min-width:768px) 540px, (min-width:1000px) 1000px, 100vw\"  \n\t\talt=\"Thumbnail-min.png\"\n\t \/><\/div>\n\t\t\t\n\t\t\t\t<div class=\"m-postsList__item__content\">\n\n\t\t\t\t\t\t\t\t\t\t\n\t\t\t\t\t\n\t\t\t\t\t\t\t\t\t\n\t\t\t\t\t<p class=\"m-postsList__item__title  m-postsList__item__title--s1\">Webinar: 5 Schritte, um Direktkunden zu finden<\/p>\n\n\t\t\t\t\t\n\t\t\t\t\t\n\t\t\t\t\t\t<p class=\"m-postsList__item__meta m-postsList__item__meta--s1\">\n\n\t\t\t\t\t\t\t\t\t\t\t\t\t\t\n\t\t\t\t\t\t\t\t\t\t\t\t\t\t<span class=\"m-postsList__item__meta__label\">Datum: 6 December 2018 &#8211; Uhr: 17:00 Bis 19:00\t\t\t\t\t\t\t\n\t\t\t\t\t\t\t\n\t\t\t\t\t\t\t| <span class=\"m-postsList__item__meta__label\">Kategorie: <\/span>Konferenzen\t\t\t\t\t\t\n\t\t\t\t\t\t<\/p>\n\n\t\t\t\t\t\n\t\t\t\t\t\n\t\t\t\t\t\n\t\t\t\t\t\n\t\t\t\t\t\t\t\t\t\t<div class=\"m-actionContainer\">\n\t\t\t\t\t\t<div class=\"m-action\">\n\t\t\t\t\t\t\t<span>Mehr erfahren<\/span>\n\t\t\t\t\t\t<\/div>\n\t\t\t\t\t<\/div><!-- \/actionContainer -->\n\t\t\t\t\t\t\t\t\n\t\t\t\t<\/div><!-- \/postsList__item__child__content -->\n\t\t\t<\/div><!-- \/postsList__item__child -->\n\t\t<\/a><!-- \/postsList__item__link -->\n\t<\/div><!-- \/postsList__item -->\n\n\n\n\n\n                    \n                                            \n                            \n\n\n\n\n\n\n\n\n\n\n\n\n\n\n\n\n\t<div class=\"m-postsList__item col-12 col-md-6 col-lg-6\">\n\n\t\t<a href=\"https:\/\/www.cbti-bkvt.org\/de\/evenement\/internationale-konferenz-zum-thema-geistiges-eigentum\/\" title=\"\" class=\"m-postsList__item__link\">\n\n\t\t\t<div class=\"m-postsList__item__child\">\n\n\t\t\t\t<div class=\"m-postsList__item__img \"><img \n\t   \tsrc=\"https:\/\/www.cbti-bkvt.org\/wp-content\/uploads\/FITe-Conference-23Nov-EN-min-4-540x360.jpg\" \n\t\tsrcset=\"https:\/\/www.cbti-bkvt.org\/wp-content\/uploads\/FITe-Conference-23Nov-EN-min-4-540x360.jpg 540w, https:\/\/www.cbti-bkvt.org\/wp-content\/uploads\/FITe-Conference-23Nov-EN-min-4-1000x666.jpg 768w, https:\/\/www.cbti-bkvt.org\/wp-content\/uploads\/FITe-Conference-23Nov-EN-min-4.jpg 1000w\" \n\t\tsizes=\"(min-width:768px) 540px, (min-width:1000px) 1000px, 100vw\"  \n\t\talt=\"FITe-Conference-23Nov-EN-min.jpg\"\n\t \/><\/div>\n\t\t\t\n\t\t\t\t<div class=\"m-postsList__item__content\">\n\n\t\t\t\t\t\t\t\t\t\t\n\t\t\t\t\t\n\t\t\t\t\t\t\t\t\t\n\t\t\t\t\t<p class=\"m-postsList__item__title  m-postsList__item__title--s1\">Internationale Konferenz zum Thema geistiges Eigentum<\/p>\n\n\t\t\t\t\t\n\t\t\t\t\t\n\t\t\t\t\t\t<p class=\"m-postsList__item__meta m-postsList__item__meta--s1\">\n\n\t\t\t\t\t\t\t\t\t\t\t\t\t\t\n\t\t\t\t\t\t\t\t\t\t\t\t\t\t<span class=\"m-postsList__item__meta__label\">Datum: 23 November 2018 &#8211; Uhr: 10:00 Bis 18:00\t\t\t\t\t\t\t\n\t\t\t\t\t\t\t\t\t\t\t\t\t\t\t<span class=\"m-postsList__item__meta__label\"><br \/>Ort: <\/span> Huis van Europa &#8211; The Hague &#8211; Netherlands\t\t\t\t\t\t\t\n\t\t\t\t\t\t\t| <span class=\"m-postsList__item__meta__label\">Kategorie: <\/span>Konferenzen\t\t\t\t\t\t\n\t\t\t\t\t\t<\/p>\n\n\t\t\t\t\t\n\t\t\t\t\t\n\t\t\t\t\t\n\t\t\t\t\t\n\t\t\t\t\t\t\t\t\t\t<div class=\"m-actionContainer\">\n\t\t\t\t\t\t<div class=\"m-action\">\n\t\t\t\t\t\t\t<span>Mehr erfahren<\/span>\n\t\t\t\t\t\t<\/div>\n\t\t\t\t\t<\/div><!-- \/actionContainer -->\n\t\t\t\t\t\t\t\t\n\t\t\t\t<\/div><!-- \/postsList__item__child__content -->\n\t\t\t<\/div><!-- \/postsList__item__child -->\n\t\t<\/a><!-- \/postsList__item__link -->\n\t<\/div><!-- \/postsList__item -->\n\n\n\n\n\n                    \n                                            \n                            \n\n\n\n\n\n\n\n\n\n\n\n\n\n\n\n\n\t<div class=\"m-postsList__item col-12 col-md-6 col-lg-6\">\n\n\t\t<a href=\"https:\/\/www.cbti-bkvt.org\/de\/evenement\/25e-reunion-du-reseau-franco-allemand-vienne\/\" title=\"\" class=\"m-postsList__item__link\">\n\n\t\t\t<div class=\"m-postsList__item__child\">\n\n\t\t\t\t<div class=\"m-postsList__item__img \"><img \n\t   \tsrc=\"https:\/\/www.cbti-bkvt.org\/wp-content\/uploads\/1280px-Stephansdom_Vienna_July_2008__27_-Stephansdom_Vienna_July_2008__31_-5-540x360.jpg\" \n\t\tsrcset=\"https:\/\/www.cbti-bkvt.org\/wp-content\/uploads\/1280px-Stephansdom_Vienna_July_2008__27_-Stephansdom_Vienna_July_2008__31_-5-540x360.jpg 540w, https:\/\/www.cbti-bkvt.org\/wp-content\/uploads\/1280px-Stephansdom_Vienna_July_2008__27_-Stephansdom_Vienna_July_2008__31_-5-1000x666.jpg 768w, https:\/\/www.cbti-bkvt.org\/wp-content\/uploads\/1280px-Stephansdom_Vienna_July_2008__27_-Stephansdom_Vienna_July_2008__31_-5.jpg 1000w\" \n\t\tsizes=\"(min-width:768px) 540px, (min-width:1000px) 1000px, 100vw\"  \n\t\talt=\"1280px-Stephansdom_Vienna_July_2008__27_-Stephansdom_Vienna_July_2008__31_.jpg\"\n\t \/><\/div>\n\t\t\t\n\t\t\t\t<div class=\"m-postsList__item__content\">\n\n\t\t\t\t\t\t\t\t\t\t\n\t\t\t\t\t\n\t\t\t\t\t\t\t\t\t\n\t\t\t\t\t<p class=\"m-postsList__item__title  m-postsList__item__title--s1\">25e r\u00e9union du R\u00e9seau franco-allemand (Vienne)<\/p>\n\n\t\t\t\t\t\n\t\t\t\t\t\n\t\t\t\t\t\t<p class=\"m-postsList__item__meta m-postsList__item__meta--s1\">\n\n\t\t\t\t\t\t\t\t\t\t\t\t\t\t\n\t\t\t\t\t\t\t\t\t\t\t\t\t\t<span class=\"m-postsList__item__meta__label\">Datum: 19 October 2018 &#8211; Uhr: 00:00 Bis 00:00\t\t\t\t\t\t\t\n\t\t\t\t\t\t\t\t\t\t\t\t\t\t\t<span class=\"m-postsList__item__meta__label\"><br \/>Ort: <\/span> Vienne, Autriche\t\t\t\t\t\t\t\n\t\t\t\t\t\t\t| <span class=\"m-postsList__item__meta__label\">Kategorie: <\/span>Deutsch-franz\u00f6sisches Netzwerk\t\t\t\t\t\t\n\t\t\t\t\t\t<\/p>\n\n\t\t\t\t\t\n\t\t\t\t\t\n\t\t\t\t\t\n\t\t\t\t\t\n\t\t\t\t\t\t\t\t\t\t<div class=\"m-actionContainer\">\n\t\t\t\t\t\t<div class=\"m-action\">\n\t\t\t\t\t\t\t<span>Mehr erfahren<\/span>\n\t\t\t\t\t\t<\/div>\n\t\t\t\t\t<\/div><!-- \/actionContainer -->\n\t\t\t\t\t\t\t\t\n\t\t\t\t<\/div><!-- \/postsList__item__child__content -->\n\t\t\t<\/div><!-- \/postsList__item__child -->\n\t\t<\/a><!-- \/postsList__item__link -->\n\t<\/div><!-- \/postsList__item -->\n\n\n\n\n\n                    \n                                            \n                            \n\n\n\n\n\n\n\n\n\n\n\n\n\n\n\n\n\t<div class=\"m-postsList__item col-12 col-md-6 col-lg-6\">\n\n\t\t<a href=\"https:\/\/www.cbti-bkvt.org\/de\/evenement\/borrelavond-a-jodoigne-4\/\" title=\"\" class=\"m-postsList__item__link\">\n\n\t\t\t<div class=\"m-postsList__item__child\">\n\n\t\t\t\t<div class=\"m-postsList__item__img \"><img \n\t   \tsrc=\"https:\/\/www.cbti-bkvt.org\/wp-content\/uploads\/pawel-wojciechowski-3678-unsplash-min-3-540x360.jpg\" \n\t\tsrcset=\"https:\/\/www.cbti-bkvt.org\/wp-content\/uploads\/pawel-wojciechowski-3678-unsplash-min-3-540x360.jpg 540w, https:\/\/www.cbti-bkvt.org\/wp-content\/uploads\/pawel-wojciechowski-3678-unsplash-min-3.jpg 768w, https:\/\/www.cbti-bkvt.org\/wp-content\/uploads\/pawel-wojciechowski-3678-unsplash-min-3.jpg 1000w\" \n\t\tsizes=\"(min-width:768px) 540px, (min-width:1000px) 1000px, 100vw\"  \n\t\talt=\"pawel-wojciechowski-3678-unsplash-min.jpg\"\n\t \/><\/div>\n\t\t\t\n\t\t\t\t<div class=\"m-postsList__item__content\">\n\n\t\t\t\t\t\t\t\t\t\t\n\t\t\t\t\t\n\t\t\t\t\t\t\t\t\t\n\t\t\t\t\t<p class=\"m-postsList__item__title  m-postsList__item__title--s1\">Borrelavond \u00e0 Jodoigne<\/p>\n\n\t\t\t\t\t\n\t\t\t\t\t\n\t\t\t\t\t\t<p class=\"m-postsList__item__meta m-postsList__item__meta--s1\">\n\n\t\t\t\t\t\t\t\t\t\t\t\t\t\t\n\t\t\t\t\t\t\t\t\t\t\t\t\t\t<span class=\"m-postsList__item__meta__label\">Datum: 18 October 2018 &#8211; Uhr: 19:00 Bis \t\t\t\t\t\t\t\n\t\t\t\t\t\t\t\t\t\t\t\t\t\t\t<span class=\"m-postsList__item__meta__label\"><br \/>Ort: <\/span> Aux Petits Oignons &#8211; Chauss\u00e9e de Tirlemont 260 &#8211; 1370 Jodoigne\t\t\t\t\t\t\t\n\t\t\t\t\t\t\t| <span class=\"m-postsList__item__meta__label\">Kategorie: <\/span>Stammtische\t\t\t\t\t\t\n\t\t\t\t\t\t<\/p>\n\n\t\t\t\t\t\n\t\t\t\t\t\n\t\t\t\t\t\n\t\t\t\t\t\n\t\t\t\t\t\t\t\t\t\t<div class=\"m-actionContainer\">\n\t\t\t\t\t\t<div class=\"m-action\">\n\t\t\t\t\t\t\t<span>Mehr erfahren<\/span>\n\t\t\t\t\t\t<\/div>\n\t\t\t\t\t<\/div><!-- \/actionContainer -->\n\t\t\t\t\t\t\t\t\n\t\t\t\t<\/div><!-- \/postsList__item__child__content -->\n\t\t\t<\/div><!-- \/postsList__item__child -->\n\t\t<\/a><!-- \/postsList__item__link -->\n\t<\/div><!-- \/postsList__item -->\n\n\n\n\n\n                    \n                                            \n                            \n\n\n\n\n\n\n\n\n\n\n\n\n\n\n\n\n\t<div class=\"m-postsList__item col-12 col-md-6 col-lg-6\">\n\n\t\t<a href=\"https:\/\/www.cbti-bkvt.org\/de\/evenement\/saint-jerome-goes-to-brussels\/\" title=\"\" class=\"m-postsList__item__link\">\n\n\t\t\t<div class=\"m-postsList__item__child\">\n\n\t\t\t\t<div class=\"m-postsList__item__img \"><img \n\t   \tsrc=\"https:\/\/www.cbti-bkvt.org\/wp-content\/uploads\/42044389_838140046576393_7433820401978834944_n-2-540x360.jpg\" \n\t\tsrcset=\"https:\/\/www.cbti-bkvt.org\/wp-content\/uploads\/42044389_838140046576393_7433820401978834944_n-2-540x360.jpg 540w, https:\/\/www.cbti-bkvt.org\/wp-content\/uploads\/42044389_838140046576393_7433820401978834944_n-2.jpg 768w, https:\/\/www.cbti-bkvt.org\/wp-content\/uploads\/42044389_838140046576393_7433820401978834944_n-2.jpg 1000w\" \n\t\tsizes=\"(min-width:768px) 540px, (min-width:1000px) 1000px, 100vw\"  \n\t\talt=\"42044389_838140046576393_7433820401978834944_n.jpg\"\n\t \/><\/div>\n\t\t\t\n\t\t\t\t<div class=\"m-postsList__item__content\">\n\n\t\t\t\t\t\t\t\t\t\t\n\t\t\t\t\t\n\t\t\t\t\t\t\t\t\t\n\t\t\t\t\t<p class=\"m-postsList__item__title  m-postsList__item__title--s1\">Saint-J\u00e9r\u00f4me goes to\u2026 Brussels<\/p>\n\n\t\t\t\t\t\n\t\t\t\t\t\n\t\t\t\t\t\t<p class=\"m-postsList__item__meta m-postsList__item__meta--s1\">\n\n\t\t\t\t\t\t\t\t\t\t\t\t\t\t\n\t\t\t\t\t\t\t\t\t\t\t\t\t\t<span class=\"m-postsList__item__meta__label\">Datum: 28 September 2018 &#8211; Uhr: 14:30 Bis \t\t\t\t\t\t\t\n\t\t\t\t\t\t\t\n\t\t\t\t\t\t\t| <span class=\"m-postsList__item__meta__label\">Kategorie: <\/span>CBTI\/BKVT aktuell\t\t\t\t\t\t\n\t\t\t\t\t\t<\/p>\n\n\t\t\t\t\t\n\t\t\t\t\t\n\t\t\t\t\t\n\t\t\t\t\t\n\t\t\t\t\t\t\t\t\t\t<div class=\"m-actionContainer\">\n\t\t\t\t\t\t<div class=\"m-action\">\n\t\t\t\t\t\t\t<span>Mehr erfahren<\/span>\n\t\t\t\t\t\t<\/div>\n\t\t\t\t\t<\/div><!-- \/actionContainer -->\n\t\t\t\t\t\t\t\t\n\t\t\t\t<\/div><!-- \/postsList__item__child__content -->\n\t\t\t<\/div><!-- \/postsList__item__child -->\n\t\t<\/a><!-- \/postsList__item__link -->\n\t<\/div><!-- \/postsList__item -->\n\n\n\n\n\n                    \n                                            \n                            \n\n\n\n\n\n\n\n\n\n\n\n\n\n\n\n\n\t<div class=\"m-postsList__item col-12 col-md-6 col-lg-6\">\n\n\t\t<a href=\"https:\/\/www.cbti-bkvt.org\/de\/evenement\/translation-forum-russia-2018\/\" title=\"\" class=\"m-postsList__item__link\">\n\n\t\t\t<div class=\"m-postsList__item__child\">\n\n\t\t\t\t<div class=\"m-postsList__item__img \"><img \n\t   \tsrc=\"https:\/\/www.cbti-bkvt.org\/wp-content\/uploads\/sevastyanov-s-house-yekaterinburg-russia-25496091-min-2-540x360.jpg\" \n\t\tsrcset=\"https:\/\/www.cbti-bkvt.org\/wp-content\/uploads\/sevastyanov-s-house-yekaterinburg-russia-25496091-min-2-540x360.jpg 540w, https:\/\/www.cbti-bkvt.org\/wp-content\/uploads\/sevastyanov-s-house-yekaterinburg-russia-25496091-min-2.jpg 768w, https:\/\/www.cbti-bkvt.org\/wp-content\/uploads\/sevastyanov-s-house-yekaterinburg-russia-25496091-min-2.jpg 1000w\" \n\t\tsizes=\"(min-width:768px) 540px, (min-width:1000px) 1000px, 100vw\"  \n\t\talt=\"sevastyanov-s-house-yekaterinburg-russia-25496091-min.jpg\"\n\t \/><\/div>\n\t\t\t\n\t\t\t\t<div class=\"m-postsList__item__content\">\n\n\t\t\t\t\t\t\t\t\t\t\n\t\t\t\t\t\n\t\t\t\t\t\t\t\t\t\n\t\t\t\t\t<p class=\"m-postsList__item__title  m-postsList__item__title--s1\">Translation Forum Russia 2018<\/p>\n\n\t\t\t\t\t\n\t\t\t\t\t\n\t\t\t\t\t\t<p class=\"m-postsList__item__meta m-postsList__item__meta--s1\">\n\n\t\t\t\t\t\t\t\t\t\t\t\t\t\t\n\t\t\t\t\t\t\t\t\t\t\t\t\t\t<span class=\"m-postsList__item__meta__label\">Datum: 24 August 2018 &#8211; Uhr: 00:00 Bis 00:00\t\t\t\t\t\t\t\n\t\t\t\t\t\t\t\t\t\t\t\t\t\t\t<span class=\"m-postsList__item__meta__label\"><br \/>Ort: <\/span> Ramada Yekaterinburg Hotel &#038; Spa, Yekaterinburg, Russia\t\t\t\t\t\t\t\n\t\t\t\t\t\t\t| <span class=\"m-postsList__item__meta__label\">Kategorie: <\/span>Konferenzen\t\t\t\t\t\t\n\t\t\t\t\t\t<\/p>\n\n\t\t\t\t\t\n\t\t\t\t\t\n\t\t\t\t\t\n\t\t\t\t\t\n\t\t\t\t\t\t\t\t\t\t<div class=\"m-actionContainer\">\n\t\t\t\t\t\t<div class=\"m-action\">\n\t\t\t\t\t\t\t<span>Mehr erfahren<\/span>\n\t\t\t\t\t\t<\/div>\n\t\t\t\t\t<\/div><!-- \/actionContainer -->\n\t\t\t\t\t\t\t\t\n\t\t\t\t<\/div><!-- \/postsList__item__child__content -->\n\t\t\t<\/div><!-- \/postsList__item__child -->\n\t\t<\/a><!-- \/postsList__item__link -->\n\t<\/div><!-- \/postsList__item -->\n\n\n\n\n\n                    \n                                            \n                            \n\n\n\n\n\n\n\n\n\n\n\n\n\n\n\n\n\t<div class=\"m-postsList__item col-12 col-md-6 col-lg-6\">\n\n\t\t<a href=\"https:\/\/www.cbti-bkvt.org\/de\/evenement\/universite-dete-de-la-traduction-financiere\/\" title=\"\" class=\"m-postsList__item__link\">\n\n\t\t\t<div class=\"m-postsList__item__child\">\n\n\t\t\t\t<div class=\"m-postsList__item__img \"><img \n\t   \tsrc=\"https:\/\/www.cbti-bkvt.org\/wp-content\/uploads\/logo-UETF-2.jpg\" \n\t\tsrcset=\"https:\/\/www.cbti-bkvt.org\/wp-content\/uploads\/logo-UETF-2.jpg 540w, https:\/\/www.cbti-bkvt.org\/wp-content\/uploads\/logo-UETF-2.jpg 768w, https:\/\/www.cbti-bkvt.org\/wp-content\/uploads\/logo-UETF-2.jpg 1000w\" \n\t\tsizes=\"(min-width:768px) 540px, (min-width:1000px) 1000px, 100vw\"  \n\t\talt=\"logo-UETF.jpg\"\n\t \/><\/div>\n\t\t\t\n\t\t\t\t<div class=\"m-postsList__item__content\">\n\n\t\t\t\t\t\t\t\t\t\t\n\t\t\t\t\t\n\t\t\t\t\t\t\t\t\t\n\t\t\t\t\t<p class=\"m-postsList__item__title  m-postsList__item__title--s1\">Universit\u00e9 d&#8217;\u00e9t\u00e9 de la traduction financi\u00e8re<\/p>\n\n\t\t\t\t\t\n\t\t\t\t\t\n\t\t\t\t\t\t<p class=\"m-postsList__item__meta m-postsList__item__meta--s1\">\n\n\t\t\t\t\t\t\t\t\t\t\t\t\t\t\n\t\t\t\t\t\t\t\t\t\t\t\t\t\t<span class=\"m-postsList__item__meta__label\">Datum: 4 July 2018 &#8211; Uhr: 00:00 Bis 00:00\t\t\t\t\t\t\t\n\t\t\t\t\t\t\t\t\t\t\t\t\t\t\t<span class=\"m-postsList__item__meta__label\"><br \/>Ort: <\/span> BNP Paribas Fortis, Rue de la Chancellerie 1, 1000 Bruxelles\t\t\t\t\t\t\t\n\t\t\t\t\t\t\t| <span class=\"m-postsList__item__meta__label\">Kategorie: <\/span>Fortbildung\t\t\t\t\t\t\n\t\t\t\t\t\t<\/p>\n\n\t\t\t\t\t\n\t\t\t\t\t\n\t\t\t\t\t\n\t\t\t\t\t\n\t\t\t\t\t\t\t\t\t\t<div class=\"m-actionContainer\">\n\t\t\t\t\t\t<div class=\"m-action\">\n\t\t\t\t\t\t\t<span>Mehr erfahren<\/span>\n\t\t\t\t\t\t<\/div>\n\t\t\t\t\t<\/div><!-- \/actionContainer -->\n\t\t\t\t\t\t\t\t\n\t\t\t\t<\/div><!-- \/postsList__item__child__content -->\n\t\t\t<\/div><!-- \/postsList__item__child -->\n\t\t<\/a><!-- \/postsList__item__link -->\n\t<\/div><!-- \/postsList__item -->\n\n\n\n\n\n                    \n                                            \n                            \n\n\n\n\n\n\n\n\n\n\n\n\n\n\n\n\n\t<div class=\"m-postsList__item col-12 col-md-6 col-lg-6\">\n\n\t\t<a href=\"https:\/\/www.cbti-bkvt.org\/de\/evenement\/borrelavond-a-namur-2\/\" title=\"\" class=\"m-postsList__item__link\">\n\n\t\t\t<div class=\"m-postsList__item__child\">\n\n\t\t\t\t<div class=\"m-postsList__item__img \"><img \n\t   \tsrc=\"https:\/\/www.cbti-bkvt.org\/wp-content\/uploads\/stefan-johnson-124186-unsplash-min-2-540x360.jpg\" \n\t\tsrcset=\"https:\/\/www.cbti-bkvt.org\/wp-content\/uploads\/stefan-johnson-124186-unsplash-min-2-540x360.jpg 540w, https:\/\/www.cbti-bkvt.org\/wp-content\/uploads\/stefan-johnson-124186-unsplash-min-2.jpg 768w, https:\/\/www.cbti-bkvt.org\/wp-content\/uploads\/stefan-johnson-124186-unsplash-min-2.jpg 1000w\" \n\t\tsizes=\"(min-width:768px) 540px, (min-width:1000px) 1000px, 100vw\"  \n\t\talt=\"stefan-johnson-124186-unsplash-min.jpg\"\n\t \/><\/div>\n\t\t\t\n\t\t\t\t<div class=\"m-postsList__item__content\">\n\n\t\t\t\t\t\t\t\t\t\t\n\t\t\t\t\t\n\t\t\t\t\t\t\t\t\t\n\t\t\t\t\t<p class=\"m-postsList__item__title  m-postsList__item__title--s1\">Borrelavond \u00e0 Namur<\/p>\n\n\t\t\t\t\t\n\t\t\t\t\t\n\t\t\t\t\t\t<p class=\"m-postsList__item__meta m-postsList__item__meta--s1\">\n\n\t\t\t\t\t\t\t\t\t\t\t\t\t\t\n\t\t\t\t\t\t\t\t\t\t\t\t\t\t<span class=\"m-postsList__item__meta__label\">Datum: 28 June 2018 &#8211; Uhr: 19:30 Bis \t\t\t\t\t\t\t\n\t\t\t\t\t\t\t\t\t\t\t\t\t\t\t<span class=\"m-postsList__item__meta__label\"><br \/>Ort: <\/span> Restaurant D&#8217;Gust &#8211; Rue des Brasseurs 7 &#8211; 5000 Namur\t\t\t\t\t\t\t\n\t\t\t\t\t\t\t| <span class=\"m-postsList__item__meta__label\">Kategorie: <\/span>Stammtische\t\t\t\t\t\t\n\t\t\t\t\t\t<\/p>\n\n\t\t\t\t\t\n\t\t\t\t\t\n\t\t\t\t\t\n\t\t\t\t\t\n\t\t\t\t\t\t\t\t\t\t<div class=\"m-actionContainer\">\n\t\t\t\t\t\t<div class=\"m-action\">\n\t\t\t\t\t\t\t<span>Mehr erfahren<\/span>\n\t\t\t\t\t\t<\/div>\n\t\t\t\t\t<\/div><!-- \/actionContainer -->\n\t\t\t\t\t\t\t\t\n\t\t\t\t<\/div><!-- \/postsList__item__child__content -->\n\t\t\t<\/div><!-- \/postsList__item__child -->\n\t\t<\/a><!-- \/postsList__item__link -->\n\t<\/div><!-- \/postsList__item -->\n\n\n\n\n\n                    \n                                            \n                            \n\n\n\n\n\n\n\n\n\n\n\n\n\n\n\n\n\t<div class=\"m-postsList__item col-12 col-md-6 col-lg-6\">\n\n\t\t<a href=\"https:\/\/www.cbti-bkvt.org\/de\/evenement\/le-rgpd-un-cadeau-empoisonne-2\/\" title=\"\" class=\"m-postsList__item__link\">\n\n\t\t\t<div class=\"m-postsList__item__child\">\n\n\t\t\t\t<div class=\"m-postsList__item__img \"><img \n\t   \tsrc=\"https:\/\/www.cbti-bkvt.org\/wp-content\/uploads\/GDPR-mini-9-540x360.jpg\" \n\t\tsrcset=\"https:\/\/www.cbti-bkvt.org\/wp-content\/uploads\/GDPR-mini-9-540x360.jpg 540w, https:\/\/www.cbti-bkvt.org\/wp-content\/uploads\/GDPR-mini-9.jpg 768w, https:\/\/www.cbti-bkvt.org\/wp-content\/uploads\/GDPR-mini-9.jpg 1000w\" \n\t\tsizes=\"(min-width:768px) 540px, (min-width:1000px) 1000px, 100vw\"  \n\t\talt=\"GDPR-mini.jpg\"\n\t \/><\/div>\n\t\t\t\n\t\t\t\t<div class=\"m-postsList__item__content\">\n\n\t\t\t\t\t\t\t\t\t\t\n\t\t\t\t\t\n\t\t\t\t\t\t\t\t\t\n\t\t\t\t\t<p class=\"m-postsList__item__title  m-postsList__item__title--s1\">Le RGPD, un cadeau empoisonn\u00e9?<\/p>\n\n\t\t\t\t\t\n\t\t\t\t\t\n\t\t\t\t\t\t<p class=\"m-postsList__item__meta m-postsList__item__meta--s1\">\n\n\t\t\t\t\t\t\t\t\t\t\t\t\t\t\n\t\t\t\t\t\t\t\t\t\t\t\t\t\t<span class=\"m-postsList__item__meta__label\">Datum: 17 May 2018 &#8211; Uhr: 18:00 Bis \t\t\t\t\t\t\t\n\t\t\t\t\t\t\t\t\t\t\t\t\t\t\t<span class=\"m-postsList__item__meta__label\"><br \/>Ort: <\/span> Benelux Businesscenter, Boomsesteenweg 690, 2610 Wilrijk-Antwerpen\t\t\t\t\t\t\t\n\t\t\t\t\t\t\t| <span class=\"m-postsList__item__meta__label\">Kategorie: <\/span>Fortbildung\t\t\t\t\t\t\n\t\t\t\t\t\t<\/p>\n\n\t\t\t\t\t\n\t\t\t\t\t\n\t\t\t\t\t\n\t\t\t\t\t\n\t\t\t\t\t\t\t\t\t\t<div class=\"m-actionContainer\">\n\t\t\t\t\t\t<div class=\"m-action\">\n\t\t\t\t\t\t\t<span>Mehr erfahren<\/span>\n\t\t\t\t\t\t<\/div>\n\t\t\t\t\t<\/div><!-- \/actionContainer -->\n\t\t\t\t\t\t\t\t\n\t\t\t\t<\/div><!-- \/postsList__item__child__content -->\n\t\t\t<\/div><!-- \/postsList__item__child -->\n\t\t<\/a><!-- \/postsList__item__link -->\n\t<\/div><!-- \/postsList__item -->\n\n\n\n\n\n                    \n                                            \n                            \n\n\n\n\n\n\n\n\n\n\n\n\n\n\n\n\n\t<div class=\"m-postsList__item col-12 col-md-6 col-lg-6\">\n\n\t\t<a href=\"https:\/\/www.cbti-bkvt.org\/de\/evenement\/le-rgpd-un-cadeau-empoisonne\/\" title=\"\" class=\"m-postsList__item__link\">\n\n\t\t\t<div class=\"m-postsList__item__child\">\n\n\t\t\t\t<div class=\"m-postsList__item__img \"><img \n\t   \tsrc=\"https:\/\/www.cbti-bkvt.org\/wp-content\/uploads\/GDPR-mini-8-540x360.jpg\" \n\t\tsrcset=\"https:\/\/www.cbti-bkvt.org\/wp-content\/uploads\/GDPR-mini-8-540x360.jpg 540w, https:\/\/www.cbti-bkvt.org\/wp-content\/uploads\/GDPR-mini-8.jpg 768w, https:\/\/www.cbti-bkvt.org\/wp-content\/uploads\/GDPR-mini-8.jpg 1000w\" \n\t\tsizes=\"(min-width:768px) 540px, (min-width:1000px) 1000px, 100vw\"  \n\t\talt=\"GDPR-mini.jpg\"\n\t \/><\/div>\n\t\t\t\n\t\t\t\t<div class=\"m-postsList__item__content\">\n\n\t\t\t\t\t\t\t\t\t\t\n\t\t\t\t\t\n\t\t\t\t\t\t\t\t\t\n\t\t\t\t\t<p class=\"m-postsList__item__title  m-postsList__item__title--s1\">Le RGPD, un cadeau empoisonn\u00e9?<\/p>\n\n\t\t\t\t\t\n\t\t\t\t\t\n\t\t\t\t\t\t<p class=\"m-postsList__item__meta m-postsList__item__meta--s1\">\n\n\t\t\t\t\t\t\t\t\t\t\t\t\t\t\n\t\t\t\t\t\t\t\t\t\t\t\t\t\t<span class=\"m-postsList__item__meta__label\">Datum: 2 May 2018 &#8211; Uhr: 14:00 Bis \t\t\t\t\t\t\t\n\t\t\t\t\t\t\t\t\t\t\t\t\t\t\t<span class=\"m-postsList__item__meta__label\"><br \/>Ort: <\/span> CBTI-BKVT &#8211; 24, rue Montoyerstraat &#8211; 1000 Brussels\t\t\t\t\t\t\t\n\t\t\t\t\t\t\t| <span class=\"m-postsList__item__meta__label\">Kategorie: <\/span>Fortbildung\t\t\t\t\t\t\n\t\t\t\t\t\t<\/p>\n\n\t\t\t\t\t\n\t\t\t\t\t\n\t\t\t\t\t\n\t\t\t\t\t\n\t\t\t\t\t\t\t\t\t\t<div class=\"m-actionContainer\">\n\t\t\t\t\t\t<div class=\"m-action\">\n\t\t\t\t\t\t\t<span>Mehr erfahren<\/span>\n\t\t\t\t\t\t<\/div>\n\t\t\t\t\t<\/div><!-- \/actionContainer -->\n\t\t\t\t\t\t\t\t\n\t\t\t\t<\/div><!-- \/postsList__item__child__content -->\n\t\t\t<\/div><!-- \/postsList__item__child -->\n\t\t<\/a><!-- \/postsList__item__link -->\n\t<\/div><!-- \/postsList__item -->\n\n\n\n\n\n                    \n                                            \n                            \n\n\n\n\n\n\n\n\n\n\n\n\n\n\n\n\n\t<div class=\"m-postsList__item col-12 col-md-6 col-lg-6\">\n\n\t\t<a href=\"https:\/\/www.cbti-bkvt.org\/de\/evenement\/atelier-de-redaction-traduction-en-francais\/\" title=\"\" class=\"m-postsList__item__link\">\n\n\t\t\t<div class=\"m-postsList__item__child\">\n\n\t\t\t\t<div class=\"m-postsList__item__img \"><img \n\t   \tsrc=\"https:\/\/www.cbti-bkvt.org\/wp-content\/uploads\/pexels-photo-min-2-540x360.jpg\" \n\t\tsrcset=\"https:\/\/www.cbti-bkvt.org\/wp-content\/uploads\/pexels-photo-min-2-540x360.jpg 540w, https:\/\/www.cbti-bkvt.org\/wp-content\/uploads\/pexels-photo-min-2.jpg 768w, https:\/\/www.cbti-bkvt.org\/wp-content\/uploads\/pexels-photo-min-2.jpg 1000w\" \n\t\tsizes=\"(min-width:768px) 540px, (min-width:1000px) 1000px, 100vw\"  \n\t\talt=\"pexels-photo-min.jpg\"\n\t \/><\/div>\n\t\t\t\n\t\t\t\t<div class=\"m-postsList__item__content\">\n\n\t\t\t\t\t\t\t\t\t\t\n\t\t\t\t\t\n\t\t\t\t\t\t\t\t\t\n\t\t\t\t\t<p class=\"m-postsList__item__title  m-postsList__item__title--s1\">Atelier de r\u00e9daction\/traduction en fran\u00e7ais<\/p>\n\n\t\t\t\t\t\n\t\t\t\t\t\n\t\t\t\t\t\t<p class=\"m-postsList__item__meta m-postsList__item__meta--s1\">\n\n\t\t\t\t\t\t\t\t\t\t\t\t\t\t\n\t\t\t\t\t\t\t\t\t\t\t\t\t\t<span class=\"m-postsList__item__meta__label\">Datum: 26 April 2018 &#8211; Uhr: 09:30 Bis 13:30\t\t\t\t\t\t\t\n\t\t\t\t\t\t\t\t\t\t\t\t\t\t\t<span class=\"m-postsList__item__meta__label\"><br \/>Ort: <\/span> Rue Montoyer 24, 1000 Bruxelles (rez-de-chauss\u00e9e).\t\t\t\t\t\t\t\n\t\t\t\t\t\t\t| <span class=\"m-postsList__item__meta__label\">Kategorie: <\/span>Fortbildung\t\t\t\t\t\t\n\t\t\t\t\t\t<\/p>\n\n\t\t\t\t\t\n\t\t\t\t\t\n\t\t\t\t\t\n\t\t\t\t\t\n\t\t\t\t\t\t\t\t\t\t<div class=\"m-actionContainer\">\n\t\t\t\t\t\t<div class=\"m-action\">\n\t\t\t\t\t\t\t<span>Mehr erfahren<\/span>\n\t\t\t\t\t\t<\/div>\n\t\t\t\t\t<\/div><!-- \/actionContainer -->\n\t\t\t\t\t\t\t\t\n\t\t\t\t<\/div><!-- \/postsList__item__child__content -->\n\t\t\t<\/div><!-- \/postsList__item__child -->\n\t\t<\/a><!-- \/postsList__item__link -->\n\t<\/div><!-- \/postsList__item -->\n\n\n\n\n\n                    \n                                            \n                            \n\n\n\n\n\n\n\n\n\n\n\n\n\n\n\n\n\t<div class=\"m-postsList__item col-12 col-md-6 col-lg-6\">\n\n\t\t<a href=\"https:\/\/www.cbti-bkvt.org\/de\/evenement\/assemblee-generale-de-la-cbti-5\/\" title=\"\" class=\"m-postsList__item__link\">\n\n\t\t\t<div class=\"m-postsList__item__child\">\n\n\t\t\t\t<div class=\"m-postsList__item__img \"><img \n\t   \tsrc=\"https:\/\/www.cbti-bkvt.org\/wp-content\/uploads\/image_2017-04-21-13-23-12_58f9eba089963_elizabeth-new-theatre-4-lo-min-2-540x360.jpg\" \n\t\tsrcset=\"https:\/\/www.cbti-bkvt.org\/wp-content\/uploads\/image_2017-04-21-13-23-12_58f9eba089963_elizabeth-new-theatre-4-lo-min-2-540x360.jpg 540w, https:\/\/www.cbti-bkvt.org\/wp-content\/uploads\/image_2017-04-21-13-23-12_58f9eba089963_elizabeth-new-theatre-4-lo-min-2.jpg 768w, https:\/\/www.cbti-bkvt.org\/wp-content\/uploads\/image_2017-04-21-13-23-12_58f9eba089963_elizabeth-new-theatre-4-lo-min-2.jpg 1000w\" \n\t\tsizes=\"(min-width:768px) 540px, (min-width:1000px) 1000px, 100vw\"  \n\t\talt=\"image_2017-04-21-13-23-12_58f9eba089963_elizabeth-new-theatre-4-lo-min.jpg\"\n\t \/><\/div>\n\t\t\t\n\t\t\t\t<div class=\"m-postsList__item__content\">\n\n\t\t\t\t\t\t\t\t\t\t\n\t\t\t\t\t\n\t\t\t\t\t\t\t\t\t\n\t\t\t\t\t<p class=\"m-postsList__item__title  m-postsList__item__title--s1\">Assembl\u00e9e g\u00e9n\u00e9rale de la CBTI<\/p>\n\n\t\t\t\t\t\n\t\t\t\t\t\n\t\t\t\t\t\t<p class=\"m-postsList__item__meta m-postsList__item__meta--s1\">\n\n\t\t\t\t\t\t\t\t\t\t\t\t\t\t\n\t\t\t\t\t\t\t\t\t\t\t\t\t\t<span class=\"m-postsList__item__meta__label\">Datum: 17 March 2018 &#8211; Uhr: 10:30 Bis 17:30\t\t\t\t\t\t\t\n\t\t\t\t\t\t\t\t\t\t\t\t\t\t\t<span class=\"m-postsList__item__meta__label\"><br \/>Ort: <\/span> LEOPOLD HOTEL BRUSSELS &#8211; Luxemburgstraat\/Rue du Luxembourg 35 &#8211; 1050 Brussels\t\t\t\t\t\t\t\n\t\t\t\t\t\t\t| <span class=\"m-postsList__item__meta__label\">Kategorie: <\/span>CBTI\/BKVT aktuell, Generalversammlung\t\t\t\t\t\t\n\t\t\t\t\t\t<\/p>\n\n\t\t\t\t\t\n\t\t\t\t\t\n\t\t\t\t\t\n\t\t\t\t\t\n\t\t\t\t\t\t\t\t\t\t<div class=\"m-actionContainer\">\n\t\t\t\t\t\t<div class=\"m-action\">\n\t\t\t\t\t\t\t<span>Mehr erfahren<\/span>\n\t\t\t\t\t\t<\/div>\n\t\t\t\t\t<\/div><!-- \/actionContainer -->\n\t\t\t\t\t\t\t\t\n\t\t\t\t<\/div><!-- \/postsList__item__child__content -->\n\t\t\t<\/div><!-- \/postsList__item__child -->\n\t\t<\/a><!-- \/postsList__item__link -->\n\t<\/div><!-- \/postsList__item -->\n\n\n\n\n\n                    \n                                            \n                            \n\n\n\n\n\n\n\n\n\n\n\n\n\n\n\n\n\t<div class=\"m-postsList__item col-12 col-md-6 col-lg-6\">\n\n\t\t<a href=\"https:\/\/www.cbti-bkvt.org\/de\/evenement\/borrelavond-a-enghien\/\" title=\"\" class=\"m-postsList__item__link\">\n\n\t\t\t<div class=\"m-postsList__item__child\">\n\n\t\t\t\t<div class=\"m-postsList__item__img \"><img \n\t   \tsrc=\"https:\/\/www.cbti-bkvt.org\/wp-content\/uploads\/borrel-min-2-540x360.jpg\" \n\t\tsrcset=\"https:\/\/www.cbti-bkvt.org\/wp-content\/uploads\/borrel-min-2-540x360.jpg 540w, https:\/\/www.cbti-bkvt.org\/wp-content\/uploads\/borrel-min-2.jpg 768w, https:\/\/www.cbti-bkvt.org\/wp-content\/uploads\/borrel-min-2.jpg 1000w\" \n\t\tsizes=\"(min-width:768px) 540px, (min-width:1000px) 1000px, 100vw\"  \n\t\talt=\"borrel-min.jpg\"\n\t \/><\/div>\n\t\t\t\n\t\t\t\t<div class=\"m-postsList__item__content\">\n\n\t\t\t\t\t\t\t\t\t\t\n\t\t\t\t\t\n\t\t\t\t\t\t\t\t\t\n\t\t\t\t\t<p class=\"m-postsList__item__title  m-postsList__item__title--s1\">Borrelavond \u00e0 Enghien<\/p>\n\n\t\t\t\t\t\n\t\t\t\t\t\n\t\t\t\t\t\t<p class=\"m-postsList__item__meta m-postsList__item__meta--s1\">\n\n\t\t\t\t\t\t\t\t\t\t\t\t\t\t\n\t\t\t\t\t\t\t\t\t\t\t\t\t\t<span class=\"m-postsList__item__meta__label\">Datum: 14 March 2018 &#8211; Uhr: 20:30 Bis \t\t\t\t\t\t\t\n\t\t\t\t\t\t\t\t\t\t\t\t\t\t\t<span class=\"m-postsList__item__meta__label\"><br \/>Ort: <\/span> Les D\u00e9lices du Parc &#8211; Place Pierre Delannoy, 32 \u00e0 7850 Enghien\t\t\t\t\t\t\t\n\t\t\t\t\t\t\t| <span class=\"m-postsList__item__meta__label\">Kategorie: <\/span>Stammtische\t\t\t\t\t\t\n\t\t\t\t\t\t<\/p>\n\n\t\t\t\t\t\n\t\t\t\t\t\n\t\t\t\t\t\n\t\t\t\t\t\n\t\t\t\t\t\t\t\t\t\t<div class=\"m-actionContainer\">\n\t\t\t\t\t\t<div class=\"m-action\">\n\t\t\t\t\t\t\t<span>Mehr erfahren<\/span>\n\t\t\t\t\t\t<\/div>\n\t\t\t\t\t<\/div><!-- \/actionContainer -->\n\t\t\t\t\t\t\t\t\n\t\t\t\t<\/div><!-- \/postsList__item__child__content -->\n\t\t\t<\/div><!-- \/postsList__item__child -->\n\t\t<\/a><!-- \/postsList__item__link -->\n\t<\/div><!-- \/postsList__item -->\n\n\n\n\n\n                    \n                                            \n                            \n\n\n\n\n\n\n\n\n\n\n\n\n\n\n\n\n\t<div class=\"m-postsList__item col-12 col-md-6 col-lg-6\">\n\n\t\t<a href=\"https:\/\/www.cbti-bkvt.org\/de\/evenement\/lecon-de-francais-avec-mme-lenoble-2\/\" title=\"\" class=\"m-postsList__item__link\">\n\n\t\t\t<div class=\"m-postsList__item__child\">\n\n\t\t\t\t<div class=\"m-postsList__item__img \"><img \n\t   \tsrc=\"https:\/\/www.cbti-bkvt.org\/wp-content\/uploads\/aaron-burden-64849-min-1-540x360.jpg\" \n\t\tsrcset=\"https:\/\/www.cbti-bkvt.org\/wp-content\/uploads\/aaron-burden-64849-min-1-540x360.jpg 540w, https:\/\/www.cbti-bkvt.org\/wp-content\/uploads\/aaron-burden-64849-min-1-1000x666.jpg 768w, https:\/\/www.cbti-bkvt.org\/wp-content\/uploads\/aaron-burden-64849-min-1.jpg 1000w\" \n\t\tsizes=\"(min-width:768px) 540px, (min-width:1000px) 1000px, 100vw\"  \n\t\talt=\"aaron-burden-64849-min.jpg\"\n\t \/><\/div>\n\t\t\t\n\t\t\t\t<div class=\"m-postsList__item__content\">\n\n\t\t\t\t\t\t\t\t\t\t\n\t\t\t\t\t\n\t\t\t\t\t\t\t\t\t\n\t\t\t\t\t<p class=\"m-postsList__item__title  m-postsList__item__title--s1\">Le\u00e7on de fran\u00e7ais avec Mme Lenoble<\/p>\n\n\t\t\t\t\t\n\t\t\t\t\t\n\t\t\t\t\t\t<p class=\"m-postsList__item__meta m-postsList__item__meta--s1\">\n\n\t\t\t\t\t\t\t\t\t\t\t\t\t\t\n\t\t\t\t\t\t\t\t\t\t\t\t\t\t<span class=\"m-postsList__item__meta__label\">Datum: 10 March 2018 &#8211; Uhr: 11:30 Bis 17:00\t\t\t\t\t\t\t\n\t\t\t\t\t\t\t\t\t\t\t\t\t\t\t<span class=\"m-postsList__item__meta__label\"><br \/>Ort: <\/span> Universit\u00e9 de Li\u00e8ge  &#8211; B\u00e2timent A4, local S100 &#8211; 1, quai Roosevelt &#8211; 4000 Li\u00e8ge (entr\u00e9e par la cour du th\u00e9\u00e2tre universitaire)\t\t\t\t\t\t\t\n\t\t\t\t\t\t\t| <span class=\"m-postsList__item__meta__label\">Kategorie: <\/span>Fortbildung\t\t\t\t\t\t\n\t\t\t\t\t\t<\/p>\n\n\t\t\t\t\t\n\t\t\t\t\t\n\t\t\t\t\t\n\t\t\t\t\t\n\t\t\t\t\t\t\t\t\t\t<div class=\"m-actionContainer\">\n\t\t\t\t\t\t<div class=\"m-action\">\n\t\t\t\t\t\t\t<span>Mehr erfahren<\/span>\n\t\t\t\t\t\t<\/div>\n\t\t\t\t\t<\/div><!-- \/actionContainer -->\n\t\t\t\t\t\t\t\t\n\t\t\t\t<\/div><!-- \/postsList__item__child__content -->\n\t\t\t<\/div><!-- \/postsList__item__child -->\n\t\t<\/a><!-- \/postsList__item__link -->\n\t<\/div><!-- \/postsList__item -->\n\n\n\n\n\n                    \n                                            \n                            \n\n\n\n\n\n\n\n\n\n\n\n\n\n\n\n\n\t<div class=\"m-postsList__item col-12 col-md-6 col-lg-6\">\n\n\t\t<a href=\"https:\/\/www.cbti-bkvt.org\/de\/evenement\/atelier-sur-la-redaction-doffres\/\" title=\"\" class=\"m-postsList__item__link\">\n\n\t\t\t<div class=\"m-postsList__item__child\">\n\n\t\t\t\t<div class=\"m-postsList__item__img \"><img \n\t   \tsrc=\"https:\/\/www.cbti-bkvt.org\/wp-content\/uploads\/data-min-2-540x360.jpg\" \n\t\tsrcset=\"https:\/\/www.cbti-bkvt.org\/wp-content\/uploads\/data-min-2-540x360.jpg 540w, https:\/\/www.cbti-bkvt.org\/wp-content\/uploads\/data-min-2.jpg 768w, https:\/\/www.cbti-bkvt.org\/wp-content\/uploads\/data-min-2.jpg 1000w\" \n\t\tsizes=\"(min-width:768px) 540px, (min-width:1000px) 1000px, 100vw\"  \n\t\talt=\"data-min.jpg\"\n\t \/><\/div>\n\t\t\t\n\t\t\t\t<div class=\"m-postsList__item__content\">\n\n\t\t\t\t\t\t\t\t\t\t\n\t\t\t\t\t\n\t\t\t\t\t\t\t\t\t\n\t\t\t\t\t<p class=\"m-postsList__item__title  m-postsList__item__title--s1\">Atelier sur la r\u00e9daction d\u2019offres<\/p>\n\n\t\t\t\t\t\n\t\t\t\t\t\n\t\t\t\t\t\t<p class=\"m-postsList__item__meta m-postsList__item__meta--s1\">\n\n\t\t\t\t\t\t\t\t\t\t\t\t\t\t\n\t\t\t\t\t\t\t\t\t\t\t\t\t\t<span class=\"m-postsList__item__meta__label\">Datum: 2 March 2018 &#8211; Uhr: 15:00 Bis \t\t\t\t\t\t\t\n\t\t\t\t\t\t\t\t\t\t\t\t\t\t\t<span class=\"m-postsList__item__meta__label\"><br \/>Ort: <\/span> CBTI-BKVT &#8211; 24, rue Montoyerstraat &#8211; 1000 Brussels\t\t\t\t\t\t\t\n\t\t\t\t\t\t\t| <span class=\"m-postsList__item__meta__label\">Kategorie: <\/span>Fortbildung\t\t\t\t\t\t\n\t\t\t\t\t\t<\/p>\n\n\t\t\t\t\t\n\t\t\t\t\t\n\t\t\t\t\t\n\t\t\t\t\t\n\t\t\t\t\t\t\t\t\t\t<div class=\"m-actionContainer\">\n\t\t\t\t\t\t<div class=\"m-action\">\n\t\t\t\t\t\t\t<span>Mehr erfahren<\/span>\n\t\t\t\t\t\t<\/div>\n\t\t\t\t\t<\/div><!-- \/actionContainer -->\n\t\t\t\t\t\t\t\t\n\t\t\t\t<\/div><!-- \/postsList__item__child__content -->\n\t\t\t<\/div><!-- \/postsList__item__child -->\n\t\t<\/a><!-- \/postsList__item__link -->\n\t<\/div><!-- \/postsList__item -->\n\n\n\n\n\n                    \n                                            \n                            \n\n\n\n\n\n\n\n\n\n\n\n\n\n\n\n\n\t<div class=\"m-postsList__item col-12 col-md-6 col-lg-6\">\n\n\t\t<a href=\"https:\/\/www.cbti-bkvt.org\/de\/evenement\/atelier-comment-determiner-un-tarif-correct-4\/\" title=\"\" class=\"m-postsList__item__link\">\n\n\t\t\t<div class=\"m-postsList__item__child\">\n\n\t\t\t\t<div class=\"m-postsList__item__img \"><img \n\t   \tsrc=\"https:\/\/www.cbti-bkvt.org\/wp-content\/uploads\/rates-min-2-540x360.jpg\" \n\t\tsrcset=\"https:\/\/www.cbti-bkvt.org\/wp-content\/uploads\/rates-min-2-540x360.jpg 540w, https:\/\/www.cbti-bkvt.org\/wp-content\/uploads\/rates-min-2.jpg 768w, https:\/\/www.cbti-bkvt.org\/wp-content\/uploads\/rates-min-2.jpg 1000w\" \n\t\tsizes=\"(min-width:768px) 540px, (min-width:1000px) 1000px, 100vw\"  \n\t\talt=\"rates-min.jpg\"\n\t \/><\/div>\n\t\t\t\n\t\t\t\t<div class=\"m-postsList__item__content\">\n\n\t\t\t\t\t\t\t\t\t\t\n\t\t\t\t\t\n\t\t\t\t\t\t\t\t\t\n\t\t\t\t\t<p class=\"m-postsList__item__title  m-postsList__item__title--s1\">Atelier : comment d\u00e9terminer un tarif correct<\/p>\n\n\t\t\t\t\t\n\t\t\t\t\t\n\t\t\t\t\t\t<p class=\"m-postsList__item__meta m-postsList__item__meta--s1\">\n\n\t\t\t\t\t\t\t\t\t\t\t\t\t\t\n\t\t\t\t\t\t\t\t\t\t\t\t\t\t<span class=\"m-postsList__item__meta__label\">Datum: 26 February 2018 &#8211; Uhr: 16:00 Bis 19:00\t\t\t\t\t\t\t\n\t\t\t\t\t\t\t\t\t\t\t\t\t\t\t<span class=\"m-postsList__item__meta__label\"><br \/>Ort: <\/span> CBTI-BKVT &#8211; 24, rue Montoyerstraat &#8211; 1000 Brussels\t\t\t\t\t\t\t\n\t\t\t\t\t\t\t| <span class=\"m-postsList__item__meta__label\">Kategorie: <\/span>Fortbildung\t\t\t\t\t\t\n\t\t\t\t\t\t<\/p>\n\n\t\t\t\t\t\n\t\t\t\t\t\n\t\t\t\t\t\n\t\t\t\t\t\n\t\t\t\t\t\t\t\t\t\t<div class=\"m-actionContainer\">\n\t\t\t\t\t\t<div class=\"m-action\">\n\t\t\t\t\t\t\t<span>Mehr erfahren<\/span>\n\t\t\t\t\t\t<\/div>\n\t\t\t\t\t<\/div><!-- \/actionContainer -->\n\t\t\t\t\t\t\t\t\n\t\t\t\t<\/div><!-- \/postsList__item__child__content -->\n\t\t\t<\/div><!-- \/postsList__item__child -->\n\t\t<\/a><!-- \/postsList__item__link -->\n\t<\/div><!-- \/postsList__item -->\n\n\n\n\n\n                    \n                                            \n                            \n\n\n\n\n\n\n\n\n\n\n\n\n\n\n\n\n\t<div class=\"m-postsList__item col-12 col-md-6 col-lg-6\">\n\n\t\t<a href=\"https:\/\/www.cbti-bkvt.org\/de\/evenement\/la-cbti-celebre-le-nouvel-an\/\" title=\"\" class=\"m-postsList__item__link\">\n\n\t\t\t<div class=\"m-postsList__item__child\">\n\n\t\t\t\t<div class=\"m-postsList__item__img \"><img \n\t   \tsrc=\"https:\/\/www.cbti-bkvt.org\/wp-content\/uploads\/champaign-celebration-toast-beverage-concept-PL43C2H-min-2-540x360.jpg\" \n\t\tsrcset=\"https:\/\/www.cbti-bkvt.org\/wp-content\/uploads\/champaign-celebration-toast-beverage-concept-PL43C2H-min-2-540x360.jpg 540w, https:\/\/www.cbti-bkvt.org\/wp-content\/uploads\/champaign-celebration-toast-beverage-concept-PL43C2H-min-2.jpg 768w, https:\/\/www.cbti-bkvt.org\/wp-content\/uploads\/champaign-celebration-toast-beverage-concept-PL43C2H-min-2.jpg 1000w\" \n\t\tsizes=\"(min-width:768px) 540px, (min-width:1000px) 1000px, 100vw\"  \n\t\talt=\"champaign-celebration-toast-beverage-concept-PL43C2H-min.jpg\"\n\t \/><\/div>\n\t\t\t\n\t\t\t\t<div class=\"m-postsList__item__content\">\n\n\t\t\t\t\t\t\t\t\t\t\n\t\t\t\t\t\n\t\t\t\t\t\t\t\t\t\n\t\t\t\t\t<p class=\"m-postsList__item__title  m-postsList__item__title--s1\">La CBTI c\u00e9l\u00e8bre le Nouvel An !<\/p>\n\n\t\t\t\t\t\n\t\t\t\t\t\n\t\t\t\t\t\t<p class=\"m-postsList__item__meta m-postsList__item__meta--s1\">\n\n\t\t\t\t\t\t\t\t\t\t\t\t\t\t\n\t\t\t\t\t\t\t\t\t\t\t\t\t\t<span class=\"m-postsList__item__meta__label\">Datum: 26 January 2018 &#8211; Uhr: 17:00 Bis \t\t\t\t\t\t\t\n\t\t\t\t\t\t\t\t\t\t\t\t\t\t\t<span class=\"m-postsList__item__meta__label\"><br \/>Ort: <\/span> Renaissance Brussels Hotel &#8211; Parnassusstraat\/Rue du Parnasse 19 &#8211; 1050 Brussels\t\t\t\t\t\t\t\n\t\t\t\t\t\t\t| <span class=\"m-postsList__item__meta__label\">Kategorie: <\/span>CBTI\/BKVT aktuell\t\t\t\t\t\t\n\t\t\t\t\t\t<\/p>\n\n\t\t\t\t\t\n\t\t\t\t\t\n\t\t\t\t\t\n\t\t\t\t\t\n\t\t\t\t\t\t\t\t\t\t<div class=\"m-actionContainer\">\n\t\t\t\t\t\t<div class=\"m-action\">\n\t\t\t\t\t\t\t<span>Mehr erfahren<\/span>\n\t\t\t\t\t\t<\/div>\n\t\t\t\t\t<\/div><!-- \/actionContainer -->\n\t\t\t\t\t\t\t\t\n\t\t\t\t<\/div><!-- \/postsList__item__child__content -->\n\t\t\t<\/div><!-- \/postsList__item__child -->\n\t\t<\/a><!-- \/postsList__item__link -->\n\t<\/div><!-- \/postsList__item -->\n\n\n\n\n\n                    \n                                            \n                            \n\n\n\n\n\n\n\n\n\n\n\n\n\n\n\n\n\t<div class=\"m-postsList__item col-12 col-md-6 col-lg-6\">\n\n\t\t<a href=\"https:\/\/www.cbti-bkvt.org\/de\/evenement\/seance-dinformation-avec-le-spf-justice\/\" title=\"\" class=\"m-postsList__item__link\">\n\n\t\t\t<div class=\"m-postsList__item__child\">\n\n\t\t\t\t<div class=\"m-postsList__item__img \"><img \n\t   \tsrc=\"https:\/\/www.cbti-bkvt.org\/wp-content\/uploads\/hammer-money-product-justice-copper-dollar-567209-pxhere.com-min-2-540x360.jpg\" \n\t\tsrcset=\"https:\/\/www.cbti-bkvt.org\/wp-content\/uploads\/hammer-money-product-justice-copper-dollar-567209-pxhere.com-min-2-540x360.jpg 540w, https:\/\/www.cbti-bkvt.org\/wp-content\/uploads\/hammer-money-product-justice-copper-dollar-567209-pxhere.com-min-2-1000x666.jpg 768w, https:\/\/www.cbti-bkvt.org\/wp-content\/uploads\/hammer-money-product-justice-copper-dollar-567209-pxhere.com-min-2.jpg 1000w\" \n\t\tsizes=\"(min-width:768px) 540px, (min-width:1000px) 1000px, 100vw\"  \n\t\talt=\"hammer-money-product-justice-copper-dollar-567209-pxhere.com-min.jpg\"\n\t \/><\/div>\n\t\t\t\n\t\t\t\t<div class=\"m-postsList__item__content\">\n\n\t\t\t\t\t\t\t\t\t\t\n\t\t\t\t\t\n\t\t\t\t\t\t\t\t\t\n\t\t\t\t\t<p class=\"m-postsList__item__title  m-postsList__item__title--s1\">S\u00e9ance d\u2019information avec le SPF Justice<\/p>\n\n\t\t\t\t\t\n\t\t\t\t\t\n\t\t\t\t\t\t<p class=\"m-postsList__item__meta m-postsList__item__meta--s1\">\n\n\t\t\t\t\t\t\t\t\t\t\t\t\t\t\n\t\t\t\t\t\t\t\t\t\t\t\t\t\t<span class=\"m-postsList__item__meta__label\">Datum: 14 December 2017 &#8211; Uhr: 15:00 Bis 18:00\t\t\t\t\t\t\t\n\t\t\t\t\t\t\t\t\t\t\t\t\t\t\t<span class=\"m-postsList__item__meta__label\"><br \/>Ort: <\/span> FOD Justitie, Waterloolaan 115, 1000 Brussel &#8211; SPF Justice, 115 boulevard de Waterloo, 1000 Bruxelles\t\t\t\t\t\t\t\n\t\t\t\t\t\t\t| <span class=\"m-postsList__item__meta__label\">Kategorie: <\/span>Vereidigte \u00dcbersetzer\/Dolmetscher\t\t\t\t\t\t\n\t\t\t\t\t\t<\/p>\n\n\t\t\t\t\t\n\t\t\t\t\t\n\t\t\t\t\t\n\t\t\t\t\t\n\t\t\t\t\t\t\t\t\t\t<div class=\"m-actionContainer\">\n\t\t\t\t\t\t<div class=\"m-action\">\n\t\t\t\t\t\t\t<span>Mehr erfahren<\/span>\n\t\t\t\t\t\t<\/div>\n\t\t\t\t\t<\/div><!-- \/actionContainer -->\n\t\t\t\t\t\t\t\t\n\t\t\t\t<\/div><!-- \/postsList__item__child__content -->\n\t\t\t<\/div><!-- \/postsList__item__child -->\n\t\t<\/a><!-- \/postsList__item__link -->\n\t<\/div><!-- \/postsList__item -->\n\n\n\n\n\n                    \n                                            \n                            \n\n\n\n\n\n\n\n\n\n\n\n\n\n\n\n\n\t<div class=\"m-postsList__item col-12 col-md-6 col-lg-6\">\n\n\t\t<a href=\"https:\/\/www.cbti-bkvt.org\/de\/evenement\/atelier-comment-se-specialiser-2\/\" title=\"\" class=\"m-postsList__item__link\">\n\n\t\t\t<div class=\"m-postsList__item__child\">\n\n\t\t\t\t<div class=\"m-postsList__item__img \"><img \n\t   \tsrc=\"https:\/\/www.cbti-bkvt.org\/wp-content\/uploads\/33720891732_4a554a658f_k-min-2-540x360.jpg\" \n\t\tsrcset=\"https:\/\/www.cbti-bkvt.org\/wp-content\/uploads\/33720891732_4a554a658f_k-min-2-540x360.jpg 540w, https:\/\/www.cbti-bkvt.org\/wp-content\/uploads\/33720891732_4a554a658f_k-min-2.jpg 768w, https:\/\/www.cbti-bkvt.org\/wp-content\/uploads\/33720891732_4a554a658f_k-min-2.jpg 1000w\" \n\t\tsizes=\"(min-width:768px) 540px, (min-width:1000px) 1000px, 100vw\"  \n\t\talt=\"33720891732_4a554a658f_k-min.jpg\"\n\t \/><\/div>\n\t\t\t\n\t\t\t\t<div class=\"m-postsList__item__content\">\n\n\t\t\t\t\t\t\t\t\t\t\n\t\t\t\t\t\n\t\t\t\t\t\t\t\t\t\n\t\t\t\t\t<p class=\"m-postsList__item__title  m-postsList__item__title--s1\">Atelier : comment se sp\u00e9cialiser<\/p>\n\n\t\t\t\t\t\n\t\t\t\t\t\n\t\t\t\t\t\t<p class=\"m-postsList__item__meta m-postsList__item__meta--s1\">\n\n\t\t\t\t\t\t\t\t\t\t\t\t\t\t\n\t\t\t\t\t\t\t\t\t\t\t\t\t\t<span class=\"m-postsList__item__meta__label\">Datum: 11 December 2017 &#8211; Uhr: 16:00 Bis 19:00\t\t\t\t\t\t\t\n\t\t\t\t\t\t\t\t\t\t\t\t\t\t\t<span class=\"m-postsList__item__meta__label\"><br \/>Ort: <\/span> CBTI-BKVT &#8211; 24, rue Montoyerstraat &#8211; 1000 Brussels\t\t\t\t\t\t\t\n\t\t\t\t\t\t\t| <span class=\"m-postsList__item__meta__label\">Kategorie: <\/span>Fortbildung\t\t\t\t\t\t\n\t\t\t\t\t\t<\/p>\n\n\t\t\t\t\t\n\t\t\t\t\t\n\t\t\t\t\t\n\t\t\t\t\t\n\t\t\t\t\t\t\t\t\t\t<div class=\"m-actionContainer\">\n\t\t\t\t\t\t<div class=\"m-action\">\n\t\t\t\t\t\t\t<span>Mehr erfahren<\/span>\n\t\t\t\t\t\t<\/div>\n\t\t\t\t\t<\/div><!-- \/actionContainer -->\n\t\t\t\t\t\t\t\t\n\t\t\t\t<\/div><!-- \/postsList__item__child__content -->\n\t\t\t<\/div><!-- \/postsList__item__child -->\n\t\t<\/a><!-- \/postsList__item__link -->\n\t<\/div><!-- \/postsList__item -->\n\n\n\n\n\n                    \n                                            \n                            \n\n\n\n\n\n\n\n\n\n\n\n\n\n\n\n\n\t<div class=\"m-postsList__item col-12 col-md-6 col-lg-6\">\n\n\t\t<a href=\"https:\/\/www.cbti-bkvt.org\/de\/evenement\/borrelavond-a-jodoigne-3\/\" title=\"\" class=\"m-postsList__item__link\">\n\n\t\t\t<div class=\"m-postsList__item__child\">\n\n\t\t\t\t<div class=\"m-postsList__item__img \"><img \n\t   \tsrc=\"https:\/\/www.cbti-bkvt.org\/wp-content\/uploads\/elli-o-33653-min-2-540x360.jpg\" \n\t\tsrcset=\"https:\/\/www.cbti-bkvt.org\/wp-content\/uploads\/elli-o-33653-min-2-540x360.jpg 540w, https:\/\/www.cbti-bkvt.org\/wp-content\/uploads\/elli-o-33653-min-2.jpg 768w, https:\/\/www.cbti-bkvt.org\/wp-content\/uploads\/elli-o-33653-min-2.jpg 1000w\" \n\t\tsizes=\"(min-width:768px) 540px, (min-width:1000px) 1000px, 100vw\"  \n\t\talt=\"elli-o-33653-min.jpg\"\n\t \/><\/div>\n\t\t\t\n\t\t\t\t<div class=\"m-postsList__item__content\">\n\n\t\t\t\t\t\t\t\t\t\t\n\t\t\t\t\t\n\t\t\t\t\t\t\t\t\t\n\t\t\t\t\t<p class=\"m-postsList__item__title  m-postsList__item__title--s1\">Borrelavond \u00e0 Jodoigne<\/p>\n\n\t\t\t\t\t\n\t\t\t\t\t\n\t\t\t\t\t\t<p class=\"m-postsList__item__meta m-postsList__item__meta--s1\">\n\n\t\t\t\t\t\t\t\t\t\t\t\t\t\t\n\t\t\t\t\t\t\t\t\t\t\t\t\t\t<span class=\"m-postsList__item__meta__label\">Datum: 30 November 2017 &#8211; Uhr: 20:00 Bis \t\t\t\t\t\t\t\n\t\t\t\t\t\t\t\t\t\t\t\t\t\t\t<span class=\"m-postsList__item__meta__label\"><br \/>Ort: <\/span> Les Herbes tha\u00ef &#8211; Rue Saint Jean, 6 &#8211; 1370 Jodoigne\t\t\t\t\t\t\t\n\t\t\t\t\t\t\t| <span class=\"m-postsList__item__meta__label\">Kategorie: <\/span>Stammtische\t\t\t\t\t\t\n\t\t\t\t\t\t<\/p>\n\n\t\t\t\t\t\n\t\t\t\t\t\n\t\t\t\t\t\n\t\t\t\t\t\n\t\t\t\t\t\t\t\t\t\t<div class=\"m-actionContainer\">\n\t\t\t\t\t\t<div class=\"m-action\">\n\t\t\t\t\t\t\t<span>Mehr erfahren<\/span>\n\t\t\t\t\t\t<\/div>\n\t\t\t\t\t<\/div><!-- \/actionContainer -->\n\t\t\t\t\t\t\t\t\n\t\t\t\t<\/div><!-- \/postsList__item__child__content -->\n\t\t\t<\/div><!-- \/postsList__item__child -->\n\t\t<\/a><!-- \/postsList__item__link -->\n\t<\/div><!-- \/postsList__item -->\n\n\n\n\n\n                    \n                                            \n                            \n\n\n\n\n\n\n\n\n\n\n\n\n\n\n\n\n\t<div class=\"m-postsList__item col-12 col-md-6 col-lg-6\">\n\n\t\t<a href=\"https:\/\/www.cbti-bkvt.org\/de\/evenement\/atelier-sur-le-reseautage-2\/\" title=\"\" class=\"m-postsList__item__link\">\n\n\t\t\t<div class=\"m-postsList__item__child\">\n\n\t\t\t\t<div class=\"m-postsList__item__img \"><img \n\t   \tsrc=\"https:\/\/www.cbti-bkvt.org\/wp-content\/uploads\/play-stone-network-networked-interactive-163064-min-2-540x360.jpeg\" \n\t\tsrcset=\"https:\/\/www.cbti-bkvt.org\/wp-content\/uploads\/play-stone-network-networked-interactive-163064-min-2-540x360.jpeg 540w, https:\/\/www.cbti-bkvt.org\/wp-content\/uploads\/play-stone-network-networked-interactive-163064-min-2.jpeg 768w, https:\/\/www.cbti-bkvt.org\/wp-content\/uploads\/play-stone-network-networked-interactive-163064-min-2.jpeg 1000w\" \n\t\tsizes=\"(min-width:768px) 540px, (min-width:1000px) 1000px, 100vw\"  \n\t\talt=\"play-stone-network-networked-interactive-163064-min.jpeg\"\n\t \/><\/div>\n\t\t\t\n\t\t\t\t<div class=\"m-postsList__item__content\">\n\n\t\t\t\t\t\t\t\t\t\t\n\t\t\t\t\t\n\t\t\t\t\t\t\t\t\t\n\t\t\t\t\t<p class=\"m-postsList__item__title  m-postsList__item__title--s1\">Atelier sur le r\u00e9seautage<\/p>\n\n\t\t\t\t\t\n\t\t\t\t\t\n\t\t\t\t\t\t<p class=\"m-postsList__item__meta m-postsList__item__meta--s1\">\n\n\t\t\t\t\t\t\t\t\t\t\t\t\t\t\n\t\t\t\t\t\t\t\t\t\t\t\t\t\t<span class=\"m-postsList__item__meta__label\">Datum: 13 November 2017 &#8211; Uhr: 16:00 Bis 19:00\t\t\t\t\t\t\t\n\t\t\t\t\t\t\t\t\t\t\t\t\t\t\t<span class=\"m-postsList__item__meta__label\"><br \/>Ort: <\/span> CBTI-BKVT &#8211; 24, rue Montoyerstraat &#8211; 1000 Brussels\t\t\t\t\t\t\t\n\t\t\t\t\t\t\t| <span class=\"m-postsList__item__meta__label\">Kategorie: <\/span>Fortbildung\t\t\t\t\t\t\n\t\t\t\t\t\t<\/p>\n\n\t\t\t\t\t\n\t\t\t\t\t\n\t\t\t\t\t\n\t\t\t\t\t\n\t\t\t\t\t\t\t\t\t\t<div class=\"m-actionContainer\">\n\t\t\t\t\t\t<div class=\"m-action\">\n\t\t\t\t\t\t\t<span>Mehr erfahren<\/span>\n\t\t\t\t\t\t<\/div>\n\t\t\t\t\t<\/div><!-- \/actionContainer -->\n\t\t\t\t\t\t\t\t\n\t\t\t\t<\/div><!-- \/postsList__item__child__content -->\n\t\t\t<\/div><!-- \/postsList__item__child -->\n\t\t<\/a><!-- \/postsList__item__link -->\n\t<\/div><!-- \/postsList__item -->\n\n\n\n\n\n                    \n                                            \n                            \n\n\n\n\n\n\n\n\n\n\n\n\n\n\n\n\n\t<div class=\"m-postsList__item col-12 col-md-6 col-lg-6\">\n\n\t\t<a href=\"https:\/\/www.cbti-bkvt.org\/de\/evenement\/festival-litteraire-mixed-zone-passages\/\" title=\"\" class=\"m-postsList__item__link\">\n\n\t\t\t<div class=\"m-postsList__item__child\">\n\n\t\t\t\t<div class=\"m-postsList__item__img \"><img \n\t   \tsrc=\"https:\/\/www.cbti-bkvt.org\/wp-content\/uploads\/Festival-2-540x360.png\" \n\t\tsrcset=\"https:\/\/www.cbti-bkvt.org\/wp-content\/uploads\/Festival-2-540x360.png 540w, https:\/\/www.cbti-bkvt.org\/wp-content\/uploads\/Festival-2-1000x553.png 768w, https:\/\/www.cbti-bkvt.org\/wp-content\/uploads\/Festival-2.png 1000w\" \n\t\tsizes=\"(min-width:768px) 540px, (min-width:1000px) 1000px, 100vw\"  \n\t\talt=\"Festival.png\"\n\t \/><\/div>\n\t\t\t\n\t\t\t\t<div class=\"m-postsList__item__content\">\n\n\t\t\t\t\t\t\t\t\t\t\n\t\t\t\t\t\n\t\t\t\t\t\t\t\t\t\n\t\t\t\t\t<p class=\"m-postsList__item__title  m-postsList__item__title--s1\">Festival litt\u00e9raire MIXED ZONE: Passages<\/p>\n\n\t\t\t\t\t\n\t\t\t\t\t\n\t\t\t\t\t\t<p class=\"m-postsList__item__meta m-postsList__item__meta--s1\">\n\n\t\t\t\t\t\t\t\t\t\t\t\t\t\t\n\t\t\t\t\t\t\t\t\t\t\t\t\t\t<span class=\"m-postsList__item__meta__label\">Datum: 24 October 2017 &#8211; Uhr: 00:00 Bis 00:00\t\t\t\t\t\t\t\n\t\t\t\t\t\t\t\t\t\t\t\t\t\t\t<span class=\"m-postsList__item__meta__label\"><br \/>Ort: <\/span> Li\u00e8ge\t\t\t\t\t\t\t\n\t\t\t\t\t\t\t| <span class=\"m-postsList__item__meta__label\">Kategorie: <\/span>Konferenzen, Sonstige Veranstaltungen\t\t\t\t\t\t\n\t\t\t\t\t\t<\/p>\n\n\t\t\t\t\t\n\t\t\t\t\t\n\t\t\t\t\t\n\t\t\t\t\t\n\t\t\t\t\t\t\t\t\t\t<div class=\"m-actionContainer\">\n\t\t\t\t\t\t<div class=\"m-action\">\n\t\t\t\t\t\t\t<span>Mehr erfahren<\/span>\n\t\t\t\t\t\t<\/div>\n\t\t\t\t\t<\/div><!-- \/actionContainer -->\n\t\t\t\t\t\t\t\t\n\t\t\t\t<\/div><!-- \/postsList__item__child__content -->\n\t\t\t<\/div><!-- \/postsList__item__child -->\n\t\t<\/a><!-- \/postsList__item__link -->\n\t<\/div><!-- \/postsList__item -->\n\n\n\n\n\n                    \n                                            \n                            \n\n\n\n\n\n\n\n\n\n\n\n\n\n\n\n\n\t<div class=\"m-postsList__item col-12 col-md-6 col-lg-6\">\n\n\t\t<a href=\"https:\/\/www.cbti-bkvt.org\/de\/evenement\/24e-reunion-du-reseau-franco-allemand-lyon\/\" title=\"\" class=\"m-postsList__item__link\">\n\n\t\t\t<div class=\"m-postsList__item__child\">\n\n\t\t\t\t<div class=\"m-postsList__item__img \"><img \n\t   \tsrc=\"https:\/\/www.cbti-bkvt.org\/wp-content\/uploads\/lyon-803441_960_720-min-2-540x360.jpg\" \n\t\tsrcset=\"https:\/\/www.cbti-bkvt.org\/wp-content\/uploads\/lyon-803441_960_720-min-2-540x360.jpg 540w, https:\/\/www.cbti-bkvt.org\/wp-content\/uploads\/lyon-803441_960_720-min-2.jpg 768w, https:\/\/www.cbti-bkvt.org\/wp-content\/uploads\/lyon-803441_960_720-min-2.jpg 1000w\" \n\t\tsizes=\"(min-width:768px) 540px, (min-width:1000px) 1000px, 100vw\"  \n\t\talt=\"lyon-803441_960_720-min.jpg\"\n\t \/><\/div>\n\t\t\t\n\t\t\t\t<div class=\"m-postsList__item__content\">\n\n\t\t\t\t\t\t\t\t\t\t\n\t\t\t\t\t\n\t\t\t\t\t\t\t\t\t\n\t\t\t\t\t<p class=\"m-postsList__item__title  m-postsList__item__title--s1\">24e r\u00e9union du R\u00e9seau franco-allemand (Lyon)<\/p>\n\n\t\t\t\t\t\n\t\t\t\t\t\n\t\t\t\t\t\t<p class=\"m-postsList__item__meta m-postsList__item__meta--s1\">\n\n\t\t\t\t\t\t\t\t\t\t\t\t\t\t\n\t\t\t\t\t\t\t\t\t\t\t\t\t\t<span class=\"m-postsList__item__meta__label\">Datum: 20 October 2017 &#8211; Uhr: 00:00 Bis 00:00\t\t\t\t\t\t\t\n\t\t\t\t\t\t\t\t\t\t\t\t\t\t\t<span class=\"m-postsList__item__meta__label\"><br \/>Ort: <\/span> Lyon, France\t\t\t\t\t\t\t\n\t\t\t\t\t\t\t| <span class=\"m-postsList__item__meta__label\">Kategorie: <\/span>Deutsch-franz\u00f6sisches Netzwerk\t\t\t\t\t\t\n\t\t\t\t\t\t<\/p>\n\n\t\t\t\t\t\n\t\t\t\t\t\n\t\t\t\t\t\n\t\t\t\t\t\n\t\t\t\t\t\t\t\t\t\t<div class=\"m-actionContainer\">\n\t\t\t\t\t\t<div class=\"m-action\">\n\t\t\t\t\t\t\t<span>Mehr erfahren<\/span>\n\t\t\t\t\t\t<\/div>\n\t\t\t\t\t<\/div><!-- \/actionContainer -->\n\t\t\t\t\t\t\t\t\n\t\t\t\t<\/div><!-- \/postsList__item__child__content -->\n\t\t\t<\/div><!-- \/postsList__item__child -->\n\t\t<\/a><!-- \/postsList__item__link -->\n\t<\/div><!-- \/postsList__item -->\n\n\n\n\n\n                    \n                                            \n                            \n\n\n\n\n\n\n\n\n\n\n\n\n\n\n\n\n\t<div class=\"m-postsList__item col-12 col-md-6 col-lg-6\">\n\n\t\t<a href=\"https:\/\/www.cbti-bkvt.org\/de\/evenement\/borrelavond-a-namur\/\" title=\"\" class=\"m-postsList__item__link\">\n\n\t\t\t<div class=\"m-postsList__item__child\">\n\n\t\t\t\t<div class=\"m-postsList__item__img \"><img \n\t   \tsrc=\"https:\/\/www.cbti-bkvt.org\/wp-content\/uploads\/jay-wennington-2065__1_-min-2-540x360.jpg\" \n\t\tsrcset=\"https:\/\/www.cbti-bkvt.org\/wp-content\/uploads\/jay-wennington-2065__1_-min-2-540x360.jpg 540w, https:\/\/www.cbti-bkvt.org\/wp-content\/uploads\/jay-wennington-2065__1_-min-2.jpg 768w, https:\/\/www.cbti-bkvt.org\/wp-content\/uploads\/jay-wennington-2065__1_-min-2.jpg 1000w\" \n\t\tsizes=\"(min-width:768px) 540px, (min-width:1000px) 1000px, 100vw\"  \n\t\talt=\"jay-wennington-2065__1_-min.jpg\"\n\t \/><\/div>\n\t\t\t\n\t\t\t\t<div class=\"m-postsList__item__content\">\n\n\t\t\t\t\t\t\t\t\t\t\n\t\t\t\t\t\n\t\t\t\t\t\t\t\t\t\n\t\t\t\t\t<p class=\"m-postsList__item__title  m-postsList__item__title--s1\">Borrelavond \u00e0 Namur<\/p>\n\n\t\t\t\t\t\n\t\t\t\t\t\n\t\t\t\t\t\t<p class=\"m-postsList__item__meta m-postsList__item__meta--s1\">\n\n\t\t\t\t\t\t\t\t\t\t\t\t\t\t\n\t\t\t\t\t\t\t\t\t\t\t\t\t\t<span class=\"m-postsList__item__meta__label\">Datum: 19 October 2017 &#8211; Uhr: 19:30 Bis \t\t\t\t\t\t\t\n\t\t\t\t\t\t\t\t\t\t\t\t\t\t\t<span class=\"m-postsList__item__meta__label\"><br \/>Ort: <\/span> Brasserie Fran\u00e7ois &#8211; Place St Aubain, 3 &#8211; 5000 Namur\t\t\t\t\t\t\t\n\t\t\t\t\t\t\t| <span class=\"m-postsList__item__meta__label\">Kategorie: <\/span>Stammtische\t\t\t\t\t\t\n\t\t\t\t\t\t<\/p>\n\n\t\t\t\t\t\n\t\t\t\t\t\n\t\t\t\t\t\n\t\t\t\t\t\n\t\t\t\t\t\t\t\t\t\t<div class=\"m-actionContainer\">\n\t\t\t\t\t\t<div class=\"m-action\">\n\t\t\t\t\t\t\t<span>Mehr erfahren<\/span>\n\t\t\t\t\t\t<\/div>\n\t\t\t\t\t<\/div><!-- \/actionContainer -->\n\t\t\t\t\t\t\t\t\n\t\t\t\t<\/div><!-- \/postsList__item__child__content -->\n\t\t\t<\/div><!-- \/postsList__item__child -->\n\t\t<\/a><!-- \/postsList__item__link -->\n\t<\/div><!-- \/postsList__item -->\n\n\n\n\n\n                    \n                                            \n                            \n\n\n\n\n\n\n\n\n\n\n\n\n\n\n\n\n\t<div class=\"m-postsList__item col-12 col-md-6 col-lg-6\">\n\n\t\t<a href=\"https:\/\/www.cbti-bkvt.org\/de\/evenement\/6-fachkonferenz-sprache-und-recht-bdue\/\" title=\"\" class=\"m-postsList__item__link\">\n\n\t\t\t<div class=\"m-postsList__item__child\">\n\n\t\t\t\t<div class=\"m-postsList__item__img \"><img \n\t   \tsrc=\"https:\/\/www.cbti-bkvt.org\/wp-content\/uploads\/Stadthalle-Hannover02_hg-min-1-540x360.jpg\" \n\t\tsrcset=\"https:\/\/www.cbti-bkvt.org\/wp-content\/uploads\/Stadthalle-Hannover02_hg-min-1-540x360.jpg 540w, https:\/\/www.cbti-bkvt.org\/wp-content\/uploads\/Stadthalle-Hannover02_hg-min-1.jpg 768w, https:\/\/www.cbti-bkvt.org\/wp-content\/uploads\/Stadthalle-Hannover02_hg-min-1.jpg 1000w\" \n\t\tsizes=\"(min-width:768px) 540px, (min-width:1000px) 1000px, 100vw\"  \n\t\talt=\"Stadthalle-Hannover02_hg-min\"\n\t \/><\/div>\n\t\t\t\n\t\t\t\t<div class=\"m-postsList__item__content\">\n\n\t\t\t\t\t\t\t\t\t\t\n\t\t\t\t\t\n\t\t\t\t\t\t\t\t\t\n\t\t\t\t\t<p class=\"m-postsList__item__title  m-postsList__item__title--s1\">6. Fachkonferenz Sprache und Recht (BD\u00dc)<\/p>\n\n\t\t\t\t\t\n\t\t\t\t\t\n\t\t\t\t\t\t<p class=\"m-postsList__item__meta m-postsList__item__meta--s1\">\n\n\t\t\t\t\t\t\t\t\t\t\t\t\t\t\n\t\t\t\t\t\t\t\t\t\t\t\t\t\t<span class=\"m-postsList__item__meta__label\">Datum: 14 October 2017 &#8211; Uhr: 08:00 Bis 16:00\t\t\t\t\t\t\t\n\t\t\t\t\t\t\t\t\t\t\t\t\t\t\t<span class=\"m-postsList__item__meta__label\"><br \/>Ort: <\/span> HCC Hannover &#8211; Clausewitzstra\u00dfe 6 &#8211; 30175 Hannover (Germany)\t\t\t\t\t\t\t\n\t\t\t\t\t\t\t| <span class=\"m-postsList__item__meta__label\">Kategorie: <\/span>Konferenzen, Sonstige Veranstaltungen, Vereidigte \u00dcbersetzer\/Dolmetscher\t\t\t\t\t\t\n\t\t\t\t\t\t<\/p>\n\n\t\t\t\t\t\n\t\t\t\t\t\n\t\t\t\t\t\n\t\t\t\t\t\n\t\t\t\t\t\t\t\t\t\t<div class=\"m-actionContainer\">\n\t\t\t\t\t\t<div class=\"m-action\">\n\t\t\t\t\t\t\t<span>Mehr erfahren<\/span>\n\t\t\t\t\t\t<\/div>\n\t\t\t\t\t<\/div><!-- \/actionContainer -->\n\t\t\t\t\t\t\t\t\n\t\t\t\t<\/div><!-- \/postsList__item__child__content -->\n\t\t\t<\/div><!-- \/postsList__item__child -->\n\t\t<\/a><!-- \/postsList__item__link -->\n\t<\/div><!-- \/postsList__item -->\n\n\n\n\n\n                    \n                                            \n                            \n\n\n\n\n\n\n\n\n\n\n\n\n\n\n\n\n\t<div class=\"m-postsList__item col-12 col-md-6 col-lg-6\">\n\n\t\t<a href=\"https:\/\/www.cbti-bkvt.org\/de\/evenement\/saint-jerome-goes-to-louvain\/\" title=\"\" class=\"m-postsList__item__link\">\n\n\t\t\t<div class=\"m-postsList__item__child\">\n\n\t\t\t\t<div class=\"m-postsList__item__img \"><img \n\t   \tsrc=\"https:\/\/www.cbti-bkvt.org\/wp-content\/uploads\/leuven-646032_1920-min-1-540x360.jpg\" \n\t\tsrcset=\"https:\/\/www.cbti-bkvt.org\/wp-content\/uploads\/leuven-646032_1920-min-1-540x360.jpg 540w, https:\/\/www.cbti-bkvt.org\/wp-content\/uploads\/leuven-646032_1920-min-1-1000x666.jpg 768w, https:\/\/www.cbti-bkvt.org\/wp-content\/uploads\/leuven-646032_1920-min-1.jpg 1000w\" \n\t\tsizes=\"(min-width:768px) 540px, (min-width:1000px) 1000px, 100vw\"  \n\t\talt=\"leuven-646032_1920-min.jpg\"\n\t \/><\/div>\n\t\t\t\n\t\t\t\t<div class=\"m-postsList__item__content\">\n\n\t\t\t\t\t\t\t\t\t\t\n\t\t\t\t\t\n\t\t\t\t\t\t\t\t\t\n\t\t\t\t\t<p class=\"m-postsList__item__title  m-postsList__item__title--s1\">Saint-J\u00e9r\u00f4me goes to\u2026 Louvain<\/p>\n\n\t\t\t\t\t\n\t\t\t\t\t\n\t\t\t\t\t\t<p class=\"m-postsList__item__meta m-postsList__item__meta--s1\">\n\n\t\t\t\t\t\t\t\t\t\t\t\t\t\t\n\t\t\t\t\t\t\t\t\t\t\t\t\t\t<span class=\"m-postsList__item__meta__label\">Datum: 30 September 2017 &#8211; Uhr: 13:30 Bis \t\t\t\t\t\t\t\n\t\t\t\t\t\t\t\n\t\t\t\t\t\t\t| <span class=\"m-postsList__item__meta__label\">Kategorie: <\/span>CBTI\/BKVT aktuell\t\t\t\t\t\t\n\t\t\t\t\t\t<\/p>\n\n\t\t\t\t\t\n\t\t\t\t\t\n\t\t\t\t\t\n\t\t\t\t\t\n\t\t\t\t\t\t\t\t\t\t<div class=\"m-actionContainer\">\n\t\t\t\t\t\t<div class=\"m-action\">\n\t\t\t\t\t\t\t<span>Mehr erfahren<\/span>\n\t\t\t\t\t\t<\/div>\n\t\t\t\t\t<\/div><!-- \/actionContainer -->\n\t\t\t\t\t\t\t\t\n\t\t\t\t<\/div><!-- \/postsList__item__child__content -->\n\t\t\t<\/div><!-- \/postsList__item__child -->\n\t\t<\/a><!-- \/postsList__item__link -->\n\t<\/div><!-- \/postsList__item -->\n\n\n\n\n\n                    \n                                            \n                            \n\n\n\n\n\n\n\n\n\n\n\n\n\n\n\n\n\t<div class=\"m-postsList__item col-12 col-md-6 col-lg-6\">\n\n\t\t<a href=\"https:\/\/www.cbti-bkvt.org\/de\/evenement\/lsp-expert-translation-management-tool-for-freelancers-demo-session\/\" title=\"\" class=\"m-postsList__item__link\">\n\n\t\t\t<div class=\"m-postsList__item__child\">\n\n\t\t\t\t<div class=\"m-postsList__item__img \"><img \n\t   \tsrc=\"https:\/\/www.cbti-bkvt.org\/wp-content\/uploads\/jobs-min-1-540x360.jpg\" \n\t\tsrcset=\"https:\/\/www.cbti-bkvt.org\/wp-content\/uploads\/jobs-min-1-540x360.jpg 540w, https:\/\/www.cbti-bkvt.org\/wp-content\/uploads\/jobs-min-1-1000x666.jpg 768w, https:\/\/www.cbti-bkvt.org\/wp-content\/uploads\/jobs-min-1.jpg 1000w\" \n\t\tsizes=\"(min-width:768px) 540px, (min-width:1000px) 1000px, 100vw\"  \n\t\talt=\"jobs-min\"\n\t \/><\/div>\n\t\t\t\n\t\t\t\t<div class=\"m-postsList__item__content\">\n\n\t\t\t\t\t\t\t\t\t\t\n\t\t\t\t\t\n\t\t\t\t\t\t\t\t\t\n\t\t\t\t\t<p class=\"m-postsList__item__title  m-postsList__item__title--s1\">LSP Expert &#8211; Translation management tool for freelancers | Demo Session<\/p>\n\n\t\t\t\t\t\n\t\t\t\t\t\n\t\t\t\t\t\t<p class=\"m-postsList__item__meta m-postsList__item__meta--s1\">\n\n\t\t\t\t\t\t\t\t\t\t\t\t\t\t\n\t\t\t\t\t\t\t\t\t\t\t\t\t\t<span class=\"m-postsList__item__meta__label\">Datum: 13 June 2017 &#8211; Uhr: 10:00 Bis \t\t\t\t\t\t\t\n\t\t\t\t\t\t\t\t\t\t\t\t\t\t\t<span class=\"m-postsList__item__meta__label\"><br \/>Ort: <\/span> CBTI-BKVT &#8211; rue Montoyerstraat 24 &#8211; 1000 Brussels\t\t\t\t\t\t\t\n\t\t\t\t\t\t\t| <span class=\"m-postsList__item__meta__label\">Kategorie: <\/span>Fortbildung\t\t\t\t\t\t\n\t\t\t\t\t\t<\/p>\n\n\t\t\t\t\t\n\t\t\t\t\t\n\t\t\t\t\t\n\t\t\t\t\t\n\t\t\t\t\t\t\t\t\t\t<div class=\"m-actionContainer\">\n\t\t\t\t\t\t<div class=\"m-action\">\n\t\t\t\t\t\t\t<span>Mehr erfahren<\/span>\n\t\t\t\t\t\t<\/div>\n\t\t\t\t\t<\/div><!-- \/actionContainer -->\n\t\t\t\t\t\t\t\t\n\t\t\t\t<\/div><!-- \/postsList__item__child__content -->\n\t\t\t<\/div><!-- \/postsList__item__child -->\n\t\t<\/a><!-- \/postsList__item__link -->\n\t<\/div><!-- \/postsList__item -->\n\n\n\n\n\n                    \n                                            \n                            \n\n\n\n\n\n\n\n\n\n\n\n\n\n\n\n\n\t<div class=\"m-postsList__item col-12 col-md-6 col-lg-6\">\n\n\t\t<a href=\"https:\/\/www.cbti-bkvt.org\/de\/evenement\/realiser-encore-plus-grace-a-sdl-trados-studio-2017\/\" title=\"\" class=\"m-postsList__item__link\">\n\n\t\t\t<div class=\"m-postsList__item__child\">\n\n\t\t\t\t<div class=\"m-postsList__item__img \"><img \n\t   \tsrc=\"https:\/\/www.cbti-bkvt.org\/wp-content\/uploads\/glenn-carstens-peters-203007-min-2-540x360.jpg\" \n\t\tsrcset=\"https:\/\/www.cbti-bkvt.org\/wp-content\/uploads\/glenn-carstens-peters-203007-min-2-540x360.jpg 540w, https:\/\/www.cbti-bkvt.org\/wp-content\/uploads\/glenn-carstens-peters-203007-min-2.jpg 768w, https:\/\/www.cbti-bkvt.org\/wp-content\/uploads\/glenn-carstens-peters-203007-min-2.jpg 1000w\" \n\t\tsizes=\"(min-width:768px) 540px, (min-width:1000px) 1000px, 100vw\"  \n\t\talt=\"glenn-carstens-peters-203007-min.jpg\"\n\t \/><\/div>\n\t\t\t\n\t\t\t\t<div class=\"m-postsList__item__content\">\n\n\t\t\t\t\t\t\t\t\t\t\n\t\t\t\t\t\n\t\t\t\t\t\t\t\t\t\n\t\t\t\t\t<p class=\"m-postsList__item__title  m-postsList__item__title--s1\">R\u00e9aliser encore plus gr\u00e2ce \u00e0 SDL Trados Studio 2017<\/p>\n\n\t\t\t\t\t\n\t\t\t\t\t\n\t\t\t\t\t\t<p class=\"m-postsList__item__meta m-postsList__item__meta--s1\">\n\n\t\t\t\t\t\t\t\t\t\t\t\t\t\t\n\t\t\t\t\t\t\t\t\t\t\t\t\t\t<span class=\"m-postsList__item__meta__label\">Datum: 1 June 2017 &#8211; Uhr: 09:30 Bis 17:00\t\t\t\t\t\t\t\n\t\t\t\t\t\t\t\t\t\t\t\t\t\t\t<span class=\"m-postsList__item__meta__label\"><br \/>Ort: <\/span> Bedrijvencentrum De Punt, Kerkstraat 108, 9050 Gentbrugge\t\t\t\t\t\t\t\n\t\t\t\t\t\t\t| <span class=\"m-postsList__item__meta__label\">Kategorie: <\/span>Fortbildung, Sonstige Veranstaltungen\t\t\t\t\t\t\n\t\t\t\t\t\t<\/p>\n\n\t\t\t\t\t\n\t\t\t\t\t\n\t\t\t\t\t\n\t\t\t\t\t\n\t\t\t\t\t\t\t\t\t\t<div class=\"m-actionContainer\">\n\t\t\t\t\t\t<div class=\"m-action\">\n\t\t\t\t\t\t\t<span>Mehr erfahren<\/span>\n\t\t\t\t\t\t<\/div>\n\t\t\t\t\t<\/div><!-- \/actionContainer -->\n\t\t\t\t\t\t\t\t\n\t\t\t\t<\/div><!-- \/postsList__item__child__content -->\n\t\t\t<\/div><!-- \/postsList__item__child -->\n\t\t<\/a><!-- \/postsList__item__link -->\n\t<\/div><!-- \/postsList__item -->\n\n\n\n\n\n                    \n                                            \n                            \n\n\n\n\n\n\n\n\n\n\n\n\n\n\n\n\n\t<div class=\"m-postsList__item col-12 col-md-6 col-lg-6\">\n\n\t\t<a href=\"https:\/\/www.cbti-bkvt.org\/de\/evenement\/borrelavond-a-nivelles\/\" title=\"\" class=\"m-postsList__item__link\">\n\n\t\t\t<div class=\"m-postsList__item__child\">\n\n\t\t\t\t<div class=\"m-postsList__item__img \"><img \n\t   \tsrc=\"https:\/\/www.cbti-bkvt.org\/wp-content\/uploads\/jay-wennington-2065-min-2-540x360.jpg\" \n\t\tsrcset=\"https:\/\/www.cbti-bkvt.org\/wp-content\/uploads\/jay-wennington-2065-min-2-540x360.jpg 540w, https:\/\/www.cbti-bkvt.org\/wp-content\/uploads\/jay-wennington-2065-min-2.jpg 768w, https:\/\/www.cbti-bkvt.org\/wp-content\/uploads\/jay-wennington-2065-min-2.jpg 1000w\" \n\t\tsizes=\"(min-width:768px) 540px, (min-width:1000px) 1000px, 100vw\"  \n\t\talt=\"jay-wennington-2065-min.jpg\"\n\t \/><\/div>\n\t\t\t\n\t\t\t\t<div class=\"m-postsList__item__content\">\n\n\t\t\t\t\t\t\t\t\t\t\n\t\t\t\t\t\n\t\t\t\t\t\t\t\t\t\n\t\t\t\t\t<p class=\"m-postsList__item__title  m-postsList__item__title--s1\">Borrelavond \u00e0 Nivelles<\/p>\n\n\t\t\t\t\t\n\t\t\t\t\t\n\t\t\t\t\t\t<p class=\"m-postsList__item__meta m-postsList__item__meta--s1\">\n\n\t\t\t\t\t\t\t\t\t\t\t\t\t\t\n\t\t\t\t\t\t\t\t\t\t\t\t\t\t<span class=\"m-postsList__item__meta__label\">Datum: 26 May 2017 &#8211; Uhr: 19:00 Bis \t\t\t\t\t\t\t\n\t\t\t\t\t\t\t\t\t\t\t\t\t\t\t<span class=\"m-postsList__item__meta__label\"><br \/>Ort: <\/span> H\u00f4tel Nivelles-Sud &#8211; Chauss\u00e9e de Mons 22 &#8211; 1400 Nivelles\t\t\t\t\t\t\t\n\t\t\t\t\t\t\t| <span class=\"m-postsList__item__meta__label\">Kategorie: <\/span>Stammtische\t\t\t\t\t\t\n\t\t\t\t\t\t<\/p>\n\n\t\t\t\t\t\n\t\t\t\t\t\n\t\t\t\t\t\n\t\t\t\t\t\n\t\t\t\t\t\t\t\t\t\t<div class=\"m-actionContainer\">\n\t\t\t\t\t\t<div class=\"m-action\">\n\t\t\t\t\t\t\t<span>Mehr erfahren<\/span>\n\t\t\t\t\t\t<\/div>\n\t\t\t\t\t<\/div><!-- \/actionContainer -->\n\t\t\t\t\t\t\t\t\n\t\t\t\t<\/div><!-- \/postsList__item__child__content -->\n\t\t\t<\/div><!-- \/postsList__item__child -->\n\t\t<\/a><!-- \/postsList__item__link -->\n\t<\/div><!-- \/postsList__item -->\n\n\n\n\n\n                    \n                                            \n                            \n\n\n\n\n\n\n\n\n\n\n\n\n\n\n\n\n\t<div class=\"m-postsList__item col-12 col-md-6 col-lg-6\">\n\n\t\t<a href=\"https:\/\/www.cbti-bkvt.org\/de\/evenement\/translation-forum-russia-2017\/\" title=\"\" class=\"m-postsList__item__link\">\n\n\t\t\t<div class=\"m-postsList__item__child\">\n\n\t\t\t\t<div class=\"m-postsList__item__img \"><img \n\t   \tsrc=\"https:\/\/www.cbti-bkvt.org\/wp-content\/uploads\/Congress_Hall-2-540x360.jpg\" \n\t\tsrcset=\"https:\/\/www.cbti-bkvt.org\/wp-content\/uploads\/Congress_Hall-2-540x360.jpg 540w, https:\/\/www.cbti-bkvt.org\/wp-content\/uploads\/Congress_Hall-2-1000x666.jpg 768w, https:\/\/www.cbti-bkvt.org\/wp-content\/uploads\/Congress_Hall-2.jpg 1000w\" \n\t\tsizes=\"(min-width:768px) 540px, (min-width:1000px) 1000px, 100vw\"  \n\t\talt=\"Congress_Hall.jpg\"\n\t \/><\/div>\n\t\t\t\n\t\t\t\t<div class=\"m-postsList__item__content\">\n\n\t\t\t\t\t\t\t\t\t\t\n\t\t\t\t\t\n\t\t\t\t\t\t\t\t\t\n\t\t\t\t\t<p class=\"m-postsList__item__title  m-postsList__item__title--s1\">Translation Forum Russia 2017<\/p>\n\n\t\t\t\t\t\n\t\t\t\t\t\n\t\t\t\t\t\t<p class=\"m-postsList__item__meta m-postsList__item__meta--s1\">\n\n\t\t\t\t\t\t\t\t\t\t\t\t\t\t\n\t\t\t\t\t\t\t\t\t\t\t\t\t\t<span class=\"m-postsList__item__meta__label\">Datum: 26 May 2017 &#8211; Uhr: 00:00 Bis 00:00\t\t\t\t\t\t\t\n\t\t\t\t\t\t\t\t\t\t\t\t\t\t\t<span class=\"m-postsList__item__meta__label\"><br \/>Ort: <\/span> Congress Hall, Zaki Validi street, Ufa, Russia\t\t\t\t\t\t\t\n\t\t\t\t\t\t\t| <span class=\"m-postsList__item__meta__label\">Kategorie: <\/span>Konferenzen, Sonstige Veranstaltungen\t\t\t\t\t\t\n\t\t\t\t\t\t<\/p>\n\n\t\t\t\t\t\n\t\t\t\t\t\n\t\t\t\t\t\n\t\t\t\t\t\n\t\t\t\t\t\t\t\t\t\t<div class=\"m-actionContainer\">\n\t\t\t\t\t\t<div class=\"m-action\">\n\t\t\t\t\t\t\t<span>Mehr erfahren<\/span>\n\t\t\t\t\t\t<\/div>\n\t\t\t\t\t<\/div><!-- \/actionContainer -->\n\t\t\t\t\t\t\t\t\n\t\t\t\t<\/div><!-- \/postsList__item__child__content -->\n\t\t\t<\/div><!-- \/postsList__item__child -->\n\t\t<\/a><!-- \/postsList__item__link -->\n\t<\/div><!-- \/postsList__item -->\n\n\n\n\n\n                    \n                                            \n                            \n\n\n\n\n\n\n\n\n\n\n\n\n\n\n\n\n\t<div class=\"m-postsList__item col-12 col-md-6 col-lg-6\">\n\n\t\t<a href=\"https:\/\/www.cbti-bkvt.org\/de\/evenement\/atelier-de-redaction-traduction-en-francais-2e-date\/\" title=\"\" class=\"m-postsList__item__link\">\n\n\t\t\t<div class=\"m-postsList__item__child\">\n\n\t\t\t\t<div class=\"m-postsList__item__img \"><img \n\t   \tsrc=\"https:\/\/www.cbti-bkvt.org\/wp-content\/uploads\/download-71-540x360.jpg\" \n\t\tsrcset=\"https:\/\/www.cbti-bkvt.org\/wp-content\/uploads\/download-71-540x360.jpg 540w, https:\/\/www.cbti-bkvt.org\/wp-content\/uploads\/download-71.jpg 768w, https:\/\/www.cbti-bkvt.org\/wp-content\/uploads\/download-71.jpg 1000w\" \n\t\tsizes=\"(min-width:768px) 540px, (min-width:1000px) 1000px, 100vw\"  \n\t\talt=\"download.jpg\"\n\t \/><\/div>\n\t\t\t\n\t\t\t\t<div class=\"m-postsList__item__content\">\n\n\t\t\t\t\t\t\t\t\t\t\n\t\t\t\t\t\n\t\t\t\t\t\t\t\t\t\n\t\t\t\t\t<p class=\"m-postsList__item__title  m-postsList__item__title--s1\">Atelier de r\u00e9daction\/traduction en fran\u00e7ais (2e date)<\/p>\n\n\t\t\t\t\t\n\t\t\t\t\t\n\t\t\t\t\t\t<p class=\"m-postsList__item__meta m-postsList__item__meta--s1\">\n\n\t\t\t\t\t\t\t\t\t\t\t\t\t\t\n\t\t\t\t\t\t\t\t\t\t\t\t\t\t<span class=\"m-postsList__item__meta__label\">Datum: 4 May 2017 &#8211; Uhr: 09:30 Bis 13:30\t\t\t\t\t\t\t\n\t\t\t\t\t\t\t\t\t\t\t\t\t\t\t<span class=\"m-postsList__item__meta__label\"><br \/>Ort: <\/span> CBTI-BKVT &#8211; 24, rue Montoyerstraat &#8211; 1000 Brussels (rez-de-chauss\u00e9e)\t\t\t\t\t\t\t\n\t\t\t\t\t\t\t| <span class=\"m-postsList__item__meta__label\">Kategorie: <\/span>Fortbildung\t\t\t\t\t\t\n\t\t\t\t\t\t<\/p>\n\n\t\t\t\t\t\n\t\t\t\t\t\n\t\t\t\t\t\n\t\t\t\t\t\n\t\t\t\t\t\t\t\t\t\t<div class=\"m-actionContainer\">\n\t\t\t\t\t\t<div class=\"m-action\">\n\t\t\t\t\t\t\t<span>Mehr erfahren<\/span>\n\t\t\t\t\t\t<\/div>\n\t\t\t\t\t<\/div><!-- \/actionContainer -->\n\t\t\t\t\t\t\t\t\n\t\t\t\t<\/div><!-- \/postsList__item__child__content -->\n\t\t\t<\/div><!-- \/postsList__item__child -->\n\t\t<\/a><!-- \/postsList__item__link -->\n\t<\/div><!-- \/postsList__item -->\n\n\n\n\n\n                    \n                                            \n                            \n\n\n\n\n\n\n\n\n\n\n\n\n\n\n\n\n\t<div class=\"m-postsList__item col-12 col-md-6 col-lg-6\">\n\n\t\t<a href=\"https:\/\/www.cbti-bkvt.org\/de\/evenement\/atelier-de-redaction-traduction-en-francais-1re-date\/\" title=\"\" class=\"m-postsList__item__link\">\n\n\t\t\t<div class=\"m-postsList__item__child\">\n\n\t\t\t\t<div class=\"m-postsList__item__img \"><img \n\t   \tsrc=\"https:\/\/www.cbti-bkvt.org\/wp-content\/uploads\/download-70-540x360.jpg\" \n\t\tsrcset=\"https:\/\/www.cbti-bkvt.org\/wp-content\/uploads\/download-70-540x360.jpg 540w, https:\/\/www.cbti-bkvt.org\/wp-content\/uploads\/download-70.jpg 768w, https:\/\/www.cbti-bkvt.org\/wp-content\/uploads\/download-70.jpg 1000w\" \n\t\tsizes=\"(min-width:768px) 540px, (min-width:1000px) 1000px, 100vw\"  \n\t\talt=\"download.jpg\"\n\t \/><\/div>\n\t\t\t\n\t\t\t\t<div class=\"m-postsList__item__content\">\n\n\t\t\t\t\t\t\t\t\t\t\n\t\t\t\t\t\n\t\t\t\t\t\t\t\t\t\n\t\t\t\t\t<p class=\"m-postsList__item__title  m-postsList__item__title--s1\">Atelier de r\u00e9daction\/traduction en fran\u00e7ais (1re date)<\/p>\n\n\t\t\t\t\t\n\t\t\t\t\t\n\t\t\t\t\t\t<p class=\"m-postsList__item__meta m-postsList__item__meta--s1\">\n\n\t\t\t\t\t\t\t\t\t\t\t\t\t\t\n\t\t\t\t\t\t\t\t\t\t\t\t\t\t<span class=\"m-postsList__item__meta__label\">Datum: 27 April 2017 &#8211; Uhr: 09:30 Bis 13:30\t\t\t\t\t\t\t\n\t\t\t\t\t\t\t\t\t\t\t\t\t\t\t<span class=\"m-postsList__item__meta__label\"><br \/>Ort: <\/span> CBTI-BKVT &#8211; 24, rue Montoyerstraat &#8211; 1000 Brussels (rez-de-chauss\u00e9e)\t\t\t\t\t\t\t\n\t\t\t\t\t\t\t| <span class=\"m-postsList__item__meta__label\">Kategorie: <\/span>Fortbildung\t\t\t\t\t\t\n\t\t\t\t\t\t<\/p>\n\n\t\t\t\t\t\n\t\t\t\t\t\n\t\t\t\t\t\n\t\t\t\t\t\n\t\t\t\t\t\t\t\t\t\t<div class=\"m-actionContainer\">\n\t\t\t\t\t\t<div class=\"m-action\">\n\t\t\t\t\t\t\t<span>Mehr erfahren<\/span>\n\t\t\t\t\t\t<\/div>\n\t\t\t\t\t<\/div><!-- \/actionContainer -->\n\t\t\t\t\t\t\t\t\n\t\t\t\t<\/div><!-- \/postsList__item__child__content -->\n\t\t\t<\/div><!-- \/postsList__item__child -->\n\t\t<\/a><!-- \/postsList__item__link -->\n\t<\/div><!-- \/postsList__item -->\n\n\n\n\n\n                    \n                                            \n                            \n\n\n\n\n\n\n\n\n\n\n\n\n\n\n\n\n\t<div class=\"m-postsList__item col-12 col-md-6 col-lg-6\">\n\n\t\t<a href=\"https:\/\/www.cbti-bkvt.org\/de\/evenement\/stage-de-surtitrage-a-seneffe\/\" title=\"\" class=\"m-postsList__item__link\">\n\n\t\t\t<div class=\"m-postsList__item__child\">\n\n\t\t\t\t<div class=\"m-postsList__item__img \"><img \n\t   \tsrc=\"https:\/\/www.cbti-bkvt.org\/wp-content\/uploads\/Seneffe-min-2-540x360.jpg\" \n\t\tsrcset=\"https:\/\/www.cbti-bkvt.org\/wp-content\/uploads\/Seneffe-min-2-540x360.jpg 540w, https:\/\/www.cbti-bkvt.org\/wp-content\/uploads\/Seneffe-min-2.jpg 768w, https:\/\/www.cbti-bkvt.org\/wp-content\/uploads\/Seneffe-min-2.jpg 1000w\" \n\t\tsizes=\"(min-width:768px) 540px, (min-width:1000px) 1000px, 100vw\"  \n\t\talt=\"Seneffe-min.jpg\"\n\t \/><\/div>\n\t\t\t\n\t\t\t\t<div class=\"m-postsList__item__content\">\n\n\t\t\t\t\t\t\t\t\t\t\n\t\t\t\t\t\n\t\t\t\t\t\t\t\t\t\n\t\t\t\t\t<p class=\"m-postsList__item__title  m-postsList__item__title--s1\">Stage de surtitrage \u00e0 Seneffe<\/p>\n\n\t\t\t\t\t\n\t\t\t\t\t\n\t\t\t\t\t\t<p class=\"m-postsList__item__meta m-postsList__item__meta--s1\">\n\n\t\t\t\t\t\t\t\t\t\t\t\t\t\t\n\t\t\t\t\t\t\t\t\t\t\t\t\t\t<span class=\"m-postsList__item__meta__label\">Datum: 3 April 2017 &#8211; Uhr: 00:00 Bis 00:00\t\t\t\t\t\t\t\n\t\t\t\t\t\t\t\t\t\t\t\t\t\t\t<span class=\"m-postsList__item__meta__label\"><br \/>Ort: <\/span> Coll\u00e8ge des traducteurs litt\u00e9raires de Seneffe &#8211; Ch\u00e2teau de Seneffe, rue Lucien Plasman, 7180 Seneffe\t\t\t\t\t\t\t\n\t\t\t\t\t\t\t| <span class=\"m-postsList__item__meta__label\">Kategorie: <\/span>Fortbildung, Sonstige Veranstaltungen\t\t\t\t\t\t\n\t\t\t\t\t\t<\/p>\n\n\t\t\t\t\t\n\t\t\t\t\t\n\t\t\t\t\t\n\t\t\t\t\t\n\t\t\t\t\t\t\t\t\t\t<div class=\"m-actionContainer\">\n\t\t\t\t\t\t<div class=\"m-action\">\n\t\t\t\t\t\t\t<span>Mehr erfahren<\/span>\n\t\t\t\t\t\t<\/div>\n\t\t\t\t\t<\/div><!-- \/actionContainer -->\n\t\t\t\t\t\t\t\t\n\t\t\t\t<\/div><!-- \/postsList__item__child__content -->\n\t\t\t<\/div><!-- \/postsList__item__child -->\n\t\t<\/a><!-- \/postsList__item__link -->\n\t<\/div><!-- \/postsList__item -->\n\n\n\n\n\n                    \n                                            \n                            \n\n\n\n\n\n\n\n\n\n\n\n\n\n\n\n\n\t<div class=\"m-postsList__item col-12 col-md-6 col-lg-6\">\n\n\t\t<a href=\"https:\/\/www.cbti-bkvt.org\/de\/evenement\/assemblee-generale-de-la-cbti-4\/\" title=\"\" class=\"m-postsList__item__link\">\n\n\t\t\t<div class=\"m-postsList__item__child\">\n\n\t\t\t\t<div class=\"m-postsList__item__img \"><img \n\t   \tsrc=\"https:\/\/www.cbti-bkvt.org\/wp-content\/uploads\/2060_Leopold_333-8-540x360.jpg\" \n\t\tsrcset=\"https:\/\/www.cbti-bkvt.org\/wp-content\/uploads\/2060_Leopold_333-8-540x360.jpg 540w, https:\/\/www.cbti-bkvt.org\/wp-content\/uploads\/2060_Leopold_333-8.jpg 768w, https:\/\/www.cbti-bkvt.org\/wp-content\/uploads\/2060_Leopold_333-8.jpg 1000w\" \n\t\tsizes=\"(min-width:768px) 540px, (min-width:1000px) 1000px, 100vw\"  \n\t\talt=\"2060_Leopold_333.jpg\"\n\t \/><\/div>\n\t\t\t\n\t\t\t\t<div class=\"m-postsList__item__content\">\n\n\t\t\t\t\t\t\t\t\t\t\n\t\t\t\t\t\n\t\t\t\t\t\t\t\t\t\n\t\t\t\t\t<p class=\"m-postsList__item__title  m-postsList__item__title--s1\">Assembl\u00e9e g\u00e9n\u00e9rale de la CBTI<\/p>\n\n\t\t\t\t\t\n\t\t\t\t\t\n\t\t\t\t\t\t<p class=\"m-postsList__item__meta m-postsList__item__meta--s1\">\n\n\t\t\t\t\t\t\t\t\t\t\t\t\t\t\n\t\t\t\t\t\t\t\t\t\t\t\t\t\t<span class=\"m-postsList__item__meta__label\">Datum: 18 March 2017 &#8211; Uhr: 01:00 Bis 01:00\t\t\t\t\t\t\t\n\t\t\t\t\t\t\t\t\t\t\t\t\t\t\t<span class=\"m-postsList__item__meta__label\"><br \/>Ort: <\/span> H\u00f4tel L\u00e9opold, Rue du Luxembourg 35, 1050 Brussels\t\t\t\t\t\t\t\n\t\t\t\t\t\t\t| <span class=\"m-postsList__item__meta__label\">Kategorie: <\/span>CBTI\/BKVT aktuell, Generalversammlung\t\t\t\t\t\t\n\t\t\t\t\t\t<\/p>\n\n\t\t\t\t\t\n\t\t\t\t\t\n\t\t\t\t\t\n\t\t\t\t\t\n\t\t\t\t\t\t\t\t\t\t<div class=\"m-actionContainer\">\n\t\t\t\t\t\t<div class=\"m-action\">\n\t\t\t\t\t\t\t<span>Mehr erfahren<\/span>\n\t\t\t\t\t\t<\/div>\n\t\t\t\t\t<\/div><!-- \/actionContainer -->\n\t\t\t\t\t\t\t\t\n\t\t\t\t<\/div><!-- \/postsList__item__child__content -->\n\t\t\t<\/div><!-- \/postsList__item__child -->\n\t\t<\/a><!-- \/postsList__item__link -->\n\t<\/div><!-- \/postsList__item -->\n\n\n\n\n\n                    \n                                            \n                            \n\n\n\n\n\n\n\n\n\n\n\n\n\n\n\n\n\t<div class=\"m-postsList__item col-12 col-md-6 col-lg-6\">\n\n\t\t<a href=\"https:\/\/www.cbti-bkvt.org\/de\/evenement\/de-time-management-reis\/\" title=\"\" class=\"m-postsList__item__link\">\n\n\t\t\t<div class=\"m-postsList__item__child\">\n\n\t\t\t\t<div class=\"m-postsList__item__img \"><img \n\t   \tsrc=\"https:\/\/www.cbti-bkvt.org\/wp-content\/uploads\/Time-Allocation-min-1-540x360.jpg\" \n\t\tsrcset=\"https:\/\/www.cbti-bkvt.org\/wp-content\/uploads\/Time-Allocation-min-1-540x360.jpg 540w, https:\/\/www.cbti-bkvt.org\/wp-content\/uploads\/Time-Allocation-min-1-1000x666.jpg 768w, https:\/\/www.cbti-bkvt.org\/wp-content\/uploads\/Time-Allocation-min-1.jpg 1000w\" \n\t\tsizes=\"(min-width:768px) 540px, (min-width:1000px) 1000px, 100vw\"  \n\t\talt=\"Time-Allocation-min\"\n\t \/><\/div>\n\t\t\t\n\t\t\t\t<div class=\"m-postsList__item__content\">\n\n\t\t\t\t\t\t\t\t\t\t\n\t\t\t\t\t\n\t\t\t\t\t\t\t\t\t\n\t\t\t\t\t<p class=\"m-postsList__item__title  m-postsList__item__title--s1\">De &#8220;Time Management Reis&#8221;<\/p>\n\n\t\t\t\t\t\n\t\t\t\t\t\n\t\t\t\t\t\t<p class=\"m-postsList__item__meta m-postsList__item__meta--s1\">\n\n\t\t\t\t\t\t\t\t\t\t\t\t\t\t\n\t\t\t\t\t\t\t\t\t\t\t\t\t\t<span class=\"m-postsList__item__meta__label\">Datum: 21 February 2017 &#8211; Uhr: 10:30 Bis 18:00\t\t\t\t\t\t\t\n\t\t\t\t\t\t\t\t\t\t\t\t\t\t\t<span class=\"m-postsList__item__meta__label\"><br \/>Ort: <\/span> Bedrijvencentrum De Punt \u2013 Kerkstraat 108 \u2013 Gentbrugge\t\t\t\t\t\t\t\n\t\t\t\t\t\t\t| <span class=\"m-postsList__item__meta__label\">Kategorie: <\/span>Fortbildung, Sonstige Veranstaltungen\t\t\t\t\t\t\n\t\t\t\t\t\t<\/p>\n\n\t\t\t\t\t\n\t\t\t\t\t\n\t\t\t\t\t\n\t\t\t\t\t\n\t\t\t\t\t\t\t\t\t\t<div class=\"m-actionContainer\">\n\t\t\t\t\t\t<div class=\"m-action\">\n\t\t\t\t\t\t\t<span>Mehr erfahren<\/span>\n\t\t\t\t\t\t<\/div>\n\t\t\t\t\t<\/div><!-- \/actionContainer -->\n\t\t\t\t\t\t\t\t\n\t\t\t\t<\/div><!-- \/postsList__item__child__content -->\n\t\t\t<\/div><!-- \/postsList__item__child -->\n\t\t<\/a><!-- \/postsList__item__link -->\n\t<\/div><!-- \/postsList__item -->\n\n\n\n\n\n                    \n                                            \n                            \n\n\n\n\n\n\n\n\n\n\n\n\n\n\n\n\n\t<div class=\"m-postsList__item col-12 col-md-6 col-lg-6\">\n\n\t\t<a href=\"https:\/\/www.cbti-bkvt.org\/de\/evenement\/reception-de-nouvel-an-et-conferences\/\" title=\"\" class=\"m-postsList__item__link\">\n\n\t\t\t<div class=\"m-postsList__item__child\">\n\n\t\t\t\t<div class=\"m-postsList__item__img \"><img \n\t   \tsrc=\"https:\/\/www.cbti-bkvt.org\/wp-content\/uploads\/new-years-eve-951750_1280-1-540x360.jpg\" \n\t\tsrcset=\"https:\/\/www.cbti-bkvt.org\/wp-content\/uploads\/new-years-eve-951750_1280-1-540x360.jpg 540w, https:\/\/www.cbti-bkvt.org\/wp-content\/uploads\/new-years-eve-951750_1280-1.jpg 768w, https:\/\/www.cbti-bkvt.org\/wp-content\/uploads\/new-years-eve-951750_1280-1.jpg 1000w\" \n\t\tsizes=\"(min-width:768px) 540px, (min-width:1000px) 1000px, 100vw\"  \n\t\talt=\"new-years-eve-951750_1280.jpg\"\n\t \/><\/div>\n\t\t\t\n\t\t\t\t<div class=\"m-postsList__item__content\">\n\n\t\t\t\t\t\t\t\t\t\t\n\t\t\t\t\t\n\t\t\t\t\t\t\t\t\t\n\t\t\t\t\t<p class=\"m-postsList__item__title  m-postsList__item__title--s1\">R\u00e9ception de Nouvel An et conf\u00e9rences<\/p>\n\n\t\t\t\t\t\n\t\t\t\t\t\n\t\t\t\t\t\t<p class=\"m-postsList__item__meta m-postsList__item__meta--s1\">\n\n\t\t\t\t\t\t\t\t\t\t\t\t\t\t\n\t\t\t\t\t\t\t\t\t\t\t\t\t\t<span class=\"m-postsList__item__meta__label\">Datum: 20 January 2017 &#8211; Uhr: 14:30 Bis 23:00\t\t\t\t\t\t\t\n\t\t\t\t\t\t\t\n\t\t\t\t\t\t\t| <span class=\"m-postsList__item__meta__label\">Kategorie: <\/span>CBTI\/BKVT aktuell\t\t\t\t\t\t\n\t\t\t\t\t\t<\/p>\n\n\t\t\t\t\t\n\t\t\t\t\t\n\t\t\t\t\t\n\t\t\t\t\t\n\t\t\t\t\t\t\t\t\t\t<div class=\"m-actionContainer\">\n\t\t\t\t\t\t<div class=\"m-action\">\n\t\t\t\t\t\t\t<span>Mehr erfahren<\/span>\n\t\t\t\t\t\t<\/div>\n\t\t\t\t\t<\/div><!-- \/actionContainer -->\n\t\t\t\t\t\t\t\t\n\t\t\t\t<\/div><!-- \/postsList__item__child__content -->\n\t\t\t<\/div><!-- \/postsList__item__child -->\n\t\t<\/a><!-- \/postsList__item__link -->\n\t<\/div><!-- \/postsList__item -->\n\n\n\n\n\n                    \n                                            \n                            \n\n\n\n\n\n\n\n\n\n\n\n\n\n\n\n\n\t<div class=\"m-postsList__item col-12 col-md-6 col-lg-6\">\n\n\t\t<a href=\"https:\/\/www.cbti-bkvt.org\/de\/evenement\/borrelavond-a-jodoigne-2\/\" title=\"\" class=\"m-postsList__item__link\">\n\n\t\t\t<div class=\"m-postsList__item__child\">\n\n\t\t\t\t<div class=\"m-postsList__item__img \"><img \n\t   \tsrc=\"https:\/\/www.cbti-bkvt.org\/wp-content\/uploads\/Tuk-tuk-thai-food-loft_mieng-kum_photo-courtesy-of-tuk-tuk-thai-food-loft1-2-540x360.jpg\" \n\t\tsrcset=\"https:\/\/www.cbti-bkvt.org\/wp-content\/uploads\/Tuk-tuk-thai-food-loft_mieng-kum_photo-courtesy-of-tuk-tuk-thai-food-loft1-2-540x360.jpg 540w, https:\/\/www.cbti-bkvt.org\/wp-content\/uploads\/Tuk-tuk-thai-food-loft_mieng-kum_photo-courtesy-of-tuk-tuk-thai-food-loft1-2.jpg 768w, https:\/\/www.cbti-bkvt.org\/wp-content\/uploads\/Tuk-tuk-thai-food-loft_mieng-kum_photo-courtesy-of-tuk-tuk-thai-food-loft1-2.jpg 1000w\" \n\t\tsizes=\"(min-width:768px) 540px, (min-width:1000px) 1000px, 100vw\"  \n\t\talt=\"Tuk-tuk-thai-food-loft_mieng-kum_photo-courtesy-of-tuk-tuk-thai-food-loft1.jpg\"\n\t \/><\/div>\n\t\t\t\n\t\t\t\t<div class=\"m-postsList__item__content\">\n\n\t\t\t\t\t\t\t\t\t\t\n\t\t\t\t\t\n\t\t\t\t\t\t\t\t\t\n\t\t\t\t\t<p class=\"m-postsList__item__title  m-postsList__item__title--s1\">Borrelavond \u00e0 Jodoigne<\/p>\n\n\t\t\t\t\t\n\t\t\t\t\t\n\t\t\t\t\t\t<p class=\"m-postsList__item__meta m-postsList__item__meta--s1\">\n\n\t\t\t\t\t\t\t\t\t\t\t\t\t\t\n\t\t\t\t\t\t\t\t\t\t\t\t\t\t<span class=\"m-postsList__item__meta__label\">Datum: 9 December 2016 &#8211; Uhr: 19:30 Bis \t\t\t\t\t\t\t\n\t\t\t\t\t\t\t\t\t\t\t\t\t\t\t<span class=\"m-postsList__item__meta__label\"><br \/>Ort: <\/span> Les Herbes tha\u00ef &#8211; 2, rue de la Bruy\u00e8re &#8211; 1370 Jodoigne\t\t\t\t\t\t\t\n\t\t\t\t\t\t\t| <span class=\"m-postsList__item__meta__label\">Kategorie: <\/span>Stammtische\t\t\t\t\t\t\n\t\t\t\t\t\t<\/p>\n\n\t\t\t\t\t\n\t\t\t\t\t\n\t\t\t\t\t\n\t\t\t\t\t\n\t\t\t\t\t\t\t\t\t\t<div class=\"m-actionContainer\">\n\t\t\t\t\t\t<div class=\"m-action\">\n\t\t\t\t\t\t\t<span>Mehr erfahren<\/span>\n\t\t\t\t\t\t<\/div>\n\t\t\t\t\t<\/div><!-- \/actionContainer -->\n\t\t\t\t\t\t\t\t\n\t\t\t\t<\/div><!-- \/postsList__item__child__content -->\n\t\t\t<\/div><!-- \/postsList__item__child -->\n\t\t<\/a><!-- \/postsList__item__link -->\n\t<\/div><!-- \/postsList__item -->\n\n\n\n\n\n                    \n                                            \n                            \n\n\n\n\n\n\n\n\n\n\n\n\n\n\n\n\n\t<div class=\"m-postsList__item col-12 col-md-6 col-lg-6\">\n\n\t\t<a href=\"https:\/\/www.cbti-bkvt.org\/de\/evenement\/coworking-bien-etre-bowling-et-delices-ditalie-a-namur\/\" title=\"\" class=\"m-postsList__item__link\">\n\n\t\t\t<div class=\"m-postsList__item__child\">\n\n\t\t\t\t<div class=\"m-postsList__item__img \"><img \n\t   \tsrc=\"https:\/\/www.cbti-bkvt.org\/wp-content\/uploads\/table-71380_1280-2-540x360.jpg\" \n\t\tsrcset=\"https:\/\/www.cbti-bkvt.org\/wp-content\/uploads\/table-71380_1280-2-540x360.jpg 540w, https:\/\/www.cbti-bkvt.org\/wp-content\/uploads\/table-71380_1280-2.jpg 768w, https:\/\/www.cbti-bkvt.org\/wp-content\/uploads\/table-71380_1280-2.jpg 1000w\" \n\t\tsizes=\"(min-width:768px) 540px, (min-width:1000px) 1000px, 100vw\"  \n\t\talt=\"table-71380_1280.jpg\"\n\t \/><\/div>\n\t\t\t\n\t\t\t\t<div class=\"m-postsList__item__content\">\n\n\t\t\t\t\t\t\t\t\t\t\n\t\t\t\t\t\n\t\t\t\t\t\t\t\t\t\n\t\t\t\t\t<p class=\"m-postsList__item__title  m-postsList__item__title--s1\">Coworking, bien-\u00eatre, bowling et d\u00e9lices d\u2019Italie \u00e0 Namur<\/p>\n\n\t\t\t\t\t\n\t\t\t\t\t\n\t\t\t\t\t\t<p class=\"m-postsList__item__meta m-postsList__item__meta--s1\">\n\n\t\t\t\t\t\t\t\t\t\t\t\t\t\t\n\t\t\t\t\t\t\t\t\t\t\t\t\t\t<span class=\"m-postsList__item__meta__label\">Datum: 24 November 2016 &#8211; Uhr: 01:00 Bis \t\t\t\t\t\t\t\n\t\t\t\t\t\t\t\t\t\t\t\t\t\t\t<span class=\"m-postsList__item__meta__label\"><br \/>Ort: <\/span> Namur\t\t\t\t\t\t\t\n\t\t\t\t\t\t\t| <span class=\"m-postsList__item__meta__label\">Kategorie: <\/span>Stammtische\t\t\t\t\t\t\n\t\t\t\t\t\t<\/p>\n\n\t\t\t\t\t\n\t\t\t\t\t\n\t\t\t\t\t\n\t\t\t\t\t\n\t\t\t\t\t\t\t\t\t\t<div class=\"m-actionContainer\">\n\t\t\t\t\t\t<div class=\"m-action\">\n\t\t\t\t\t\t\t<span>Mehr erfahren<\/span>\n\t\t\t\t\t\t<\/div>\n\t\t\t\t\t<\/div><!-- \/actionContainer -->\n\t\t\t\t\t\t\t\t\n\t\t\t\t<\/div><!-- \/postsList__item__child__content -->\n\t\t\t<\/div><!-- \/postsList__item__child -->\n\t\t<\/a><!-- \/postsList__item__link -->\n\t<\/div><!-- \/postsList__item -->\n\n\n\n\n\n                    \n                                            \n                            \n\n\n\n\n\n\n\n\n\n\n\n\n\n\n\n\n\t<div class=\"m-postsList__item col-12 col-md-6 col-lg-6\">\n\n\t\t<a href=\"https:\/\/www.cbti-bkvt.org\/de\/evenement\/expolingua-berlin-2016\/\" title=\"\" class=\"m-postsList__item__link\">\n\n\t\t\t<div class=\"m-postsList__item__child\">\n\n\t\t\t\t<div class=\"m-postsList__item__img \"><img \n\t   \tsrc=\"https:\/\/www.cbti-bkvt.org\/wp-content\/uploads\/EXP15_01_32-540x360.jpg\" \n\t\tsrcset=\"https:\/\/www.cbti-bkvt.org\/wp-content\/uploads\/EXP15_01_32-540x360.jpg 540w, https:\/\/www.cbti-bkvt.org\/wp-content\/uploads\/EXP15_01_32.jpg 768w, https:\/\/www.cbti-bkvt.org\/wp-content\/uploads\/EXP15_01_32.jpg 1000w\" \n\t\tsizes=\"(min-width:768px) 540px, (min-width:1000px) 1000px, 100vw\"  \n\t\talt=\"EXP15_01_32\"\n\t \/><\/div>\n\t\t\t\n\t\t\t\t<div class=\"m-postsList__item__content\">\n\n\t\t\t\t\t\t\t\t\t\t\n\t\t\t\t\t\n\t\t\t\t\t\t\t\t\t\n\t\t\t\t\t<p class=\"m-postsList__item__title  m-postsList__item__title--s1\">EXPOLINGUA Berlin 2016<\/p>\n\n\t\t\t\t\t\n\t\t\t\t\t\n\t\t\t\t\t\t<p class=\"m-postsList__item__meta m-postsList__item__meta--s1\">\n\n\t\t\t\t\t\t\t\t\t\t\t\t\t\t\n\t\t\t\t\t\t\t\t\t\t\t\t\t\t<span class=\"m-postsList__item__meta__label\">Datum: 18 November 2016 &#8211; Uhr: 11:00 Bis 19:00\t\t\t\t\t\t\t\n\t\t\t\t\t\t\t\t\t\t\t\t\t\t\t<span class=\"m-postsList__item__meta__label\"><br \/>Ort: <\/span> EXPOLINGUA Berlin &#8211; RHWK Friedrichstrasse 176\u2013179 &#8211; 10117 Berlin, Germany\t\t\t\t\t\t\t\n\t\t\t\t\t\t\t| <span class=\"m-postsList__item__meta__label\">Kategorie: <\/span>Messen, Sonstige Veranstaltungen\t\t\t\t\t\t\n\t\t\t\t\t\t<\/p>\n\n\t\t\t\t\t\n\t\t\t\t\t\n\t\t\t\t\t\n\t\t\t\t\t\n\t\t\t\t\t\t\t\t\t\t<div class=\"m-actionContainer\">\n\t\t\t\t\t\t<div class=\"m-action\">\n\t\t\t\t\t\t\t<span>Mehr erfahren<\/span>\n\t\t\t\t\t\t<\/div>\n\t\t\t\t\t<\/div><!-- \/actionContainer -->\n\t\t\t\t\t\t\t\t\n\t\t\t\t<\/div><!-- \/postsList__item__child__content -->\n\t\t\t<\/div><!-- \/postsList__item__child -->\n\t\t<\/a><!-- \/postsList__item__link -->\n\t<\/div><!-- \/postsList__item -->\n\n\n\n\n\n                    \n                                            \n                            \n\n\n\n\n\n\n\n\n\n\n\n\n\n\n\n\n\t<div class=\"m-postsList__item col-12 col-md-6 col-lg-6\">\n\n\t\t<a href=\"https:\/\/www.cbti-bkvt.org\/de\/evenement\/atelier-comment-determiner-un-tarif-correct-3\/\" title=\"\" class=\"m-postsList__item__link\">\n\n\t\t\t<div class=\"m-postsList__item__child\">\n\n\t\t\t\t<div class=\"m-postsList__item__img \"><img \n\t   \tsrc=\"https:\/\/www.cbti-bkvt.org\/wp-content\/uploads\/calculator-723925_1280-2-540x360.jpg\" \n\t\tsrcset=\"https:\/\/www.cbti-bkvt.org\/wp-content\/uploads\/calculator-723925_1280-2-540x360.jpg 540w, https:\/\/www.cbti-bkvt.org\/wp-content\/uploads\/calculator-723925_1280-2-1000x666.jpg 768w, https:\/\/www.cbti-bkvt.org\/wp-content\/uploads\/calculator-723925_1280-2.jpg 1000w\" \n\t\tsizes=\"(min-width:768px) 540px, (min-width:1000px) 1000px, 100vw\"  \n\t\talt=\"calculator-723925_1280.jpg\"\n\t \/><\/div>\n\t\t\t\n\t\t\t\t<div class=\"m-postsList__item__content\">\n\n\t\t\t\t\t\t\t\t\t\t\n\t\t\t\t\t\n\t\t\t\t\t\t\t\t\t\n\t\t\t\t\t<p class=\"m-postsList__item__title  m-postsList__item__title--s1\">Atelier : comment d\u00e9terminer un tarif correct<\/p>\n\n\t\t\t\t\t\n\t\t\t\t\t\n\t\t\t\t\t\t<p class=\"m-postsList__item__meta m-postsList__item__meta--s1\">\n\n\t\t\t\t\t\t\t\t\t\t\t\t\t\t\n\t\t\t\t\t\t\t\t\t\t\t\t\t\t<span class=\"m-postsList__item__meta__label\">Datum: 17 November 2016 &#8211; Uhr: 16:00 Bis 19:00\t\t\t\t\t\t\t\n\t\t\t\t\t\t\t\t\t\t\t\t\t\t\t<span class=\"m-postsList__item__meta__label\"><br \/>Ort: <\/span> CBTI-BKVT &#8211; 24, rue Montoyerstraat &#8211; 1000 Brussels\t\t\t\t\t\t\t\n\t\t\t\t\t\t\t| <span class=\"m-postsList__item__meta__label\">Kategorie: <\/span>Fortbildung\t\t\t\t\t\t\n\t\t\t\t\t\t<\/p>\n\n\t\t\t\t\t\n\t\t\t\t\t\n\t\t\t\t\t\n\t\t\t\t\t\n\t\t\t\t\t\t\t\t\t\t<div class=\"m-actionContainer\">\n\t\t\t\t\t\t<div class=\"m-action\">\n\t\t\t\t\t\t\t<span>Mehr erfahren<\/span>\n\t\t\t\t\t\t<\/div>\n\t\t\t\t\t<\/div><!-- \/actionContainer -->\n\t\t\t\t\t\t\t\t\n\t\t\t\t<\/div><!-- \/postsList__item__child__content -->\n\t\t\t<\/div><!-- \/postsList__item__child -->\n\t\t<\/a><!-- \/postsList__item__link -->\n\t<\/div><!-- \/postsList__item -->\n\n\n\n\n\n                    \n                                            \n                            \n\n\n\n\n\n\n\n\n\n\n\n\n\n\n\n\n\t<div class=\"m-postsList__item col-12 col-md-6 col-lg-6\">\n\n\t\t<a href=\"https:\/\/www.cbti-bkvt.org\/de\/evenement\/colloque-de-rentree-unplib-les-professions-liberales-en-pleine-mutation-comment-faire-face-aux-defis-de-demain\/\" title=\"\" class=\"m-postsList__item__link\">\n\n\t\t\t<div class=\"m-postsList__item__child\">\n\n\t\t\t\t<div class=\"m-postsList__item__img \"><img \n\t   \tsrc=\"https:\/\/www.cbti-bkvt.org\/wp-content\/uploads\/Invitation_Colloque27oct2016-img-2.jpg\" \n\t\tsrcset=\"https:\/\/www.cbti-bkvt.org\/wp-content\/uploads\/Invitation_Colloque27oct2016-img-2.jpg 540w, https:\/\/www.cbti-bkvt.org\/wp-content\/uploads\/Invitation_Colloque27oct2016-img-2.jpg 768w, https:\/\/www.cbti-bkvt.org\/wp-content\/uploads\/Invitation_Colloque27oct2016-img-2.jpg 1000w\" \n\t\tsizes=\"(min-width:768px) 540px, (min-width:1000px) 1000px, 100vw\"  \n\t\talt=\"Invitation_Colloque27oct2016-img.jpg\"\n\t \/><\/div>\n\t\t\t\n\t\t\t\t<div class=\"m-postsList__item__content\">\n\n\t\t\t\t\t\t\t\t\t\t\n\t\t\t\t\t\n\t\t\t\t\t\t\t\t\t\n\t\t\t\t\t<p class=\"m-postsList__item__title  m-postsList__item__title--s1\">Colloque de rentr\u00e9e UNPLib &#8211; Les professions lib\u00e9rales en pleine mutation : comment faire face aux d\u00e9fis de demain ?<\/p>\n\n\t\t\t\t\t\n\t\t\t\t\t\n\t\t\t\t\t\t<p class=\"m-postsList__item__meta m-postsList__item__meta--s1\">\n\n\t\t\t\t\t\t\t\t\t\t\t\t\t\t\n\t\t\t\t\t\t\t\t\t\t\t\t\t\t<span class=\"m-postsList__item__meta__label\">Datum: 27 October 2016 &#8211; Uhr: 18:00 Bis 22:00\t\t\t\t\t\t\t\n\t\t\t\t\t\t\t\t\t\t\t\t\t\t\t<span class=\"m-postsList__item__meta__label\"><br \/>Ort: <\/span> Auditoire ING &#8211; Avenue Marnix 24 &#8211; 1000 Bruxelles\t\t\t\t\t\t\t\n\t\t\t\t\t\t\t| <span class=\"m-postsList__item__meta__label\">Kategorie: <\/span>Sonstige Veranstaltungen\t\t\t\t\t\t\n\t\t\t\t\t\t<\/p>\n\n\t\t\t\t\t\n\t\t\t\t\t\n\t\t\t\t\t\n\t\t\t\t\t\n\t\t\t\t\t\t\t\t\t\t<div class=\"m-actionContainer\">\n\t\t\t\t\t\t<div class=\"m-action\">\n\t\t\t\t\t\t\t<span>Mehr erfahren<\/span>\n\t\t\t\t\t\t<\/div>\n\t\t\t\t\t<\/div><!-- \/actionContainer -->\n\t\t\t\t\t\t\t\t\n\t\t\t\t<\/div><!-- \/postsList__item__child__content -->\n\t\t\t<\/div><!-- \/postsList__item__child -->\n\t\t<\/a><!-- \/postsList__item__link -->\n\t<\/div><!-- \/postsList__item -->\n\n\n\n\n\n                    \n                                            \n                            \n\n\n\n\n\n\n\n\n\n\n\n\n\n\n\n\n\t<div class=\"m-postsList__item col-12 col-md-6 col-lg-6\">\n\n\t\t<a href=\"https:\/\/www.cbti-bkvt.org\/de\/evenement\/atelier-comment-se-specialiser\/\" title=\"\" class=\"m-postsList__item__link\">\n\n\t\t\t<div class=\"m-postsList__item__child\">\n\n\t\t\t\t<div class=\"m-postsList__item__img \"><img \n\t   \tsrc=\"https:\/\/www.cbti-bkvt.org\/wp-content\/uploads\/books-484766_1280-2-540x360.jpg\" \n\t\tsrcset=\"https:\/\/www.cbti-bkvt.org\/wp-content\/uploads\/books-484766_1280-2-540x360.jpg 540w, https:\/\/www.cbti-bkvt.org\/wp-content\/uploads\/books-484766_1280-2.jpg 768w, https:\/\/www.cbti-bkvt.org\/wp-content\/uploads\/books-484766_1280-2.jpg 1000w\" \n\t\tsizes=\"(min-width:768px) 540px, (min-width:1000px) 1000px, 100vw\"  \n\t\talt=\"books-484766_1280.jpg\"\n\t \/><\/div>\n\t\t\t\n\t\t\t\t<div class=\"m-postsList__item__content\">\n\n\t\t\t\t\t\t\t\t\t\t\n\t\t\t\t\t\n\t\t\t\t\t\t\t\t\t\n\t\t\t\t\t<p class=\"m-postsList__item__title  m-postsList__item__title--s1\">Atelier : comment se sp\u00e9cialiser<\/p>\n\n\t\t\t\t\t\n\t\t\t\t\t\n\t\t\t\t\t\t<p class=\"m-postsList__item__meta m-postsList__item__meta--s1\">\n\n\t\t\t\t\t\t\t\t\t\t\t\t\t\t\n\t\t\t\t\t\t\t\t\t\t\t\t\t\t<span class=\"m-postsList__item__meta__label\">Datum: 27 October 2016 &#8211; Uhr: 15:00 Bis 18:00\t\t\t\t\t\t\t\n\t\t\t\t\t\t\t\t\t\t\t\t\t\t\t<span class=\"m-postsList__item__meta__label\"><br \/>Ort: <\/span> CBTI-BKVT &#8211; 24, rue Montoyerstraat &#8211; 1000 Brussels\t\t\t\t\t\t\t\n\t\t\t\t\t\t\t| <span class=\"m-postsList__item__meta__label\">Kategorie: <\/span>Fortbildung\t\t\t\t\t\t\n\t\t\t\t\t\t<\/p>\n\n\t\t\t\t\t\n\t\t\t\t\t\n\t\t\t\t\t\n\t\t\t\t\t\n\t\t\t\t\t\t\t\t\t\t<div class=\"m-actionContainer\">\n\t\t\t\t\t\t<div class=\"m-action\">\n\t\t\t\t\t\t\t<span>Mehr erfahren<\/span>\n\t\t\t\t\t\t<\/div>\n\t\t\t\t\t<\/div><!-- \/actionContainer -->\n\t\t\t\t\t\t\t\t\n\t\t\t\t<\/div><!-- \/postsList__item__child__content -->\n\t\t\t<\/div><!-- \/postsList__item__child -->\n\t\t<\/a><!-- \/postsList__item__link -->\n\t<\/div><!-- \/postsList__item -->\n\n\n\n\n\n                    \n                                            \n                            \n\n\n\n\n\n\n\n\n\n\n\n\n\n\n\n\n\t<div class=\"m-postsList__item col-12 col-md-6 col-lg-6\">\n\n\t\t<a href=\"https:\/\/www.cbti-bkvt.org\/de\/evenement\/10e-reunion-de-la-commission-sectorielle-des-responsables-de-services-de-traduction-et-de-coordinateurs-linguistiques-dentreprises\/\" title=\"\" class=\"m-postsList__item__link\">\n\n\t\t\t<div class=\"m-postsList__item__child\">\n\n\t\t\t\t<div class=\"m-postsList__item__img \"><img \n\t   \tsrc=\"https:\/\/www.cbti-bkvt.org\/wp-content\/uploads\/sc20160127-2-540x360.jpg\" \n\t\tsrcset=\"https:\/\/www.cbti-bkvt.org\/wp-content\/uploads\/sc20160127-2-540x360.jpg 540w, https:\/\/www.cbti-bkvt.org\/wp-content\/uploads\/sc20160127-2.jpg 768w, https:\/\/www.cbti-bkvt.org\/wp-content\/uploads\/sc20160127-2.jpg 1000w\" \n\t\tsizes=\"(min-width:768px) 540px, (min-width:1000px) 1000px, 100vw\"  \n\t\talt=\"sc20160127.jpg\"\n\t \/><\/div>\n\t\t\t\n\t\t\t\t<div class=\"m-postsList__item__content\">\n\n\t\t\t\t\t\t\t\t\t\t\n\t\t\t\t\t\n\t\t\t\t\t\t\t\t\t\n\t\t\t\t\t<p class=\"m-postsList__item__title  m-postsList__item__title--s1\">10e r\u00e9union de la Commission sectorielle des responsables de services de traduction et de coordinateurs linguistiques d&#8217;entreprises<\/p>\n\n\t\t\t\t\t\n\t\t\t\t\t\n\t\t\t\t\t\t<p class=\"m-postsList__item__meta m-postsList__item__meta--s1\">\n\n\t\t\t\t\t\t\t\t\t\t\t\t\t\t\n\t\t\t\t\t\t\t\t\t\t\t\t\t\t<span class=\"m-postsList__item__meta__label\">Datum: 27 October 2016 &#8211; Uhr: 13:30 Bis 17:00\t\t\t\t\t\t\t\n\t\t\t\t\t\t\t\t\t\t\t\t\t\t\t<span class=\"m-postsList__item__meta__label\"><br \/>Ort: <\/span> CBTI-BKVT &#8211; 24, rue Montoyerstraat &#8211; 1000 Brussels\t\t\t\t\t\t\t\n\t\t\t\t\t\t\t| <span class=\"m-postsList__item__meta__label\">Kategorie: <\/span>Sektorkomitees\t\t\t\t\t\t\n\t\t\t\t\t\t<\/p>\n\n\t\t\t\t\t\n\t\t\t\t\t\n\t\t\t\t\t\n\t\t\t\t\t\n\t\t\t\t\t\t\t\t\t\t<div class=\"m-actionContainer\">\n\t\t\t\t\t\t<div class=\"m-action\">\n\t\t\t\t\t\t\t<span>Mehr erfahren<\/span>\n\t\t\t\t\t\t<\/div>\n\t\t\t\t\t<\/div><!-- \/actionContainer -->\n\t\t\t\t\t\t\t\t\n\t\t\t\t<\/div><!-- \/postsList__item__child__content -->\n\t\t\t<\/div><!-- \/postsList__item__child -->\n\t\t<\/a><!-- \/postsList__item__link -->\n\t<\/div><!-- \/postsList__item -->\n\n\n\n\n\n                    \n                                            \n                            \n\n\n\n\n\n\n\n\n\n\n\n\n\n\n\n\n\t<div class=\"m-postsList__item col-12 col-md-6 col-lg-6\">\n\n\t\t<a href=\"https:\/\/www.cbti-bkvt.org\/de\/evenement\/23e-reunion-du-reseau-franco-allemand-mons\/\" title=\"\" class=\"m-postsList__item__link\">\n\n\t\t\t<div class=\"m-postsList__item__child\">\n\n\t\t\t\t<div class=\"m-postsList__item__img \"><img \n\t   \tsrc=\"https:\/\/www.cbti-bkvt.org\/wp-content\/uploads\/070204__90__Mons-5-540x360.jpg\" \n\t\tsrcset=\"https:\/\/www.cbti-bkvt.org\/wp-content\/uploads\/070204__90__Mons-5-540x360.jpg 540w, https:\/\/www.cbti-bkvt.org\/wp-content\/uploads\/070204__90__Mons-5.jpg 768w, https:\/\/www.cbti-bkvt.org\/wp-content\/uploads\/070204__90__Mons-5.jpg 1000w\" \n\t\tsizes=\"(min-width:768px) 540px, (min-width:1000px) 1000px, 100vw\"  \n\t\talt=\"070204__90__Mons.jpg\"\n\t \/><\/div>\n\t\t\t\n\t\t\t\t<div class=\"m-postsList__item__content\">\n\n\t\t\t\t\t\t\t\t\t\t\n\t\t\t\t\t\n\t\t\t\t\t\t\t\t\t\n\t\t\t\t\t<p class=\"m-postsList__item__title  m-postsList__item__title--s1\">23e r\u00e9union du R\u00e9seau franco-allemand (Mons)<\/p>\n\n\t\t\t\t\t\n\t\t\t\t\t\n\t\t\t\t\t\t<p class=\"m-postsList__item__meta m-postsList__item__meta--s1\">\n\n\t\t\t\t\t\t\t\t\t\t\t\t\t\t\n\t\t\t\t\t\t\t\t\t\t\t\t\t\t<span class=\"m-postsList__item__meta__label\">Datum: 21 October 2016 &#8211; Uhr: 13:00 Bis 12:00\t\t\t\t\t\t\t\n\t\t\t\t\t\t\t\t\t\t\t\t\t\t\t<span class=\"m-postsList__item__meta__label\"><br \/>Ort: <\/span> FTI-EII, Campus de Nimy &#8211; Avenue du Champ de Mars 22, Salle V\u00e9sale &#8211; 7000 Mons\t\t\t\t\t\t\t\n\t\t\t\t\t\t\t| <span class=\"m-postsList__item__meta__label\">Kategorie: <\/span>Deutsch-franz\u00f6sisches Netzwerk\t\t\t\t\t\t\n\t\t\t\t\t\t<\/p>\n\n\t\t\t\t\t\n\t\t\t\t\t\n\t\t\t\t\t\n\t\t\t\t\t\n\t\t\t\t\t\t\t\t\t\t<div class=\"m-actionContainer\">\n\t\t\t\t\t\t<div class=\"m-action\">\n\t\t\t\t\t\t\t<span>Mehr erfahren<\/span>\n\t\t\t\t\t\t<\/div>\n\t\t\t\t\t<\/div><!-- \/actionContainer -->\n\t\t\t\t\t\t\t\t\n\t\t\t\t<\/div><!-- \/postsList__item__child__content -->\n\t\t\t<\/div><!-- \/postsList__item__child -->\n\t\t<\/a><!-- \/postsList__item__link -->\n\t<\/div><!-- \/postsList__item -->\n\n\n\n\n\n                    \n                                            \n                            \n\n\n\n\n\n\n\n\n\n\n\n\n\n\n\n\n\t<div class=\"m-postsList__item col-12 col-md-6 col-lg-6\">\n\n\t\t<a href=\"https:\/\/www.cbti-bkvt.org\/de\/evenement\/accueil-des-nouveaux-membres\/\" title=\"\" class=\"m-postsList__item__link\">\n\n\t\t\t<div class=\"m-postsList__item__child\">\n\n\t\t\t\t<div class=\"m-postsList__item__img \"><img \n\t   \tsrc=\"https:\/\/www.cbti-bkvt.org\/wp-content\/uploads\/Black___White_Handshake_-_Still_from_the_film_Colour_Blind__2009_-2-540x360.jpg\" \n\t\tsrcset=\"https:\/\/www.cbti-bkvt.org\/wp-content\/uploads\/Black___White_Handshake_-_Still_from_the_film_Colour_Blind__2009_-2-540x360.jpg 540w, https:\/\/www.cbti-bkvt.org\/wp-content\/uploads\/Black___White_Handshake_-_Still_from_the_film_Colour_Blind__2009_-2.jpg 768w, https:\/\/www.cbti-bkvt.org\/wp-content\/uploads\/Black___White_Handshake_-_Still_from_the_film_Colour_Blind__2009_-2.jpg 1000w\" \n\t\tsizes=\"(min-width:768px) 540px, (min-width:1000px) 1000px, 100vw\"  \n\t\talt=\"Black___White_Handshake_-_Still_from_the_film_Colour_Blind__2009_.JPG\"\n\t \/><\/div>\n\t\t\t\n\t\t\t\t<div class=\"m-postsList__item__content\">\n\n\t\t\t\t\t\t\t\t\t\t\n\t\t\t\t\t\n\t\t\t\t\t\t\t\t\t\n\t\t\t\t\t<p class=\"m-postsList__item__title  m-postsList__item__title--s1\">Accueil des nouveaux membres<\/p>\n\n\t\t\t\t\t\n\t\t\t\t\t\n\t\t\t\t\t\t<p class=\"m-postsList__item__meta m-postsList__item__meta--s1\">\n\n\t\t\t\t\t\t\t\t\t\t\t\t\t\t\n\t\t\t\t\t\t\t\t\t\t\t\t\t\t<span class=\"m-postsList__item__meta__label\">Datum: 13 October 2016 &#8211; Uhr: 15:30 Bis 18:00\t\t\t\t\t\t\t\n\t\t\t\t\t\t\t\t\t\t\t\t\t\t\t<span class=\"m-postsList__item__meta__label\"><br \/>Ort: <\/span> CBTI-BKVT &#8211; 24, rue Montoyerstraat &#8211; Room Belliard &#8211; 1000 Brussels\t\t\t\t\t\t\t\n\t\t\t\t\t\t\t| <span class=\"m-postsList__item__meta__label\">Kategorie: <\/span>CBTI\/BKVT aktuell\t\t\t\t\t\t\n\t\t\t\t\t\t<\/p>\n\n\t\t\t\t\t\n\t\t\t\t\t\n\t\t\t\t\t\n\t\t\t\t\t\n\t\t\t\t\t\t\t\t\t\t<div class=\"m-actionContainer\">\n\t\t\t\t\t\t<div class=\"m-action\">\n\t\t\t\t\t\t\t<span>Mehr erfahren<\/span>\n\t\t\t\t\t\t<\/div>\n\t\t\t\t\t<\/div><!-- \/actionContainer -->\n\t\t\t\t\t\t\t\t\n\t\t\t\t<\/div><!-- \/postsList__item__child__content -->\n\t\t\t<\/div><!-- \/postsList__item__child -->\n\t\t<\/a><!-- \/postsList__item__link -->\n\t<\/div><!-- \/postsList__item -->\n\n\n\n\n\n                    \n                                            \n                            \n\n\n\n\n\n\n\n\n\n\n\n\n\n\n\n\n\t<div class=\"m-postsList__item col-12 col-md-6 col-lg-6\">\n\n\t\t<a href=\"https:\/\/www.cbti-bkvt.org\/de\/evenement\/atelier-de-traduction-en-francais\/\" title=\"\" class=\"m-postsList__item__link\">\n\n\t\t\t<div class=\"m-postsList__item__child\">\n\n\t\t\t\t<div class=\"m-postsList__item__img \"><img \n\t   \tsrc=\"https:\/\/www.cbti-bkvt.org\/wp-content\/uploads\/download-69-540x360.jpg\" \n\t\tsrcset=\"https:\/\/www.cbti-bkvt.org\/wp-content\/uploads\/download-69-540x360.jpg 540w, https:\/\/www.cbti-bkvt.org\/wp-content\/uploads\/download-69-1000x666.jpg 768w, https:\/\/www.cbti-bkvt.org\/wp-content\/uploads\/download-69.jpg 1000w\" \n\t\tsizes=\"(min-width:768px) 540px, (min-width:1000px) 1000px, 100vw\"  \n\t\talt=\"download.jpg\"\n\t \/><\/div>\n\t\t\t\n\t\t\t\t<div class=\"m-postsList__item__content\">\n\n\t\t\t\t\t\t\t\t\t\t\n\t\t\t\t\t\n\t\t\t\t\t\t\t\t\t\n\t\t\t\t\t<p class=\"m-postsList__item__title  m-postsList__item__title--s1\">Atelier de traduction en fran\u00e7ais<\/p>\n\n\t\t\t\t\t\n\t\t\t\t\t\n\t\t\t\t\t\t<p class=\"m-postsList__item__meta m-postsList__item__meta--s1\">\n\n\t\t\t\t\t\t\t\t\t\t\t\t\t\t\n\t\t\t\t\t\t\t\t\t\t\t\t\t\t<span class=\"m-postsList__item__meta__label\">Datum: 6 October 2016 &#8211; Uhr: 13:30 Bis 16:30\t\t\t\t\t\t\t\n\t\t\t\t\t\t\t\t\t\t\t\t\t\t\t<span class=\"m-postsList__item__meta__label\"><br \/>Ort: <\/span> CBTI-BKVT &#8211; 24, rue Montoyerstraat &#8211; 1000 Brussels\t\t\t\t\t\t\t\n\t\t\t\t\t\t\t| <span class=\"m-postsList__item__meta__label\">Kategorie: <\/span>Fortbildung\t\t\t\t\t\t\n\t\t\t\t\t\t<\/p>\n\n\t\t\t\t\t\n\t\t\t\t\t\n\t\t\t\t\t\n\t\t\t\t\t\n\t\t\t\t\t\t\t\t\t\t<div class=\"m-actionContainer\">\n\t\t\t\t\t\t<div class=\"m-action\">\n\t\t\t\t\t\t\t<span>Mehr erfahren<\/span>\n\t\t\t\t\t\t<\/div>\n\t\t\t\t\t<\/div><!-- \/actionContainer -->\n\t\t\t\t\t\t\t\t\n\t\t\t\t<\/div><!-- \/postsList__item__child__content -->\n\t\t\t<\/div><!-- \/postsList__item__child -->\n\t\t<\/a><!-- \/postsList__item__link -->\n\t<\/div><!-- \/postsList__item -->\n\n\n\n\n\n                    \n                                            \n                            \n\n\n\n\n\n\n\n\n\n\n\n\n\n\n\n\n\t<div class=\"m-postsList__item col-12 col-md-6 col-lg-6\">\n\n\t\t<a href=\"https:\/\/www.cbti-bkvt.org\/de\/evenement\/fete-de-la-saint-jerome-et-visite-de-la-vrt\/\" title=\"\" class=\"m-postsList__item__link\">\n\n\t\t\t<div class=\"m-postsList__item__child\">\n\n\t\t\t\t<div class=\"m-postsList__item__img \"><img \n\t   \tsrc=\"https:\/\/www.cbti-bkvt.org\/wp-content\/uploads\/2246726544_b36a88043f_b-1-540x360.jpg\" \n\t\tsrcset=\"https:\/\/www.cbti-bkvt.org\/wp-content\/uploads\/2246726544_b36a88043f_b-1-540x360.jpg 540w, https:\/\/www.cbti-bkvt.org\/wp-content\/uploads\/2246726544_b36a88043f_b-1-1000x666.jpg 768w, https:\/\/www.cbti-bkvt.org\/wp-content\/uploads\/2246726544_b36a88043f_b-1.jpg 1000w\" \n\t\tsizes=\"(min-width:768px) 540px, (min-width:1000px) 1000px, 100vw\"  \n\t\talt=\"2246726544_b36a88043f_b.jpg\"\n\t \/><\/div>\n\t\t\t\n\t\t\t\t<div class=\"m-postsList__item__content\">\n\n\t\t\t\t\t\t\t\t\t\t\n\t\t\t\t\t\n\t\t\t\t\t\t\t\t\t\n\t\t\t\t\t<p class=\"m-postsList__item__title  m-postsList__item__title--s1\">F\u00eate de la Saint-J\u00e9r\u00f4me et visite de la VRT<\/p>\n\n\t\t\t\t\t\n\t\t\t\t\t\n\t\t\t\t\t\t<p class=\"m-postsList__item__meta m-postsList__item__meta--s1\">\n\n\t\t\t\t\t\t\t\t\t\t\t\t\t\t\n\t\t\t\t\t\t\t\t\t\t\t\t\t\t<span class=\"m-postsList__item__meta__label\">Datum: 30 September 2016 &#8211; Uhr: 13:30 Bis 01:00\t\t\t\t\t\t\t\n\t\t\t\t\t\t\t\n\t\t\t\t\t\t\t| <span class=\"m-postsList__item__meta__label\">Kategorie: <\/span>CBTI\/BKVT aktuell\t\t\t\t\t\t\n\t\t\t\t\t\t<\/p>\n\n\t\t\t\t\t\n\t\t\t\t\t\n\t\t\t\t\t\n\t\t\t\t\t\n\t\t\t\t\t\t\t\t\t\t<div class=\"m-actionContainer\">\n\t\t\t\t\t\t<div class=\"m-action\">\n\t\t\t\t\t\t\t<span>Mehr erfahren<\/span>\n\t\t\t\t\t\t<\/div>\n\t\t\t\t\t<\/div><!-- \/actionContainer -->\n\t\t\t\t\t\t\t\t\n\t\t\t\t<\/div><!-- \/postsList__item__child__content -->\n\t\t\t<\/div><!-- \/postsList__item__child -->\n\t\t<\/a><!-- \/postsList__item__link -->\n\t<\/div><!-- \/postsList__item -->\n\n\n\n\n\n                    \n                                            \n                            \n\n\n\n\n\n\n\n\n\n\n\n\n\n\n\n\n\t<div class=\"m-postsList__item col-12 col-md-6 col-lg-6\">\n\n\t\t<a href=\"https:\/\/www.cbti-bkvt.org\/de\/evenement\/atelier-sur-le-reseautage\/\" title=\"\" class=\"m-postsList__item__link\">\n\n\t\t\t<div class=\"m-postsList__item__child\">\n\n\t\t\t\t<div class=\"m-postsList__item__img \"><img \n\t   \tsrc=\"https:\/\/www.cbti-bkvt.org\/wp-content\/uploads\/7975205041_7a5e4b65ff_b-1-540x360.jpg\" \n\t\tsrcset=\"https:\/\/www.cbti-bkvt.org\/wp-content\/uploads\/7975205041_7a5e4b65ff_b-1-540x360.jpg 540w, https:\/\/www.cbti-bkvt.org\/wp-content\/uploads\/7975205041_7a5e4b65ff_b-1-1000x666.jpg 768w, https:\/\/www.cbti-bkvt.org\/wp-content\/uploads\/7975205041_7a5e4b65ff_b-1.jpg 1000w\" \n\t\tsizes=\"(min-width:768px) 540px, (min-width:1000px) 1000px, 100vw\"  \n\t\talt=\"7975205041_7a5e4b65ff_b.jpg\"\n\t \/><\/div>\n\t\t\t\n\t\t\t\t<div class=\"m-postsList__item__content\">\n\n\t\t\t\t\t\t\t\t\t\t\n\t\t\t\t\t\n\t\t\t\t\t\t\t\t\t\n\t\t\t\t\t<p class=\"m-postsList__item__title  m-postsList__item__title--s1\">Atelier sur le r\u00e9seautage<\/p>\n\n\t\t\t\t\t\n\t\t\t\t\t\n\t\t\t\t\t\t<p class=\"m-postsList__item__meta m-postsList__item__meta--s1\">\n\n\t\t\t\t\t\t\t\t\t\t\t\t\t\t\n\t\t\t\t\t\t\t\t\t\t\t\t\t\t<span class=\"m-postsList__item__meta__label\">Datum: 15 September 2016 &#8211; Uhr: 15:00 Bis 18:00\t\t\t\t\t\t\t\n\t\t\t\t\t\t\t\t\t\t\t\t\t\t\t<span class=\"m-postsList__item__meta__label\"><br \/>Ort: <\/span> CBTI-BKVT &#8211; 24, rue Montoyerstraat &#8211; 1000 Brussels\t\t\t\t\t\t\t\n\t\t\t\t\t\t\t| <span class=\"m-postsList__item__meta__label\">Kategorie: <\/span>Fortbildung\t\t\t\t\t\t\n\t\t\t\t\t\t<\/p>\n\n\t\t\t\t\t\n\t\t\t\t\t\n\t\t\t\t\t\n\t\t\t\t\t\n\t\t\t\t\t\t\t\t\t\t<div class=\"m-actionContainer\">\n\t\t\t\t\t\t<div class=\"m-action\">\n\t\t\t\t\t\t\t<span>Mehr erfahren<\/span>\n\t\t\t\t\t\t<\/div>\n\t\t\t\t\t<\/div><!-- \/actionContainer -->\n\t\t\t\t\t\t\t\t\n\t\t\t\t<\/div><!-- \/postsList__item__child__content -->\n\t\t\t<\/div><!-- \/postsList__item__child -->\n\t\t<\/a><!-- \/postsList__item__link -->\n\t<\/div><!-- \/postsList__item -->\n\n\n\n\n\n                    \n                                            \n                            \n\n\n\n\n\n\n\n\n\n\n\n\n\n\n\n\n\t<div class=\"m-postsList__item col-12 col-md-6 col-lg-6\">\n\n\t\t<a href=\"https:\/\/www.cbti-bkvt.org\/de\/evenement\/congres-international-de-traduction-a-aarhus-danemark\/\" title=\"\" class=\"m-postsList__item__link\">\n\n\t\t\t<div class=\"m-postsList__item__child\">\n\n\t\t\t\t<div class=\"m-postsList__item__img \"><img \n\t   \tsrc=\"https:\/\/www.cbti-bkvt.org\/wp-content\/uploads\/Aarhus_universitet_mini-2-540x360.jpg\" \n\t\tsrcset=\"https:\/\/www.cbti-bkvt.org\/wp-content\/uploads\/Aarhus_universitet_mini-2-540x360.jpg 540w, https:\/\/www.cbti-bkvt.org\/wp-content\/uploads\/Aarhus_universitet_mini-2.jpg 768w, https:\/\/www.cbti-bkvt.org\/wp-content\/uploads\/Aarhus_universitet_mini-2.jpg 1000w\" \n\t\tsizes=\"(min-width:768px) 540px, (min-width:1000px) 1000px, 100vw\"  \n\t\talt=\"Aarhus_universitet_mini.jpg\"\n\t \/><\/div>\n\t\t\t\n\t\t\t\t<div class=\"m-postsList__item__content\">\n\n\t\t\t\t\t\t\t\t\t\t\n\t\t\t\t\t\n\t\t\t\t\t\t\t\t\t\n\t\t\t\t\t<p class=\"m-postsList__item__title  m-postsList__item__title--s1\">Congr\u00e8s international de traduction \u00e0 Aarhus (Danemark)<\/p>\n\n\t\t\t\t\t\n\t\t\t\t\t\n\t\t\t\t\t\t<p class=\"m-postsList__item__meta m-postsList__item__meta--s1\">\n\n\t\t\t\t\t\t\t\t\t\t\t\t\t\t\n\t\t\t\t\t\t\t\t\t\t\t\t\t\t<span class=\"m-postsList__item__meta__label\">Datum: 15 September 2016 &#8211; Uhr: 00:00 Bis 00:00\t\t\t\t\t\t\t\n\t\t\t\t\t\t\t\t\t\t\t\t\t\t\t<span class=\"m-postsList__item__meta__label\"><br \/>Ort: <\/span> Aarhus University, Department of Business Communication, Denmark\t\t\t\t\t\t\t\n\t\t\t\t\t\t\t| <span class=\"m-postsList__item__meta__label\">Kategorie: <\/span>Konferenzen, Sonstige Veranstaltungen\t\t\t\t\t\t\n\t\t\t\t\t\t<\/p>\n\n\t\t\t\t\t\n\t\t\t\t\t\n\t\t\t\t\t\n\t\t\t\t\t\n\t\t\t\t\t\t\t\t\t\t<div class=\"m-actionContainer\">\n\t\t\t\t\t\t<div class=\"m-action\">\n\t\t\t\t\t\t\t<span>Mehr erfahren<\/span>\n\t\t\t\t\t\t<\/div>\n\t\t\t\t\t<\/div><!-- \/actionContainer -->\n\t\t\t\t\t\t\t\t\n\t\t\t\t<\/div><!-- \/postsList__item__child__content -->\n\t\t\t<\/div><!-- \/postsList__item__child -->\n\t\t<\/a><!-- \/postsList__item__link -->\n\t<\/div><!-- \/postsList__item -->\n\n\n\n\n\n                    \n                                            \n                            \n\n\n\n\n\n\n\n\n\n\n\n\n\n\n\n\n\t<div class=\"m-postsList__item col-12 col-md-6 col-lg-6\">\n\n\t\t<a href=\"https:\/\/www.cbti-bkvt.org\/de\/evenement\/translation-technology-summer-school\/\" title=\"\" class=\"m-postsList__item__link\">\n\n\t\t\t<div class=\"m-postsList__item__child\">\n\n\t\t\t\t<div class=\"m-postsList__item__img \"><img \n\t   \tsrc=\"https:\/\/www.cbti-bkvt.org\/wp-content\/uploads\/laptop-698609_960_720_mini-540x360.jpg\" \n\t\tsrcset=\"https:\/\/www.cbti-bkvt.org\/wp-content\/uploads\/laptop-698609_960_720_mini-540x360.jpg 540w, https:\/\/www.cbti-bkvt.org\/wp-content\/uploads\/laptop-698609_960_720_mini.jpg 768w, https:\/\/www.cbti-bkvt.org\/wp-content\/uploads\/laptop-698609_960_720_mini.jpg 1000w\" \n\t\tsizes=\"(min-width:768px) 540px, (min-width:1000px) 1000px, 100vw\"  \n\t\talt=\"laptop-698609_960_720_mini\"\n\t \/><\/div>\n\t\t\t\n\t\t\t\t<div class=\"m-postsList__item__content\">\n\n\t\t\t\t\t\t\t\t\t\t\n\t\t\t\t\t\n\t\t\t\t\t\t\t\t\t\n\t\t\t\t\t<p class=\"m-postsList__item__title  m-postsList__item__title--s1\">Translation Technology Summer School<\/p>\n\n\t\t\t\t\t\n\t\t\t\t\t\n\t\t\t\t\t\t<p class=\"m-postsList__item__meta m-postsList__item__meta--s1\">\n\n\t\t\t\t\t\t\t\t\t\t\t\t\t\t\n\t\t\t\t\t\t\t\t\t\t\t\t\t\t<span class=\"m-postsList__item__meta__label\">Datum: 29 August 2016 &#8211; Uhr: 09:00 Bis 17:45\t\t\t\t\t\t\t\n\t\t\t\t\t\t\t\t\t\t\t\t\t\t\t<span class=\"m-postsList__item__meta__label\"><br \/>Ort: <\/span> University of Leuven &#8211; Faculty of Arts &#8211; Campus Sint-Andries Antwerpen &#8211; Sint-Andriesstraat 2 &#8211; 2000 Antwerpen &#8211; Belgium\t\t\t\t\t\t\t\n\t\t\t\t\t\t\t| <span class=\"m-postsList__item__meta__label\">Kategorie: <\/span>Fortbildung, Sonstige Veranstaltungen\t\t\t\t\t\t\n\t\t\t\t\t\t<\/p>\n\n\t\t\t\t\t\n\t\t\t\t\t\n\t\t\t\t\t\n\t\t\t\t\t\n\t\t\t\t\t\t\t\t\t\t<div class=\"m-actionContainer\">\n\t\t\t\t\t\t<div class=\"m-action\">\n\t\t\t\t\t\t\t<span>Mehr erfahren<\/span>\n\t\t\t\t\t\t<\/div>\n\t\t\t\t\t<\/div><!-- \/actionContainer -->\n\t\t\t\t\t\t\t\t\n\t\t\t\t<\/div><!-- \/postsList__item__child__content -->\n\t\t\t<\/div><!-- \/postsList__item__child -->\n\t\t<\/a><!-- \/postsList__item__link -->\n\t<\/div><!-- \/postsList__item -->\n\n\n\n\n\n                    \n                                            \n                            \n\n\n\n\n\n\n\n\n\n\n\n\n\n\n\n\n\t<div class=\"m-postsList__item col-12 col-md-6 col-lg-6\">\n\n\t\t<a href=\"https:\/\/www.cbti-bkvt.org\/de\/evenement\/atelier-logiciel-de-correction-grammaticale-et-daide-a-la-redaction-en-francais-antidote\/\" title=\"\" class=\"m-postsList__item__link\">\n\n\t\t\t<div class=\"m-postsList__item__child\">\n\n\t\t\t\t<div class=\"m-postsList__item__img \"><img \n\t   \tsrc=\"https:\/\/www.cbti-bkvt.org\/wp-content\/uploads\/Balzac_correction_du_Furne_mini-2-540x360.jpg\" \n\t\tsrcset=\"https:\/\/www.cbti-bkvt.org\/wp-content\/uploads\/Balzac_correction_du_Furne_mini-2-540x360.jpg 540w, https:\/\/www.cbti-bkvt.org\/wp-content\/uploads\/Balzac_correction_du_Furne_mini-2-1000x666.jpg 768w, https:\/\/www.cbti-bkvt.org\/wp-content\/uploads\/Balzac_correction_du_Furne_mini-2.jpg 1000w\" \n\t\tsizes=\"(min-width:768px) 540px, (min-width:1000px) 1000px, 100vw\"  \n\t\talt=\"Balzac_correction_du_Furne_mini.jpg\"\n\t \/><\/div>\n\t\t\t\n\t\t\t\t<div class=\"m-postsList__item__content\">\n\n\t\t\t\t\t\t\t\t\t\t\n\t\t\t\t\t\n\t\t\t\t\t\t\t\t\t\n\t\t\t\t\t<p class=\"m-postsList__item__title  m-postsList__item__title--s1\">Atelier : logiciel de correction grammaticale et d&#8217;aide \u00e0 la r\u00e9daction en fran\u00e7ais Antidote<\/p>\n\n\t\t\t\t\t\n\t\t\t\t\t\n\t\t\t\t\t\t<p class=\"m-postsList__item__meta m-postsList__item__meta--s1\">\n\n\t\t\t\t\t\t\t\t\t\t\t\t\t\t\n\t\t\t\t\t\t\t\t\t\t\t\t\t\t<span class=\"m-postsList__item__meta__label\">Datum: 12 May 2016 &#8211; Uhr: 13:30 Bis 17:00\t\t\t\t\t\t\t\n\t\t\t\t\t\t\t\t\t\t\t\t\t\t\t<span class=\"m-postsList__item__meta__label\"><br \/>Ort: <\/span> CBTI-BKVT &#8211; 24, rue Montoyerstraat &#8211; 1000 Brussels\t\t\t\t\t\t\t\n\t\t\t\t\t\t\t| <span class=\"m-postsList__item__meta__label\">Kategorie: <\/span>Fortbildung\t\t\t\t\t\t\n\t\t\t\t\t\t<\/p>\n\n\t\t\t\t\t\n\t\t\t\t\t\n\t\t\t\t\t\n\t\t\t\t\t\n\t\t\t\t\t\t\t\t\t\t<div class=\"m-actionContainer\">\n\t\t\t\t\t\t<div class=\"m-action\">\n\t\t\t\t\t\t\t<span>Mehr erfahren<\/span>\n\t\t\t\t\t\t<\/div>\n\t\t\t\t\t<\/div><!-- \/actionContainer -->\n\t\t\t\t\t\t\t\t\n\t\t\t\t<\/div><!-- \/postsList__item__child__content -->\n\t\t\t<\/div><!-- \/postsList__item__child -->\n\t\t<\/a><!-- \/postsList__item__link -->\n\t<\/div><!-- \/postsList__item -->\n\n\n\n\n\n                    \n                                            \n                            \n\n\n\n\n\n\n\n\n\n\n\n\n\n\n\n\n\t<div class=\"m-postsList__item col-12 col-md-6 col-lg-6\">\n\n\t\t<a href=\"https:\/\/www.cbti-bkvt.org\/de\/evenement\/9e-reunion-de-la-commission-sectorielle-des-responsables-de-services-de-traduction-et-de-coordinateurs-linguistiques-dentreprises\/\" title=\"\" class=\"m-postsList__item__link\">\n\n\t\t\t<div class=\"m-postsList__item__child\">\n\n\t\t\t\t<div class=\"m-postsList__item__img \"><img \n\t   \tsrc=\"https:\/\/www.cbti-bkvt.org\/wp-content\/uploads\/14565350736_09ac87154b_o-5-540x360.jpg\" \n\t\tsrcset=\"https:\/\/www.cbti-bkvt.org\/wp-content\/uploads\/14565350736_09ac87154b_o-5-540x360.jpg 540w, https:\/\/www.cbti-bkvt.org\/wp-content\/uploads\/14565350736_09ac87154b_o-5.jpg 768w, https:\/\/www.cbti-bkvt.org\/wp-content\/uploads\/14565350736_09ac87154b_o-5.jpg 1000w\" \n\t\tsizes=\"(min-width:768px) 540px, (min-width:1000px) 1000px, 100vw\"  \n\t\talt=\"14565350736_09ac87154b_o.jpg\"\n\t \/><\/div>\n\t\t\t\n\t\t\t\t<div class=\"m-postsList__item__content\">\n\n\t\t\t\t\t\t\t\t\t\t\n\t\t\t\t\t\n\t\t\t\t\t\t\t\t\t\n\t\t\t\t\t<p class=\"m-postsList__item__title  m-postsList__item__title--s1\">9e r\u00e9union de la Commission sectorielle des responsables de services de traduction et de coordinateurs linguistiques d&#8217;entreprises<\/p>\n\n\t\t\t\t\t\n\t\t\t\t\t\n\t\t\t\t\t\t<p class=\"m-postsList__item__meta m-postsList__item__meta--s1\">\n\n\t\t\t\t\t\t\t\t\t\t\t\t\t\t\n\t\t\t\t\t\t\t\t\t\t\t\t\t\t<span class=\"m-postsList__item__meta__label\">Datum: 28 April 2016 &#8211; Uhr: 13:30 Bis 17:00\t\t\t\t\t\t\t\n\t\t\t\t\t\t\t\t\t\t\t\t\t\t\t<span class=\"m-postsList__item__meta__label\"><br \/>Ort: <\/span> Secr\u00e9tariat g\u00e9n\u00e9ral du Benelux, 39 rue de la R\u00e9gence, 1000 Bruxelles (salle 600)\t\t\t\t\t\t\t\n\t\t\t\t\t\t\t| <span class=\"m-postsList__item__meta__label\">Kategorie: <\/span>Sektorkomitees\t\t\t\t\t\t\n\t\t\t\t\t\t<\/p>\n\n\t\t\t\t\t\n\t\t\t\t\t\n\t\t\t\t\t\n\t\t\t\t\t\n\t\t\t\t\t\t\t\t\t\t<div class=\"m-actionContainer\">\n\t\t\t\t\t\t<div class=\"m-action\">\n\t\t\t\t\t\t\t<span>Mehr erfahren<\/span>\n\t\t\t\t\t\t<\/div>\n\t\t\t\t\t<\/div><!-- \/actionContainer -->\n\t\t\t\t\t\t\t\t\n\t\t\t\t<\/div><!-- \/postsList__item__child__content -->\n\t\t\t<\/div><!-- \/postsList__item__child -->\n\t\t<\/a><!-- \/postsList__item__link -->\n\t<\/div><!-- \/postsList__item -->\n\n\n\n\n\n                    \n                                            \n                            \n\n\n\n\n\n\n\n\n\n\n\n\n\n\n\n\n\t<div class=\"m-postsList__item col-12 col-md-6 col-lg-6\">\n\n\t\t<a href=\"https:\/\/www.cbti-bkvt.org\/de\/evenement\/borrelavond-a-jodoigne\/\" title=\"\" class=\"m-postsList__item__link\">\n\n\t\t\t<div class=\"m-postsList__item__child\">\n\n\t\t\t\t<div class=\"m-postsList__item__img \"><img \n\t   \tsrc=\"https:\/\/www.cbti-bkvt.org\/wp-content\/uploads\/download-68-540x360.jpg\" \n\t\tsrcset=\"https:\/\/www.cbti-bkvt.org\/wp-content\/uploads\/download-68-540x360.jpg 540w, https:\/\/www.cbti-bkvt.org\/wp-content\/uploads\/download-68.jpg 768w, https:\/\/www.cbti-bkvt.org\/wp-content\/uploads\/download-68.jpg 1000w\" \n\t\tsizes=\"(min-width:768px) 540px, (min-width:1000px) 1000px, 100vw\"  \n\t\talt=\"download.jpg\"\n\t \/><\/div>\n\t\t\t\n\t\t\t\t<div class=\"m-postsList__item__content\">\n\n\t\t\t\t\t\t\t\t\t\t\n\t\t\t\t\t\n\t\t\t\t\t\t\t\t\t\n\t\t\t\t\t<p class=\"m-postsList__item__title  m-postsList__item__title--s1\">Borrelavond \u00e0 Jodoigne<\/p>\n\n\t\t\t\t\t\n\t\t\t\t\t\n\t\t\t\t\t\t<p class=\"m-postsList__item__meta m-postsList__item__meta--s1\">\n\n\t\t\t\t\t\t\t\t\t\t\t\t\t\t\n\t\t\t\t\t\t\t\t\t\t\t\t\t\t<span class=\"m-postsList__item__meta__label\">Datum: 15 April 2016 &#8211; Uhr: 18:30 Bis \t\t\t\t\t\t\t\n\t\t\t\t\t\t\t\t\t\t\t\t\t\t\t<span class=\"m-postsList__item__meta__label\"><br \/>Ort: <\/span> Les Herbes tha\u00ef &#8211; 2, rue de la Bruy\u00e8re &#8211; 1370 Jodoigne\t\t\t\t\t\t\t\n\t\t\t\t\t\t\t| <span class=\"m-postsList__item__meta__label\">Kategorie: <\/span>Stammtische\t\t\t\t\t\t\n\t\t\t\t\t\t<\/p>\n\n\t\t\t\t\t\n\t\t\t\t\t\n\t\t\t\t\t\n\t\t\t\t\t\n\t\t\t\t\t\t\t\t\t\t<div class=\"m-actionContainer\">\n\t\t\t\t\t\t<div class=\"m-action\">\n\t\t\t\t\t\t\t<span>Mehr erfahren<\/span>\n\t\t\t\t\t\t<\/div>\n\t\t\t\t\t<\/div><!-- \/actionContainer -->\n\t\t\t\t\t\t\t\t\n\t\t\t\t<\/div><!-- \/postsList__item__child__content -->\n\t\t\t<\/div><!-- \/postsList__item__child -->\n\t\t<\/a><!-- \/postsList__item__link -->\n\t<\/div><!-- \/postsList__item -->\n\n\n\n\n\n                    \n                                            \n                            \n\n\n\n\n\n\n\n\n\n\n\n\n\n\n\n\n\t<div class=\"m-postsList__item col-12 col-md-6 col-lg-6\">\n\n\t\t<a href=\"https:\/\/www.cbti-bkvt.org\/de\/evenement\/assemblee-generale-de-la-cbti-3\/\" title=\"\" class=\"m-postsList__item__link\">\n\n\t\t\t<div class=\"m-postsList__item__child\">\n\n\t\t\t\t<div class=\"m-postsList__item__img \"><img \n\t   \tsrc=\"https:\/\/www.cbti-bkvt.org\/wp-content\/uploads\/2060_Leopold_333-7-540x360.jpg\" \n\t\tsrcset=\"https:\/\/www.cbti-bkvt.org\/wp-content\/uploads\/2060_Leopold_333-7-540x360.jpg 540w, https:\/\/www.cbti-bkvt.org\/wp-content\/uploads\/2060_Leopold_333-7.jpg 768w, https:\/\/www.cbti-bkvt.org\/wp-content\/uploads\/2060_Leopold_333-7.jpg 1000w\" \n\t\tsizes=\"(min-width:768px) 540px, (min-width:1000px) 1000px, 100vw\"  \n\t\talt=\"2060_Leopold_333.jpg\"\n\t \/><\/div>\n\t\t\t\n\t\t\t\t<div class=\"m-postsList__item__content\">\n\n\t\t\t\t\t\t\t\t\t\t\n\t\t\t\t\t\n\t\t\t\t\t\t\t\t\t\n\t\t\t\t\t<p class=\"m-postsList__item__title  m-postsList__item__title--s1\">Assembl\u00e9e g\u00e9n\u00e9rale de la CBTI<\/p>\n\n\t\t\t\t\t\n\t\t\t\t\t\n\t\t\t\t\t\t<p class=\"m-postsList__item__meta m-postsList__item__meta--s1\">\n\n\t\t\t\t\t\t\t\t\t\t\t\t\t\t\n\t\t\t\t\t\t\t\t\t\t\t\t\t\t<span class=\"m-postsList__item__meta__label\">Datum: 19 March 2016 &#8211; Uhr: 10:30 Bis 17:00\t\t\t\t\t\t\t\n\t\t\t\t\t\t\t\t\t\t\t\t\t\t\t<span class=\"m-postsList__item__meta__label\"><br \/>Ort: <\/span> H\u00f4tel L\u00e9opold, Rue du Luxembourg 35, 1050 Brussels\t\t\t\t\t\t\t\n\t\t\t\t\t\t\t| <span class=\"m-postsList__item__meta__label\">Kategorie: <\/span>CBTI\/BKVT aktuell, Generalversammlung\t\t\t\t\t\t\n\t\t\t\t\t\t<\/p>\n\n\t\t\t\t\t\n\t\t\t\t\t\n\t\t\t\t\t\n\t\t\t\t\t\n\t\t\t\t\t\t\t\t\t\t<div class=\"m-actionContainer\">\n\t\t\t\t\t\t<div class=\"m-action\">\n\t\t\t\t\t\t\t<span>Mehr erfahren<\/span>\n\t\t\t\t\t\t<\/div>\n\t\t\t\t\t<\/div><!-- \/actionContainer -->\n\t\t\t\t\t\t\t\t\n\t\t\t\t<\/div><!-- \/postsList__item__child__content -->\n\t\t\t<\/div><!-- \/postsList__item__child -->\n\t\t<\/a><!-- \/postsList__item__link -->\n\t<\/div><!-- \/postsList__item -->\n\n\n\n\n\n                    \n                                            \n                            \n\n\n\n\n\n\n\n\n\n\n\n\n\n\n\n\n\t<div class=\"m-postsList__item col-12 col-md-6 col-lg-6\">\n\n\t\t<a href=\"https:\/\/www.cbti-bkvt.org\/de\/evenement\/conference-the-value-of-language\/\" title=\"\" class=\"m-postsList__item__link\">\n\n\t\t\t<div class=\"m-postsList__item__child\">\n\n\t\t\t\t<div class=\"m-postsList__item__img \"><img \n\t   \tsrc=\"https:\/\/www.cbti-bkvt.org\/wp-content\/uploads\/thevalueoflanguagehomepageNL16032016-1-540x360.jpg\" \n\t\tsrcset=\"https:\/\/www.cbti-bkvt.org\/wp-content\/uploads\/thevalueoflanguagehomepageNL16032016-1-540x360.jpg 540w, https:\/\/www.cbti-bkvt.org\/wp-content\/uploads\/thevalueoflanguagehomepageNL16032016-1-1000x549.jpg 768w, https:\/\/www.cbti-bkvt.org\/wp-content\/uploads\/thevalueoflanguagehomepageNL16032016-1.jpg 1000w\" \n\t\tsizes=\"(min-width:768px) 540px, (min-width:1000px) 1000px, 100vw\"  \n\t\talt=\"thevalueoflanguagehomepageNL16032016.jpg\"\n\t \/><\/div>\n\t\t\t\n\t\t\t\t<div class=\"m-postsList__item__content\">\n\n\t\t\t\t\t\t\t\t\t\t\n\t\t\t\t\t\n\t\t\t\t\t\t\t\t\t\n\t\t\t\t\t<p class=\"m-postsList__item__title  m-postsList__item__title--s1\">Conf\u00e9rence &#8220;The Value of Language&#8221;<\/p>\n\n\t\t\t\t\t\n\t\t\t\t\t\n\t\t\t\t\t\t<p class=\"m-postsList__item__meta m-postsList__item__meta--s1\">\n\n\t\t\t\t\t\t\t\t\t\t\t\t\t\t\n\t\t\t\t\t\t\t\t\t\t\t\t\t\t<span class=\"m-postsList__item__meta__label\">Datum: 16 March 2016 &#8211; Uhr: 09:30 Bis \t\t\t\t\t\t\t\n\t\t\t\t\t\t\t\t\t\t\t\t\t\t\t<span class=\"m-postsList__item__meta__label\"><br \/>Ort: <\/span> KU Leuven campus Brussel &#8211; Rue d\u2019Assaut 2 &#8211; 1000 Brussels\t\t\t\t\t\t\t\n\t\t\t\t\t\t\t| <span class=\"m-postsList__item__meta__label\">Kategorie: <\/span>Konferenzen, Sonstige Veranstaltungen\t\t\t\t\t\t\n\t\t\t\t\t\t<\/p>\n\n\t\t\t\t\t\n\t\t\t\t\t\n\t\t\t\t\t\n\t\t\t\t\t\n\t\t\t\t\t\t\t\t\t\t<div class=\"m-actionContainer\">\n\t\t\t\t\t\t<div class=\"m-action\">\n\t\t\t\t\t\t\t<span>Mehr erfahren<\/span>\n\t\t\t\t\t\t<\/div>\n\t\t\t\t\t<\/div><!-- \/actionContainer -->\n\t\t\t\t\t\t\t\t\n\t\t\t\t<\/div><!-- \/postsList__item__child__content -->\n\t\t\t<\/div><!-- \/postsList__item__child -->\n\t\t<\/a><!-- \/postsList__item__link -->\n\t<\/div><!-- \/postsList__item -->\n\n\n\n\n\n                    \n                                            \n                            \n\n\n\n\n\n\n\n\n\n\n\n\n\n\n\n\n\t<div class=\"m-postsList__item col-12 col-md-6 col-lg-6\">\n\n\t\t<a href=\"https:\/\/www.cbti-bkvt.org\/de\/evenement\/verre-de-lamitie-bruxelles\/\" title=\"\" class=\"m-postsList__item__link\">\n\n\t\t\t<div class=\"m-postsList__item__child\">\n\n\t\t\t\t<div class=\"m-postsList__item__img \"><img \n\t   \tsrc=\"https:\/\/www.cbti-bkvt.org\/wp-content\/uploads\/5984804252_530c150366_b-2-540x360.jpg\" \n\t\tsrcset=\"https:\/\/www.cbti-bkvt.org\/wp-content\/uploads\/5984804252_530c150366_b-2-540x360.jpg 540w, https:\/\/www.cbti-bkvt.org\/wp-content\/uploads\/5984804252_530c150366_b-2-1000x666.jpg 768w, https:\/\/www.cbti-bkvt.org\/wp-content\/uploads\/5984804252_530c150366_b-2.jpg 1000w\" \n\t\tsizes=\"(min-width:768px) 540px, (min-width:1000px) 1000px, 100vw\"  \n\t\talt=\"5984804252_530c150366_b.jpg\"\n\t \/><\/div>\n\t\t\t\n\t\t\t\t<div class=\"m-postsList__item__content\">\n\n\t\t\t\t\t\t\t\t\t\t\n\t\t\t\t\t\n\t\t\t\t\t\t\t\t\t\n\t\t\t\t\t<p class=\"m-postsList__item__title  m-postsList__item__title--s1\">Verre de l&#8217;amiti\u00e9 (Bruxelles)<\/p>\n\n\t\t\t\t\t\n\t\t\t\t\t\n\t\t\t\t\t\t<p class=\"m-postsList__item__meta m-postsList__item__meta--s1\">\n\n\t\t\t\t\t\t\t\t\t\t\t\t\t\t\n\t\t\t\t\t\t\t\t\t\t\t\t\t\t<span class=\"m-postsList__item__meta__label\">Datum: 10 March 2016 &#8211; Uhr: 19:30 Bis \t\t\t\t\t\t\t\n\t\t\t\t\t\t\t\t\t\t\t\t\t\t\t<span class=\"m-postsList__item__meta__label\"><br \/>Ort: <\/span> La Fleur en Papier Dor\u00e9 \/ Het Goublommeke in Papier  Cellebroersstraat &#8211; 55 rue des Alexiens, 1000 Brussels\t\t\t\t\t\t\t\n\t\t\t\t\t\t\t| <span class=\"m-postsList__item__meta__label\">Kategorie: <\/span>Stammtische\t\t\t\t\t\t\n\t\t\t\t\t\t<\/p>\n\n\t\t\t\t\t\n\t\t\t\t\t\n\t\t\t\t\t\n\t\t\t\t\t\n\t\t\t\t\t\t\t\t\t\t<div class=\"m-actionContainer\">\n\t\t\t\t\t\t<div class=\"m-action\">\n\t\t\t\t\t\t\t<span>Mehr erfahren<\/span>\n\t\t\t\t\t\t<\/div>\n\t\t\t\t\t<\/div><!-- \/actionContainer -->\n\t\t\t\t\t\t\t\t\n\t\t\t\t<\/div><!-- \/postsList__item__child__content -->\n\t\t\t<\/div><!-- \/postsList__item__child -->\n\t\t<\/a><!-- \/postsList__item__link -->\n\t<\/div><!-- \/postsList__item -->\n\n\n\n\n\n                    \n                                            \n                            \n\n\n\n\n\n\n\n\n\n\n\n\n\n\n\n\n\t<div class=\"m-postsList__item col-12 col-md-6 col-lg-6\">\n\n\t\t<a href=\"https:\/\/www.cbti-bkvt.org\/de\/evenement\/reception-de-nouvel-an-et-visite-de-la-vrt\/\" title=\"\" class=\"m-postsList__item__link\">\n\n\t\t\t<div class=\"m-postsList__item__child\">\n\n\t\t\t\t<div class=\"m-postsList__item__img \"><img \n\t   \tsrc=\"https:\/\/www.cbti-bkvt.org\/wp-content\/uploads\/VRT_headquarters_in_Brussels_Redvers-2-540x360.jpg\" \n\t\tsrcset=\"https:\/\/www.cbti-bkvt.org\/wp-content\/uploads\/VRT_headquarters_in_Brussels_Redvers-2-540x360.jpg 540w, https:\/\/www.cbti-bkvt.org\/wp-content\/uploads\/VRT_headquarters_in_Brussels_Redvers-2.jpg 768w, https:\/\/www.cbti-bkvt.org\/wp-content\/uploads\/VRT_headquarters_in_Brussels_Redvers-2.jpg 1000w\" \n\t\tsizes=\"(min-width:768px) 540px, (min-width:1000px) 1000px, 100vw\"  \n\t\talt=\"VRT_headquarters_in_Brussels_Redvers.jpg\"\n\t \/><\/div>\n\t\t\t\n\t\t\t\t<div class=\"m-postsList__item__content\">\n\n\t\t\t\t\t\t\t\t\t\t\n\t\t\t\t\t\n\t\t\t\t\t\t\t\t\t\n\t\t\t\t\t<p class=\"m-postsList__item__title  m-postsList__item__title--s1\">R\u00e9ception de Nouvel An et visite de la VRT<\/p>\n\n\t\t\t\t\t\n\t\t\t\t\t\n\t\t\t\t\t\t<p class=\"m-postsList__item__meta m-postsList__item__meta--s1\">\n\n\t\t\t\t\t\t\t\t\t\t\t\t\t\t\n\t\t\t\t\t\t\t\t\t\t\t\t\t\t<span class=\"m-postsList__item__meta__label\">Datum: 22 January 2016 &#8211; Uhr: 15:30 Bis 23:00\t\t\t\t\t\t\t\n\t\t\t\t\t\t\t\n\t\t\t\t\t\t\t| <span class=\"m-postsList__item__meta__label\">Kategorie: <\/span>CBTI\/BKVT aktuell\t\t\t\t\t\t\n\t\t\t\t\t\t<\/p>\n\n\t\t\t\t\t\n\t\t\t\t\t\n\t\t\t\t\t\n\t\t\t\t\t\n\t\t\t\t\t\t\t\t\t\t<div class=\"m-actionContainer\">\n\t\t\t\t\t\t<div class=\"m-action\">\n\t\t\t\t\t\t\t<span>Mehr erfahren<\/span>\n\t\t\t\t\t\t<\/div>\n\t\t\t\t\t<\/div><!-- \/actionContainer -->\n\t\t\t\t\t\t\t\t\n\t\t\t\t<\/div><!-- \/postsList__item__child__content -->\n\t\t\t<\/div><!-- \/postsList__item__child -->\n\t\t<\/a><!-- \/postsList__item__link -->\n\t<\/div><!-- \/postsList__item -->\n\n\n\n\n\n                    \n                                            \n                            \n\n\n\n\n\n\n\n\n\n\n\n\n\n\n\n\n\t<div class=\"m-postsList__item col-12 col-md-6 col-lg-6\">\n\n\t\t<a href=\"https:\/\/www.cbti-bkvt.org\/de\/evenement\/atelier-comment-gagner-en-productivite-grace-a-la-reconnaissance-vocale-atelier-sur-dragon-naturallyspeaking\/\" title=\"\" class=\"m-postsList__item__link\">\n\n\t\t\t<div class=\"m-postsList__item__child\">\n\n\t\t\t\t<div class=\"m-postsList__item__img \"><img \n\t   \tsrc=\"https:\/\/www.cbti-bkvt.org\/wp-content\/uploads\/LD0001142029_2-2-540x360.jpg\" \n\t\tsrcset=\"https:\/\/www.cbti-bkvt.org\/wp-content\/uploads\/LD0001142029_2-2-540x360.jpg 540w, https:\/\/www.cbti-bkvt.org\/wp-content\/uploads\/LD0001142029_2-2-1000x666.jpg 768w, https:\/\/www.cbti-bkvt.org\/wp-content\/uploads\/LD0001142029_2-2.jpg 1000w\" \n\t\tsizes=\"(min-width:768px) 540px, (min-width:1000px) 1000px, 100vw\"  \n\t\talt=\"LD0001142029_2.jpg\"\n\t \/><\/div>\n\t\t\t\n\t\t\t\t<div class=\"m-postsList__item__content\">\n\n\t\t\t\t\t\t\t\t\t\t\n\t\t\t\t\t\n\t\t\t\t\t\t\t\t\t\n\t\t\t\t\t<p class=\"m-postsList__item__title  m-postsList__item__title--s1\">Atelier: Comment gagner en productivit\u00e9 gr\u00e2ce \u00e0 la reconnaissance vocale? (atelier sur Dragon NaturallySpeaking)<\/p>\n\n\t\t\t\t\t\n\t\t\t\t\t\n\t\t\t\t\t\t<p class=\"m-postsList__item__meta m-postsList__item__meta--s1\">\n\n\t\t\t\t\t\t\t\t\t\t\t\t\t\t\n\t\t\t\t\t\t\t\t\t\t\t\t\t\t<span class=\"m-postsList__item__meta__label\">Datum: 15 January 2016 &#8211; Uhr: 15:00 Bis 18:15\t\t\t\t\t\t\t\n\t\t\t\t\t\t\t\t\t\t\t\t\t\t\t<span class=\"m-postsList__item__meta__label\"><br \/>Ort: <\/span> CBTI-BKVT &#8211; 24, rue Montoyerstraat &#8211; 1000 Brussels\t\t\t\t\t\t\t\n\t\t\t\t\t\t\t| <span class=\"m-postsList__item__meta__label\">Kategorie: <\/span>Fortbildung\t\t\t\t\t\t\n\t\t\t\t\t\t<\/p>\n\n\t\t\t\t\t\n\t\t\t\t\t\n\t\t\t\t\t\n\t\t\t\t\t\n\t\t\t\t\t\t\t\t\t\t<div class=\"m-actionContainer\">\n\t\t\t\t\t\t<div class=\"m-action\">\n\t\t\t\t\t\t\t<span>Mehr erfahren<\/span>\n\t\t\t\t\t\t<\/div>\n\t\t\t\t\t<\/div><!-- \/actionContainer -->\n\t\t\t\t\t\t\t\t\n\t\t\t\t<\/div><!-- \/postsList__item__child__content -->\n\t\t\t<\/div><!-- \/postsList__item__child -->\n\t\t<\/a><!-- \/postsList__item__link -->\n\t<\/div><!-- \/postsList__item -->\n\n\n\n\n\n                    \n                                            \n                            \n\n\n\n\n\n\n\n\n\n\n\n\n\n\n\n\n\t<div class=\"m-postsList__item col-12 col-md-6 col-lg-6\">\n\n\t\t<a href=\"https:\/\/www.cbti-bkvt.org\/de\/evenement\/borrelavond-nivelles\/\" title=\"\" class=\"m-postsList__item__link\">\n\n\t\t\t<div class=\"m-postsList__item__child\">\n\n\t\t\t\t<div class=\"m-postsList__item__img \"><img \n\t   \tsrc=\"https:\/\/www.cbti-bkvt.org\/wp-content\/uploads\/Nivelles_JPG00__1__mini-2-540x360.jpg\" \n\t\tsrcset=\"https:\/\/www.cbti-bkvt.org\/wp-content\/uploads\/Nivelles_JPG00__1__mini-2-540x360.jpg 540w, https:\/\/www.cbti-bkvt.org\/wp-content\/uploads\/Nivelles_JPG00__1__mini-2-1000x666.jpg 768w, https:\/\/www.cbti-bkvt.org\/wp-content\/uploads\/Nivelles_JPG00__1__mini-2.jpg 1000w\" \n\t\tsizes=\"(min-width:768px) 540px, (min-width:1000px) 1000px, 100vw\"  \n\t\talt=\"Nivelles_JPG00__1__mini.jpg\"\n\t \/><\/div>\n\t\t\t\n\t\t\t\t<div class=\"m-postsList__item__content\">\n\n\t\t\t\t\t\t\t\t\t\t\n\t\t\t\t\t\n\t\t\t\t\t\t\t\t\t\n\t\t\t\t\t<p class=\"m-postsList__item__title  m-postsList__item__title--s1\">Borrelavond (Nivelles)<\/p>\n\n\t\t\t\t\t\n\t\t\t\t\t\n\t\t\t\t\t\t<p class=\"m-postsList__item__meta m-postsList__item__meta--s1\">\n\n\t\t\t\t\t\t\t\t\t\t\t\t\t\t\n\t\t\t\t\t\t\t\t\t\t\t\t\t\t<span class=\"m-postsList__item__meta__label\">Datum: 11 December 2015 &#8211; Uhr: 19:30 Bis \t\t\t\t\t\t\t\n\t\t\t\t\t\t\t\t\t\t\t\t\t\t\t<span class=\"m-postsList__item__meta__label\"><br \/>Ort: <\/span> Brasserie des Arts, Grand-Place 51, 1400 Nivelles\t\t\t\t\t\t\t\n\t\t\t\t\t\t\t| <span class=\"m-postsList__item__meta__label\">Kategorie: <\/span>Stammtische\t\t\t\t\t\t\n\t\t\t\t\t\t<\/p>\n\n\t\t\t\t\t\n\t\t\t\t\t\n\t\t\t\t\t\n\t\t\t\t\t\n\t\t\t\t\t\t\t\t\t\t<div class=\"m-actionContainer\">\n\t\t\t\t\t\t<div class=\"m-action\">\n\t\t\t\t\t\t\t<span>Mehr erfahren<\/span>\n\t\t\t\t\t\t<\/div>\n\t\t\t\t\t<\/div><!-- \/actionContainer -->\n\t\t\t\t\t\t\t\t\n\t\t\t\t<\/div><!-- \/postsList__item__child__content -->\n\t\t\t<\/div><!-- \/postsList__item__child -->\n\t\t<\/a><!-- \/postsList__item__link -->\n\t<\/div><!-- \/postsList__item -->\n\n\n\n\n\n                    \n                                            \n                            \n\n\n\n\n\n\n\n\n\n\n\n\n\n\n\n\n\t<div class=\"m-postsList__item col-12 col-md-6 col-lg-6\">\n\n\t\t<a href=\"https:\/\/www.cbti-bkvt.org\/de\/evenement\/expolingua-berlin-2015\/\" title=\"\" class=\"m-postsList__item__link\">\n\n\t\t\t<div class=\"m-postsList__item__child\">\n\n\t\t\t\t<div class=\"m-postsList__item__img \"><img \n\t   \tsrc=\"https:\/\/www.cbti-bkvt.org\/wp-content\/uploads\/expolingua2015_mini-2-540x360.jpg\" \n\t\tsrcset=\"https:\/\/www.cbti-bkvt.org\/wp-content\/uploads\/expolingua2015_mini-2-540x360.jpg 540w, https:\/\/www.cbti-bkvt.org\/wp-content\/uploads\/expolingua2015_mini-2.jpg 768w, https:\/\/www.cbti-bkvt.org\/wp-content\/uploads\/expolingua2015_mini-2.jpg 1000w\" \n\t\tsizes=\"(min-width:768px) 540px, (min-width:1000px) 1000px, 100vw\"  \n\t\talt=\"expolingua2015_mini.jpg\"\n\t \/><\/div>\n\t\t\t\n\t\t\t\t<div class=\"m-postsList__item__content\">\n\n\t\t\t\t\t\t\t\t\t\t\n\t\t\t\t\t\n\t\t\t\t\t\t\t\t\t\n\t\t\t\t\t<p class=\"m-postsList__item__title  m-postsList__item__title--s1\">EXPOLINGUA Berlin 2015<\/p>\n\n\t\t\t\t\t\n\t\t\t\t\t\n\t\t\t\t\t\t<p class=\"m-postsList__item__meta m-postsList__item__meta--s1\">\n\n\t\t\t\t\t\t\t\t\t\t\t\t\t\t\n\t\t\t\t\t\t\t\t\t\t\t\t\t\t<span class=\"m-postsList__item__meta__label\">Datum: 20 November 2015 &#8211; Uhr: 11:00 Bis 19:00\t\t\t\t\t\t\t\n\t\t\t\t\t\t\t\t\t\t\t\t\t\t\t<span class=\"m-postsList__item__meta__label\"><br \/>Ort: <\/span> Russisches Haus der Wissenschaft und Kultur, Berlin-Mitte\t\t\t\t\t\t\t\n\t\t\t\t\t\t\t| <span class=\"m-postsList__item__meta__label\">Kategorie: <\/span>Messen, Sonstige Veranstaltungen\t\t\t\t\t\t\n\t\t\t\t\t\t<\/p>\n\n\t\t\t\t\t\n\t\t\t\t\t\n\t\t\t\t\t\n\t\t\t\t\t\n\t\t\t\t\t\t\t\t\t\t<div class=\"m-actionContainer\">\n\t\t\t\t\t\t<div class=\"m-action\">\n\t\t\t\t\t\t\t<span>Mehr erfahren<\/span>\n\t\t\t\t\t\t<\/div>\n\t\t\t\t\t<\/div><!-- \/actionContainer -->\n\t\t\t\t\t\t\t\t\n\t\t\t\t<\/div><!-- \/postsList__item__child__content -->\n\t\t\t<\/div><!-- \/postsList__item__child -->\n\t\t<\/a><!-- \/postsList__item__link -->\n\t<\/div><!-- \/postsList__item -->\n\n\n\n\n\n                    \n                                            \n                            \n\n\n\n\n\n\n\n\n\n\n\n\n\n\n\n\n\t<div class=\"m-postsList__item col-12 col-md-6 col-lg-6\">\n\n\t\t<a href=\"https:\/\/www.cbti-bkvt.org\/de\/evenement\/atelier-comment-determiner-un-tarif-correct-2\/\" title=\"\" class=\"m-postsList__item__link\">\n\n\t\t\t<div class=\"m-postsList__item__child\">\n\n\t\t\t\t<div class=\"m-postsList__item__img \"><img \n\t   \tsrc=\"https:\/\/www.cbti-bkvt.org\/wp-content\/uploads\/money-256312_1280_mini-2-540x360.jpg\" \n\t\tsrcset=\"https:\/\/www.cbti-bkvt.org\/wp-content\/uploads\/money-256312_1280_mini-2-540x360.jpg 540w, https:\/\/www.cbti-bkvt.org\/wp-content\/uploads\/money-256312_1280_mini-2.jpg 768w, https:\/\/www.cbti-bkvt.org\/wp-content\/uploads\/money-256312_1280_mini-2.jpg 1000w\" \n\t\tsizes=\"(min-width:768px) 540px, (min-width:1000px) 1000px, 100vw\"  \n\t\talt=\"money-256312_1280_mini.jpg\"\n\t \/><\/div>\n\t\t\t\n\t\t\t\t<div class=\"m-postsList__item__content\">\n\n\t\t\t\t\t\t\t\t\t\t\n\t\t\t\t\t\n\t\t\t\t\t\t\t\t\t\n\t\t\t\t\t<p class=\"m-postsList__item__title  m-postsList__item__title--s1\">Atelier: Comment d\u00e9terminer un tarif correct?<\/p>\n\n\t\t\t\t\t\n\t\t\t\t\t\n\t\t\t\t\t\t<p class=\"m-postsList__item__meta m-postsList__item__meta--s1\">\n\n\t\t\t\t\t\t\t\t\t\t\t\t\t\t\n\t\t\t\t\t\t\t\t\t\t\t\t\t\t<span class=\"m-postsList__item__meta__label\">Datum: 9 November 2015 &#8211; Uhr: 16:00 Bis 19:00\t\t\t\t\t\t\t\n\t\t\t\t\t\t\t\t\t\t\t\t\t\t\t<span class=\"m-postsList__item__meta__label\"><br \/>Ort: <\/span> CBTI-BKVT &#8211; 24, rue Montoyerstraat &#8211; 1000 Brussels\t\t\t\t\t\t\t\n\t\t\t\t\t\t\t| <span class=\"m-postsList__item__meta__label\">Kategorie: <\/span>Fortbildung\t\t\t\t\t\t\n\t\t\t\t\t\t<\/p>\n\n\t\t\t\t\t\n\t\t\t\t\t\n\t\t\t\t\t\n\t\t\t\t\t\n\t\t\t\t\t\t\t\t\t\t<div class=\"m-actionContainer\">\n\t\t\t\t\t\t<div class=\"m-action\">\n\t\t\t\t\t\t\t<span>Mehr erfahren<\/span>\n\t\t\t\t\t\t<\/div>\n\t\t\t\t\t<\/div><!-- \/actionContainer -->\n\t\t\t\t\t\t\t\t\n\t\t\t\t<\/div><!-- \/postsList__item__child__content -->\n\t\t\t<\/div><!-- \/postsList__item__child -->\n\t\t<\/a><!-- \/postsList__item__link -->\n\t<\/div><!-- \/postsList__item -->\n\n\n\n\n\n                    \n                                            \n                            \n\n\n\n\n\n\n\n\n\n\n\n\n\n\n\n\n\t<div class=\"m-postsList__item col-12 col-md-6 col-lg-6\">\n\n\t\t<a href=\"https:\/\/www.cbti-bkvt.org\/de\/evenement\/lit-search-final-conference\/\" title=\"\" class=\"m-postsList__item__link\">\n\n\t\t\t<div class=\"m-postsList__item__child\">\n\n\t\t\t\t<div class=\"m-postsList__item__img \"><img \n\t   \tsrc=\"https:\/\/www.cbti-bkvt.org\/wp-content\/uploads\/image_preview-1-400x360.jpg\" \n\t\tsrcset=\"https:\/\/www.cbti-bkvt.org\/wp-content\/uploads\/image_preview-1-400x360.jpg 540w, https:\/\/www.cbti-bkvt.org\/wp-content\/uploads\/image_preview-1.jpg 768w, https:\/\/www.cbti-bkvt.org\/wp-content\/uploads\/image_preview-1.jpg 1000w\" \n\t\tsizes=\"(min-width:768px) 540px, (min-width:1000px) 1000px, 100vw\"  \n\t\talt=\"image_preview\"\n\t \/><\/div>\n\t\t\t\n\t\t\t\t<div class=\"m-postsList__item__content\">\n\n\t\t\t\t\t\t\t\t\t\t\n\t\t\t\t\t\n\t\t\t\t\t\t\t\t\t\n\t\t\t\t\t<p class=\"m-postsList__item__title  m-postsList__item__title--s1\">LIT Search Final Conference<\/p>\n\n\t\t\t\t\t\n\t\t\t\t\t\n\t\t\t\t\t\t<p class=\"m-postsList__item__meta m-postsList__item__meta--s1\">\n\n\t\t\t\t\t\t\t\t\t\t\t\t\t\t\n\t\t\t\t\t\t\t\t\t\t\t\t\t\t<span class=\"m-postsList__item__meta__label\">Datum: 9 November 2015 &#8211; Uhr: 13:00 Bis 14:30\t\t\t\t\t\t\t\n\t\t\t\t\t\t\t\t\t\t\t\t\t\t\t<span class=\"m-postsList__item__meta__label\"><br \/>Ort: <\/span> KU Leuven, Faculty of Arts \u2013 Campus Antwerpen, Sint Andriesstraat 2, 2000 Antwerp\t\t\t\t\t\t\t\n\t\t\t\t\t\t\t| <span class=\"m-postsList__item__meta__label\">Kategorie: <\/span>Konferenzen, Sonstige Veranstaltungen\t\t\t\t\t\t\n\t\t\t\t\t\t<\/p>\n\n\t\t\t\t\t\n\t\t\t\t\t\n\t\t\t\t\t\n\t\t\t\t\t\n\t\t\t\t\t\t\t\t\t\t<div class=\"m-actionContainer\">\n\t\t\t\t\t\t<div class=\"m-action\">\n\t\t\t\t\t\t\t<span>Mehr erfahren<\/span>\n\t\t\t\t\t\t<\/div>\n\t\t\t\t\t<\/div><!-- \/actionContainer -->\n\t\t\t\t\t\t\t\t\n\t\t\t\t<\/div><!-- \/postsList__item__child__content -->\n\t\t\t<\/div><!-- \/postsList__item__child -->\n\t\t<\/a><!-- \/postsList__item__link -->\n\t<\/div><!-- \/postsList__item -->\n\n\n\n\n\n                    \n                                            \n                            \n\n\n\n\n\n\n\n\n\n\n\n\n\n\n\n\n\t<div class=\"m-postsList__item col-12 col-md-6 col-lg-6\">\n\n\t\t<a href=\"https:\/\/www.cbti-bkvt.org\/de\/evenement\/22e-reunion-du-reseau-franco-allemand-bonn\/\" title=\"\" class=\"m-postsList__item__link\">\n\n\t\t\t<div class=\"m-postsList__item__child\">\n\n\t\t\t\t<div class=\"m-postsList__item__img \"><img \n\t   \tsrc=\"https:\/\/www.cbti-bkvt.org\/wp-content\/uploads\/Post_Tower___Langer_Eugen_mit_Rheinauensee_mini-5-540x360.jpg\" \n\t\tsrcset=\"https:\/\/www.cbti-bkvt.org\/wp-content\/uploads\/Post_Tower___Langer_Eugen_mit_Rheinauensee_mini-5-540x360.jpg 540w, https:\/\/www.cbti-bkvt.org\/wp-content\/uploads\/Post_Tower___Langer_Eugen_mit_Rheinauensee_mini-5-1000x666.jpg 768w, https:\/\/www.cbti-bkvt.org\/wp-content\/uploads\/Post_Tower___Langer_Eugen_mit_Rheinauensee_mini-5.jpg 1000w\" \n\t\tsizes=\"(min-width:768px) 540px, (min-width:1000px) 1000px, 100vw\"  \n\t\talt=\"Post_Tower___Langer_Eugen_mit_Rheinauensee_mini.jpg\"\n\t \/><\/div>\n\t\t\t\n\t\t\t\t<div class=\"m-postsList__item__content\">\n\n\t\t\t\t\t\t\t\t\t\t\n\t\t\t\t\t\n\t\t\t\t\t\t\t\t\t\n\t\t\t\t\t<p class=\"m-postsList__item__title  m-postsList__item__title--s1\">22e r\u00e9union du R\u00e9seau franco-allemand (Bonn)<\/p>\n\n\t\t\t\t\t\n\t\t\t\t\t\n\t\t\t\t\t\t<p class=\"m-postsList__item__meta m-postsList__item__meta--s1\">\n\n\t\t\t\t\t\t\t\t\t\t\t\t\t\t\n\t\t\t\t\t\t\t\t\t\t\t\t\t\t<span class=\"m-postsList__item__meta__label\">Datum: 30 October 2015 &#8211; Uhr: 14:00 Bis 13:00\t\t\t\t\t\t\t\n\t\t\t\t\t\t\t\t\t\t\t\t\t\t\t<span class=\"m-postsList__item__meta__label\"><br \/>Ort: <\/span> Gustav-Stresemann-Institut (GSI), Langer Grabenweg 68, D-53175 Bonn-Bad Godesberg (Deutschland)\t\t\t\t\t\t\t\n\t\t\t\t\t\t\t| <span class=\"m-postsList__item__meta__label\">Kategorie: <\/span>Deutsch-franz\u00f6sisches Netzwerk\t\t\t\t\t\t\n\t\t\t\t\t\t<\/p>\n\n\t\t\t\t\t\n\t\t\t\t\t\n\t\t\t\t\t\n\t\t\t\t\t\n\t\t\t\t\t\t\t\t\t\t<div class=\"m-actionContainer\">\n\t\t\t\t\t\t<div class=\"m-action\">\n\t\t\t\t\t\t\t<span>Mehr erfahren<\/span>\n\t\t\t\t\t\t<\/div>\n\t\t\t\t\t<\/div><!-- \/actionContainer -->\n\t\t\t\t\t\t\t\t\n\t\t\t\t<\/div><!-- \/postsList__item__child__content -->\n\t\t\t<\/div><!-- \/postsList__item__child -->\n\t\t<\/a><!-- \/postsList__item__link -->\n\t<\/div><!-- \/postsList__item -->\n\n\n\n\n\n                    \n                                            \n                            \n\n\n\n\n\n\n\n\n\n\n\n\n\n\n\n\n\t<div class=\"m-postsList__item col-12 col-md-6 col-lg-6\">\n\n\t\t<a href=\"https:\/\/www.cbti-bkvt.org\/de\/evenement\/colloque-prevention-et-resolution-du-burnout-dans-les-professions-liberales-unplib\/\" title=\"\" class=\"m-postsList__item__link\">\n\n\t\t\t<div class=\"m-postsList__item__child\">\n\n\t\t\t\t<div class=\"m-postsList__item__img \"><img \n\t   \tsrc=\"https:\/\/www.cbti-bkvt.org\/wp-content\/uploads\/Candle_stump_on_holder_mini-2-540x360.jpg\" \n\t\tsrcset=\"https:\/\/www.cbti-bkvt.org\/wp-content\/uploads\/Candle_stump_on_holder_mini-2-540x360.jpg 540w, https:\/\/www.cbti-bkvt.org\/wp-content\/uploads\/Candle_stump_on_holder_mini-2-1000x666.jpg 768w, https:\/\/www.cbti-bkvt.org\/wp-content\/uploads\/Candle_stump_on_holder_mini-2.jpg 1000w\" \n\t\tsizes=\"(min-width:768px) 540px, (min-width:1000px) 1000px, 100vw\"  \n\t\talt=\"Candle_stump_on_holder_mini.jpg\"\n\t \/><\/div>\n\t\t\t\n\t\t\t\t<div class=\"m-postsList__item__content\">\n\n\t\t\t\t\t\t\t\t\t\t\n\t\t\t\t\t\n\t\t\t\t\t\t\t\t\t\n\t\t\t\t\t<p class=\"m-postsList__item__title  m-postsList__item__title--s1\">Colloque &#8220;Pr\u00e9vention et r\u00e9solution du burnout dans les professions lib\u00e9rales&#8221; (UNPLIB)<\/p>\n\n\t\t\t\t\t\n\t\t\t\t\t\n\t\t\t\t\t\t<p class=\"m-postsList__item__meta m-postsList__item__meta--s1\">\n\n\t\t\t\t\t\t\t\t\t\t\t\t\t\t\n\t\t\t\t\t\t\t\t\t\t\t\t\t\t<span class=\"m-postsList__item__meta__label\">Datum: 22 October 2015 &#8211; Uhr: 17:00 Bis 20:00\t\t\t\t\t\t\t\n\t\t\t\t\t\t\t\t\t\t\t\t\t\t\t<span class=\"m-postsList__item__meta__label\"><br \/>Ort: <\/span> Halles des Tanneurs &#8211; Rue des Tanneurs, 58 &#8211; 1000 Brussels\t\t\t\t\t\t\t\n\t\t\t\t\t\t\t| <span class=\"m-postsList__item__meta__label\">Kategorie: <\/span>Konferenzen, Sonstige Veranstaltungen\t\t\t\t\t\t\n\t\t\t\t\t\t<\/p>\n\n\t\t\t\t\t\n\t\t\t\t\t\n\t\t\t\t\t\n\t\t\t\t\t\n\t\t\t\t\t\t\t\t\t\t<div class=\"m-actionContainer\">\n\t\t\t\t\t\t<div class=\"m-action\">\n\t\t\t\t\t\t\t<span>Mehr erfahren<\/span>\n\t\t\t\t\t\t<\/div>\n\t\t\t\t\t<\/div><!-- \/actionContainer -->\n\t\t\t\t\t\t\t\t\n\t\t\t\t<\/div><!-- \/postsList__item__child__content -->\n\t\t\t<\/div><!-- \/postsList__item__child -->\n\t\t<\/a><!-- \/postsList__item__link -->\n\t<\/div><!-- \/postsList__item -->\n\n\n\n\n\n                    \n                                            \n                            \n\n\n\n\n\n\n\n\n\n\n\n\n\n\n\n\n\t<div class=\"m-postsList__item col-12 col-md-6 col-lg-6\">\n\n\t\t<a href=\"https:\/\/www.cbti-bkvt.org\/de\/evenement\/atelier-une-specialisation-par-ou-commencer-2\/\" title=\"\" class=\"m-postsList__item__link\">\n\n\t\t\t<div class=\"m-postsList__item__child\">\n\n\t\t\t\t<div class=\"m-postsList__item__img \"><img \n\t   \tsrc=\"https:\/\/www.cbti-bkvt.org\/wp-content\/uploads\/download-67-540x360.jpg\" \n\t\tsrcset=\"https:\/\/www.cbti-bkvt.org\/wp-content\/uploads\/download-67-540x360.jpg 540w, https:\/\/www.cbti-bkvt.org\/wp-content\/uploads\/download-67.jpg 768w, https:\/\/www.cbti-bkvt.org\/wp-content\/uploads\/download-67.jpg 1000w\" \n\t\tsizes=\"(min-width:768px) 540px, (min-width:1000px) 1000px, 100vw\"  \n\t\talt=\"download.jpg\"\n\t \/><\/div>\n\t\t\t\n\t\t\t\t<div class=\"m-postsList__item__content\">\n\n\t\t\t\t\t\t\t\t\t\t\n\t\t\t\t\t\n\t\t\t\t\t\t\t\t\t\n\t\t\t\t\t<p class=\"m-postsList__item__title  m-postsList__item__title--s1\">Atelier: Une sp\u00e9cialisation? Par o\u00f9 commencer?<\/p>\n\n\t\t\t\t\t\n\t\t\t\t\t\n\t\t\t\t\t\t<p class=\"m-postsList__item__meta m-postsList__item__meta--s1\">\n\n\t\t\t\t\t\t\t\t\t\t\t\t\t\t\n\t\t\t\t\t\t\t\t\t\t\t\t\t\t<span class=\"m-postsList__item__meta__label\">Datum: 12 October 2015 &#8211; Uhr: 15:00 Bis 18:00\t\t\t\t\t\t\t\n\t\t\t\t\t\t\t\t\t\t\t\t\t\t\t<span class=\"m-postsList__item__meta__label\"><br \/>Ort: <\/span> CBTI-BKVT &#8211; 24, rue Montoyerstraat &#8211; 1000 Brussels\t\t\t\t\t\t\t\n\t\t\t\t\t\t\t| <span class=\"m-postsList__item__meta__label\">Kategorie: <\/span>Fortbildung\t\t\t\t\t\t\n\t\t\t\t\t\t<\/p>\n\n\t\t\t\t\t\n\t\t\t\t\t\n\t\t\t\t\t\n\t\t\t\t\t\n\t\t\t\t\t\t\t\t\t\t<div class=\"m-actionContainer\">\n\t\t\t\t\t\t<div class=\"m-action\">\n\t\t\t\t\t\t\t<span>Mehr erfahren<\/span>\n\t\t\t\t\t\t<\/div>\n\t\t\t\t\t<\/div><!-- \/actionContainer -->\n\t\t\t\t\t\t\t\t\n\t\t\t\t<\/div><!-- \/postsList__item__child__content -->\n\t\t\t<\/div><!-- \/postsList__item__child -->\n\t\t<\/a><!-- \/postsList__item__link -->\n\t<\/div><!-- \/postsList__item -->\n\n\n\n\n\n                    \n                                            \n                            \n\n\n\n\n\n\n\n\n\n\n\n\n\n\n\n\n\t<div class=\"m-postsList__item col-12 col-md-6 col-lg-6\">\n\n\t\t<a href=\"https:\/\/www.cbti-bkvt.org\/de\/evenement\/die-cbti-bkvt-feiert-ihren-60-geburtstag\/\" title=\"\" class=\"m-postsList__item__link\">\n\n\t\t\t<div class=\"m-postsList__item__child\">\n\n\t\t\t\t<div class=\"m-postsList__item__img \"><img \n\t   \tsrc=\"https:\/\/www.cbti-bkvt.org\/wp-content\/uploads\/Rose_Champagne_mini-5-540x360.jpg\" \n\t\tsrcset=\"https:\/\/www.cbti-bkvt.org\/wp-content\/uploads\/Rose_Champagne_mini-5-540x360.jpg 540w, https:\/\/www.cbti-bkvt.org\/wp-content\/uploads\/Rose_Champagne_mini-5.jpg 768w, https:\/\/www.cbti-bkvt.org\/wp-content\/uploads\/Rose_Champagne_mini-5.jpg 1000w\" \n\t\tsizes=\"(min-width:768px) 540px, (min-width:1000px) 1000px, 100vw\"  \n\t\talt=\"Rose_Champagne_mini.jpg\"\n\t \/><\/div>\n\t\t\t\n\t\t\t\t<div class=\"m-postsList__item__content\">\n\n\t\t\t\t\t\t\t\t\t\t\n\t\t\t\t\t\n\t\t\t\t\t\t\t\t\t\n\t\t\t\t\t<p class=\"m-postsList__item__title  m-postsList__item__title--s1\">Die CBTI\/BKVT feiert ihren 60. Geburtstag!<\/p>\n\n\t\t\t\t\t\n\t\t\t\t\t\n\t\t\t\t\t\t<p class=\"m-postsList__item__meta m-postsList__item__meta--s1\">\n\n\t\t\t\t\t\t\t\t\t\t\t\t\t\t\n\t\t\t\t\t\t\t\t\t\t\t\t\t\t<span class=\"m-postsList__item__meta__label\">Datum: 25 September 2015 &#8211; Uhr: 15:00 Bis \t\t\t\t\t\t\t\n\t\t\t\t\t\t\t\t\t\t\t\t\t\t\t<span class=\"m-postsList__item__meta__label\"><br \/>Ort: <\/span> Radisson Blu Royal Hotel &#8211; Royal B Room &#8211; 47, rue Foss\u00e9 aux Loups &#8211; 1000 Brussels\t\t\t\t\t\t\t\n\t\t\t\t\t\t\t| <span class=\"m-postsList__item__meta__label\">Kategorie: <\/span>CBTI\/BKVT aktuell\t\t\t\t\t\t\n\t\t\t\t\t\t<\/p>\n\n\t\t\t\t\t\n\t\t\t\t\t\n\t\t\t\t\t\n\t\t\t\t\t\n\t\t\t\t\t\t\t\t\t\t<div class=\"m-actionContainer\">\n\t\t\t\t\t\t<div class=\"m-action\">\n\t\t\t\t\t\t\t<span>Mehr erfahren<\/span>\n\t\t\t\t\t\t<\/div>\n\t\t\t\t\t<\/div><!-- \/actionContainer -->\n\t\t\t\t\t\t\t\t\n\t\t\t\t<\/div><!-- \/postsList__item__child__content -->\n\t\t\t<\/div><!-- \/postsList__item__child -->\n\t\t<\/a><!-- \/postsList__item__link -->\n\t<\/div><!-- \/postsList__item -->\n\n\n\n\n\n                    \n                                            \n                            \n\n\n\n\n\n\n\n\n\n\n\n\n\n\n\n\n\t<div class=\"m-postsList__item col-12 col-md-6 col-lg-6\">\n\n\t\t<a href=\"https:\/\/www.cbti-bkvt.org\/de\/evenement\/accueil-des-nouveaux-membres-et-formation-yammer-2\/\" title=\"\" class=\"m-postsList__item__link\">\n\n\t\t\t<div class=\"m-postsList__item__child\">\n\n\t\t\t\t<div class=\"m-postsList__item__img \"><img \n\t   \tsrc=\"https:\/\/www.cbti-bkvt.org\/wp-content\/uploads\/download_mini-32-540x360.jpg\" \n\t\tsrcset=\"https:\/\/www.cbti-bkvt.org\/wp-content\/uploads\/download_mini-32-540x360.jpg 540w, https:\/\/www.cbti-bkvt.org\/wp-content\/uploads\/download_mini-32-1000x666.jpg 768w, https:\/\/www.cbti-bkvt.org\/wp-content\/uploads\/download_mini-32.jpg 1000w\" \n\t\tsizes=\"(min-width:768px) 540px, (min-width:1000px) 1000px, 100vw\"  \n\t\talt=\"download_mini.jpg\"\n\t \/><\/div>\n\t\t\t\n\t\t\t\t<div class=\"m-postsList__item__content\">\n\n\t\t\t\t\t\t\t\t\t\t\n\t\t\t\t\t\n\t\t\t\t\t\t\t\t\t\n\t\t\t\t\t<p class=\"m-postsList__item__title  m-postsList__item__title--s1\">Accueil des nouveaux membres et formation Yammer<\/p>\n\n\t\t\t\t\t\n\t\t\t\t\t\n\t\t\t\t\t\t<p class=\"m-postsList__item__meta m-postsList__item__meta--s1\">\n\n\t\t\t\t\t\t\t\t\t\t\t\t\t\t\n\t\t\t\t\t\t\t\t\t\t\t\t\t\t<span class=\"m-postsList__item__meta__label\">Datum: 22 September 2015 &#8211; Uhr: 14:30 Bis 20:00\t\t\t\t\t\t\t\n\t\t\t\t\t\t\t\t\t\t\t\t\t\t\t<span class=\"m-postsList__item__meta__label\"><br \/>Ort: <\/span> CBTI-BKVT &#8211; 24, rue Montoyerstraat &#8211; Room Belliard &#8211; 1000 Brussels\t\t\t\t\t\t\t\n\t\t\t\t\t\t\t| <span class=\"m-postsList__item__meta__label\">Kategorie: <\/span>CBTI\/BKVT aktuell, Fortbildung\t\t\t\t\t\t\n\t\t\t\t\t\t<\/p>\n\n\t\t\t\t\t\n\t\t\t\t\t\n\t\t\t\t\t\n\t\t\t\t\t\n\t\t\t\t\t\t\t\t\t\t<div class=\"m-actionContainer\">\n\t\t\t\t\t\t<div class=\"m-action\">\n\t\t\t\t\t\t\t<span>Mehr erfahren<\/span>\n\t\t\t\t\t\t<\/div>\n\t\t\t\t\t<\/div><!-- \/actionContainer -->\n\t\t\t\t\t\t\t\t\n\t\t\t\t<\/div><!-- \/postsList__item__child__content -->\n\t\t\t<\/div><!-- \/postsList__item__child -->\n\t\t<\/a><!-- \/postsList__item__link -->\n\t<\/div><!-- \/postsList__item -->\n\n\n\n\n\n                    \n                                            \n                            \n\n\n\n\n\n\n\n\n\n\n\n\n\n\n\n\n\t<div class=\"m-postsList__item col-12 col-md-6 col-lg-6\">\n\n\t\t<a href=\"https:\/\/www.cbti-bkvt.org\/de\/evenement\/7e-reunion-de-la-commission-sectorielle-des-responsables-de-services-de-traduction-et-de-coordinateurs-linguistiques-dentreprises\/\" title=\"\" class=\"m-postsList__item__link\">\n\n\t\t\t<div class=\"m-postsList__item__child\">\n\n\t\t\t\t<div class=\"m-postsList__item__img \"><img \n\t   \tsrc=\"https:\/\/www.cbti-bkvt.org\/wp-content\/uploads\/14565350736_09ac87154b_o-4-540x360.jpg\" \n\t\tsrcset=\"https:\/\/www.cbti-bkvt.org\/wp-content\/uploads\/14565350736_09ac87154b_o-4-540x360.jpg 540w, https:\/\/www.cbti-bkvt.org\/wp-content\/uploads\/14565350736_09ac87154b_o-4.jpg 768w, https:\/\/www.cbti-bkvt.org\/wp-content\/uploads\/14565350736_09ac87154b_o-4.jpg 1000w\" \n\t\tsizes=\"(min-width:768px) 540px, (min-width:1000px) 1000px, 100vw\"  \n\t\talt=\"14565350736_09ac87154b_o.jpg\"\n\t \/><\/div>\n\t\t\t\n\t\t\t\t<div class=\"m-postsList__item__content\">\n\n\t\t\t\t\t\t\t\t\t\t\n\t\t\t\t\t\n\t\t\t\t\t\t\t\t\t\n\t\t\t\t\t<p class=\"m-postsList__item__title  m-postsList__item__title--s1\">7e r\u00e9union de la Commission sectorielle des responsables de services de traduction et de coordinateurs linguistiques d&#8217;entreprises<\/p>\n\n\t\t\t\t\t\n\t\t\t\t\t\n\t\t\t\t\t\t<p class=\"m-postsList__item__meta m-postsList__item__meta--s1\">\n\n\t\t\t\t\t\t\t\t\t\t\t\t\t\t\n\t\t\t\t\t\t\t\t\t\t\t\t\t\t<span class=\"m-postsList__item__meta__label\">Datum: 17 September 2015 &#8211; Uhr: 13:30 Bis 17:00\t\t\t\t\t\t\t\n\t\t\t\t\t\t\t\t\t\t\t\t\t\t\t<span class=\"m-postsList__item__meta__label\"><br \/>Ort: <\/span> 24, rue Montoyerstraat &#8211; Room Science (1st floor) &#8211; 1000 Brussels\t\t\t\t\t\t\t\n\t\t\t\t\t\t\t| <span class=\"m-postsList__item__meta__label\">Kategorie: <\/span>CBTI\/BKVT aktuell\t\t\t\t\t\t\n\t\t\t\t\t\t<\/p>\n\n\t\t\t\t\t\n\t\t\t\t\t\n\t\t\t\t\t\n\t\t\t\t\t\n\t\t\t\t\t\t\t\t\t\t<div class=\"m-actionContainer\">\n\t\t\t\t\t\t<div class=\"m-action\">\n\t\t\t\t\t\t\t<span>Mehr erfahren<\/span>\n\t\t\t\t\t\t<\/div>\n\t\t\t\t\t<\/div><!-- \/actionContainer -->\n\t\t\t\t\t\t\t\t\n\t\t\t\t<\/div><!-- \/postsList__item__child__content -->\n\t\t\t<\/div><!-- \/postsList__item__child -->\n\t\t<\/a><!-- \/postsList__item__link -->\n\t<\/div><!-- \/postsList__item -->\n\n\n\n\n\n                    \n                                            \n                            \n\n\n\n\n\n\n\n\n\n\n\n\n\n\n\n\n\t<div class=\"m-postsList__item col-12 col-md-6 col-lg-6\">\n\n\t\t<a href=\"https:\/\/www.cbti-bkvt.org\/de\/evenement\/atelier-reseauter-par-ou-commencer-2\/\" title=\"\" class=\"m-postsList__item__link\">\n\n\t\t\t<div class=\"m-postsList__item__child\">\n\n\t\t\t\t<div class=\"m-postsList__item__img \"><img \n\t   \tsrc=\"https:\/\/www.cbti-bkvt.org\/wp-content\/uploads\/Handshake_duisenberg_school_of_finance-5-540x360.jpg\" \n\t\tsrcset=\"https:\/\/www.cbti-bkvt.org\/wp-content\/uploads\/Handshake_duisenberg_school_of_finance-5-540x360.jpg 540w, https:\/\/www.cbti-bkvt.org\/wp-content\/uploads\/Handshake_duisenberg_school_of_finance-5.jpg 768w, https:\/\/www.cbti-bkvt.org\/wp-content\/uploads\/Handshake_duisenberg_school_of_finance-5.jpg 1000w\" \n\t\tsizes=\"(min-width:768px) 540px, (min-width:1000px) 1000px, 100vw\"  \n\t\talt=\"Handshake_duisenberg_school_of_finance.jpg\"\n\t \/><\/div>\n\t\t\t\n\t\t\t\t<div class=\"m-postsList__item__content\">\n\n\t\t\t\t\t\t\t\t\t\t\n\t\t\t\t\t\n\t\t\t\t\t\t\t\t\t\n\t\t\t\t\t<p class=\"m-postsList__item__title  m-postsList__item__title--s1\">Atelier: R\u00e9seauter? Par o\u00f9 commencer?<\/p>\n\n\t\t\t\t\t\n\t\t\t\t\t\n\t\t\t\t\t\t<p class=\"m-postsList__item__meta m-postsList__item__meta--s1\">\n\n\t\t\t\t\t\t\t\t\t\t\t\t\t\t\n\t\t\t\t\t\t\t\t\t\t\t\t\t\t<span class=\"m-postsList__item__meta__label\">Datum: 7 September 2015 &#8211; Uhr: 14:30 Bis 17:30\t\t\t\t\t\t\t\n\t\t\t\t\t\t\t\t\t\t\t\t\t\t\t<span class=\"m-postsList__item__meta__label\"><br \/>Ort: <\/span> CBTI-BKVT &#8211; 24, rue Montoyerstraat &#8211; 1000 Brussels\t\t\t\t\t\t\t\n\t\t\t\t\t\t\t| <span class=\"m-postsList__item__meta__label\">Kategorie: <\/span>Fortbildung\t\t\t\t\t\t\n\t\t\t\t\t\t<\/p>\n\n\t\t\t\t\t\n\t\t\t\t\t\n\t\t\t\t\t\n\t\t\t\t\t\n\t\t\t\t\t\t\t\t\t\t<div class=\"m-actionContainer\">\n\t\t\t\t\t\t<div class=\"m-action\">\n\t\t\t\t\t\t\t<span>Mehr erfahren<\/span>\n\t\t\t\t\t\t<\/div>\n\t\t\t\t\t<\/div><!-- \/actionContainer -->\n\t\t\t\t\t\t\t\t\n\t\t\t\t<\/div><!-- \/postsList__item__child__content -->\n\t\t\t<\/div><!-- \/postsList__item__child -->\n\t\t<\/a><!-- \/postsList__item__link -->\n\t<\/div><!-- \/postsList__item -->\n\n\n\n\n\n                    \n                                            \n                            \n\n\n\n\n\n\n\n\n\n\n\n\n\n\n\n\n\t<div class=\"m-postsList__item col-12 col-md-6 col-lg-6\">\n\n\t\t<a href=\"https:\/\/www.cbti-bkvt.org\/de\/evenement\/prix-de-la-traduction-litteraire-de-la-federation-wallonie-bruxelles-et-celebration-du-vingtieme-anniversaire-du-college-de-traducteurs-litteraires-de-seneffe\/\" title=\"\" class=\"m-postsList__item__link\">\n\n\t\t\t<div class=\"m-postsList__item__child\">\n\n\t\t\t\t<div class=\"m-postsList__item__img \"><img \n\t   \tsrc=\"https:\/\/www.cbti-bkvt.org\/wp-content\/uploads\/tradlit_mini-2-540x360.jpg\" \n\t\tsrcset=\"https:\/\/www.cbti-bkvt.org\/wp-content\/uploads\/tradlit_mini-2-540x360.jpg 540w, https:\/\/www.cbti-bkvt.org\/wp-content\/uploads\/tradlit_mini-2.jpg 768w, https:\/\/www.cbti-bkvt.org\/wp-content\/uploads\/tradlit_mini-2.jpg 1000w\" \n\t\tsizes=\"(min-width:768px) 540px, (min-width:1000px) 1000px, 100vw\"  \n\t\talt=\"tradlit_mini.jpg\"\n\t \/><\/div>\n\t\t\t\n\t\t\t\t<div class=\"m-postsList__item__content\">\n\n\t\t\t\t\t\t\t\t\t\t\n\t\t\t\t\t\n\t\t\t\t\t\t\t\t\t\n\t\t\t\t\t<p class=\"m-postsList__item__title  m-postsList__item__title--s1\">Prix de la traduction litt\u00e9raire de la F\u00e9d\u00e9ration Wallonie-Bruxelles et c\u00e9l\u00e9bration du vingti\u00e8me anniversaire du Coll\u00e8ge de Traducteurs litt\u00e9raires de Seneffe<\/p>\n\n\t\t\t\t\t\n\t\t\t\t\t\n\t\t\t\t\t\t<p class=\"m-postsList__item__meta m-postsList__item__meta--s1\">\n\n\t\t\t\t\t\t\t\t\t\t\t\t\t\t\n\t\t\t\t\t\t\t\t\t\t\t\t\t\t<span class=\"m-postsList__item__meta__label\">Datum: 29 August 2015 &#8211; Uhr: 15:00 Bis \t\t\t\t\t\t\t\n\t\t\t\t\t\t\t\t\t\t\t\t\t\t\t<span class=\"m-postsList__item__meta__label\"><br \/>Ort: <\/span> Centre culturel de Seneffe &#8211; Grand-place de Seneffe (place Penne d\u2019Agenais, 10) &#8211; 7180 Seneffe\t\t\t\t\t\t\t\n\t\t\t\t\t\t\t| <span class=\"m-postsList__item__meta__label\">Kategorie: <\/span>Sonstige Veranstaltungen\t\t\t\t\t\t\n\t\t\t\t\t\t<\/p>\n\n\t\t\t\t\t\n\t\t\t\t\t\n\t\t\t\t\t\n\t\t\t\t\t\n\t\t\t\t\t\t\t\t\t\t<div class=\"m-actionContainer\">\n\t\t\t\t\t\t<div class=\"m-action\">\n\t\t\t\t\t\t\t<span>Mehr erfahren<\/span>\n\t\t\t\t\t\t<\/div>\n\t\t\t\t\t<\/div><!-- \/actionContainer -->\n\t\t\t\t\t\t\t\t\n\t\t\t\t<\/div><!-- \/postsList__item__child__content -->\n\t\t\t<\/div><!-- \/postsList__item__child -->\n\t\t<\/a><!-- \/postsList__item__link -->\n\t<\/div><!-- \/postsList__item -->\n\n\n\n\n\n                    \n                                            \n                            \n\n\n\n\n\n\n\n\n\n\n\n\n\n\n\n\n\t<div class=\"m-postsList__item col-12 col-md-6 col-lg-6\">\n\n\t\t<a href=\"https:\/\/www.cbti-bkvt.org\/de\/evenement\/verre-de-lamitie-louvain-la-neuve\/\" title=\"\" class=\"m-postsList__item__link\">\n\n\t\t\t<div class=\"m-postsList__item__child\">\n\n\t\t\t\t<div class=\"m-postsList__item__img \"><img \n\t   \tsrc=\"https:\/\/www.cbti-bkvt.org\/wp-content\/uploads\/pict_t-k_gastronomie_mini-1-540x360.jpg\" \n\t\tsrcset=\"https:\/\/www.cbti-bkvt.org\/wp-content\/uploads\/pict_t-k_gastronomie_mini-1-540x360.jpg 540w, https:\/\/www.cbti-bkvt.org\/wp-content\/uploads\/pict_t-k_gastronomie_mini-1.jpg 768w, https:\/\/www.cbti-bkvt.org\/wp-content\/uploads\/pict_t-k_gastronomie_mini-1.jpg 1000w\" \n\t\tsizes=\"(min-width:768px) 540px, (min-width:1000px) 1000px, 100vw\"  \n\t\talt=\"pict_t-k_gastronomie_mini.jpg\"\n\t \/><\/div>\n\t\t\t\n\t\t\t\t<div class=\"m-postsList__item__content\">\n\n\t\t\t\t\t\t\t\t\t\t\n\t\t\t\t\t\n\t\t\t\t\t\t\t\t\t\n\t\t\t\t\t<p class=\"m-postsList__item__title  m-postsList__item__title--s1\">Verre de l&#8217;amiti\u00e9 (Louvain-la-Neuve)<\/p>\n\n\t\t\t\t\t\n\t\t\t\t\t\n\t\t\t\t\t\t<p class=\"m-postsList__item__meta m-postsList__item__meta--s1\">\n\n\t\t\t\t\t\t\t\t\t\t\t\t\t\t\n\t\t\t\t\t\t\t\t\t\t\t\t\t\t<span class=\"m-postsList__item__meta__label\">Datum: 22 August 2015 &#8211; Uhr: 12:00 Bis \t\t\t\t\t\t\t\n\t\t\t\t\t\t\t\t\t\t\t\t\t\t\t<span class=\"m-postsList__item__meta__label\"><br \/>Ort: <\/span> La Popotte Belge, Rue Rabelais 26, 1348 Louvain-la-Neuve\t\t\t\t\t\t\t\n\t\t\t\t\t\t\t| <span class=\"m-postsList__item__meta__label\">Kategorie: <\/span>Stammtische\t\t\t\t\t\t\n\t\t\t\t\t\t<\/p>\n\n\t\t\t\t\t\n\t\t\t\t\t\n\t\t\t\t\t\n\t\t\t\t\t\n\t\t\t\t\t\t\t\t\t\t<div class=\"m-actionContainer\">\n\t\t\t\t\t\t<div class=\"m-action\">\n\t\t\t\t\t\t\t<span>Mehr erfahren<\/span>\n\t\t\t\t\t\t<\/div>\n\t\t\t\t\t<\/div><!-- \/actionContainer -->\n\t\t\t\t\t\t\t\t\n\t\t\t\t<\/div><!-- \/postsList__item__child__content -->\n\t\t\t<\/div><!-- \/postsList__item__child -->\n\t\t<\/a><!-- \/postsList__item__link -->\n\t<\/div><!-- \/postsList__item -->\n\n\n\n\n\n                    \n                                            \n                            \n\n\n\n\n\n\n\n\n\n\n\n\n\n\n\n\n\t<div class=\"m-postsList__item col-12 col-md-6 col-lg-6\">\n\n\t\t<a href=\"https:\/\/www.cbti-bkvt.org\/de\/evenement\/seminaire-traducteurs-redecouvrons-les-richesses-du-francais-par-francois-lavallee\/\" title=\"\" class=\"m-postsList__item__link\">\n\n\t\t\t<div class=\"m-postsList__item__child\">\n\n\t\t\t\t<div class=\"m-postsList__item__img \"><img \n\t   \tsrc=\"https:\/\/www.cbti-bkvt.org\/wp-content\/uploads\/francois_lavallee_mini-2-540x360.jpg\" \n\t\tsrcset=\"https:\/\/www.cbti-bkvt.org\/wp-content\/uploads\/francois_lavallee_mini-2-540x360.jpg 540w, https:\/\/www.cbti-bkvt.org\/wp-content\/uploads\/francois_lavallee_mini-2.jpg 768w, https:\/\/www.cbti-bkvt.org\/wp-content\/uploads\/francois_lavallee_mini-2.jpg 1000w\" \n\t\tsizes=\"(min-width:768px) 540px, (min-width:1000px) 1000px, 100vw\"  \n\t\talt=\"francois_lavallee_mini.jpg\"\n\t \/><\/div>\n\t\t\t\n\t\t\t\t<div class=\"m-postsList__item__content\">\n\n\t\t\t\t\t\t\t\t\t\t\n\t\t\t\t\t\n\t\t\t\t\t\t\t\t\t\n\t\t\t\t\t<p class=\"m-postsList__item__title  m-postsList__item__title--s1\">S\u00e9minaire \u00abTraducteurs, red\u00e9couvrons les richesses du fran\u00e7ais!\u00bb par Fran\u00e7ois Lavall\u00e9e<\/p>\n\n\t\t\t\t\t\n\t\t\t\t\t\n\t\t\t\t\t\t<p class=\"m-postsList__item__meta m-postsList__item__meta--s1\">\n\n\t\t\t\t\t\t\t\t\t\t\t\t\t\t\n\t\t\t\t\t\t\t\t\t\t\t\t\t\t<span class=\"m-postsList__item__meta__label\">Datum: 7 August 2015 &#8211; Uhr: 11:30 Bis 15:00\t\t\t\t\t\t\t\n\t\t\t\t\t\t\t\t\t\t\t\t\t\t\t<span class=\"m-postsList__item__meta__label\"><br \/>Ort: <\/span> Leopold Hotel Brussels EU &#8211; Rue du Luxembourg 35 &#8211; B-1050 Brussels\t\t\t\t\t\t\t\n\t\t\t\t\t\t\t| <span class=\"m-postsList__item__meta__label\">Kategorie: <\/span>Fortbildung, Konferenzen\t\t\t\t\t\t\n\t\t\t\t\t\t<\/p>\n\n\t\t\t\t\t\n\t\t\t\t\t\n\t\t\t\t\t\n\t\t\t\t\t\n\t\t\t\t\t\t\t\t\t\t<div class=\"m-actionContainer\">\n\t\t\t\t\t\t<div class=\"m-action\">\n\t\t\t\t\t\t\t<span>Mehr erfahren<\/span>\n\t\t\t\t\t\t<\/div>\n\t\t\t\t\t<\/div><!-- \/actionContainer -->\n\t\t\t\t\t\t\t\t\n\t\t\t\t<\/div><!-- \/postsList__item__child__content -->\n\t\t\t<\/div><!-- \/postsList__item__child -->\n\t\t<\/a><!-- \/postsList__item__link -->\n\t<\/div><!-- \/postsList__item -->\n\n\n\n\n\n                    \n                                            \n                            \n\n\n\n\n\n\n\n\n\n\n\n\n\n\n\n\n\t<div class=\"m-postsList__item col-12 col-md-6 col-lg-6\">\n\n\t\t<a href=\"https:\/\/www.cbti-bkvt.org\/de\/evenement\/seminaire-on-traduit-a-chantilly\/\" title=\"\" class=\"m-postsList__item__link\">\n\n\t\t\t<div class=\"m-postsList__item__child\">\n\n\t\t\t\t<div class=\"m-postsList__item__img \"><img \n\t   \tsrc=\"https:\/\/www.cbti-bkvt.org\/wp-content\/uploads\/TribunesHippodromeChantilly02_mini-2-540x346.jpg\" \n\t\tsrcset=\"https:\/\/www.cbti-bkvt.org\/wp-content\/uploads\/TribunesHippodromeChantilly02_mini-2-540x346.jpg 540w, https:\/\/www.cbti-bkvt.org\/wp-content\/uploads\/TribunesHippodromeChantilly02_mini-2.jpg 768w, https:\/\/www.cbti-bkvt.org\/wp-content\/uploads\/TribunesHippodromeChantilly02_mini-2.jpg 1000w\" \n\t\tsizes=\"(min-width:768px) 540px, (min-width:1000px) 1000px, 100vw\"  \n\t\talt=\"TribunesHippodromeChantilly02_mini.jpg\"\n\t \/><\/div>\n\t\t\t\n\t\t\t\t<div class=\"m-postsList__item__content\">\n\n\t\t\t\t\t\t\t\t\t\t\n\t\t\t\t\t\n\t\t\t\t\t\t\t\t\t\n\t\t\t\t\t<p class=\"m-postsList__item__title  m-postsList__item__title--s1\">S\u00e9minaire \u00abOn traduit \u00e0 Chantilly\u00bb<\/p>\n\n\t\t\t\t\t\n\t\t\t\t\t\n\t\t\t\t\t\t<p class=\"m-postsList__item__meta m-postsList__item__meta--s1\">\n\n\t\t\t\t\t\t\t\t\t\t\t\t\t\t\n\t\t\t\t\t\t\t\t\t\t\t\t\t\t<span class=\"m-postsList__item__meta__label\">Datum: 2 August 2015 &#8211; Uhr: 17:00 Bis 13:00\t\t\t\t\t\t\t\n\t\t\t\t\t\t\t\t\t\t\t\t\t\t\t<span class=\"m-postsList__item__meta__label\"><br \/>Ort: <\/span> Hippodrome de Chantilly &#8211; France\t\t\t\t\t\t\t\n\t\t\t\t\t\t\t| <span class=\"m-postsList__item__meta__label\">Kategorie: <\/span>Fortbildung, Sonstige Veranstaltungen\t\t\t\t\t\t\n\t\t\t\t\t\t<\/p>\n\n\t\t\t\t\t\n\t\t\t\t\t\n\t\t\t\t\t\n\t\t\t\t\t\n\t\t\t\t\t\t\t\t\t\t<div class=\"m-actionContainer\">\n\t\t\t\t\t\t<div class=\"m-action\">\n\t\t\t\t\t\t\t<span>Mehr erfahren<\/span>\n\t\t\t\t\t\t<\/div>\n\t\t\t\t\t<\/div><!-- \/actionContainer -->\n\t\t\t\t\t\t\t\t\n\t\t\t\t<\/div><!-- \/postsList__item__child__content -->\n\t\t\t<\/div><!-- \/postsList__item__child -->\n\t\t<\/a><!-- \/postsList__item__link -->\n\t<\/div><!-- \/postsList__item -->\n\n\n\n\n\n                    \n                                            \n                            \n\n\n\n\n\n\n\n\n\n\n\n\n\n\n\n\n\t<div class=\"m-postsList__item col-12 col-md-6 col-lg-6\">\n\n\t\t<a href=\"https:\/\/www.cbti-bkvt.org\/de\/evenement\/colloque-transius-2015\/\" title=\"\" class=\"m-postsList__item__link\">\n\n\t\t\t<div class=\"m-postsList__item__child\">\n\n\t\t\t\t<div class=\"m-postsList__item__img \"><img \n\t   \tsrc=\"https:\/\/www.cbti-bkvt.org\/wp-content\/uploads\/80RYZDJ8UE_mini-2-540x360.jpg\" \n\t\tsrcset=\"https:\/\/www.cbti-bkvt.org\/wp-content\/uploads\/80RYZDJ8UE_mini-2-540x360.jpg 540w, https:\/\/www.cbti-bkvt.org\/wp-content\/uploads\/80RYZDJ8UE_mini-2-1000x666.jpg 768w, https:\/\/www.cbti-bkvt.org\/wp-content\/uploads\/80RYZDJ8UE_mini-2-2000x1333.jpg 1000w\" \n\t\tsizes=\"(min-width:768px) 540px, (min-width:1000px) 1000px, 100vw\"  \n\t\talt=\"80RYZDJ8UE_mini.jpg\"\n\t \/><\/div>\n\t\t\t\n\t\t\t\t<div class=\"m-postsList__item__content\">\n\n\t\t\t\t\t\t\t\t\t\t\n\t\t\t\t\t\n\t\t\t\t\t\t\t\t\t\n\t\t\t\t\t<p class=\"m-postsList__item__title  m-postsList__item__title--s1\">Colloque Transius 2015<\/p>\n\n\t\t\t\t\t\n\t\t\t\t\t\n\t\t\t\t\t\t<p class=\"m-postsList__item__meta m-postsList__item__meta--s1\">\n\n\t\t\t\t\t\t\t\t\t\t\t\t\t\t\n\t\t\t\t\t\t\t\t\t\t\t\t\t\t<span class=\"m-postsList__item__meta__label\">Datum: 24 June 2015 &#8211; Uhr: 08:00 Bis 16:15\t\t\t\t\t\t\t\n\t\t\t\t\t\t\t\t\t\t\t\t\t\t\t<span class=\"m-postsList__item__meta__label\"><br \/>Ort: <\/span> Gen\u00e8ve\t\t\t\t\t\t\t\n\t\t\t\t\t\t\t| <span class=\"m-postsList__item__meta__label\">Kategorie: <\/span>Konferenzen, Sonstige Veranstaltungen\t\t\t\t\t\t\n\t\t\t\t\t\t<\/p>\n\n\t\t\t\t\t\n\t\t\t\t\t\n\t\t\t\t\t\n\t\t\t\t\t\n\t\t\t\t\t\t\t\t\t\t<div class=\"m-actionContainer\">\n\t\t\t\t\t\t<div class=\"m-action\">\n\t\t\t\t\t\t\t<span>Mehr erfahren<\/span>\n\t\t\t\t\t\t<\/div>\n\t\t\t\t\t<\/div><!-- \/actionContainer -->\n\t\t\t\t\t\t\t\t\n\t\t\t\t<\/div><!-- \/postsList__item__child__content -->\n\t\t\t<\/div><!-- \/postsList__item__child -->\n\t\t<\/a><!-- \/postsList__item__link -->\n\t<\/div><!-- \/postsList__item -->\n\n\n\n\n\n                    \n                                            \n                            \n\n\n\n\n\n\n\n\n\n\n\n\n\n\n\n\n\t<div class=\"m-postsList__item col-12 col-md-6 col-lg-6\">\n\n\t\t<a href=\"https:\/\/www.cbti-bkvt.org\/de\/evenement\/colloque-traduction-et-politique-a-lulg\/\" title=\"\" class=\"m-postsList__item__link\">\n\n\t\t\t<div class=\"m-postsList__item__child\">\n\n\t\t\t\t<div class=\"m-postsList__item__img \"><img \n\t   \tsrc=\"https:\/\/www.cbti-bkvt.org\/wp-content\/uploads\/traduction2015_title_mini-2-540x280.jpg\" \n\t\tsrcset=\"https:\/\/www.cbti-bkvt.org\/wp-content\/uploads\/traduction2015_title_mini-2-540x280.jpg 540w, https:\/\/www.cbti-bkvt.org\/wp-content\/uploads\/traduction2015_title_mini-2.jpg 768w, https:\/\/www.cbti-bkvt.org\/wp-content\/uploads\/traduction2015_title_mini-2.jpg 1000w\" \n\t\tsizes=\"(min-width:768px) 540px, (min-width:1000px) 1000px, 100vw\"  \n\t\talt=\"traduction2015_title_mini.jpg\"\n\t \/><\/div>\n\t\t\t\n\t\t\t\t<div class=\"m-postsList__item__content\">\n\n\t\t\t\t\t\t\t\t\t\t\n\t\t\t\t\t\n\t\t\t\t\t\t\t\t\t\n\t\t\t\t\t<p class=\"m-postsList__item__title  m-postsList__item__title--s1\">Colloque &#8220;Traduction et politique&#8221; \u00e0 l&#8217;ULG<\/p>\n\n\t\t\t\t\t\n\t\t\t\t\t\n\t\t\t\t\t\t<p class=\"m-postsList__item__meta m-postsList__item__meta--s1\">\n\n\t\t\t\t\t\t\t\t\t\t\t\t\t\t\n\t\t\t\t\t\t\t\t\t\t\t\t\t\t<span class=\"m-postsList__item__meta__label\">Datum: 7 May 2015 &#8211; Uhr: 00:00 Bis 00:00\t\t\t\t\t\t\t\n\t\t\t\t\t\t\t\t\t\t\t\t\t\t\t<span class=\"m-postsList__item__meta__label\"><br \/>Ort: <\/span> Universit\u00e9 de Li\u00e8ge, Salle du Th\u00e9\u00e2tre universitaire  &#8211; 1 quai Roosevelt, b\u00e2timent A4 &#8211; 4000 Li\u00e8ge\t\t\t\t\t\t\t\n\t\t\t\t\t\t\t| <span class=\"m-postsList__item__meta__label\">Kategorie: <\/span>Fortbildung, Konferenzen, Sonstige Veranstaltungen\t\t\t\t\t\t\n\t\t\t\t\t\t<\/p>\n\n\t\t\t\t\t\n\t\t\t\t\t\n\t\t\t\t\t\n\t\t\t\t\t\n\t\t\t\t\t\t\t\t\t\t<div class=\"m-actionContainer\">\n\t\t\t\t\t\t<div class=\"m-action\">\n\t\t\t\t\t\t\t<span>Mehr erfahren<\/span>\n\t\t\t\t\t\t<\/div>\n\t\t\t\t\t<\/div><!-- \/actionContainer -->\n\t\t\t\t\t\t\t\t\n\t\t\t\t<\/div><!-- \/postsList__item__child__content -->\n\t\t\t<\/div><!-- \/postsList__item__child -->\n\t\t<\/a><!-- \/postsList__item__link -->\n\t<\/div><!-- \/postsList__item -->\n\n\n\n\n\n                    \n                                            \n                            \n\n\n\n\n\n\n\n\n\n\n\n\n\n\n\n\n\t<div class=\"m-postsList__item col-12 col-md-6 col-lg-6\">\n\n\t\t<a href=\"https:\/\/www.cbti-bkvt.org\/de\/evenement\/atelier-dvx3-pour-debutants-2\/\" title=\"\" class=\"m-postsList__item__link\">\n\n\t\t\t<div class=\"m-postsList__item__child\">\n\n\t\t\t\t<div class=\"m-postsList__item__img \"><img \n\t   \tsrc=\"https:\/\/www.cbti-bkvt.org\/wp-content\/uploads\/3573d92557d05e08a3180e51d4905917_Proz.com_logo-5.png\" \n\t\tsrcset=\"https:\/\/www.cbti-bkvt.org\/wp-content\/uploads\/3573d92557d05e08a3180e51d4905917_Proz.com_logo-5.png 540w, https:\/\/www.cbti-bkvt.org\/wp-content\/uploads\/3573d92557d05e08a3180e51d4905917_Proz.com_logo-5.png 768w, https:\/\/www.cbti-bkvt.org\/wp-content\/uploads\/3573d92557d05e08a3180e51d4905917_Proz.com_logo-5.png 1000w\" \n\t\tsizes=\"(min-width:768px) 540px, (min-width:1000px) 1000px, 100vw\"  \n\t\talt=\"3573d92557d05e08a3180e51d4905917_Proz.com_logo.png\"\n\t \/><\/div>\n\t\t\t\n\t\t\t\t<div class=\"m-postsList__item__content\">\n\n\t\t\t\t\t\t\t\t\t\t\n\t\t\t\t\t\n\t\t\t\t\t\t\t\t\t\n\t\t\t\t\t<p class=\"m-postsList__item__title  m-postsList__item__title--s1\">Atelier DVX3 pour d\u00e9butants<\/p>\n\n\t\t\t\t\t\n\t\t\t\t\t\n\t\t\t\t\t\t<p class=\"m-postsList__item__meta m-postsList__item__meta--s1\">\n\n\t\t\t\t\t\t\t\t\t\t\t\t\t\t\n\t\t\t\t\t\t\t\t\t\t\t\t\t\t<span class=\"m-postsList__item__meta__label\">Datum: 4 May 2015 &#8211; Uhr: 14:00 Bis 17:00\t\t\t\t\t\t\t\n\t\t\t\t\t\t\t\t\t\t\t\t\t\t\t<span class=\"m-postsList__item__meta__label\"><br \/>Ort: <\/span> 24, rue Montoyerstraat &#8211; Room Montoyer &#8211; 1000 Brussels\t\t\t\t\t\t\t\n\t\t\t\t\t\t\t| <span class=\"m-postsList__item__meta__label\">Kategorie: <\/span>Fortbildung\t\t\t\t\t\t\n\t\t\t\t\t\t<\/p>\n\n\t\t\t\t\t\n\t\t\t\t\t\n\t\t\t\t\t\n\t\t\t\t\t\n\t\t\t\t\t\t\t\t\t\t<div class=\"m-actionContainer\">\n\t\t\t\t\t\t<div class=\"m-action\">\n\t\t\t\t\t\t\t<span>Mehr erfahren<\/span>\n\t\t\t\t\t\t<\/div>\n\t\t\t\t\t<\/div><!-- \/actionContainer -->\n\t\t\t\t\t\t\t\t\n\t\t\t\t<\/div><!-- \/postsList__item__child__content -->\n\t\t\t<\/div><!-- \/postsList__item__child -->\n\t\t<\/a><!-- \/postsList__item__link -->\n\t<\/div><!-- \/postsList__item -->\n\n\n\n\n\n                    \n                                            \n                            \n\n\n\n\n\n\n\n\n\n\n\n\n\n\n\n\n\t<div class=\"m-postsList__item col-12 col-md-6 col-lg-6\">\n\n\t\t<a href=\"https:\/\/www.cbti-bkvt.org\/de\/evenement\/borrelavond-namur\/\" title=\"\" class=\"m-postsList__item__link\">\n\n\t\t\t<div class=\"m-postsList__item__child\">\n\n\t\t\t\t<div class=\"m-postsList__item__img \"><img \n\t   \tsrc=\"https:\/\/www.cbti-bkvt.org\/wp-content\/uploads\/Borrelavond_mini-2-540x360.jpg\" \n\t\tsrcset=\"https:\/\/www.cbti-bkvt.org\/wp-content\/uploads\/Borrelavond_mini-2-540x360.jpg 540w, https:\/\/www.cbti-bkvt.org\/wp-content\/uploads\/Borrelavond_mini-2-1000x666.jpg 768w, https:\/\/www.cbti-bkvt.org\/wp-content\/uploads\/Borrelavond_mini-2.jpg 1000w\" \n\t\tsizes=\"(min-width:768px) 540px, (min-width:1000px) 1000px, 100vw\"  \n\t\talt=\"Borrelavond_mini.jpg\"\n\t \/><\/div>\n\t\t\t\n\t\t\t\t<div class=\"m-postsList__item__content\">\n\n\t\t\t\t\t\t\t\t\t\t\n\t\t\t\t\t\n\t\t\t\t\t\t\t\t\t\n\t\t\t\t\t<p class=\"m-postsList__item__title  m-postsList__item__title--s1\">Borrelavond (Namur)<\/p>\n\n\t\t\t\t\t\n\t\t\t\t\t\n\t\t\t\t\t\t<p class=\"m-postsList__item__meta m-postsList__item__meta--s1\">\n\n\t\t\t\t\t\t\t\t\t\t\t\t\t\t\n\t\t\t\t\t\t\t\t\t\t\t\t\t\t<span class=\"m-postsList__item__meta__label\">Datum: 23 April 2015 &#8211; Uhr: 19:00 Bis \t\t\t\t\t\t\t\n\t\t\t\t\t\t\t\t\t\t\t\t\t\t\t<span class=\"m-postsList__item__meta__label\"><br \/>Ort: <\/span> Brasserie Fran\u00e7ois, Place Saint-Aubain 3, 5000 Namur\t\t\t\t\t\t\t\n\t\t\t\t\t\t\t| <span class=\"m-postsList__item__meta__label\">Kategorie: <\/span>Stammtische\t\t\t\t\t\t\n\t\t\t\t\t\t<\/p>\n\n\t\t\t\t\t\n\t\t\t\t\t\n\t\t\t\t\t\n\t\t\t\t\t\n\t\t\t\t\t\t\t\t\t\t<div class=\"m-actionContainer\">\n\t\t\t\t\t\t<div class=\"m-action\">\n\t\t\t\t\t\t\t<span>Mehr erfahren<\/span>\n\t\t\t\t\t\t<\/div>\n\t\t\t\t\t<\/div><!-- \/actionContainer -->\n\t\t\t\t\t\t\t\t\n\t\t\t\t<\/div><!-- \/postsList__item__child__content -->\n\t\t\t<\/div><!-- \/postsList__item__child -->\n\t\t<\/a><!-- \/postsList__item__link -->\n\t<\/div><!-- \/postsList__item -->\n\n\n\n\n\n                    \n                                            \n                            \n\n\n\n\n\n\n\n\n\n\n\n\n\n\n\n\n\t<div class=\"m-postsList__item col-12 col-md-6 col-lg-6\">\n\n\t\t<a href=\"https:\/\/www.cbti-bkvt.org\/de\/evenement\/stages-de-formation-professionnelle-a-la-traduction-litteraire\/\" title=\"\" class=\"m-postsList__item__link\">\n\n\t\t\t<div class=\"m-postsList__item__child\">\n\n\t\t\t\t<div class=\"m-postsList__item__img \"><img \n\t   \tsrc=\"https:\/\/www.cbti-bkvt.org\/wp-content\/uploads\/Le-grand-patio-du-colle_ge_mini-2-540x360.jpg\" \n\t\tsrcset=\"https:\/\/www.cbti-bkvt.org\/wp-content\/uploads\/Le-grand-patio-du-colle_ge_mini-2-540x360.jpg 540w, https:\/\/www.cbti-bkvt.org\/wp-content\/uploads\/Le-grand-patio-du-colle_ge_mini-2-1000x666.jpg 768w, https:\/\/www.cbti-bkvt.org\/wp-content\/uploads\/Le-grand-patio-du-colle_ge_mini-2.jpg 1000w\" \n\t\tsizes=\"(min-width:768px) 540px, (min-width:1000px) 1000px, 100vw\"  \n\t\talt=\"Le-grand-patio-du-colle_ge_mini.jpg\"\n\t \/><\/div>\n\t\t\t\n\t\t\t\t<div class=\"m-postsList__item__content\">\n\n\t\t\t\t\t\t\t\t\t\t\n\t\t\t\t\t\n\t\t\t\t\t\t\t\t\t\n\t\t\t\t\t<p class=\"m-postsList__item__title  m-postsList__item__title--s1\">Stages de formation professionnelle \u00e0 la traduction litt\u00e9raire<\/p>\n\n\t\t\t\t\t\n\t\t\t\t\t\n\t\t\t\t\t\t<p class=\"m-postsList__item__meta m-postsList__item__meta--s1\">\n\n\t\t\t\t\t\t\t\t\t\t\t\t\t\t\n\t\t\t\t\t\t\t\t\t\t\t\t\t\t<span class=\"m-postsList__item__meta__label\">Datum: 5 April 2015 &#8211; Uhr: 00:00 Bis 00:00\t\t\t\t\t\t\t\n\t\t\t\t\t\t\t\t\t\t\t\t\t\t\t<span class=\"m-postsList__item__meta__label\"><br \/>Ort: <\/span> Coll\u00e8ge des traducteurs litt\u00e9raires de Seneffe &#8211; Ch\u00e2teau de Seneffe, rue Lucien Plasman, 7180 Seneffe\t\t\t\t\t\t\t\n\t\t\t\t\t\t\t| <span class=\"m-postsList__item__meta__label\">Kategorie: <\/span>Fortbildung, Sonstige Veranstaltungen\t\t\t\t\t\t\n\t\t\t\t\t\t<\/p>\n\n\t\t\t\t\t\n\t\t\t\t\t\n\t\t\t\t\t\n\t\t\t\t\t\n\t\t\t\t\t\t\t\t\t\t<div class=\"m-actionContainer\">\n\t\t\t\t\t\t<div class=\"m-action\">\n\t\t\t\t\t\t\t<span>Mehr erfahren<\/span>\n\t\t\t\t\t\t<\/div>\n\t\t\t\t\t<\/div><!-- \/actionContainer -->\n\t\t\t\t\t\t\t\t\n\t\t\t\t<\/div><!-- \/postsList__item__child__content -->\n\t\t\t<\/div><!-- \/postsList__item__child -->\n\t\t<\/a><!-- \/postsList__item__link -->\n\t<\/div><!-- \/postsList__item -->\n\n\n\n\n\n                    \n                                            \n                            \n\n\n\n\n\n\n\n\n\n\n\n\n\n\n\n\n\t<div class=\"m-postsList__item col-12 col-md-6 col-lg-6\">\n\n\t\t<a href=\"https:\/\/www.cbti-bkvt.org\/de\/evenement\/assemblee-generale-de-la-cbti-2\/\" title=\"\" class=\"m-postsList__item__link\">\n\n\t\t\t<div class=\"m-postsList__item__child\">\n\n\t\t\t\t<div class=\"m-postsList__item__img \"><img \n\t   \tsrc=\"https:\/\/www.cbti-bkvt.org\/wp-content\/uploads\/2060_Leopold_333-6-540x360.jpg\" \n\t\tsrcset=\"https:\/\/www.cbti-bkvt.org\/wp-content\/uploads\/2060_Leopold_333-6-540x360.jpg 540w, https:\/\/www.cbti-bkvt.org\/wp-content\/uploads\/2060_Leopold_333-6.jpg 768w, https:\/\/www.cbti-bkvt.org\/wp-content\/uploads\/2060_Leopold_333-6.jpg 1000w\" \n\t\tsizes=\"(min-width:768px) 540px, (min-width:1000px) 1000px, 100vw\"  \n\t\talt=\"2060_Leopold_333.jpg\"\n\t \/><\/div>\n\t\t\t\n\t\t\t\t<div class=\"m-postsList__item__content\">\n\n\t\t\t\t\t\t\t\t\t\t\n\t\t\t\t\t\n\t\t\t\t\t\t\t\t\t\n\t\t\t\t\t<p class=\"m-postsList__item__title  m-postsList__item__title--s1\">Assembl\u00e9e g\u00e9n\u00e9rale de la CBTI<\/p>\n\n\t\t\t\t\t\n\t\t\t\t\t\n\t\t\t\t\t\t<p class=\"m-postsList__item__meta m-postsList__item__meta--s1\">\n\n\t\t\t\t\t\t\t\t\t\t\t\t\t\t\n\t\t\t\t\t\t\t\t\t\t\t\t\t\t<span class=\"m-postsList__item__meta__label\">Datum: 21 March 2015 &#8211; Uhr: 10:30 Bis 17:00\t\t\t\t\t\t\t\n\t\t\t\t\t\t\t\t\t\t\t\t\t\t\t<span class=\"m-postsList__item__meta__label\"><br \/>Ort: <\/span> H\u00f4tel L\u00e9opold, Rue du Luxembourg 35, 1050 Brussels\t\t\t\t\t\t\t\n\t\t\t\t\t\t\t| <span class=\"m-postsList__item__meta__label\">Kategorie: <\/span>CBTI\/BKVT aktuell, Generalversammlung\t\t\t\t\t\t\n\t\t\t\t\t\t<\/p>\n\n\t\t\t\t\t\n\t\t\t\t\t\n\t\t\t\t\t\n\t\t\t\t\t\n\t\t\t\t\t\t\t\t\t\t<div class=\"m-actionContainer\">\n\t\t\t\t\t\t<div class=\"m-action\">\n\t\t\t\t\t\t\t<span>Mehr erfahren<\/span>\n\t\t\t\t\t\t<\/div>\n\t\t\t\t\t<\/div><!-- \/actionContainer -->\n\t\t\t\t\t\t\t\t\n\t\t\t\t<\/div><!-- \/postsList__item__child__content -->\n\t\t\t<\/div><!-- \/postsList__item__child -->\n\t\t<\/a><!-- \/postsList__item__link -->\n\t<\/div><!-- \/postsList__item -->\n\n\n\n\n\n                    \n                                            \n                            \n\n\n\n\n\n\n\n\n\n\n\n\n\n\n\n\n\t<div class=\"m-postsList__item col-12 col-md-6 col-lg-6\">\n\n\t\t<a href=\"https:\/\/www.cbti-bkvt.org\/de\/evenement\/journee-dalerte-pouvoir-judiciaire\/\" title=\"\" class=\"m-postsList__item__link\">\n\n\t\t\t<div class=\"m-postsList__item__child\">\n\n\t\t\t\t<div class=\"m-postsList__item__img \"><img \n\t   \tsrc=\"https:\/\/www.cbti-bkvt.org\/wp-content\/uploads\/Palais_de_Justice_Bxl_-_Justitiepaleis_Brussel_mini-8-540x360.jpg\" \n\t\tsrcset=\"https:\/\/www.cbti-bkvt.org\/wp-content\/uploads\/Palais_de_Justice_Bxl_-_Justitiepaleis_Brussel_mini-8-540x360.jpg 540w, https:\/\/www.cbti-bkvt.org\/wp-content\/uploads\/Palais_de_Justice_Bxl_-_Justitiepaleis_Brussel_mini-8-1000x666.jpg 768w, https:\/\/www.cbti-bkvt.org\/wp-content\/uploads\/Palais_de_Justice_Bxl_-_Justitiepaleis_Brussel_mini-8.jpg 1000w\" \n\t\tsizes=\"(min-width:768px) 540px, (min-width:1000px) 1000px, 100vw\"  \n\t\talt=\"Palais_de_Justice_Bxl_-_Justitiepaleis_Brussel_mini.jpg\"\n\t \/><\/div>\n\t\t\t\n\t\t\t\t<div class=\"m-postsList__item__content\">\n\n\t\t\t\t\t\t\t\t\t\t\n\t\t\t\t\t\n\t\t\t\t\t\t\t\t\t\n\t\t\t\t\t<p class=\"m-postsList__item__title  m-postsList__item__title--s1\">Journ\u00e9e d&#8217;alerte &#8220;Pouvoir judiciaire&#8221;<\/p>\n\n\t\t\t\t\t\n\t\t\t\t\t\n\t\t\t\t\t\t<p class=\"m-postsList__item__meta m-postsList__item__meta--s1\">\n\n\t\t\t\t\t\t\t\t\t\t\t\t\t\t\n\t\t\t\t\t\t\t\t\t\t\t\t\t\t<span class=\"m-postsList__item__meta__label\">Datum: 20 March 2015 &#8211; Uhr: 01:00 Bis \t\t\t\t\t\t\t\n\t\t\t\t\t\t\t\t\t\t\t\t\t\t\t<span class=\"m-postsList__item__meta__label\"><br \/>Ort: <\/span> Palais de Justice de Bruxelles &#8211; Justitiepaleis Brussel\t\t\t\t\t\t\t\n\t\t\t\t\t\t\t| <span class=\"m-postsList__item__meta__label\">Kategorie: <\/span>Vereidigte \u00dcbersetzer\/Dolmetscher\t\t\t\t\t\t\n\t\t\t\t\t\t<\/p>\n\n\t\t\t\t\t\n\t\t\t\t\t\n\t\t\t\t\t\n\t\t\t\t\t\n\t\t\t\t\t\t\t\t\t\t<div class=\"m-actionContainer\">\n\t\t\t\t\t\t<div class=\"m-action\">\n\t\t\t\t\t\t\t<span>Mehr erfahren<\/span>\n\t\t\t\t\t\t<\/div>\n\t\t\t\t\t<\/div><!-- \/actionContainer -->\n\t\t\t\t\t\t\t\t\n\t\t\t\t<\/div><!-- \/postsList__item__child__content -->\n\t\t\t<\/div><!-- \/postsList__item__child -->\n\t\t<\/a><!-- \/postsList__item__link -->\n\t<\/div><!-- \/postsList__item -->\n\n\n\n\n\n                    \n                                            \n                            \n\n\n\n\n\n\n\n\n\n\n\n\n\n\n\n\n\t<div class=\"m-postsList__item col-12 col-md-6 col-lg-6\">\n\n\t\t<a href=\"https:\/\/www.cbti-bkvt.org\/de\/evenement\/symposium-geistes-und-sozialwissenschaftlicher-uebersetzer\/\" title=\"\" class=\"m-postsList__item__link\">\n\n\t\t\t<div class=\"m-postsList__item__child\">\n\n\t\t\t\t<div class=\"m-postsList__item__img \"><img \n\t   \tsrc=\"https:\/\/www.cbti-bkvt.org\/wp-content\/uploads\/01M-logo_fmsh_quadri-2-540x360.jpg\" \n\t\tsrcset=\"https:\/\/www.cbti-bkvt.org\/wp-content\/uploads\/01M-logo_fmsh_quadri-2-540x360.jpg 540w, https:\/\/www.cbti-bkvt.org\/wp-content\/uploads\/01M-logo_fmsh_quadri-2-1000x666.jpg 768w, https:\/\/www.cbti-bkvt.org\/wp-content\/uploads\/01M-logo_fmsh_quadri-2.jpg 1000w\" \n\t\tsizes=\"(min-width:768px) 540px, (min-width:1000px) 1000px, 100vw\"  \n\t\talt=\"01M-logo_fmsh_quadri.jpg\"\n\t \/><\/div>\n\t\t\t\n\t\t\t\t<div class=\"m-postsList__item__content\">\n\n\t\t\t\t\t\t\t\t\t\t\n\t\t\t\t\t\n\t\t\t\t\t\t\t\t\t\n\t\t\t\t\t<p class=\"m-postsList__item__title  m-postsList__item__title--s1\">Symposium geistes- und sozialwissenschaftlicher \u00dcbersetzer<\/p>\n\n\t\t\t\t\t\n\t\t\t\t\t\n\t\t\t\t\t\t<p class=\"m-postsList__item__meta m-postsList__item__meta--s1\">\n\n\t\t\t\t\t\t\t\t\t\t\t\t\t\t\n\t\t\t\t\t\t\t\t\t\t\t\t\t\t<span class=\"m-postsList__item__meta__label\">Datum: 18 March 2015 &#8211; Uhr: 15:00 Bis 16:00\t\t\t\t\t\t\t\n\t\t\t\t\t\t\t\t\t\t\t\t\t\t\t<span class=\"m-postsList__item__meta__label\"><br \/>Ort: <\/span> Fondation de la Maison des Sciences de l&#8217;Homme, Paris, France\t\t\t\t\t\t\t\n\t\t\t\t\t\t\t| <span class=\"m-postsList__item__meta__label\">Kategorie: <\/span>Konferenzen, Sonstige Veranstaltungen\t\t\t\t\t\t\n\t\t\t\t\t\t<\/p>\n\n\t\t\t\t\t\n\t\t\t\t\t\n\t\t\t\t\t\n\t\t\t\t\t\n\t\t\t\t\t\t\t\t\t\t<div class=\"m-actionContainer\">\n\t\t\t\t\t\t<div class=\"m-action\">\n\t\t\t\t\t\t\t<span>Mehr erfahren<\/span>\n\t\t\t\t\t\t<\/div>\n\t\t\t\t\t<\/div><!-- \/actionContainer -->\n\t\t\t\t\t\t\t\t\n\t\t\t\t<\/div><!-- \/postsList__item__child__content -->\n\t\t\t<\/div><!-- \/postsList__item__child -->\n\t\t<\/a><!-- \/postsList__item__link -->\n\t<\/div><!-- \/postsList__item -->\n\n\n\n\n\n                    \n                                            \n                            \n\n\n\n\n\n\n\n\n\n\n\n\n\n\n\n\n\t<div class=\"m-postsList__item col-12 col-md-6 col-lg-6\">\n\n\t\t<a href=\"https:\/\/www.cbti-bkvt.org\/de\/evenement\/lecon-de-francais-avec-mme-lenoble\/\" title=\"\" class=\"m-postsList__item__link\">\n\n\t\t\t<div class=\"m-postsList__item__child\">\n\n\t\t\t\t<div class=\"m-postsList__item__img \"><img \n\t   \tsrc=\"https:\/\/www.cbti-bkvt.org\/wp-content\/uploads\/books-441866_1280-2-540x360.jpg\" \n\t\tsrcset=\"https:\/\/www.cbti-bkvt.org\/wp-content\/uploads\/books-441866_1280-2-540x360.jpg 540w, https:\/\/www.cbti-bkvt.org\/wp-content\/uploads\/books-441866_1280-2-1000x666.jpg 768w, https:\/\/www.cbti-bkvt.org\/wp-content\/uploads\/books-441866_1280-2.jpg 1000w\" \n\t\tsizes=\"(min-width:768px) 540px, (min-width:1000px) 1000px, 100vw\"  \n\t\talt=\"books-441866_1280.jpg\"\n\t \/><\/div>\n\t\t\t\n\t\t\t\t<div class=\"m-postsList__item__content\">\n\n\t\t\t\t\t\t\t\t\t\t\n\t\t\t\t\t\n\t\t\t\t\t\t\t\t\t\n\t\t\t\t\t<p class=\"m-postsList__item__title  m-postsList__item__title--s1\">Le\u00e7on de fran\u00e7ais avec Mme Lenoble<\/p>\n\n\t\t\t\t\t\n\t\t\t\t\t\n\t\t\t\t\t\t<p class=\"m-postsList__item__meta m-postsList__item__meta--s1\">\n\n\t\t\t\t\t\t\t\t\t\t\t\t\t\t\n\t\t\t\t\t\t\t\t\t\t\t\t\t\t<span class=\"m-postsList__item__meta__label\">Datum: 28 February 2015 &#8211; Uhr: 11:30 Bis 17:00\t\t\t\t\t\t\t\n\t\t\t\t\t\t\t\t\t\t\t\t\t\t\t<span class=\"m-postsList__item__meta__label\"><br \/>Ort: <\/span> Universit\u00e9 de Li\u00e8ge &#8211; B\u00e2timent A4, local S100 &#8211; 1, quai Roosevelt &#8211; 4000 Li\u00e8ge (entr\u00e9e par la cour du th\u00e9\u00e2tre universitaire)\t\t\t\t\t\t\t\n\t\t\t\t\t\t\t| <span class=\"m-postsList__item__meta__label\">Kategorie: <\/span>Fortbildung\t\t\t\t\t\t\n\t\t\t\t\t\t<\/p>\n\n\t\t\t\t\t\n\t\t\t\t\t\n\t\t\t\t\t\n\t\t\t\t\t\n\t\t\t\t\t\t\t\t\t\t<div class=\"m-actionContainer\">\n\t\t\t\t\t\t<div class=\"m-action\">\n\t\t\t\t\t\t\t<span>Mehr erfahren<\/span>\n\t\t\t\t\t\t<\/div>\n\t\t\t\t\t<\/div><!-- \/actionContainer -->\n\t\t\t\t\t\t\t\t\n\t\t\t\t<\/div><!-- \/postsList__item__child__content -->\n\t\t\t<\/div><!-- \/postsList__item__child -->\n\t\t<\/a><!-- \/postsList__item__link -->\n\t<\/div><!-- \/postsList__item -->\n\n\n\n\n\n                    \n                                            \n                            \n\n\n\n\n\n\n\n\n\n\n\n\n\n\n\n\n\t<div class=\"m-postsList__item col-12 col-md-6 col-lg-6\">\n\n\t\t<a href=\"https:\/\/www.cbti-bkvt.org\/de\/evenement\/borrelavond-anvers\/\" title=\"\" class=\"m-postsList__item__link\">\n\n\t\t\t<div class=\"m-postsList__item__child\">\n\n\t\t\t\t<div class=\"m-postsList__item__img \"><img \n\t   \tsrc=\"https:\/\/www.cbti-bkvt.org\/wp-content\/uploads\/menu_contact-1-540x360.jpg\" \n\t\tsrcset=\"https:\/\/www.cbti-bkvt.org\/wp-content\/uploads\/menu_contact-1-540x360.jpg 540w, https:\/\/www.cbti-bkvt.org\/wp-content\/uploads\/menu_contact-1.jpg 768w, https:\/\/www.cbti-bkvt.org\/wp-content\/uploads\/menu_contact-1.jpg 1000w\" \n\t\tsizes=\"(min-width:768px) 540px, (min-width:1000px) 1000px, 100vw\"  \n\t\talt=\"menu_contact.jpg\"\n\t \/><\/div>\n\t\t\t\n\t\t\t\t<div class=\"m-postsList__item__content\">\n\n\t\t\t\t\t\t\t\t\t\t\n\t\t\t\t\t\n\t\t\t\t\t\t\t\t\t\n\t\t\t\t\t<p class=\"m-postsList__item__title  m-postsList__item__title--s1\">Borrelavond (Anvers)<\/p>\n\n\t\t\t\t\t\n\t\t\t\t\t\n\t\t\t\t\t\t<p class=\"m-postsList__item__meta m-postsList__item__meta--s1\">\n\n\t\t\t\t\t\t\t\t\t\t\t\t\t\t\n\t\t\t\t\t\t\t\t\t\t\t\t\t\t<span class=\"m-postsList__item__meta__label\">Datum: 3 February 2015 &#8211; Uhr: 21:00 Bis \t\t\t\t\t\t\t\n\t\t\t\t\t\t\t\t\t\t\t\t\t\t\t<span class=\"m-postsList__item__meta__label\"><br \/>Ort: <\/span> Het Pakhuis, Vlaamse Kaai 76, 2000 Antwerpen\t\t\t\t\t\t\t\n\t\t\t\t\t\t\t| <span class=\"m-postsList__item__meta__label\">Kategorie: <\/span>Stammtische\t\t\t\t\t\t\n\t\t\t\t\t\t<\/p>\n\n\t\t\t\t\t\n\t\t\t\t\t\n\t\t\t\t\t\n\t\t\t\t\t\n\t\t\t\t\t\t\t\t\t\t<div class=\"m-actionContainer\">\n\t\t\t\t\t\t<div class=\"m-action\">\n\t\t\t\t\t\t\t<span>Mehr erfahren<\/span>\n\t\t\t\t\t\t<\/div>\n\t\t\t\t\t<\/div><!-- \/actionContainer -->\n\t\t\t\t\t\t\t\t\n\t\t\t\t<\/div><!-- \/postsList__item__child__content -->\n\t\t\t<\/div><!-- \/postsList__item__child -->\n\t\t<\/a><!-- \/postsList__item__link -->\n\t<\/div><!-- \/postsList__item -->\n\n\n\n\n\n                    \n                                            \n                            \n\n\n\n\n\n\n\n\n\n\n\n\n\n\n\n\n\t<div class=\"m-postsList__item col-12 col-md-6 col-lg-6\">\n\n\t\t<a href=\"https:\/\/www.cbti-bkvt.org\/de\/evenement\/atelier-une-specialisation-par-ou-commencer\/\" title=\"\" class=\"m-postsList__item__link\">\n\n\t\t\t<div class=\"m-postsList__item__child\">\n\n\t\t\t\t<div class=\"m-postsList__item__img \"><img \n\t   \tsrc=\"https:\/\/www.cbti-bkvt.org\/wp-content\/uploads\/download-66-540x360.jpg\" \n\t\tsrcset=\"https:\/\/www.cbti-bkvt.org\/wp-content\/uploads\/download-66-540x360.jpg 540w, https:\/\/www.cbti-bkvt.org\/wp-content\/uploads\/download-66.jpg 768w, https:\/\/www.cbti-bkvt.org\/wp-content\/uploads\/download-66.jpg 1000w\" \n\t\tsizes=\"(min-width:768px) 540px, (min-width:1000px) 1000px, 100vw\"  \n\t\talt=\"download.jpg\"\n\t \/><\/div>\n\t\t\t\n\t\t\t\t<div class=\"m-postsList__item__content\">\n\n\t\t\t\t\t\t\t\t\t\t\n\t\t\t\t\t\n\t\t\t\t\t\t\t\t\t\n\t\t\t\t\t<p class=\"m-postsList__item__title  m-postsList__item__title--s1\">Atelier: une sp\u00e9cialisation? Par o\u00f9 commencer?<\/p>\n\n\t\t\t\t\t\n\t\t\t\t\t\n\t\t\t\t\t\t<p class=\"m-postsList__item__meta m-postsList__item__meta--s1\">\n\n\t\t\t\t\t\t\t\t\t\t\t\t\t\t\n\t\t\t\t\t\t\t\t\t\t\t\t\t\t<span class=\"m-postsList__item__meta__label\">Datum: 26 January 2015 &#8211; Uhr: 16:00 Bis 19:00\t\t\t\t\t\t\t\n\t\t\t\t\t\t\t\t\t\t\t\t\t\t\t<span class=\"m-postsList__item__meta__label\"><br \/>Ort: <\/span> CBTI-KBVT &#8211; 24, rue Montoyerstraat &#8211; 1000 Brussels\t\t\t\t\t\t\t\n\t\t\t\t\t\t\t| <span class=\"m-postsList__item__meta__label\">Kategorie: <\/span>Fortbildung\t\t\t\t\t\t\n\t\t\t\t\t\t<\/p>\n\n\t\t\t\t\t\n\t\t\t\t\t\n\t\t\t\t\t\n\t\t\t\t\t\n\t\t\t\t\t\t\t\t\t\t<div class=\"m-actionContainer\">\n\t\t\t\t\t\t<div class=\"m-action\">\n\t\t\t\t\t\t\t<span>Mehr erfahren<\/span>\n\t\t\t\t\t\t<\/div>\n\t\t\t\t\t<\/div><!-- \/actionContainer -->\n\t\t\t\t\t\t\t\t\n\t\t\t\t<\/div><!-- \/postsList__item__child__content -->\n\t\t\t<\/div><!-- \/postsList__item__child -->\n\t\t<\/a><!-- \/postsList__item__link -->\n\t<\/div><!-- \/postsList__item -->\n\n\n\n\n\n                    \n                                            \n                            \n\n\n\n\n\n\n\n\n\n\n\n\n\n\n\n\n\t<div class=\"m-postsList__item col-12 col-md-6 col-lg-6\">\n\n\t\t<a href=\"https:\/\/www.cbti-bkvt.org\/de\/evenement\/reception-de-nouvel-an-et-visite-du-siege-de-lotan\/\" title=\"\" class=\"m-postsList__item__link\">\n\n\t\t\t<div class=\"m-postsList__item__child\">\n\n\t\t\t\t<div class=\"m-postsList__item__img \"><img \n\t   \tsrc=\"https:\/\/www.cbti-bkvt.org\/wp-content\/uploads\/b981217j-1-540x360.jpg\" \n\t\tsrcset=\"https:\/\/www.cbti-bkvt.org\/wp-content\/uploads\/b981217j-1-540x360.jpg 540w, https:\/\/www.cbti-bkvt.org\/wp-content\/uploads\/b981217j-1-1000x666.jpg 768w, https:\/\/www.cbti-bkvt.org\/wp-content\/uploads\/b981217j-1-2000x1333.jpg 1000w\" \n\t\tsizes=\"(min-width:768px) 540px, (min-width:1000px) 1000px, 100vw\"  \n\t\talt=\"b981217j.jpg\"\n\t \/><\/div>\n\t\t\t\n\t\t\t\t<div class=\"m-postsList__item__content\">\n\n\t\t\t\t\t\t\t\t\t\t\n\t\t\t\t\t\n\t\t\t\t\t\t\t\t\t\n\t\t\t\t\t<p class=\"m-postsList__item__title  m-postsList__item__title--s1\">R\u00e9ception de Nouvel An et visite du si\u00e8ge de l&#8217;OTAN<\/p>\n\n\t\t\t\t\t\n\t\t\t\t\t\n\t\t\t\t\t\t<p class=\"m-postsList__item__meta m-postsList__item__meta--s1\">\n\n\t\t\t\t\t\t\t\t\t\t\t\t\t\t\n\t\t\t\t\t\t\t\t\t\t\t\t\t\t<span class=\"m-postsList__item__meta__label\">Datum: 23 January 2015 &#8211; Uhr: 14:15 Bis \t\t\t\t\t\t\t\n\t\t\t\t\t\t\t\n\t\t\t\t\t\t\t| <span class=\"m-postsList__item__meta__label\">Kategorie: <\/span>CBTI\/BKVT aktuell\t\t\t\t\t\t\n\t\t\t\t\t\t<\/p>\n\n\t\t\t\t\t\n\t\t\t\t\t\n\t\t\t\t\t\n\t\t\t\t\t\n\t\t\t\t\t\t\t\t\t\t<div class=\"m-actionContainer\">\n\t\t\t\t\t\t<div class=\"m-action\">\n\t\t\t\t\t\t\t<span>Mehr erfahren<\/span>\n\t\t\t\t\t\t<\/div>\n\t\t\t\t\t<\/div><!-- \/actionContainer -->\n\t\t\t\t\t\t\t\t\n\t\t\t\t<\/div><!-- \/postsList__item__child__content -->\n\t\t\t<\/div><!-- \/postsList__item__child -->\n\t\t<\/a><!-- \/postsList__item__link -->\n\t<\/div><!-- \/postsList__item -->\n\n\n\n\n\n                    \n                                            \n                            \n\n\n\n\n\n\n\n\n\n\n\n\n\n\n\n\n\t<div class=\"m-postsList__item col-12 col-md-6 col-lg-6\">\n\n\t\t<a href=\"https:\/\/www.cbti-bkvt.org\/de\/evenement\/atelier-reseauter-par-ou-commencer\/\" title=\"\" class=\"m-postsList__item__link\">\n\n\t\t\t<div class=\"m-postsList__item__child\">\n\n\t\t\t\t<div class=\"m-postsList__item__img \"><img \n\t   \tsrc=\"https:\/\/www.cbti-bkvt.org\/wp-content\/uploads\/Handshake_duisenberg_school_of_finance-4-540x360.jpg\" \n\t\tsrcset=\"https:\/\/www.cbti-bkvt.org\/wp-content\/uploads\/Handshake_duisenberg_school_of_finance-4-540x360.jpg 540w, https:\/\/www.cbti-bkvt.org\/wp-content\/uploads\/Handshake_duisenberg_school_of_finance-4.jpg 768w, https:\/\/www.cbti-bkvt.org\/wp-content\/uploads\/Handshake_duisenberg_school_of_finance-4.jpg 1000w\" \n\t\tsizes=\"(min-width:768px) 540px, (min-width:1000px) 1000px, 100vw\"  \n\t\talt=\"Handshake_duisenberg_school_of_finance.jpg\"\n\t \/><\/div>\n\t\t\t\n\t\t\t\t<div class=\"m-postsList__item__content\">\n\n\t\t\t\t\t\t\t\t\t\t\n\t\t\t\t\t\n\t\t\t\t\t\t\t\t\t\n\t\t\t\t\t<p class=\"m-postsList__item__title  m-postsList__item__title--s1\">Atelier: r\u00e9seauter? Par o\u00f9 commencer?<\/p>\n\n\t\t\t\t\t\n\t\t\t\t\t\n\t\t\t\t\t\t<p class=\"m-postsList__item__meta m-postsList__item__meta--s1\">\n\n\t\t\t\t\t\t\t\t\t\t\t\t\t\t\n\t\t\t\t\t\t\t\t\t\t\t\t\t\t<span class=\"m-postsList__item__meta__label\">Datum: 18 December 2014 &#8211; Uhr: 14:30 Bis 18:30\t\t\t\t\t\t\t\n\t\t\t\t\t\t\t\t\t\t\t\t\t\t\t<span class=\"m-postsList__item__meta__label\"><br \/>Ort: <\/span> CBTI-KBVT &#8211; 24, rue Montoyerstraat &#8211; 1000 Brussels\t\t\t\t\t\t\t\n\t\t\t\t\t\t\t| <span class=\"m-postsList__item__meta__label\">Kategorie: <\/span>Fortbildung\t\t\t\t\t\t\n\t\t\t\t\t\t<\/p>\n\n\t\t\t\t\t\n\t\t\t\t\t\n\t\t\t\t\t\n\t\t\t\t\t\n\t\t\t\t\t\t\t\t\t\t<div class=\"m-actionContainer\">\n\t\t\t\t\t\t<div class=\"m-action\">\n\t\t\t\t\t\t\t<span>Mehr erfahren<\/span>\n\t\t\t\t\t\t<\/div>\n\t\t\t\t\t<\/div><!-- \/actionContainer -->\n\t\t\t\t\t\t\t\t\n\t\t\t\t<\/div><!-- \/postsList__item__child__content -->\n\t\t\t<\/div><!-- \/postsList__item__child -->\n\t\t<\/a><!-- \/postsList__item__link -->\n\t<\/div><!-- \/postsList__item -->\n\n\n\n\n\n                    \n                                            \n                            \n\n\n\n\n\n\n\n\n\n\n\n\n\n\n\n\n\t<div class=\"m-postsList__item col-12 col-md-6 col-lg-6\">\n\n\t\t<a href=\"https:\/\/www.cbti-bkvt.org\/de\/evenement\/la-cbti-presente-au-salon-wallonia-export-invest-fair-de-lawex-liege\/\" title=\"\" class=\"m-postsList__item__link\">\n\n\t\t\t<div class=\"m-postsList__item__child\">\n\n\t\t\t\t<div class=\"m-postsList__item__img \"><img \n\t   \tsrc=\"https:\/\/www.cbti-bkvt.org\/wp-content\/uploads\/20140913_liege064-2-540x360.jpg\" \n\t\tsrcset=\"https:\/\/www.cbti-bkvt.org\/wp-content\/uploads\/20140913_liege064-2-540x360.jpg 540w, https:\/\/www.cbti-bkvt.org\/wp-content\/uploads\/20140913_liege064-2-1000x666.jpg 768w, https:\/\/www.cbti-bkvt.org\/wp-content\/uploads\/20140913_liege064-2.jpg 1000w\" \n\t\tsizes=\"(min-width:768px) 540px, (min-width:1000px) 1000px, 100vw\"  \n\t\talt=\"20140913_liege064.JPG\"\n\t \/><\/div>\n\t\t\t\n\t\t\t\t<div class=\"m-postsList__item__content\">\n\n\t\t\t\t\t\t\t\t\t\t\n\t\t\t\t\t\n\t\t\t\t\t\t\t\t\t\n\t\t\t\t\t<p class=\"m-postsList__item__title  m-postsList__item__title--s1\">La CBTI pr\u00e9sente au salon Wallonia Export-Invest Fair de l&#8217;AWEX (Li\u00e8ge)<\/p>\n\n\t\t\t\t\t\n\t\t\t\t\t\n\t\t\t\t\t\t<p class=\"m-postsList__item__meta m-postsList__item__meta--s1\">\n\n\t\t\t\t\t\t\t\t\t\t\t\t\t\t\n\t\t\t\t\t\t\t\t\t\t\t\t\t\t<span class=\"m-postsList__item__meta__label\">Datum: 2 December 2014 &#8211; Uhr: 10:00 Bis 19:00\t\t\t\t\t\t\t\n\t\t\t\t\t\t\t\t\t\t\t\t\t\t\t<span class=\"m-postsList__item__meta__label\"><br \/>Ort: <\/span> Palais des Congr\u00e8s, Esplanade de l\u2019Europe 2, 4020 Li\u00e8ge\t\t\t\t\t\t\t\n\t\t\t\t\t\t\t| <span class=\"m-postsList__item__meta__label\">Kategorie: <\/span>Messen\t\t\t\t\t\t\n\t\t\t\t\t\t<\/p>\n\n\t\t\t\t\t\n\t\t\t\t\t\n\t\t\t\t\t\n\t\t\t\t\t\n\t\t\t\t\t\t\t\t\t\t<div class=\"m-actionContainer\">\n\t\t\t\t\t\t<div class=\"m-action\">\n\t\t\t\t\t\t\t<span>Mehr erfahren<\/span>\n\t\t\t\t\t\t<\/div>\n\t\t\t\t\t<\/div><!-- \/actionContainer -->\n\t\t\t\t\t\t\t\t\n\t\t\t\t<\/div><!-- \/postsList__item__child__content -->\n\t\t\t<\/div><!-- \/postsList__item__child -->\n\t\t<\/a><!-- \/postsList__item__link -->\n\t<\/div><!-- \/postsList__item -->\n\n\n\n\n\n                    \n                                            \n                            \n\n\n\n\n\n\n\n\n\n\n\n\n\n\n\n\n\t<div class=\"m-postsList__item col-12 col-md-6 col-lg-6\">\n\n\t\t<a href=\"https:\/\/www.cbti-bkvt.org\/de\/evenement\/annual-conference-of-the-belgian-association-of-anglicists-in-higher-education-baahe\/\" title=\"\" class=\"m-postsList__item__link\">\n\n\t\t\t<div class=\"m-postsList__item__child\">\n\n\t\t\t\t<div class=\"m-postsList__item__img \"><img \n\t   \tsrc=\"https:\/\/www.cbti-bkvt.org\/wp-content\/uploads\/2847788489_e116350147_b-2-540x360.jpg\" \n\t\tsrcset=\"https:\/\/www.cbti-bkvt.org\/wp-content\/uploads\/2847788489_e116350147_b-2-540x360.jpg 540w, https:\/\/www.cbti-bkvt.org\/wp-content\/uploads\/2847788489_e116350147_b-2-1000x666.jpg 768w, https:\/\/www.cbti-bkvt.org\/wp-content\/uploads\/2847788489_e116350147_b-2.jpg 1000w\" \n\t\tsizes=\"(min-width:768px) 540px, (min-width:1000px) 1000px, 100vw\"  \n\t\talt=\"2847788489_e116350147_b\"\n\t \/><\/div>\n\t\t\t\n\t\t\t\t<div class=\"m-postsList__item__content\">\n\n\t\t\t\t\t\t\t\t\t\t\n\t\t\t\t\t\n\t\t\t\t\t\t\t\t\t\n\t\t\t\t\t<p class=\"m-postsList__item__title  m-postsList__item__title--s1\">Annual conference of the Belgian Association of Anglicists in Higher Education (BAAHE)<\/p>\n\n\t\t\t\t\t\n\t\t\t\t\t\n\t\t\t\t\t\t<p class=\"m-postsList__item__meta m-postsList__item__meta--s1\">\n\n\t\t\t\t\t\t\t\t\t\t\t\t\t\t\n\t\t\t\t\t\t\t\t\t\t\t\t\t\t<span class=\"m-postsList__item__meta__label\">Datum: 28 November 2014 &#8211; Uhr: 09:45 Bis \t\t\t\t\t\t\t\n\t\t\t\t\t\t\t\t\t\t\t\t\t\t\t<span class=\"m-postsList__item__meta__label\"><br \/>Ort: <\/span> University of Antwerp &#8211; Department of Applied Linguistics, Translation and Interpreting &#8211; Schildersstraat 41 &#8211; 2000 Antwerp\t\t\t\t\t\t\t\n\t\t\t\t\t\t\t| <span class=\"m-postsList__item__meta__label\">Kategorie: <\/span>Konferenzen, Sonstige Veranstaltungen\t\t\t\t\t\t\n\t\t\t\t\t\t<\/p>\n\n\t\t\t\t\t\n\t\t\t\t\t\n\t\t\t\t\t\n\t\t\t\t\t\n\t\t\t\t\t\t\t\t\t\t<div class=\"m-actionContainer\">\n\t\t\t\t\t\t<div class=\"m-action\">\n\t\t\t\t\t\t\t<span>Mehr erfahren<\/span>\n\t\t\t\t\t\t<\/div>\n\t\t\t\t\t<\/div><!-- \/actionContainer -->\n\t\t\t\t\t\t\t\t\n\t\t\t\t<\/div><!-- \/postsList__item__child__content -->\n\t\t\t<\/div><!-- \/postsList__item__child -->\n\t\t<\/a><!-- \/postsList__item__link -->\n\t<\/div><!-- \/postsList__item -->\n\n\n\n\n\n                    \n                                            \n                            \n\n\n\n\n\n\n\n\n\n\n\n\n\n\n\n\n\t<div class=\"m-postsList__item col-12 col-md-6 col-lg-6\">\n\n\t\t<a href=\"https:\/\/www.cbti-bkvt.org\/de\/evenement\/36-konferenz-translating-and-the-computer-london\/\" title=\"\" class=\"m-postsList__item__link\">\n\n\t\t\t<div class=\"m-postsList__item__child\">\n\n\t\t\t\t<div class=\"m-postsList__item__img \"><img \n\t   \tsrc=\"https:\/\/www.cbti-bkvt.org\/wp-content\/uploads\/london-eye-252540_1280-2-540x360.jpg\" \n\t\tsrcset=\"https:\/\/www.cbti-bkvt.org\/wp-content\/uploads\/london-eye-252540_1280-2-540x360.jpg 540w, https:\/\/www.cbti-bkvt.org\/wp-content\/uploads\/london-eye-252540_1280-2.jpg 768w, https:\/\/www.cbti-bkvt.org\/wp-content\/uploads\/london-eye-252540_1280-2.jpg 1000w\" \n\t\tsizes=\"(min-width:768px) 540px, (min-width:1000px) 1000px, 100vw\"  \n\t\talt=\"london-eye-252540_1280.jpg\"\n\t \/><\/div>\n\t\t\t\n\t\t\t\t<div class=\"m-postsList__item__content\">\n\n\t\t\t\t\t\t\t\t\t\t\n\t\t\t\t\t\n\t\t\t\t\t\t\t\t\t\n\t\t\t\t\t<p class=\"m-postsList__item__title  m-postsList__item__title--s1\">36. Konferenz Translating and the Computer (London)<\/p>\n\n\t\t\t\t\t\n\t\t\t\t\t\n\t\t\t\t\t\t<p class=\"m-postsList__item__meta m-postsList__item__meta--s1\">\n\n\t\t\t\t\t\t\t\t\t\t\t\t\t\t\n\t\t\t\t\t\t\t\t\t\t\t\t\t\t<span class=\"m-postsList__item__meta__label\">Datum: 27 November 2014 &#8211; Uhr: 09:30 Bis 19:00\t\t\t\t\t\t\t\n\t\t\t\t\t\t\t\t\t\t\t\t\t\t\t<span class=\"m-postsList__item__meta__label\"><br \/>Ort: <\/span> One Birdcage Walk, Westminster, London, UK\t\t\t\t\t\t\t\n\t\t\t\t\t\t\t| <span class=\"m-postsList__item__meta__label\">Kategorie: <\/span>Konferenzen, Sonstige Veranstaltungen\t\t\t\t\t\t\n\t\t\t\t\t\t<\/p>\n\n\t\t\t\t\t\n\t\t\t\t\t\n\t\t\t\t\t\n\t\t\t\t\t\n\t\t\t\t\t\t\t\t\t\t<div class=\"m-actionContainer\">\n\t\t\t\t\t\t<div class=\"m-action\">\n\t\t\t\t\t\t\t<span>Mehr erfahren<\/span>\n\t\t\t\t\t\t<\/div>\n\t\t\t\t\t<\/div><!-- \/actionContainer -->\n\t\t\t\t\t\t\t\t\n\t\t\t\t<\/div><!-- \/postsList__item__child__content -->\n\t\t\t<\/div><!-- \/postsList__item__child -->\n\t\t<\/a><!-- \/postsList__item__link -->\n\t<\/div><!-- \/postsList__item -->\n\n\n\n\n\n                    \n                                            \n                            \n\n\n\n\n\n\n\n\n\n\n\n\n\n\n\n\n\t<div class=\"m-postsList__item col-12 col-md-6 col-lg-6\">\n\n\t\t<a href=\"https:\/\/www.cbti-bkvt.org\/de\/evenement\/atelier-comment-determiner-un-tarif-correct\/\" title=\"\" class=\"m-postsList__item__link\">\n\n\t\t\t<div class=\"m-postsList__item__child\">\n\n\t\t\t\t<div class=\"m-postsList__item__img \"><img \n\t   \tsrc=\"https:\/\/www.cbti-bkvt.org\/wp-content\/uploads\/money-256312_1280-2-540x360.jpg\" \n\t\tsrcset=\"https:\/\/www.cbti-bkvt.org\/wp-content\/uploads\/money-256312_1280-2-540x360.jpg 540w, https:\/\/www.cbti-bkvt.org\/wp-content\/uploads\/money-256312_1280-2-1000x666.jpg 768w, https:\/\/www.cbti-bkvt.org\/wp-content\/uploads\/money-256312_1280-2.jpg 1000w\" \n\t\tsizes=\"(min-width:768px) 540px, (min-width:1000px) 1000px, 100vw\"  \n\t\talt=\"money-256312_1280.jpg\"\n\t \/><\/div>\n\t\t\t\n\t\t\t\t<div class=\"m-postsList__item__content\">\n\n\t\t\t\t\t\t\t\t\t\t\n\t\t\t\t\t\n\t\t\t\t\t\t\t\t\t\n\t\t\t\t\t<p class=\"m-postsList__item__title  m-postsList__item__title--s1\">Atelier: comment d\u00e9terminer un tarif correct?<\/p>\n\n\t\t\t\t\t\n\t\t\t\t\t\n\t\t\t\t\t\t<p class=\"m-postsList__item__meta m-postsList__item__meta--s1\">\n\n\t\t\t\t\t\t\t\t\t\t\t\t\t\t\n\t\t\t\t\t\t\t\t\t\t\t\t\t\t<span class=\"m-postsList__item__meta__label\">Datum: 26 November 2014 &#8211; Uhr: 16:00 Bis 19:00\t\t\t\t\t\t\t\n\t\t\t\t\t\t\t\t\t\t\t\t\t\t\t<span class=\"m-postsList__item__meta__label\"><br \/>Ort: <\/span> CBTI-KBVT &#8211; 24, rue Montoyerstraat &#8211; 1000 Brussels\t\t\t\t\t\t\t\n\t\t\t\t\t\t\t| <span class=\"m-postsList__item__meta__label\">Kategorie: <\/span>Fortbildung\t\t\t\t\t\t\n\t\t\t\t\t\t<\/p>\n\n\t\t\t\t\t\n\t\t\t\t\t\n\t\t\t\t\t\n\t\t\t\t\t\n\t\t\t\t\t\t\t\t\t\t<div class=\"m-actionContainer\">\n\t\t\t\t\t\t<div class=\"m-action\">\n\t\t\t\t\t\t\t<span>Mehr erfahren<\/span>\n\t\t\t\t\t\t<\/div>\n\t\t\t\t\t<\/div><!-- \/actionContainer -->\n\t\t\t\t\t\t\t\t\n\t\t\t\t<\/div><!-- \/postsList__item__child__content -->\n\t\t\t<\/div><!-- \/postsList__item__child -->\n\t\t<\/a><!-- \/postsList__item__link -->\n\t<\/div><!-- \/postsList__item -->\n\n\n\n\n\n                    \n                                            \n                            \n\n\n\n\n\n\n\n\n\n\n\n\n\n\n\n\n\t<div class=\"m-postsList__item col-12 col-md-6 col-lg-6\">\n\n\t\t<a href=\"https:\/\/www.cbti-bkvt.org\/de\/evenement\/colloque-bisannuel-de-lanbf-les-multiples-facettes-de-la-traduction\/\" title=\"\" class=\"m-postsList__item__link\">\n\n\t\t\t<div class=\"m-postsList__item__child\">\n\n\t\t\t\t<div class=\"m-postsList__item__img \"><img \n\t   \tsrc=\"https:\/\/www.cbti-bkvt.org\/wp-content\/uploads\/Campus_Sciences_Medecine_fleche-2-540x360.jpg\" \n\t\tsrcset=\"https:\/\/www.cbti-bkvt.org\/wp-content\/uploads\/Campus_Sciences_Medecine_fleche-2-540x360.jpg 540w, https:\/\/www.cbti-bkvt.org\/wp-content\/uploads\/Campus_Sciences_Medecine_fleche-2-1000x666.jpg 768w, https:\/\/www.cbti-bkvt.org\/wp-content\/uploads\/Campus_Sciences_Medecine_fleche-2-2000x1261.jpg 1000w\" \n\t\tsizes=\"(min-width:768px) 540px, (min-width:1000px) 1000px, 100vw\"  \n\t\talt=\"Campus_Sciences_Medecine_fleche.jpg\"\n\t \/><\/div>\n\t\t\t\n\t\t\t\t<div class=\"m-postsList__item__content\">\n\n\t\t\t\t\t\t\t\t\t\t\n\t\t\t\t\t\n\t\t\t\t\t\t\t\t\t\n\t\t\t\t\t<p class=\"m-postsList__item__title  m-postsList__item__title--s1\">Colloque bisannuel de l\u2019ANBF: les multiples facettes de la traduction<\/p>\n\n\t\t\t\t\t\n\t\t\t\t\t\n\t\t\t\t\t\t<p class=\"m-postsList__item__meta m-postsList__item__meta--s1\">\n\n\t\t\t\t\t\t\t\t\t\t\t\t\t\t\n\t\t\t\t\t\t\t\t\t\t\t\t\t\t<span class=\"m-postsList__item__meta__label\">Datum: 22 November 2014 &#8211; Uhr: 10:00 Bis \t\t\t\t\t\t\t\n\t\t\t\t\t\t\t\t\t\t\t\t\t\t\t<span class=\"m-postsList__item__meta__label\"><br \/>Ort: <\/span> Universit\u00e9 de Mons &#8211; FTI:EII &#8211; Avenue du Champ de Mars, 17 &#8211; 7000 Mons\t\t\t\t\t\t\t\n\t\t\t\t\t\t\t| <span class=\"m-postsList__item__meta__label\">Kategorie: <\/span>Konferenzen, Sonstige Veranstaltungen\t\t\t\t\t\t\n\t\t\t\t\t\t<\/p>\n\n\t\t\t\t\t\n\t\t\t\t\t\n\t\t\t\t\t\n\t\t\t\t\t\n\t\t\t\t\t\t\t\t\t\t<div class=\"m-actionContainer\">\n\t\t\t\t\t\t<div class=\"m-action\">\n\t\t\t\t\t\t\t<span>Mehr erfahren<\/span>\n\t\t\t\t\t\t<\/div>\n\t\t\t\t\t<\/div><!-- \/actionContainer -->\n\t\t\t\t\t\t\t\t\n\t\t\t\t<\/div><!-- \/postsList__item__child__content -->\n\t\t\t<\/div><!-- \/postsList__item__child -->\n\t\t<\/a><!-- \/postsList__item__link -->\n\t<\/div><!-- \/postsList__item -->\n\n\n\n\n\n                    \n                                            \n                            \n\n\n\n\n\n\n\n\n\n\n\n\n\n\n\n\n\t<div class=\"m-postsList__item col-12 col-md-6 col-lg-6\">\n\n\t\t<a href=\"https:\/\/www.cbti-bkvt.org\/de\/evenement\/expolingua-berlin\/\" title=\"\" class=\"m-postsList__item__link\">\n\n\t\t\t<div class=\"m-postsList__item__child\">\n\n\t\t\t\t<div class=\"m-postsList__item__img \"><img \n\t   \tsrc=\"https:\/\/www.cbti-bkvt.org\/wp-content\/uploads\/header_2014_en-2-540x283.jpg\" \n\t\tsrcset=\"https:\/\/www.cbti-bkvt.org\/wp-content\/uploads\/header_2014_en-2-540x283.jpg 540w, https:\/\/www.cbti-bkvt.org\/wp-content\/uploads\/header_2014_en-2.jpg 768w, https:\/\/www.cbti-bkvt.org\/wp-content\/uploads\/header_2014_en-2.jpg 1000w\" \n\t\tsizes=\"(min-width:768px) 540px, (min-width:1000px) 1000px, 100vw\"  \n\t\talt=\"header_2014_en.jpg\"\n\t \/><\/div>\n\t\t\t\n\t\t\t\t<div class=\"m-postsList__item__content\">\n\n\t\t\t\t\t\t\t\t\t\t\n\t\t\t\t\t\n\t\t\t\t\t\t\t\t\t\n\t\t\t\t\t<p class=\"m-postsList__item__title  m-postsList__item__title--s1\">EXPOLINGUA Berlin<\/p>\n\n\t\t\t\t\t\n\t\t\t\t\t\n\t\t\t\t\t\t<p class=\"m-postsList__item__meta m-postsList__item__meta--s1\">\n\n\t\t\t\t\t\t\t\t\t\t\t\t\t\t\n\t\t\t\t\t\t\t\t\t\t\t\t\t\t<span class=\"m-postsList__item__meta__label\">Datum: 21 November 2014 &#8211; Uhr: 11:00 Bis 19:00\t\t\t\t\t\t\t\n\t\t\t\t\t\t\t\t\t\t\t\t\t\t\t<span class=\"m-postsList__item__meta__label\"><br \/>Ort: <\/span> Russisches Haus der Wissenschaft und Kultur, Berlin-Mitte\t\t\t\t\t\t\t\n\t\t\t\t\t\t\t| <span class=\"m-postsList__item__meta__label\">Kategorie: <\/span>Messen, Sonstige Veranstaltungen\t\t\t\t\t\t\n\t\t\t\t\t\t<\/p>\n\n\t\t\t\t\t\n\t\t\t\t\t\n\t\t\t\t\t\n\t\t\t\t\t\n\t\t\t\t\t\t\t\t\t\t<div class=\"m-actionContainer\">\n\t\t\t\t\t\t<div class=\"m-action\">\n\t\t\t\t\t\t\t<span>Mehr erfahren<\/span>\n\t\t\t\t\t\t<\/div>\n\t\t\t\t\t<\/div><!-- \/actionContainer -->\n\t\t\t\t\t\t\t\t\n\t\t\t\t<\/div><!-- \/postsList__item__child__content -->\n\t\t\t<\/div><!-- \/postsList__item__child -->\n\t\t<\/a><!-- \/postsList__item__link -->\n\t<\/div><!-- \/postsList__item -->\n\n\n\n\n\n                    \n                                            \n                            \n\n\n\n\n\n\n\n\n\n\n\n\n\n\n\n\n\t<div class=\"m-postsList__item col-12 col-md-6 col-lg-6\">\n\n\t\t<a href=\"https:\/\/www.cbti-bkvt.org\/de\/evenement\/atelier-dvx3-pour-debutants\/\" title=\"\" class=\"m-postsList__item__link\">\n\n\t\t\t<div class=\"m-postsList__item__child\">\n\n\t\t\t\t<div class=\"m-postsList__item__img \"><img \n\t   \tsrc=\"https:\/\/www.cbti-bkvt.org\/wp-content\/uploads\/3573d92557d05e08a3180e51d4905917_Proz.com_logo-4.png\" \n\t\tsrcset=\"https:\/\/www.cbti-bkvt.org\/wp-content\/uploads\/3573d92557d05e08a3180e51d4905917_Proz.com_logo-4.png 540w, https:\/\/www.cbti-bkvt.org\/wp-content\/uploads\/3573d92557d05e08a3180e51d4905917_Proz.com_logo-4.png 768w, https:\/\/www.cbti-bkvt.org\/wp-content\/uploads\/3573d92557d05e08a3180e51d4905917_Proz.com_logo-4.png 1000w\" \n\t\tsizes=\"(min-width:768px) 540px, (min-width:1000px) 1000px, 100vw\"  \n\t\talt=\"3573d92557d05e08a3180e51d4905917_Proz.com_logo.png\"\n\t \/><\/div>\n\t\t\t\n\t\t\t\t<div class=\"m-postsList__item__content\">\n\n\t\t\t\t\t\t\t\t\t\t\n\t\t\t\t\t\n\t\t\t\t\t\t\t\t\t\n\t\t\t\t\t<p class=\"m-postsList__item__title  m-postsList__item__title--s1\">Atelier DVX3 pour d\u00e9butants<\/p>\n\n\t\t\t\t\t\n\t\t\t\t\t\n\t\t\t\t\t\t<p class=\"m-postsList__item__meta m-postsList__item__meta--s1\">\n\n\t\t\t\t\t\t\t\t\t\t\t\t\t\t\n\t\t\t\t\t\t\t\t\t\t\t\t\t\t<span class=\"m-postsList__item__meta__label\">Datum: 17 November 2014 &#8211; Uhr: 15:00 Bis 18:00\t\t\t\t\t\t\t\n\t\t\t\t\t\t\t\t\t\t\t\t\t\t\t<span class=\"m-postsList__item__meta__label\"><br \/>Ort: <\/span> Vormingplus &#8211; Reigerstraat 8, 9000 Gent\t\t\t\t\t\t\t\n\t\t\t\t\t\t\t| <span class=\"m-postsList__item__meta__label\">Kategorie: <\/span>Fortbildung\t\t\t\t\t\t\n\t\t\t\t\t\t<\/p>\n\n\t\t\t\t\t\n\t\t\t\t\t\n\t\t\t\t\t\n\t\t\t\t\t\n\t\t\t\t\t\t\t\t\t\t<div class=\"m-actionContainer\">\n\t\t\t\t\t\t<div class=\"m-action\">\n\t\t\t\t\t\t\t<span>Mehr erfahren<\/span>\n\t\t\t\t\t\t<\/div>\n\t\t\t\t\t<\/div><!-- \/actionContainer -->\n\t\t\t\t\t\t\t\t\n\t\t\t\t<\/div><!-- \/postsList__item__child__content -->\n\t\t\t<\/div><!-- \/postsList__item__child -->\n\t\t<\/a><!-- \/postsList__item__link -->\n\t<\/div><!-- \/postsList__item -->\n\n\n\n\n\n                    \n                                            \n                            \n\n\n\n\n\n\n\n\n\n\n\n\n\n\n\n\n\t<div class=\"m-postsList__item col-12 col-md-6 col-lg-6\">\n\n\t\t<a href=\"https:\/\/www.cbti-bkvt.org\/de\/evenement\/forum-utilisation-pratique-de-trados-studio\/\" title=\"\" class=\"m-postsList__item__link\">\n\n\t\t\t<div class=\"m-postsList__item__child\">\n\n\t\t\t\t<div class=\"m-postsList__item__img \"><img \n\t   \tsrc=\"https:\/\/www.cbti-bkvt.org\/wp-content\/uploads\/1ly3HZ4-2-540x360.jpg\" \n\t\tsrcset=\"https:\/\/www.cbti-bkvt.org\/wp-content\/uploads\/1ly3HZ4-2-540x360.jpg 540w, https:\/\/www.cbti-bkvt.org\/wp-content\/uploads\/1ly3HZ4-2.jpg 768w, https:\/\/www.cbti-bkvt.org\/wp-content\/uploads\/1ly3HZ4-2.jpg 1000w\" \n\t\tsizes=\"(min-width:768px) 540px, (min-width:1000px) 1000px, 100vw\"  \n\t\talt=\"1ly3HZ4.jpg\"\n\t \/><\/div>\n\t\t\t\n\t\t\t\t<div class=\"m-postsList__item__content\">\n\n\t\t\t\t\t\t\t\t\t\t\n\t\t\t\t\t\n\t\t\t\t\t\t\t\t\t\n\t\t\t\t\t<p class=\"m-postsList__item__title  m-postsList__item__title--s1\">Forum: utilisation pratique de Trados Studio<\/p>\n\n\t\t\t\t\t\n\t\t\t\t\t\n\t\t\t\t\t\t<p class=\"m-postsList__item__meta m-postsList__item__meta--s1\">\n\n\t\t\t\t\t\t\t\t\t\t\t\t\t\t\n\t\t\t\t\t\t\t\t\t\t\t\t\t\t<span class=\"m-postsList__item__meta__label\">Datum: 7 November 2014 &#8211; Uhr: 15:00 Bis 18:30\t\t\t\t\t\t\t\n\t\t\t\t\t\t\t\t\t\t\t\t\t\t\t<span class=\"m-postsList__item__meta__label\"><br \/>Ort: <\/span> CBTI-KBVT &#8211; 24, rue Montoyerstraat &#8211; 1000 Brussels\t\t\t\t\t\t\t\n\t\t\t\t\t\t\t| <span class=\"m-postsList__item__meta__label\">Kategorie: <\/span>Fortbildung\t\t\t\t\t\t\n\t\t\t\t\t\t<\/p>\n\n\t\t\t\t\t\n\t\t\t\t\t\n\t\t\t\t\t\n\t\t\t\t\t\n\t\t\t\t\t\t\t\t\t\t<div class=\"m-actionContainer\">\n\t\t\t\t\t\t<div class=\"m-action\">\n\t\t\t\t\t\t\t<span>Mehr erfahren<\/span>\n\t\t\t\t\t\t<\/div>\n\t\t\t\t\t<\/div><!-- \/actionContainer -->\n\t\t\t\t\t\t\t\t\n\t\t\t\t<\/div><!-- \/postsList__item__child__content -->\n\t\t\t<\/div><!-- \/postsList__item__child -->\n\t\t<\/a><!-- \/postsList__item__link -->\n\t<\/div><!-- \/postsList__item -->\n\n\n\n\n\n                    \n                                            \n                            \n\n\n\n\n\n\n\n\n\n\n\n\n\n\n\n\n\t<div class=\"m-postsList__item col-12 col-md-6 col-lg-6\">\n\n\t\t<a href=\"https:\/\/www.cbti-bkvt.org\/de\/evenement\/colloque-des-10-ans-du-mets\/\" title=\"\" class=\"m-postsList__item__link\">\n\n\t\t\t<div class=\"m-postsList__item__child\">\n\n\t\t\t\t<div class=\"m-postsList__item__img \"><img \n\t   \tsrc=\"https:\/\/www.cbti-bkvt.org\/wp-content\/uploads\/5960233-stefano-sannino-2-540x360.jpg\" \n\t\tsrcset=\"https:\/\/www.cbti-bkvt.org\/wp-content\/uploads\/5960233-stefano-sannino-2-540x360.jpg 540w, https:\/\/www.cbti-bkvt.org\/wp-content\/uploads\/5960233-stefano-sannino-2-1000x666.jpg 768w, https:\/\/www.cbti-bkvt.org\/wp-content\/uploads\/5960233-stefano-sannino-2-2000x1264.jpg 1000w\" \n\t\tsizes=\"(min-width:768px) 540px, (min-width:1000px) 1000px, 100vw\"  \n\t\talt=\"5960233-stefano-sannino.jpg\"\n\t \/><\/div>\n\t\t\t\n\t\t\t\t<div class=\"m-postsList__item__content\">\n\n\t\t\t\t\t\t\t\t\t\t\n\t\t\t\t\t\n\t\t\t\t\t\t\t\t\t\n\t\t\t\t\t<p class=\"m-postsList__item__title  m-postsList__item__title--s1\">Colloque des 10 ans du METS<\/p>\n\n\t\t\t\t\t\n\t\t\t\t\t\n\t\t\t\t\t\t<p class=\"m-postsList__item__meta m-postsList__item__meta--s1\">\n\n\t\t\t\t\t\t\t\t\t\t\t\t\t\t\n\t\t\t\t\t\t\t\t\t\t\t\t\t\t<span class=\"m-postsList__item__meta__label\">Datum: 7 November 2014 &#8211; Uhr: 10:00 Bis 18:00\t\t\t\t\t\t\t\n\t\t\t\t\t\t\t\t\t\t\t\t\t\t\t<span class=\"m-postsList__item__meta__label\"><br \/>Ort: <\/span> Espace Banca Monte Paschi Belgio &#8211; Av. d\u2019Auderghem 22-28,1040 Bruxelles\t\t\t\t\t\t\t\n\t\t\t\t\t\t\t| <span class=\"m-postsList__item__meta__label\">Kategorie: <\/span>Konferenzen, Sonstige Veranstaltungen\t\t\t\t\t\t\n\t\t\t\t\t\t<\/p>\n\n\t\t\t\t\t\n\t\t\t\t\t\n\t\t\t\t\t\n\t\t\t\t\t\n\t\t\t\t\t\t\t\t\t\t<div class=\"m-actionContainer\">\n\t\t\t\t\t\t<div class=\"m-action\">\n\t\t\t\t\t\t\t<span>Mehr erfahren<\/span>\n\t\t\t\t\t\t<\/div>\n\t\t\t\t\t<\/div><!-- \/actionContainer -->\n\t\t\t\t\t\t\t\t\n\t\t\t\t<\/div><!-- \/postsList__item__child__content -->\n\t\t\t<\/div><!-- \/postsList__item__child -->\n\t\t<\/a><!-- \/postsList__item__link -->\n\t<\/div><!-- \/postsList__item -->\n\n\n\n\n\n                    \n                                            \n                            \n\n\n\n\n\n\n\n\n\n\n\n\n\n\n\n\n\t<div class=\"m-postsList__item col-12 col-md-6 col-lg-6\">\n\n\t\t<a href=\"https:\/\/www.cbti-bkvt.org\/de\/evenement\/shaping-our-common-future-peempip-translation-workshops-open-event\/\" title=\"\" class=\"m-postsList__item__link\">\n\n\t\t\t<div class=\"m-postsList__item__child\">\n\n\t\t\t\t<div class=\"m-postsList__item__img \"><img \n\t   \tsrc=\"https:\/\/www.cbti-bkvt.org\/wp-content\/uploads\/TP_D10_059-1-540x360.jpg\" \n\t\tsrcset=\"https:\/\/www.cbti-bkvt.org\/wp-content\/uploads\/TP_D10_059-1-540x360.jpg 540w, https:\/\/www.cbti-bkvt.org\/wp-content\/uploads\/TP_D10_059-1.jpg 768w, https:\/\/www.cbti-bkvt.org\/wp-content\/uploads\/TP_D10_059-1.jpg 1000w\" \n\t\tsizes=\"(min-width:768px) 540px, (min-width:1000px) 1000px, 100vw\"  \n\t\talt=\"\u00c1\u00c9\u00c8\u00cf\u00d5\u00d3\u00c1 \u00c4-10\n\u00d4\u00c5\u00d7\u00cd\u00cf\u00d0\u00cf\u00cb\u00c9\u00d3\"\n\t \/><\/div>\n\t\t\t\n\t\t\t\t<div class=\"m-postsList__item__content\">\n\n\t\t\t\t\t\t\t\t\t\t\n\t\t\t\t\t\n\t\t\t\t\t\t\t\t\t\n\t\t\t\t\t<p class=\"m-postsList__item__title  m-postsList__item__title--s1\">Shaping Our Common Future: PEEMPIP translation workshops &#038; open event<\/p>\n\n\t\t\t\t\t\n\t\t\t\t\t\n\t\t\t\t\t\t<p class=\"m-postsList__item__meta m-postsList__item__meta--s1\">\n\n\t\t\t\t\t\t\t\t\t\t\t\t\t\t\n\t\t\t\t\t\t\t\t\t\t\t\t\t\t<span class=\"m-postsList__item__meta__label\">Datum: 31 October 2014 &#8211; Uhr: 01:00 Bis \t\t\t\t\t\t\t\n\t\t\t\t\t\t\t\t\t\t\t\t\t\t\t<span class=\"m-postsList__item__meta__label\"><br \/>Ort: <\/span> Technolpolis, Athens\t\t\t\t\t\t\t\n\t\t\t\t\t\t\t| <span class=\"m-postsList__item__meta__label\">Kategorie: <\/span>Konferenzen, Sonstige Veranstaltungen\t\t\t\t\t\t\n\t\t\t\t\t\t<\/p>\n\n\t\t\t\t\t\n\t\t\t\t\t\n\t\t\t\t\t\n\t\t\t\t\t\n\t\t\t\t\t\t\t\t\t\t<div class=\"m-actionContainer\">\n\t\t\t\t\t\t<div class=\"m-action\">\n\t\t\t\t\t\t\t<span>Mehr erfahren<\/span>\n\t\t\t\t\t\t<\/div>\n\t\t\t\t\t<\/div><!-- \/actionContainer -->\n\t\t\t\t\t\t\t\t\n\t\t\t\t<\/div><!-- \/postsList__item__child__content -->\n\t\t\t<\/div><!-- \/postsList__item__child -->\n\t\t<\/a><!-- \/postsList__item__link -->\n\t<\/div><!-- \/postsList__item -->\n\n\n\n\n\n                    \n                                            \n                            \n\n\n\n\n\n\n\n\n\n\n\n\n\n\n\n\n\t<div class=\"m-postsList__item col-12 col-md-6 col-lg-6\">\n\n\t\t<a href=\"https:\/\/www.cbti-bkvt.org\/de\/evenement\/workshop-ueber-die-ausarbeitung-und-verwaltung-von-uebersetzungsprojekten-auf-technischem-gebiet\/\" title=\"\" class=\"m-postsList__item__link\">\n\n\t\t\t<div class=\"m-postsList__item__child\">\n\n\t\t\t\t<div class=\"m-postsList__item__img \"><img \n\t   \tsrc=\"https:\/\/www.cbti-bkvt.org\/wp-content\/uploads\/1024px-20100709_liege02-4-540x360.jpg\" \n\t\tsrcset=\"https:\/\/www.cbti-bkvt.org\/wp-content\/uploads\/1024px-20100709_liege02-4-540x360.jpg 540w, https:\/\/www.cbti-bkvt.org\/wp-content\/uploads\/1024px-20100709_liege02-4-1000x666.jpg 768w, https:\/\/www.cbti-bkvt.org\/wp-content\/uploads\/1024px-20100709_liege02-4.jpg 1000w\" \n\t\tsizes=\"(min-width:768px) 540px, (min-width:1000px) 1000px, 100vw\"  \n\t\talt=\"1024px-20100709_liege02.JPG\"\n\t \/><\/div>\n\t\t\t\n\t\t\t\t<div class=\"m-postsList__item__content\">\n\n\t\t\t\t\t\t\t\t\t\t\n\t\t\t\t\t\n\t\t\t\t\t\t\t\t\t\n\t\t\t\t\t<p class=\"m-postsList__item__title  m-postsList__item__title--s1\">Workshop \u00fcber die Ausarbeitung und Verwaltung von \u00dcbersetzungsprojekten auf technischem Gebiet<\/p>\n\n\t\t\t\t\t\n\t\t\t\t\t\n\t\t\t\t\t\t<p class=\"m-postsList__item__meta m-postsList__item__meta--s1\">\n\n\t\t\t\t\t\t\t\t\t\t\t\t\t\t\n\t\t\t\t\t\t\t\t\t\t\t\t\t\t<span class=\"m-postsList__item__meta__label\">Datum: 25 October 2014 &#8211; Uhr: 14:00 Bis 17:00\t\t\t\t\t\t\t\n\t\t\t\t\t\t\t\t\t\t\t\t\t\t\t<span class=\"m-postsList__item__meta__label\"><br \/>Ort: <\/span> Universit\u00e9 de Li\u00e8ge, 1 quai Roosevelt, b\u00e2timent A4, local S100\t\t\t\t\t\t\t\n\t\t\t\t\t\t\t| <span class=\"m-postsList__item__meta__label\">Kategorie: <\/span>Fortbildung, Sonstige Veranstaltungen\t\t\t\t\t\t\n\t\t\t\t\t\t<\/p>\n\n\t\t\t\t\t\n\t\t\t\t\t\n\t\t\t\t\t\n\t\t\t\t\t\n\t\t\t\t\t\t\t\t\t\t<div class=\"m-actionContainer\">\n\t\t\t\t\t\t<div class=\"m-action\">\n\t\t\t\t\t\t\t<span>Mehr erfahren<\/span>\n\t\t\t\t\t\t<\/div>\n\t\t\t\t\t<\/div><!-- \/actionContainer -->\n\t\t\t\t\t\t\t\t\n\t\t\t\t<\/div><!-- \/postsList__item__child__content -->\n\t\t\t<\/div><!-- \/postsList__item__child -->\n\t\t<\/a><!-- \/postsList__item__link -->\n\t<\/div><!-- \/postsList__item -->\n\n\n\n\n\n                    \n                                            \n                            \n\n\n\n\n\n\n\n\n\n\n\n\n\n\n\n\n\t<div class=\"m-postsList__item col-12 col-md-6 col-lg-6\">\n\n\t\t<a href=\"https:\/\/www.cbti-bkvt.org\/de\/evenement\/jaehrliche-treffen-des-reseau-franco-allemand\/\" title=\"\" class=\"m-postsList__item__link\">\n\n\t\t\t<div class=\"m-postsList__item__child\">\n\n\t\t\t\t<div class=\"m-postsList__item__img \"><img \n\t   \tsrc=\"https:\/\/www.cbti-bkvt.org\/wp-content\/uploads\/Winter_Sunset_-_Bern_Switzerland-5-540x360.jpg\" \n\t\tsrcset=\"https:\/\/www.cbti-bkvt.org\/wp-content\/uploads\/Winter_Sunset_-_Bern_Switzerland-5-540x360.jpg 540w, https:\/\/www.cbti-bkvt.org\/wp-content\/uploads\/Winter_Sunset_-_Bern_Switzerland-5-1000x666.jpg 768w, https:\/\/www.cbti-bkvt.org\/wp-content\/uploads\/Winter_Sunset_-_Bern_Switzerland-5.jpg 1000w\" \n\t\tsizes=\"(min-width:768px) 540px, (min-width:1000px) 1000px, 100vw\"  \n\t\talt=\"Winter_Sunset_-_Bern_Switzerland.jpg\"\n\t \/><\/div>\n\t\t\t\n\t\t\t\t<div class=\"m-postsList__item__content\">\n\n\t\t\t\t\t\t\t\t\t\t\n\t\t\t\t\t\n\t\t\t\t\t\t\t\t\t\n\t\t\t\t\t<p class=\"m-postsList__item__title  m-postsList__item__title--s1\">J\u00e4hrliche Treffen des R\u00e9seau franco-allemand<\/p>\n\n\t\t\t\t\t\n\t\t\t\t\t\n\t\t\t\t\t\t<p class=\"m-postsList__item__meta m-postsList__item__meta--s1\">\n\n\t\t\t\t\t\t\t\t\t\t\t\t\t\t\n\t\t\t\t\t\t\t\t\t\t\t\t\t\t<span class=\"m-postsList__item__meta__label\">Datum: 24 October 2014 &#8211; Uhr: 13:30 Bis 13:00\t\t\t\t\t\t\t\n\t\t\t\t\t\t\t\t\t\t\t\t\t\t\t<span class=\"m-postsList__item__meta__label\"><br \/>Ort: <\/span> Berne (Suisse)\t\t\t\t\t\t\t\n\t\t\t\t\t\t\t| <span class=\"m-postsList__item__meta__label\">Kategorie: <\/span>Deutsch-franz\u00f6sisches Netzwerk\t\t\t\t\t\t\n\t\t\t\t\t\t<\/p>\n\n\t\t\t\t\t\n\t\t\t\t\t\n\t\t\t\t\t\n\t\t\t\t\t\n\t\t\t\t\t\t\t\t\t\t<div class=\"m-actionContainer\">\n\t\t\t\t\t\t<div class=\"m-action\">\n\t\t\t\t\t\t\t<span>Mehr erfahren<\/span>\n\t\t\t\t\t\t<\/div>\n\t\t\t\t\t<\/div><!-- \/actionContainer -->\n\t\t\t\t\t\t\t\t\n\t\t\t\t<\/div><!-- \/postsList__item__child__content -->\n\t\t\t<\/div><!-- \/postsList__item__child -->\n\t\t<\/a><!-- \/postsList__item__link -->\n\t<\/div><!-- \/postsList__item -->\n\n\n\n\n\n                    \n                                            \n                            \n\n\n\n\n\n\n\n\n\n\n\n\n\n\n\n\n\t<div class=\"m-postsList__item col-12 col-md-6 col-lg-6\">\n\n\t\t<a href=\"https:\/\/www.cbti-bkvt.org\/de\/evenement\/uebersetzerstammtisch-duesseldorf\/\" title=\"\" class=\"m-postsList__item__link\">\n\n\t\t\t<div class=\"m-postsList__item__child\">\n\n\t\t\t\t<div class=\"m-postsList__item__img \"><img \n\t   \tsrc=\"https:\/\/www.cbti-bkvt.org\/wp-content\/uploads\/Medienhafen_Duesseldorf_Nacht-1-540x360.jpg\" \n\t\tsrcset=\"https:\/\/www.cbti-bkvt.org\/wp-content\/uploads\/Medienhafen_Duesseldorf_Nacht-1-540x360.jpg 540w, https:\/\/www.cbti-bkvt.org\/wp-content\/uploads\/Medienhafen_Duesseldorf_Nacht-1-1000x666.jpg 768w, https:\/\/www.cbti-bkvt.org\/wp-content\/uploads\/Medienhafen_Duesseldorf_Nacht-1.jpg 1000w\" \n\t\tsizes=\"(min-width:768px) 540px, (min-width:1000px) 1000px, 100vw\"  \n\t\talt=\"Medienhafen_Duesseldorf_Nacht\"\n\t \/><\/div>\n\t\t\t\n\t\t\t\t<div class=\"m-postsList__item__content\">\n\n\t\t\t\t\t\t\t\t\t\t\n\t\t\t\t\t\n\t\t\t\t\t\t\t\t\t\n\t\t\t\t\t<p class=\"m-postsList__item__title  m-postsList__item__title--s1\">\u00dcbersetzerstammtisch D\u00fcsseldorf<\/p>\n\n\t\t\t\t\t\n\t\t\t\t\t\n\t\t\t\t\t\t<p class=\"m-postsList__item__meta m-postsList__item__meta--s1\">\n\n\t\t\t\t\t\t\t\t\t\t\t\t\t\t\n\t\t\t\t\t\t\t\t\t\t\t\t\t\t<span class=\"m-postsList__item__meta__label\">Datum: 15 October 2014 &#8211; Uhr: 19:00 Bis \t\t\t\t\t\t\t\n\t\t\t\t\t\t\t\t\t\t\t\t\t\t\t<span class=\"m-postsList__item__meta__label\"><br \/>Ort: <\/span> \u201eMythos Lammhaus\u201c, H\u00fcttenstr. 110, D-40215 D\u00fcsseldorf\t\t\t\t\t\t\t\n\t\t\t\t\t\t\t| <span class=\"m-postsList__item__meta__label\">Kategorie: <\/span>Stammtische\t\t\t\t\t\t\n\t\t\t\t\t\t<\/p>\n\n\t\t\t\t\t\n\t\t\t\t\t\n\t\t\t\t\t\n\t\t\t\t\t\n\t\t\t\t\t\t\t\t\t\t<div class=\"m-actionContainer\">\n\t\t\t\t\t\t<div class=\"m-action\">\n\t\t\t\t\t\t\t<span>Mehr erfahren<\/span>\n\t\t\t\t\t\t<\/div>\n\t\t\t\t\t<\/div><!-- \/actionContainer -->\n\t\t\t\t\t\t\t\t\n\t\t\t\t<\/div><!-- \/postsList__item__child__content -->\n\t\t\t<\/div><!-- \/postsList__item__child -->\n\t\t<\/a><!-- \/postsList__item__link -->\n\t<\/div><!-- \/postsList__item -->\n\n\n\n\n\n                    \n                                            \n                            \n\n\n\n\n\n\n\n\n\n\n\n\n\n\n\n\n\t<div class=\"m-postsList__item col-12 col-md-6 col-lg-6\">\n\n\t\t<a href=\"https:\/\/www.cbti-bkvt.org\/de\/evenement\/accueil-des-nouveaux-membres-et-formation-yammer\/\" title=\"\" class=\"m-postsList__item__link\">\n\n\t\t\t<div class=\"m-postsList__item__child\">\n\n\t\t\t\t<div class=\"m-postsList__item__img \"><img \n\t   \tsrc=\"https:\/\/www.cbti-bkvt.org\/wp-content\/uploads\/download-64-540x360.jpg\" \n\t\tsrcset=\"https:\/\/www.cbti-bkvt.org\/wp-content\/uploads\/download-64-540x360.jpg 540w, https:\/\/www.cbti-bkvt.org\/wp-content\/uploads\/download-64-1000x666.jpg 768w, https:\/\/www.cbti-bkvt.org\/wp-content\/uploads\/download-64.jpg 1000w\" \n\t\tsizes=\"(min-width:768px) 540px, (min-width:1000px) 1000px, 100vw\"  \n\t\talt=\"download.jpg\"\n\t \/><\/div>\n\t\t\t\n\t\t\t\t<div class=\"m-postsList__item__content\">\n\n\t\t\t\t\t\t\t\t\t\t\n\t\t\t\t\t\n\t\t\t\t\t\t\t\t\t\n\t\t\t\t\t<p class=\"m-postsList__item__title  m-postsList__item__title--s1\">Accueil des nouveaux membres et formation Yammer<\/p>\n\n\t\t\t\t\t\n\t\t\t\t\t\n\t\t\t\t\t\t<p class=\"m-postsList__item__meta m-postsList__item__meta--s1\">\n\n\t\t\t\t\t\t\t\t\t\t\t\t\t\t\n\t\t\t\t\t\t\t\t\t\t\t\t\t\t<span class=\"m-postsList__item__meta__label\">Datum: 15 October 2014 &#8211; Uhr: 13:00 Bis \t\t\t\t\t\t\t\n\t\t\t\t\t\t\t\t\t\t\t\t\t\t\t<span class=\"m-postsList__item__meta__label\"><br \/>Ort: <\/span> CBTI\/BKVT, Rue Montoyerstraat 24, 1000 Bruxelles-Brussel\t\t\t\t\t\t\t\n\t\t\t\t\t\t\t| <span class=\"m-postsList__item__meta__label\">Kategorie: <\/span>CBTI\/BKVT aktuell, Fortbildung\t\t\t\t\t\t\n\t\t\t\t\t\t<\/p>\n\n\t\t\t\t\t\n\t\t\t\t\t\n\t\t\t\t\t\n\t\t\t\t\t\n\t\t\t\t\t\t\t\t\t\t<div class=\"m-actionContainer\">\n\t\t\t\t\t\t<div class=\"m-action\">\n\t\t\t\t\t\t\t<span>Mehr erfahren<\/span>\n\t\t\t\t\t\t<\/div>\n\t\t\t\t\t<\/div><!-- \/actionContainer -->\n\t\t\t\t\t\t\t\t\n\t\t\t\t<\/div><!-- \/postsList__item__child__content -->\n\t\t\t<\/div><!-- \/postsList__item__child -->\n\t\t<\/a><!-- \/postsList__item__link -->\n\t<\/div><!-- \/postsList__item -->\n\n\n\n\n\n                    \n                                            \n                            \n\n\n\n\n\n\n\n\n\n\n\n\n\n\n\n\n\t<div class=\"m-postsList__item col-12 col-md-6 col-lg-6\">\n\n\t\t<a href=\"https:\/\/www.cbti-bkvt.org\/de\/evenement\/sdl-trados-studio-2014-fuer-fortgeschrittene-und-experten\/\" title=\"\" class=\"m-postsList__item__link\">\n\n\t\t\t<div class=\"m-postsList__item__child\">\n\n\t\t\t\t<div class=\"m-postsList__item__img \"><img \n\t   \tsrc=\"https:\/\/www.cbti-bkvt.org\/wp-content\/uploads\/studio-2014-logo-2.gif\" \n\t\tsrcset=\"https:\/\/www.cbti-bkvt.org\/wp-content\/uploads\/studio-2014-logo-2.gif 540w, https:\/\/www.cbti-bkvt.org\/wp-content\/uploads\/studio-2014-logo-2.gif 768w, https:\/\/www.cbti-bkvt.org\/wp-content\/uploads\/studio-2014-logo-2.gif 1000w\" \n\t\tsizes=\"(min-width:768px) 540px, (min-width:1000px) 1000px, 100vw\"  \n\t\talt=\"studio-2014-logo.gif\"\n\t \/><\/div>\n\t\t\t\n\t\t\t\t<div class=\"m-postsList__item__content\">\n\n\t\t\t\t\t\t\t\t\t\t\n\t\t\t\t\t\n\t\t\t\t\t\t\t\t\t\n\t\t\t\t\t<p class=\"m-postsList__item__title  m-postsList__item__title--s1\">SDL Trados Studio 2014 \u2013 f\u00fcr Fortgeschrittene und Experten<\/p>\n\n\t\t\t\t\t\n\t\t\t\t\t\n\t\t\t\t\t\t<p class=\"m-postsList__item__meta m-postsList__item__meta--s1\">\n\n\t\t\t\t\t\t\t\t\t\t\t\t\t\t\n\t\t\t\t\t\t\t\t\t\t\t\t\t\t<span class=\"m-postsList__item__meta__label\">Datum: 10 October 2014 &#8211; Uhr: 09:30 Bis 17:30\t\t\t\t\t\t\t\n\t\t\t\t\t\t\t\t\t\t\t\t\t\t\t<span class=\"m-postsList__item__meta__label\"><br \/>Ort: <\/span> CBTI\/BKVT, Rue Montoyerstraat 24, 1000 Bruxelles-Brussel\t\t\t\t\t\t\t\n\t\t\t\t\t\t\t| <span class=\"m-postsList__item__meta__label\">Kategorie: <\/span>Fortbildung\t\t\t\t\t\t\n\t\t\t\t\t\t<\/p>\n\n\t\t\t\t\t\n\t\t\t\t\t\n\t\t\t\t\t\n\t\t\t\t\t\n\t\t\t\t\t\t\t\t\t\t<div class=\"m-actionContainer\">\n\t\t\t\t\t\t<div class=\"m-action\">\n\t\t\t\t\t\t\t<span>Mehr erfahren<\/span>\n\t\t\t\t\t\t<\/div>\n\t\t\t\t\t<\/div><!-- \/actionContainer -->\n\t\t\t\t\t\t\t\t\n\t\t\t\t<\/div><!-- \/postsList__item__child__content -->\n\t\t\t<\/div><!-- \/postsList__item__child -->\n\t\t<\/a><!-- \/postsList__item__link -->\n\t<\/div><!-- \/postsList__item -->\n\n\n\n\n\n                    \n                                            \n                            \n\n\n\n\n\n\n\n\n\n\n\n\n\n\n\n\n\t<div class=\"m-postsList__item col-12 col-md-6 col-lg-6\">\n\n\t\t<a href=\"https:\/\/www.cbti-bkvt.org\/de\/evenement\/colloque-annuel-de-lunplib-le-climat-fiscal-au-sein-des-professions-liberales\/\" title=\"\" class=\"m-postsList__item__link\">\n\n\t\t\t<div class=\"m-postsList__item__child\">\n\n\t\t\t\t<div class=\"m-postsList__item__img \"><img \n\t   \tsrc=\"https:\/\/www.cbti-bkvt.org\/wp-content\/uploads\/5225003774_89de373b9c_o-2-540x360.jpg\" \n\t\tsrcset=\"https:\/\/www.cbti-bkvt.org\/wp-content\/uploads\/5225003774_89de373b9c_o-2-540x360.jpg 540w, https:\/\/www.cbti-bkvt.org\/wp-content\/uploads\/5225003774_89de373b9c_o-2-1000x666.jpg 768w, https:\/\/www.cbti-bkvt.org\/wp-content\/uploads\/5225003774_89de373b9c_o-2-2000x1333.jpg 1000w\" \n\t\tsizes=\"(min-width:768px) 540px, (min-width:1000px) 1000px, 100vw\"  \n\t\talt=\"5225003774_89de373b9c_o.jpg\"\n\t \/><\/div>\n\t\t\t\n\t\t\t\t<div class=\"m-postsList__item__content\">\n\n\t\t\t\t\t\t\t\t\t\t\n\t\t\t\t\t\n\t\t\t\t\t\t\t\t\t\n\t\t\t\t\t<p class=\"m-postsList__item__title  m-postsList__item__title--s1\">Colloque annuel de l&#8217;Unplib: &#8220;Le climat fiscal au sein des professions lib\u00e9rales&#8221;<\/p>\n\n\t\t\t\t\t\n\t\t\t\t\t\n\t\t\t\t\t\t<p class=\"m-postsList__item__meta m-postsList__item__meta--s1\">\n\n\t\t\t\t\t\t\t\t\t\t\t\t\t\t\n\t\t\t\t\t\t\t\t\t\t\t\t\t\t<span class=\"m-postsList__item__meta__label\">Datum: 9 October 2014 &#8211; Uhr: 18:00 Bis \t\t\t\t\t\t\t\n\t\t\t\t\t\t\t\t\t\t\t\t\t\t\t<span class=\"m-postsList__item__meta__label\"><br \/>Ort: <\/span> ING Marnix, Bruxelles\t\t\t\t\t\t\t\n\t\t\t\t\t\t\t| <span class=\"m-postsList__item__meta__label\">Kategorie: <\/span>Konferenzen, Sonstige Veranstaltungen\t\t\t\t\t\t\n\t\t\t\t\t\t<\/p>\n\n\t\t\t\t\t\n\t\t\t\t\t\n\t\t\t\t\t\n\t\t\t\t\t\n\t\t\t\t\t\t\t\t\t\t<div class=\"m-actionContainer\">\n\t\t\t\t\t\t<div class=\"m-action\">\n\t\t\t\t\t\t\t<span>Mehr erfahren<\/span>\n\t\t\t\t\t\t<\/div>\n\t\t\t\t\t<\/div><!-- \/actionContainer -->\n\t\t\t\t\t\t\t\t\n\t\t\t\t<\/div><!-- \/postsList__item__child__content -->\n\t\t\t<\/div><!-- \/postsList__item__child -->\n\t\t<\/a><!-- \/postsList__item__link -->\n\t<\/div><!-- \/postsList__item -->\n\n\n\n\n\n                    \n                                            \n                            \n\n\n\n\n\n\n\n\n\n\n\n\n\n\n\n\n\t<div class=\"m-postsList__item col-12 col-md-6 col-lg-6\">\n\n\t\t<a href=\"https:\/\/www.cbti-bkvt.org\/de\/evenement\/borrelavond-namurois\/\" title=\"\" class=\"m-postsList__item__link\">\n\n\t\t\t<div class=\"m-postsList__item__child\">\n\n\t\t\t\t<div class=\"m-postsList__item__img \"><img \n\t   \tsrc=\"https:\/\/www.cbti-bkvt.org\/wp-content\/uploads\/download-65-540x360.jpg\" \n\t\tsrcset=\"https:\/\/www.cbti-bkvt.org\/wp-content\/uploads\/download-65-540x360.jpg 540w, https:\/\/www.cbti-bkvt.org\/wp-content\/uploads\/download-65.jpg 768w, https:\/\/www.cbti-bkvt.org\/wp-content\/uploads\/download-65.jpg 1000w\" \n\t\tsizes=\"(min-width:768px) 540px, (min-width:1000px) 1000px, 100vw\"  \n\t\talt=\"download.jpg\"\n\t \/><\/div>\n\t\t\t\n\t\t\t\t<div class=\"m-postsList__item__content\">\n\n\t\t\t\t\t\t\t\t\t\t\n\t\t\t\t\t\n\t\t\t\t\t\t\t\t\t\n\t\t\t\t\t<p class=\"m-postsList__item__title  m-postsList__item__title--s1\">&#8220;Borrelavond&#8221; namurois<\/p>\n\n\t\t\t\t\t\n\t\t\t\t\t\n\t\t\t\t\t\t<p class=\"m-postsList__item__meta m-postsList__item__meta--s1\">\n\n\t\t\t\t\t\t\t\t\t\t\t\t\t\t\n\t\t\t\t\t\t\t\t\t\t\t\t\t\t<span class=\"m-postsList__item__meta__label\">Datum: 3 October 2014 &#8211; Uhr: 19:00 Bis \t\t\t\t\t\t\t\n\t\t\t\t\t\t\t\t\t\t\t\t\t\t\t<span class=\"m-postsList__item__meta__label\"><br \/>Ort: <\/span> Namur\t\t\t\t\t\t\t\n\t\t\t\t\t\t\t| <span class=\"m-postsList__item__meta__label\">Kategorie: <\/span>Generalversammlung, Stammtische\t\t\t\t\t\t\n\t\t\t\t\t\t<\/p>\n\n\t\t\t\t\t\n\t\t\t\t\t\n\t\t\t\t\t\n\t\t\t\t\t\n\t\t\t\t\t\t\t\t\t\t<div class=\"m-actionContainer\">\n\t\t\t\t\t\t<div class=\"m-action\">\n\t\t\t\t\t\t\t<span>Mehr erfahren<\/span>\n\t\t\t\t\t\t<\/div>\n\t\t\t\t\t<\/div><!-- \/actionContainer -->\n\t\t\t\t\t\t\t\t\n\t\t\t\t<\/div><!-- \/postsList__item__child__content -->\n\t\t\t<\/div><!-- \/postsList__item__child -->\n\t\t<\/a><!-- \/postsList__item__link -->\n\t<\/div><!-- \/postsList__item -->\n\n\n\n\n\n                    \n                                            \n                            \n\n\n\n\n\n\n\n\n\n\n\n\n\n\n\n\n\t<div class=\"m-postsList__item col-12 col-md-6 col-lg-6\">\n\n\t\t<a href=\"https:\/\/www.cbti-bkvt.org\/de\/evenement\/saint-jerome-excursion-a-ypres\/\" title=\"\" class=\"m-postsList__item__link\">\n\n\t\t\t<div class=\"m-postsList__item__child\">\n\n\t\t\t\t<div class=\"m-postsList__item__img \"><img \n\t   \tsrc=\"https:\/\/www.cbti-bkvt.org\/wp-content\/uploads\/1024px-Ypres_grand_place-2-540x360.jpg\" \n\t\tsrcset=\"https:\/\/www.cbti-bkvt.org\/wp-content\/uploads\/1024px-Ypres_grand_place-2-540x360.jpg 540w, https:\/\/www.cbti-bkvt.org\/wp-content\/uploads\/1024px-Ypres_grand_place-2-1000x666.jpg 768w, https:\/\/www.cbti-bkvt.org\/wp-content\/uploads\/1024px-Ypres_grand_place-2.jpg 1000w\" \n\t\tsizes=\"(min-width:768px) 540px, (min-width:1000px) 1000px, 100vw\"  \n\t\talt=\"1024px-Ypres_grand_place.JPG\"\n\t \/><\/div>\n\t\t\t\n\t\t\t\t<div class=\"m-postsList__item__content\">\n\n\t\t\t\t\t\t\t\t\t\t\n\t\t\t\t\t\n\t\t\t\t\t\t\t\t\t\n\t\t\t\t\t<p class=\"m-postsList__item__title  m-postsList__item__title--s1\">Saint-J\u00e9r\u00f4me: excursion \u00e0 Ypres<\/p>\n\n\t\t\t\t\t\n\t\t\t\t\t\n\t\t\t\t\t\t<p class=\"m-postsList__item__meta m-postsList__item__meta--s1\">\n\n\t\t\t\t\t\t\t\t\t\t\t\t\t\t\n\t\t\t\t\t\t\t\t\t\t\t\t\t\t<span class=\"m-postsList__item__meta__label\">Datum: 27 September 2014 &#8211; Uhr: 11:00 Bis \t\t\t\t\t\t\t\n\t\t\t\t\t\t\t\t\t\t\t\t\t\t\t<span class=\"m-postsList__item__meta__label\"><br \/>Ort: <\/span> Ypres \/ Ieper\t\t\t\t\t\t\t\n\t\t\t\t\t\t\t| <span class=\"m-postsList__item__meta__label\">Kategorie: <\/span>CBTI\/BKVT aktuell\t\t\t\t\t\t\n\t\t\t\t\t\t<\/p>\n\n\t\t\t\t\t\n\t\t\t\t\t\n\t\t\t\t\t\n\t\t\t\t\t\n\t\t\t\t\t\t\t\t\t\t<div class=\"m-actionContainer\">\n\t\t\t\t\t\t<div class=\"m-action\">\n\t\t\t\t\t\t\t<span>Mehr erfahren<\/span>\n\t\t\t\t\t\t<\/div>\n\t\t\t\t\t<\/div><!-- \/actionContainer -->\n\t\t\t\t\t\t\t\t\n\t\t\t\t<\/div><!-- \/postsList__item__child__content -->\n\t\t\t<\/div><!-- \/postsList__item__child -->\n\t\t<\/a><!-- \/postsList__item__link -->\n\t<\/div><!-- \/postsList__item -->\n\n\n\n\n\n                    \n                                            \n                            \n\n\n\n\n\n\n\n\n\n\n\n\n\n\n\n\n\t<div class=\"m-postsList__item col-12 col-md-6 col-lg-6\">\n\n\t\t<a href=\"https:\/\/www.cbti-bkvt.org\/de\/evenement\/seminar-erfolgreich-mit-suchmaschinenoptimierung-bei-google-vorne-landen-und-bleiben\/\" title=\"\" class=\"m-postsList__item__link\">\n\n\t\t\t<div class=\"m-postsList__item__child\">\n\n\t\t\t\t<div class=\"m-postsList__item__img \"><img \n\t   \tsrc=\"https:\/\/www.cbti-bkvt.org\/wp-content\/uploads\/2833_ho_00_p_1376x688-1-540x360.jpg\" \n\t\tsrcset=\"https:\/\/www.cbti-bkvt.org\/wp-content\/uploads\/2833_ho_00_p_1376x688-1-540x360.jpg 540w, https:\/\/www.cbti-bkvt.org\/wp-content\/uploads\/2833_ho_00_p_1376x688-1-1000x666.jpg 768w, https:\/\/www.cbti-bkvt.org\/wp-content\/uploads\/2833_ho_00_p_1376x688-1.jpg 1000w\" \n\t\tsizes=\"(min-width:768px) 540px, (min-width:1000px) 1000px, 100vw\"  \n\t\talt=\"2833_ho_00_p_1376x688\"\n\t \/><\/div>\n\t\t\t\n\t\t\t\t<div class=\"m-postsList__item__content\">\n\n\t\t\t\t\t\t\t\t\t\t\n\t\t\t\t\t\n\t\t\t\t\t\t\t\t\t\n\t\t\t\t\t<p class=\"m-postsList__item__title  m-postsList__item__title--s1\">Seminar: Erfolgreich mit Suchmaschinenoptimierung bei Google vorne landen und bleiben<\/p>\n\n\t\t\t\t\t\n\t\t\t\t\t\n\t\t\t\t\t\t<p class=\"m-postsList__item__meta m-postsList__item__meta--s1\">\n\n\t\t\t\t\t\t\t\t\t\t\t\t\t\t\n\t\t\t\t\t\t\t\t\t\t\t\t\t\t<span class=\"m-postsList__item__meta__label\">Datum: 26 September 2014 &#8211; Uhr: 11:00 Bis \t\t\t\t\t\t\t\n\t\t\t\t\t\t\t\t\t\t\t\t\t\t\t<span class=\"m-postsList__item__meta__label\"><br \/>Ort: <\/span> Dortmund\t\t\t\t\t\t\t\n\t\t\t\t\t\t\t| <span class=\"m-postsList__item__meta__label\">Kategorie: <\/span>Konferenzen, Sonstige Veranstaltungen\t\t\t\t\t\t\n\t\t\t\t\t\t<\/p>\n\n\t\t\t\t\t\n\t\t\t\t\t\n\t\t\t\t\t\n\t\t\t\t\t\n\t\t\t\t\t\t\t\t\t\t<div class=\"m-actionContainer\">\n\t\t\t\t\t\t<div class=\"m-action\">\n\t\t\t\t\t\t\t<span>Mehr erfahren<\/span>\n\t\t\t\t\t\t<\/div>\n\t\t\t\t\t<\/div><!-- \/actionContainer -->\n\t\t\t\t\t\t\t\t\n\t\t\t\t<\/div><!-- \/postsList__item__child__content -->\n\t\t\t<\/div><!-- \/postsList__item__child -->\n\t\t<\/a><!-- \/postsList__item__link -->\n\t<\/div><!-- \/postsList__item -->\n\n\n\n\n\n                    \n                                            \n                            \n\n\n\n\n\n\n\n\n\n\n\n\n\n\n\n\n\t<div class=\"m-postsList__item col-12 col-md-6 col-lg-6\">\n\n\t\t<a href=\"https:\/\/www.cbti-bkvt.org\/de\/evenement\/reunion-de-la-commission-sectorielle-pour-les-coordinateurs-et-les-responsables-de-services-de-traduction\/\" title=\"\" class=\"m-postsList__item__link\">\n\n\t\t\t<div class=\"m-postsList__item__child\">\n\n\t\t\t\t<div class=\"m-postsList__item__img \"><img \n\t   \tsrc=\"https:\/\/www.cbti-bkvt.org\/wp-content\/uploads\/6116341330_f586308cbd_o-5-540x360.jpg\" \n\t\tsrcset=\"https:\/\/www.cbti-bkvt.org\/wp-content\/uploads\/6116341330_f586308cbd_o-5-540x360.jpg 540w, https:\/\/www.cbti-bkvt.org\/wp-content\/uploads\/6116341330_f586308cbd_o-5-1000x666.jpg 768w, https:\/\/www.cbti-bkvt.org\/wp-content\/uploads\/6116341330_f586308cbd_o-5-2000x1333.jpg 1000w\" \n\t\tsizes=\"(min-width:768px) 540px, (min-width:1000px) 1000px, 100vw\"  \n\t\talt=\"6116341330_f586308cbd_o.jpg\"\n\t \/><\/div>\n\t\t\t\n\t\t\t\t<div class=\"m-postsList__item__content\">\n\n\t\t\t\t\t\t\t\t\t\t\n\t\t\t\t\t\n\t\t\t\t\t\t\t\t\t\n\t\t\t\t\t<p class=\"m-postsList__item__title  m-postsList__item__title--s1\">R\u00e9union de la commission sectorielle pour les coordinateurs et les responsables de services de traduction<\/p>\n\n\t\t\t\t\t\n\t\t\t\t\t\n\t\t\t\t\t\t<p class=\"m-postsList__item__meta m-postsList__item__meta--s1\">\n\n\t\t\t\t\t\t\t\t\t\t\t\t\t\t\n\t\t\t\t\t\t\t\t\t\t\t\t\t\t<span class=\"m-postsList__item__meta__label\">Datum: 11 September 2014 &#8211; Uhr: 00:00 Bis \t\t\t\t\t\t\t\n\t\t\t\t\t\t\t\t\t\t\t\t\t\t\t<span class=\"m-postsList__item__meta__label\"><br \/>Ort: <\/span> CBTI\/BKVT, Rue Montoyerstraat 24, 1000 Bruxelles-Brussel\t\t\t\t\t\t\t\n\t\t\t\t\t\t\t| <span class=\"m-postsList__item__meta__label\">Kategorie: <\/span>CBTI\/BKVT aktuell\t\t\t\t\t\t\n\t\t\t\t\t\t<\/p>\n\n\t\t\t\t\t\n\t\t\t\t\t\n\t\t\t\t\t\n\t\t\t\t\t\n\t\t\t\t\t\t\t\t\t\t<div class=\"m-actionContainer\">\n\t\t\t\t\t\t<div class=\"m-action\">\n\t\t\t\t\t\t\t<span>Mehr erfahren<\/span>\n\t\t\t\t\t\t<\/div>\n\t\t\t\t\t<\/div><!-- \/actionContainer -->\n\t\t\t\t\t\t\t\t\n\t\t\t\t<\/div><!-- \/postsList__item__child__content -->\n\t\t\t<\/div><!-- \/postsList__item__child -->\n\t\t<\/a><!-- \/postsList__item__link -->\n\t<\/div><!-- \/postsList__item -->\n\n\n\n\n\n                    \n                                            \n                            \n\n\n\n\n\n\n\n\n\n\n\n\n\n\n\n\n\t<div class=\"m-postsList__item col-12 col-md-6 col-lg-6\">\n\n\t\t<a href=\"https:\/\/www.cbti-bkvt.org\/de\/evenement\/facets-of-vocabulary-learning-a-symposium-by-the-ghent-on-language-learning-and-didactics-research-group-of-ghent-university\/\" title=\"\" class=\"m-postsList__item__link\">\n\n\t\t\t<div class=\"m-postsList__item__child\">\n\n\t\t\t\t<div class=\"m-postsList__item__img \"><img \n\t   \tsrc=\"https:\/\/www.cbti-bkvt.org\/wp-content\/uploads\/6924223634_74e709f616_o.jpg\" \n\t\tsrcset=\"https:\/\/www.cbti-bkvt.org\/wp-content\/uploads\/6924223634_74e709f616_o.jpg 540w, https:\/\/www.cbti-bkvt.org\/wp-content\/uploads\/6924223634_74e709f616_o.jpg 768w, https:\/\/www.cbti-bkvt.org\/wp-content\/uploads\/6924223634_74e709f616_o.jpg 1000w\" \n\t\tsizes=\"(min-width:768px) 540px, (min-width:1000px) 1000px, 100vw\"  \n\t\talt=\"6924223634_74e709f616_o\"\n\t \/><\/div>\n\t\t\t\n\t\t\t\t<div class=\"m-postsList__item__content\">\n\n\t\t\t\t\t\t\t\t\t\t\n\t\t\t\t\t\n\t\t\t\t\t\t\t\t\t\n\t\t\t\t\t<p class=\"m-postsList__item__title  m-postsList__item__title--s1\">&#8220;Facets of Vocabulary Learning&#8221;, a symposium by the Ghent On Language Learning and Didactics research group of Ghent University<\/p>\n\n\t\t\t\t\t\n\t\t\t\t\t\n\t\t\t\t\t\t<p class=\"m-postsList__item__meta m-postsList__item__meta--s1\">\n\n\t\t\t\t\t\t\t\t\t\t\t\t\t\t\n\t\t\t\t\t\t\t\t\t\t\t\t\t\t<span class=\"m-postsList__item__meta__label\">Datum: 9 September 2014 &#8211; Uhr: 13:30 Bis 17:00\t\t\t\t\t\t\t\n\t\t\t\t\t\t\t\t\t\t\t\t\t\t\t<span class=\"m-postsList__item__meta__label\"><br \/>Ort: <\/span> Dept. of Translation, Interpreting and Communication &#8211; Ghent University\t\t\t\t\t\t\t\n\t\t\t\t\t\t\t| <span class=\"m-postsList__item__meta__label\">Kategorie: <\/span>Konferenzen, Sonstige Veranstaltungen\t\t\t\t\t\t\n\t\t\t\t\t\t<\/p>\n\n\t\t\t\t\t\n\t\t\t\t\t\n\t\t\t\t\t\n\t\t\t\t\t\n\t\t\t\t\t\t\t\t\t\t<div class=\"m-actionContainer\">\n\t\t\t\t\t\t<div class=\"m-action\">\n\t\t\t\t\t\t\t<span>Mehr erfahren<\/span>\n\t\t\t\t\t\t<\/div>\n\t\t\t\t\t<\/div><!-- \/actionContainer -->\n\t\t\t\t\t\t\t\t\n\t\t\t\t<\/div><!-- \/postsList__item__child__content -->\n\t\t\t<\/div><!-- \/postsList__item__child -->\n\t\t<\/a><!-- \/postsList__item__link -->\n\t<\/div><!-- \/postsList__item -->\n\n\n\n\n\n                    \n                                            \n                            \n\n\n\n\n\n\n\n\n\n\n\n\n\n\n\n\n\t<div class=\"m-postsList__item col-12 col-md-6 col-lg-6\">\n\n\t\t<a href=\"https:\/\/www.cbti-bkvt.org\/de\/evenement\/aachener-uebersetzerstammtisch\/\" title=\"\" class=\"m-postsList__item__link\">\n\n\t\t\t<div class=\"m-postsList__item__child\">\n\n\t\t\t\t<div class=\"m-postsList__item__img \"><img \n\t   \tsrc=\"https:\/\/www.cbti-bkvt.org\/wp-content\/uploads\/5959485768_1cd1bf06ee_o-1-540x360.jpg\" \n\t\tsrcset=\"https:\/\/www.cbti-bkvt.org\/wp-content\/uploads\/5959485768_1cd1bf06ee_o-1-540x360.jpg 540w, https:\/\/www.cbti-bkvt.org\/wp-content\/uploads\/5959485768_1cd1bf06ee_o-1.jpg 768w, https:\/\/www.cbti-bkvt.org\/wp-content\/uploads\/5959485768_1cd1bf06ee_o-1.jpg 1000w\" \n\t\tsizes=\"(min-width:768px) 540px, (min-width:1000px) 1000px, 100vw\"  \n\t\talt=\"5959485768_1cd1bf06ee_o\"\n\t \/><\/div>\n\t\t\t\n\t\t\t\t<div class=\"m-postsList__item__content\">\n\n\t\t\t\t\t\t\t\t\t\t\n\t\t\t\t\t\n\t\t\t\t\t\t\t\t\t\n\t\t\t\t\t<p class=\"m-postsList__item__title  m-postsList__item__title--s1\">Aachener \u00dcbersetzerstammtisch<\/p>\n\n\t\t\t\t\t\n\t\t\t\t\t\n\t\t\t\t\t\t<p class=\"m-postsList__item__meta m-postsList__item__meta--s1\">\n\n\t\t\t\t\t\t\t\t\t\t\t\t\t\t\n\t\t\t\t\t\t\t\t\t\t\t\t\t\t<span class=\"m-postsList__item__meta__label\">Datum: 5 September 2014 &#8211; Uhr: 00:00 Bis \t\t\t\t\t\t\t\n\t\t\t\t\t\t\t\t\t\t\t\t\t\t\t<span class=\"m-postsList__item__meta__label\"><br \/>Ort: <\/span> Aachen\t\t\t\t\t\t\t\n\t\t\t\t\t\t\t| <span class=\"m-postsList__item__meta__label\">Kategorie: <\/span>Stammtische\t\t\t\t\t\t\n\t\t\t\t\t\t<\/p>\n\n\t\t\t\t\t\n\t\t\t\t\t\n\t\t\t\t\t\n\t\t\t\t\t\n\t\t\t\t\t\t\t\t\t\t<div class=\"m-actionContainer\">\n\t\t\t\t\t\t<div class=\"m-action\">\n\t\t\t\t\t\t\t<span>Mehr erfahren<\/span>\n\t\t\t\t\t\t<\/div>\n\t\t\t\t\t<\/div><!-- \/actionContainer -->\n\t\t\t\t\t\t\t\t\n\t\t\t\t<\/div><!-- \/postsList__item__child__content -->\n\t\t\t<\/div><!-- \/postsList__item__child -->\n\t\t<\/a><!-- \/postsList__item__link -->\n\t<\/div><!-- \/postsList__item -->\n\n\n\n\n\n                    \n                                            \n                            \n\n\n\n\n\n\n\n\n\n\n\n\n\n\n\n\n\t<div class=\"m-postsList__item col-12 col-md-6 col-lg-6\">\n\n\t\t<a href=\"https:\/\/www.cbti-bkvt.org\/de\/evenement\/prix-de-la-traduction-litteraire-de-la-federation-wallonie-bruxelles\/\" title=\"\" class=\"m-postsList__item__link\">\n\n\t\t\t<div class=\"m-postsList__item__child\">\n\n\t\t\t\t<div class=\"m-postsList__item__img \"><img \n\t   \tsrc=\"https:\/\/www.cbti-bkvt.org\/wp-content\/uploads\/Petit_th__tre_du_ch_teau_de_Seneffe_2-2-540x360.jpg\" \n\t\tsrcset=\"https:\/\/www.cbti-bkvt.org\/wp-content\/uploads\/Petit_th__tre_du_ch_teau_de_Seneffe_2-2-540x360.jpg 540w, https:\/\/www.cbti-bkvt.org\/wp-content\/uploads\/Petit_th__tre_du_ch_teau_de_Seneffe_2-2-1000x666.jpg 768w, https:\/\/www.cbti-bkvt.org\/wp-content\/uploads\/Petit_th__tre_du_ch_teau_de_Seneffe_2-2.jpg 1000w\" \n\t\tsizes=\"(min-width:768px) 540px, (min-width:1000px) 1000px, 100vw\"  \n\t\talt=\"Petit_th__tre_du_ch_teau_de_Seneffe_2.JPG\"\n\t \/><\/div>\n\t\t\t\n\t\t\t\t<div class=\"m-postsList__item__content\">\n\n\t\t\t\t\t\t\t\t\t\t\n\t\t\t\t\t\n\t\t\t\t\t\t\t\t\t\n\t\t\t\t\t<p class=\"m-postsList__item__title  m-postsList__item__title--s1\">Prix de la traduction litt\u00e9raire de la F\u00e9d\u00e9ration Wallonie-Bruxelles<\/p>\n\n\t\t\t\t\t\n\t\t\t\t\t\n\t\t\t\t\t\t<p class=\"m-postsList__item__meta m-postsList__item__meta--s1\">\n\n\t\t\t\t\t\t\t\t\t\t\t\t\t\t\n\t\t\t\t\t\t\t\t\t\t\t\t\t\t<span class=\"m-postsList__item__meta__label\">Datum: 30 August 2014 &#8211; Uhr: 16:15 Bis \t\t\t\t\t\t\t\n\t\t\t\t\t\t\t\t\t\t\t\t\t\t\t<span class=\"m-postsList__item__meta__label\"><br \/>Ort: <\/span> Petit Th\u00e9\u00e2tre du Ch\u00e2teau de Seneffe &#8211; 7-9, rue Lucien Plasman &#8211; 7180 Seneffe\t\t\t\t\t\t\t\n\t\t\t\t\t\t\t| <span class=\"m-postsList__item__meta__label\">Kategorie: <\/span>Sonstige Veranstaltungen\t\t\t\t\t\t\n\t\t\t\t\t\t<\/p>\n\n\t\t\t\t\t\n\t\t\t\t\t\n\t\t\t\t\t\n\t\t\t\t\t\n\t\t\t\t\t\t\t\t\t\t<div class=\"m-actionContainer\">\n\t\t\t\t\t\t<div class=\"m-action\">\n\t\t\t\t\t\t\t<span>Mehr erfahren<\/span>\n\t\t\t\t\t\t<\/div>\n\t\t\t\t\t<\/div><!-- \/actionContainer -->\n\t\t\t\t\t\t\t\t\n\t\t\t\t<\/div><!-- \/postsList__item__child__content -->\n\t\t\t<\/div><!-- \/postsList__item__child -->\n\t\t<\/a><!-- \/postsList__item__link -->\n\t<\/div><!-- \/postsList__item -->\n\n\n\n\n\n                    \n                                            \n                            \n\n\n\n\n\n\n\n\n\n\n\n\n\n\n\n\n\t<div class=\"m-postsList__item col-12 col-md-6 col-lg-6\">\n\n\t\t<a href=\"https:\/\/www.cbti-bkvt.org\/de\/evenement\/update-die-cbti-bkvt-organisiert-ein-aussergewoehnliches-belgisch-chinesisches-treffen\/\" title=\"\" class=\"m-postsList__item__link\">\n\n\t\t\t<div class=\"m-postsList__item__child\">\n\n\t\t\t\t<div class=\"m-postsList__item__img \"><img \n\t   \tsrc=\"https:\/\/www.cbti-bkvt.org\/wp-content\/uploads\/2213473196_5d3733a17a_b-2-540x360.jpg\" \n\t\tsrcset=\"https:\/\/www.cbti-bkvt.org\/wp-content\/uploads\/2213473196_5d3733a17a_b-2-540x360.jpg 540w, https:\/\/www.cbti-bkvt.org\/wp-content\/uploads\/2213473196_5d3733a17a_b-2-768x666.jpg 768w, https:\/\/www.cbti-bkvt.org\/wp-content\/uploads\/2213473196_5d3733a17a_b-2.jpg 1000w\" \n\t\tsizes=\"(min-width:768px) 540px, (min-width:1000px) 1000px, 100vw\"  \n\t\talt=\"2213473196_5d3733a17a_b.jpg\"\n\t \/><\/div>\n\t\t\t\n\t\t\t\t<div class=\"m-postsList__item__content\">\n\n\t\t\t\t\t\t\t\t\t\t\n\t\t\t\t\t\n\t\t\t\t\t\t\t\t\t\n\t\t\t\t\t<p class=\"m-postsList__item__title  m-postsList__item__title--s1\">UPDATE &#8211; Die CBTI\/BKVT organisiert ein au\u00dfergew\u00f6hnliches belgisch-chinesisches Treffen!<\/p>\n\n\t\t\t\t\t\n\t\t\t\t\t\n\t\t\t\t\t\t<p class=\"m-postsList__item__meta m-postsList__item__meta--s1\">\n\n\t\t\t\t\t\t\t\t\t\t\t\t\t\t\n\t\t\t\t\t\t\t\t\t\t\t\t\t\t<span class=\"m-postsList__item__meta__label\">Datum: 8 August 2014 &#8211; Uhr: 16:00 Bis \t\t\t\t\t\t\t\n\t\t\t\t\t\t\t\t\t\t\t\t\t\t\t<span class=\"m-postsList__item__meta__label\"><br \/>Ort: <\/span> 24, rue Montoyerstraat &#8211; 1000 Brussels\t\t\t\t\t\t\t\n\t\t\t\t\t\t\t| <span class=\"m-postsList__item__meta__label\">Kategorie: <\/span>CBTI\/BKVT aktuell, Konferenzen\t\t\t\t\t\t\n\t\t\t\t\t\t<\/p>\n\n\t\t\t\t\t\n\t\t\t\t\t\n\t\t\t\t\t\n\t\t\t\t\t\n\t\t\t\t\t\t\t\t\t\t<div class=\"m-actionContainer\">\n\t\t\t\t\t\t<div class=\"m-action\">\n\t\t\t\t\t\t\t<span>Mehr erfahren<\/span>\n\t\t\t\t\t\t<\/div>\n\t\t\t\t\t<\/div><!-- \/actionContainer -->\n\t\t\t\t\t\t\t\t\n\t\t\t\t<\/div><!-- \/postsList__item__child__content -->\n\t\t\t<\/div><!-- \/postsList__item__child -->\n\t\t<\/a><!-- \/postsList__item__link -->\n\t<\/div><!-- \/postsList__item -->\n\n\n\n\n\n                    \n                                            \n                            \n\n\n\n\n\n\n\n\n\n\n\n\n\n\n\n\n\t<div class=\"m-postsList__item col-12 col-md-6 col-lg-6\">\n\n\t\t<a href=\"https:\/\/www.cbti-bkvt.org\/de\/evenement\/master-class-english-interpreting\/\" title=\"\" class=\"m-postsList__item__link\">\n\n\t\t\t<div class=\"m-postsList__item__child\">\n\n\t\t\t\t<div class=\"m-postsList__item__img \"><img \n\t   \tsrc=\"https:\/\/www.cbti-bkvt.org\/wp-content\/uploads\/392006242_8b75c9ff36_b-1-540x360.jpg\" \n\t\tsrcset=\"https:\/\/www.cbti-bkvt.org\/wp-content\/uploads\/392006242_8b75c9ff36_b-1-540x360.jpg 540w, https:\/\/www.cbti-bkvt.org\/wp-content\/uploads\/392006242_8b75c9ff36_b-1-938x666.jpg 768w, https:\/\/www.cbti-bkvt.org\/wp-content\/uploads\/392006242_8b75c9ff36_b-1.jpg 1000w\" \n\t\tsizes=\"(min-width:768px) 540px, (min-width:1000px) 1000px, 100vw\"  \n\t\talt=\"392006242_8b75c9ff36_b\"\n\t \/><\/div>\n\t\t\t\n\t\t\t\t<div class=\"m-postsList__item__content\">\n\n\t\t\t\t\t\t\t\t\t\t\n\t\t\t\t\t\n\t\t\t\t\t\t\t\t\t\n\t\t\t\t\t<p class=\"m-postsList__item__title  m-postsList__item__title--s1\">Master Class: English Interpreting<\/p>\n\n\t\t\t\t\t\n\t\t\t\t\t\n\t\t\t\t\t\t<p class=\"m-postsList__item__meta m-postsList__item__meta--s1\">\n\n\t\t\t\t\t\t\t\t\t\t\t\t\t\t\n\t\t\t\t\t\t\t\t\t\t\t\t\t\t<span class=\"m-postsList__item__meta__label\">Datum: 28 July 2014 &#8211; Uhr: 09:30 Bis 17:30\t\t\t\t\t\t\t\n\t\t\t\t\t\t\t\t\t\t\t\t\t\t\t<span class=\"m-postsList__item__meta__label\"><br \/>Ort: <\/span> Salle B\u00e9liard &#8211; 24, rue Montoyerstraat &#8211; 1000 Brussels\t\t\t\t\t\t\t\n\t\t\t\t\t\t\t| <span class=\"m-postsList__item__meta__label\">Kategorie: <\/span>Dolmetscher, Fortbildung\t\t\t\t\t\t\n\t\t\t\t\t\t<\/p>\n\n\t\t\t\t\t\n\t\t\t\t\t\n\t\t\t\t\t\n\t\t\t\t\t\n\t\t\t\t\t\t\t\t\t\t<div class=\"m-actionContainer\">\n\t\t\t\t\t\t<div class=\"m-action\">\n\t\t\t\t\t\t\t<span>Mehr erfahren<\/span>\n\t\t\t\t\t\t<\/div>\n\t\t\t\t\t<\/div><!-- \/actionContainer -->\n\t\t\t\t\t\t\t\t\n\t\t\t\t<\/div><!-- \/postsList__item__child__content -->\n\t\t\t<\/div><!-- \/postsList__item__child -->\n\t\t<\/a><!-- \/postsList__item__link -->\n\t<\/div><!-- \/postsList__item -->\n\n\n\n\n\n                    \n                                            \n                            \n\n\n\n\n\n\n\n\n\n\n\n\n\n\n\n\n\t<div class=\"m-postsList__item col-12 col-md-6 col-lg-6\">\n\n\t\t<a href=\"https:\/\/www.cbti-bkvt.org\/de\/evenement\/formation-yammer\/\" title=\"\" class=\"m-postsList__item__link\">\n\n\t\t\t<div class=\"m-postsList__item__child\">\n\n\t\t\t\t<div class=\"m-postsList__item__img \"><img \n\t   \tsrc=\"https:\/\/www.cbti-bkvt.org\/wp-content\/uploads\/1g9aicF-2-540x360.jpg\" \n\t\tsrcset=\"https:\/\/www.cbti-bkvt.org\/wp-content\/uploads\/1g9aicF-2-540x360.jpg 540w, https:\/\/www.cbti-bkvt.org\/wp-content\/uploads\/1g9aicF-2-1000x666.jpg 768w, https:\/\/www.cbti-bkvt.org\/wp-content\/uploads\/1g9aicF-2.jpg 1000w\" \n\t\tsizes=\"(min-width:768px) 540px, (min-width:1000px) 1000px, 100vw\"  \n\t\talt=\"1g9aicF.jpg\"\n\t \/><\/div>\n\t\t\t\n\t\t\t\t<div class=\"m-postsList__item__content\">\n\n\t\t\t\t\t\t\t\t\t\t\n\t\t\t\t\t\n\t\t\t\t\t\t\t\t\t\n\t\t\t\t\t<p class=\"m-postsList__item__title  m-postsList__item__title--s1\">Formation: Yammer<\/p>\n\n\t\t\t\t\t\n\t\t\t\t\t\n\t\t\t\t\t\t<p class=\"m-postsList__item__meta m-postsList__item__meta--s1\">\n\n\t\t\t\t\t\t\t\t\t\t\t\t\t\t\n\t\t\t\t\t\t\t\t\t\t\t\t\t\t<span class=\"m-postsList__item__meta__label\">Datum: 8 July 2014 &#8211; Uhr: 16:00 Bis 18:00\t\t\t\t\t\t\t\n\t\t\t\t\t\t\t\t\t\t\t\t\t\t\t<span class=\"m-postsList__item__meta__label\"><br \/>Ort: <\/span> 24, rue Montoyerstraat &#8211; 1000 Brussels\t\t\t\t\t\t\t\n\t\t\t\t\t\t\t| <span class=\"m-postsList__item__meta__label\">Kategorie: <\/span>Fortbildung\t\t\t\t\t\t\n\t\t\t\t\t\t<\/p>\n\n\t\t\t\t\t\n\t\t\t\t\t\n\t\t\t\t\t\n\t\t\t\t\t\n\t\t\t\t\t\t\t\t\t\t<div class=\"m-actionContainer\">\n\t\t\t\t\t\t<div class=\"m-action\">\n\t\t\t\t\t\t\t<span>Mehr erfahren<\/span>\n\t\t\t\t\t\t<\/div>\n\t\t\t\t\t<\/div><!-- \/actionContainer -->\n\t\t\t\t\t\t\t\t\n\t\t\t\t<\/div><!-- \/postsList__item__child__content -->\n\t\t\t<\/div><!-- \/postsList__item__child -->\n\t\t<\/a><!-- \/postsList__item__link -->\n\t<\/div><!-- \/postsList__item -->\n\n\n\n\n\n                    \n                                            \n                            \n\n\n\n\n\n\n\n\n\n\n\n\n\n\n\n\n\t<div class=\"m-postsList__item col-12 col-md-6 col-lg-6\">\n\n\t\t<a href=\"https:\/\/www.cbti-bkvt.org\/de\/evenement\/traducteurs-et-interpretes-jures-diner-conference-avec-mme-sonja-becq-deputee-federale\/\" title=\"\" class=\"m-postsList__item__link\">\n\n\t\t\t<div class=\"m-postsList__item__child\">\n\n\t\t\t\t<div class=\"m-postsList__item__img \"><img \n\t   \tsrc=\"https:\/\/www.cbti-bkvt.org\/wp-content\/uploads\/Sonja_becq-2-540x360.jpg\" \n\t\tsrcset=\"https:\/\/www.cbti-bkvt.org\/wp-content\/uploads\/Sonja_becq-2-540x360.jpg 540w, https:\/\/www.cbti-bkvt.org\/wp-content\/uploads\/Sonja_becq-2-1000x666.jpg 768w, https:\/\/www.cbti-bkvt.org\/wp-content\/uploads\/Sonja_becq-2.jpg 1000w\" \n\t\tsizes=\"(min-width:768px) 540px, (min-width:1000px) 1000px, 100vw\"  \n\t\talt=\"Sonja_becq.jpg\"\n\t \/><\/div>\n\t\t\t\n\t\t\t\t<div class=\"m-postsList__item__content\">\n\n\t\t\t\t\t\t\t\t\t\t\n\t\t\t\t\t\n\t\t\t\t\t\t\t\t\t\n\t\t\t\t\t<p class=\"m-postsList__item__title  m-postsList__item__title--s1\">Traducteurs et interpr\u00e8tes jur\u00e9s : d\u00eener-conf\u00e9rence avec Mme Sonja Becq, D\u00e9put\u00e9e f\u00e9d\u00e9rale<\/p>\n\n\t\t\t\t\t\n\t\t\t\t\t\n\t\t\t\t\t\t<p class=\"m-postsList__item__meta m-postsList__item__meta--s1\">\n\n\t\t\t\t\t\t\t\t\t\t\t\t\t\t\n\t\t\t\t\t\t\t\t\t\t\t\t\t\t<span class=\"m-postsList__item__meta__label\">Datum: 20 June 2014 &#8211; Uhr: 19:00 Bis 21:00\t\t\t\t\t\t\t\n\t\t\t\t\t\t\t\t\t\t\t\t\t\t\t<span class=\"m-postsList__item__meta__label\"><br \/>Ort: <\/span> H\u00f4tel L\u00e9opold, Rue du Luxembourg 35, 1050 Brussels\t\t\t\t\t\t\t\n\t\t\t\t\t\t\t| <span class=\"m-postsList__item__meta__label\">Kategorie: <\/span>CBTI\/BKVT aktuell, Konferenzen\t\t\t\t\t\t\n\t\t\t\t\t\t<\/p>\n\n\t\t\t\t\t\n\t\t\t\t\t\n\t\t\t\t\t\n\t\t\t\t\t\n\t\t\t\t\t\t\t\t\t\t<div class=\"m-actionContainer\">\n\t\t\t\t\t\t<div class=\"m-action\">\n\t\t\t\t\t\t\t<span>Mehr erfahren<\/span>\n\t\t\t\t\t\t<\/div>\n\t\t\t\t\t<\/div><!-- \/actionContainer -->\n\t\t\t\t\t\t\t\t\n\t\t\t\t<\/div><!-- \/postsList__item__child__content -->\n\t\t\t<\/div><!-- \/postsList__item__child -->\n\t\t<\/a><!-- \/postsList__item__link -->\n\t<\/div><!-- \/postsList__item -->\n\n\n\n\n\n                    \n                                            \n                            \n\n\n\n\n\n\n\n\n\n\n\n\n\n\n\n\n\t<div class=\"m-postsList__item col-12 col-md-6 col-lg-6\">\n\n\t\t<a href=\"https:\/\/www.cbti-bkvt.org\/de\/evenement\/le-traducteur-un-entrepreneur-la-redaction-doffres\/\" title=\"\" class=\"m-postsList__item__link\">\n\n\t\t\t<div class=\"m-postsList__item__child\">\n\n\t\t\t\t<div class=\"m-postsList__item__img \"><img \n\t   \tsrc=\"https:\/\/www.cbti-bkvt.org\/wp-content\/uploads\/2521106411_1241c47a31_b-2-540x360.jpg\" \n\t\tsrcset=\"https:\/\/www.cbti-bkvt.org\/wp-content\/uploads\/2521106411_1241c47a31_b-2-540x360.jpg 540w, https:\/\/www.cbti-bkvt.org\/wp-content\/uploads\/2521106411_1241c47a31_b-2-1000x666.jpg 768w, https:\/\/www.cbti-bkvt.org\/wp-content\/uploads\/2521106411_1241c47a31_b-2.jpg 1000w\" \n\t\tsizes=\"(min-width:768px) 540px, (min-width:1000px) 1000px, 100vw\"  \n\t\talt=\"2521106411_1241c47a31_b.jpg\"\n\t \/><\/div>\n\t\t\t\n\t\t\t\t<div class=\"m-postsList__item__content\">\n\n\t\t\t\t\t\t\t\t\t\t\n\t\t\t\t\t\n\t\t\t\t\t\t\t\t\t\n\t\t\t\t\t<p class=\"m-postsList__item__title  m-postsList__item__title--s1\">Le traducteur, un entrepreneur : la r\u00e9daction d&#8217;offres<\/p>\n\n\t\t\t\t\t\n\t\t\t\t\t\n\t\t\t\t\t\t<p class=\"m-postsList__item__meta m-postsList__item__meta--s1\">\n\n\t\t\t\t\t\t\t\t\t\t\t\t\t\t\n\t\t\t\t\t\t\t\t\t\t\t\t\t\t<span class=\"m-postsList__item__meta__label\">Datum: 12 June 2014 &#8211; Uhr: 15:00 Bis 17:00\t\t\t\t\t\t\t\n\t\t\t\t\t\t\t\t\t\t\t\t\t\t\t<span class=\"m-postsList__item__meta__label\"><br \/>Ort: <\/span> 24, rue Montoyer &#8211; 1000 Brussels\t\t\t\t\t\t\t\n\t\t\t\t\t\t\t| <span class=\"m-postsList__item__meta__label\">Kategorie: <\/span>Fortbildung\t\t\t\t\t\t\n\t\t\t\t\t\t<\/p>\n\n\t\t\t\t\t\n\t\t\t\t\t\n\t\t\t\t\t\n\t\t\t\t\t\n\t\t\t\t\t\t\t\t\t\t<div class=\"m-actionContainer\">\n\t\t\t\t\t\t<div class=\"m-action\">\n\t\t\t\t\t\t\t<span>Mehr erfahren<\/span>\n\t\t\t\t\t\t<\/div>\n\t\t\t\t\t<\/div><!-- \/actionContainer -->\n\t\t\t\t\t\t\t\t\n\t\t\t\t<\/div><!-- \/postsList__item__child__content -->\n\t\t\t<\/div><!-- \/postsList__item__child -->\n\t\t<\/a><!-- \/postsList__item__link -->\n\t<\/div><!-- \/postsList__item -->\n\n\n\n\n\n                    \n                                            \n                            \n\n\n\n\n\n\n\n\n\n\n\n\n\n\n\n\n\t<div class=\"m-postsList__item col-12 col-md-6 col-lg-6\">\n\n\t\t<a href=\"https:\/\/www.cbti-bkvt.org\/de\/evenement\/la-cbti-partenaire-de-la-conference-the-value-of-language\/\" title=\"\" class=\"m-postsList__item__link\">\n\n\t\t\t<div class=\"m-postsList__item__child\">\n\n\t\t\t\t<div class=\"m-postsList__item__img \"><img \n\t   \tsrc=\"https:\/\/www.cbti-bkvt.org\/wp-content\/uploads\/5807378709_cb0d133f6f_b-2-540x360.jpg\" \n\t\tsrcset=\"https:\/\/www.cbti-bkvt.org\/wp-content\/uploads\/5807378709_cb0d133f6f_b-2-540x360.jpg 540w, https:\/\/www.cbti-bkvt.org\/wp-content\/uploads\/5807378709_cb0d133f6f_b-2-1000x666.jpg 768w, https:\/\/www.cbti-bkvt.org\/wp-content\/uploads\/5807378709_cb0d133f6f_b-2.jpg 1000w\" \n\t\tsizes=\"(min-width:768px) 540px, (min-width:1000px) 1000px, 100vw\"  \n\t\talt=\"5807378709_cb0d133f6f_b.jpg\"\n\t \/><\/div>\n\t\t\t\n\t\t\t\t<div class=\"m-postsList__item__content\">\n\n\t\t\t\t\t\t\t\t\t\t\n\t\t\t\t\t\n\t\t\t\t\t\t\t\t\t\n\t\t\t\t\t<p class=\"m-postsList__item__title  m-postsList__item__title--s1\">La CBTI partenaire de la conf\u00e9rence &#8220;The Value of Language&#8221;<\/p>\n\n\t\t\t\t\t\n\t\t\t\t\t\n\t\t\t\t\t\t<p class=\"m-postsList__item__meta m-postsList__item__meta--s1\">\n\n\t\t\t\t\t\t\t\t\t\t\t\t\t\t\n\t\t\t\t\t\t\t\t\t\t\t\t\t\t<span class=\"m-postsList__item__meta__label\">Datum: 12 June 2014 &#8211; Uhr: 09:00 Bis \t\t\t\t\t\t\t\n\t\t\t\t\t\t\t\t\t\t\t\t\t\t\t<span class=\"m-postsList__item__meta__label\"><br \/>Ort: <\/span> KU Leuven, Brussels Campus, Warmoesberg 26, 1000 Brussels\t\t\t\t\t\t\t\n\t\t\t\t\t\t\t| <span class=\"m-postsList__item__meta__label\">Kategorie: <\/span>Konferenzen, Sonstige Veranstaltungen\t\t\t\t\t\t\n\t\t\t\t\t\t<\/p>\n\n\t\t\t\t\t\n\t\t\t\t\t\n\t\t\t\t\t\n\t\t\t\t\t\n\t\t\t\t\t\t\t\t\t\t<div class=\"m-actionContainer\">\n\t\t\t\t\t\t<div class=\"m-action\">\n\t\t\t\t\t\t\t<span>Mehr erfahren<\/span>\n\t\t\t\t\t\t<\/div>\n\t\t\t\t\t<\/div><!-- \/actionContainer -->\n\t\t\t\t\t\t\t\t\n\t\t\t\t<\/div><!-- \/postsList__item__child__content -->\n\t\t\t<\/div><!-- \/postsList__item__child -->\n\t\t<\/a><!-- \/postsList__item__link -->\n\t<\/div><!-- \/postsList__item -->\n\n\n\n\n\n                    \n                                            \n                            \n\n\n\n\n\n\n\n\n\n\n\n\n\n\n\n\n\t<div class=\"m-postsList__item col-12 col-md-6 col-lg-6\">\n\n\t\t<a href=\"https:\/\/www.cbti-bkvt.org\/de\/evenement\/verre-de-lamitie-namur-2\/\" title=\"\" class=\"m-postsList__item__link\">\n\n\t\t\t<div class=\"m-postsList__item__child\">\n\n\t\t\t\t<div class=\"m-postsList__item__img \"><img \n\t   \tsrc=\"https:\/\/www.cbti-bkvt.org\/wp-content\/uploads\/tumblr_mu64r7t57Y1sdyj9lo1_1280-8-540x360.jpg\" \n\t\tsrcset=\"https:\/\/www.cbti-bkvt.org\/wp-content\/uploads\/tumblr_mu64r7t57Y1sdyj9lo1_1280-8-540x360.jpg 540w, https:\/\/www.cbti-bkvt.org\/wp-content\/uploads\/tumblr_mu64r7t57Y1sdyj9lo1_1280-8-1000x666.jpg 768w, https:\/\/www.cbti-bkvt.org\/wp-content\/uploads\/tumblr_mu64r7t57Y1sdyj9lo1_1280-8.jpg 1000w\" \n\t\tsizes=\"(min-width:768px) 540px, (min-width:1000px) 1000px, 100vw\"  \n\t\talt=\"tumblr_mu64r7t57Y1sdyj9lo1_1280.jpg\"\n\t \/><\/div>\n\t\t\t\n\t\t\t\t<div class=\"m-postsList__item__content\">\n\n\t\t\t\t\t\t\t\t\t\t\n\t\t\t\t\t\n\t\t\t\t\t\t\t\t\t\n\t\t\t\t\t<p class=\"m-postsList__item__title  m-postsList__item__title--s1\">Verre de l&#8217;amiti\u00e9 (Namur)<\/p>\n\n\t\t\t\t\t\n\t\t\t\t\t\n\t\t\t\t\t\t<p class=\"m-postsList__item__meta m-postsList__item__meta--s1\">\n\n\t\t\t\t\t\t\t\t\t\t\t\t\t\t\n\t\t\t\t\t\t\t\t\t\t\t\t\t\t<span class=\"m-postsList__item__meta__label\">Datum: 30 May 2014 &#8211; Uhr: 19:00 Bis \t\t\t\t\t\t\t\n\t\t\t\t\t\t\t\t\t\t\t\t\t\t\t<span class=\"m-postsList__item__meta__label\"><br \/>Ort: <\/span> Brasserie Francois &#8211; 3, place St-Aubain &#8211; 5000 Namur\t\t\t\t\t\t\t\n\t\t\t\t\t\t\t| <span class=\"m-postsList__item__meta__label\">Kategorie: <\/span>CBTI\/BKVT aktuell, Stammtische\t\t\t\t\t\t\n\t\t\t\t\t\t<\/p>\n\n\t\t\t\t\t\n\t\t\t\t\t\n\t\t\t\t\t\n\t\t\t\t\t\n\t\t\t\t\t\t\t\t\t\t<div class=\"m-actionContainer\">\n\t\t\t\t\t\t<div class=\"m-action\">\n\t\t\t\t\t\t\t<span>Mehr erfahren<\/span>\n\t\t\t\t\t\t<\/div>\n\t\t\t\t\t<\/div><!-- \/actionContainer -->\n\t\t\t\t\t\t\t\t\n\t\t\t\t<\/div><!-- \/postsList__item__child__content -->\n\t\t\t<\/div><!-- \/postsList__item__child -->\n\t\t<\/a><!-- \/postsList__item__link -->\n\t<\/div><!-- \/postsList__item -->\n\n\n\n\n\n                    \n                                            \n                            \n\n\n\n\n\n\n\n\n\n\n\n\n\n\n\n\n\t<div class=\"m-postsList__item col-12 col-md-6 col-lg-6\">\n\n\t\t<a href=\"https:\/\/www.cbti-bkvt.org\/de\/evenement\/runder-tisch-bkvt-cbti-uebersetzerinstitute\/\" title=\"\" class=\"m-postsList__item__link\">\n\n\t\t\t<div class=\"m-postsList__item__child\">\n\n\t\t\t\t<div class=\"m-postsList__item__img \"><img \n\t   \tsrc=\"https:\/\/www.cbti-bkvt.org\/wp-content\/uploads\/2311309574_29ebef6f1b_b-1-540x360.jpg\" \n\t\tsrcset=\"https:\/\/www.cbti-bkvt.org\/wp-content\/uploads\/2311309574_29ebef6f1b_b-1-540x360.jpg 540w, https:\/\/www.cbti-bkvt.org\/wp-content\/uploads\/2311309574_29ebef6f1b_b-1-1000x666.jpg 768w, https:\/\/www.cbti-bkvt.org\/wp-content\/uploads\/2311309574_29ebef6f1b_b-1.jpg 1000w\" \n\t\tsizes=\"(min-width:768px) 540px, (min-width:1000px) 1000px, 100vw\"  \n\t\talt=\"2311309574_29ebef6f1b_b.jpg\"\n\t \/><\/div>\n\t\t\t\n\t\t\t\t<div class=\"m-postsList__item__content\">\n\n\t\t\t\t\t\t\t\t\t\t\n\t\t\t\t\t\n\t\t\t\t\t\t\t\t\t\n\t\t\t\t\t<p class=\"m-postsList__item__title  m-postsList__item__title--s1\">Runder Tisch BKVT\/CBTI-\u00dcbersetzerinstitute<\/p>\n\n\t\t\t\t\t\n\t\t\t\t\t\n\t\t\t\t\t\t<p class=\"m-postsList__item__meta m-postsList__item__meta--s1\">\n\n\t\t\t\t\t\t\t\t\t\t\t\t\t\t\n\t\t\t\t\t\t\t\t\t\t\t\t\t\t<span class=\"m-postsList__item__meta__label\">Datum: 28 May 2014 &#8211; Uhr: 10:30 Bis \t\t\t\t\t\t\t\n\t\t\t\t\t\t\t\t\t\t\t\t\t\t\t<span class=\"m-postsList__item__meta__label\"><br \/>Ort: <\/span> 24, rue Montoyer &#8211; 1000 Brussels\t\t\t\t\t\t\t\n\t\t\t\t\t\t\t| <span class=\"m-postsList__item__meta__label\">Kategorie: <\/span>CBTI\/BKVT aktuell, Konferenzen\t\t\t\t\t\t\n\t\t\t\t\t\t<\/p>\n\n\t\t\t\t\t\n\t\t\t\t\t\n\t\t\t\t\t\n\t\t\t\t\t\n\t\t\t\t\t\t\t\t\t\t<div class=\"m-actionContainer\">\n\t\t\t\t\t\t<div class=\"m-action\">\n\t\t\t\t\t\t\t<span>Mehr erfahren<\/span>\n\t\t\t\t\t\t<\/div>\n\t\t\t\t\t<\/div><!-- \/actionContainer -->\n\t\t\t\t\t\t\t\t\n\t\t\t\t<\/div><!-- \/postsList__item__child__content -->\n\t\t\t<\/div><!-- \/postsList__item__child -->\n\t\t<\/a><!-- \/postsList__item__link -->\n\t<\/div><!-- \/postsList__item -->\n\n\n\n\n\n                    \n                                            \n                            \n\n\n\n\n\n\n\n\n\n\n\n\n\n\n\n\n\t<div class=\"m-postsList__item col-12 col-md-6 col-lg-6\">\n\n\t\t<a href=\"https:\/\/www.cbti-bkvt.org\/de\/evenement\/konferenz-das-profil-eines-uebersetzers-einer-uebersetzerin-im-europaeischen-parlament\/\" title=\"\" class=\"m-postsList__item__link\">\n\n\t\t\t<div class=\"m-postsList__item__child\">\n\n\t\t\t\t<div class=\"m-postsList__item__img \"><img \n\t   \tsrc=\"https:\/\/www.cbti-bkvt.org\/wp-content\/uploads\/Euparlamentet-2-540x360.jpg\" \n\t\tsrcset=\"https:\/\/www.cbti-bkvt.org\/wp-content\/uploads\/Euparlamentet-2-540x360.jpg 540w, https:\/\/www.cbti-bkvt.org\/wp-content\/uploads\/Euparlamentet-2-1000x666.jpg 768w, https:\/\/www.cbti-bkvt.org\/wp-content\/uploads\/Euparlamentet-2.jpg 1000w\" \n\t\tsizes=\"(min-width:768px) 540px, (min-width:1000px) 1000px, 100vw\"  \n\t\talt=\"Euparlamentet.jpg\"\n\t \/><\/div>\n\t\t\t\n\t\t\t\t<div class=\"m-postsList__item__content\">\n\n\t\t\t\t\t\t\t\t\t\t\n\t\t\t\t\t\n\t\t\t\t\t\t\t\t\t\n\t\t\t\t\t<p class=\"m-postsList__item__title  m-postsList__item__title--s1\">Konferenz \u201eDas Profil eines \u00dcbersetzers\/einer \u00dcbersetzerin im Europ\u00e4ischen Parlament\u201c<\/p>\n\n\t\t\t\t\t\n\t\t\t\t\t\n\t\t\t\t\t\t<p class=\"m-postsList__item__meta m-postsList__item__meta--s1\">\n\n\t\t\t\t\t\t\t\t\t\t\t\t\t\t\n\t\t\t\t\t\t\t\t\t\t\t\t\t\t<span class=\"m-postsList__item__meta__label\">Datum: 17 May 2014 &#8211; Uhr: 00:00 Bis \t\t\t\t\t\t\t\n\t\t\t\t\t\t\t\t\t\t\t\t\t\t\t<span class=\"m-postsList__item__meta__label\"><br \/>Ort: <\/span> European Parliament, Brussels\t\t\t\t\t\t\t\n\t\t\t\t\t\t\t| <span class=\"m-postsList__item__meta__label\">Kategorie: <\/span>Konferenzen, Sonstige Veranstaltungen\t\t\t\t\t\t\n\t\t\t\t\t\t<\/p>\n\n\t\t\t\t\t\n\t\t\t\t\t\n\t\t\t\t\t\n\t\t\t\t\t\n\t\t\t\t\t\t\t\t\t\t<div class=\"m-actionContainer\">\n\t\t\t\t\t\t<div class=\"m-action\">\n\t\t\t\t\t\t\t<span>Mehr erfahren<\/span>\n\t\t\t\t\t\t<\/div>\n\t\t\t\t\t<\/div><!-- \/actionContainer -->\n\t\t\t\t\t\t\t\t\n\t\t\t\t<\/div><!-- \/postsList__item__child__content -->\n\t\t\t<\/div><!-- \/postsList__item__child -->\n\t\t<\/a><!-- \/postsList__item__link -->\n\t<\/div><!-- \/postsList__item -->\n\n\n\n\n\n                    \n                                            \n                            \n\n\n\n\n\n\n\n\n\n\n\n\n\n\n\n\n\t<div class=\"m-postsList__item col-12 col-md-6 col-lg-6\">\n\n\t\t<a href=\"https:\/\/www.cbti-bkvt.org\/de\/evenement\/journee-detude-et-de-formation-permanente-terminologie\/\" title=\"\" class=\"m-postsList__item__link\">\n\n\t\t\t<div class=\"m-postsList__item__child\">\n\n\t\t\t\t<div class=\"m-postsList__item__img \"><img \n\t   \tsrc=\"https:\/\/www.cbti-bkvt.org\/wp-content\/uploads\/2917304740_ed356133c8_b-2-540x360.jpg\" \n\t\tsrcset=\"https:\/\/www.cbti-bkvt.org\/wp-content\/uploads\/2917304740_ed356133c8_b-2-540x360.jpg 540w, https:\/\/www.cbti-bkvt.org\/wp-content\/uploads\/2917304740_ed356133c8_b-2-1000x666.jpg 768w, https:\/\/www.cbti-bkvt.org\/wp-content\/uploads\/2917304740_ed356133c8_b-2.jpg 1000w\" \n\t\tsizes=\"(min-width:768px) 540px, (min-width:1000px) 1000px, 100vw\"  \n\t\talt=\"2917304740_ed356133c8_b.jpg\"\n\t \/><\/div>\n\t\t\t\n\t\t\t\t<div class=\"m-postsList__item__content\">\n\n\t\t\t\t\t\t\t\t\t\t\n\t\t\t\t\t\n\t\t\t\t\t\t\t\t\t\n\t\t\t\t\t<p class=\"m-postsList__item__title  m-postsList__item__title--s1\">Journ\u00e9e d&#8217;\u00e9tude et de formation permanente: terminologie<\/p>\n\n\t\t\t\t\t\n\t\t\t\t\t\n\t\t\t\t\t\t<p class=\"m-postsList__item__meta m-postsList__item__meta--s1\">\n\n\t\t\t\t\t\t\t\t\t\t\t\t\t\t\n\t\t\t\t\t\t\t\t\t\t\t\t\t\t<span class=\"m-postsList__item__meta__label\">Datum: 15 May 2014 &#8211; Uhr: 10:00 Bis \t\t\t\t\t\t\t\n\t\t\t\t\t\t\t\t\t\t\t\t\t\t\t<span class=\"m-postsList__item__meta__label\"><br \/>Ort: <\/span> University of Antwerp (Applied Linguistics) &#8211; Schildersstraat 41 &#8211; 2000 Antwerp\t\t\t\t\t\t\t\n\t\t\t\t\t\t\t| <span class=\"m-postsList__item__meta__label\">Kategorie: <\/span>Fortbildung, Sonstige Veranstaltungen\t\t\t\t\t\t\n\t\t\t\t\t\t<\/p>\n\n\t\t\t\t\t\n\t\t\t\t\t\n\t\t\t\t\t\n\t\t\t\t\t\n\t\t\t\t\t\t\t\t\t\t<div class=\"m-actionContainer\">\n\t\t\t\t\t\t<div class=\"m-action\">\n\t\t\t\t\t\t\t<span>Mehr erfahren<\/span>\n\t\t\t\t\t\t<\/div>\n\t\t\t\t\t<\/div><!-- \/actionContainer -->\n\t\t\t\t\t\t\t\t\n\t\t\t\t<\/div><!-- \/postsList__item__child__content -->\n\t\t\t<\/div><!-- \/postsList__item__child -->\n\t\t<\/a><!-- \/postsList__item__link -->\n\t<\/div><!-- \/postsList__item -->\n\n\n\n\n\n                    \n                                            \n                            \n\n\n\n\n\n\n\n\n\n\n\n\n\n\n\n\n\t<div class=\"m-postsList__item col-12 col-md-6 col-lg-6\">\n\n\t\t<a href=\"https:\/\/www.cbti-bkvt.org\/de\/evenement\/stammtisch-aachen\/\" title=\"\" class=\"m-postsList__item__link\">\n\n\t\t\t<div class=\"m-postsList__item__child\">\n\n\t\t\t\t<div class=\"m-postsList__item__img \"><img \n\t   \tsrc=\"https:\/\/www.cbti-bkvt.org\/wp-content\/uploads\/1024px-Aachen_Dom_um_1900-1-540x360.jpg\" \n\t\tsrcset=\"https:\/\/www.cbti-bkvt.org\/wp-content\/uploads\/1024px-Aachen_Dom_um_1900-1-540x360.jpg 540w, https:\/\/www.cbti-bkvt.org\/wp-content\/uploads\/1024px-Aachen_Dom_um_1900-1-1000x666.jpg 768w, https:\/\/www.cbti-bkvt.org\/wp-content\/uploads\/1024px-Aachen_Dom_um_1900-1.jpg 1000w\" \n\t\tsizes=\"(min-width:768px) 540px, (min-width:1000px) 1000px, 100vw\"  \n\t\talt=\"1024px-Aachen_Dom_um_1900\"\n\t \/><\/div>\n\t\t\t\n\t\t\t\t<div class=\"m-postsList__item__content\">\n\n\t\t\t\t\t\t\t\t\t\t\n\t\t\t\t\t\n\t\t\t\t\t\t\t\t\t\n\t\t\t\t\t<p class=\"m-postsList__item__title  m-postsList__item__title--s1\">Stammtisch Aachen<\/p>\n\n\t\t\t\t\t\n\t\t\t\t\t\n\t\t\t\t\t\t<p class=\"m-postsList__item__meta m-postsList__item__meta--s1\">\n\n\t\t\t\t\t\t\t\t\t\t\t\t\t\t\n\t\t\t\t\t\t\t\t\t\t\t\t\t\t<span class=\"m-postsList__item__meta__label\">Datum: 9 May 2014 &#8211; Uhr: 19:30 Bis \t\t\t\t\t\t\t\n\t\t\t\t\t\t\t\t\t\t\t\t\t\t\t<span class=\"m-postsList__item__meta__label\"><br \/>Ort: <\/span> \u00ab Kapellchen \u00bb &#8211; Malmedyer Stra\u00dfe 17, 52066 Aachen &#8211; www.kapellchen-aachen.de\/kontakt\t\t\t\t\t\t\t\n\t\t\t\t\t\t\t| <span class=\"m-postsList__item__meta__label\">Kategorie: <\/span>CBTI\/BKVT aktuell, Stammtische\t\t\t\t\t\t\n\t\t\t\t\t\t<\/p>\n\n\t\t\t\t\t\n\t\t\t\t\t\n\t\t\t\t\t\n\t\t\t\t\t\n\t\t\t\t\t\t\t\t\t\t<div class=\"m-actionContainer\">\n\t\t\t\t\t\t<div class=\"m-action\">\n\t\t\t\t\t\t\t<span>Mehr erfahren<\/span>\n\t\t\t\t\t\t<\/div>\n\t\t\t\t\t<\/div><!-- \/actionContainer -->\n\t\t\t\t\t\t\t\t\n\t\t\t\t<\/div><!-- \/postsList__item__child__content -->\n\t\t\t<\/div><!-- \/postsList__item__child -->\n\t\t<\/a><!-- \/postsList__item__link -->\n\t<\/div><!-- \/postsList__item -->\n\n\n\n\n\n                    \n                                            \n                            \n\n\n\n\n\n\n\n\n\n\n\n\n\n\n\n\n\t<div class=\"m-postsList__item col-12 col-md-6 col-lg-6\">\n\n\t\t<a href=\"https:\/\/www.cbti-bkvt.org\/de\/evenement\/atelier-determination-des-tarifs-pour-les-debutants\/\" title=\"\" class=\"m-postsList__item__link\">\n\n\t\t\t<div class=\"m-postsList__item__child\">\n\n\t\t\t\t<div class=\"m-postsList__item__img \"><img \n\t   \tsrc=\"https:\/\/www.cbti-bkvt.org\/wp-content\/uploads\/4334069517_87e11902ca_o-11-540x360.jpg\" \n\t\tsrcset=\"https:\/\/www.cbti-bkvt.org\/wp-content\/uploads\/4334069517_87e11902ca_o-11-540x360.jpg 540w, https:\/\/www.cbti-bkvt.org\/wp-content\/uploads\/4334069517_87e11902ca_o-11-1000x666.jpg 768w, https:\/\/www.cbti-bkvt.org\/wp-content\/uploads\/4334069517_87e11902ca_o-11.jpg 1000w\" \n\t\tsizes=\"(min-width:768px) 540px, (min-width:1000px) 1000px, 100vw\"  \n\t\talt=\"4334069517_87e11902ca_o.jpg\"\n\t \/><\/div>\n\t\t\t\n\t\t\t\t<div class=\"m-postsList__item__content\">\n\n\t\t\t\t\t\t\t\t\t\t\n\t\t\t\t\t\n\t\t\t\t\t\t\t\t\t\n\t\t\t\t\t<p class=\"m-postsList__item__title  m-postsList__item__title--s1\">Atelier: d\u00e9termination des tarifs pour les d\u00e9butants<\/p>\n\n\t\t\t\t\t\n\t\t\t\t\t\n\t\t\t\t\t\t<p class=\"m-postsList__item__meta m-postsList__item__meta--s1\">\n\n\t\t\t\t\t\t\t\t\t\t\t\t\t\t\n\t\t\t\t\t\t\t\t\t\t\t\t\t\t<span class=\"m-postsList__item__meta__label\">Datum: 28 April 2014 &#8211; Uhr: 15:00 Bis 18:00\t\t\t\t\t\t\t\n\t\t\t\t\t\t\t\t\t\t\t\t\t\t\t<span class=\"m-postsList__item__meta__label\"><br \/>Ort: <\/span> 24, rue Montoyer &#8211; 1000 Brussels\t\t\t\t\t\t\t\n\t\t\t\t\t\t\t| <span class=\"m-postsList__item__meta__label\">Kategorie: <\/span>Fortbildung\t\t\t\t\t\t\n\t\t\t\t\t\t<\/p>\n\n\t\t\t\t\t\n\t\t\t\t\t\n\t\t\t\t\t\n\t\t\t\t\t\n\t\t\t\t\t\t\t\t\t\t<div class=\"m-actionContainer\">\n\t\t\t\t\t\t<div class=\"m-action\">\n\t\t\t\t\t\t\t<span>Mehr erfahren<\/span>\n\t\t\t\t\t\t<\/div>\n\t\t\t\t\t<\/div><!-- \/actionContainer -->\n\t\t\t\t\t\t\t\t\n\t\t\t\t<\/div><!-- \/postsList__item__child__content -->\n\t\t\t<\/div><!-- \/postsList__item__child -->\n\t\t<\/a><!-- \/postsList__item__link -->\n\t<\/div><!-- \/postsList__item -->\n\n\n\n\n\n                    \n                                            \n                            \n\n\n\n\n\n\n\n\n\n\n\n\n\n\n\n\n\t<div class=\"m-postsList__item col-12 col-md-6 col-lg-6\">\n\n\t\t<a href=\"https:\/\/www.cbti-bkvt.org\/de\/evenement\/conference-sur-les-techniques-de-revision-a-liege\/\" title=\"\" class=\"m-postsList__item__link\">\n\n\t\t\t<div class=\"m-postsList__item__child\">\n\n\t\t\t\t<div class=\"m-postsList__item__img \"><img \n\t   \tsrc=\"https:\/\/www.cbti-bkvt.org\/wp-content\/uploads\/1024px-20100709_liege02-3-540x360.jpg\" \n\t\tsrcset=\"https:\/\/www.cbti-bkvt.org\/wp-content\/uploads\/1024px-20100709_liege02-3-540x360.jpg 540w, https:\/\/www.cbti-bkvt.org\/wp-content\/uploads\/1024px-20100709_liege02-3-1000x666.jpg 768w, https:\/\/www.cbti-bkvt.org\/wp-content\/uploads\/1024px-20100709_liege02-3.jpg 1000w\" \n\t\tsizes=\"(min-width:768px) 540px, (min-width:1000px) 1000px, 100vw\"  \n\t\talt=\"1024px-20100709_liege02.JPG\"\n\t \/><\/div>\n\t\t\t\n\t\t\t\t<div class=\"m-postsList__item__content\">\n\n\t\t\t\t\t\t\t\t\t\t\n\t\t\t\t\t\n\t\t\t\t\t\t\t\t\t\n\t\t\t\t\t<p class=\"m-postsList__item__title  m-postsList__item__title--s1\">Conf\u00e9rence sur les techniques de r\u00e9vision \u00e0 Li\u00e8ge<\/p>\n\n\t\t\t\t\t\n\t\t\t\t\t\n\t\t\t\t\t\t<p class=\"m-postsList__item__meta m-postsList__item__meta--s1\">\n\n\t\t\t\t\t\t\t\t\t\t\t\t\t\t\n\t\t\t\t\t\t\t\t\t\t\t\t\t\t<span class=\"m-postsList__item__meta__label\">Datum: 26 April 2014 &#8211; Uhr: 13:30 Bis 17:00\t\t\t\t\t\t\t\n\t\t\t\t\t\t\t\t\t\t\t\t\t\t\t<span class=\"m-postsList__item__meta__label\"><br \/>Ort: <\/span> Universit\u00e9 de Li\u00e8ge &#8211; B\u00e2timent A4, local S100 &#8211; 1, quai Roosevelt &#8211; 4000 Li\u00e8ge (entr\u00e9e par la cour du th\u00e9\u00e2tre universitaire)\t\t\t\t\t\t\t\n\t\t\t\t\t\t\t| <span class=\"m-postsList__item__meta__label\">Kategorie: <\/span>Fortbildung, Sonstige Veranstaltungen\t\t\t\t\t\t\n\t\t\t\t\t\t<\/p>\n\n\t\t\t\t\t\n\t\t\t\t\t\n\t\t\t\t\t\n\t\t\t\t\t\n\t\t\t\t\t\t\t\t\t\t<div class=\"m-actionContainer\">\n\t\t\t\t\t\t<div class=\"m-action\">\n\t\t\t\t\t\t\t<span>Mehr erfahren<\/span>\n\t\t\t\t\t\t<\/div>\n\t\t\t\t\t<\/div><!-- \/actionContainer -->\n\t\t\t\t\t\t\t\t\n\t\t\t\t<\/div><!-- \/postsList__item__child__content -->\n\t\t\t<\/div><!-- \/postsList__item__child -->\n\t\t<\/a><!-- \/postsList__item__link -->\n\t<\/div><!-- \/postsList__item -->\n\n\n\n\n\n                    \n                                            \n                            \n\n\n\n\n\n\n\n\n\n\n\n\n\n\n\n\n\t<div class=\"m-postsList__item col-12 col-md-6 col-lg-6\">\n\n\t\t<a href=\"https:\/\/www.cbti-bkvt.org\/de\/evenement\/master-class-interpreting-culture-the-challenges-faced-by-community-interpreters\/\" title=\"\" class=\"m-postsList__item__link\">\n\n\t\t\t<div class=\"m-postsList__item__child\">\n\n\t\t\t\t<div class=\"m-postsList__item__img \"><img \n\t   \tsrc=\"https:\/\/www.cbti-bkvt.org\/wp-content\/uploads\/2847788489_e116350147_b-3-540x360.jpg\" \n\t\tsrcset=\"https:\/\/www.cbti-bkvt.org\/wp-content\/uploads\/2847788489_e116350147_b-3-540x360.jpg 540w, https:\/\/www.cbti-bkvt.org\/wp-content\/uploads\/2847788489_e116350147_b-3-1000x666.jpg 768w, https:\/\/www.cbti-bkvt.org\/wp-content\/uploads\/2847788489_e116350147_b-3.jpg 1000w\" \n\t\tsizes=\"(min-width:768px) 540px, (min-width:1000px) 1000px, 100vw\"  \n\t\talt=\"2847788489_e116350147_b\"\n\t \/><\/div>\n\t\t\t\n\t\t\t\t<div class=\"m-postsList__item__content\">\n\n\t\t\t\t\t\t\t\t\t\t\n\t\t\t\t\t\n\t\t\t\t\t\t\t\t\t\n\t\t\t\t\t<p class=\"m-postsList__item__title  m-postsList__item__title--s1\">Master Class &#8220;Interpreting culture: The challenges faced by community interpreters&#8221;<\/p>\n\n\t\t\t\t\t\n\t\t\t\t\t\n\t\t\t\t\t\t<p class=\"m-postsList__item__meta m-postsList__item__meta--s1\">\n\n\t\t\t\t\t\t\t\t\t\t\t\t\t\t\n\t\t\t\t\t\t\t\t\t\t\t\t\t\t<span class=\"m-postsList__item__meta__label\">Datum: 3 April 2014 &#8211; Uhr: 19:00 Bis \t\t\t\t\t\t\t\n\t\t\t\t\t\t\t\t\t\t\t\t\t\t\t<span class=\"m-postsList__item__meta__label\"><br \/>Ort: <\/span> University of Antwerp (Applied Linguistics) &#8211; Auditorium 126, South Campus &#8211; Schildersstraat 41 &#8211; 2000 Antwerp\t\t\t\t\t\t\t\n\t\t\t\t\t\t\t| <span class=\"m-postsList__item__meta__label\">Kategorie: <\/span>Dolmetscher, Fortbildung, Sonstige Veranstaltungen\t\t\t\t\t\t\n\t\t\t\t\t\t<\/p>\n\n\t\t\t\t\t\n\t\t\t\t\t\n\t\t\t\t\t\n\t\t\t\t\t\n\t\t\t\t\t\t\t\t\t\t<div class=\"m-actionContainer\">\n\t\t\t\t\t\t<div class=\"m-action\">\n\t\t\t\t\t\t\t<span>Mehr erfahren<\/span>\n\t\t\t\t\t\t<\/div>\n\t\t\t\t\t<\/div><!-- \/actionContainer -->\n\t\t\t\t\t\t\t\t\n\t\t\t\t<\/div><!-- \/postsList__item__child__content -->\n\t\t\t<\/div><!-- \/postsList__item__child -->\n\t\t<\/a><!-- \/postsList__item__link -->\n\t<\/div><!-- \/postsList__item -->\n\n\n\n\n\n                    \n                                            \n                            \n\n\n\n\n\n\n\n\n\n\n\n\n\n\n\n\n\t<div class=\"m-postsList__item col-12 col-md-6 col-lg-6\">\n\n\t\t<a href=\"https:\/\/www.cbti-bkvt.org\/de\/evenement\/journee-detude-et-de-formation-permanente-traduction-et-qualite\/\" title=\"\" class=\"m-postsList__item__link\">\n\n\t\t\t<div class=\"m-postsList__item__child\">\n\n\t\t\t\t<div class=\"m-postsList__item__img \"><img \n\t   \tsrc=\"https:\/\/www.cbti-bkvt.org\/wp-content\/uploads\/2917287370_5371107256_b-2-540x360.jpg\" \n\t\tsrcset=\"https:\/\/www.cbti-bkvt.org\/wp-content\/uploads\/2917287370_5371107256_b-2-540x360.jpg 540w, https:\/\/www.cbti-bkvt.org\/wp-content\/uploads\/2917287370_5371107256_b-2-1000x666.jpg 768w, https:\/\/www.cbti-bkvt.org\/wp-content\/uploads\/2917287370_5371107256_b-2.jpg 1000w\" \n\t\tsizes=\"(min-width:768px) 540px, (min-width:1000px) 1000px, 100vw\"  \n\t\talt=\"2917287370_5371107256_b.jpg\"\n\t \/><\/div>\n\t\t\t\n\t\t\t\t<div class=\"m-postsList__item__content\">\n\n\t\t\t\t\t\t\t\t\t\t\n\t\t\t\t\t\n\t\t\t\t\t\t\t\t\t\n\t\t\t\t\t<p class=\"m-postsList__item__title  m-postsList__item__title--s1\">Journ\u00e9e d&#8217;\u00e9tude et de formation permanente: traduction et qualit\u00e9<\/p>\n\n\t\t\t\t\t\n\t\t\t\t\t\n\t\t\t\t\t\t<p class=\"m-postsList__item__meta m-postsList__item__meta--s1\">\n\n\t\t\t\t\t\t\t\t\t\t\t\t\t\t\n\t\t\t\t\t\t\t\t\t\t\t\t\t\t<span class=\"m-postsList__item__meta__label\">Datum: 3 April 2014 &#8211; Uhr: 09:00 Bis \t\t\t\t\t\t\t\n\t\t\t\t\t\t\t\t\t\t\t\t\t\t\t<span class=\"m-postsList__item__meta__label\"><br \/>Ort: <\/span> University of Antwerp (Applied Linguistics) &#8211; Schildersstraat 41 &#8211; 2000 Antwerp\t\t\t\t\t\t\t\n\t\t\t\t\t\t\t| <span class=\"m-postsList__item__meta__label\">Kategorie: <\/span>Fortbildung, Sonstige Veranstaltungen\t\t\t\t\t\t\n\t\t\t\t\t\t<\/p>\n\n\t\t\t\t\t\n\t\t\t\t\t\n\t\t\t\t\t\n\t\t\t\t\t\n\t\t\t\t\t\t\t\t\t\t<div class=\"m-actionContainer\">\n\t\t\t\t\t\t<div class=\"m-action\">\n\t\t\t\t\t\t\t<span>Mehr erfahren<\/span>\n\t\t\t\t\t\t<\/div>\n\t\t\t\t\t<\/div><!-- \/actionContainer -->\n\t\t\t\t\t\t\t\t\n\t\t\t\t<\/div><!-- \/postsList__item__child__content -->\n\t\t\t<\/div><!-- \/postsList__item__child -->\n\t\t<\/a><!-- \/postsList__item__link -->\n\t<\/div><!-- \/postsList__item -->\n\n\n\n\n\n                    \n                                            \n                            \n\n\n\n\n\n\n\n\n\n\n\n\n\n\n\n\n\t<div class=\"m-postsList__item col-12 col-md-6 col-lg-6\">\n\n\t\t<a href=\"https:\/\/www.cbti-bkvt.org\/de\/evenement\/atelier-comment-se-specialiser-en-tant-que-debutant\/\" title=\"\" class=\"m-postsList__item__link\">\n\n\t\t\t<div class=\"m-postsList__item__child\">\n\n\t\t\t\t<div class=\"m-postsList__item__img \"><img \n\t   \tsrc=\"https:\/\/www.cbti-bkvt.org\/wp-content\/uploads\/S6001229-5-540x360.jpg\" \n\t\tsrcset=\"https:\/\/www.cbti-bkvt.org\/wp-content\/uploads\/S6001229-5-540x360.jpg 540w, https:\/\/www.cbti-bkvt.org\/wp-content\/uploads\/S6001229-5-1000x666.jpg 768w, https:\/\/www.cbti-bkvt.org\/wp-content\/uploads\/S6001229-5-2000x1333.jpg 1000w\" \n\t\tsizes=\"(min-width:768px) 540px, (min-width:1000px) 1000px, 100vw\"  \n\t\talt=\"S6001229.JPG\"\n\t \/><\/div>\n\t\t\t\n\t\t\t\t<div class=\"m-postsList__item__content\">\n\n\t\t\t\t\t\t\t\t\t\t\n\t\t\t\t\t\n\t\t\t\t\t\t\t\t\t\n\t\t\t\t\t<p class=\"m-postsList__item__title  m-postsList__item__title--s1\">Atelier: comment se sp\u00e9cialiser en tant que d\u00e9butant<\/p>\n\n\t\t\t\t\t\n\t\t\t\t\t\n\t\t\t\t\t\t<p class=\"m-postsList__item__meta m-postsList__item__meta--s1\">\n\n\t\t\t\t\t\t\t\t\t\t\t\t\t\t\n\t\t\t\t\t\t\t\t\t\t\t\t\t\t<span class=\"m-postsList__item__meta__label\">Datum: 31 March 2014 &#8211; Uhr: 15:00 Bis 18:00\t\t\t\t\t\t\t\n\t\t\t\t\t\t\t\t\t\t\t\t\t\t\t<span class=\"m-postsList__item__meta__label\"><br \/>Ort: <\/span> 24, rue Montoyer &#8211; 1000 Brussels\t\t\t\t\t\t\t\n\t\t\t\t\t\t\t| <span class=\"m-postsList__item__meta__label\">Kategorie: <\/span>Fortbildung\t\t\t\t\t\t\n\t\t\t\t\t\t<\/p>\n\n\t\t\t\t\t\n\t\t\t\t\t\n\t\t\t\t\t\n\t\t\t\t\t\n\t\t\t\t\t\t\t\t\t\t<div class=\"m-actionContainer\">\n\t\t\t\t\t\t<div class=\"m-action\">\n\t\t\t\t\t\t\t<span>Mehr erfahren<\/span>\n\t\t\t\t\t\t<\/div>\n\t\t\t\t\t<\/div><!-- \/actionContainer -->\n\t\t\t\t\t\t\t\t\n\t\t\t\t<\/div><!-- \/postsList__item__child__content -->\n\t\t\t<\/div><!-- \/postsList__item__child -->\n\t\t<\/a><!-- \/postsList__item__link -->\n\t<\/div><!-- \/postsList__item -->\n\n\n\n\n\n                    \n                                            \n                            \n\n\n\n\n\n\n\n\n\n\n\n\n\n\n\n\n\t<div class=\"m-postsList__item col-12 col-md-6 col-lg-6\">\n\n\t\t<a href=\"https:\/\/www.cbti-bkvt.org\/de\/evenement\/seminaire-de-traduction-medicale-anglais-francais-de-la-sft-lyon\/\" title=\"\" class=\"m-postsList__item__link\">\n\n\t\t\t<div class=\"m-postsList__item__child\">\n\n\t\t\t\t<div class=\"m-postsList__item__img \"><img \n\t   \tsrc=\"https:\/\/www.cbti-bkvt.org\/wp-content\/uploads\/2205030434_30e6ba6c04_o-2-540x360.jpg\" \n\t\tsrcset=\"https:\/\/www.cbti-bkvt.org\/wp-content\/uploads\/2205030434_30e6ba6c04_o-2-540x360.jpg 540w, https:\/\/www.cbti-bkvt.org\/wp-content\/uploads\/2205030434_30e6ba6c04_o-2-1000x666.jpg 768w, https:\/\/www.cbti-bkvt.org\/wp-content\/uploads\/2205030434_30e6ba6c04_o-2.jpg 1000w\" \n\t\tsizes=\"(min-width:768px) 540px, (min-width:1000px) 1000px, 100vw\"  \n\t\talt=\"2205030434_30e6ba6c04_o.jpg\"\n\t \/><\/div>\n\t\t\t\n\t\t\t\t<div class=\"m-postsList__item__content\">\n\n\t\t\t\t\t\t\t\t\t\t\n\t\t\t\t\t\n\t\t\t\t\t\t\t\t\t\n\t\t\t\t\t<p class=\"m-postsList__item__title  m-postsList__item__title--s1\">S\u00e9minaire de traduction m\u00e9dicale anglais-fran\u00e7ais de la SFT (Lyon)<\/p>\n\n\t\t\t\t\t\n\t\t\t\t\t\n\t\t\t\t\t\t<p class=\"m-postsList__item__meta m-postsList__item__meta--s1\">\n\n\t\t\t\t\t\t\t\t\t\t\t\t\t\t\n\t\t\t\t\t\t\t\t\t\t\t\t\t\t<span class=\"m-postsList__item__meta__label\">Datum: 24 March 2014 &#8211; Uhr: 09:00 Bis 18:00\t\t\t\t\t\t\t\n\t\t\t\t\t\t\t\t\t\t\t\t\t\t\t<span class=\"m-postsList__item__meta__label\"><br \/>Ort: <\/span> Lyon\t\t\t\t\t\t\t\n\t\t\t\t\t\t\t| <span class=\"m-postsList__item__meta__label\">Kategorie: <\/span>Fortbildung, Sonstige Veranstaltungen\t\t\t\t\t\t\n\t\t\t\t\t\t<\/p>\n\n\t\t\t\t\t\n\t\t\t\t\t\n\t\t\t\t\t\n\t\t\t\t\t\n\t\t\t\t\t\t\t\t\t\t<div class=\"m-actionContainer\">\n\t\t\t\t\t\t<div class=\"m-action\">\n\t\t\t\t\t\t\t<span>Mehr erfahren<\/span>\n\t\t\t\t\t\t<\/div>\n\t\t\t\t\t<\/div><!-- \/actionContainer -->\n\t\t\t\t\t\t\t\t\n\t\t\t\t<\/div><!-- \/postsList__item__child__content -->\n\t\t\t<\/div><!-- \/postsList__item__child -->\n\t\t<\/a><!-- \/postsList__item__link -->\n\t<\/div><!-- \/postsList__item -->\n\n\n\n\n\n                    \n                                            \n                            \n\n\n\n\n\n\n\n\n\n\n\n\n\n\n\n\n\t<div class=\"m-postsList__item col-12 col-md-6 col-lg-6\">\n\n\t\t<a href=\"https:\/\/www.cbti-bkvt.org\/de\/evenement\/assemblee-generale-de-la-cbti\/\" title=\"\" class=\"m-postsList__item__link\">\n\n\t\t\t<div class=\"m-postsList__item__child\">\n\n\t\t\t\t<div class=\"m-postsList__item__img \"><img \n\t   \tsrc=\"https:\/\/www.cbti-bkvt.org\/wp-content\/uploads\/ag2013repas-5-540x360.jpg\" \n\t\tsrcset=\"https:\/\/www.cbti-bkvt.org\/wp-content\/uploads\/ag2013repas-5-540x360.jpg 540w, https:\/\/www.cbti-bkvt.org\/wp-content\/uploads\/ag2013repas-5.jpg 768w, https:\/\/www.cbti-bkvt.org\/wp-content\/uploads\/ag2013repas-5.jpg 1000w\" \n\t\tsizes=\"(min-width:768px) 540px, (min-width:1000px) 1000px, 100vw\"  \n\t\talt=\"ag2013repas.jpg\"\n\t \/><\/div>\n\t\t\t\n\t\t\t\t<div class=\"m-postsList__item__content\">\n\n\t\t\t\t\t\t\t\t\t\t\n\t\t\t\t\t\n\t\t\t\t\t\t\t\t\t\n\t\t\t\t\t<p class=\"m-postsList__item__title  m-postsList__item__title--s1\">Assembl\u00e9e g\u00e9n\u00e9rale de la CBTI<\/p>\n\n\t\t\t\t\t\n\t\t\t\t\t\n\t\t\t\t\t\t<p class=\"m-postsList__item__meta m-postsList__item__meta--s1\">\n\n\t\t\t\t\t\t\t\t\t\t\t\t\t\t\n\t\t\t\t\t\t\t\t\t\t\t\t\t\t<span class=\"m-postsList__item__meta__label\">Datum: 15 March 2014 &#8211; Uhr: 10:30 Bis 17:00\t\t\t\t\t\t\t\n\t\t\t\t\t\t\t\t\t\t\t\t\t\t\t<span class=\"m-postsList__item__meta__label\"><br \/>Ort: <\/span> Leopold Hotel &#8211; 35, rue du Luxembourg &#8211; 1050 Brussels\t\t\t\t\t\t\t\n\t\t\t\t\t\t\t| <span class=\"m-postsList__item__meta__label\">Kategorie: <\/span>CBTI\/BKVT aktuell, Generalversammlung\t\t\t\t\t\t\n\t\t\t\t\t\t<\/p>\n\n\t\t\t\t\t\n\t\t\t\t\t\n\t\t\t\t\t\n\t\t\t\t\t\n\t\t\t\t\t\t\t\t\t\t<div class=\"m-actionContainer\">\n\t\t\t\t\t\t<div class=\"m-action\">\n\t\t\t\t\t\t\t<span>Mehr erfahren<\/span>\n\t\t\t\t\t\t<\/div>\n\t\t\t\t\t<\/div><!-- \/actionContainer -->\n\t\t\t\t\t\t\t\t\n\t\t\t\t<\/div><!-- \/postsList__item__child__content -->\n\t\t\t<\/div><!-- \/postsList__item__child -->\n\t\t<\/a><!-- \/postsList__item__link -->\n\t<\/div><!-- \/postsList__item -->\n\n\n\n\n\n                    \n                                            \n                            \n\n\n\n\n\n\n\n\n\n\n\n\n\n\n\n\n\t<div class=\"m-postsList__item col-12 col-md-6 col-lg-6\">\n\n\t\t<a href=\"https:\/\/www.cbti-bkvt.org\/de\/evenement\/reception-de-nouvel-an\/\" title=\"\" class=\"m-postsList__item__link\">\n\n\t\t\t<div class=\"m-postsList__item__child\">\n\n\t\t\t\t<div class=\"m-postsList__item__img \"><img \n\t   \tsrc=\"https:\/\/www.cbti-bkvt.org\/wp-content\/uploads\/biblioteque-royale-de-belgique-2-540x360.jpg\" \n\t\tsrcset=\"https:\/\/www.cbti-bkvt.org\/wp-content\/uploads\/biblioteque-royale-de-belgique-2-540x360.jpg 540w, https:\/\/www.cbti-bkvt.org\/wp-content\/uploads\/biblioteque-royale-de-belgique-2-1000x666.jpg 768w, https:\/\/www.cbti-bkvt.org\/wp-content\/uploads\/biblioteque-royale-de-belgique-2.jpg 1000w\" \n\t\tsizes=\"(min-width:768px) 540px, (min-width:1000px) 1000px, 100vw\"  \n\t\talt=\"biblioteque-royale-de-belgique.jpg\"\n\t \/><\/div>\n\t\t\t\n\t\t\t\t<div class=\"m-postsList__item__content\">\n\n\t\t\t\t\t\t\t\t\t\t\n\t\t\t\t\t\n\t\t\t\t\t\t\t\t\t\n\t\t\t\t\t<p class=\"m-postsList__item__title  m-postsList__item__title--s1\">R\u00e9ception de Nouvel An<\/p>\n\n\t\t\t\t\t\n\t\t\t\t\t\n\t\t\t\t\t\t<p class=\"m-postsList__item__meta m-postsList__item__meta--s1\">\n\n\t\t\t\t\t\t\t\t\t\t\t\t\t\t\n\t\t\t\t\t\t\t\t\t\t\t\t\t\t<span class=\"m-postsList__item__meta__label\">Datum: 10 January 2014 &#8211; Uhr: 17:00 Bis \t\t\t\t\t\t\t\n\t\t\t\t\t\t\t\n\t\t\t\t\t\t\t| <span class=\"m-postsList__item__meta__label\">Kategorie: <\/span>CBTI\/BKVT aktuell\t\t\t\t\t\t\n\t\t\t\t\t\t<\/p>\n\n\t\t\t\t\t\n\t\t\t\t\t\n\t\t\t\t\t\n\t\t\t\t\t\n\t\t\t\t\t\t\t\t\t\t<div class=\"m-actionContainer\">\n\t\t\t\t\t\t<div class=\"m-action\">\n\t\t\t\t\t\t\t<span>Mehr erfahren<\/span>\n\t\t\t\t\t\t<\/div>\n\t\t\t\t\t<\/div><!-- \/actionContainer -->\n\t\t\t\t\t\t\t\t\n\t\t\t\t<\/div><!-- \/postsList__item__child__content -->\n\t\t\t<\/div><!-- \/postsList__item__child -->\n\t\t<\/a><!-- \/postsList__item__link -->\n\t<\/div><!-- \/postsList__item -->\n\n\n\n\n\n                    \n                                            \n                            \n\n\n\n\n\n\n\n\n\n\n\n\n\n\n\n\n\t<div class=\"m-postsList__item col-12 col-md-6 col-lg-6\">\n\n\t\t<a href=\"https:\/\/www.cbti-bkvt.org\/de\/evenement\/verre-de-lamitie-namur\/\" title=\"\" class=\"m-postsList__item__link\">\n\n\t\t\t<div class=\"m-postsList__item__child\">\n\n\t\t\t\t<div class=\"m-postsList__item__img \"><img \n\t   \tsrc=\"https:\/\/www.cbti-bkvt.org\/wp-content\/uploads\/tumblr_mu64r7t57Y1sdyj9lo1_1280-7-540x360.jpg\" \n\t\tsrcset=\"https:\/\/www.cbti-bkvt.org\/wp-content\/uploads\/tumblr_mu64r7t57Y1sdyj9lo1_1280-7-540x360.jpg 540w, https:\/\/www.cbti-bkvt.org\/wp-content\/uploads\/tumblr_mu64r7t57Y1sdyj9lo1_1280-7-1000x666.jpg 768w, https:\/\/www.cbti-bkvt.org\/wp-content\/uploads\/tumblr_mu64r7t57Y1sdyj9lo1_1280-7.jpg 1000w\" \n\t\tsizes=\"(min-width:768px) 540px, (min-width:1000px) 1000px, 100vw\"  \n\t\talt=\"tumblr_mu64r7t57Y1sdyj9lo1_1280.jpg\"\n\t \/><\/div>\n\t\t\t\n\t\t\t\t<div class=\"m-postsList__item__content\">\n\n\t\t\t\t\t\t\t\t\t\t\n\t\t\t\t\t\n\t\t\t\t\t\t\t\t\t\n\t\t\t\t\t<p class=\"m-postsList__item__title  m-postsList__item__title--s1\">Verre de l&#8217;amiti\u00e9 (Namur)<\/p>\n\n\t\t\t\t\t\n\t\t\t\t\t\n\t\t\t\t\t\t<p class=\"m-postsList__item__meta m-postsList__item__meta--s1\">\n\n\t\t\t\t\t\t\t\t\t\t\t\t\t\t\n\t\t\t\t\t\t\t\t\t\t\t\t\t\t<span class=\"m-postsList__item__meta__label\">Datum: 29 November 2013 &#8211; Uhr: 19:30 Bis \t\t\t\t\t\t\t\n\t\t\t\t\t\t\t\t\t\t\t\t\t\t\t<span class=\"m-postsList__item__meta__label\"><br \/>Ort: <\/span> Namur\t\t\t\t\t\t\t\n\t\t\t\t\t\t\t| <span class=\"m-postsList__item__meta__label\">Kategorie: <\/span>CBTI\/BKVT aktuell, Stammtische\t\t\t\t\t\t\n\t\t\t\t\t\t<\/p>\n\n\t\t\t\t\t\n\t\t\t\t\t\n\t\t\t\t\t\n\t\t\t\t\t\n\t\t\t\t\t\t\t\t\t\t<div class=\"m-actionContainer\">\n\t\t\t\t\t\t<div class=\"m-action\">\n\t\t\t\t\t\t\t<span>Mehr erfahren<\/span>\n\t\t\t\t\t\t<\/div>\n\t\t\t\t\t<\/div><!-- \/actionContainer -->\n\t\t\t\t\t\t\t\t\n\t\t\t\t<\/div><!-- \/postsList__item__child__content -->\n\t\t\t<\/div><!-- \/postsList__item__child -->\n\t\t<\/a><!-- \/postsList__item__link -->\n\t<\/div><!-- \/postsList__item -->\n\n\n\n\n\n                    \n                                            \n                            \n\n\n\n\n\n\n\n\n\n\n\n\n\n\n\n\n\t<div class=\"m-postsList__item col-12 col-md-6 col-lg-6\">\n\n\t\t<a href=\"https:\/\/www.cbti-bkvt.org\/de\/evenement\/20e-reunion-du-reseau-franco-allemand-vienne\/\" title=\"\" class=\"m-postsList__item__link\">\n\n\t\t\t<div class=\"m-postsList__item__child\">\n\n\t\t\t\t<div class=\"m-postsList__item__img \"><img \n\t   \tsrc=\"https:\/\/www.cbti-bkvt.org\/wp-content\/uploads\/1280px-Stephansdom_Vienna_July_2008__27_-Stephansdom_Vienna_July_2008__31_-4-540x360.jpg\" \n\t\tsrcset=\"https:\/\/www.cbti-bkvt.org\/wp-content\/uploads\/1280px-Stephansdom_Vienna_July_2008__27_-Stephansdom_Vienna_July_2008__31_-4-540x360.jpg 540w, https:\/\/www.cbti-bkvt.org\/wp-content\/uploads\/1280px-Stephansdom_Vienna_July_2008__27_-Stephansdom_Vienna_July_2008__31_-4-1000x666.jpg 768w, https:\/\/www.cbti-bkvt.org\/wp-content\/uploads\/1280px-Stephansdom_Vienna_July_2008__27_-Stephansdom_Vienna_July_2008__31_-4.jpg 1000w\" \n\t\tsizes=\"(min-width:768px) 540px, (min-width:1000px) 1000px, 100vw\"  \n\t\talt=\"1280px-Stephansdom_Vienna_July_2008__27_-Stephansdom_Vienna_July_2008__31_.jpg\"\n\t \/><\/div>\n\t\t\t\n\t\t\t\t<div class=\"m-postsList__item__content\">\n\n\t\t\t\t\t\t\t\t\t\t\n\t\t\t\t\t\n\t\t\t\t\t\t\t\t\t\n\t\t\t\t\t<p class=\"m-postsList__item__title  m-postsList__item__title--s1\">20e r\u00e9union du R\u00e9seau franco-allemand (Vienne)<\/p>\n\n\t\t\t\t\t\n\t\t\t\t\t\n\t\t\t\t\t\t<p class=\"m-postsList__item__meta m-postsList__item__meta--s1\">\n\n\t\t\t\t\t\t\t\t\t\t\t\t\t\t\n\t\t\t\t\t\t\t\t\t\t\t\t\t\t<span class=\"m-postsList__item__meta__label\">Datum: 25 October 2013 &#8211; Uhr: 08:30 Bis 13:00\t\t\t\t\t\t\t\n\t\t\t\t\t\t\t\t\t\t\t\t\t\t\t<span class=\"m-postsList__item__meta__label\"><br \/>Ort: <\/span> Vienne\t\t\t\t\t\t\t\n\t\t\t\t\t\t\t| <span class=\"m-postsList__item__meta__label\">Kategorie: <\/span>Deutsch-franz\u00f6sisches Netzwerk\t\t\t\t\t\t\n\t\t\t\t\t\t<\/p>\n\n\t\t\t\t\t\n\t\t\t\t\t\n\t\t\t\t\t\n\t\t\t\t\t\n\t\t\t\t\t\t\t\t\t\t<div class=\"m-actionContainer\">\n\t\t\t\t\t\t<div class=\"m-action\">\n\t\t\t\t\t\t\t<span>Mehr erfahren<\/span>\n\t\t\t\t\t\t<\/div>\n\t\t\t\t\t<\/div><!-- \/actionContainer -->\n\t\t\t\t\t\t\t\t\n\t\t\t\t<\/div><!-- \/postsList__item__child__content -->\n\t\t\t<\/div><!-- \/postsList__item__child -->\n\t\t<\/a><!-- \/postsList__item__link -->\n\t<\/div><!-- \/postsList__item -->\n\n\n\n\n\n                    \n                    \n                    \n                <\/div><!-- \/ end row -->\n\n                             \n\n            <\/div><!-- \/postsList__child -->\n        \n        <\/div><!-- \/postsList -->\n\n    <\/div><!-- \/lastAgendaContainer -->\n\n        \n<\/div><!-- \/lastAgenda flexible -->\n\n","protected":false},"excerpt":{"rendered":"","protected":false},"author":1,"featured_media":31141,"parent":0,"menu_order":4,"comment_status":"closed","ping_status":"closed","template":"page-agenda.php","meta":{"_acf_changed":false,"pmpro_default_level":"","neve_meta_sidebar":"","neve_meta_container":"","neve_meta_enable_content_width":"","neve_meta_content_width":0,"neve_meta_title_alignment":"","neve_meta_author_avatar":"","neve_post_elements_order":"","neve_meta_disable_header":"","neve_meta_disable_footer":"","neve_meta_disable_title":"","neve_meta_reading_time":"","footnotes":"","_links_to":"","_links_to_target":""},"class_list":["post-23727","page","type-page","status-publish","has-post-thumbnail","hentry","pmpro-has-access"],"acf":[],"yoast_head":"<!-- This site is optimized with the Yoast SEO plugin v27.4 - https:\/\/yoast.com\/product\/yoast-seo-wordpress\/ -->\n<title>Chambre Belge des Traducteurs et Interpr\u00e8tes | Belgische Kamer van Vertalers en Tolken<\/title>\n<meta name=\"description\" content=\"Erfahren Sie alles \u00fcber baldige Events der BKVT-CBTI: Konferenzen, Lehrg\u00e4nge, Workshops und mehr f\u00fcr berufliche \u00dcbersetzer und Dolmetscher.\" \/>\n<meta name=\"robots\" content=\"index, follow, max-snippet:-1, max-image-preview:large, max-video-preview:-1\" \/>\n<link rel=\"canonical\" href=\"https:\/\/www.cbti-bkvt.org\/de\/agenda\/\" \/>\n<meta property=\"og:locale\" content=\"de_DE\" \/>\n<meta property=\"og:type\" content=\"article\" \/>\n<meta property=\"og:title\" content=\"Agenda - Chambre Belge des Traducteurs et Interpr\u00e8tes | Belgische Kamer van Vertalers en Tolken\" \/>\n<meta property=\"og:description\" content=\"Erfahren Sie alles \u00fcber baldige Events der BKVT-CBTI: Konferenzen, Lehrg\u00e4nge, Workshops und mehr f\u00fcr berufliche \u00dcbersetzer und Dolmetscher.\" \/>\n<meta property=\"og:url\" content=\"https:\/\/www.cbti-bkvt.org\/de\/agenda\/\" \/>\n<meta property=\"og:site_name\" content=\"Chambre Belge des Traducteurs et Interpr\u00e8tes | Belgische Kamer van Vertalers en Tolken\" \/>\n<meta property=\"article:modified_time\" content=\"2025-01-07T07:49:34+00:00\" \/>\n<meta property=\"og:image\" content=\"https:\/\/www.cbti-bkvt.org\/wp-content\/uploads\/Page-Agenda-1024x683.jpg\" \/>\n\t<meta property=\"og:image:width\" content=\"1024\" \/>\n\t<meta property=\"og:image:height\" content=\"683\" \/>\n\t<meta property=\"og:image:type\" content=\"image\/jpeg\" \/>\n<meta name=\"twitter:card\" content=\"summary_large_image\" \/>\n<meta name=\"twitter:label1\" content=\"Est. reading time\" \/>\n\t<meta name=\"twitter:data1\" content=\"1 minute\" \/>\n<script type=\"application\/ld+json\" class=\"yoast-schema-graph\">{\"@context\":\"https:\\\/\\\/schema.org\",\"@graph\":[{\"@type\":\"WebPage\",\"@id\":\"https:\\\/\\\/www.cbti-bkvt.org\\\/de\\\/agenda\\\/\",\"url\":\"https:\\\/\\\/www.cbti-bkvt.org\\\/de\\\/agenda\\\/\",\"name\":\"Agenda - Chambre Belge des Traducteurs et Interpr\u00e8tes | Belgische Kamer van Vertalers en Tolken\",\"isPartOf\":{\"@id\":\"https:\\\/\\\/www.cbti-bkvt.org\\\/de\\\/#website\"},\"primaryImageOfPage\":{\"@id\":\"https:\\\/\\\/www.cbti-bkvt.org\\\/de\\\/agenda\\\/#primaryimage\"},\"image\":{\"@id\":\"https:\\\/\\\/www.cbti-bkvt.org\\\/de\\\/agenda\\\/#primaryimage\"},\"thumbnailUrl\":\"https:\\\/\\\/www.cbti-bkvt.org\\\/wp-content\\\/uploads\\\/Page-Agenda.jpg\",\"datePublished\":\"2022-03-10T15:36:24+00:00\",\"dateModified\":\"2025-01-07T07:49:34+00:00\",\"description\":\"Erfahren Sie alles \u00fcber baldige Events der BKVT-CBTI: Konferenzen, Lehrg\u00e4nge, Workshops und mehr f\u00fcr berufliche \u00dcbersetzer und Dolmetscher.\",\"breadcrumb\":{\"@id\":\"https:\\\/\\\/www.cbti-bkvt.org\\\/de\\\/agenda\\\/#breadcrumb\"},\"inLanguage\":\"de-DE\",\"potentialAction\":[{\"@type\":\"ReadAction\",\"target\":[\"https:\\\/\\\/www.cbti-bkvt.org\\\/de\\\/agenda\\\/\"]}]},{\"@type\":\"ImageObject\",\"inLanguage\":\"de-DE\",\"@id\":\"https:\\\/\\\/www.cbti-bkvt.org\\\/de\\\/agenda\\\/#primaryimage\",\"url\":\"https:\\\/\\\/www.cbti-bkvt.org\\\/wp-content\\\/uploads\\\/Page-Agenda.jpg\",\"contentUrl\":\"https:\\\/\\\/www.cbti-bkvt.org\\\/wp-content\\\/uploads\\\/Page-Agenda.jpg\",\"width\":5472,\"height\":3648},{\"@type\":\"BreadcrumbList\",\"@id\":\"https:\\\/\\\/www.cbti-bkvt.org\\\/de\\\/agenda\\\/#breadcrumb\",\"itemListElement\":[{\"@type\":\"ListItem\",\"position\":1,\"name\":\"Home\",\"item\":\"https:\\\/\\\/www.cbti-bkvt.org\\\/de\\\/\"},{\"@type\":\"ListItem\",\"position\":2,\"name\":\"Agenda\"}]},{\"@type\":\"WebSite\",\"@id\":\"https:\\\/\\\/www.cbti-bkvt.org\\\/de\\\/#website\",\"url\":\"https:\\\/\\\/www.cbti-bkvt.org\\\/de\\\/\",\"name\":\"Chambre Belge des Traducteurs et Interpr\u00e8tes | Belgische Kamer van Vertalers en Tolken\",\"description\":\"M\u00e9tiers de la traduction \u00e9crite, l\u2019interpr\u00e9tation de conf\u00e9rence, la traduction et l\u2019interpr\u00e9tation en milieu judiciaire.\",\"potentialAction\":[{\"@type\":\"SearchAction\",\"target\":{\"@type\":\"EntryPoint\",\"urlTemplate\":\"https:\\\/\\\/www.cbti-bkvt.org\\\/de\\\/?s={search_term_string}\"},\"query-input\":{\"@type\":\"PropertyValueSpecification\",\"valueRequired\":true,\"valueName\":\"search_term_string\"}}],\"inLanguage\":\"de-DE\"}]}<\/script>\n<!-- \/ Yoast SEO plugin. -->","yoast_head_json":{"title":"Chambre Belge des Traducteurs et Interpr\u00e8tes | Belgische Kamer van Vertalers en Tolken","description":"Erfahren Sie alles \u00fcber baldige Events der BKVT-CBTI: Konferenzen, Lehrg\u00e4nge, Workshops und mehr f\u00fcr berufliche \u00dcbersetzer und Dolmetscher.","robots":{"index":"index","follow":"follow","max-snippet":"max-snippet:-1","max-image-preview":"max-image-preview:large","max-video-preview":"max-video-preview:-1"},"canonical":"https:\/\/www.cbti-bkvt.org\/de\/agenda\/","og_locale":"de_DE","og_type":"article","og_title":"Agenda - Chambre Belge des Traducteurs et Interpr\u00e8tes | Belgische Kamer van Vertalers en Tolken","og_description":"Erfahren Sie alles \u00fcber baldige Events der BKVT-CBTI: Konferenzen, Lehrg\u00e4nge, Workshops und mehr f\u00fcr berufliche \u00dcbersetzer und Dolmetscher.","og_url":"https:\/\/www.cbti-bkvt.org\/de\/agenda\/","og_site_name":"Chambre Belge des Traducteurs et Interpr\u00e8tes | Belgische Kamer van Vertalers en Tolken","article_modified_time":"2025-01-07T07:49:34+00:00","og_image":[{"width":1024,"height":683,"url":"https:\/\/www.cbti-bkvt.org\/wp-content\/uploads\/Page-Agenda-1024x683.jpg","type":"image\/jpeg"}],"twitter_card":"summary_large_image","twitter_misc":{"Est. reading time":"1 minute"},"schema":{"@context":"https:\/\/schema.org","@graph":[{"@type":"WebPage","@id":"https:\/\/www.cbti-bkvt.org\/de\/agenda\/","url":"https:\/\/www.cbti-bkvt.org\/de\/agenda\/","name":"Agenda - Chambre Belge des Traducteurs et Interpr\u00e8tes | Belgische Kamer van Vertalers en Tolken","isPartOf":{"@id":"https:\/\/www.cbti-bkvt.org\/de\/#website"},"primaryImageOfPage":{"@id":"https:\/\/www.cbti-bkvt.org\/de\/agenda\/#primaryimage"},"image":{"@id":"https:\/\/www.cbti-bkvt.org\/de\/agenda\/#primaryimage"},"thumbnailUrl":"https:\/\/www.cbti-bkvt.org\/wp-content\/uploads\/Page-Agenda.jpg","datePublished":"2022-03-10T15:36:24+00:00","dateModified":"2025-01-07T07:49:34+00:00","description":"Erfahren Sie alles \u00fcber baldige Events der BKVT-CBTI: Konferenzen, Lehrg\u00e4nge, Workshops und mehr f\u00fcr berufliche \u00dcbersetzer und Dolmetscher.","breadcrumb":{"@id":"https:\/\/www.cbti-bkvt.org\/de\/agenda\/#breadcrumb"},"inLanguage":"de-DE","potentialAction":[{"@type":"ReadAction","target":["https:\/\/www.cbti-bkvt.org\/de\/agenda\/"]}]},{"@type":"ImageObject","inLanguage":"de-DE","@id":"https:\/\/www.cbti-bkvt.org\/de\/agenda\/#primaryimage","url":"https:\/\/www.cbti-bkvt.org\/wp-content\/uploads\/Page-Agenda.jpg","contentUrl":"https:\/\/www.cbti-bkvt.org\/wp-content\/uploads\/Page-Agenda.jpg","width":5472,"height":3648},{"@type":"BreadcrumbList","@id":"https:\/\/www.cbti-bkvt.org\/de\/agenda\/#breadcrumb","itemListElement":[{"@type":"ListItem","position":1,"name":"Home","item":"https:\/\/www.cbti-bkvt.org\/de\/"},{"@type":"ListItem","position":2,"name":"Agenda"}]},{"@type":"WebSite","@id":"https:\/\/www.cbti-bkvt.org\/de\/#website","url":"https:\/\/www.cbti-bkvt.org\/de\/","name":"Chambre Belge des Traducteurs et Interpr\u00e8tes | Belgische Kamer van Vertalers en Tolken","description":"M\u00e9tiers de la traduction \u00e9crite, l\u2019interpr\u00e9tation de conf\u00e9rence, la traduction et l\u2019interpr\u00e9tation en milieu judiciaire.","potentialAction":[{"@type":"SearchAction","target":{"@type":"EntryPoint","urlTemplate":"https:\/\/www.cbti-bkvt.org\/de\/?s={search_term_string}"},"query-input":{"@type":"PropertyValueSpecification","valueRequired":true,"valueName":"search_term_string"}}],"inLanguage":"de-DE"}]}},"_links":{"self":[{"href":"https:\/\/www.cbti-bkvt.org\/de\/wp-json\/wp\/v2\/pages\/23727","targetHints":{"allow":["GET"]}}],"collection":[{"href":"https:\/\/www.cbti-bkvt.org\/de\/wp-json\/wp\/v2\/pages"}],"about":[{"href":"https:\/\/www.cbti-bkvt.org\/de\/wp-json\/wp\/v2\/types\/page"}],"author":[{"embeddable":true,"href":"https:\/\/www.cbti-bkvt.org\/de\/wp-json\/wp\/v2\/users\/1"}],"replies":[{"embeddable":true,"href":"https:\/\/www.cbti-bkvt.org\/de\/wp-json\/wp\/v2\/comments?post=23727"}],"version-history":[{"count":1,"href":"https:\/\/www.cbti-bkvt.org\/de\/wp-json\/wp\/v2\/pages\/23727\/revisions"}],"predecessor-version":[{"id":31159,"href":"https:\/\/www.cbti-bkvt.org\/de\/wp-json\/wp\/v2\/pages\/23727\/revisions\/31159"}],"wp:featuredmedia":[{"embeddable":true,"href":"https:\/\/www.cbti-bkvt.org\/de\/wp-json\/wp\/v2\/media\/31141"}],"wp:attachment":[{"href":"https:\/\/www.cbti-bkvt.org\/de\/wp-json\/wp\/v2\/media?parent=23727"}],"curies":[{"name":"wp","href":"https:\/\/api.w.org\/{rel}","templated":true}]}}