{"id":23212,"date":"2014-09-30T17:37:34","date_gmt":"2014-09-30T17:37:34","guid":{"rendered":"https:\/\/www.cbti-bkvt.org\/evenement\/36th-translating-and-the-computer-conference\/"},"modified":"2023-12-17T15:42:41","modified_gmt":"2023-12-17T15:42:41","slug":"36th-translating-and-the-computer-conference","status":"publish","type":"evenement","link":"https:\/\/www.cbti-bkvt.org\/en\/evenement\/36th-translating-and-the-computer-conference\/","title":{"rendered":"36th Translating and the Computer Conference"},"content":{"rendered":"<h2>Translating and the Computer Conference<\/h2>\n<p>which is set to be held in London on 27 and 28 November 2014. BKVT\/CBTI members qualify for an early bird discount rate if they register before 27 October.<\/p>\n<p>Here is the invitation sent to us by our sister association who is hosting the event,\u00a0<a href=\"http:\/\/www.asling.org\/\">ASLING<\/a>.<\/p>\n<h3>Invitation<\/h3>\n<p>In its 36th session\u00a0<strong>Translating and the Computer<\/strong>\u00a0has moved from ASLIB to\u00a0<strong>ASLING<\/strong>. The conference often referred to as the &#8220;ASLIB Conference&#8221; is now the ASLING Translating and the Computer Conference.<\/p>\n<p><strong>Translating and the Computer<\/strong>\u00a0has always attracted a unique amalgam of researchers, developers and users. It brings together academics involved in language technology research and in teaching translation and terminology with those who develop, market and use tools for language transformation designed for translators, terminologists, interpreters, and voice-over specialists. Many of the participants are such users whether freelancers or working in translation departments of large organisations such as the European Parliament, European courts and the European Patent Office, the United Nations family, international companies and Language Services Providers (LSPs), large and small.<\/p>\n<p>First the computer, then the Internet and more recently the Cloud, are changing and remodelling expectations and processes in the language and localisation industries. These changes are accompanied by new requirements for standards and interoperability. The digital age is modifying the concept of text and quality. Content is a key item together with strings, chunks, segments and words.<\/p>\n<p>Thus this unique venue, in the heart of Westminster, is an occasion you simply cannot miss! A meeting of minds from all over the globe involved in translating and computers. A chance to hear about the latest advances, methods and tools, to discuss with experts, to gain in-depth knowledge in the workshops and take part in the great debate on &#8220;the advances expected in the next 6 years, the pressures, the pitfalls and what this signifies for continuous training&#8221; as well as a precious networking opportunity.<\/p>\n<p><a href=\"http:\/\/www.asling.org\/\">ASLING<\/a>\u00a0has taken over this hallmark conference to ensure that you have the opportunity to keep abreast and have your say.<\/p>\n<p>We look forward to welcoming you to London and a great start.<\/p>\n<h4>Chairs<\/h4>\n<ul>\n<li><strong>Juliet Macan<\/strong>, Arancho Doc srl. (Lead Chair 2014)<\/li>\n<li><strong>Jo\u00e3o Esteves-Ferreira<\/strong>, Tradulex, International Association for Quality Translation<\/li>\n<li><strong>Ruslan Mitkov<\/strong>, University of Wolverhampton<\/li>\n<li><strong>Olaf-Michael Stefanov<\/strong>, United Nations (ret), JIAMCATT<\/li>\n<\/ul>\n<h4>Programme Committee<\/h4>\n<ul>\n<li><strong>David Chambers<\/strong>, World Intellectual Property Organisation (ret)<\/li>\n<li><strong>Gloria Corpas Pastor<\/strong>, University of Malaga<\/li>\n<li><strong>Estelle Delpech<\/strong>, Nomao<\/li>\n<li><strong>Alain D\u00e9silets<\/strong>, National Research Council of Canada (NRC)<\/li>\n<li><strong>David Filip<\/strong>, LRC, CNGL, LT-Web, University of Limerick<\/li>\n<li><strong>Pamela Mayorcas<\/strong>, Fellow of the Institute of Translation &amp; Interpreting (FITI)<\/li>\n<li><strong>Paola Valli<\/strong>, University of Trieste<\/li>\n<li><strong>Nelson Ver\u00e1stegui<\/strong>, International Telecommunications Union (ITU)<\/li>\n<\/ul>\n<h4>Conference Manager<\/h4>\n<ul>\n<li><strong>Nicole Adamides<\/strong><\/li>\n<\/ul>\n<h4>Technical Advisor<\/h4>\n<ul>\n<li><strong>Jean-Marie Vande Walle<\/strong><\/li>\n<\/ul>\n<h3>Programme &amp; Information<\/h3>\n<p>View the\u00a0<strong>programme<\/strong>\u00a0we are preparing for you at the following link:\u00a0<a href=\"http:\/\/www.translatingandthecomputer.com\/#!programme\/cee5\">http:\/\/www.translatingandthecomputer.com\/#!programme\/cee5<\/a><\/p>\n<p>Visit our conference site often in the coming days and weeks, at\u00a0<a href=\"http:\/\/translatingandthecomputer.com\/\">http:\/\/translatingandthecomputer.com<\/a>\u00a0to see the programme develop and for new items. You will have the chance to indicate which workshops particularly interest you and contribute to the ongoing preparation for the &#8220;big debate&#8221;. We are convinced that your contributions will make the difference!<\/p>\n<h3>Registration<\/h3>\n<p><strong>Registration for the Conference is now open!<\/strong><\/p>\n<p><strong>Early bird<\/strong>\u00a0extended for members of the Belgian Chamber of Translators and Interpreters to\u00a0<strong>October 27th<\/strong>\u00a0at:\u00a0<a href=\"http:\/\/www.asling.org\/?page_id=220\">http:\/\/www.asling.org\/?page_id=220<\/a><\/p>\n<h3>Contact<\/h3>\n<p><strong>AsLing.org<\/strong><br \/>\nAssociation internationale pour la promotion des technologies linguistiques \/<br \/>\nInternational Association for Advancement in Language Technology<br \/>\nGen\u00e8ve<br \/>\n<a href=\"mailto:info@asling.org\">info@asling.org<\/a><br \/>\n<a href=\"http:\/\/www.asling.org\/\">www.asling.org<\/a><\/p>\n","protected":false},"featured_media":10069,"parent":0,"template":"","meta":{"_acf_changed":false,"pmpro_default_level":"","neve_meta_sidebar":"","neve_meta_container":"","neve_meta_enable_content_width":"","neve_meta_content_width":0,"neve_meta_title_alignment":"","neve_meta_author_avatar":"","neve_post_elements_order":"","neve_meta_disable_header":"","neve_meta_disable_footer":"","neve_meta_disable_title":"","neve_meta_reading_time":"","_links_to":"","_links_to_target":""},"evenement-type":[419,420,411,410],"class_list":["post-23212","evenement","type-evenement","status-publish","has-post-thumbnail","hentry","evenement-type-conferences-en","evenement-type-konferenzen","evenement-type-sonstige-veranstaltungen","evenement-type-third-party-activities","pmpro-has-access"],"acf":[],"yoast_head":"<!-- This site is optimized with the Yoast SEO plugin v27.4 - https:\/\/yoast.com\/product\/yoast-seo-wordpress\/ -->\n<title>Chambre Belge des Traducteurs et Interpr\u00e8tes | Belgische Kamer van Vertalers en Tolken<\/title>\n<meta name=\"robots\" content=\"index, follow, max-snippet:-1, max-image-preview:large, max-video-preview:-1\" \/>\n<link rel=\"canonical\" href=\"https:\/\/www.cbti-bkvt.org\/en\/evenement\/36th-translating-and-the-computer-conference\/\" \/>\n<meta property=\"og:locale\" content=\"en_US\" \/>\n<meta property=\"og:type\" content=\"article\" \/>\n<meta property=\"og:title\" content=\"36th Translating and the Computer Conference - Chambre Belge des Traducteurs et Interpr\u00e8tes | Belgische Kamer van Vertalers en Tolken\" \/>\n<meta property=\"og:description\" content=\"Translating and the Computer Conference which is set to be held in London on 27 and 28 November 2014. BKVT\/CBTI members qualify for an early bird discount rate if they register before 27 October. Here is the invitation sent to us by our sister association who is hosting the event,\u00a0ASLING. Invitation In its 36th session\u00a0Translating&hellip;&nbsp;Read More &raquo;36th Translating and the Computer Conference\" \/>\n<meta property=\"og:url\" content=\"https:\/\/www.cbti-bkvt.org\/en\/evenement\/36th-translating-and-the-computer-conference\/\" \/>\n<meta property=\"og:site_name\" content=\"Chambre Belge des Traducteurs et Interpr\u00e8tes | Belgische Kamer van Vertalers en Tolken\" \/>\n<meta property=\"article:modified_time\" content=\"2023-12-17T15:42:41+00:00\" \/>\n<meta property=\"og:image\" content=\"https:\/\/www.cbti-bkvt.org\/wp-content\/uploads\/london-eye-252540_1280-2.jpg\" \/>\n\t<meta property=\"og:image:width\" content=\"1000\" \/>\n\t<meta property=\"og:image:height\" content=\"666\" \/>\n\t<meta property=\"og:image:type\" content=\"image\/jpeg\" \/>\n<meta name=\"twitter:card\" content=\"summary_large_image\" \/>\n<meta name=\"twitter:label1\" content=\"Est. reading time\" \/>\n\t<meta name=\"twitter:data1\" content=\"4 minutes\" \/>\n<script type=\"application\/ld+json\" class=\"yoast-schema-graph\">{\"@context\":\"https:\\\/\\\/schema.org\",\"@graph\":[{\"@type\":\"WebPage\",\"@id\":\"https:\\\/\\\/www.cbti-bkvt.org\\\/en\\\/evenement\\\/36th-translating-and-the-computer-conference\\\/\",\"url\":\"https:\\\/\\\/www.cbti-bkvt.org\\\/en\\\/evenement\\\/36th-translating-and-the-computer-conference\\\/\",\"name\":\"36th Translating and the Computer Conference - Chambre Belge des Traducteurs et Interpr\u00e8tes | Belgische Kamer van Vertalers en Tolken\",\"isPartOf\":{\"@id\":\"https:\\\/\\\/www.cbti-bkvt.org\\\/en\\\/#website\"},\"primaryImageOfPage\":{\"@id\":\"https:\\\/\\\/www.cbti-bkvt.org\\\/en\\\/evenement\\\/36th-translating-and-the-computer-conference\\\/#primaryimage\"},\"image\":{\"@id\":\"https:\\\/\\\/www.cbti-bkvt.org\\\/en\\\/evenement\\\/36th-translating-and-the-computer-conference\\\/#primaryimage\"},\"thumbnailUrl\":\"https:\\\/\\\/www.cbti-bkvt.org\\\/wp-content\\\/uploads\\\/london-eye-252540_1280-2.jpg\",\"datePublished\":\"2014-09-30T17:37:34+00:00\",\"dateModified\":\"2023-12-17T15:42:41+00:00\",\"breadcrumb\":{\"@id\":\"https:\\\/\\\/www.cbti-bkvt.org\\\/en\\\/evenement\\\/36th-translating-and-the-computer-conference\\\/#breadcrumb\"},\"inLanguage\":\"en-US\",\"potentialAction\":[{\"@type\":\"ReadAction\",\"target\":[\"https:\\\/\\\/www.cbti-bkvt.org\\\/en\\\/evenement\\\/36th-translating-and-the-computer-conference\\\/\"]}]},{\"@type\":\"ImageObject\",\"inLanguage\":\"en-US\",\"@id\":\"https:\\\/\\\/www.cbti-bkvt.org\\\/en\\\/evenement\\\/36th-translating-and-the-computer-conference\\\/#primaryimage\",\"url\":\"https:\\\/\\\/www.cbti-bkvt.org\\\/wp-content\\\/uploads\\\/london-eye-252540_1280-2.jpg\",\"contentUrl\":\"https:\\\/\\\/www.cbti-bkvt.org\\\/wp-content\\\/uploads\\\/london-eye-252540_1280-2.jpg\",\"width\":1000,\"height\":666},{\"@type\":\"BreadcrumbList\",\"@id\":\"https:\\\/\\\/www.cbti-bkvt.org\\\/en\\\/evenement\\\/36th-translating-and-the-computer-conference\\\/#breadcrumb\",\"itemListElement\":[{\"@type\":\"ListItem\",\"position\":1,\"name\":\"Home\",\"item\":\"https:\\\/\\\/www.cbti-bkvt.org\\\/en\\\/\"},{\"@type\":\"ListItem\",\"position\":2,\"name\":\"\u00c9v\u00e8nements\",\"item\":\"https:\\\/\\\/www.cbti-bkvt.org\\\/en\\\/evenement\\\/\"},{\"@type\":\"ListItem\",\"position\":3,\"name\":\"36th Translating and the Computer Conference\"}]},{\"@type\":\"WebSite\",\"@id\":\"https:\\\/\\\/www.cbti-bkvt.org\\\/en\\\/#website\",\"url\":\"https:\\\/\\\/www.cbti-bkvt.org\\\/en\\\/\",\"name\":\"Chambre Belge des Traducteurs et Interpr\u00e8tes | Belgische Kamer van Vertalers en Tolken\",\"description\":\"M\u00e9tiers de la traduction \u00e9crite, l\u2019interpr\u00e9tation de conf\u00e9rence, la traduction et l\u2019interpr\u00e9tation en milieu judiciaire.\",\"potentialAction\":[{\"@type\":\"SearchAction\",\"target\":{\"@type\":\"EntryPoint\",\"urlTemplate\":\"https:\\\/\\\/www.cbti-bkvt.org\\\/en\\\/?s={search_term_string}\"},\"query-input\":{\"@type\":\"PropertyValueSpecification\",\"valueRequired\":true,\"valueName\":\"search_term_string\"}}],\"inLanguage\":\"en-US\"}]}<\/script>\n<!-- \/ Yoast SEO plugin. -->","yoast_head_json":{"title":"Chambre Belge des Traducteurs et Interpr\u00e8tes | Belgische Kamer van Vertalers en Tolken","robots":{"index":"index","follow":"follow","max-snippet":"max-snippet:-1","max-image-preview":"max-image-preview:large","max-video-preview":"max-video-preview:-1"},"canonical":"https:\/\/www.cbti-bkvt.org\/en\/evenement\/36th-translating-and-the-computer-conference\/","og_locale":"en_US","og_type":"article","og_title":"36th Translating and the Computer Conference - Chambre Belge des Traducteurs et Interpr\u00e8tes | Belgische Kamer van Vertalers en Tolken","og_description":"Translating and the Computer Conference which is set to be held in London on 27 and 28 November 2014. BKVT\/CBTI members qualify for an early bird discount rate if they register before 27 October. Here is the invitation sent to us by our sister association who is hosting the event,\u00a0ASLING. Invitation In its 36th session\u00a0Translating&hellip;&nbsp;Read More &raquo;36th Translating and the Computer Conference","og_url":"https:\/\/www.cbti-bkvt.org\/en\/evenement\/36th-translating-and-the-computer-conference\/","og_site_name":"Chambre Belge des Traducteurs et Interpr\u00e8tes | Belgische Kamer van Vertalers en Tolken","article_modified_time":"2023-12-17T15:42:41+00:00","og_image":[{"width":1000,"height":666,"url":"https:\/\/www.cbti-bkvt.org\/wp-content\/uploads\/london-eye-252540_1280-2.jpg","type":"image\/jpeg"}],"twitter_card":"summary_large_image","twitter_misc":{"Est. reading time":"4 minutes"},"schema":{"@context":"https:\/\/schema.org","@graph":[{"@type":"WebPage","@id":"https:\/\/www.cbti-bkvt.org\/en\/evenement\/36th-translating-and-the-computer-conference\/","url":"https:\/\/www.cbti-bkvt.org\/en\/evenement\/36th-translating-and-the-computer-conference\/","name":"36th Translating and the Computer Conference - Chambre Belge des Traducteurs et Interpr\u00e8tes | Belgische Kamer van Vertalers en Tolken","isPartOf":{"@id":"https:\/\/www.cbti-bkvt.org\/en\/#website"},"primaryImageOfPage":{"@id":"https:\/\/www.cbti-bkvt.org\/en\/evenement\/36th-translating-and-the-computer-conference\/#primaryimage"},"image":{"@id":"https:\/\/www.cbti-bkvt.org\/en\/evenement\/36th-translating-and-the-computer-conference\/#primaryimage"},"thumbnailUrl":"https:\/\/www.cbti-bkvt.org\/wp-content\/uploads\/london-eye-252540_1280-2.jpg","datePublished":"2014-09-30T17:37:34+00:00","dateModified":"2023-12-17T15:42:41+00:00","breadcrumb":{"@id":"https:\/\/www.cbti-bkvt.org\/en\/evenement\/36th-translating-and-the-computer-conference\/#breadcrumb"},"inLanguage":"en-US","potentialAction":[{"@type":"ReadAction","target":["https:\/\/www.cbti-bkvt.org\/en\/evenement\/36th-translating-and-the-computer-conference\/"]}]},{"@type":"ImageObject","inLanguage":"en-US","@id":"https:\/\/www.cbti-bkvt.org\/en\/evenement\/36th-translating-and-the-computer-conference\/#primaryimage","url":"https:\/\/www.cbti-bkvt.org\/wp-content\/uploads\/london-eye-252540_1280-2.jpg","contentUrl":"https:\/\/www.cbti-bkvt.org\/wp-content\/uploads\/london-eye-252540_1280-2.jpg","width":1000,"height":666},{"@type":"BreadcrumbList","@id":"https:\/\/www.cbti-bkvt.org\/en\/evenement\/36th-translating-and-the-computer-conference\/#breadcrumb","itemListElement":[{"@type":"ListItem","position":1,"name":"Home","item":"https:\/\/www.cbti-bkvt.org\/en\/"},{"@type":"ListItem","position":2,"name":"\u00c9v\u00e8nements","item":"https:\/\/www.cbti-bkvt.org\/en\/evenement\/"},{"@type":"ListItem","position":3,"name":"36th Translating and the Computer Conference"}]},{"@type":"WebSite","@id":"https:\/\/www.cbti-bkvt.org\/en\/#website","url":"https:\/\/www.cbti-bkvt.org\/en\/","name":"Chambre Belge des Traducteurs et Interpr\u00e8tes | Belgische Kamer van Vertalers en Tolken","description":"M\u00e9tiers de la traduction \u00e9crite, l\u2019interpr\u00e9tation de conf\u00e9rence, la traduction et l\u2019interpr\u00e9tation en milieu judiciaire.","potentialAction":[{"@type":"SearchAction","target":{"@type":"EntryPoint","urlTemplate":"https:\/\/www.cbti-bkvt.org\/en\/?s={search_term_string}"},"query-input":{"@type":"PropertyValueSpecification","valueRequired":true,"valueName":"search_term_string"}}],"inLanguage":"en-US"}]}},"_links":{"self":[{"href":"https:\/\/www.cbti-bkvt.org\/en\/wp-json\/wp\/v2\/evenement\/23212","targetHints":{"allow":["GET"]}}],"collection":[{"href":"https:\/\/www.cbti-bkvt.org\/en\/wp-json\/wp\/v2\/evenement"}],"about":[{"href":"https:\/\/www.cbti-bkvt.org\/en\/wp-json\/wp\/v2\/types\/evenement"}],"wp:featuredmedia":[{"embeddable":true,"href":"https:\/\/www.cbti-bkvt.org\/en\/wp-json\/wp\/v2\/media\/10069"}],"wp:attachment":[{"href":"https:\/\/www.cbti-bkvt.org\/en\/wp-json\/wp\/v2\/media?parent=23212"}],"wp:term":[{"taxonomy":"evenement-type","embeddable":true,"href":"https:\/\/www.cbti-bkvt.org\/en\/wp-json\/wp\/v2\/evenement-type?post=23212"}],"curies":[{"name":"wp","href":"https:\/\/api.w.org\/{rel}","templated":true}]}}