{"id":25129,"date":"2023-02-02T09:54:27","date_gmt":"2023-02-02T09:54:27","guid":{"rendered":"https:\/\/www.cbti-bkvt.org\/evenement\/nl-facturatie-taxatie-legalisatie-en-digitale-handtekening-een-serene-samenwerking-met-de-fod-justitie-in-de-praktijk\/"},"modified":"2023-02-02T09:54:27","modified_gmt":"2023-02-02T09:54:27","slug":"nl-facturatie-taxatie-legalisatie-en-digitale-handtekening-een-serene-samenwerking-met-de-fod-justitie-in-de-praktijk","status":"publish","type":"evenement","link":"https:\/\/www.cbti-bkvt.org\/en\/evenement\/nl-facturatie-taxatie-legalisatie-en-digitale-handtekening-een-serene-samenwerking-met-de-fod-justitie-in-de-praktijk\/","title":{"rendered":"[NL] Facturatie, taxatie, legalisatie en digitale handtekening: een serene samenwerking met de FOD Justitie in de praktijk"},"content":{"rendered":"<p><!--[NL] Facturatie, taxatie, legalisatie en digitale handtekening: een serene samenwerking met de FOD Justitie in de praktijk--><\/p>\n<p>Alles wat u moet weten over de kostenstaat en de mogelijke redenen voor de verwerping ervan, aangevuld met informatie over de berekening van de termijnen, de definitie van dringendheid, de goedkeuring van de prestaties en de vermeldingen op de vordering.<\/p>\n<p>De vorming behandelt vooral de praktische aspecten van een theorie die enkele schaduwzijden bevat.<\/p>\n<p>Deze praktische informatie wordt vervolledigd met de recentste ontwikkelingen: het verdwijnen van de legalisatiestempel, de elektronische legalisatie, de digitale handtekening.<\/p>\n<p>Ook de nieuwe digitale platforms van de FOD Justitie komen aan bod: JustInvoice en eLegalization.<\/p>\n<p>Alle deelnemers ontvangen een <strong>aanwezigheidsattest<\/strong> dat door de FOD Justitie erkend is als verplichte permanente vorming.<\/p>\n<h3>Sprekers<\/h3>\n<p>Rita Roggen (NL) en Francis Auquier (FR)<\/p>\n<h3>Plaats<\/h3>\n<p>KU Leuven Campus Brussel, Odisee Hogeschool<br \/>\nWarmoesberg&nbsp;43<br \/>\n1000&nbsp;Bruxelles<br \/>\nKruispunt met de Stormstraat<br \/>\n6e&nbsp;verdieping<\/p>\n<p>Ontvangst met koffie\/thee en koffiekoekjes vanaf 8.30 uur<\/p>\n<h3>Prijs voor de opleiding<\/h3>\n<p>\u20ac&nbsp;50 (leden BKVT) of \u20ac&nbsp;75 (niet-leden)<\/p>\n<p>Deze opleiding is onderdeel van de cyclus van drie opleidingen over het beroep van BVT en wordt <u>door de FOD Justitie erkend<\/u> als permanente vorming voor wie wil ingeschreven blijven in het Nationaal Register:<\/p>\n<ul>\n<li>18&nbsp;februari&nbsp;2023: facturatie en taxatie in de praktijk<\/li>\n<li>11&nbsp;maart&nbsp;2023: wetteksten die de grondslag van het beroep van BVT vormen<\/li>\n<li>29&nbsp;april&nbsp;2023: deontologie<\/li>\n<\/ul>\n<p>Speciale prijs voor de 3&nbsp;opleidingen van de cyclus:<br \/>\n\u20ac&nbsp;120 (leden BKVT), \u20ac&nbsp;180 (niet-leden)<\/p>\n<p>De opleidingen vinden enkel plaats als er voldoende inschrijvingen zijn.<\/p>\n<h3>Contactpersonen<\/h3>\n<p>Rita Roggen en Francis Auquier, <a href=\"mailto:jur@cbti-bkvt.org\">jur@cbti-bkvt.org<\/a><\/p>\n<h3>Inschrijvingen<\/h3>\n<p>Val\u00e9rie Yernault, <a href=\"mailto:secretariat@cbti-bkvt.org\">secretariat@cbti-bkvt.org<\/a><\/p>\n","protected":false},"featured_media":10609,"parent":0,"template":"","meta":{"_acf_changed":false,"pmpro_default_level":"","neve_meta_sidebar":"","neve_meta_container":"","neve_meta_enable_content_width":"","neve_meta_content_width":0,"neve_meta_title_alignment":"","neve_meta_author_avatar":"","neve_post_elements_order":"","neve_meta_disable_header":"","neve_meta_disable_footer":"","neve_meta_disable_title":"","neve_meta_reading_time":"","_links_to":"","_links_to_target":""},"evenement-type":[425],"class_list":["post-25129","evenement","type-evenement","status-publish","has-post-thumbnail","hentry","evenement-type-training","pmpro-has-access"],"acf":[],"yoast_head":"<!-- This site is optimized with the Yoast SEO plugin v27.4 - https:\/\/yoast.com\/product\/yoast-seo-wordpress\/ -->\n<title>Chambre Belge des Traducteurs et Interpr\u00e8tes | Belgische Kamer van Vertalers en Tolken<\/title>\n<meta name=\"robots\" content=\"index, follow, max-snippet:-1, max-image-preview:large, max-video-preview:-1\" \/>\n<link rel=\"canonical\" href=\"https:\/\/www.cbti-bkvt.org\/en\/evenement\/nl-facturatie-taxatie-legalisatie-en-digitale-handtekening-een-serene-samenwerking-met-de-fod-justitie-in-de-praktijk\/\" \/>\n<meta property=\"og:locale\" content=\"en_US\" \/>\n<meta property=\"og:type\" content=\"article\" \/>\n<meta property=\"og:title\" content=\"[NL] Facturatie, taxatie, legalisatie en digitale handtekening: een serene samenwerking met de FOD Justitie in de praktijk - Chambre Belge des Traducteurs et Interpr\u00e8tes | Belgische Kamer van Vertalers en Tolken\" \/>\n<meta property=\"og:description\" content=\"Alles wat u moet weten over de kostenstaat en de mogelijke redenen voor de verwerping ervan, aangevuld met informatie over de berekening van de termijnen, de definitie van dringendheid, de goedkeuring van de prestaties en de vermeldingen op de vordering. De vorming behandelt vooral de praktische aspecten van een theorie die enkele schaduwzijden bevat. Deze&hellip;&nbsp;Read More &raquo;[NL] Facturatie, taxatie, legalisatie en digitale handtekening: een serene samenwerking met de FOD Justitie in de praktijk\" \/>\n<meta property=\"og:url\" content=\"https:\/\/www.cbti-bkvt.org\/en\/evenement\/nl-facturatie-taxatie-legalisatie-en-digitale-handtekening-een-serene-samenwerking-met-de-fod-justitie-in-de-praktijk\/\" \/>\n<meta property=\"og:site_name\" content=\"Chambre Belge des Traducteurs et Interpr\u00e8tes | Belgische Kamer van Vertalers en Tolken\" \/>\n<meta name=\"twitter:card\" content=\"summary_large_image\" \/>\n<meta name=\"twitter:label1\" content=\"Est. reading time\" \/>\n\t<meta name=\"twitter:data1\" content=\"1 minute\" \/>\n<script type=\"application\/ld+json\" class=\"yoast-schema-graph\">{\"@context\":\"https:\\\/\\\/schema.org\",\"@graph\":[{\"@type\":\"WebPage\",\"@id\":\"https:\\\/\\\/www.cbti-bkvt.org\\\/en\\\/evenement\\\/nl-facturatie-taxatie-legalisatie-en-digitale-handtekening-een-serene-samenwerking-met-de-fod-justitie-in-de-praktijk\\\/\",\"url\":\"https:\\\/\\\/www.cbti-bkvt.org\\\/en\\\/evenement\\\/nl-facturatie-taxatie-legalisatie-en-digitale-handtekening-een-serene-samenwerking-met-de-fod-justitie-in-de-praktijk\\\/\",\"name\":\"[NL] Facturatie, taxatie, legalisatie en digitale handtekening: een serene samenwerking met de FOD Justitie in de praktijk - Chambre Belge des Traducteurs et Interpr\u00e8tes | Belgische Kamer van Vertalers en Tolken\",\"isPartOf\":{\"@id\":\"https:\\\/\\\/www.cbti-bkvt.org\\\/en\\\/#website\"},\"primaryImageOfPage\":{\"@id\":\"https:\\\/\\\/www.cbti-bkvt.org\\\/en\\\/evenement\\\/nl-facturatie-taxatie-legalisatie-en-digitale-handtekening-een-serene-samenwerking-met-de-fod-justitie-in-de-praktijk\\\/#primaryimage\"},\"image\":{\"@id\":\"https:\\\/\\\/www.cbti-bkvt.org\\\/en\\\/evenement\\\/nl-facturatie-taxatie-legalisatie-en-digitale-handtekening-een-serene-samenwerking-met-de-fod-justitie-in-de-praktijk\\\/#primaryimage\"},\"thumbnailUrl\":\"https:\\\/\\\/www.cbti-bkvt.org\\\/wp-content\\\/uploads\\\/CS_TIJ_Formation_2023-02-18_Taxation-3_Nouveau_format-min-2.jpg\",\"datePublished\":\"2023-02-02T09:54:27+00:00\",\"breadcrumb\":{\"@id\":\"https:\\\/\\\/www.cbti-bkvt.org\\\/en\\\/evenement\\\/nl-facturatie-taxatie-legalisatie-en-digitale-handtekening-een-serene-samenwerking-met-de-fod-justitie-in-de-praktijk\\\/#breadcrumb\"},\"inLanguage\":\"en-US\",\"potentialAction\":[{\"@type\":\"ReadAction\",\"target\":[\"https:\\\/\\\/www.cbti-bkvt.org\\\/en\\\/evenement\\\/nl-facturatie-taxatie-legalisatie-en-digitale-handtekening-een-serene-samenwerking-met-de-fod-justitie-in-de-praktijk\\\/\"]}]},{\"@type\":\"ImageObject\",\"inLanguage\":\"en-US\",\"@id\":\"https:\\\/\\\/www.cbti-bkvt.org\\\/en\\\/evenement\\\/nl-facturatie-taxatie-legalisatie-en-digitale-handtekening-een-serene-samenwerking-met-de-fod-justitie-in-de-praktijk\\\/#primaryimage\",\"url\":\"https:\\\/\\\/www.cbti-bkvt.org\\\/wp-content\\\/uploads\\\/CS_TIJ_Formation_2023-02-18_Taxation-3_Nouveau_format-min-2.jpg\",\"contentUrl\":\"https:\\\/\\\/www.cbti-bkvt.org\\\/wp-content\\\/uploads\\\/CS_TIJ_Formation_2023-02-18_Taxation-3_Nouveau_format-min-2.jpg\",\"width\":998,\"height\":676},{\"@type\":\"BreadcrumbList\",\"@id\":\"https:\\\/\\\/www.cbti-bkvt.org\\\/en\\\/evenement\\\/nl-facturatie-taxatie-legalisatie-en-digitale-handtekening-een-serene-samenwerking-met-de-fod-justitie-in-de-praktijk\\\/#breadcrumb\",\"itemListElement\":[{\"@type\":\"ListItem\",\"position\":1,\"name\":\"Home\",\"item\":\"https:\\\/\\\/www.cbti-bkvt.org\\\/en\\\/\"},{\"@type\":\"ListItem\",\"position\":2,\"name\":\"\u00c9v\u00e8nements\",\"item\":\"https:\\\/\\\/www.cbti-bkvt.org\\\/en\\\/evenement\\\/\"},{\"@type\":\"ListItem\",\"position\":3,\"name\":\"[NL] Facturatie, taxatie, legalisatie en digitale handtekening: een serene samenwerking met de FOD Justitie in de praktijk\"}]},{\"@type\":\"WebSite\",\"@id\":\"https:\\\/\\\/www.cbti-bkvt.org\\\/en\\\/#website\",\"url\":\"https:\\\/\\\/www.cbti-bkvt.org\\\/en\\\/\",\"name\":\"Chambre Belge des Traducteurs et Interpr\u00e8tes | Belgische Kamer van Vertalers en Tolken\",\"description\":\"M\u00e9tiers de la traduction \u00e9crite, l\u2019interpr\u00e9tation de conf\u00e9rence, la traduction et l\u2019interpr\u00e9tation en milieu judiciaire.\",\"potentialAction\":[{\"@type\":\"SearchAction\",\"target\":{\"@type\":\"EntryPoint\",\"urlTemplate\":\"https:\\\/\\\/www.cbti-bkvt.org\\\/en\\\/?s={search_term_string}\"},\"query-input\":{\"@type\":\"PropertyValueSpecification\",\"valueRequired\":true,\"valueName\":\"search_term_string\"}}],\"inLanguage\":\"en-US\"}]}<\/script>\n<!-- \/ Yoast SEO plugin. -->","yoast_head_json":{"title":"Chambre Belge des Traducteurs et Interpr\u00e8tes | Belgische Kamer van Vertalers en Tolken","robots":{"index":"index","follow":"follow","max-snippet":"max-snippet:-1","max-image-preview":"max-image-preview:large","max-video-preview":"max-video-preview:-1"},"canonical":"https:\/\/www.cbti-bkvt.org\/en\/evenement\/nl-facturatie-taxatie-legalisatie-en-digitale-handtekening-een-serene-samenwerking-met-de-fod-justitie-in-de-praktijk\/","og_locale":"en_US","og_type":"article","og_title":"[NL] Facturatie, taxatie, legalisatie en digitale handtekening: een serene samenwerking met de FOD Justitie in de praktijk - Chambre Belge des Traducteurs et Interpr\u00e8tes | Belgische Kamer van Vertalers en Tolken","og_description":"Alles wat u moet weten over de kostenstaat en de mogelijke redenen voor de verwerping ervan, aangevuld met informatie over de berekening van de termijnen, de definitie van dringendheid, de goedkeuring van de prestaties en de vermeldingen op de vordering. De vorming behandelt vooral de praktische aspecten van een theorie die enkele schaduwzijden bevat. Deze&hellip;&nbsp;Read More &raquo;[NL] Facturatie, taxatie, legalisatie en digitale handtekening: een serene samenwerking met de FOD Justitie in de praktijk","og_url":"https:\/\/www.cbti-bkvt.org\/en\/evenement\/nl-facturatie-taxatie-legalisatie-en-digitale-handtekening-een-serene-samenwerking-met-de-fod-justitie-in-de-praktijk\/","og_site_name":"Chambre Belge des Traducteurs et Interpr\u00e8tes | Belgische Kamer van Vertalers en Tolken","twitter_card":"summary_large_image","twitter_misc":{"Est. reading time":"1 minute"},"schema":{"@context":"https:\/\/schema.org","@graph":[{"@type":"WebPage","@id":"https:\/\/www.cbti-bkvt.org\/en\/evenement\/nl-facturatie-taxatie-legalisatie-en-digitale-handtekening-een-serene-samenwerking-met-de-fod-justitie-in-de-praktijk\/","url":"https:\/\/www.cbti-bkvt.org\/en\/evenement\/nl-facturatie-taxatie-legalisatie-en-digitale-handtekening-een-serene-samenwerking-met-de-fod-justitie-in-de-praktijk\/","name":"[NL] Facturatie, taxatie, legalisatie en digitale handtekening: een serene samenwerking met de FOD Justitie in de praktijk - Chambre Belge des Traducteurs et Interpr\u00e8tes | Belgische Kamer van Vertalers en Tolken","isPartOf":{"@id":"https:\/\/www.cbti-bkvt.org\/en\/#website"},"primaryImageOfPage":{"@id":"https:\/\/www.cbti-bkvt.org\/en\/evenement\/nl-facturatie-taxatie-legalisatie-en-digitale-handtekening-een-serene-samenwerking-met-de-fod-justitie-in-de-praktijk\/#primaryimage"},"image":{"@id":"https:\/\/www.cbti-bkvt.org\/en\/evenement\/nl-facturatie-taxatie-legalisatie-en-digitale-handtekening-een-serene-samenwerking-met-de-fod-justitie-in-de-praktijk\/#primaryimage"},"thumbnailUrl":"https:\/\/www.cbti-bkvt.org\/wp-content\/uploads\/CS_TIJ_Formation_2023-02-18_Taxation-3_Nouveau_format-min-2.jpg","datePublished":"2023-02-02T09:54:27+00:00","breadcrumb":{"@id":"https:\/\/www.cbti-bkvt.org\/en\/evenement\/nl-facturatie-taxatie-legalisatie-en-digitale-handtekening-een-serene-samenwerking-met-de-fod-justitie-in-de-praktijk\/#breadcrumb"},"inLanguage":"en-US","potentialAction":[{"@type":"ReadAction","target":["https:\/\/www.cbti-bkvt.org\/en\/evenement\/nl-facturatie-taxatie-legalisatie-en-digitale-handtekening-een-serene-samenwerking-met-de-fod-justitie-in-de-praktijk\/"]}]},{"@type":"ImageObject","inLanguage":"en-US","@id":"https:\/\/www.cbti-bkvt.org\/en\/evenement\/nl-facturatie-taxatie-legalisatie-en-digitale-handtekening-een-serene-samenwerking-met-de-fod-justitie-in-de-praktijk\/#primaryimage","url":"https:\/\/www.cbti-bkvt.org\/wp-content\/uploads\/CS_TIJ_Formation_2023-02-18_Taxation-3_Nouveau_format-min-2.jpg","contentUrl":"https:\/\/www.cbti-bkvt.org\/wp-content\/uploads\/CS_TIJ_Formation_2023-02-18_Taxation-3_Nouveau_format-min-2.jpg","width":998,"height":676},{"@type":"BreadcrumbList","@id":"https:\/\/www.cbti-bkvt.org\/en\/evenement\/nl-facturatie-taxatie-legalisatie-en-digitale-handtekening-een-serene-samenwerking-met-de-fod-justitie-in-de-praktijk\/#breadcrumb","itemListElement":[{"@type":"ListItem","position":1,"name":"Home","item":"https:\/\/www.cbti-bkvt.org\/en\/"},{"@type":"ListItem","position":2,"name":"\u00c9v\u00e8nements","item":"https:\/\/www.cbti-bkvt.org\/en\/evenement\/"},{"@type":"ListItem","position":3,"name":"[NL] Facturatie, taxatie, legalisatie en digitale handtekening: een serene samenwerking met de FOD Justitie in de praktijk"}]},{"@type":"WebSite","@id":"https:\/\/www.cbti-bkvt.org\/en\/#website","url":"https:\/\/www.cbti-bkvt.org\/en\/","name":"Chambre Belge des Traducteurs et Interpr\u00e8tes | Belgische Kamer van Vertalers en Tolken","description":"M\u00e9tiers de la traduction \u00e9crite, l\u2019interpr\u00e9tation de conf\u00e9rence, la traduction et l\u2019interpr\u00e9tation en milieu judiciaire.","potentialAction":[{"@type":"SearchAction","target":{"@type":"EntryPoint","urlTemplate":"https:\/\/www.cbti-bkvt.org\/en\/?s={search_term_string}"},"query-input":{"@type":"PropertyValueSpecification","valueRequired":true,"valueName":"search_term_string"}}],"inLanguage":"en-US"}]}},"_links":{"self":[{"href":"https:\/\/www.cbti-bkvt.org\/en\/wp-json\/wp\/v2\/evenement\/25129","targetHints":{"allow":["GET"]}}],"collection":[{"href":"https:\/\/www.cbti-bkvt.org\/en\/wp-json\/wp\/v2\/evenement"}],"about":[{"href":"https:\/\/www.cbti-bkvt.org\/en\/wp-json\/wp\/v2\/types\/evenement"}],"wp:featuredmedia":[{"embeddable":true,"href":"https:\/\/www.cbti-bkvt.org\/en\/wp-json\/wp\/v2\/media\/10609"}],"wp:attachment":[{"href":"https:\/\/www.cbti-bkvt.org\/en\/wp-json\/wp\/v2\/media?parent=25129"}],"wp:term":[{"taxonomy":"evenement-type","embeddable":true,"href":"https:\/\/www.cbti-bkvt.org\/en\/wp-json\/wp\/v2\/evenement-type?post=25129"}],"curies":[{"name":"wp","href":"https:\/\/api.w.org\/{rel}","templated":true}]}}