{"id":25134,"date":"2023-12-10T15:38:48","date_gmt":"2023-12-10T15:38:48","guid":{"rendered":"https:\/\/www.cbti-bkvt.org\/evenement\/uitnodiging-voor-de-plenaire-vergadering-van-linguajuris-op-10-november-2023\/"},"modified":"2024-01-28T09:19:33","modified_gmt":"2024-01-28T09:19:33","slug":"uitnodiging-voor-de-plenaire-vergadering-van-linguajuris-op-10-november-2023","status":"publish","type":"evenement","link":"https:\/\/www.cbti-bkvt.org\/en\/evenement\/uitnodiging-voor-de-plenaire-vergadering-van-linguajuris-op-10-november-2023\/","title":{"rendered":"Uitnodiging voor de plenaire vergadering van LinguaJuris op 10 november 2023"},"content":{"rendered":"\n<p>Net als in&nbsp;2022 organiseert de sectorcommissie van be\u00ebdigd vertalers en tolken van de BKVT (LINGUAJURIS) een plenaire vergadering met haar leden op&nbsp;<strong>vrijdag 10&nbsp;november&nbsp;2023, om&nbsp;18 uur<\/strong>, in Le Phare du Kanaal, in Brussel.<\/p>\n\n\n\n<p>Voor het team aan het hoofd van LinguaJuris, Francis Auquier, Gilles Plouvier en Rita Roggen, is het een uitgelezen moment om jullie meer uitleg te geven over de informatie die werd verstrekt tijdens contacten met de FOD Justitie en jullie op de hoogte te houden van de jongste ontwikkelingen m.b.t. het beroep.<\/p>\n\n\n\n<p>Deze plenaire vergadering is vooral bedoeld om gedachten uit te wisselen en standpunten en meningen te kennen te geven en te verhelderen. Alle BVT zijn van harte welkom.<\/p>\n\n\n\n<p>Inschrijven via het secretariaat, graag&nbsp;<strong>uiterlijk op 9&nbsp;november&nbsp;2023<\/strong>.<\/p>\n\n\n\n<p>We worden verwelkomd met een lichte maaltijd en een drankje om de avond te beginnen met een eerste infomoment in een gemoedelijke sfeer!<\/p>\n\n\n\n<p>Gelegenheidsadres:<\/p>\n\n\n\n<blockquote class=\"wp-block-quote is-layout-flow wp-block-quote-is-layout-flow\">\n<p>Koolmijnenkaai&nbsp;40, 1080&nbsp;Brussel<br><a href=\"https:\/\/lepharedukanaal.com\/\">https:\/\/lepharedukanaal.com\/<\/a><br>Zaal Pandora<\/p>\n<\/blockquote>\n\n\n\n<p>Inschrijvingen:&nbsp;<a href=\"mailto:secretariat@translators.be\">secretariat@translators.be<\/a><\/p>\n\n\n\n<p>Ben je nog geen lid? Vul dan vlug het lidmaatschapsformulier in en blijf zo op de hoogte van onze komende activiteiten!<\/p>\n\n\n\n<blockquote class=\"wp-block-quote is-layout-flow wp-block-quote-is-layout-flow\"><cite><a href=\"https:\/\/www.cbti-bkvt.org\/en\/adherer-a-la-cbti\/\">https:\/\/www.cbti-bkvt.org\/adherer-a-la-cbti\/<\/a><\/cite><\/blockquote>\n","protected":false},"featured_media":24775,"parent":0,"template":"","meta":{"_acf_changed":false,"pmpro_default_level":"","neve_meta_sidebar":"","neve_meta_container":"","neve_meta_enable_content_width":"","neve_meta_content_width":0,"neve_meta_title_alignment":"","neve_meta_author_avatar":"","neve_post_elements_order":"","neve_meta_disable_header":"","neve_meta_disable_footer":"","neve_meta_disable_title":"","neve_meta_reading_time":"","_links_to":"","_links_to_target":""},"evenement-type":[416,437],"class_list":["post-25134","evenement","type-evenement","status-publish","has-post-thumbnail","hentry","evenement-type-sectoral-committees","evenement-type-sworn-translators-interpreters","pmpro-has-access"],"acf":[],"yoast_head":"<!-- This site is optimized with the Yoast SEO plugin v27.4 - https:\/\/yoast.com\/product\/yoast-seo-wordpress\/ -->\n<title>Chambre Belge des Traducteurs et Interpr\u00e8tes | Belgische Kamer van Vertalers en Tolken<\/title>\n<meta name=\"robots\" content=\"index, follow, max-snippet:-1, max-image-preview:large, max-video-preview:-1\" \/>\n<link rel=\"canonical\" href=\"https:\/\/www.cbti-bkvt.org\/en\/evenement\/uitnodiging-voor-de-plenaire-vergadering-van-linguajuris-op-10-november-2023\/\" \/>\n<meta property=\"og:locale\" content=\"en_US\" \/>\n<meta property=\"og:type\" content=\"article\" \/>\n<meta property=\"og:title\" content=\"Uitnodiging voor de plenaire vergadering van LinguaJuris op 10 november 2023 - Chambre Belge des Traducteurs et Interpr\u00e8tes | Belgische Kamer van Vertalers en Tolken\" \/>\n<meta property=\"og:description\" content=\"Net als in&nbsp;2022 organiseert de sectorcommissie van be\u00ebdigd vertalers en tolken van de BKVT (LINGUAJURIS) een plenaire vergadering met haar leden op&nbsp;vrijdag 10&nbsp;november&nbsp;2023, om&nbsp;18 uur, in Le Phare du Kanaal, in Brussel. Voor het team aan het hoofd van LinguaJuris, Francis Auquier, Gilles Plouvier en Rita Roggen, is het een uitgelezen moment om jullie meer&hellip;&nbsp;Read More &raquo;Uitnodiging voor de plenaire vergadering van LinguaJuris op 10 november 2023\" \/>\n<meta property=\"og:url\" content=\"https:\/\/www.cbti-bkvt.org\/en\/evenement\/uitnodiging-voor-de-plenaire-vergadering-van-linguajuris-op-10-november-2023\/\" \/>\n<meta property=\"og:site_name\" content=\"Chambre Belge des Traducteurs et Interpr\u00e8tes | Belgische Kamer van Vertalers en Tolken\" \/>\n<meta property=\"article:modified_time\" content=\"2024-01-28T09:19:33+00:00\" \/>\n<meta property=\"og:image\" content=\"https:\/\/www.cbti-bkvt.org\/wp-content\/uploads\/IMG_2893-min.jpeg\" \/>\n\t<meta property=\"og:image:width\" content=\"1000\" \/>\n\t<meta property=\"og:image:height\" content=\"609\" \/>\n\t<meta property=\"og:image:type\" content=\"image\/jpeg\" \/>\n<meta name=\"twitter:card\" content=\"summary_large_image\" \/>\n<meta name=\"twitter:label1\" content=\"Est. reading time\" \/>\n\t<meta name=\"twitter:data1\" content=\"1 minute\" \/>\n<script type=\"application\/ld+json\" class=\"yoast-schema-graph\">{\"@context\":\"https:\\\/\\\/schema.org\",\"@graph\":[{\"@type\":\"WebPage\",\"@id\":\"https:\\\/\\\/www.cbti-bkvt.org\\\/en\\\/evenement\\\/uitnodiging-voor-de-plenaire-vergadering-van-linguajuris-op-10-november-2023\\\/\",\"url\":\"https:\\\/\\\/www.cbti-bkvt.org\\\/en\\\/evenement\\\/uitnodiging-voor-de-plenaire-vergadering-van-linguajuris-op-10-november-2023\\\/\",\"name\":\"Uitnodiging voor de plenaire vergadering van LinguaJuris op 10 november 2023 - Chambre Belge des Traducteurs et Interpr\u00e8tes | Belgische Kamer van Vertalers en Tolken\",\"isPartOf\":{\"@id\":\"https:\\\/\\\/www.cbti-bkvt.org\\\/en\\\/#website\"},\"primaryImageOfPage\":{\"@id\":\"https:\\\/\\\/www.cbti-bkvt.org\\\/en\\\/evenement\\\/uitnodiging-voor-de-plenaire-vergadering-van-linguajuris-op-10-november-2023\\\/#primaryimage\"},\"image\":{\"@id\":\"https:\\\/\\\/www.cbti-bkvt.org\\\/en\\\/evenement\\\/uitnodiging-voor-de-plenaire-vergadering-van-linguajuris-op-10-november-2023\\\/#primaryimage\"},\"thumbnailUrl\":\"https:\\\/\\\/www.cbti-bkvt.org\\\/wp-content\\\/uploads\\\/IMG_2893-min.jpeg\",\"datePublished\":\"2023-12-10T15:38:48+00:00\",\"dateModified\":\"2024-01-28T09:19:33+00:00\",\"breadcrumb\":{\"@id\":\"https:\\\/\\\/www.cbti-bkvt.org\\\/en\\\/evenement\\\/uitnodiging-voor-de-plenaire-vergadering-van-linguajuris-op-10-november-2023\\\/#breadcrumb\"},\"inLanguage\":\"en-US\",\"potentialAction\":[{\"@type\":\"ReadAction\",\"target\":[\"https:\\\/\\\/www.cbti-bkvt.org\\\/en\\\/evenement\\\/uitnodiging-voor-de-plenaire-vergadering-van-linguajuris-op-10-november-2023\\\/\"]}]},{\"@type\":\"ImageObject\",\"inLanguage\":\"en-US\",\"@id\":\"https:\\\/\\\/www.cbti-bkvt.org\\\/en\\\/evenement\\\/uitnodiging-voor-de-plenaire-vergadering-van-linguajuris-op-10-november-2023\\\/#primaryimage\",\"url\":\"https:\\\/\\\/www.cbti-bkvt.org\\\/wp-content\\\/uploads\\\/IMG_2893-min.jpeg\",\"contentUrl\":\"https:\\\/\\\/www.cbti-bkvt.org\\\/wp-content\\\/uploads\\\/IMG_2893-min.jpeg\",\"width\":1000,\"height\":609},{\"@type\":\"BreadcrumbList\",\"@id\":\"https:\\\/\\\/www.cbti-bkvt.org\\\/en\\\/evenement\\\/uitnodiging-voor-de-plenaire-vergadering-van-linguajuris-op-10-november-2023\\\/#breadcrumb\",\"itemListElement\":[{\"@type\":\"ListItem\",\"position\":1,\"name\":\"Home\",\"item\":\"https:\\\/\\\/www.cbti-bkvt.org\\\/en\\\/\"},{\"@type\":\"ListItem\",\"position\":2,\"name\":\"\u00c9v\u00e8nements\",\"item\":\"https:\\\/\\\/www.cbti-bkvt.org\\\/en\\\/evenement\\\/\"},{\"@type\":\"ListItem\",\"position\":3,\"name\":\"Uitnodiging voor de plenaire vergadering van LinguaJuris op 10 november 2023\"}]},{\"@type\":\"WebSite\",\"@id\":\"https:\\\/\\\/www.cbti-bkvt.org\\\/en\\\/#website\",\"url\":\"https:\\\/\\\/www.cbti-bkvt.org\\\/en\\\/\",\"name\":\"Chambre Belge des Traducteurs et Interpr\u00e8tes | Belgische Kamer van Vertalers en Tolken\",\"description\":\"M\u00e9tiers de la traduction \u00e9crite, l\u2019interpr\u00e9tation de conf\u00e9rence, la traduction et l\u2019interpr\u00e9tation en milieu judiciaire.\",\"potentialAction\":[{\"@type\":\"SearchAction\",\"target\":{\"@type\":\"EntryPoint\",\"urlTemplate\":\"https:\\\/\\\/www.cbti-bkvt.org\\\/en\\\/?s={search_term_string}\"},\"query-input\":{\"@type\":\"PropertyValueSpecification\",\"valueRequired\":true,\"valueName\":\"search_term_string\"}}],\"inLanguage\":\"en-US\"}]}<\/script>\n<!-- \/ Yoast SEO plugin. -->","yoast_head_json":{"title":"Chambre Belge des Traducteurs et Interpr\u00e8tes | Belgische Kamer van Vertalers en Tolken","robots":{"index":"index","follow":"follow","max-snippet":"max-snippet:-1","max-image-preview":"max-image-preview:large","max-video-preview":"max-video-preview:-1"},"canonical":"https:\/\/www.cbti-bkvt.org\/en\/evenement\/uitnodiging-voor-de-plenaire-vergadering-van-linguajuris-op-10-november-2023\/","og_locale":"en_US","og_type":"article","og_title":"Uitnodiging voor de plenaire vergadering van LinguaJuris op 10 november 2023 - Chambre Belge des Traducteurs et Interpr\u00e8tes | Belgische Kamer van Vertalers en Tolken","og_description":"Net als in&nbsp;2022 organiseert de sectorcommissie van be\u00ebdigd vertalers en tolken van de BKVT (LINGUAJURIS) een plenaire vergadering met haar leden op&nbsp;vrijdag 10&nbsp;november&nbsp;2023, om&nbsp;18 uur, in Le Phare du Kanaal, in Brussel. Voor het team aan het hoofd van LinguaJuris, Francis Auquier, Gilles Plouvier en Rita Roggen, is het een uitgelezen moment om jullie meer&hellip;&nbsp;Read More &raquo;Uitnodiging voor de plenaire vergadering van LinguaJuris op 10 november 2023","og_url":"https:\/\/www.cbti-bkvt.org\/en\/evenement\/uitnodiging-voor-de-plenaire-vergadering-van-linguajuris-op-10-november-2023\/","og_site_name":"Chambre Belge des Traducteurs et Interpr\u00e8tes | Belgische Kamer van Vertalers en Tolken","article_modified_time":"2024-01-28T09:19:33+00:00","og_image":[{"width":1000,"height":609,"url":"https:\/\/www.cbti-bkvt.org\/wp-content\/uploads\/IMG_2893-min.jpeg","type":"image\/jpeg"}],"twitter_card":"summary_large_image","twitter_misc":{"Est. reading time":"1 minute"},"schema":{"@context":"https:\/\/schema.org","@graph":[{"@type":"WebPage","@id":"https:\/\/www.cbti-bkvt.org\/en\/evenement\/uitnodiging-voor-de-plenaire-vergadering-van-linguajuris-op-10-november-2023\/","url":"https:\/\/www.cbti-bkvt.org\/en\/evenement\/uitnodiging-voor-de-plenaire-vergadering-van-linguajuris-op-10-november-2023\/","name":"Uitnodiging voor de plenaire vergadering van LinguaJuris op 10 november 2023 - Chambre Belge des Traducteurs et Interpr\u00e8tes | Belgische Kamer van Vertalers en Tolken","isPartOf":{"@id":"https:\/\/www.cbti-bkvt.org\/en\/#website"},"primaryImageOfPage":{"@id":"https:\/\/www.cbti-bkvt.org\/en\/evenement\/uitnodiging-voor-de-plenaire-vergadering-van-linguajuris-op-10-november-2023\/#primaryimage"},"image":{"@id":"https:\/\/www.cbti-bkvt.org\/en\/evenement\/uitnodiging-voor-de-plenaire-vergadering-van-linguajuris-op-10-november-2023\/#primaryimage"},"thumbnailUrl":"https:\/\/www.cbti-bkvt.org\/wp-content\/uploads\/IMG_2893-min.jpeg","datePublished":"2023-12-10T15:38:48+00:00","dateModified":"2024-01-28T09:19:33+00:00","breadcrumb":{"@id":"https:\/\/www.cbti-bkvt.org\/en\/evenement\/uitnodiging-voor-de-plenaire-vergadering-van-linguajuris-op-10-november-2023\/#breadcrumb"},"inLanguage":"en-US","potentialAction":[{"@type":"ReadAction","target":["https:\/\/www.cbti-bkvt.org\/en\/evenement\/uitnodiging-voor-de-plenaire-vergadering-van-linguajuris-op-10-november-2023\/"]}]},{"@type":"ImageObject","inLanguage":"en-US","@id":"https:\/\/www.cbti-bkvt.org\/en\/evenement\/uitnodiging-voor-de-plenaire-vergadering-van-linguajuris-op-10-november-2023\/#primaryimage","url":"https:\/\/www.cbti-bkvt.org\/wp-content\/uploads\/IMG_2893-min.jpeg","contentUrl":"https:\/\/www.cbti-bkvt.org\/wp-content\/uploads\/IMG_2893-min.jpeg","width":1000,"height":609},{"@type":"BreadcrumbList","@id":"https:\/\/www.cbti-bkvt.org\/en\/evenement\/uitnodiging-voor-de-plenaire-vergadering-van-linguajuris-op-10-november-2023\/#breadcrumb","itemListElement":[{"@type":"ListItem","position":1,"name":"Home","item":"https:\/\/www.cbti-bkvt.org\/en\/"},{"@type":"ListItem","position":2,"name":"\u00c9v\u00e8nements","item":"https:\/\/www.cbti-bkvt.org\/en\/evenement\/"},{"@type":"ListItem","position":3,"name":"Uitnodiging voor de plenaire vergadering van LinguaJuris op 10 november 2023"}]},{"@type":"WebSite","@id":"https:\/\/www.cbti-bkvt.org\/en\/#website","url":"https:\/\/www.cbti-bkvt.org\/en\/","name":"Chambre Belge des Traducteurs et Interpr\u00e8tes | Belgische Kamer van Vertalers en Tolken","description":"M\u00e9tiers de la traduction \u00e9crite, l\u2019interpr\u00e9tation de conf\u00e9rence, la traduction et l\u2019interpr\u00e9tation en milieu judiciaire.","potentialAction":[{"@type":"SearchAction","target":{"@type":"EntryPoint","urlTemplate":"https:\/\/www.cbti-bkvt.org\/en\/?s={search_term_string}"},"query-input":{"@type":"PropertyValueSpecification","valueRequired":true,"valueName":"search_term_string"}}],"inLanguage":"en-US"}]}},"_links":{"self":[{"href":"https:\/\/www.cbti-bkvt.org\/en\/wp-json\/wp\/v2\/evenement\/25134","targetHints":{"allow":["GET"]}}],"collection":[{"href":"https:\/\/www.cbti-bkvt.org\/en\/wp-json\/wp\/v2\/evenement"}],"about":[{"href":"https:\/\/www.cbti-bkvt.org\/en\/wp-json\/wp\/v2\/types\/evenement"}],"wp:featuredmedia":[{"embeddable":true,"href":"https:\/\/www.cbti-bkvt.org\/en\/wp-json\/wp\/v2\/media\/24775"}],"wp:attachment":[{"href":"https:\/\/www.cbti-bkvt.org\/en\/wp-json\/wp\/v2\/media?parent=25134"}],"wp:term":[{"taxonomy":"evenement-type","embeddable":true,"href":"https:\/\/www.cbti-bkvt.org\/en\/wp-json\/wp\/v2\/evenement-type?post=25134"}],"curies":[{"name":"wp","href":"https:\/\/api.w.org\/{rel}","templated":true}]}}