{"id":25171,"date":"2014-07-07T18:45:48","date_gmt":"2014-07-07T18:45:48","guid":{"rendered":"https:\/\/www.cbti-bkvt.org\/evenement\/colloque-annuel-de-lunplib-le-climat-fiscal-au-sein-des-professions-liberales\/"},"modified":"2024-01-28T14:23:34","modified_gmt":"2024-01-28T14:23:34","slug":"colloque-annuel-de-lunplib-le-climat-fiscal-au-sein-des-professions-liberales","status":"publish","type":"evenement","link":"https:\/\/www.cbti-bkvt.org\/en\/evenement\/colloque-annuel-de-lunplib-le-climat-fiscal-au-sein-des-professions-liberales\/","title":{"rendered":"Colloque annuel de l&#8217;Unplib: &#8220;Le climat fiscal au sein des professions lib\u00e9rales&#8221;"},"content":{"rendered":"<p>L&#8217;Unplib organise son colloque annuel le jeudi 9 octobre 2014 d\u00e8s 18h00, au sein des b\u00e2timents ING de Marnix \u00e0 Bruxelles.<\/p>\n<p>Ce colloque aura pour th\u00e8me &#8220;Le climat fiscal au sein des professions lib\u00e9rales&#8221;.<\/p>\n<h4>Programme:<\/h4>\n<ul>\n<li>Allocution d\u2019Eric Thiry, Pr\u00e9sident de l&#8217;Unplib<\/li>\n<li>Allocution de Christine Lhoste, Secr\u00e9taire g\u00e9n\u00e9rale de l&#8217;UCM et Administrateur d\u00e9l\u00e9gu\u00e9 de l&#8217;Unplib<\/li>\n<li>M. Mercier, ing\u00e9nieur commercial \u00e0 Solvay, abordera le th\u00e8me du passage en soci\u00e9t\u00e9 pour les titulaires de professions lib\u00e9rales<\/li>\n<li>Une table ronde regroupant diff\u00e9rents intervenants cl\u00e9 de la fiscalit\u00e9 et des repr\u00e9sentants des professions lib\u00e9rales. Parmi eux, Laurent Tainmont, avocat membre du Barreau de Bruxelles, Directeur des cours fiscaux de la CBC Bruxelles, M. Rosoux, Auditeur g\u00e9n\u00e9ral au sein du SPF Finances, M. Mercier, ing\u00e9nieur commercial \u00e0 Solvay, etc.<\/li>\n<\/ul>\n<p>M. Conter, Pr\u00e9sident de l&#8217;IPCF, sera le mod\u00e9rateur de cette table ronde et en assurera \u00e9galement son introduction.<\/p>\n<p>La partie acad\u00e9mique sera suivie d&#8217;un cocktail.<\/p>\n<p><a rel=\"nofollow noopener\" target=\"_blank\" href=\"http:\/\/www.unplib.be\"><a href=\"http:\/\/www.unplib.be\">http:\/\/www.unplib.be<\/a><\/a><\/p>\n\n\n<ul class=\"wp-block-list\">\n<li><a href=\"https:\/\/www.cbti-bkvt.org\/wp-content\/uploads\/UNPLIB_Invitation-Colloque_210-100_B_08-2014-2.pdf\" target=\"_blank\" rel=\"noreferrer noopener\">Programme du colloque de l&#8217;Unplib: &#8220;Le climat fiscal au sein des professions lib\u00e9rales&#8221;\u00a0<\/a>[PDF]<\/li>\n<\/ul>\n","protected":false},"featured_media":10033,"parent":0,"template":"","meta":{"_acf_changed":false,"pmpro_default_level":"","neve_meta_sidebar":"","neve_meta_container":"","neve_meta_enable_content_width":"","neve_meta_content_width":0,"neve_meta_title_alignment":"","neve_meta_author_avatar":"","neve_post_elements_order":"","neve_meta_disable_header":"","neve_meta_disable_footer":"","neve_meta_disable_title":"","neve_meta_reading_time":"","_links_to":"","_links_to_target":""},"evenement-type":[419,410],"class_list":["post-25171","evenement","type-evenement","status-publish","has-post-thumbnail","hentry","evenement-type-conferences-en","evenement-type-third-party-activities","pmpro-has-access"],"acf":[],"yoast_head":"<!-- This site is optimized with the Yoast SEO plugin v27.4 - https:\/\/yoast.com\/product\/yoast-seo-wordpress\/ -->\n<title>Chambre Belge des Traducteurs et Interpr\u00e8tes | Belgische Kamer van Vertalers en Tolken<\/title>\n<meta name=\"robots\" content=\"index, follow, max-snippet:-1, max-image-preview:large, max-video-preview:-1\" \/>\n<link rel=\"canonical\" href=\"https:\/\/www.cbti-bkvt.org\/en\/evenement\/colloque-annuel-de-lunplib-le-climat-fiscal-au-sein-des-professions-liberales\/\" \/>\n<meta property=\"og:locale\" content=\"en_US\" \/>\n<meta property=\"og:type\" content=\"article\" \/>\n<meta property=\"og:title\" content=\"Colloque annuel de l&#039;Unplib: &quot;Le climat fiscal au sein des professions lib\u00e9rales&quot; - Chambre Belge des Traducteurs et Interpr\u00e8tes | Belgische Kamer van Vertalers en Tolken\" \/>\n<meta property=\"og:description\" content=\"L&#8217;Unplib organise son colloque annuel le jeudi 9 octobre 2014 d\u00e8s 18h00, au sein des b\u00e2timents ING de Marnix \u00e0 Bruxelles. Ce colloque aura pour th\u00e8me &#8220;Le climat fiscal au sein des professions lib\u00e9rales&#8221;. Programme: Allocution d\u2019Eric Thiry, Pr\u00e9sident de l&#8217;Unplib Allocution de Christine Lhoste, Secr\u00e9taire g\u00e9n\u00e9rale de l&#8217;UCM et Administrateur d\u00e9l\u00e9gu\u00e9 de l&#8217;Unplib M.&hellip;&nbsp;Read More &raquo;Colloque annuel de l&#8217;Unplib: &#8220;Le climat fiscal au sein des professions lib\u00e9rales&#8221;\" \/>\n<meta property=\"og:url\" content=\"https:\/\/www.cbti-bkvt.org\/en\/evenement\/colloque-annuel-de-lunplib-le-climat-fiscal-au-sein-des-professions-liberales\/\" \/>\n<meta property=\"og:site_name\" content=\"Chambre Belge des Traducteurs et Interpr\u00e8tes | Belgische Kamer van Vertalers en Tolken\" \/>\n<meta property=\"article:modified_time\" content=\"2024-01-28T14:23:34+00:00\" \/>\n<meta property=\"og:image\" content=\"https:\/\/www.cbti-bkvt.org\/wp-content\/uploads\/5225003774_89de373b9c_o-2-1024x683.jpg\" \/>\n\t<meta property=\"og:image:width\" content=\"1024\" \/>\n\t<meta property=\"og:image:height\" content=\"683\" \/>\n\t<meta property=\"og:image:type\" content=\"image\/jpeg\" \/>\n<meta name=\"twitter:card\" content=\"summary_large_image\" \/>\n<meta name=\"twitter:label1\" content=\"Est. reading time\" \/>\n\t<meta name=\"twitter:data1\" content=\"1 minute\" \/>\n<script type=\"application\/ld+json\" class=\"yoast-schema-graph\">{\"@context\":\"https:\\\/\\\/schema.org\",\"@graph\":[{\"@type\":\"WebPage\",\"@id\":\"https:\\\/\\\/www.cbti-bkvt.org\\\/en\\\/evenement\\\/colloque-annuel-de-lunplib-le-climat-fiscal-au-sein-des-professions-liberales\\\/\",\"url\":\"https:\\\/\\\/www.cbti-bkvt.org\\\/en\\\/evenement\\\/colloque-annuel-de-lunplib-le-climat-fiscal-au-sein-des-professions-liberales\\\/\",\"name\":\"Colloque annuel de l'Unplib: \\\"Le climat fiscal au sein des professions lib\u00e9rales\\\" - Chambre Belge des Traducteurs et Interpr\u00e8tes | Belgische Kamer van Vertalers en Tolken\",\"isPartOf\":{\"@id\":\"https:\\\/\\\/www.cbti-bkvt.org\\\/en\\\/#website\"},\"primaryImageOfPage\":{\"@id\":\"https:\\\/\\\/www.cbti-bkvt.org\\\/en\\\/evenement\\\/colloque-annuel-de-lunplib-le-climat-fiscal-au-sein-des-professions-liberales\\\/#primaryimage\"},\"image\":{\"@id\":\"https:\\\/\\\/www.cbti-bkvt.org\\\/en\\\/evenement\\\/colloque-annuel-de-lunplib-le-climat-fiscal-au-sein-des-professions-liberales\\\/#primaryimage\"},\"thumbnailUrl\":\"https:\\\/\\\/www.cbti-bkvt.org\\\/wp-content\\\/uploads\\\/5225003774_89de373b9c_o-2.jpg\",\"datePublished\":\"2014-07-07T18:45:48+00:00\",\"dateModified\":\"2024-01-28T14:23:34+00:00\",\"breadcrumb\":{\"@id\":\"https:\\\/\\\/www.cbti-bkvt.org\\\/en\\\/evenement\\\/colloque-annuel-de-lunplib-le-climat-fiscal-au-sein-des-professions-liberales\\\/#breadcrumb\"},\"inLanguage\":\"en-US\",\"potentialAction\":[{\"@type\":\"ReadAction\",\"target\":[\"https:\\\/\\\/www.cbti-bkvt.org\\\/en\\\/evenement\\\/colloque-annuel-de-lunplib-le-climat-fiscal-au-sein-des-professions-liberales\\\/\"]}]},{\"@type\":\"ImageObject\",\"inLanguage\":\"en-US\",\"@id\":\"https:\\\/\\\/www.cbti-bkvt.org\\\/en\\\/evenement\\\/colloque-annuel-de-lunplib-le-climat-fiscal-au-sein-des-professions-liberales\\\/#primaryimage\",\"url\":\"https:\\\/\\\/www.cbti-bkvt.org\\\/wp-content\\\/uploads\\\/5225003774_89de373b9c_o-2.jpg\",\"contentUrl\":\"https:\\\/\\\/www.cbti-bkvt.org\\\/wp-content\\\/uploads\\\/5225003774_89de373b9c_o-2.jpg\",\"width\":3456,\"height\":2304},{\"@type\":\"BreadcrumbList\",\"@id\":\"https:\\\/\\\/www.cbti-bkvt.org\\\/en\\\/evenement\\\/colloque-annuel-de-lunplib-le-climat-fiscal-au-sein-des-professions-liberales\\\/#breadcrumb\",\"itemListElement\":[{\"@type\":\"ListItem\",\"position\":1,\"name\":\"Home\",\"item\":\"https:\\\/\\\/www.cbti-bkvt.org\\\/en\\\/\"},{\"@type\":\"ListItem\",\"position\":2,\"name\":\"\u00c9v\u00e8nements\",\"item\":\"https:\\\/\\\/www.cbti-bkvt.org\\\/en\\\/evenement\\\/\"},{\"@type\":\"ListItem\",\"position\":3,\"name\":\"Colloque annuel de l&rsquo;Unplib: \u00ab\u00a0Le climat fiscal au sein des professions lib\u00e9rales\u00a0\u00bb\"}]},{\"@type\":\"WebSite\",\"@id\":\"https:\\\/\\\/www.cbti-bkvt.org\\\/en\\\/#website\",\"url\":\"https:\\\/\\\/www.cbti-bkvt.org\\\/en\\\/\",\"name\":\"Chambre Belge des Traducteurs et Interpr\u00e8tes | Belgische Kamer van Vertalers en Tolken\",\"description\":\"M\u00e9tiers de la traduction \u00e9crite, l\u2019interpr\u00e9tation de conf\u00e9rence, la traduction et l\u2019interpr\u00e9tation en milieu judiciaire.\",\"potentialAction\":[{\"@type\":\"SearchAction\",\"target\":{\"@type\":\"EntryPoint\",\"urlTemplate\":\"https:\\\/\\\/www.cbti-bkvt.org\\\/en\\\/?s={search_term_string}\"},\"query-input\":{\"@type\":\"PropertyValueSpecification\",\"valueRequired\":true,\"valueName\":\"search_term_string\"}}],\"inLanguage\":\"en-US\"}]}<\/script>\n<!-- \/ Yoast SEO plugin. -->","yoast_head_json":{"title":"Chambre Belge des Traducteurs et Interpr\u00e8tes | Belgische Kamer van Vertalers en Tolken","robots":{"index":"index","follow":"follow","max-snippet":"max-snippet:-1","max-image-preview":"max-image-preview:large","max-video-preview":"max-video-preview:-1"},"canonical":"https:\/\/www.cbti-bkvt.org\/en\/evenement\/colloque-annuel-de-lunplib-le-climat-fiscal-au-sein-des-professions-liberales\/","og_locale":"en_US","og_type":"article","og_title":"Colloque annuel de l'Unplib: \"Le climat fiscal au sein des professions lib\u00e9rales\" - Chambre Belge des Traducteurs et Interpr\u00e8tes | Belgische Kamer van Vertalers en Tolken","og_description":"L&#8217;Unplib organise son colloque annuel le jeudi 9 octobre 2014 d\u00e8s 18h00, au sein des b\u00e2timents ING de Marnix \u00e0 Bruxelles. Ce colloque aura pour th\u00e8me &#8220;Le climat fiscal au sein des professions lib\u00e9rales&#8221;. Programme: Allocution d\u2019Eric Thiry, Pr\u00e9sident de l&#8217;Unplib Allocution de Christine Lhoste, Secr\u00e9taire g\u00e9n\u00e9rale de l&#8217;UCM et Administrateur d\u00e9l\u00e9gu\u00e9 de l&#8217;Unplib M.&hellip;&nbsp;Read More &raquo;Colloque annuel de l&#8217;Unplib: &#8220;Le climat fiscal au sein des professions lib\u00e9rales&#8221;","og_url":"https:\/\/www.cbti-bkvt.org\/en\/evenement\/colloque-annuel-de-lunplib-le-climat-fiscal-au-sein-des-professions-liberales\/","og_site_name":"Chambre Belge des Traducteurs et Interpr\u00e8tes | Belgische Kamer van Vertalers en Tolken","article_modified_time":"2024-01-28T14:23:34+00:00","og_image":[{"width":1024,"height":683,"url":"https:\/\/www.cbti-bkvt.org\/wp-content\/uploads\/5225003774_89de373b9c_o-2-1024x683.jpg","type":"image\/jpeg"}],"twitter_card":"summary_large_image","twitter_misc":{"Est. reading time":"1 minute"},"schema":{"@context":"https:\/\/schema.org","@graph":[{"@type":"WebPage","@id":"https:\/\/www.cbti-bkvt.org\/en\/evenement\/colloque-annuel-de-lunplib-le-climat-fiscal-au-sein-des-professions-liberales\/","url":"https:\/\/www.cbti-bkvt.org\/en\/evenement\/colloque-annuel-de-lunplib-le-climat-fiscal-au-sein-des-professions-liberales\/","name":"Colloque annuel de l'Unplib: \"Le climat fiscal au sein des professions lib\u00e9rales\" - Chambre Belge des Traducteurs et Interpr\u00e8tes | Belgische Kamer van Vertalers en Tolken","isPartOf":{"@id":"https:\/\/www.cbti-bkvt.org\/en\/#website"},"primaryImageOfPage":{"@id":"https:\/\/www.cbti-bkvt.org\/en\/evenement\/colloque-annuel-de-lunplib-le-climat-fiscal-au-sein-des-professions-liberales\/#primaryimage"},"image":{"@id":"https:\/\/www.cbti-bkvt.org\/en\/evenement\/colloque-annuel-de-lunplib-le-climat-fiscal-au-sein-des-professions-liberales\/#primaryimage"},"thumbnailUrl":"https:\/\/www.cbti-bkvt.org\/wp-content\/uploads\/5225003774_89de373b9c_o-2.jpg","datePublished":"2014-07-07T18:45:48+00:00","dateModified":"2024-01-28T14:23:34+00:00","breadcrumb":{"@id":"https:\/\/www.cbti-bkvt.org\/en\/evenement\/colloque-annuel-de-lunplib-le-climat-fiscal-au-sein-des-professions-liberales\/#breadcrumb"},"inLanguage":"en-US","potentialAction":[{"@type":"ReadAction","target":["https:\/\/www.cbti-bkvt.org\/en\/evenement\/colloque-annuel-de-lunplib-le-climat-fiscal-au-sein-des-professions-liberales\/"]}]},{"@type":"ImageObject","inLanguage":"en-US","@id":"https:\/\/www.cbti-bkvt.org\/en\/evenement\/colloque-annuel-de-lunplib-le-climat-fiscal-au-sein-des-professions-liberales\/#primaryimage","url":"https:\/\/www.cbti-bkvt.org\/wp-content\/uploads\/5225003774_89de373b9c_o-2.jpg","contentUrl":"https:\/\/www.cbti-bkvt.org\/wp-content\/uploads\/5225003774_89de373b9c_o-2.jpg","width":3456,"height":2304},{"@type":"BreadcrumbList","@id":"https:\/\/www.cbti-bkvt.org\/en\/evenement\/colloque-annuel-de-lunplib-le-climat-fiscal-au-sein-des-professions-liberales\/#breadcrumb","itemListElement":[{"@type":"ListItem","position":1,"name":"Home","item":"https:\/\/www.cbti-bkvt.org\/en\/"},{"@type":"ListItem","position":2,"name":"\u00c9v\u00e8nements","item":"https:\/\/www.cbti-bkvt.org\/en\/evenement\/"},{"@type":"ListItem","position":3,"name":"Colloque annuel de l&rsquo;Unplib: \u00ab\u00a0Le climat fiscal au sein des professions lib\u00e9rales\u00a0\u00bb"}]},{"@type":"WebSite","@id":"https:\/\/www.cbti-bkvt.org\/en\/#website","url":"https:\/\/www.cbti-bkvt.org\/en\/","name":"Chambre Belge des Traducteurs et Interpr\u00e8tes | Belgische Kamer van Vertalers en Tolken","description":"M\u00e9tiers de la traduction \u00e9crite, l\u2019interpr\u00e9tation de conf\u00e9rence, la traduction et l\u2019interpr\u00e9tation en milieu judiciaire.","potentialAction":[{"@type":"SearchAction","target":{"@type":"EntryPoint","urlTemplate":"https:\/\/www.cbti-bkvt.org\/en\/?s={search_term_string}"},"query-input":{"@type":"PropertyValueSpecification","valueRequired":true,"valueName":"search_term_string"}}],"inLanguage":"en-US"}]}},"_links":{"self":[{"href":"https:\/\/www.cbti-bkvt.org\/en\/wp-json\/wp\/v2\/evenement\/25171","targetHints":{"allow":["GET"]}}],"collection":[{"href":"https:\/\/www.cbti-bkvt.org\/en\/wp-json\/wp\/v2\/evenement"}],"about":[{"href":"https:\/\/www.cbti-bkvt.org\/en\/wp-json\/wp\/v2\/types\/evenement"}],"wp:featuredmedia":[{"embeddable":true,"href":"https:\/\/www.cbti-bkvt.org\/en\/wp-json\/wp\/v2\/media\/10033"}],"wp:attachment":[{"href":"https:\/\/www.cbti-bkvt.org\/en\/wp-json\/wp\/v2\/media?parent=25171"}],"wp:term":[{"taxonomy":"evenement-type","embeddable":true,"href":"https:\/\/www.cbti-bkvt.org\/en\/wp-json\/wp\/v2\/evenement-type?post=25171"}],"curies":[{"name":"wp","href":"https:\/\/api.w.org\/{rel}","templated":true}]}}